{"id":737741,"date":"2024-06-10T08:42:47","date_gmt":"2024-06-10T08:42:47","guid":{"rendered":"https:\/\/talkpal.ai\/vocabulary\/mladi-vs-stari-jeunes-et-vieux-en-termes-bosniaques-lies-a-lage\/"},"modified":"2024-06-10T08:42:47","modified_gmt":"2024-06-10T08:42:47","slug":"mladi-vs-stari-jeunes-et-vieux-en-termes-bosniaques-lies-a-lage","status":"publish","type":"vocabulary","link":"https:\/\/talkpal.ai\/fr\/vocabulary\/mladi-vs-stari-jeunes-et-vieux-en-termes-bosniaques-lies-a-lage\/","title":{"rendered":"Mladi vs Stari &#8211; Jeunes et vieux en termes bosniaques li\u00e9s \u00e0 l\u2019\u00e2ge"},"content":{"rendered":"<p>Dans cet article, nous allons explorer les termes bosniaques li\u00e9s \u00e0 l\u2019\u00e2ge, en particulier ceux qui d\u00e9crivent les jeunes et les vieux. Comprendre ces mots est essentiel pour quiconque souhaite ma\u00eetriser la langue <a href=\"https:\/\/talkpal.ai\/learn-bosnian\/\">bosniaque<\/a>, car ils sont fr\u00e9quemment utilis\u00e9s dans la vie quotidienne. De plus, ces termes peuvent offrir un aper\u00e7u culturel int\u00e9ressant sur la mani\u00e8re dont les Bosniens per\u00e7oivent et parlent des diff\u00e9rentes g\u00e9n\u00e9rations.<\/p>\n<h2>Les Jeunes<\/h2>\n<h3><b>Mladi<\/b><\/h3>\n<p>Le mot <b>mladi<\/b> signifie \u00ab\u00a0jeune\u00a0\u00bb en bosniaque. Il est utilis\u00e9 pour d\u00e9crire les personnes qui sont dans la premi\u00e8re phase de leur vie, g\u00e9n\u00e9ralement des enfants aux jeunes adultes.<\/p>\n<p><font color=\"#2D3AC7\">Oni su mladi i puni energije.<\/font><\/p>\n<h3><b>Dijete<\/b><\/h3>\n<p><b>Dijete<\/b> se traduit par \u00ab\u00a0enfant\u00a0\u00bb. Il est utilis\u00e9 pour d\u00e9signer une personne tr\u00e8s jeune, g\u00e9n\u00e9ralement entre la naissance et l&rsquo;adolescence.<\/p>\n<p><font color=\"#2D3AC7\">Dijete se igra u parku.<\/font><\/p>\n<h3><b>Tinejd\u017eer<\/b><\/h3>\n<p>Un <b>tinejd\u017eer<\/b> est un adolescent, une personne qui traverse la p\u00e9riode de la pubert\u00e9, g\u00e9n\u00e9ralement entre 13 et 19 ans.<\/p>\n<p><font color=\"#2D3AC7\">Moj brat je tinejd\u017eer.<\/font><\/p>\n<h3><b>Omladina<\/b><\/h3>\n<p><b>Omladina<\/b> signifie \u00ab\u00a0jeunesse\u00a0\u00bb et fait r\u00e9f\u00e9rence \u00e0 l&rsquo;ensemble des jeunes personnes dans une soci\u00e9t\u00e9.<\/p>\n<p><font color=\"#2D3AC7\">Omladina voli slu\u0161ati muziku.<\/font><\/p>\n<h3><b>Momak<\/b><\/h3>\n<p>Le mot <b>momak<\/b> est utilis\u00e9 pour d\u00e9signer un jeune homme ou un gar\u00e7on.<\/p>\n<p><font color=\"#2D3AC7\">On je mlad momak.<\/font><\/p>\n<h3><b>Djevojka<\/b><\/h3>\n<p><b>Djevojka<\/b> signifie \u00ab\u00a0jeune fille\u00a0\u00bb ou \u00ab\u00a0petite amie\u00a0\u00bb selon le contexte.<\/p>\n<p><font color=\"#2D3AC7\">Ona je lijepa djevojka.<\/font><\/p>\n<h3><b>Beba<\/b><\/h3>\n<p><b>Beba<\/b> se traduit par \u00ab\u00a0b\u00e9b\u00e9\u00a0\u00bb. Ce terme est utilis\u00e9 pour les tr\u00e8s jeunes enfants, g\u00e9n\u00e9ralement de la naissance \u00e0 deux ans.<\/p>\n<p><font color=\"#2D3AC7\">Beba spava u kreveti\u0107u.<\/font><\/p>\n<h2>Les Vieux<\/h2>\n<h3><b>Stari<\/b><\/h3>\n<p>Le mot <b>stari<\/b> signifie \u00ab\u00a0vieux\u00a0\u00bb ou \u00ab\u00a0\u00e2g\u00e9\u00a0\u00bb. Il est utilis\u00e9 pour d\u00e9crire les personnes qui sont dans la derni\u00e8re phase de leur vie.<\/p>\n<p><font color=\"#2D3AC7\">Moj deda je stari \u010dovjek.<\/font><\/p>\n<h3><b>Starac<\/b><\/h3>\n<p><b>Starac<\/b> d\u00e9signe un vieil homme. C&rsquo;est un terme respectueux pour parler des hommes \u00e2g\u00e9s.<\/p>\n<p><font color=\"#2D3AC7\">Starac sjedi na klupi.<\/font><\/p>\n<h3><b>Stara \u017eena<\/b><\/h3>\n<p><b>Stara \u017eena<\/b> signifie \u00ab\u00a0vieille femme\u00a0\u00bb. Comme pour \u00ab\u00a0starac\u00a0\u00bb, il est utilis\u00e9 respectueusement pour parler des femmes \u00e2g\u00e9es.<\/p>\n<p><font color=\"#2D3AC7\">Stara \u017eena \u0161eta parkom.<\/font><\/p>\n<h3><b>Penzioner<\/b><\/h3>\n<p>Un <b>penzioner<\/b> est une personne retrait\u00e9e. Ce terme est utilis\u00e9 pour les personnes qui ont cess\u00e9 de travailler en raison de leur \u00e2ge.<\/p>\n<p><font color=\"#2D3AC7\">Moj otac je penzioner.<\/font><\/p>\n<h3><b>Stariji<\/b><\/h3>\n<p><b>Stariji<\/b> signifie \u00ab\u00a0plus \u00e2g\u00e9\u00a0\u00bb. Il est souvent utilis\u00e9 pour faire des comparaisons d&rsquo;\u00e2ge entre deux personnes.<\/p>\n<p><font color=\"#2D3AC7\">Moj brat je stariji od mene.<\/font><\/p>\n<h3><b>Djed<\/b><\/h3>\n<p>Le mot <b>djed<\/b> signifie \u00ab\u00a0grand-p\u00e8re\u00a0\u00bb. Il est utilis\u00e9 pour d\u00e9signer le p\u00e8re de l&rsquo;un des parents.<\/p>\n<p><font color=\"#2D3AC7\">Moj djed voli pri\u010dati pri\u010de.<\/font><\/p>\n<h3><b>Baka<\/b><\/h3>\n<p><b>Baka<\/b> se traduit par \u00ab\u00a0grand-m\u00e8re\u00a0\u00bb. Comme \u00ab\u00a0djed\u00a0\u00bb, il d\u00e9signe la m\u00e8re de l&rsquo;un des parents.<\/p>\n<p><font color=\"#2D3AC7\">Moja baka pravi najbolji kola\u010d.<\/font><\/p>\n<h2>Expressions Courantes<\/h2>\n<h3><b>Generacija<\/b><\/h3>\n<p><b>Generacija<\/b> signifie \u00ab\u00a0g\u00e9n\u00e9ration\u00a0\u00bb. Ce terme est utilis\u00e9 pour parler des groupes de personnes n\u00e9es et vivant \u00e0 la m\u00eame \u00e9poque.<\/p>\n<p><font color=\"#2D3AC7\">Svaka generacija ima svoje karakteristike.<\/font><\/p>\n<h3><b>Mladost<\/b><\/h3>\n<p><b>Mladost<\/b> se traduit par \u00ab\u00a0jeunesse\u00a0\u00bb. Ce mot fait r\u00e9f\u00e9rence \u00e0 la p\u00e9riode de la vie o\u00f9 l&rsquo;on est jeune.<\/p>\n<p><font color=\"#2D3AC7\">Mladost je najljep\u0161e doba \u017eivota.<\/font><\/p>\n<h3><b>Starost<\/b><\/h3>\n<p><b>Starost<\/b> signifie \u00ab\u00a0vieillesse\u00a0\u00bb. Ce terme est utilis\u00e9 pour parler de la p\u00e9riode de la vie o\u00f9 l&rsquo;on est vieux.<\/p>\n<p><font color=\"#2D3AC7\">Starost donosi mudrost.<\/font><\/p>\n<h3><b>Vje\u010dan<\/b><\/h3>\n<p><b>Vje\u010dan<\/b> signifie \u00ab\u00a0\u00e9ternel\u00a0\u00bb. Il est souvent utilis\u00e9 en po\u00e9sie ou en litt\u00e9rature pour d\u00e9crire quelque chose qui dure pour toujours.<\/p>\n<p><font color=\"#2D3AC7\">Ljubav je vje\u010dna.<\/font><\/p>\n<h3><b>Iskustvo<\/b><\/h3>\n<p><b>Iskustvo<\/b> se traduit par \u00ab\u00a0exp\u00e9rience\u00a0\u00bb. Ce terme est souvent utilis\u00e9 pour parler de la sagesse acquise avec l&rsquo;\u00e2ge.<\/p>\n<p><font color=\"#2D3AC7\">Iskustvo dolazi s godinama.<\/font><\/p>\n<h3><b>Vrijeme<\/b><\/h3>\n<p><b>Vrijeme<\/b> signifie \u00ab\u00a0<a href=\"https:\/\/talkpal.ai\/zh-hans\/grammar_exercises\/temps-%e6%b3%95%e8%af%ad%e8%af%ad%e6%b3%95%e7%bb%83%e4%b9%a0\/\">temps<\/a>\u00a0\u00bb. Ce mot est essentiel pour parler de la dur\u00e9e, de l&rsquo;\u00e2ge et des moments de la vie.<\/p>\n<p><font color=\"#2D3AC7\">Vrijeme prolazi brzo.<\/font><\/p>\n<h3><b>Mudrost<\/b><\/h3>\n<p><b>Mudrost<\/b> se traduit par \u00ab\u00a0sagesse\u00a0\u00bb. C&rsquo;est une qualit\u00e9 souvent attribu\u00e9e aux <a href=\"https:\/\/talkpal.ai\/talkpal-discount-for-seniors\/\">personnes \u00e2g\u00e9es<\/a> en raison de leur exp\u00e9rience de vie.<\/p>\n<p><font color=\"#2D3AC7\">Mudrost dolazi s godinama.<\/font><\/p>\n<h2>La Perception Culturelle<\/h2>\n<p>En Bosnie, comme dans de nombreuses cultures, la mani\u00e8re dont les gens parlent des jeunes et des vieux r\u00e9v\u00e8le beaucoup sur leurs valeurs et leurs croyances. Par exemple, les termes pour les personnes \u00e2g\u00e9es sont souvent charg\u00e9s de respect, soulignant l&rsquo;importance de la sagesse et de l&rsquo;exp\u00e9rience. En revanche, les mots pour les jeunes mettent en avant l&rsquo;\u00e9nergie et le potentiel.<\/p>\n<h3>Respect et Sagesse<\/h3>\n<p>Dans la culture bosniaque, les personnes \u00e2g\u00e9es sont souvent vues comme des figures de respect et de sagesse. Les mots comme <b>starac<\/b> et <b>baka<\/b> ne sont pas seulement des descriptions d&rsquo;\u00e2ge, mais aussi des termes de respect. Par exemple, on attend souvent des jeunes qu&rsquo;ils \u00e9coutent les conseils de leurs a\u00een\u00e9s, qui sont vus comme ayant une grande exp\u00e9rience de vie.<\/p>\n<h3>\u00c9nergie et Potentiel<\/h3>\n<p>Les jeunes, en revanche, sont souvent associ\u00e9s \u00e0 l&rsquo;\u00e9nergie et au potentiel. Les mots comme <b>mladi<\/b> et <b>omladina<\/b> \u00e9voquent des images de vitalit\u00e9 et de futur prometteur. Dans la soci\u00e9t\u00e9 bosniaque, les jeunes sont encourag\u00e9s \u00e0 explorer, apprendre et contribuer activement \u00e0 la communaut\u00e9.<\/p>\n<h2>Conclusion<\/h2>\n<p>Comprendre les termes bosniaques li\u00e9s \u00e0 l\u2019\u00e2ge est essentiel pour quiconque souhaite ma\u00eetriser cette langue. Ces mots ne sont pas seulement des outils linguistiques, mais aussi des fen\u00eatres sur la culture et les valeurs de la Bosnie. Que vous parliez de <b>mladi<\/b> ou de <b>stari<\/b>, chaque terme porte en lui une richesse de significations et d&rsquo;implications culturelles.<\/p>\n<p>Apprendre ces mots vous aidera non seulement \u00e0 communiquer plus efficacement, mais aussi \u00e0 mieux comprendre les dynamiques sociales et culturelles de la Bosnie. Alors, n&rsquo;h\u00e9sitez pas \u00e0 int\u00e9grer ces termes dans votre vocabulaire quotidien et \u00e0 explorer plus profond\u00e9ment la langue et la culture bosniaques.<\/p>\n","protected":false},"featured_media":1529344,"template":"","vocabulary_language":[3842],"class_list":["post-737741","vocabulary","type-vocabulary","status-publish","has-post-thumbnail","hentry","vocabulary_language-bosniaque"],"acf":[],"yoast_head":"<!-- This site is optimized with the Yoast SEO Premium plugin v27.2 (Yoast SEO v27.2) - https:\/\/yoast.com\/product\/yoast-seo-premium-wordpress\/ -->\n<title>Mladi vs Stari - Jeunes et vieux en termes bosniaques li\u00e9s \u00e0 l\u2019\u00e2ge - Talkpal<\/title>\n<meta name=\"description\" content=\"Dans cet article, nous allons explorer les termes bosniaques li\u00e9s \u00e0 l\u2019\u00e2ge, en particulier ceux qui d\u00e9crivent les jeunes et les vieux. Comprendre ces mots\" \/>\n<meta name=\"robots\" content=\"index, follow, max-snippet:-1, max-image-preview:large, max-video-preview:-1\" \/>\n<link rel=\"canonical\" href=\"https:\/\/talkpal.ai\/fr\/vocabulary\/mladi-vs-stari-jeunes-et-vieux-en-termes-bosniaques-lies-a-lage\/\" \/>\n<meta property=\"og:locale\" content=\"fr_FR\" \/>\n<meta property=\"og:type\" content=\"article\" \/>\n<meta property=\"og:title\" content=\"Mladi vs Stari - Jeunes et vieux en termes bosniaques li\u00e9s \u00e0 l\u2019\u00e2ge\" \/>\n<meta property=\"og:description\" content=\"Dans cet article, nous allons explorer les termes bosniaques li\u00e9s \u00e0 l\u2019\u00e2ge, en particulier ceux qui d\u00e9crivent les jeunes et les vieux. Comprendre ces mots\" \/>\n<meta property=\"og:url\" content=\"https:\/\/talkpal.ai\/fr\/vocabulary\/mladi-vs-stari-jeunes-et-vieux-en-termes-bosniaques-lies-a-lage\/\" \/>\n<meta property=\"og:site_name\" content=\"Talkpal\" \/>\n<meta property=\"article:publisher\" content=\"https:\/\/www.facebook.com\/profile.php?id=100090733639311\" \/>\n<meta property=\"og:image\" content=\"https:\/\/talkpal.ai\/wp-content\/uploads\/2024\/10\/talkpal_flat_illustration_of_a_employees_working_together_happi_c674ff77-e477-4e09-835a-01d30e561e99.png\" \/>\n\t<meta property=\"og:image:width\" content=\"1024\" \/>\n\t<meta property=\"og:image:height\" content=\"1024\" \/>\n\t<meta property=\"og:image:type\" content=\"image\/png\" \/>\n<meta name=\"twitter:card\" content=\"summary_large_image\" \/>\n<meta name=\"twitter:site\" content=\"@talkpalai\" \/>\n<meta name=\"twitter:label1\" content=\"Dur\u00e9e de lecture estim\u00e9e\" \/>\n\t<meta name=\"twitter:data1\" content=\"5 minutes\" \/>\n<script type=\"application\/ld+json\" class=\"yoast-schema-graph\">{\"@context\":\"https:\/\/schema.org\",\"@graph\":[{\"@type\":\"WebPage\",\"@id\":\"https:\/\/talkpal.ai\/fr\/vocabulary\/mladi-vs-stari-jeunes-et-vieux-en-termes-bosniaques-lies-a-lage\/\",\"url\":\"https:\/\/talkpal.ai\/fr\/vocabulary\/mladi-vs-stari-jeunes-et-vieux-en-termes-bosniaques-lies-a-lage\/\",\"name\":\"Mladi vs Stari - Jeunes et vieux en termes bosniaques li\u00e9s \u00e0 l\u2019\u00e2ge - Talkpal\",\"isPartOf\":{\"@id\":\"https:\/\/talkpal.ai\/fr\/#website\"},\"primaryImageOfPage\":{\"@id\":\"https:\/\/talkpal.ai\/fr\/vocabulary\/mladi-vs-stari-jeunes-et-vieux-en-termes-bosniaques-lies-a-lage\/#primaryimage\"},\"image\":{\"@id\":\"https:\/\/talkpal.ai\/fr\/vocabulary\/mladi-vs-stari-jeunes-et-vieux-en-termes-bosniaques-lies-a-lage\/#primaryimage\"},\"thumbnailUrl\":\"https:\/\/talkpal.ai\/wp-content\/uploads\/2025\/12\/three-people-in-library-learning-languages.webp\",\"datePublished\":\"2024-06-10T08:42:47+00:00\",\"description\":\"Dans cet article, nous allons explorer les termes bosniaques li\u00e9s \u00e0 l\u2019\u00e2ge, en particulier ceux qui d\u00e9crivent les jeunes et les vieux. Comprendre ces mots\",\"breadcrumb\":{\"@id\":\"https:\/\/talkpal.ai\/fr\/vocabulary\/mladi-vs-stari-jeunes-et-vieux-en-termes-bosniaques-lies-a-lage\/#breadcrumb\"},\"inLanguage\":\"fr-FR\",\"potentialAction\":[{\"@type\":\"ReadAction\",\"target\":[\"https:\/\/talkpal.ai\/fr\/vocabulary\/mladi-vs-stari-jeunes-et-vieux-en-termes-bosniaques-lies-a-lage\/\"]}]},{\"@type\":\"ImageObject\",\"inLanguage\":\"fr-FR\",\"@id\":\"https:\/\/talkpal.ai\/fr\/vocabulary\/mladi-vs-stari-jeunes-et-vieux-en-termes-bosniaques-lies-a-lage\/#primaryimage\",\"url\":\"https:\/\/talkpal.ai\/wp-content\/uploads\/2025\/12\/three-people-in-library-learning-languages.webp\",\"contentUrl\":\"https:\/\/talkpal.ai\/wp-content\/uploads\/2025\/12\/three-people-in-library-learning-languages.webp\",\"width\":1200,\"height\":896,\"caption\":\"Three students smile and talk while sitting at a table with laptops to learn languages in a library.\"},{\"@type\":\"BreadcrumbList\",\"@id\":\"https:\/\/talkpal.ai\/fr\/vocabulary\/mladi-vs-stari-jeunes-et-vieux-en-termes-bosniaques-lies-a-lage\/#breadcrumb\",\"itemListElement\":[{\"@type\":\"ListItem\",\"position\":1,\"name\":\"Homepage\",\"item\":\"https:\/\/talkpal.ai\/fr\/\"},{\"@type\":\"ListItem\",\"position\":2,\"name\":\"Mladi vs Stari &#8211; Jeunes et vieux en termes bosniaques li\u00e9s \u00e0 l\u2019\u00e2ge\"}]},{\"@type\":\"WebSite\",\"@id\":\"https:\/\/talkpal.ai\/fr\/#website\",\"url\":\"https:\/\/talkpal.ai\/fr\/\",\"name\":\"Talkpal\",\"description\":\"AI Language Learning\",\"publisher\":{\"@id\":\"https:\/\/talkpal.ai\/fr\/#organization\"},\"alternateName\":\"Talkpal AI\",\"potentialAction\":[{\"@type\":\"SearchAction\",\"target\":{\"@type\":\"EntryPoint\",\"urlTemplate\":\"https:\/\/talkpal.ai\/fr\/?s={search_term_string}\"},\"query-input\":{\"@type\":\"PropertyValueSpecification\",\"valueRequired\":true,\"valueName\":\"search_term_string\"}}],\"inLanguage\":\"fr-FR\"},{\"@type\":\"Organization\",\"@id\":\"https:\/\/talkpal.ai\/fr\/#organization\",\"name\":\"Talkpal, Inc.\",\"alternateName\":\"Talkpal AI\",\"url\":\"https:\/\/talkpal.ai\/fr\/\",\"logo\":{\"@type\":\"ImageObject\",\"inLanguage\":\"fr-FR\",\"@id\":\"https:\/\/talkpal.ai\/fr\/#\/schema\/logo\/image\/\",\"url\":\"https:\/\/talkpal.ai\/wp-content\/uploads\/2024\/03\/Talkpal-Logo-Icon.png\",\"contentUrl\":\"https:\/\/talkpal.ai\/wp-content\/uploads\/2024\/03\/Talkpal-Logo-Icon.png\",\"width\":2880,\"height\":2880,\"caption\":\"Talkpal, Inc.\"},\"image\":{\"@id\":\"https:\/\/talkpal.ai\/fr\/#\/schema\/logo\/image\/\"},\"sameAs\":[\"https:\/\/www.facebook.com\/profile.php?id=100090733639311\",\"https:\/\/x.com\/talkpalai\",\"https:\/\/www.linkedin.com\/company\/talkpal\/\",\"https:\/\/www.youtube.com\/@TalkPal\/\",\"https:\/\/www.tiktok.com\/@talkpal\",\"https:\/\/www.instagram.com\/talkpal_ai\/\",\"https:\/\/www.crunchbase.com\/organization\/talkpal-9cde\",\"https:\/\/www.g2.com\/products\/talkpal-for-business\/\",\"https:\/\/www.trustpilot.com\/review\/talkpal.ai\",\"https:\/\/www.capterra.com\/p\/10006800\/TalkPal\/\"],\"description\":\"Talkpal is a language learning web and mobile education app, powered by the latest AI technologies, that provides engaging experiences to its customers in many different languages to help them improve their language skills. Users can chat about unlimited amount of topics with the app and use other modes to practice their language learning.\",\"email\":\"support@talkpal.ai\",\"legalName\":\"Talkpal, Inc.\",\"foundingDate\":\"2023-04-03\",\"duns\":\"118989042\",\"numberOfEmployees\":{\"@type\":\"QuantitativeValue\",\"minValue\":\"11\",\"maxValue\":\"50\"},\"publishingPrinciples\":\"https:\/\/talkpal.ai\/publishing-principles\/\",\"actionableFeedbackPolicy\":\"https:\/\/talkpal.ai\/actionable-feedback-policy\/\",\"correctionsPolicy\":\"https:\/\/talkpal.ai\/corrections-policy\/\",\"ethicsPolicy\":\"https:\/\/talkpal.ai\/ethics-policy\/\",\"diversityPolicy\":\"https:\/\/talkpal.ai\/diversity-policy\/\",\"diversityStaffingReport\":\"https:\/\/talkpal.ai\/diversity-policy\/\"}]}<\/script>\n<!-- \/ Yoast SEO Premium plugin. -->","yoast_head_json":{"title":"Mladi vs Stari - Jeunes et vieux en termes bosniaques li\u00e9s \u00e0 l\u2019\u00e2ge - Talkpal","description":"Dans cet article, nous allons explorer les termes bosniaques li\u00e9s \u00e0 l\u2019\u00e2ge, en particulier ceux qui d\u00e9crivent les jeunes et les vieux. Comprendre ces mots","robots":{"index":"index","follow":"follow","max-snippet":"max-snippet:-1","max-image-preview":"max-image-preview:large","max-video-preview":"max-video-preview:-1"},"canonical":"https:\/\/talkpal.ai\/fr\/vocabulary\/mladi-vs-stari-jeunes-et-vieux-en-termes-bosniaques-lies-a-lage\/","og_locale":"fr_FR","og_type":"article","og_title":"Mladi vs Stari - Jeunes et vieux en termes bosniaques li\u00e9s \u00e0 l\u2019\u00e2ge","og_description":"Dans cet article, nous allons explorer les termes bosniaques li\u00e9s \u00e0 l\u2019\u00e2ge, en particulier ceux qui d\u00e9crivent les jeunes et les vieux. Comprendre ces mots","og_url":"https:\/\/talkpal.ai\/fr\/vocabulary\/mladi-vs-stari-jeunes-et-vieux-en-termes-bosniaques-lies-a-lage\/","og_site_name":"Talkpal","article_publisher":"https:\/\/www.facebook.com\/profile.php?id=100090733639311","og_image":[{"width":1024,"height":1024,"url":"https:\/\/talkpal.ai\/wp-content\/uploads\/2024\/10\/talkpal_flat_illustration_of_a_employees_working_together_happi_c674ff77-e477-4e09-835a-01d30e561e99.png","type":"image\/png"}],"twitter_card":"summary_large_image","twitter_site":"@talkpalai","twitter_misc":{"Dur\u00e9e de lecture estim\u00e9e":"5 minutes"},"schema":{"@context":"https:\/\/schema.org","@graph":[{"@type":"WebPage","@id":"https:\/\/talkpal.ai\/fr\/vocabulary\/mladi-vs-stari-jeunes-et-vieux-en-termes-bosniaques-lies-a-lage\/","url":"https:\/\/talkpal.ai\/fr\/vocabulary\/mladi-vs-stari-jeunes-et-vieux-en-termes-bosniaques-lies-a-lage\/","name":"Mladi vs Stari - Jeunes et vieux en termes bosniaques li\u00e9s \u00e0 l\u2019\u00e2ge - Talkpal","isPartOf":{"@id":"https:\/\/talkpal.ai\/fr\/#website"},"primaryImageOfPage":{"@id":"https:\/\/talkpal.ai\/fr\/vocabulary\/mladi-vs-stari-jeunes-et-vieux-en-termes-bosniaques-lies-a-lage\/#primaryimage"},"image":{"@id":"https:\/\/talkpal.ai\/fr\/vocabulary\/mladi-vs-stari-jeunes-et-vieux-en-termes-bosniaques-lies-a-lage\/#primaryimage"},"thumbnailUrl":"https:\/\/talkpal.ai\/wp-content\/uploads\/2025\/12\/three-people-in-library-learning-languages.webp","datePublished":"2024-06-10T08:42:47+00:00","description":"Dans cet article, nous allons explorer les termes bosniaques li\u00e9s \u00e0 l\u2019\u00e2ge, en particulier ceux qui d\u00e9crivent les jeunes et les vieux. Comprendre ces mots","breadcrumb":{"@id":"https:\/\/talkpal.ai\/fr\/vocabulary\/mladi-vs-stari-jeunes-et-vieux-en-termes-bosniaques-lies-a-lage\/#breadcrumb"},"inLanguage":"fr-FR","potentialAction":[{"@type":"ReadAction","target":["https:\/\/talkpal.ai\/fr\/vocabulary\/mladi-vs-stari-jeunes-et-vieux-en-termes-bosniaques-lies-a-lage\/"]}]},{"@type":"ImageObject","inLanguage":"fr-FR","@id":"https:\/\/talkpal.ai\/fr\/vocabulary\/mladi-vs-stari-jeunes-et-vieux-en-termes-bosniaques-lies-a-lage\/#primaryimage","url":"https:\/\/talkpal.ai\/wp-content\/uploads\/2025\/12\/three-people-in-library-learning-languages.webp","contentUrl":"https:\/\/talkpal.ai\/wp-content\/uploads\/2025\/12\/three-people-in-library-learning-languages.webp","width":1200,"height":896,"caption":"Three students smile and talk while sitting at a table with laptops to learn languages in a library."},{"@type":"BreadcrumbList","@id":"https:\/\/talkpal.ai\/fr\/vocabulary\/mladi-vs-stari-jeunes-et-vieux-en-termes-bosniaques-lies-a-lage\/#breadcrumb","itemListElement":[{"@type":"ListItem","position":1,"name":"Homepage","item":"https:\/\/talkpal.ai\/fr\/"},{"@type":"ListItem","position":2,"name":"Mladi vs Stari &#8211; Jeunes et vieux en termes bosniaques li\u00e9s \u00e0 l\u2019\u00e2ge"}]},{"@type":"WebSite","@id":"https:\/\/talkpal.ai\/fr\/#website","url":"https:\/\/talkpal.ai\/fr\/","name":"Talkpal","description":"AI Language Learning","publisher":{"@id":"https:\/\/talkpal.ai\/fr\/#organization"},"alternateName":"Talkpal AI","potentialAction":[{"@type":"SearchAction","target":{"@type":"EntryPoint","urlTemplate":"https:\/\/talkpal.ai\/fr\/?s={search_term_string}"},"query-input":{"@type":"PropertyValueSpecification","valueRequired":true,"valueName":"search_term_string"}}],"inLanguage":"fr-FR"},{"@type":"Organization","@id":"https:\/\/talkpal.ai\/fr\/#organization","name":"Talkpal, Inc.","alternateName":"Talkpal AI","url":"https:\/\/talkpal.ai\/fr\/","logo":{"@type":"ImageObject","inLanguage":"fr-FR","@id":"https:\/\/talkpal.ai\/fr\/#\/schema\/logo\/image\/","url":"https:\/\/talkpal.ai\/wp-content\/uploads\/2024\/03\/Talkpal-Logo-Icon.png","contentUrl":"https:\/\/talkpal.ai\/wp-content\/uploads\/2024\/03\/Talkpal-Logo-Icon.png","width":2880,"height":2880,"caption":"Talkpal, Inc."},"image":{"@id":"https:\/\/talkpal.ai\/fr\/#\/schema\/logo\/image\/"},"sameAs":["https:\/\/www.facebook.com\/profile.php?id=100090733639311","https:\/\/x.com\/talkpalai","https:\/\/www.linkedin.com\/company\/talkpal\/","https:\/\/www.youtube.com\/@TalkPal\/","https:\/\/www.tiktok.com\/@talkpal","https:\/\/www.instagram.com\/talkpal_ai\/","https:\/\/www.crunchbase.com\/organization\/talkpal-9cde","https:\/\/www.g2.com\/products\/talkpal-for-business\/","https:\/\/www.trustpilot.com\/review\/talkpal.ai","https:\/\/www.capterra.com\/p\/10006800\/TalkPal\/"],"description":"Talkpal is a language learning web and mobile education app, powered by the latest AI technologies, that provides engaging experiences to its customers in many different languages to help them improve their language skills. Users can chat about unlimited amount of topics with the app and use other modes to practice their language learning.","email":"support@talkpal.ai","legalName":"Talkpal, Inc.","foundingDate":"2023-04-03","duns":"118989042","numberOfEmployees":{"@type":"QuantitativeValue","minValue":"11","maxValue":"50"},"publishingPrinciples":"https:\/\/talkpal.ai\/publishing-principles\/","actionableFeedbackPolicy":"https:\/\/talkpal.ai\/actionable-feedback-policy\/","correctionsPolicy":"https:\/\/talkpal.ai\/corrections-policy\/","ethicsPolicy":"https:\/\/talkpal.ai\/ethics-policy\/","diversityPolicy":"https:\/\/talkpal.ai\/diversity-policy\/","diversityStaffingReport":"https:\/\/talkpal.ai\/diversity-policy\/"}]}},"_links":{"self":[{"href":"https:\/\/talkpal.ai\/fr\/wp-json\/wp\/v2\/vocabulary\/737741","targetHints":{"allow":["GET"]}}],"collection":[{"href":"https:\/\/talkpal.ai\/fr\/wp-json\/wp\/v2\/vocabulary"}],"about":[{"href":"https:\/\/talkpal.ai\/fr\/wp-json\/wp\/v2\/types\/vocabulary"}],"wp:featuredmedia":[{"embeddable":true,"href":"https:\/\/talkpal.ai\/fr\/wp-json\/wp\/v2\/media\/1529344"}],"wp:attachment":[{"href":"https:\/\/talkpal.ai\/fr\/wp-json\/wp\/v2\/media?parent=737741"}],"wp:term":[{"taxonomy":"vocabulary_language","embeddable":true,"href":"https:\/\/talkpal.ai\/fr\/wp-json\/wp\/v2\/vocabulary_language?post=737741"}],"curies":[{"name":"wp","href":"https:\/\/api.w.org\/{rel}","templated":true}]}}