{"id":698748,"date":"2024-06-07T20:42:28","date_gmt":"2024-06-07T20:42:28","guid":{"rendered":"https:\/\/talkpal.ai\/vocabulary\/termes-et-expressions-historiques-en-macedonien\/"},"modified":"2024-06-07T20:42:28","modified_gmt":"2024-06-07T20:42:28","slug":"termes-et-expressions-historiques-en-macedonien","status":"publish","type":"vocabulary","link":"https:\/\/talkpal.ai\/fr\/vocabulary\/termes-et-expressions-historiques-en-macedonien\/","title":{"rendered":"Termes et expressions historiques en mac\u00e9donien"},"content":{"rendered":"<p>L&rsquo;apprentissage d&rsquo;une langue \u00e9trang\u00e8re est une aventure fascinante qui nous permet de d\u00e9couvrir une nouvelle culture, une nouvelle fa\u00e7on de penser et une nouvelle histoire. Le <a href=\"https:\/\/talkpal.ai\/learn-macedonian\/\">mac\u00e9donien<\/a>, langue slave du sud, ne fait pas exception \u00e0 cette r\u00e8gle. En apprenant cette langue, vous rencontrerez de nombreux termes et expressions historiques qui enrichissent votre compr\u00e9hension de la culture et de l&rsquo;histoire de la Mac\u00e9doine. Dans cet article, nous explorerons quelques termes et expressions historiques en mac\u00e9donien, accompagn\u00e9s de leurs d\u00e9finitions et d&rsquo;exemples pour vous aider \u00e0 mieux les comprendre et les utiliser.<\/p>\n<h2>Termes historiques en mac\u00e9donien<\/h2>\n<p><b>\u0426\u0430\u0440<\/b> (Tsar) &#8211; Le mot \u00ab\u00a0\u0426\u0430\u0440\u00a0\u00bb signifie \u00ab\u00a0roi\u00a0\u00bb ou \u00ab\u00a0empereur\u00a0\u00bb en mac\u00e9donien. Il est souvent utilis\u00e9 pour d\u00e9signer les souverains des anciens royaumes slaves.<\/p>\n<p><font color=\"#2D3AC7\">\u0426\u0430\u0440 \u0421\u0430\u043c\u0443\u0438\u043b \u0431\u0435\u0448\u0435 \u043f\u043e\u0437\u043d\u0430\u0442 \u043c\u0430\u043a\u0435\u0434\u043e\u043d\u0441\u043a\u0438 \u0432\u043b\u0430\u0434\u0435\u0442\u0435\u043b.<\/font><\/p>\n<p><b>\u0412\u0438\u0437\u0430\u043d\u0442\u0438\u0458\u0430<\/b> (Vizantija) &#8211; \u00ab\u00a0\u0412\u0438\u0437\u0430\u043d\u0442\u0438\u0458\u0430\u00a0\u00bb est le terme mac\u00e9donien pour \u00ab\u00a0Byzance\u00a0\u00bb, l&rsquo;Empire byzantin qui a jou\u00e9 un r\u00f4le crucial dans l&rsquo;histoire des Balkans et de la Mac\u00e9doine.<\/p>\n<p><font color=\"#2D3AC7\">\u0412\u0438\u0437\u0430\u043d\u0442\u0438\u0458\u0430 \u0438\u043c\u0430\u0448\u0435 \u0433\u043e\u043b\u0435\u043c\u043e \u0432\u043b\u0438\u0458\u0430\u043d\u0438\u0435 \u0432\u0440\u0437 \u043c\u0430\u043a\u0435\u0434\u043e\u043d\u0441\u043a\u0430\u0442\u0430 \u043a\u0443\u043b\u0442\u0443\u0440\u0430.<\/font><\/p>\n<p><b>\u041e\u0442\u043e\u043c\u0430\u043d\u0441\u043a\u043e \u0426\u0430\u0440\u0441\u0442\u0432\u043e<\/b> (Otomansko Carstvo) &#8211; Ce terme d\u00e9signe l&rsquo;Empire ottoman, qui a domin\u00e9 la r\u00e9gion des Balkans pendant plusieurs si\u00e8cles.<\/p>\n<p><font color=\"#2D3AC7\">\u041c\u0430\u043a\u0435\u0434\u043e\u043d\u0438\u0458\u0430 \u0431\u0435\u0448\u0435 \u0434\u0435\u043b \u043e\u0434 \u041e\u0442\u043e\u043c\u0430\u043d\u0441\u043a\u043e \u0426\u0430\u0440\u0441\u0442\u0432\u043e \u043f\u043e\u0432\u0435\u045c\u0435 \u043e\u0434 500 \u0433\u043e\u0434\u0438\u043d\u0438.<\/font><\/p>\n<p><b>\u0418\u043b\u0438\u043d\u0434\u0435\u043d<\/b> (Ilinden) &#8211; \u00ab\u00a0\u0418\u043b\u0438\u043d\u0434\u0435\u043d\u00a0\u00bb se r\u00e9f\u00e8re \u00e0 la f\u00eate de Saint \u00c9lie, mais est aussi un terme historique crucial pour les Mac\u00e9doniens, car il est associ\u00e9 \u00e0 l&rsquo;insurrection d&rsquo;Ilinden contre l&rsquo;Empire ottoman en 1903.<\/p>\n<p><font color=\"#2D3AC7\">\u0418\u043b\u0438\u043d\u0434\u0435\u043d \u0435 \u0437\u043d\u0430\u0447\u0430\u0435\u043d \u0434\u0435\u043d \u0432\u043e \u043c\u0430\u043a\u0435\u0434\u043e\u043d\u0441\u043a\u0430\u0442\u0430 \u0438\u0441\u0442\u043e\u0440\u0438\u0458\u0430.<\/font><\/p>\n<h2>Expressions historiques en mac\u00e9donien<\/h2>\n<p><b>\u0411\u0430\u043b\u043a\u0430\u043d\u0441\u043a\u0438 \u0432\u043e\u0458\u043d\u0438<\/b> (Balkanski vojni) &#8211; Cette expression d\u00e9signe les Guerres balkaniques (1912-1913) qui ont remodel\u00e9 la g\u00e9opolitique des Balkans et affect\u00e9 la Mac\u00e9doine.<\/p>\n<p><font color=\"#2D3AC7\">\u0411\u0430\u043b\u043a\u0430\u043d\u0441\u043a\u0438\u0442\u0435 \u0432\u043e\u0458\u043d\u0438 \u0433\u043e \u043f\u0440\u043e\u043c\u0435\u043d\u0438\u0458\u0430 \u043b\u0438\u0446\u0435\u0442\u043e \u043d\u0430 \u0411\u0430\u043b\u043a\u0430\u043d\u043e\u0442.<\/font><\/p>\n<p><b>\u041c\u0430\u0458\u0441\u043a\u0438 \u043c\u0430\u043d\u0438\u0444\u0435\u0441\u0442<\/b> (Majski manifest) &#8211; \u00ab\u00a0\u041c\u0430\u0458\u0441\u043a\u0438 \u043c\u0430\u043d\u0438\u0444\u0435\u0441\u0442\u00a0\u00bb fait r\u00e9f\u00e9rence au Manifeste de mai de 1944, un document important dans l&rsquo;histoire de la Mac\u00e9doine contemporaine.<\/p>\n<p><font color=\"#2D3AC7\">\u041c\u0430\u0458\u0441\u043a\u0438\u043e\u0442 \u043c\u0430\u043d\u0438\u0444\u0435\u0441\u0442 \u0431\u0435\u0448\u0435 \u043a\u043b\u0443\u0447\u0435\u043d \u0437\u0430 \u043c\u0430\u043a\u0435\u0434\u043e\u043d\u0441\u043a\u0430\u0442\u0430 \u043d\u0435\u0437\u0430\u0432\u0438\u0441\u043d\u043e\u0441\u0442.<\/font><\/p>\n<p><b>\u0410\u043d\u0442\u0438\u0447\u043a\u0430 \u041c\u0430\u043a\u0435\u0434\u043e\u043d\u0438\u0458\u0430<\/b> (Anti\u00e7ka Makedonija) &#8211; Cette expression fait r\u00e9f\u00e9rence \u00e0 la Mac\u00e9doine antique, un royaume historique c\u00e9l\u00e8bre pour ses rois comme Alexandre le Grand.<\/p>\n<p><font color=\"#2D3AC7\">\u0410\u043d\u0442\u0438\u0447\u043a\u0430 \u041c\u0430\u043a\u0435\u0434\u043e\u043d\u0438\u0458\u0430 \u0435 \u043f\u043e\u0437\u043d\u0430\u0442\u0430 \u043f\u043e \u043d\u0435\u0458\u0437\u0438\u043d\u0438\u0442\u0435 \u0433\u043e\u043b\u0435\u043c\u0438 \u0432\u043e\u0458\u0441\u043a\u043e\u0432\u043e\u0434\u0446\u0438.<\/font><\/p>\n<p><b>\u041a\u0440\u0441\u0442\u0435 \u041c\u0438\u0441\u0438\u0440\u043a\u043e\u0432<\/b> (Krste Misirkov) &#8211; Krste Misirkov est une figure importante de l&rsquo;histoire culturelle mac\u00e9donienne, connu pour ses travaux sur la langue et l&rsquo;identit\u00e9 mac\u00e9doniennes.<\/p>\n<p><font color=\"#2D3AC7\">\u041a\u0440\u0441\u0442\u0435 \u041c\u0438\u0441\u0438\u0440\u043a\u043e\u0432 \u0435 \u0442\u0430\u0442\u043a\u043e \u043d\u0430 \u0441\u043e\u0432\u0440\u0435\u043c\u0435\u043d\u0438\u043e\u0442 <a href=\"https:\/\/talkpal.ai\/mk\/%d0%bd%d0%b0%d1%83%d1%87%d0%b5%d1%82%d0%b5-%d0%bc%d0%b0%d0%ba%d0%b5%d0%b4%d0%be%d0%bd%d1%81%d0%ba%d0%b8\/\">\u043c\u0430\u043a\u0435\u0434\u043e\u043d\u0441\u043a\u0438 \u0458\u0430\u0437\u0438\u043a<\/a>.<\/font><\/p>\n<h3>Figures historiques importantes<\/h3>\n<p><b>\u0410\u043b\u0435\u043a\u0441\u0430\u043d\u0434\u0430\u0440 \u0412\u0435\u043b\u0438\u043a\u0438<\/b> (Aleksandar Veliki) &#8211; Alexandre le Grand, l&rsquo;un des conqu\u00e9rants les plus c\u00e9l\u00e8bres de l&rsquo;histoire, est une figure embl\u00e9matique de la Mac\u00e9doine antique.<\/p>\n<p><font color=\"#2D3AC7\">\u0410\u043b\u0435\u043a\u0441\u0430\u043d\u0434\u0430\u0440 \u0412\u0435\u043b\u0438\u043a\u0438 \u0433\u043e \u043f\u0440\u043e\u0448\u0438\u0440\u0438 \u043c\u0430\u043a\u0435\u0434\u043e\u043d\u0441\u043a\u043e\u0442\u043e \u0446\u0430\u0440\u0441\u0442\u0432\u043e \u0434\u043e \u0418\u043d\u0434\u0438\u0458\u0430.<\/font><\/p>\n<p><b>\u0413\u043e\u0446\u0435 \u0414\u0435\u043b\u0447\u0435\u0432<\/b> (Goce Del\u00e7ev) &#8211; Goce Delchev est un r\u00e9volutionnaire mac\u00e9donien du XIXe si\u00e8cle, une figure cl\u00e9 dans la lutte pour l&rsquo;ind\u00e9pendance de la Mac\u00e9doine.<\/p>\n<p><font color=\"#2D3AC7\">\u0413\u043e\u0446\u0435 \u0414\u0435\u043b\u0447\u0435\u0432 \u0431\u0435\u0448\u0435 \u0435\u0434\u0435\u043d \u043e\u0434 \u043d\u0430\u0458\u0433\u043e\u043b\u0435\u043c\u0438\u0442\u0435 \u043c\u0430\u043a\u0435\u0434\u043e\u043d\u0441\u043a\u0438 \u0445\u0435\u0440\u043e\u0438.<\/font><\/p>\n<p><b>\u0426\u0430\u0440 \u0421\u0430\u043c\u0443\u0438\u043b<\/b> (Car Samuil) &#8211; Le Tsar Samuel est un autre souverain important de la Mac\u00e9doine m\u00e9di\u00e9vale, connu pour son empire qui a r\u00e9sist\u00e9 \u00e0 Byzance.<\/p>\n<p><font color=\"#2D3AC7\">\u0426\u0430\u0440 \u0421\u0430\u043c\u0443\u0438\u043b \u0433\u043e \u0432\u043e\u0434\u0435\u0448\u0435 \u043c\u0430\u043a\u0435\u0434\u043e\u043d\u0441\u043a\u043e\u0442\u043e \u0446\u0430\u0440\u0441\u0442\u0432\u043e \u0432\u043e 11 \u0432\u0435\u043a.<\/font><\/p>\n<p><b>\u041c\u0430\u0440\u043a\u043e \u041a\u0440\u0430\u043b\u0435<\/b> (Marko Krale) &#8211; Marko Kraljevi\u0107, ou Roi Marko, est une figure l\u00e9gendaire dans la culture balkanique et mac\u00e9donienne, souvent repr\u00e9sent\u00e9 comme un h\u00e9ros dans les \u00e9pop\u00e9es populaires.<\/p>\n<p><font color=\"#2D3AC7\">\u041c\u0430\u0440\u043a\u043e \u041a\u0440\u0430\u043b\u0435 \u0435 \u0441\u0438\u043c\u0431\u043e\u043b \u043d\u0430 \u043c\u0430\u043a\u0435\u0434\u043e\u043d\u0441\u043a\u0430\u0442\u0430 \u0445\u0440\u0430\u0431\u0440\u043e\u0441\u0442 \u0438 \u0447\u0435\u0441\u0442.<\/font><\/p>\n<h3>\u00c9v\u00e9nements historiques marquants<\/h3>\n<p><b>\u0421\u043e\u043b\u0443\u043d\u0441\u043a\u0438\u043e\u0442 \u043a\u043e\u043d\u0433\u0440\u0435\u0441<\/b> (Solunskiot kongres) &#8211; Le Congr\u00e8s de Thessalonique, qui s&rsquo;est tenu en 1896, est un \u00e9v\u00e9nement cl\u00e9 pour l&rsquo;organisation de la lutte r\u00e9volutionnaire mac\u00e9donienne.<\/p>\n<p><font color=\"#2D3AC7\">\u0421\u043e\u043b\u0443\u043d\u0441\u043a\u0438\u043e\u0442 \u043a\u043e\u043d\u0433\u0440\u0435\u0441 \u0431\u0435\u0448\u0435 \u0437\u043d\u0430\u0447\u0430\u0435\u043d \u0437\u0430 \u043c\u0430\u043a\u0435\u0434\u043e\u043d\u0441\u043a\u043e\u0442\u043e \u043e\u0441\u043b\u043e\u0431\u043e\u0434\u0438\u0442\u0435\u043b\u043d\u043e \u0434\u0432\u0438\u0436\u0435\u045a\u0435.<\/font><\/p>\n<p><b>\u041a\u0440\u0435\u0441\u043d\u0435\u043d\u0441\u043a\u043e \u0432\u043e\u0441\u0442\u0430\u043d\u0438\u0435<\/b> (Kresnensko vostanie) &#8211; L&rsquo;insurrection de Kresna de 1878 est un soul\u00e8vement contre l&rsquo;Empire ottoman visant \u00e0 lib\u00e9rer la Mac\u00e9doine.<\/p>\n<p><font color=\"#2D3AC7\">\u041a\u0440\u0435\u0441\u043d\u0435\u043d\u0441\u043a\u043e\u0442\u043e \u0432\u043e\u0441\u0442\u0430\u043d\u0438\u0435 \u0431\u0435\u0448\u0435 \u0432\u0430\u0436\u0435\u043d \u043d\u0430\u0441\u0442\u0430\u043d \u0432\u043e \u043c\u0430\u043a\u0435\u0434\u043e\u043d\u0441\u043a\u0430\u0442\u0430 \u0438\u0441\u0442\u043e\u0440\u0438\u0458\u0430.<\/font><\/p>\n<p><b>\u0412\u0435\u043b\u0438\u0433\u0434\u0435\u043d\u0441\u043a\u043e \u0432\u043e\u0441\u0442\u0430\u043d\u0438\u0435<\/b> (Veligdensko vostanie) &#8211; Le soul\u00e8vement de <a href=\"https:\/\/talkpal.ai\/talkpal-easter-discount\/\">P\u00e2ques<\/a> de 1903 est une autre r\u00e9volte significative contre la domination ottomane en Mac\u00e9doine.<\/p>\n<p><font color=\"#2D3AC7\">\u0412\u0435\u043b\u0438\u0433\u0434\u0435\u043d\u0441\u043a\u043e\u0442\u043e \u0432\u043e\u0441\u0442\u0430\u043d\u0438\u0435 \u0431\u0435\u0448\u0435 \u043e\u0440\u0433\u0430\u043d\u0438\u0437\u0438\u0440\u0430\u043d\u043e \u043e\u0434 \u043c\u0430\u043a\u0435\u0434\u043e\u043d\u0441\u043a\u0438\u0442\u0435 \u0440\u0435\u0432\u043e\u043b\u0443\u0446\u0438\u043e\u043d\u0435\u0440\u0438.<\/font><\/p>\n<p><b>\u0415\u043d\u0438\u045f\u0435\u0432\u0430\u0440\u0434\u0430\u0440\u0441\u043a\u043e \u0432\u043e\u0441\u0442\u0430\u043d\u0438\u0435<\/b> (Enid\u017eevaradarsko vostanie) &#8211; L&rsquo;insurrection de Yenidje-Vardar de 1822 est un soul\u00e8vement important contre l&rsquo;occupation ottomane.<\/p>\n<p><font color=\"#2D3AC7\">\u0415\u043d\u0438\u045f\u0435\u0432\u0430\u0440\u0434\u0430\u0440\u0441\u043a\u043e\u0442\u043e \u0432\u043e\u0441\u0442\u0430\u043d\u0438\u0435 \u0431\u0435\u0448\u0435 \u0435\u0434\u0435\u043d \u043e\u0434 \u043f\u0440\u0432\u0438\u0442\u0435 \u043e\u0431\u0438\u0434\u0438 \u0437\u0430 \u043e\u0441\u043b\u043e\u0431\u043e\u0434\u0443\u0432\u0430\u045a\u0435 \u043d\u0430 \u041c\u0430\u043a\u0435\u0434\u043e\u043d\u0438\u0458\u0430.<\/font><\/p>\n<h2>Conclusion<\/h2>\n<p>L&rsquo;histoire de la Mac\u00e9doine est riche et complexe, marqu\u00e9e par de nombreux \u00e9v\u00e9nements et figures qui ont fa\u00e7onn\u00e9 le pays tel qu&rsquo;il est aujourd&rsquo;hui. En apprenant ces termes et expressions historiques en mac\u00e9donien, non seulement vous enrichissez votre vocabulaire, mais vous approfondissez \u00e9galement votre compr\u00e9hension de l&rsquo;histoire et de la culture mac\u00e9doniennes. Que vous soyez un \u00e9tudiant de la langue, un passionn\u00e9 d&rsquo;histoire ou simplement curieux, ces mots et expressions vous aideront \u00e0 mieux appr\u00e9hender cette fascinante r\u00e9gion des Balkans.<\/p>\n<p>N&rsquo;h\u00e9sitez pas \u00e0 int\u00e9grer ces termes dans vos conversations et \u00e0 continuer \u00e0 explorer l&rsquo;histoire riche et vari\u00e9e de la Mac\u00e9doine \u00e0 travers sa langue. <a href=\"https:\/\/talkpal.ai\/culture\/how-do-i-wish-someone-good-luck-in-french\/\">Bonne chance<\/a> dans votre apprentissage et d\u00e9couverte de la langue mac\u00e9donienne!<\/p>\n","protected":false},"featured_media":1527975,"template":"","vocabulary_language":[3859],"class_list":["post-698748","vocabulary","type-vocabulary","status-publish","has-post-thumbnail","hentry","vocabulary_language-macedonien"],"acf":[],"yoast_head":"<!-- This site is optimized with the Yoast SEO Premium plugin v27.2 (Yoast SEO v27.2) - https:\/\/yoast.com\/product\/yoast-seo-premium-wordpress\/ -->\n<title>Termes et expressions historiques en mac\u00e9donien - Talkpal<\/title>\n<meta name=\"description\" content=\"L&#039;apprentissage d&#039;une langue \u00e9trang\u00e8re est une aventure fascinante qui nous permet de d\u00e9couvrir une nouvelle culture, une nouvelle fa\u00e7on de penser et une\" \/>\n<meta name=\"robots\" content=\"index, follow, max-snippet:-1, max-image-preview:large, max-video-preview:-1\" \/>\n<link rel=\"canonical\" href=\"https:\/\/talkpal.ai\/fr\/vocabulary\/termes-et-expressions-historiques-en-macedonien\/\" \/>\n<meta property=\"og:locale\" content=\"fr_FR\" \/>\n<meta property=\"og:type\" content=\"article\" \/>\n<meta property=\"og:title\" content=\"Termes et expressions historiques en mac\u00e9donien\" \/>\n<meta property=\"og:description\" content=\"L&#039;apprentissage d&#039;une langue \u00e9trang\u00e8re est une aventure fascinante qui nous permet de d\u00e9couvrir une nouvelle culture, une nouvelle fa\u00e7on de penser et une\" \/>\n<meta property=\"og:url\" content=\"https:\/\/talkpal.ai\/fr\/vocabulary\/termes-et-expressions-historiques-en-macedonien\/\" \/>\n<meta property=\"og:site_name\" content=\"Talkpal\" \/>\n<meta property=\"article:publisher\" content=\"https:\/\/www.facebook.com\/profile.php?id=100090733639311\" \/>\n<meta property=\"og:image\" content=\"https:\/\/talkpal.ai\/wp-content\/uploads\/2024\/10\/talkpal_flat_illustration_of_a_employees_working_together_happi_c674ff77-e477-4e09-835a-01d30e561e99.png\" \/>\n\t<meta property=\"og:image:width\" content=\"1024\" \/>\n\t<meta property=\"og:image:height\" content=\"1024\" \/>\n\t<meta property=\"og:image:type\" content=\"image\/png\" \/>\n<meta name=\"twitter:card\" content=\"summary_large_image\" \/>\n<meta name=\"twitter:site\" content=\"@talkpalai\" \/>\n<meta name=\"twitter:label1\" content=\"Dur\u00e9e de lecture estim\u00e9e\" \/>\n\t<meta name=\"twitter:data1\" content=\"3 minutes\" \/>\n<script type=\"application\/ld+json\" class=\"yoast-schema-graph\">{\"@context\":\"https:\/\/schema.org\",\"@graph\":[{\"@type\":\"WebPage\",\"@id\":\"https:\/\/talkpal.ai\/fr\/vocabulary\/termes-et-expressions-historiques-en-macedonien\/\",\"url\":\"https:\/\/talkpal.ai\/fr\/vocabulary\/termes-et-expressions-historiques-en-macedonien\/\",\"name\":\"Termes et expressions historiques en mac\u00e9donien - Talkpal\",\"isPartOf\":{\"@id\":\"https:\/\/talkpal.ai\/fr\/#website\"},\"primaryImageOfPage\":{\"@id\":\"https:\/\/talkpal.ai\/fr\/vocabulary\/termes-et-expressions-historiques-en-macedonien\/#primaryimage\"},\"image\":{\"@id\":\"https:\/\/talkpal.ai\/fr\/vocabulary\/termes-et-expressions-historiques-en-macedonien\/#primaryimage\"},\"thumbnailUrl\":\"https:\/\/talkpal.ai\/wp-content\/uploads\/2025\/12\/students-study-in-cafe-to-learning-languages.webp\",\"datePublished\":\"2024-06-07T20:42:28+00:00\",\"description\":\"L'apprentissage d'une langue \u00e9trang\u00e8re est une aventure fascinante qui nous permet de d\u00e9couvrir une nouvelle culture, une nouvelle fa\u00e7on de penser et une\",\"breadcrumb\":{\"@id\":\"https:\/\/talkpal.ai\/fr\/vocabulary\/termes-et-expressions-historiques-en-macedonien\/#breadcrumb\"},\"inLanguage\":\"fr-FR\",\"potentialAction\":[{\"@type\":\"ReadAction\",\"target\":[\"https:\/\/talkpal.ai\/fr\/vocabulary\/termes-et-expressions-historiques-en-macedonien\/\"]}]},{\"@type\":\"ImageObject\",\"inLanguage\":\"fr-FR\",\"@id\":\"https:\/\/talkpal.ai\/fr\/vocabulary\/termes-et-expressions-historiques-en-macedonien\/#primaryimage\",\"url\":\"https:\/\/talkpal.ai\/wp-content\/uploads\/2025\/12\/students-study-in-cafe-to-learning-languages.webp\",\"contentUrl\":\"https:\/\/talkpal.ai\/wp-content\/uploads\/2025\/12\/students-study-in-cafe-to-learning-languages.webp\",\"width\":1200,\"height\":896,\"caption\":\"People sit at wooden tables in a modern cafe while learning languages together at dusk.\"},{\"@type\":\"BreadcrumbList\",\"@id\":\"https:\/\/talkpal.ai\/fr\/vocabulary\/termes-et-expressions-historiques-en-macedonien\/#breadcrumb\",\"itemListElement\":[{\"@type\":\"ListItem\",\"position\":1,\"name\":\"Homepage\",\"item\":\"https:\/\/talkpal.ai\/fr\/\"},{\"@type\":\"ListItem\",\"position\":2,\"name\":\"Termes et expressions historiques en mac\u00e9donien\"}]},{\"@type\":\"WebSite\",\"@id\":\"https:\/\/talkpal.ai\/fr\/#website\",\"url\":\"https:\/\/talkpal.ai\/fr\/\",\"name\":\"Talkpal\",\"description\":\"AI Language Learning\",\"publisher\":{\"@id\":\"https:\/\/talkpal.ai\/fr\/#organization\"},\"alternateName\":\"Talkpal AI\",\"potentialAction\":[{\"@type\":\"SearchAction\",\"target\":{\"@type\":\"EntryPoint\",\"urlTemplate\":\"https:\/\/talkpal.ai\/fr\/?s={search_term_string}\"},\"query-input\":{\"@type\":\"PropertyValueSpecification\",\"valueRequired\":true,\"valueName\":\"search_term_string\"}}],\"inLanguage\":\"fr-FR\"},{\"@type\":\"Organization\",\"@id\":\"https:\/\/talkpal.ai\/fr\/#organization\",\"name\":\"Talkpal, Inc.\",\"alternateName\":\"Talkpal AI\",\"url\":\"https:\/\/talkpal.ai\/fr\/\",\"logo\":{\"@type\":\"ImageObject\",\"inLanguage\":\"fr-FR\",\"@id\":\"https:\/\/talkpal.ai\/fr\/#\/schema\/logo\/image\/\",\"url\":\"https:\/\/talkpal.ai\/wp-content\/uploads\/2024\/03\/Talkpal-Logo-Icon.png\",\"contentUrl\":\"https:\/\/talkpal.ai\/wp-content\/uploads\/2024\/03\/Talkpal-Logo-Icon.png\",\"width\":2880,\"height\":2880,\"caption\":\"Talkpal, Inc.\"},\"image\":{\"@id\":\"https:\/\/talkpal.ai\/fr\/#\/schema\/logo\/image\/\"},\"sameAs\":[\"https:\/\/www.facebook.com\/profile.php?id=100090733639311\",\"https:\/\/x.com\/talkpalai\",\"https:\/\/www.linkedin.com\/company\/talkpal\/\",\"https:\/\/www.youtube.com\/@TalkPal\/\",\"https:\/\/www.tiktok.com\/@talkpal\",\"https:\/\/www.instagram.com\/talkpal_ai\/\",\"https:\/\/www.crunchbase.com\/organization\/talkpal-9cde\",\"https:\/\/www.g2.com\/products\/talkpal-for-business\/\",\"https:\/\/www.trustpilot.com\/review\/talkpal.ai\",\"https:\/\/www.capterra.com\/p\/10006800\/TalkPal\/\"],\"description\":\"Talkpal is a language learning web and mobile education app, powered by the latest AI technologies, that provides engaging experiences to its customers in many different languages to help them improve their language skills. Users can chat about unlimited amount of topics with the app and use other modes to practice their language learning.\",\"email\":\"support@talkpal.ai\",\"legalName\":\"Talkpal, Inc.\",\"foundingDate\":\"2023-04-03\",\"duns\":\"118989042\",\"numberOfEmployees\":{\"@type\":\"QuantitativeValue\",\"minValue\":\"11\",\"maxValue\":\"50\"},\"publishingPrinciples\":\"https:\/\/talkpal.ai\/publishing-principles\/\",\"actionableFeedbackPolicy\":\"https:\/\/talkpal.ai\/actionable-feedback-policy\/\",\"correctionsPolicy\":\"https:\/\/talkpal.ai\/corrections-policy\/\",\"ethicsPolicy\":\"https:\/\/talkpal.ai\/ethics-policy\/\",\"diversityPolicy\":\"https:\/\/talkpal.ai\/diversity-policy\/\",\"diversityStaffingReport\":\"https:\/\/talkpal.ai\/diversity-policy\/\"}]}<\/script>\n<!-- \/ Yoast SEO Premium plugin. -->","yoast_head_json":{"title":"Termes et expressions historiques en mac\u00e9donien - Talkpal","description":"L'apprentissage d'une langue \u00e9trang\u00e8re est une aventure fascinante qui nous permet de d\u00e9couvrir une nouvelle culture, une nouvelle fa\u00e7on de penser et une","robots":{"index":"index","follow":"follow","max-snippet":"max-snippet:-1","max-image-preview":"max-image-preview:large","max-video-preview":"max-video-preview:-1"},"canonical":"https:\/\/talkpal.ai\/fr\/vocabulary\/termes-et-expressions-historiques-en-macedonien\/","og_locale":"fr_FR","og_type":"article","og_title":"Termes et expressions historiques en mac\u00e9donien","og_description":"L'apprentissage d'une langue \u00e9trang\u00e8re est une aventure fascinante qui nous permet de d\u00e9couvrir une nouvelle culture, une nouvelle fa\u00e7on de penser et une","og_url":"https:\/\/talkpal.ai\/fr\/vocabulary\/termes-et-expressions-historiques-en-macedonien\/","og_site_name":"Talkpal","article_publisher":"https:\/\/www.facebook.com\/profile.php?id=100090733639311","og_image":[{"width":1024,"height":1024,"url":"https:\/\/talkpal.ai\/wp-content\/uploads\/2024\/10\/talkpal_flat_illustration_of_a_employees_working_together_happi_c674ff77-e477-4e09-835a-01d30e561e99.png","type":"image\/png"}],"twitter_card":"summary_large_image","twitter_site":"@talkpalai","twitter_misc":{"Dur\u00e9e de lecture estim\u00e9e":"3 minutes"},"schema":{"@context":"https:\/\/schema.org","@graph":[{"@type":"WebPage","@id":"https:\/\/talkpal.ai\/fr\/vocabulary\/termes-et-expressions-historiques-en-macedonien\/","url":"https:\/\/talkpal.ai\/fr\/vocabulary\/termes-et-expressions-historiques-en-macedonien\/","name":"Termes et expressions historiques en mac\u00e9donien - Talkpal","isPartOf":{"@id":"https:\/\/talkpal.ai\/fr\/#website"},"primaryImageOfPage":{"@id":"https:\/\/talkpal.ai\/fr\/vocabulary\/termes-et-expressions-historiques-en-macedonien\/#primaryimage"},"image":{"@id":"https:\/\/talkpal.ai\/fr\/vocabulary\/termes-et-expressions-historiques-en-macedonien\/#primaryimage"},"thumbnailUrl":"https:\/\/talkpal.ai\/wp-content\/uploads\/2025\/12\/students-study-in-cafe-to-learning-languages.webp","datePublished":"2024-06-07T20:42:28+00:00","description":"L'apprentissage d'une langue \u00e9trang\u00e8re est une aventure fascinante qui nous permet de d\u00e9couvrir une nouvelle culture, une nouvelle fa\u00e7on de penser et une","breadcrumb":{"@id":"https:\/\/talkpal.ai\/fr\/vocabulary\/termes-et-expressions-historiques-en-macedonien\/#breadcrumb"},"inLanguage":"fr-FR","potentialAction":[{"@type":"ReadAction","target":["https:\/\/talkpal.ai\/fr\/vocabulary\/termes-et-expressions-historiques-en-macedonien\/"]}]},{"@type":"ImageObject","inLanguage":"fr-FR","@id":"https:\/\/talkpal.ai\/fr\/vocabulary\/termes-et-expressions-historiques-en-macedonien\/#primaryimage","url":"https:\/\/talkpal.ai\/wp-content\/uploads\/2025\/12\/students-study-in-cafe-to-learning-languages.webp","contentUrl":"https:\/\/talkpal.ai\/wp-content\/uploads\/2025\/12\/students-study-in-cafe-to-learning-languages.webp","width":1200,"height":896,"caption":"People sit at wooden tables in a modern cafe while learning languages together at dusk."},{"@type":"BreadcrumbList","@id":"https:\/\/talkpal.ai\/fr\/vocabulary\/termes-et-expressions-historiques-en-macedonien\/#breadcrumb","itemListElement":[{"@type":"ListItem","position":1,"name":"Homepage","item":"https:\/\/talkpal.ai\/fr\/"},{"@type":"ListItem","position":2,"name":"Termes et expressions historiques en mac\u00e9donien"}]},{"@type":"WebSite","@id":"https:\/\/talkpal.ai\/fr\/#website","url":"https:\/\/talkpal.ai\/fr\/","name":"Talkpal","description":"AI Language Learning","publisher":{"@id":"https:\/\/talkpal.ai\/fr\/#organization"},"alternateName":"Talkpal AI","potentialAction":[{"@type":"SearchAction","target":{"@type":"EntryPoint","urlTemplate":"https:\/\/talkpal.ai\/fr\/?s={search_term_string}"},"query-input":{"@type":"PropertyValueSpecification","valueRequired":true,"valueName":"search_term_string"}}],"inLanguage":"fr-FR"},{"@type":"Organization","@id":"https:\/\/talkpal.ai\/fr\/#organization","name":"Talkpal, Inc.","alternateName":"Talkpal AI","url":"https:\/\/talkpal.ai\/fr\/","logo":{"@type":"ImageObject","inLanguage":"fr-FR","@id":"https:\/\/talkpal.ai\/fr\/#\/schema\/logo\/image\/","url":"https:\/\/talkpal.ai\/wp-content\/uploads\/2024\/03\/Talkpal-Logo-Icon.png","contentUrl":"https:\/\/talkpal.ai\/wp-content\/uploads\/2024\/03\/Talkpal-Logo-Icon.png","width":2880,"height":2880,"caption":"Talkpal, Inc."},"image":{"@id":"https:\/\/talkpal.ai\/fr\/#\/schema\/logo\/image\/"},"sameAs":["https:\/\/www.facebook.com\/profile.php?id=100090733639311","https:\/\/x.com\/talkpalai","https:\/\/www.linkedin.com\/company\/talkpal\/","https:\/\/www.youtube.com\/@TalkPal\/","https:\/\/www.tiktok.com\/@talkpal","https:\/\/www.instagram.com\/talkpal_ai\/","https:\/\/www.crunchbase.com\/organization\/talkpal-9cde","https:\/\/www.g2.com\/products\/talkpal-for-business\/","https:\/\/www.trustpilot.com\/review\/talkpal.ai","https:\/\/www.capterra.com\/p\/10006800\/TalkPal\/"],"description":"Talkpal is a language learning web and mobile education app, powered by the latest AI technologies, that provides engaging experiences to its customers in many different languages to help them improve their language skills. Users can chat about unlimited amount of topics with the app and use other modes to practice their language learning.","email":"support@talkpal.ai","legalName":"Talkpal, Inc.","foundingDate":"2023-04-03","duns":"118989042","numberOfEmployees":{"@type":"QuantitativeValue","minValue":"11","maxValue":"50"},"publishingPrinciples":"https:\/\/talkpal.ai\/publishing-principles\/","actionableFeedbackPolicy":"https:\/\/talkpal.ai\/actionable-feedback-policy\/","correctionsPolicy":"https:\/\/talkpal.ai\/corrections-policy\/","ethicsPolicy":"https:\/\/talkpal.ai\/ethics-policy\/","diversityPolicy":"https:\/\/talkpal.ai\/diversity-policy\/","diversityStaffingReport":"https:\/\/talkpal.ai\/diversity-policy\/"}]}},"_links":{"self":[{"href":"https:\/\/talkpal.ai\/fr\/wp-json\/wp\/v2\/vocabulary\/698748","targetHints":{"allow":["GET"]}}],"collection":[{"href":"https:\/\/talkpal.ai\/fr\/wp-json\/wp\/v2\/vocabulary"}],"about":[{"href":"https:\/\/talkpal.ai\/fr\/wp-json\/wp\/v2\/types\/vocabulary"}],"wp:featuredmedia":[{"embeddable":true,"href":"https:\/\/talkpal.ai\/fr\/wp-json\/wp\/v2\/media\/1527975"}],"wp:attachment":[{"href":"https:\/\/talkpal.ai\/fr\/wp-json\/wp\/v2\/media?parent=698748"}],"wp:term":[{"taxonomy":"vocabulary_language","embeddable":true,"href":"https:\/\/talkpal.ai\/fr\/wp-json\/wp\/v2\/vocabulary_language?post=698748"}],"curies":[{"name":"wp","href":"https:\/\/api.w.org\/{rel}","templated":true}]}}