{"id":698279,"date":"2024-06-07T20:03:20","date_gmt":"2024-06-07T20:03:20","guid":{"rendered":"https:\/\/talkpal.ai\/vocabulary\/termes-politiques-et-gouvernementaux-en-galicien\/"},"modified":"2024-06-07T20:03:20","modified_gmt":"2024-06-07T20:03:20","slug":"termes-politiques-et-gouvernementaux-en-galicien","status":"publish","type":"vocabulary","link":"https:\/\/talkpal.ai\/fr\/vocabulary\/termes-politiques-et-gouvernementaux-en-galicien\/","title":{"rendered":"Termes politiques et gouvernementaux en galicien"},"content":{"rendered":"<p>La langue galicienne, ou <a href=\"https:\/\/talkpal.ai\/learn-galician\/\">galego<\/a>, est une langue romane parl\u00e9e principalement dans la r\u00e9gion de la Galice, au nord-ouest de l&rsquo;Espagne. Comme toute langue, elle poss\u00e8de son propre ensemble de termes politiques et gouvernementaux qui refl\u00e8tent les structures et les fonctions de la soci\u00e9t\u00e9 galicienne. Cet article vise \u00e0 introduire et expliquer certains des termes les plus courants et importants dans le contexte politique et gouvernemental en <a href=\"https:\/\/talkpal.ai\/learn-galician\/\">galicien<\/a>.<\/p>\n<h2>Institutions et structures gouvernementales<\/h2>\n<p><b>Goberno<\/b>: Le mot \u00ab\u00a0goberno\u00a0\u00bb signifie \u00ab\u00a0gouvernement\u00a0\u00bb. Il d\u00e9signe l&rsquo;ensemble des institutions et des personnes qui dirigent un pays ou une r\u00e9gion.<br \/>\n<font color=\"#2D3AC7\">O goberno anunciou novas medidas econ\u00f3micas.<\/font><\/p>\n<p><b>Parlamento<\/b>: \u00ab\u00a0Parlamento\u00a0\u00bb est utilis\u00e9 pour d\u00e9signer le \u00ab\u00a0parlement\u00a0\u00bb, une institution l\u00e9gislative o\u00f9 les repr\u00e9sentants \u00e9lus discutent et votent les lois.<br \/>\n<font color=\"#2D3AC7\">O Parlamento de Galicia ten 75 deputados.<\/font><\/p>\n<p><b>Deputado<\/b>: Un \u00ab\u00a0deputado\u00a0\u00bb est un \u00ab\u00a0d\u00e9put\u00e9\u00a0\u00bb, c&rsquo;est-\u00e0-dire un membre du parlement \u00e9lu pour repr\u00e9senter les citoyens.<br \/>\n<font color=\"#2D3AC7\">O deputado falou sobre a necesidade de mellorar a sanidade p\u00fablica.<\/font><\/p>\n<p><b>Consello<\/b>: Le terme \u00ab\u00a0consello\u00a0\u00bb signifie \u00ab\u00a0conseil\u00a0\u00bb. Il peut se r\u00e9f\u00e9rer \u00e0 un organe consultatif ou d\u00e9cisionnel au sein du gouvernement.<br \/>\n<font color=\"#2D3AC7\">O Consello da Xunta aprobou a nova lei de <a href=\"https:\/\/talkpal.ai\/talkpal-for-education\/\">educaci\u00f3n<\/a>.<\/font><\/p>\n<p><b>Xunta<\/b>: \u00ab\u00a0Xunta\u00a0\u00bb est un terme sp\u00e9cifique \u00e0 la Galice, d\u00e9signant le gouvernement autonome de la r\u00e9gion.<br \/>\n<font color=\"#2D3AC7\">A Xunta de Galicia promove o uso do galego nas escolas.<\/font><\/p>\n<h2>Postes et titres<\/h2>\n<p><b>Presidente<\/b>: Le mot \u00ab\u00a0presidente\u00a0\u00bb signifie \u00ab\u00a0pr\u00e9sident\u00a0\u00bb, la personne qui dirige le gouvernement.<br \/>\n<font color=\"#2D3AC7\">O presidente da Xunta anunciou novas pol\u00edticas ambientais.<\/font><\/p>\n<p><b>Ministro<\/b>: \u00ab\u00a0Ministro\u00a0\u00bb se r\u00e9f\u00e8re \u00e0 un \u00ab\u00a0ministre\u00a0\u00bb, un membre du gouvernement responsable d&rsquo;un minist\u00e8re sp\u00e9cifique.<br \/>\n<font color=\"#2D3AC7\">O ministro de sanidade visitou varios hospitais hoxe.<\/font><\/p>\n<p><b>Alcalde<\/b>: Le terme \u00ab\u00a0alcalde\u00a0\u00bb signifie \u00ab\u00a0maire\u00a0\u00bb, le chef de l&rsquo;administration municipale.<br \/>\n<font color=\"#2D3AC7\">O alcalde reuniuse cos veci\u00f1os para escoitar as s\u00faas preocupaci\u00f3ns.<\/font><\/p>\n<p><b>Concelleiro<\/b>: Un \u00ab\u00a0concelleiro\u00a0\u00bb est un \u00ab\u00a0conseiller municipal\u00a0\u00bb, un membre de l&rsquo;administration locale.<br \/>\n<font color=\"#2D3AC7\">O concelleiro de cultura organizou un festival de <a href=\"https:\/\/talkpal.ai\/es\/culture\/la-influencia-del-espanol-en-la-musica-tradicional-espanola\/\">m\u00fasica tradicional<\/a>.<\/font><\/p>\n<h2>Processus et proc\u00e9dures<\/h2>\n<p><b>Elecci\u00f3ns<\/b>: Le mot \u00ab\u00a0elecci\u00f3ns\u00a0\u00bb signifie \u00ab\u00a0\u00e9lections\u00a0\u00bb, le processus par lequel les citoyens choisissent leurs repr\u00e9sentants.<br \/>\n<font color=\"#2D3AC7\">As elecci\u00f3ns municipais ter\u00e1n lugar o pr\u00f3ximo mes.<\/font><\/p>\n<p><b>Voto<\/b>: \u00ab\u00a0Voto\u00a0\u00bb se r\u00e9f\u00e8re au \u00ab\u00a0vote\u00a0\u00bb, l&rsquo;acte par lequel un citoyen exprime sa pr\u00e9f\u00e9rence lors d&rsquo;une \u00e9lection.<br \/>\n<font color=\"#2D3AC7\">O dereito ao voto \u00e9 fundamental nunha democracia.<\/font><\/p>\n<p><b>Campa\u00f1a electoral<\/b>: La \u00ab\u00a0campa\u00f1a electoral\u00a0\u00bb est la \u00ab\u00a0campagne \u00e9lectorale\u00a0\u00bb, la p\u00e9riode pendant laquelle les candidats font la promotion de leurs id\u00e9es et programmes.<br \/>\n<font color=\"#2D3AC7\">A campa\u00f1a electoral comeza a pr\u00f3xima semana.<\/font><\/p>\n<p><b>Referendo<\/b>: Le terme \u00ab\u00a0referendo\u00a0\u00bb signifie \u00ab\u00a0r\u00e9f\u00e9rendum\u00a0\u00bb, une consultation directe des citoyens sur une question sp\u00e9cifique.<br \/>\n<font color=\"#2D3AC7\">O goberno anunciou un referendo sobre a <a href=\"https:\/\/talkpal.ai\/es\/locations\/aprende-aleman-en-la-independencia\/\">independencia<\/a>.<\/font><\/p>\n<p><b>Lei<\/b>: \u00ab\u00a0Lei\u00a0\u00bb signifie \u00ab\u00a0loi\u00a0\u00bb, une r\u00e8gle \u00e9tablie par le parlement qui doit \u00eatre respect\u00e9e par tous.<br \/>\n<font color=\"#2D3AC7\">A nova lei de protecci\u00f3n ambiental foi aprobada polo Parlamento.<\/font><\/p>\n<h2>Concepts politiques<\/h2>\n<p><b>Democracia<\/b>: Le mot \u00ab\u00a0democracia\u00a0\u00bb signifie \u00ab\u00a0d\u00e9mocratie\u00a0\u00bb, un syst\u00e8me de gouvernement o\u00f9 le pouvoir est exerc\u00e9 par le peuple, g\u00e9n\u00e9ralement par le biais d&rsquo;\u00e9lections.<br \/>\n<font color=\"#2D3AC7\">A democracia \u00e9 un valor fundamental na nosa sociedade.<\/font><\/p>\n<p><b>Dictadura<\/b>: \u00ab\u00a0Dictadura\u00a0\u00bb se r\u00e9f\u00e8re \u00e0 une \u00ab\u00a0dictature\u00a0\u00bb, un syst\u00e8me de gouvernement o\u00f9 une seule personne ou un petit groupe d\u00e9tient tout le pouvoir sans contr\u00f4le d\u00e9mocratique.<br \/>\n<font color=\"#2D3AC7\">A ditadura foi derrocada tras anos de loita.<\/font><\/p>\n<p><b>Autonom\u00eda<\/b>: Le terme \u00ab\u00a0autonom\u00eda\u00a0\u00bb signifie \u00ab\u00a0autonomie\u00a0\u00bb, le droit ou la condition d&rsquo;une r\u00e9gion de se gouverner elle-m\u00eame ind\u00e9pendamment du gouvernement <a href=\"https:\/\/talkpal.ai\/locations\/language-courses-in-central\/\">central<\/a>.<br \/>\n<font color=\"#2D3AC7\">A Galicia ten un alto grao de autonom\u00eda dentro de Espa\u00f1a.<\/font><\/p>\n<p><b>Federalismo<\/b>: \u00ab\u00a0Federalismo\u00a0\u00bb se r\u00e9f\u00e8re au \u00ab\u00a0f\u00e9d\u00e9ralisme\u00a0\u00bb, un syst\u00e8me de gouvernement o\u00f9 plusieurs entit\u00e9s politiques se partagent le pouvoir.<br \/>\n<font color=\"#2D3AC7\">O federalismo permite unha maior descentralizaci\u00f3n do poder.<\/font><\/p>\n<p><b>Partido pol\u00edtico<\/b>: Le mot \u00ab\u00a0partido pol\u00edtico\u00a0\u00bb signifie \u00ab\u00a0parti politique\u00a0\u00bb, une <a href=\"https:\/\/talkpal.ai\/talkpal-discount-for-cultural-organization-members\/\">organisation<\/a> de personnes qui partagent des id\u00e9es et des objectifs politiques communs.<br \/>\n<font color=\"#2D3AC7\">O partido pol\u00edtico ga\u00f1ou a maior\u00eda das cadeiras no parlamento.<\/font><\/p>\n<h2>Fonctions et services publics<\/h2>\n<p><b>Funci\u00f3n p\u00fablica<\/b>: Le terme \u00ab\u00a0funci\u00f3n p\u00fablica\u00a0\u00bb signifie \u00ab\u00a0<a href=\"https:\/\/talkpal.ai\/talkpal-discount-for-public-service-workers\/\">fonction publique<\/a>\u00a0\u00bb, l&rsquo;ensemble des emplois et des services fournis par l&rsquo;\u00c9tat ou les collectivit\u00e9s locales.<br \/>\n<font color=\"#2D3AC7\">A funci\u00f3n p\u00fablica \u00e9 esencial para o funcionamento do estado.<\/font><\/p>\n<p><b>Administraci\u00f3n<\/b>: \u00ab\u00a0Administraci\u00f3n\u00a0\u00bb se r\u00e9f\u00e8re \u00e0 \u00ab\u00a0l&rsquo;administration\u00a0\u00bb, l&rsquo;ensemble des services et des personnes qui g\u00e8rent et ex\u00e9cutent les politiques du gouvernement.<br \/>\n<font color=\"#2D3AC7\">A administraci\u00f3n local traballa para mellorar os servizos aos cidad\u00e1ns.<\/font><\/p>\n<p><b>Pol\u00edtica social<\/b>: La \u00ab\u00a0pol\u00edtica social\u00a0\u00bb concerne les mesures et les actions prises par le gouvernement pour am\u00e9liorer le bien-\u00eatre social.<br \/>\n<font color=\"#2D3AC7\">A pol\u00edtica social incl\u00fae programas de axuda \u00e1s familias necesitadas.<\/font><\/p>\n<p><b>Sanidade<\/b>: \u00ab\u00a0Sanidade\u00a0\u00bb signifie \u00ab\u00a0<a href=\"https:\/\/talkpal.ai\/fr\/culture\/les-termes-de-la-sante-publique-en-francais\/\">sant\u00e9 publique<\/a>\u00a0\u00bb, le syst\u00e8me de services de sant\u00e9 fourni par l&rsquo;\u00c9tat.<br \/>\n<font color=\"#2D3AC7\">A sanidade p\u00fablica \u00e9 un dereito fundamental de todos os cidad\u00e1ns.<\/font><\/p>\n<p><b>Educaci\u00f3n<\/b>: Le terme \u00ab\u00a0<a href=\"https:\/\/talkpal.ai\/talkpal-for-education\/\">educaci\u00f3n<\/a>\u00a0\u00bb signifie \u00ab\u00a0\u00e9ducation\u00a0\u00bb, le syst\u00e8me d&rsquo;enseignement et de formation fourni par l&rsquo;\u00c9tat.<br \/>\n<font color=\"#2D3AC7\">A educaci\u00f3n \u00e9 clave para o desenvolvemento dunha sociedade.<\/font><\/p>\n<h2>Relations internationales<\/h2>\n<p><b>Diplomacia<\/b>: \u00ab\u00a0Diplomacia\u00a0\u00bb signifie \u00ab\u00a0diplomatie\u00a0\u00bb, l&rsquo;art et la pratique de g\u00e9rer les relations internationales.<br \/>\n<font color=\"#2D3AC7\">A diplomacia \u00e9 crucial para manter a paz entre as naci\u00f3ns.<\/font><\/p>\n<p><b>Embaixada<\/b>: Le terme \u00ab\u00a0embaixada\u00a0\u00bb signifie \u00ab\u00a0ambassade\u00a0\u00bb, la repr\u00e9sentation diplomatique d&rsquo;un pays dans un autre pays.<br \/>\n<font color=\"#2D3AC7\">A embaixada de Espa\u00f1a en Portugal organiza eventos culturais.<\/font><\/p>\n<p><b>Consulado<\/b>: \u00ab\u00a0Consulado\u00a0\u00bb se r\u00e9f\u00e8re au \u00ab\u00a0consulat\u00a0\u00bb, une repr\u00e9sentation d&rsquo;un pays \u00e0 l&rsquo;\u00e9tranger qui aide et prot\u00e8ge ses citoyens.<br \/>\n<font color=\"#2D3AC7\">O consulado ofrece axuda aos cidad\u00e1ns que viaxan ao estranxeiro.<\/font><\/p>\n<p><b>Tratado<\/b>: Le mot \u00ab\u00a0tratado\u00a0\u00bb signifie \u00ab\u00a0trait\u00e9\u00a0\u00bb, un accord formel entre deux ou plusieurs pays.<br \/>\n<font color=\"#2D3AC7\">O tratado de paz foi asinado polos l\u00edderes mundiais.<\/font><\/p>\n<p><b>Cooperaci\u00f3n<\/b>: \u00ab\u00a0Cooperaci\u00f3n\u00a0\u00bb se r\u00e9f\u00e8re \u00e0 la \u00ab\u00a0coop\u00e9ration\u00a0\u00bb, le travail conjoint entre diff\u00e9rents pays pour atteindre des objectifs communs.<br \/>\n<font color=\"#2D3AC7\">A cooperaci\u00f3n internacional \u00e9 fundamental para resolver problemas globais.<\/font><\/p>\n<h2>Mouvements et id\u00e9ologies<\/h2>\n<p><b>Protesta<\/b>: Le terme \u00ab\u00a0protesta\u00a0\u00bb signifie \u00ab\u00a0protestation\u00a0\u00bb, une expression publique de d\u00e9saccord ou de m\u00e9contentement.<br \/>\n<font color=\"#2D3AC7\">A protesta contra a nova lei atraeu miles de persoas.<\/font><\/p>\n<p><b>Manifestaci\u00f3n<\/b>: \u00ab\u00a0Manifestaci\u00f3n\u00a0\u00bb se r\u00e9f\u00e8re \u00e0 une \u00ab\u00a0manifestation\u00a0\u00bb, une r\u00e9union publique de personnes pour exprimer une opinion ou demander un changement.<br \/>\n<font color=\"#2D3AC7\">A manifestaci\u00f3n pola igualdade de x\u00e9nero foi un \u00e9xito.<\/font><\/p>\n<p><b>Revoluci\u00f3n<\/b>: Le mot \u00ab\u00a0revoluci\u00f3n\u00a0\u00bb signifie \u00ab\u00a0r\u00e9volution\u00a0\u00bb, un changement radical et souvent violent dans le gouvernement ou la soci\u00e9t\u00e9.<br \/>\n<font color=\"#2D3AC7\">A revoluci\u00f3n cambiou o curso da historia do pa\u00eds.<\/font><\/p>\n<p><b>Ideolox\u00eda<\/b>: \u00ab\u00a0Ideolox\u00eda\u00a0\u00bb se r\u00e9f\u00e8re \u00e0 une \u00ab\u00a0id\u00e9ologie\u00a0\u00bb, un ensemble de croyances et d&rsquo;id\u00e9es qui guide le comportement politique et social.<br \/>\n<font color=\"#2D3AC7\">A s\u00faa ideolox\u00eda pol\u00edtica est\u00e1 baseada na xustiza social.<\/font><\/p>\n<p><b>Activismo<\/b>: Le terme \u00ab\u00a0activismo\u00a0\u00bb signifie \u00ab\u00a0activisme\u00a0\u00bb, l&rsquo;engagement actif pour une cause politique ou sociale.<br \/>\n<font color=\"#2D3AC7\">O activismo ambiental est\u00e1 a ga\u00f1ar popularidade entre os mozos.<\/font><\/p>\n<h2>D\u00e9fis contemporains<\/h2>\n<p><b>Corrupci\u00f3n<\/b>: Le mot \u00ab\u00a0corrupci\u00f3n\u00a0\u00bb signifie \u00ab\u00a0corruption\u00a0\u00bb, l&rsquo;abus de pouvoir pour des gains personnels.<br \/>\n<font color=\"#2D3AC7\">A corrupci\u00f3n pol\u00edtica \u00e9 un problema grave en moitos pa\u00edses.<\/font><\/p>\n<p><b>Transparencia<\/b>: \u00ab\u00a0Transparencia\u00a0\u00bb se r\u00e9f\u00e8re \u00e0 la \u00ab\u00a0transparence\u00a0\u00bb, la clart\u00e9 et l&rsquo;ouverture dans les actions et les d\u00e9cisions du gouvernement.<br \/>\n<font color=\"#2D3AC7\">A transparencia \u00e9 esencial para ga\u00f1ar a confianza dos cidad\u00e1ns.<\/font><\/p>\n<p><b>Desigualdade<\/b>: Le terme \u00ab\u00a0desigualdade\u00a0\u00bb signifie \u00ab\u00a0in\u00e9galit\u00e9\u00a0\u00bb, la diff\u00e9rence de traitement ou de conditions entre les personnes.<br \/>\n<font color=\"#2D3AC7\">A desigualdade econ\u00f3mica segue sendo un reto importante.<\/font><\/p>\n<p><b>Desemprego<\/b>: \u00ab\u00a0Desemprego\u00a0\u00bb se r\u00e9f\u00e8re au \u00ab\u00a0ch\u00f4mage\u00a0\u00bb, la situation o\u00f9 des personnes capables de travailler ne trouvent pas d&#8217;emploi.<br \/>\n<font color=\"#2D3AC7\">O desemprego xuvenil \u00e9 unha preocupaci\u00f3n crecente.<\/font><\/p>\n<p><b>Crise<\/b>: Le mot \u00ab\u00a0crise\u00a0\u00bb signifie \u00ab\u00a0crise\u00a0\u00bb, une p\u00e9riode de difficult\u00e9 ou de danger intense.<br \/>\n<font color=\"#2D3AC7\">A crise econ\u00f3mica afectou a moitas familias.<\/font><\/p>\n<p>L&rsquo;apprentissage de ces termes politiques et gouvernementaux en galicien non seulement enrichit votre vocabulaire, mais vous aide \u00e9galement \u00e0 mieux comprendre les structures et les dynamiques politiques de la Galice. En connaissant ces mots et leur utilisation, vous serez mieux \u00e9quip\u00e9 pour suivre les actualit\u00e9s, participer \u00e0 des discussions politiques et comprendre les documents officiels en galicien.<\/p>\n","protected":false},"featured_media":1528061,"template":"","vocabulary_language":[3849],"class_list":["post-698279","vocabulary","type-vocabulary","status-publish","has-post-thumbnail","hentry","vocabulary_language-galicien"],"acf":[],"yoast_head":"<!-- This site is optimized with the Yoast SEO Premium plugin v27.2 (Yoast SEO v27.2) - https:\/\/yoast.com\/product\/yoast-seo-premium-wordpress\/ -->\n<title>Termes politiques et gouvernementaux en galicien - Talkpal<\/title>\n<meta name=\"description\" content=\"La langue galicienne, ou galego, est une langue romane parl\u00e9e principalement dans la r\u00e9gion de la Galice, au nord-ouest de l&#039;Espagne. Comme toute langue,\" \/>\n<meta name=\"robots\" content=\"index, follow, max-snippet:-1, max-image-preview:large, max-video-preview:-1\" \/>\n<link rel=\"canonical\" href=\"https:\/\/talkpal.ai\/fr\/vocabulary\/termes-politiques-et-gouvernementaux-en-galicien\/\" \/>\n<meta property=\"og:locale\" content=\"fr_FR\" \/>\n<meta property=\"og:type\" content=\"article\" \/>\n<meta property=\"og:title\" content=\"Termes politiques et gouvernementaux en galicien\" \/>\n<meta property=\"og:description\" content=\"La langue galicienne, ou galego, est une langue romane parl\u00e9e principalement dans la r\u00e9gion de la Galice, au nord-ouest de l&#039;Espagne. Comme toute langue,\" \/>\n<meta property=\"og:url\" content=\"https:\/\/talkpal.ai\/fr\/vocabulary\/termes-politiques-et-gouvernementaux-en-galicien\/\" \/>\n<meta property=\"og:site_name\" content=\"Talkpal\" \/>\n<meta property=\"article:publisher\" content=\"https:\/\/www.facebook.com\/profile.php?id=100090733639311\" \/>\n<meta property=\"og:image\" content=\"https:\/\/talkpal.ai\/wp-content\/uploads\/2024\/10\/talkpal_flat_illustration_of_a_employees_working_together_happi_c674ff77-e477-4e09-835a-01d30e561e99.png\" \/>\n\t<meta property=\"og:image:width\" content=\"1024\" \/>\n\t<meta property=\"og:image:height\" content=\"1024\" \/>\n\t<meta property=\"og:image:type\" content=\"image\/png\" \/>\n<meta name=\"twitter:card\" content=\"summary_large_image\" \/>\n<meta name=\"twitter:site\" content=\"@talkpalai\" \/>\n<meta name=\"twitter:label1\" content=\"Dur\u00e9e de lecture estim\u00e9e\" \/>\n\t<meta name=\"twitter:data1\" content=\"7 minutes\" \/>\n<script type=\"application\/ld+json\" class=\"yoast-schema-graph\">{\"@context\":\"https:\/\/schema.org\",\"@graph\":[{\"@type\":\"WebPage\",\"@id\":\"https:\/\/talkpal.ai\/fr\/vocabulary\/termes-politiques-et-gouvernementaux-en-galicien\/\",\"url\":\"https:\/\/talkpal.ai\/fr\/vocabulary\/termes-politiques-et-gouvernementaux-en-galicien\/\",\"name\":\"Termes politiques et gouvernementaux en galicien - Talkpal\",\"isPartOf\":{\"@id\":\"https:\/\/talkpal.ai\/fr\/#website\"},\"primaryImageOfPage\":{\"@id\":\"https:\/\/talkpal.ai\/fr\/vocabulary\/termes-politiques-et-gouvernementaux-en-galicien\/#primaryimage\"},\"image\":{\"@id\":\"https:\/\/talkpal.ai\/fr\/vocabulary\/termes-politiques-et-gouvernementaux-en-galicien\/#primaryimage\"},\"thumbnailUrl\":\"https:\/\/talkpal.ai\/wp-content\/uploads\/2025\/12\/trio-uses-laptops-to-learn-languages.webp\",\"datePublished\":\"2024-06-07T20:03:20+00:00\",\"description\":\"La langue galicienne, ou galego, est une langue romane parl\u00e9e principalement dans la r\u00e9gion de la Galice, au nord-ouest de l'Espagne. Comme toute langue,\",\"breadcrumb\":{\"@id\":\"https:\/\/talkpal.ai\/fr\/vocabulary\/termes-politiques-et-gouvernementaux-en-galicien\/#breadcrumb\"},\"inLanguage\":\"fr-FR\",\"potentialAction\":[{\"@type\":\"ReadAction\",\"target\":[\"https:\/\/talkpal.ai\/fr\/vocabulary\/termes-politiques-et-gouvernementaux-en-galicien\/\"]}]},{\"@type\":\"ImageObject\",\"inLanguage\":\"fr-FR\",\"@id\":\"https:\/\/talkpal.ai\/fr\/vocabulary\/termes-politiques-et-gouvernementaux-en-galicien\/#primaryimage\",\"url\":\"https:\/\/talkpal.ai\/wp-content\/uploads\/2025\/12\/trio-uses-laptops-to-learn-languages.webp\",\"contentUrl\":\"https:\/\/talkpal.ai\/wp-content\/uploads\/2025\/12\/trio-uses-laptops-to-learn-languages.webp\",\"width\":1200,\"height\":896,\"caption\":\"Three students use individual laptops and books for learning languages at a shared desk.\"},{\"@type\":\"BreadcrumbList\",\"@id\":\"https:\/\/talkpal.ai\/fr\/vocabulary\/termes-politiques-et-gouvernementaux-en-galicien\/#breadcrumb\",\"itemListElement\":[{\"@type\":\"ListItem\",\"position\":1,\"name\":\"Homepage\",\"item\":\"https:\/\/talkpal.ai\/fr\/\"},{\"@type\":\"ListItem\",\"position\":2,\"name\":\"Termes politiques et gouvernementaux en galicien\"}]},{\"@type\":\"WebSite\",\"@id\":\"https:\/\/talkpal.ai\/fr\/#website\",\"url\":\"https:\/\/talkpal.ai\/fr\/\",\"name\":\"Talkpal\",\"description\":\"AI Language Learning\",\"publisher\":{\"@id\":\"https:\/\/talkpal.ai\/fr\/#organization\"},\"alternateName\":\"Talkpal AI\",\"potentialAction\":[{\"@type\":\"SearchAction\",\"target\":{\"@type\":\"EntryPoint\",\"urlTemplate\":\"https:\/\/talkpal.ai\/fr\/?s={search_term_string}\"},\"query-input\":{\"@type\":\"PropertyValueSpecification\",\"valueRequired\":true,\"valueName\":\"search_term_string\"}}],\"inLanguage\":\"fr-FR\"},{\"@type\":\"Organization\",\"@id\":\"https:\/\/talkpal.ai\/fr\/#organization\",\"name\":\"Talkpal, Inc.\",\"alternateName\":\"Talkpal AI\",\"url\":\"https:\/\/talkpal.ai\/fr\/\",\"logo\":{\"@type\":\"ImageObject\",\"inLanguage\":\"fr-FR\",\"@id\":\"https:\/\/talkpal.ai\/fr\/#\/schema\/logo\/image\/\",\"url\":\"https:\/\/talkpal.ai\/wp-content\/uploads\/2024\/03\/Talkpal-Logo-Icon.png\",\"contentUrl\":\"https:\/\/talkpal.ai\/wp-content\/uploads\/2024\/03\/Talkpal-Logo-Icon.png\",\"width\":2880,\"height\":2880,\"caption\":\"Talkpal, Inc.\"},\"image\":{\"@id\":\"https:\/\/talkpal.ai\/fr\/#\/schema\/logo\/image\/\"},\"sameAs\":[\"https:\/\/www.facebook.com\/profile.php?id=100090733639311\",\"https:\/\/x.com\/talkpalai\",\"https:\/\/www.linkedin.com\/company\/talkpal\/\",\"https:\/\/www.youtube.com\/@TalkPal\/\",\"https:\/\/www.tiktok.com\/@talkpal\",\"https:\/\/www.instagram.com\/talkpal_ai\/\",\"https:\/\/www.crunchbase.com\/organization\/talkpal-9cde\",\"https:\/\/www.g2.com\/products\/talkpal-for-business\/\",\"https:\/\/www.trustpilot.com\/review\/talkpal.ai\",\"https:\/\/www.capterra.com\/p\/10006800\/TalkPal\/\"],\"description\":\"Talkpal is a language learning web and mobile education app, powered by the latest AI technologies, that provides engaging experiences to its customers in many different languages to help them improve their language skills. Users can chat about unlimited amount of topics with the app and use other modes to practice their language learning.\",\"email\":\"support@talkpal.ai\",\"legalName\":\"Talkpal, Inc.\",\"foundingDate\":\"2023-04-03\",\"duns\":\"118989042\",\"numberOfEmployees\":{\"@type\":\"QuantitativeValue\",\"minValue\":\"11\",\"maxValue\":\"50\"},\"publishingPrinciples\":\"https:\/\/talkpal.ai\/publishing-principles\/\",\"actionableFeedbackPolicy\":\"https:\/\/talkpal.ai\/actionable-feedback-policy\/\",\"correctionsPolicy\":\"https:\/\/talkpal.ai\/corrections-policy\/\",\"ethicsPolicy\":\"https:\/\/talkpal.ai\/ethics-policy\/\",\"diversityPolicy\":\"https:\/\/talkpal.ai\/diversity-policy\/\",\"diversityStaffingReport\":\"https:\/\/talkpal.ai\/diversity-policy\/\"}]}<\/script>\n<!-- \/ Yoast SEO Premium plugin. -->","yoast_head_json":{"title":"Termes politiques et gouvernementaux en galicien - Talkpal","description":"La langue galicienne, ou galego, est une langue romane parl\u00e9e principalement dans la r\u00e9gion de la Galice, au nord-ouest de l'Espagne. Comme toute langue,","robots":{"index":"index","follow":"follow","max-snippet":"max-snippet:-1","max-image-preview":"max-image-preview:large","max-video-preview":"max-video-preview:-1"},"canonical":"https:\/\/talkpal.ai\/fr\/vocabulary\/termes-politiques-et-gouvernementaux-en-galicien\/","og_locale":"fr_FR","og_type":"article","og_title":"Termes politiques et gouvernementaux en galicien","og_description":"La langue galicienne, ou galego, est une langue romane parl\u00e9e principalement dans la r\u00e9gion de la Galice, au nord-ouest de l'Espagne. Comme toute langue,","og_url":"https:\/\/talkpal.ai\/fr\/vocabulary\/termes-politiques-et-gouvernementaux-en-galicien\/","og_site_name":"Talkpal","article_publisher":"https:\/\/www.facebook.com\/profile.php?id=100090733639311","og_image":[{"width":1024,"height":1024,"url":"https:\/\/talkpal.ai\/wp-content\/uploads\/2024\/10\/talkpal_flat_illustration_of_a_employees_working_together_happi_c674ff77-e477-4e09-835a-01d30e561e99.png","type":"image\/png"}],"twitter_card":"summary_large_image","twitter_site":"@talkpalai","twitter_misc":{"Dur\u00e9e de lecture estim\u00e9e":"7 minutes"},"schema":{"@context":"https:\/\/schema.org","@graph":[{"@type":"WebPage","@id":"https:\/\/talkpal.ai\/fr\/vocabulary\/termes-politiques-et-gouvernementaux-en-galicien\/","url":"https:\/\/talkpal.ai\/fr\/vocabulary\/termes-politiques-et-gouvernementaux-en-galicien\/","name":"Termes politiques et gouvernementaux en galicien - Talkpal","isPartOf":{"@id":"https:\/\/talkpal.ai\/fr\/#website"},"primaryImageOfPage":{"@id":"https:\/\/talkpal.ai\/fr\/vocabulary\/termes-politiques-et-gouvernementaux-en-galicien\/#primaryimage"},"image":{"@id":"https:\/\/talkpal.ai\/fr\/vocabulary\/termes-politiques-et-gouvernementaux-en-galicien\/#primaryimage"},"thumbnailUrl":"https:\/\/talkpal.ai\/wp-content\/uploads\/2025\/12\/trio-uses-laptops-to-learn-languages.webp","datePublished":"2024-06-07T20:03:20+00:00","description":"La langue galicienne, ou galego, est une langue romane parl\u00e9e principalement dans la r\u00e9gion de la Galice, au nord-ouest de l'Espagne. Comme toute langue,","breadcrumb":{"@id":"https:\/\/talkpal.ai\/fr\/vocabulary\/termes-politiques-et-gouvernementaux-en-galicien\/#breadcrumb"},"inLanguage":"fr-FR","potentialAction":[{"@type":"ReadAction","target":["https:\/\/talkpal.ai\/fr\/vocabulary\/termes-politiques-et-gouvernementaux-en-galicien\/"]}]},{"@type":"ImageObject","inLanguage":"fr-FR","@id":"https:\/\/talkpal.ai\/fr\/vocabulary\/termes-politiques-et-gouvernementaux-en-galicien\/#primaryimage","url":"https:\/\/talkpal.ai\/wp-content\/uploads\/2025\/12\/trio-uses-laptops-to-learn-languages.webp","contentUrl":"https:\/\/talkpal.ai\/wp-content\/uploads\/2025\/12\/trio-uses-laptops-to-learn-languages.webp","width":1200,"height":896,"caption":"Three students use individual laptops and books for learning languages at a shared desk."},{"@type":"BreadcrumbList","@id":"https:\/\/talkpal.ai\/fr\/vocabulary\/termes-politiques-et-gouvernementaux-en-galicien\/#breadcrumb","itemListElement":[{"@type":"ListItem","position":1,"name":"Homepage","item":"https:\/\/talkpal.ai\/fr\/"},{"@type":"ListItem","position":2,"name":"Termes politiques et gouvernementaux en galicien"}]},{"@type":"WebSite","@id":"https:\/\/talkpal.ai\/fr\/#website","url":"https:\/\/talkpal.ai\/fr\/","name":"Talkpal","description":"AI Language Learning","publisher":{"@id":"https:\/\/talkpal.ai\/fr\/#organization"},"alternateName":"Talkpal AI","potentialAction":[{"@type":"SearchAction","target":{"@type":"EntryPoint","urlTemplate":"https:\/\/talkpal.ai\/fr\/?s={search_term_string}"},"query-input":{"@type":"PropertyValueSpecification","valueRequired":true,"valueName":"search_term_string"}}],"inLanguage":"fr-FR"},{"@type":"Organization","@id":"https:\/\/talkpal.ai\/fr\/#organization","name":"Talkpal, Inc.","alternateName":"Talkpal AI","url":"https:\/\/talkpal.ai\/fr\/","logo":{"@type":"ImageObject","inLanguage":"fr-FR","@id":"https:\/\/talkpal.ai\/fr\/#\/schema\/logo\/image\/","url":"https:\/\/talkpal.ai\/wp-content\/uploads\/2024\/03\/Talkpal-Logo-Icon.png","contentUrl":"https:\/\/talkpal.ai\/wp-content\/uploads\/2024\/03\/Talkpal-Logo-Icon.png","width":2880,"height":2880,"caption":"Talkpal, Inc."},"image":{"@id":"https:\/\/talkpal.ai\/fr\/#\/schema\/logo\/image\/"},"sameAs":["https:\/\/www.facebook.com\/profile.php?id=100090733639311","https:\/\/x.com\/talkpalai","https:\/\/www.linkedin.com\/company\/talkpal\/","https:\/\/www.youtube.com\/@TalkPal\/","https:\/\/www.tiktok.com\/@talkpal","https:\/\/www.instagram.com\/talkpal_ai\/","https:\/\/www.crunchbase.com\/organization\/talkpal-9cde","https:\/\/www.g2.com\/products\/talkpal-for-business\/","https:\/\/www.trustpilot.com\/review\/talkpal.ai","https:\/\/www.capterra.com\/p\/10006800\/TalkPal\/"],"description":"Talkpal is a language learning web and mobile education app, powered by the latest AI technologies, that provides engaging experiences to its customers in many different languages to help them improve their language skills. Users can chat about unlimited amount of topics with the app and use other modes to practice their language learning.","email":"support@talkpal.ai","legalName":"Talkpal, Inc.","foundingDate":"2023-04-03","duns":"118989042","numberOfEmployees":{"@type":"QuantitativeValue","minValue":"11","maxValue":"50"},"publishingPrinciples":"https:\/\/talkpal.ai\/publishing-principles\/","actionableFeedbackPolicy":"https:\/\/talkpal.ai\/actionable-feedback-policy\/","correctionsPolicy":"https:\/\/talkpal.ai\/corrections-policy\/","ethicsPolicy":"https:\/\/talkpal.ai\/ethics-policy\/","diversityPolicy":"https:\/\/talkpal.ai\/diversity-policy\/","diversityStaffingReport":"https:\/\/talkpal.ai\/diversity-policy\/"}]}},"_links":{"self":[{"href":"https:\/\/talkpal.ai\/fr\/wp-json\/wp\/v2\/vocabulary\/698279","targetHints":{"allow":["GET"]}}],"collection":[{"href":"https:\/\/talkpal.ai\/fr\/wp-json\/wp\/v2\/vocabulary"}],"about":[{"href":"https:\/\/talkpal.ai\/fr\/wp-json\/wp\/v2\/types\/vocabulary"}],"wp:featuredmedia":[{"embeddable":true,"href":"https:\/\/talkpal.ai\/fr\/wp-json\/wp\/v2\/media\/1528061"}],"wp:attachment":[{"href":"https:\/\/talkpal.ai\/fr\/wp-json\/wp\/v2\/media?parent=698279"}],"wp:term":[{"taxonomy":"vocabulary_language","embeddable":true,"href":"https:\/\/talkpal.ai\/fr\/wp-json\/wp\/v2\/vocabulary_language?post=698279"}],"curies":[{"name":"wp","href":"https:\/\/api.w.org\/{rel}","templated":true}]}}