{"id":697923,"date":"2024-06-07T19:33:55","date_gmt":"2024-06-07T19:33:55","guid":{"rendered":"https:\/\/talkpal.ai\/vocabulary\/vocabulaire-bosniaque-specifique-aux-jours-feries-et-celebrations\/"},"modified":"2024-06-07T19:33:55","modified_gmt":"2024-06-07T19:33:55","slug":"vocabulaire-bosniaque-specifique-aux-jours-feries-et-celebrations","status":"publish","type":"vocabulary","link":"https:\/\/talkpal.ai\/fr\/vocabulary\/vocabulaire-bosniaque-specifique-aux-jours-feries-et-celebrations\/","title":{"rendered":"Vocabulaire bosniaque sp\u00e9cifique aux jours f\u00e9ri\u00e9s et c\u00e9l\u00e9brations"},"content":{"rendered":"<p>Les jours f\u00e9ri\u00e9s et les c\u00e9l\u00e9brations offrent une excellente opportunit\u00e9 d&rsquo;apprendre du vocabulaire sp\u00e9cifique dans une <a href=\"https:\/\/talkpal.ai\/fr\/la-meilleure-facon-de-commencer-a-parler-une-nouvelle-langue\/\">nouvelle langue<\/a>. En Bosnie, comme dans beaucoup d&rsquo;autres cultures, les festivit\u00e9s et les jours de f\u00eate sont marqu\u00e9s par des traditions uniques et des mots sp\u00e9cifiques. Dans cet article, nous explorerons le vocabulaire <a href=\"https:\/\/talkpal.ai\/learn-bosnian\/\">bosniaque<\/a> li\u00e9 aux jours f\u00e9ri\u00e9s et aux c\u00e9l\u00e9brations pour aider les apprenants de <a href=\"https:\/\/talkpal.ai\/learn-french\/\">fran\u00e7ais<\/a> \u00e0 enrichir leur lexique.<\/p>\n<h2>Les jours f\u00e9ri\u00e9s en Bosnie<\/h2>\n<h3>Nouvel An (Nova godina)<\/h3>\n<p><b>Nova godina<\/b> &#8211; Le Nouvel An est c\u00e9l\u00e9br\u00e9 le 1er janvier en Bosnie, tout comme dans de nombreux autres pays. C&rsquo;est une p\u00e9riode de c\u00e9l\u00e9bration avec des feux d&rsquo;artifice, des f\u00eates et des r\u00e9solutions pour la nouvelle ann\u00e9e.<\/p>\n<p><font color=\"#2D3AC7\">Sretna <a href=\"https:\/\/talkpal.ai\/talkpal-new-years-discount\/\">nova godina<\/a>! (Bonne ann\u00e9e!)<\/font><\/p>\n<p><b>Vatromet<\/b> &#8211; Feu d&rsquo;artifice. Les feux d&rsquo;artifice sont couramment utilis\u00e9s pour c\u00e9l\u00e9brer le Nouvel An.<\/p>\n<p><font color=\"#2D3AC7\">Gledali smo vatromet u pono\u0107. (Nous avons regard\u00e9 les feux d&rsquo;artifice \u00e0 minuit.)<\/font><\/p>\n<p><b>Odbrojavanje<\/b> &#8211; Compte \u00e0 rebours. Le compte \u00e0 rebours jusqu&rsquo;\u00e0 minuit est une tradition populaire pour le Nouvel An.<\/p>\n<p><font color=\"#2D3AC7\">Odbrojavanje je po\u010delo! (Le compte \u00e0 rebours a commenc\u00e9!)<\/font><\/p>\n<h3>Jour de l&rsquo;ind\u00e9pendance (Dan nezavisnosti)<\/h3>\n<p><b>Dan nezavisnosti<\/b> &#8211; Le Jour de l&rsquo;ind\u00e9pendance est c\u00e9l\u00e9br\u00e9 le 1er mars en Bosnie-Herz\u00e9govine. Ce jour marque l&rsquo;ind\u00e9pendance du pays de l&rsquo;ex-Yougoslavie en 1992.<\/p>\n<p><font color=\"#2D3AC7\">Sretan Dan nezavisnosti! (Joyeux Jour de l&rsquo;ind\u00e9pendance!)<\/font><\/p>\n<p><b>Zastava<\/b> &#8211; Drapeau. Le drapeau de la Bosnie-Herz\u00e9govine est souvent arbor\u00e9 lors des c\u00e9l\u00e9brations de l&rsquo;ind\u00e9pendance.<\/p>\n<p><font color=\"#2D3AC7\">Podigli smo zastavu u \u010dast Dana nezavisnosti. (Nous avons hiss\u00e9 le drapeau en l&rsquo;honneur du Jour de l&rsquo;ind\u00e9pendance.)<\/font><\/p>\n<p><b>Parada<\/b> &#8211; Parade. Les parades sont courantes lors des c\u00e9l\u00e9brations du Jour de l&rsquo;ind\u00e9pendance.<\/p>\n<p><font color=\"#2D3AC7\">Gledali smo paradu u centru grada. (Nous avons regard\u00e9 la parade dans le centre-ville.)<\/font><\/p>\n<h3>F\u00eate du Travail (Praznik rada)<\/h3>\n<p><b>Praznik rada<\/b> &#8211; La F\u00eate du Travail, c\u00e9l\u00e9br\u00e9e le 1er mai, est un jour f\u00e9ri\u00e9 en Bosnie, comme dans de nombreux autres pays. C&rsquo;est un jour pour c\u00e9l\u00e9brer les travailleurs et leurs contributions.<\/p>\n<p><font color=\"#2D3AC7\">Sretan Praznik rada! (Joyeuse F\u00eate du Travail!)<\/font><\/p>\n<p><b>Radnik<\/b> &#8211; Travailleur. Ce mot est souvent utilis\u00e9 lors des c\u00e9l\u00e9brations de la F\u00eate du Travail.<\/p>\n<p><font color=\"#2D3AC7\">Svaki radnik zaslu\u017euje odmor na Praznik rada. (Chaque travailleur m\u00e9rite un jour de repos pour la F\u00eate du Travail.)<\/font><\/p>\n<p><b>Piknik<\/b> &#8211; Pique-nique. Les pique-niques sont une activit\u00e9 populaire pour c\u00e9l\u00e9brer la F\u00eate du Travail.<\/p>\n<p><font color=\"#2D3AC7\">I\u0161li smo na piknik sa porodicom. (Nous sommes all\u00e9s en pique-nique avec la famille.)<\/font><\/p>\n<h2>Les c\u00e9l\u00e9brations religieuses<\/h2>\n<h3>No\u00ebl (Bo\u017ei\u0107)<\/h3>\n<p><b>Bo\u017ei\u0107<\/b> &#8211; <a href=\"https:\/\/talkpal.ai\/talkpal-christmas-discount\/\">No\u00ebl<\/a> est une f\u00eate importante en Bosnie, c\u00e9l\u00e9br\u00e9e par les chr\u00e9tiens le 25 d\u00e9cembre. Les traditions incluent la messe de minuit, les repas en famille et l&rsquo;\u00e9change de cadeaux.<\/p>\n<p><font color=\"#2D3AC7\">Sretan <a href=\"https:\/\/talkpal.ai\/talkpal-christmas-discount\/\">Bo\u017ei\u0107<\/a>! (Joyeux No\u00ebl!)<\/font><\/p>\n<p><b>Bor<\/b> &#8211; Sapin. L&rsquo;arbre de No\u00ebl est une d\u00e9coration courante pendant les f\u00eates.<\/p>\n<p><font color=\"#2D3AC7\">Ukra\u0161avamo <a href=\"https:\/\/talkpal.ai\/locations\/language-courses-in-bor\/\">bor<\/a> za Bo\u017ei\u0107. (Nous d\u00e9corons le sapin pour No\u00ebl.)<\/font><\/p>\n<p><b>Poklon<\/b> &#8211; Cadeau. Les cadeaux sont \u00e9chang\u00e9s lors de la c\u00e9l\u00e9bration de No\u00ebl.<\/p>\n<p><font color=\"#2D3AC7\">Djeca su jedva \u010dekala da otvore poklone. (Les enfants avaient h\u00e2te d&rsquo;ouvrir les cadeaux.)<\/font><\/p>\n<h3>P\u00e2ques (Uskrs)<\/h3>\n<p><b>Uskrs<\/b> &#8211; <a href=\"https:\/\/talkpal.ai\/talkpal-easter-discount\/\">P\u00e2ques<\/a> est une autre f\u00eate chr\u00e9tienne importante en Bosnie, c\u00e9l\u00e9br\u00e9e par les catholiques et les orthodoxes. Les traditions incluent la messe, les repas en famille et la d\u00e9coration des \u0153ufs.<\/p>\n<p><font color=\"#2D3AC7\">Sretan Uskrs! (Joyeuses P\u00e2ques!)<\/font><\/p>\n<p><b>Jaje<\/b> &#8211; \u0152uf. Les \u0153ufs sont souvent d\u00e9cor\u00e9s pour P\u00e2ques.<\/p>\n<p><font color=\"#2D3AC7\">Bojali smo jaja za Uskrs. (Nous avons peint des \u0153ufs pour P\u00e2ques.)<\/font><\/p>\n<p><b>Zeko<\/b> &#8211; Lapin. Le lapin de P\u00e2ques est une figure populaire associ\u00e9e \u00e0 cette f\u00eate.<\/p>\n<p><font color=\"#2D3AC7\">Djeca su tra\u017eila jaja koja je sakrio zeko. (Les enfants cherchaient les \u0153ufs cach\u00e9s par le lapin.)<\/font><\/p>\n<h3>A\u00efd (Bajram)<\/h3>\n<p><b>Bajram<\/b> &#8211; L&rsquo;A\u00efd est une f\u00eate musulmane c\u00e9l\u00e9br\u00e9e deux fois par an : A\u00efd el-Fitr, marquant la fin du Ramadan, et A\u00efd el-Adha, marquant la fin du Hajj. Ces f\u00eates sont marqu\u00e9es par des pri\u00e8res, des repas en famille et des actes de charit\u00e9.<\/p>\n<p><font color=\"#2D3AC7\">Bajram \u0161erif mubarek olsun! (Que votre A\u00efd soit b\u00e9ni!)<\/font><\/p>\n<p><b>Namaz<\/b> &#8211; Pri\u00e8re. Les pri\u00e8res sp\u00e9ciales sont une part importante de la c\u00e9l\u00e9bration de l&rsquo;A\u00efd.<\/p>\n<p><font color=\"#2D3AC7\">I\u0161li smo na namaz u d\u017eamiju. (Nous sommes all\u00e9s \u00e0 la pri\u00e8re \u00e0 la mosqu\u00e9e.)<\/font><\/p>\n<p><b>Kurban<\/b> &#8211; Sacrifice. Lors de l&rsquo;A\u00efd el-Adha, il est traditionnel de sacrifier un animal et de partager la viande avec les n\u00e9cessiteux.<\/p>\n<p><font color=\"#2D3AC7\">Obitelj je pripremala kurban za Bajram. (La famille pr\u00e9parait le sacrifice pour l&rsquo;A\u00efd.)<\/font><\/p>\n<h2>Les c\u00e9l\u00e9brations culturelles<\/h2>\n<h3>Saint-Valentin (Dan zaljubljenih)<\/h3>\n<p><b>Dan zaljubljenih<\/b> &#8211; La Saint-Valentin, c\u00e9l\u00e9br\u00e9e le 14 f\u00e9vrier, est un jour pour exprimer son amour et son affection. Les couples \u00e9changent souvent des cadeaux, des cartes et des fleurs.<\/p>\n<p><font color=\"#2D3AC7\">Sretan Dan zaljubljenih! (Joyeuse Saint-Valentin!)<\/font><\/p>\n<p><b>\u010cestitka<\/b> &#8211; Carte. Les cartes de Saint-Valentin sont couramment \u00e9chang\u00e9es entre les amoureux.<\/p>\n<p><font color=\"#2D3AC7\">Poslao sam \u010destitku svojoj djevojci. (J&rsquo;ai envoy\u00e9 une carte \u00e0 ma petite amie.)<\/font><\/p>\n<p><b>Ru\u017ea<\/b> &#8211; Rose. Les roses sont un cadeau populaire pour la Saint-Valentin.<\/p>\n<p><font color=\"#2D3AC7\">Kupio sam crvene ru\u017ee za Dan zaljubljenih. (J&rsquo;ai achet\u00e9 des roses rouges pour la Saint-Valentin.)<\/font><\/p>\n<h3>F\u00eate des M\u00e8res (Maj\u010din dan)<\/h3>\n<p><b>Maj\u010din dan<\/b> &#8211; La F\u00eate des M\u00e8res est c\u00e9l\u00e9br\u00e9e pour honorer les m\u00e8res et leur r\u00f4le dans la famille. En Bosnie, elle est c\u00e9l\u00e9br\u00e9e le deuxi\u00e8me dimanche de mai.<\/p>\n<p><font color=\"#2D3AC7\">Sretan Maj\u010din dan! (Joyeuse F\u00eate des M\u00e8res!)<\/font><\/p>\n<p><b>Majka<\/b> &#8211; M\u00e8re. Ce mot est au c\u0153ur de la c\u00e9l\u00e9bration de la F\u00eate des M\u00e8res.<\/p>\n<p><font color=\"#2D3AC7\">Volim svoju majku. (J&rsquo;aime ma m\u00e8re.)<\/font><\/p>\n<p><b>Poklon<\/b> &#8211; Cadeau. Les enfants offrent souvent des cadeaux \u00e0 leur m\u00e8re pour cette occasion.<\/p>\n<p><font color=\"#2D3AC7\">Kupili smo poklon za na\u0161u majku. (Nous avons achet\u00e9 un cadeau pour notre m\u00e8re.)<\/font><\/p>\n<h3>F\u00eate des P\u00e8res (O\u010dev dan)<\/h3>\n<p><b>O\u010dev dan<\/b> &#8211; La F\u00eate des P\u00e8res est c\u00e9l\u00e9br\u00e9e pour honorer les p\u00e8res et leur r\u00f4le dans la famille. En Bosnie, elle est c\u00e9l\u00e9br\u00e9e le troisi\u00e8me dimanche de juin.<\/p>\n<p><font color=\"#2D3AC7\">Sretan O\u010dev dan! (Joyeuse F\u00eate des P\u00e8res!)<\/font><\/p>\n<p><b>Otac<\/b> &#8211; P\u00e8re. Ce mot est au c\u0153ur de la c\u00e9l\u00e9bration de la F\u00eate des P\u00e8res.<\/p>\n<p><font color=\"#2D3AC7\">Moj otac je najbolji. (Mon p\u00e8re est le meilleur.)<\/font><\/p>\n<p><b>Poklon<\/b> &#8211; Cadeau. Les enfants offrent souvent des cadeaux \u00e0 leur p\u00e8re pour cette occasion.<\/p>\n<p><font color=\"#2D3AC7\">Napravili smo poklon za na\u0161eg oca. (Nous avons fabriqu\u00e9 un cadeau pour notre p\u00e8re.)<\/font><\/p>\n<h2>Les f\u00eates locales et \u00e9v\u00e9nements sp\u00e9ciaux<\/h2>\n<h3>Carnaval (Karneval)<\/h3>\n<p><b>Karneval<\/b> &#8211; Le Carnaval est une p\u00e9riode de festivit\u00e9s avant le Car\u00eame, marqu\u00e9e par des d\u00e9fil\u00e9s, des costumes et des danses. En Bosnie, certaines villes organisent des carnavals color\u00e9s et anim\u00e9s.<\/p>\n<p><font color=\"#2D3AC7\">U\u010destvovali smo u karnevalu u Mostaru. (Nous avons particip\u00e9 au carnaval de Mostar.)<\/font><\/p>\n<p><b>Kostim<\/b> &#8211; Costume. Les costumes sont un \u00e9l\u00e9ment essentiel du Carnaval.<\/p>\n<p><font color=\"#2D3AC7\">Djeca su nosila \u0161arene kostime. (Les enfants portaient des costumes color\u00e9s.)<\/font><\/p>\n<p><b>Maska<\/b> &#8211; Masque. Les masques sont souvent port\u00e9s pendant le Carnaval.<\/p>\n<p><font color=\"#2D3AC7\">Izabrali smo maske za karnevalsku povorku. (Nous avons choisi des masques pour le d\u00e9fil\u00e9 du carnaval.)<\/font><\/p>\n<h3>F\u00eate de la Saint-Jean (Ivanjdan)<\/h3>\n<p><b>Ivanjdan<\/b> &#8211; La f\u00eate de la Saint-Jean, c\u00e9l\u00e9br\u00e9e le 24 juin, est un jour important pour certaines communaut\u00e9s en Bosnie. Elle est marqu\u00e9e par des feux de joie et des danses folkloriques.<\/p>\n<p><font color=\"#2D3AC7\">Proslavili smo Ivanjdan uz vatru i ples. (Nous avons c\u00e9l\u00e9br\u00e9 la Saint-Jean avec un feu et de la danse.)<\/font><\/p>\n<p><b>Vatra<\/b> &#8211; Feu. Les feux de joie sont une tradition courante pour la f\u00eate de la Saint-Jean.<\/p>\n<p><font color=\"#2D3AC7\">Palili smo veliku vatru za Ivanjdan. (Nous avons allum\u00e9 un grand feu pour la Saint-Jean.)<\/font><\/p>\n<p><b>Folklor<\/b> &#8211; Folklore. Les danses folkloriques sont souvent ex\u00e9cut\u00e9es lors de cette f\u00eate.<\/p>\n<p><font color=\"#2D3AC7\">Folklorni ansambl je izveo tradicionalne plesove. (Le groupe folklorique a ex\u00e9cut\u00e9 des danses traditionnelles.)<\/font><\/p>\n<h3>F\u00eate de la Musique (Dan muzike)<\/h3>\n<p><b>Dan muzike<\/b> &#8211; La F\u00eate de la Musique, c\u00e9l\u00e9br\u00e9e le 21 juin, est une journ\u00e9e o\u00f9 les musiciens de tous genres se produisent dans les rues et les lieux publics. En Bosnie, cette f\u00eate est de plus en plus populaire.<\/p>\n<p><font color=\"#2D3AC7\">U\u017eivali smo u koncertima na Dan muzike. (Nous avons appr\u00e9ci\u00e9 les concerts pour la F\u00eate de la Musique.)<\/font><\/p>\n<p><b>Koncert<\/b> &#8211; Concert. Les concerts sont une partie int\u00e9grante de la F\u00eate de la Musique.<\/p>\n<p><font color=\"#2D3AC7\">Prisustvovali smo koncertu na otvorenom. (Nous avons assist\u00e9 \u00e0 un concert en plein air.)<\/font><\/p>\n<p><b>Ulica<\/b> &#8211; Rue. Les performances de rue sont courantes lors de la F\u00eate de la Musique.<\/p>\n<p><font color=\"#2D3AC7\">Muzi\u010dari su svirali u ulicama grada. (Les musiciens jouaient dans les rues de la ville.)<\/font><\/p>\n<h2>Conclusion<\/h2>\n<p>Apprendre le vocabulaire sp\u00e9cifique aux jours f\u00e9ri\u00e9s et c\u00e9l\u00e9brations en Bosnie permet non seulement d&rsquo;enrichir son lexique, mais aussi de mieux comprendre et appr\u00e9cier les traditions culturelles du pays. Que ce soit pour des f\u00eates nationales, religieuses ou culturelles, chaque mot porte en lui une part de l&rsquo;histoire et des coutumes bosniaques. En utilisant ce vocabulaire dans des phrases et des contextes r\u00e9els, les apprenants peuvent am\u00e9liorer leur ma\u00eetrise de la langue de mani\u00e8re significative. Alors, la prochaine fois que vous c\u00e9l\u00e9brez une f\u00eate, essayez d&rsquo;utiliser ces mots bosniaques pour rendre l&rsquo;exp\u00e9rience encore plus enrichissante!<\/p>\n","protected":false},"featured_media":1527975,"template":"","vocabulary_language":[3842],"class_list":["post-697923","vocabulary","type-vocabulary","status-publish","has-post-thumbnail","hentry","vocabulary_language-bosniaque"],"acf":[],"yoast_head":"<!-- This site is optimized with the Yoast SEO Premium plugin v27.2 (Yoast SEO v27.2) - https:\/\/yoast.com\/product\/yoast-seo-premium-wordpress\/ -->\n<title>Vocabulaire bosniaque sp\u00e9cifique aux jours f\u00e9ri\u00e9s et c\u00e9l\u00e9brations - Talkpal<\/title>\n<meta name=\"description\" content=\"Les jours f\u00e9ri\u00e9s et les c\u00e9l\u00e9brations offrent une excellente opportunit\u00e9 d&#039;apprendre du vocabulaire sp\u00e9cifique dans une nouvelle langue. En Bosnie, comme\" \/>\n<meta name=\"robots\" content=\"index, follow, max-snippet:-1, max-image-preview:large, max-video-preview:-1\" \/>\n<link rel=\"canonical\" href=\"https:\/\/talkpal.ai\/fr\/vocabulary\/vocabulaire-bosniaque-specifique-aux-jours-feries-et-celebrations\/\" \/>\n<meta property=\"og:locale\" content=\"fr_FR\" \/>\n<meta property=\"og:type\" content=\"article\" \/>\n<meta property=\"og:title\" content=\"Vocabulaire bosniaque sp\u00e9cifique aux jours f\u00e9ri\u00e9s et c\u00e9l\u00e9brations\" \/>\n<meta property=\"og:description\" content=\"Les jours f\u00e9ri\u00e9s et les c\u00e9l\u00e9brations offrent une excellente opportunit\u00e9 d&#039;apprendre du vocabulaire sp\u00e9cifique dans une nouvelle langue. En Bosnie, comme\" \/>\n<meta property=\"og:url\" content=\"https:\/\/talkpal.ai\/fr\/vocabulary\/vocabulaire-bosniaque-specifique-aux-jours-feries-et-celebrations\/\" \/>\n<meta property=\"og:site_name\" content=\"Talkpal\" \/>\n<meta property=\"article:publisher\" content=\"https:\/\/www.facebook.com\/profile.php?id=100090733639311\" \/>\n<meta property=\"og:image\" content=\"https:\/\/talkpal.ai\/wp-content\/uploads\/2024\/10\/talkpal_flat_illustration_of_a_employees_working_together_happi_c674ff77-e477-4e09-835a-01d30e561e99.png\" \/>\n\t<meta property=\"og:image:width\" content=\"1024\" \/>\n\t<meta property=\"og:image:height\" content=\"1024\" \/>\n\t<meta property=\"og:image:type\" content=\"image\/png\" \/>\n<meta name=\"twitter:card\" content=\"summary_large_image\" \/>\n<meta name=\"twitter:site\" content=\"@talkpalai\" \/>\n<meta name=\"twitter:label1\" content=\"Dur\u00e9e de lecture estim\u00e9e\" \/>\n\t<meta name=\"twitter:data1\" content=\"8 minutes\" \/>\n<script type=\"application\/ld+json\" class=\"yoast-schema-graph\">{\"@context\":\"https:\/\/schema.org\",\"@graph\":[{\"@type\":\"WebPage\",\"@id\":\"https:\/\/talkpal.ai\/fr\/vocabulary\/vocabulaire-bosniaque-specifique-aux-jours-feries-et-celebrations\/\",\"url\":\"https:\/\/talkpal.ai\/fr\/vocabulary\/vocabulaire-bosniaque-specifique-aux-jours-feries-et-celebrations\/\",\"name\":\"Vocabulaire bosniaque sp\u00e9cifique aux jours f\u00e9ri\u00e9s et c\u00e9l\u00e9brations - Talkpal\",\"isPartOf\":{\"@id\":\"https:\/\/talkpal.ai\/fr\/#website\"},\"primaryImageOfPage\":{\"@id\":\"https:\/\/talkpal.ai\/fr\/vocabulary\/vocabulaire-bosniaque-specifique-aux-jours-feries-et-celebrations\/#primaryimage\"},\"image\":{\"@id\":\"https:\/\/talkpal.ai\/fr\/vocabulary\/vocabulaire-bosniaque-specifique-aux-jours-feries-et-celebrations\/#primaryimage\"},\"thumbnailUrl\":\"https:\/\/talkpal.ai\/wp-content\/uploads\/2025\/12\/students-study-in-cafe-to-learning-languages.webp\",\"datePublished\":\"2024-06-07T19:33:55+00:00\",\"description\":\"Les jours f\u00e9ri\u00e9s et les c\u00e9l\u00e9brations offrent une excellente opportunit\u00e9 d'apprendre du vocabulaire sp\u00e9cifique dans une nouvelle langue. En Bosnie, comme\",\"breadcrumb\":{\"@id\":\"https:\/\/talkpal.ai\/fr\/vocabulary\/vocabulaire-bosniaque-specifique-aux-jours-feries-et-celebrations\/#breadcrumb\"},\"inLanguage\":\"fr-FR\",\"potentialAction\":[{\"@type\":\"ReadAction\",\"target\":[\"https:\/\/talkpal.ai\/fr\/vocabulary\/vocabulaire-bosniaque-specifique-aux-jours-feries-et-celebrations\/\"]}]},{\"@type\":\"ImageObject\",\"inLanguage\":\"fr-FR\",\"@id\":\"https:\/\/talkpal.ai\/fr\/vocabulary\/vocabulaire-bosniaque-specifique-aux-jours-feries-et-celebrations\/#primaryimage\",\"url\":\"https:\/\/talkpal.ai\/wp-content\/uploads\/2025\/12\/students-study-in-cafe-to-learning-languages.webp\",\"contentUrl\":\"https:\/\/talkpal.ai\/wp-content\/uploads\/2025\/12\/students-study-in-cafe-to-learning-languages.webp\",\"width\":1200,\"height\":896,\"caption\":\"People sit at wooden tables in a modern cafe while learning languages together at dusk.\"},{\"@type\":\"BreadcrumbList\",\"@id\":\"https:\/\/talkpal.ai\/fr\/vocabulary\/vocabulaire-bosniaque-specifique-aux-jours-feries-et-celebrations\/#breadcrumb\",\"itemListElement\":[{\"@type\":\"ListItem\",\"position\":1,\"name\":\"Homepage\",\"item\":\"https:\/\/talkpal.ai\/fr\/\"},{\"@type\":\"ListItem\",\"position\":2,\"name\":\"Vocabulaire bosniaque sp\u00e9cifique aux jours f\u00e9ri\u00e9s et c\u00e9l\u00e9brations\"}]},{\"@type\":\"WebSite\",\"@id\":\"https:\/\/talkpal.ai\/fr\/#website\",\"url\":\"https:\/\/talkpal.ai\/fr\/\",\"name\":\"Talkpal\",\"description\":\"AI Language Learning\",\"publisher\":{\"@id\":\"https:\/\/talkpal.ai\/fr\/#organization\"},\"alternateName\":\"Talkpal AI\",\"potentialAction\":[{\"@type\":\"SearchAction\",\"target\":{\"@type\":\"EntryPoint\",\"urlTemplate\":\"https:\/\/talkpal.ai\/fr\/?s={search_term_string}\"},\"query-input\":{\"@type\":\"PropertyValueSpecification\",\"valueRequired\":true,\"valueName\":\"search_term_string\"}}],\"inLanguage\":\"fr-FR\"},{\"@type\":\"Organization\",\"@id\":\"https:\/\/talkpal.ai\/fr\/#organization\",\"name\":\"Talkpal, Inc.\",\"alternateName\":\"Talkpal AI\",\"url\":\"https:\/\/talkpal.ai\/fr\/\",\"logo\":{\"@type\":\"ImageObject\",\"inLanguage\":\"fr-FR\",\"@id\":\"https:\/\/talkpal.ai\/fr\/#\/schema\/logo\/image\/\",\"url\":\"https:\/\/talkpal.ai\/wp-content\/uploads\/2024\/03\/Talkpal-Logo-Icon.png\",\"contentUrl\":\"https:\/\/talkpal.ai\/wp-content\/uploads\/2024\/03\/Talkpal-Logo-Icon.png\",\"width\":2880,\"height\":2880,\"caption\":\"Talkpal, Inc.\"},\"image\":{\"@id\":\"https:\/\/talkpal.ai\/fr\/#\/schema\/logo\/image\/\"},\"sameAs\":[\"https:\/\/www.facebook.com\/profile.php?id=100090733639311\",\"https:\/\/x.com\/talkpalai\",\"https:\/\/www.linkedin.com\/company\/talkpal\/\",\"https:\/\/www.youtube.com\/@TalkPal\/\",\"https:\/\/www.tiktok.com\/@talkpal\",\"https:\/\/www.instagram.com\/talkpal_ai\/\",\"https:\/\/www.crunchbase.com\/organization\/talkpal-9cde\",\"https:\/\/www.g2.com\/products\/talkpal-for-business\/\",\"https:\/\/www.trustpilot.com\/review\/talkpal.ai\",\"https:\/\/www.capterra.com\/p\/10006800\/TalkPal\/\"],\"description\":\"Talkpal is a language learning web and mobile education app, powered by the latest AI technologies, that provides engaging experiences to its customers in many different languages to help them improve their language skills. Users can chat about unlimited amount of topics with the app and use other modes to practice their language learning.\",\"email\":\"support@talkpal.ai\",\"legalName\":\"Talkpal, Inc.\",\"foundingDate\":\"2023-04-03\",\"duns\":\"118989042\",\"numberOfEmployees\":{\"@type\":\"QuantitativeValue\",\"minValue\":\"11\",\"maxValue\":\"50\"},\"publishingPrinciples\":\"https:\/\/talkpal.ai\/publishing-principles\/\",\"actionableFeedbackPolicy\":\"https:\/\/talkpal.ai\/actionable-feedback-policy\/\",\"correctionsPolicy\":\"https:\/\/talkpal.ai\/corrections-policy\/\",\"ethicsPolicy\":\"https:\/\/talkpal.ai\/ethics-policy\/\",\"diversityPolicy\":\"https:\/\/talkpal.ai\/diversity-policy\/\",\"diversityStaffingReport\":\"https:\/\/talkpal.ai\/diversity-policy\/\"}]}<\/script>\n<!-- \/ Yoast SEO Premium plugin. -->","yoast_head_json":{"title":"Vocabulaire bosniaque sp\u00e9cifique aux jours f\u00e9ri\u00e9s et c\u00e9l\u00e9brations - Talkpal","description":"Les jours f\u00e9ri\u00e9s et les c\u00e9l\u00e9brations offrent une excellente opportunit\u00e9 d'apprendre du vocabulaire sp\u00e9cifique dans une nouvelle langue. En Bosnie, comme","robots":{"index":"index","follow":"follow","max-snippet":"max-snippet:-1","max-image-preview":"max-image-preview:large","max-video-preview":"max-video-preview:-1"},"canonical":"https:\/\/talkpal.ai\/fr\/vocabulary\/vocabulaire-bosniaque-specifique-aux-jours-feries-et-celebrations\/","og_locale":"fr_FR","og_type":"article","og_title":"Vocabulaire bosniaque sp\u00e9cifique aux jours f\u00e9ri\u00e9s et c\u00e9l\u00e9brations","og_description":"Les jours f\u00e9ri\u00e9s et les c\u00e9l\u00e9brations offrent une excellente opportunit\u00e9 d'apprendre du vocabulaire sp\u00e9cifique dans une nouvelle langue. En Bosnie, comme","og_url":"https:\/\/talkpal.ai\/fr\/vocabulary\/vocabulaire-bosniaque-specifique-aux-jours-feries-et-celebrations\/","og_site_name":"Talkpal","article_publisher":"https:\/\/www.facebook.com\/profile.php?id=100090733639311","og_image":[{"width":1024,"height":1024,"url":"https:\/\/talkpal.ai\/wp-content\/uploads\/2024\/10\/talkpal_flat_illustration_of_a_employees_working_together_happi_c674ff77-e477-4e09-835a-01d30e561e99.png","type":"image\/png"}],"twitter_card":"summary_large_image","twitter_site":"@talkpalai","twitter_misc":{"Dur\u00e9e de lecture estim\u00e9e":"8 minutes"},"schema":{"@context":"https:\/\/schema.org","@graph":[{"@type":"WebPage","@id":"https:\/\/talkpal.ai\/fr\/vocabulary\/vocabulaire-bosniaque-specifique-aux-jours-feries-et-celebrations\/","url":"https:\/\/talkpal.ai\/fr\/vocabulary\/vocabulaire-bosniaque-specifique-aux-jours-feries-et-celebrations\/","name":"Vocabulaire bosniaque sp\u00e9cifique aux jours f\u00e9ri\u00e9s et c\u00e9l\u00e9brations - Talkpal","isPartOf":{"@id":"https:\/\/talkpal.ai\/fr\/#website"},"primaryImageOfPage":{"@id":"https:\/\/talkpal.ai\/fr\/vocabulary\/vocabulaire-bosniaque-specifique-aux-jours-feries-et-celebrations\/#primaryimage"},"image":{"@id":"https:\/\/talkpal.ai\/fr\/vocabulary\/vocabulaire-bosniaque-specifique-aux-jours-feries-et-celebrations\/#primaryimage"},"thumbnailUrl":"https:\/\/talkpal.ai\/wp-content\/uploads\/2025\/12\/students-study-in-cafe-to-learning-languages.webp","datePublished":"2024-06-07T19:33:55+00:00","description":"Les jours f\u00e9ri\u00e9s et les c\u00e9l\u00e9brations offrent une excellente opportunit\u00e9 d'apprendre du vocabulaire sp\u00e9cifique dans une nouvelle langue. En Bosnie, comme","breadcrumb":{"@id":"https:\/\/talkpal.ai\/fr\/vocabulary\/vocabulaire-bosniaque-specifique-aux-jours-feries-et-celebrations\/#breadcrumb"},"inLanguage":"fr-FR","potentialAction":[{"@type":"ReadAction","target":["https:\/\/talkpal.ai\/fr\/vocabulary\/vocabulaire-bosniaque-specifique-aux-jours-feries-et-celebrations\/"]}]},{"@type":"ImageObject","inLanguage":"fr-FR","@id":"https:\/\/talkpal.ai\/fr\/vocabulary\/vocabulaire-bosniaque-specifique-aux-jours-feries-et-celebrations\/#primaryimage","url":"https:\/\/talkpal.ai\/wp-content\/uploads\/2025\/12\/students-study-in-cafe-to-learning-languages.webp","contentUrl":"https:\/\/talkpal.ai\/wp-content\/uploads\/2025\/12\/students-study-in-cafe-to-learning-languages.webp","width":1200,"height":896,"caption":"People sit at wooden tables in a modern cafe while learning languages together at dusk."},{"@type":"BreadcrumbList","@id":"https:\/\/talkpal.ai\/fr\/vocabulary\/vocabulaire-bosniaque-specifique-aux-jours-feries-et-celebrations\/#breadcrumb","itemListElement":[{"@type":"ListItem","position":1,"name":"Homepage","item":"https:\/\/talkpal.ai\/fr\/"},{"@type":"ListItem","position":2,"name":"Vocabulaire bosniaque sp\u00e9cifique aux jours f\u00e9ri\u00e9s et c\u00e9l\u00e9brations"}]},{"@type":"WebSite","@id":"https:\/\/talkpal.ai\/fr\/#website","url":"https:\/\/talkpal.ai\/fr\/","name":"Talkpal","description":"AI Language Learning","publisher":{"@id":"https:\/\/talkpal.ai\/fr\/#organization"},"alternateName":"Talkpal AI","potentialAction":[{"@type":"SearchAction","target":{"@type":"EntryPoint","urlTemplate":"https:\/\/talkpal.ai\/fr\/?s={search_term_string}"},"query-input":{"@type":"PropertyValueSpecification","valueRequired":true,"valueName":"search_term_string"}}],"inLanguage":"fr-FR"},{"@type":"Organization","@id":"https:\/\/talkpal.ai\/fr\/#organization","name":"Talkpal, Inc.","alternateName":"Talkpal AI","url":"https:\/\/talkpal.ai\/fr\/","logo":{"@type":"ImageObject","inLanguage":"fr-FR","@id":"https:\/\/talkpal.ai\/fr\/#\/schema\/logo\/image\/","url":"https:\/\/talkpal.ai\/wp-content\/uploads\/2024\/03\/Talkpal-Logo-Icon.png","contentUrl":"https:\/\/talkpal.ai\/wp-content\/uploads\/2024\/03\/Talkpal-Logo-Icon.png","width":2880,"height":2880,"caption":"Talkpal, Inc."},"image":{"@id":"https:\/\/talkpal.ai\/fr\/#\/schema\/logo\/image\/"},"sameAs":["https:\/\/www.facebook.com\/profile.php?id=100090733639311","https:\/\/x.com\/talkpalai","https:\/\/www.linkedin.com\/company\/talkpal\/","https:\/\/www.youtube.com\/@TalkPal\/","https:\/\/www.tiktok.com\/@talkpal","https:\/\/www.instagram.com\/talkpal_ai\/","https:\/\/www.crunchbase.com\/organization\/talkpal-9cde","https:\/\/www.g2.com\/products\/talkpal-for-business\/","https:\/\/www.trustpilot.com\/review\/talkpal.ai","https:\/\/www.capterra.com\/p\/10006800\/TalkPal\/"],"description":"Talkpal is a language learning web and mobile education app, powered by the latest AI technologies, that provides engaging experiences to its customers in many different languages to help them improve their language skills. Users can chat about unlimited amount of topics with the app and use other modes to practice their language learning.","email":"support@talkpal.ai","legalName":"Talkpal, Inc.","foundingDate":"2023-04-03","duns":"118989042","numberOfEmployees":{"@type":"QuantitativeValue","minValue":"11","maxValue":"50"},"publishingPrinciples":"https:\/\/talkpal.ai\/publishing-principles\/","actionableFeedbackPolicy":"https:\/\/talkpal.ai\/actionable-feedback-policy\/","correctionsPolicy":"https:\/\/talkpal.ai\/corrections-policy\/","ethicsPolicy":"https:\/\/talkpal.ai\/ethics-policy\/","diversityPolicy":"https:\/\/talkpal.ai\/diversity-policy\/","diversityStaffingReport":"https:\/\/talkpal.ai\/diversity-policy\/"}]}},"_links":{"self":[{"href":"https:\/\/talkpal.ai\/fr\/wp-json\/wp\/v2\/vocabulary\/697923","targetHints":{"allow":["GET"]}}],"collection":[{"href":"https:\/\/talkpal.ai\/fr\/wp-json\/wp\/v2\/vocabulary"}],"about":[{"href":"https:\/\/talkpal.ai\/fr\/wp-json\/wp\/v2\/types\/vocabulary"}],"wp:featuredmedia":[{"embeddable":true,"href":"https:\/\/talkpal.ai\/fr\/wp-json\/wp\/v2\/media\/1527975"}],"wp:attachment":[{"href":"https:\/\/talkpal.ai\/fr\/wp-json\/wp\/v2\/media?parent=697923"}],"wp:term":[{"taxonomy":"vocabulary_language","embeddable":true,"href":"https:\/\/talkpal.ai\/fr\/wp-json\/wp\/v2\/vocabulary_language?post=697923"}],"curies":[{"name":"wp","href":"https:\/\/api.w.org\/{rel}","templated":true}]}}