{"id":290819,"date":"2024-05-12T22:07:08","date_gmt":"2024-05-12T22:07:08","guid":{"rendered":"https:\/\/talkpal.ai\/vocabulary\/pratico-vs-pratico-maitriser-les-differences-subtiles-du-portugais-europeen\/"},"modified":"2024-05-12T22:07:08","modified_gmt":"2024-05-12T22:07:08","slug":"pratico-vs-pratico-maitriser-les-differences-subtiles-du-portugais-europeen","status":"publish","type":"vocabulary","link":"https:\/\/talkpal.ai\/fr\/vocabulary\/pratico-vs-pratico-maitriser-les-differences-subtiles-du-portugais-europeen\/","title":{"rendered":"Pr\u00e1tico vs Pr\u00e1tico &#8211; Ma\u00eetriser les diff\u00e9rences subtiles du portugais europ\u00e9en"},"content":{"rendered":"<p>Lorsqu&rsquo;on apprend le <a href=\"https:\/\/talkpal.ai\/learn-portuguese\/\">portugais<\/a>, il est essentiel de prendre en compte les diff\u00e9rences entre les variantes europ\u00e9enne et br\u00e9silienne. Ces diff\u00e9rences peuvent souvent para\u00eetre subtiles mais elles sont cruciales pour une ma\u00eetrise correcte de la langue. Dans cet article, nous explorerons certaines de ces diff\u00e9rences, en particulier autour du mot \u00ab\u00a0pr\u00e1tico\u00a0\u00bb.<\/p>\n<h3>Diff\u00e9rences de prononciation<\/h3>\n<p>La prononciation est peut-\u00eatre l&rsquo;aspect le plus \u00e9vident qui distingue le portugais europ\u00e9en du portugais br\u00e9silien. Prenons l&rsquo;exemple du mot \u00ab\u00a0pr\u00e1tico\u00a0\u00bb. En Europe, le \u00ab\u00a0c\u00a0\u00bb dans \u00ab\u00a0pr\u00e1tico\u00a0\u00bb est g\u00e9n\u00e9ralement prononc\u00e9 comme un \u00ab\u00a0th\u00a0\u00bb <a href=\"https:\/\/talkpal.ai\/learn-english-with-ai\/\">anglais<\/a> (comme dans \u00ab\u00a0think\u00a0\u00bb). En revanche, au Br\u00e9sil, le \u00ab\u00a0c\u00a0\u00bb se prononce comme un \u00ab\u00a0k\u00a0\u00bb.<\/p>\n<p><b>Portugal:<\/b> \u00ab\u00a0Este m\u00e9todo \u00e9 muito pr\u00e1tico.\u00a0\u00bb<br \/>\n<b>Br\u00e9sil:<\/b> \u00ab\u00a0Esse m\u00e9todo \u00e9 muito pr\u00e1tico.\u00a0\u00bb<\/p>\n<h3>Diff\u00e9rences de vocabulaire<\/h3>\n<p>Bien que \u00ab\u00a0pr\u00e1tico\u00a0\u00bb soit utilis\u00e9 des deux c\u00f4t\u00e9s de l&rsquo;Atlantique, son utilisation peut varier dans certains contextes. Par exemple, en portugais europ\u00e9en, \u00ab\u00a0pr\u00e1tico\u00a0\u00bb peut \u00e9galement signifier \u00ab\u00a0commode\u00a0\u00bb ou \u00ab\u00a0utile\u00a0\u00bb, tandis qu&rsquo;au Br\u00e9sil, il est plus souvent utilis\u00e9 pour se r\u00e9f\u00e9rer \u00e0 quelque chose de \u00ab\u00a0facile \u00e0 faire\u00a0\u00bb.<\/p>\n<p><b>Portugal:<\/b> \u00ab\u00a0Encontrei uma ferramenta muito pr\u00e1tica para resolver o problema.\u00a0\u00bb<br \/>\n<b>Br\u00e9sil:<\/b> \u00ab\u00a0Achei um m\u00e9todo pr\u00e1tico para resolver o problema.\u00a0\u00bb<\/p>\n<h3>Diff\u00e9rences grammaticales<\/h3>\n<p>Une autre diff\u00e9rence notable entre le portugais du <a href=\"https:\/\/talkpal.ai\/locations\/language-courses-in-portugal\/\">Portugal<\/a> et celui du Br\u00e9sil est l&rsquo;usage de certains <a href=\"https:\/\/talkpal.ai\/zh-hans\/grammar_exercises\/temps-%e6%b3%95%e8%af%ad%e8%af%ad%e6%b3%95%e7%bb%83%e4%b9%a0\/\">temps<\/a> verbaux. Par exemple, le futur du <a href=\"https:\/\/talkpal.ai\/zh-hans\/grammar_exercises\/subjonctif-%e6%b3%95%e8%af%ad%e8%af%ad%e6%b3%95%e7%bb%83%e4%b9%a0\/\">subjonctif<\/a> est fr\u00e9quemment utilis\u00e9 au Br\u00e9sil mais est beaucoup moins courant en Portugal.<\/p>\n<p><b>Portugal:<\/b> \u00ab\u00a0Quando tiveres tempo, podes <a href=\"https:\/\/talkpal.ai\/ko\/ai-%ec%96%b8%ec%96%b4-%ea%b5%90%ec%82%ac\/\">experimentar<\/a> esse <a href=\"https:\/\/talkpal.ai\/talkpal-new-years-discount\/\">novo<\/a> software.\u00a0\u00bb<br \/>\n<b>Br\u00e9sil:<\/b> \u00ab\u00a0Quando voc\u00ea tiver tempo, pode experimentar esse novo software.\u00a0\u00bb<\/p>\n<h3>Diff\u00e9rences de syntaxe<\/h3>\n<p>La position des pronoms objets peut aussi varier. En portugais europ\u00e9en, il est plus fr\u00e9quent de placer le pronom apr\u00e8s le verbe (pr\u00f3clise), tandis qu&rsquo;au Br\u00e9sil, il est courant de le placer avant le verbe (\u00eanclise).<\/p>\n<p><b>Portugal:<\/b> \u00ab\u00a0Vou-te mostrar uma t\u00e9cnica muito pr\u00e1tica.\u00a0\u00bb<br \/>\n<b>Br\u00e9sil:<\/b> \u00ab\u00a0Vou mostrar-te uma t\u00e9cnica muito pr\u00e1tica.\u00a0\u00bb<\/p>\n<h3>Diff\u00e9rences de registre et de formalit\u00e9<\/h3>\n<p>Le registre de langue, ou le degr\u00e9 de formalit\u00e9, peut aussi influencer l&rsquo;utilisation de certains mots ou structures grammaticales. En g\u00e9n\u00e9ral, le portugais europ\u00e9en est per\u00e7u comme \u00e9tant plus formel que le br\u00e9silien.<\/p>\n<p><b>Portugal:<\/b> \u00ab\u00a0Sugiro que apliquemos o m\u00e9todo mais pr\u00e1tico.\u00a0\u00bb<br \/>\n<b>Br\u00e9sil:<\/b> \u00ab\u00a0Acho melhor a gente usar o m\u00e9todo mais pr\u00e1tico.\u00a0\u00bb<\/p>\n<h3>Conclusion<\/h3>\n<p>Ma\u00eetriser les nuances entre le portugais europ\u00e9en et br\u00e9silien requiert une attention particuli\u00e8re \u00e0 divers aspects de la langue tels que la prononciation, le vocabulaire, la grammaire, la syntaxe et le registre. En vous familiarisant avec ces diff\u00e9rences, vous serez mieux \u00e9quip\u00e9 pour communiquer efficacement en portugais, que ce soit lors d&rsquo;un voyage au Portugal, au Br\u00e9sil, ou avec des locuteurs de ces r\u00e9gions dans d&rsquo;autres contextes. Continuez d&rsquo;explorer et de pratiquer, et surtout, n&rsquo;ayez pas peur de faire des erreurs. C&rsquo;est en faisant des erreurs que l&rsquo;on apprend le mieux!<\/p>\n","protected":false},"featured_media":1527763,"template":"","vocabulary_language":[3339],"class_list":["post-290819","vocabulary","type-vocabulary","status-publish","has-post-thumbnail","hentry","vocabulary_language-portugais"],"acf":[],"yoast_head":"<!-- This site is optimized with the Yoast SEO Premium plugin v27.2 (Yoast SEO v27.2) - https:\/\/yoast.com\/product\/yoast-seo-premium-wordpress\/ -->\n<title>Pr\u00e1tico vs Pr\u00e1tico - Ma\u00eetriser les diff\u00e9rences subtiles du portugais europ\u00e9en - Talkpal<\/title>\n<meta name=\"description\" content=\"Lorsqu&#039;on apprend le portugais, il est essentiel de prendre en compte les diff\u00e9rences entre les variantes europ\u00e9enne et br\u00e9silienne. Ces diff\u00e9rences\" \/>\n<meta name=\"robots\" content=\"index, follow, max-snippet:-1, max-image-preview:large, max-video-preview:-1\" \/>\n<link rel=\"canonical\" href=\"https:\/\/talkpal.ai\/fr\/vocabulary\/pratico-vs-pratico-maitriser-les-differences-subtiles-du-portugais-europeen\/\" \/>\n<meta property=\"og:locale\" content=\"fr_FR\" \/>\n<meta property=\"og:type\" content=\"article\" \/>\n<meta property=\"og:title\" content=\"Pr\u00e1tico vs Pr\u00e1tico - Ma\u00eetriser les diff\u00e9rences subtiles du portugais europ\u00e9en\" \/>\n<meta property=\"og:description\" content=\"Lorsqu&#039;on apprend le portugais, il est essentiel de prendre en compte les diff\u00e9rences entre les variantes europ\u00e9enne et br\u00e9silienne. Ces diff\u00e9rences\" \/>\n<meta property=\"og:url\" content=\"https:\/\/talkpal.ai\/fr\/vocabulary\/pratico-vs-pratico-maitriser-les-differences-subtiles-du-portugais-europeen\/\" \/>\n<meta property=\"og:site_name\" content=\"Talkpal\" \/>\n<meta property=\"article:publisher\" content=\"https:\/\/www.facebook.com\/profile.php?id=100090733639311\" \/>\n<meta property=\"og:image\" content=\"https:\/\/talkpal.ai\/wp-content\/uploads\/2024\/10\/talkpal_flat_illustration_of_a_employees_working_together_happi_c674ff77-e477-4e09-835a-01d30e561e99.png\" \/>\n\t<meta property=\"og:image:width\" content=\"1024\" \/>\n\t<meta property=\"og:image:height\" content=\"1024\" \/>\n\t<meta property=\"og:image:type\" content=\"image\/png\" \/>\n<meta name=\"twitter:card\" content=\"summary_large_image\" \/>\n<meta name=\"twitter:site\" content=\"@talkpalai\" \/>\n<meta name=\"twitter:label1\" content=\"Dur\u00e9e de lecture estim\u00e9e\" \/>\n\t<meta name=\"twitter:data1\" content=\"3 minutes\" \/>\n<script type=\"application\/ld+json\" class=\"yoast-schema-graph\">{\"@context\":\"https:\/\/schema.org\",\"@graph\":[{\"@type\":\"WebPage\",\"@id\":\"https:\/\/talkpal.ai\/fr\/vocabulary\/pratico-vs-pratico-maitriser-les-differences-subtiles-du-portugais-europeen\/\",\"url\":\"https:\/\/talkpal.ai\/fr\/vocabulary\/pratico-vs-pratico-maitriser-les-differences-subtiles-du-portugais-europeen\/\",\"name\":\"Pr\u00e1tico vs Pr\u00e1tico - Ma\u00eetriser les diff\u00e9rences subtiles du portugais europ\u00e9en - Talkpal\",\"isPartOf\":{\"@id\":\"https:\/\/talkpal.ai\/fr\/#website\"},\"primaryImageOfPage\":{\"@id\":\"https:\/\/talkpal.ai\/fr\/vocabulary\/pratico-vs-pratico-maitriser-les-differences-subtiles-du-portugais-europeen\/#primaryimage\"},\"image\":{\"@id\":\"https:\/\/talkpal.ai\/fr\/vocabulary\/pratico-vs-pratico-maitriser-les-differences-subtiles-du-portugais-europeen\/#primaryimage\"},\"thumbnailUrl\":\"https:\/\/talkpal.ai\/wp-content\/uploads\/2025\/12\/man-drinks-coffee-to-learn-languages.webp\",\"datePublished\":\"2024-05-12T22:07:08+00:00\",\"description\":\"Lorsqu'on apprend le portugais, il est essentiel de prendre en compte les diff\u00e9rences entre les variantes europ\u00e9enne et br\u00e9silienne. Ces diff\u00e9rences\",\"breadcrumb\":{\"@id\":\"https:\/\/talkpal.ai\/fr\/vocabulary\/pratico-vs-pratico-maitriser-les-differences-subtiles-du-portugais-europeen\/#breadcrumb\"},\"inLanguage\":\"fr-FR\",\"potentialAction\":[{\"@type\":\"ReadAction\",\"target\":[\"https:\/\/talkpal.ai\/fr\/vocabulary\/pratico-vs-pratico-maitriser-les-differences-subtiles-du-portugais-europeen\/\"]}]},{\"@type\":\"ImageObject\",\"inLanguage\":\"fr-FR\",\"@id\":\"https:\/\/talkpal.ai\/fr\/vocabulary\/pratico-vs-pratico-maitriser-les-differences-subtiles-du-portugais-europeen\/#primaryimage\",\"url\":\"https:\/\/talkpal.ai\/wp-content\/uploads\/2025\/12\/man-drinks-coffee-to-learn-languages.webp\",\"contentUrl\":\"https:\/\/talkpal.ai\/wp-content\/uploads\/2025\/12\/man-drinks-coffee-to-learn-languages.webp\",\"width\":1200,\"height\":896,\"caption\":\"A man drinks from a cup while learning languages at a cafe table with his laptop open.\"},{\"@type\":\"BreadcrumbList\",\"@id\":\"https:\/\/talkpal.ai\/fr\/vocabulary\/pratico-vs-pratico-maitriser-les-differences-subtiles-du-portugais-europeen\/#breadcrumb\",\"itemListElement\":[{\"@type\":\"ListItem\",\"position\":1,\"name\":\"Homepage\",\"item\":\"https:\/\/talkpal.ai\/fr\/\"},{\"@type\":\"ListItem\",\"position\":2,\"name\":\"Pr\u00e1tico vs Pr\u00e1tico &#8211; Ma\u00eetriser les diff\u00e9rences subtiles du portugais europ\u00e9en\"}]},{\"@type\":\"WebSite\",\"@id\":\"https:\/\/talkpal.ai\/fr\/#website\",\"url\":\"https:\/\/talkpal.ai\/fr\/\",\"name\":\"Talkpal\",\"description\":\"AI Language Learning\",\"publisher\":{\"@id\":\"https:\/\/talkpal.ai\/fr\/#organization\"},\"alternateName\":\"Talkpal AI\",\"potentialAction\":[{\"@type\":\"SearchAction\",\"target\":{\"@type\":\"EntryPoint\",\"urlTemplate\":\"https:\/\/talkpal.ai\/fr\/?s={search_term_string}\"},\"query-input\":{\"@type\":\"PropertyValueSpecification\",\"valueRequired\":true,\"valueName\":\"search_term_string\"}}],\"inLanguage\":\"fr-FR\"},{\"@type\":\"Organization\",\"@id\":\"https:\/\/talkpal.ai\/fr\/#organization\",\"name\":\"Talkpal, Inc.\",\"alternateName\":\"Talkpal AI\",\"url\":\"https:\/\/talkpal.ai\/fr\/\",\"logo\":{\"@type\":\"ImageObject\",\"inLanguage\":\"fr-FR\",\"@id\":\"https:\/\/talkpal.ai\/fr\/#\/schema\/logo\/image\/\",\"url\":\"https:\/\/talkpal.ai\/wp-content\/uploads\/2024\/03\/Talkpal-Logo-Icon.png\",\"contentUrl\":\"https:\/\/talkpal.ai\/wp-content\/uploads\/2024\/03\/Talkpal-Logo-Icon.png\",\"width\":2880,\"height\":2880,\"caption\":\"Talkpal, Inc.\"},\"image\":{\"@id\":\"https:\/\/talkpal.ai\/fr\/#\/schema\/logo\/image\/\"},\"sameAs\":[\"https:\/\/www.facebook.com\/profile.php?id=100090733639311\",\"https:\/\/x.com\/talkpalai\",\"https:\/\/www.linkedin.com\/company\/talkpal\/\",\"https:\/\/www.youtube.com\/@TalkPal\/\",\"https:\/\/www.tiktok.com\/@talkpal\",\"https:\/\/www.instagram.com\/talkpal_ai\/\",\"https:\/\/www.crunchbase.com\/organization\/talkpal-9cde\",\"https:\/\/www.g2.com\/products\/talkpal-for-business\/\",\"https:\/\/www.trustpilot.com\/review\/talkpal.ai\",\"https:\/\/www.capterra.com\/p\/10006800\/TalkPal\/\"],\"description\":\"Talkpal is a language learning web and mobile education app, powered by the latest AI technologies, that provides engaging experiences to its customers in many different languages to help them improve their language skills. Users can chat about unlimited amount of topics with the app and use other modes to practice their language learning.\",\"email\":\"support@talkpal.ai\",\"legalName\":\"Talkpal, Inc.\",\"foundingDate\":\"2023-04-03\",\"duns\":\"118989042\",\"numberOfEmployees\":{\"@type\":\"QuantitativeValue\",\"minValue\":\"11\",\"maxValue\":\"50\"},\"publishingPrinciples\":\"https:\/\/talkpal.ai\/publishing-principles\/\",\"actionableFeedbackPolicy\":\"https:\/\/talkpal.ai\/actionable-feedback-policy\/\",\"correctionsPolicy\":\"https:\/\/talkpal.ai\/corrections-policy\/\",\"ethicsPolicy\":\"https:\/\/talkpal.ai\/ethics-policy\/\",\"diversityPolicy\":\"https:\/\/talkpal.ai\/diversity-policy\/\",\"diversityStaffingReport\":\"https:\/\/talkpal.ai\/diversity-policy\/\"}]}<\/script>\n<!-- \/ Yoast SEO Premium plugin. -->","yoast_head_json":{"title":"Pr\u00e1tico vs Pr\u00e1tico - Ma\u00eetriser les diff\u00e9rences subtiles du portugais europ\u00e9en - Talkpal","description":"Lorsqu'on apprend le portugais, il est essentiel de prendre en compte les diff\u00e9rences entre les variantes europ\u00e9enne et br\u00e9silienne. Ces diff\u00e9rences","robots":{"index":"index","follow":"follow","max-snippet":"max-snippet:-1","max-image-preview":"max-image-preview:large","max-video-preview":"max-video-preview:-1"},"canonical":"https:\/\/talkpal.ai\/fr\/vocabulary\/pratico-vs-pratico-maitriser-les-differences-subtiles-du-portugais-europeen\/","og_locale":"fr_FR","og_type":"article","og_title":"Pr\u00e1tico vs Pr\u00e1tico - Ma\u00eetriser les diff\u00e9rences subtiles du portugais europ\u00e9en","og_description":"Lorsqu'on apprend le portugais, il est essentiel de prendre en compte les diff\u00e9rences entre les variantes europ\u00e9enne et br\u00e9silienne. Ces diff\u00e9rences","og_url":"https:\/\/talkpal.ai\/fr\/vocabulary\/pratico-vs-pratico-maitriser-les-differences-subtiles-du-portugais-europeen\/","og_site_name":"Talkpal","article_publisher":"https:\/\/www.facebook.com\/profile.php?id=100090733639311","og_image":[{"width":1024,"height":1024,"url":"https:\/\/talkpal.ai\/wp-content\/uploads\/2024\/10\/talkpal_flat_illustration_of_a_employees_working_together_happi_c674ff77-e477-4e09-835a-01d30e561e99.png","type":"image\/png"}],"twitter_card":"summary_large_image","twitter_site":"@talkpalai","twitter_misc":{"Dur\u00e9e de lecture estim\u00e9e":"3 minutes"},"schema":{"@context":"https:\/\/schema.org","@graph":[{"@type":"WebPage","@id":"https:\/\/talkpal.ai\/fr\/vocabulary\/pratico-vs-pratico-maitriser-les-differences-subtiles-du-portugais-europeen\/","url":"https:\/\/talkpal.ai\/fr\/vocabulary\/pratico-vs-pratico-maitriser-les-differences-subtiles-du-portugais-europeen\/","name":"Pr\u00e1tico vs Pr\u00e1tico - Ma\u00eetriser les diff\u00e9rences subtiles du portugais europ\u00e9en - Talkpal","isPartOf":{"@id":"https:\/\/talkpal.ai\/fr\/#website"},"primaryImageOfPage":{"@id":"https:\/\/talkpal.ai\/fr\/vocabulary\/pratico-vs-pratico-maitriser-les-differences-subtiles-du-portugais-europeen\/#primaryimage"},"image":{"@id":"https:\/\/talkpal.ai\/fr\/vocabulary\/pratico-vs-pratico-maitriser-les-differences-subtiles-du-portugais-europeen\/#primaryimage"},"thumbnailUrl":"https:\/\/talkpal.ai\/wp-content\/uploads\/2025\/12\/man-drinks-coffee-to-learn-languages.webp","datePublished":"2024-05-12T22:07:08+00:00","description":"Lorsqu'on apprend le portugais, il est essentiel de prendre en compte les diff\u00e9rences entre les variantes europ\u00e9enne et br\u00e9silienne. Ces diff\u00e9rences","breadcrumb":{"@id":"https:\/\/talkpal.ai\/fr\/vocabulary\/pratico-vs-pratico-maitriser-les-differences-subtiles-du-portugais-europeen\/#breadcrumb"},"inLanguage":"fr-FR","potentialAction":[{"@type":"ReadAction","target":["https:\/\/talkpal.ai\/fr\/vocabulary\/pratico-vs-pratico-maitriser-les-differences-subtiles-du-portugais-europeen\/"]}]},{"@type":"ImageObject","inLanguage":"fr-FR","@id":"https:\/\/talkpal.ai\/fr\/vocabulary\/pratico-vs-pratico-maitriser-les-differences-subtiles-du-portugais-europeen\/#primaryimage","url":"https:\/\/talkpal.ai\/wp-content\/uploads\/2025\/12\/man-drinks-coffee-to-learn-languages.webp","contentUrl":"https:\/\/talkpal.ai\/wp-content\/uploads\/2025\/12\/man-drinks-coffee-to-learn-languages.webp","width":1200,"height":896,"caption":"A man drinks from a cup while learning languages at a cafe table with his laptop open."},{"@type":"BreadcrumbList","@id":"https:\/\/talkpal.ai\/fr\/vocabulary\/pratico-vs-pratico-maitriser-les-differences-subtiles-du-portugais-europeen\/#breadcrumb","itemListElement":[{"@type":"ListItem","position":1,"name":"Homepage","item":"https:\/\/talkpal.ai\/fr\/"},{"@type":"ListItem","position":2,"name":"Pr\u00e1tico vs Pr\u00e1tico &#8211; Ma\u00eetriser les diff\u00e9rences subtiles du portugais europ\u00e9en"}]},{"@type":"WebSite","@id":"https:\/\/talkpal.ai\/fr\/#website","url":"https:\/\/talkpal.ai\/fr\/","name":"Talkpal","description":"AI Language Learning","publisher":{"@id":"https:\/\/talkpal.ai\/fr\/#organization"},"alternateName":"Talkpal AI","potentialAction":[{"@type":"SearchAction","target":{"@type":"EntryPoint","urlTemplate":"https:\/\/talkpal.ai\/fr\/?s={search_term_string}"},"query-input":{"@type":"PropertyValueSpecification","valueRequired":true,"valueName":"search_term_string"}}],"inLanguage":"fr-FR"},{"@type":"Organization","@id":"https:\/\/talkpal.ai\/fr\/#organization","name":"Talkpal, Inc.","alternateName":"Talkpal AI","url":"https:\/\/talkpal.ai\/fr\/","logo":{"@type":"ImageObject","inLanguage":"fr-FR","@id":"https:\/\/talkpal.ai\/fr\/#\/schema\/logo\/image\/","url":"https:\/\/talkpal.ai\/wp-content\/uploads\/2024\/03\/Talkpal-Logo-Icon.png","contentUrl":"https:\/\/talkpal.ai\/wp-content\/uploads\/2024\/03\/Talkpal-Logo-Icon.png","width":2880,"height":2880,"caption":"Talkpal, Inc."},"image":{"@id":"https:\/\/talkpal.ai\/fr\/#\/schema\/logo\/image\/"},"sameAs":["https:\/\/www.facebook.com\/profile.php?id=100090733639311","https:\/\/x.com\/talkpalai","https:\/\/www.linkedin.com\/company\/talkpal\/","https:\/\/www.youtube.com\/@TalkPal\/","https:\/\/www.tiktok.com\/@talkpal","https:\/\/www.instagram.com\/talkpal_ai\/","https:\/\/www.crunchbase.com\/organization\/talkpal-9cde","https:\/\/www.g2.com\/products\/talkpal-for-business\/","https:\/\/www.trustpilot.com\/review\/talkpal.ai","https:\/\/www.capterra.com\/p\/10006800\/TalkPal\/"],"description":"Talkpal is a language learning web and mobile education app, powered by the latest AI technologies, that provides engaging experiences to its customers in many different languages to help them improve their language skills. Users can chat about unlimited amount of topics with the app and use other modes to practice their language learning.","email":"support@talkpal.ai","legalName":"Talkpal, Inc.","foundingDate":"2023-04-03","duns":"118989042","numberOfEmployees":{"@type":"QuantitativeValue","minValue":"11","maxValue":"50"},"publishingPrinciples":"https:\/\/talkpal.ai\/publishing-principles\/","actionableFeedbackPolicy":"https:\/\/talkpal.ai\/actionable-feedback-policy\/","correctionsPolicy":"https:\/\/talkpal.ai\/corrections-policy\/","ethicsPolicy":"https:\/\/talkpal.ai\/ethics-policy\/","diversityPolicy":"https:\/\/talkpal.ai\/diversity-policy\/","diversityStaffingReport":"https:\/\/talkpal.ai\/diversity-policy\/"}]}},"_links":{"self":[{"href":"https:\/\/talkpal.ai\/fr\/wp-json\/wp\/v2\/vocabulary\/290819","targetHints":{"allow":["GET"]}}],"collection":[{"href":"https:\/\/talkpal.ai\/fr\/wp-json\/wp\/v2\/vocabulary"}],"about":[{"href":"https:\/\/talkpal.ai\/fr\/wp-json\/wp\/v2\/types\/vocabulary"}],"wp:featuredmedia":[{"embeddable":true,"href":"https:\/\/talkpal.ai\/fr\/wp-json\/wp\/v2\/media\/1527763"}],"wp:attachment":[{"href":"https:\/\/talkpal.ai\/fr\/wp-json\/wp\/v2\/media?parent=290819"}],"wp:term":[{"taxonomy":"vocabulary_language","embeddable":true,"href":"https:\/\/talkpal.ai\/fr\/wp-json\/wp\/v2\/vocabulary_language?post=290819"}],"curies":[{"name":"wp","href":"https:\/\/api.w.org\/{rel}","templated":true}]}}