{"id":290728,"date":"2024-05-12T21:59:22","date_gmt":"2024-05-12T21:59:22","guid":{"rendered":"https:\/\/talkpal.ai\/vocabulary\/por-vs-para-maitriser-lusage-du-portugais-europeen\/"},"modified":"2024-05-12T21:59:22","modified_gmt":"2024-05-12T21:59:22","slug":"por-vs-para-maitriser-lusage-du-portugais-europeen","status":"publish","type":"vocabulary","link":"https:\/\/talkpal.ai\/fr\/vocabulary\/por-vs-para-maitriser-lusage-du-portugais-europeen\/","title":{"rendered":"Por vs Para &#8211; Ma\u00eetriser l\u2019usage du portugais europ\u00e9en"},"content":{"rendered":"<p>L\u2019apprentissage du <a href=\"https:\/\/talkpal.ai\/learn-portuguese\/\">portugais<\/a> europ\u00e9en peut se r\u00e9v\u00e9ler complexe, surtout lorsqu\u2019il s\u2019agit de ma\u00eetriser les pr\u00e9positions. Parmi les plus d\u00e9licates \u00e0 distinguer, on retrouve <b>\u00ab\u00a0por\u00a0\u00bb<\/b> et <b>\u00ab\u00a0para\u00a0\u00bb<\/b>. Ces deux pr\u00e9positions peuvent pr\u00eater \u00e0 confusion pour les francophones, car elles se traduisent souvent par \u00ab\u00a0pour\u00a0\u00bb en <a href=\"https:\/\/talkpal.ai\/learn-french\/\">fran\u00e7ais<\/a>. Cependant, leur utilisation diff\u00e8re selon le contexte et la signification que l\u2019on souhaite donner \u00e0 la phrase. Comprendre les nuances entre ces deux pr\u00e9positions est essentiel pour s&rsquo;exprimer correctement en portugais.<\/p>\n<h3>Quand utiliser \u00ab\u00a0por\u00a0\u00bb?<\/h3>\n<p><b>\u00ab\u00a0Por\u00a0\u00bb<\/b> est utilis\u00e9 dans plusieurs contextes et peut avoir diff\u00e9rentes significations, y compris \u00ab\u00a0par\u00a0\u00bb, \u00ab\u00a0pour\u00a0\u00bb ou \u00ab\u00a0\u00e0 cause de\u00a0\u00bb. Une des utilisations principales de <b>\u00ab\u00a0por\u00a0\u00bb<\/b> est pour exprimer une cause ou une raison.<\/p>\n<p><b>Exemplos:<\/b><br \/>\n&#8211; Estou aqui <b>por<\/b> ti. (Je suis ici pour toi.)<br \/>\n&#8211; Ele n\u00e3o veio <b>por<\/b> estar doente. (Il n&rsquo;est pas venu car il est malade.)<\/p>\n<p><b>\u00ab\u00a0Por\u00a0\u00bb<\/b> est \u00e9galement utilis\u00e9 pour parler de dur\u00e9e de <a href=\"https:\/\/talkpal.ai\/zh-hans\/grammar_exercises\/temps-%e6%b3%95%e8%af%ad%e8%af%ad%e6%b3%95%e7%bb%83%e4%b9%a0\/\">temps<\/a>, pour indiquer pendant combien de temps une action se produit.<\/p>\n<p><b>Exemplos:<\/b><br \/>\n&#8211; Ele estudou <b>por<\/b> duas horas. (Il a \u00e9tudi\u00e9 pendant deux heures.)<\/p>\n<p>En outre, <b>\u00ab\u00a0por\u00a0\u00bb<\/b> s&#8217;emploie pour indiquer un \u00e9change ou un remplacement.<\/p>\n<p><b>Exemplos:<\/b><br \/>\n&#8211; Troquei meu carro <b>por<\/b> uma bicicleta. (J&rsquo;ai \u00e9chang\u00e9 ma voiture contre un v\u00e9lo.)<\/p>\n<h3>Quand utiliser \u00ab\u00a0para\u00a0\u00bb?<\/h3>\n<p><b>\u00ab\u00a0Para\u00a0\u00bb<\/b>, en revanche, est g\u00e9n\u00e9ralement utilis\u00e9 pour indiquer la destination, le b\u00e9n\u00e9ficiaire d&rsquo;une action ou un but sp\u00e9cifique.<\/p>\n<p><b>Exemplos:<\/b><br \/>\n&#8211; Este <a href=\"https:\/\/talkpal.ai\/zh-hans\/grammar_exercises\/presente-%e8%a5%bf%e7%8f%ad%e7%89%99%e8%af%ad%e6%b3%95%e7%bb%83%e4%b9%a0\/\">presente<\/a> \u00e9 <b>para<\/b> ti. (Ce cadeau est pour toi.)<br \/>\n&#8211; Vou para <a href=\"https:\/\/talkpal.ai\/locations\/language-courses-in-portugal\/\">Portugal<\/a> amanh\u00e3. (Je vais au Portugal demain.)<\/p>\n<p>L\u2019utilisation de <b>\u00ab\u00a0para\u00a0\u00bb<\/b> montre aussi l\u2019intention ou le but d\u2019une action.<\/p>\n<p><b>Exemplos:<\/b><br \/>\n&#8211; Estudo <b>para<\/b> ser m\u00e9dico. (J&rsquo;\u00e9tudie pour devenir m\u00e9decin.)<\/p>\n<h3>Diff\u00e9rences cl\u00e9s et comment les m\u00e9moriser<\/h3>\n<p>Il est crucial de comprendre que <b>\u00ab\u00a0por\u00a0\u00bb<\/b> fait souvent r\u00e9f\u00e9rence \u00e0 une cause ou un moyen, alors que <b>\u00ab\u00a0para\u00a0\u00bb<\/b> est utilis\u00e9 pour parler d&rsquo;une finalit\u00e9 ou d&rsquo;une destination. Une m\u00e9thode pour se souvenir de la distinction est de penser \u00e0 <b>\u00ab\u00a0por\u00a0\u00bb<\/b> comme traduisant le processus par lequel quelque chose est fait, et \u00e0 <b>\u00ab\u00a0para\u00a0\u00bb<\/b> comme indiquant le but ou l&rsquo;objectif final de l&rsquo;action.<\/p>\n<h3>Expressions idiomatiques et exceptions<\/h3>\n<p>Il existe plusieurs <a href=\"https:\/\/talkpal.ai\/fr\/culture\/les-expressions-idiomatiques-liees-aux-animaux-en-francais\/\">expressions idiomatiques<\/a> en portugais qui utilisent <b>\u00ab\u00a0por\u00a0\u00bb<\/b> et <b>\u00ab\u00a0para\u00a0\u00bb<\/b>, et il est important de les conna\u00eetre:<\/p>\n<p><b>Exemplos com \u00ab\u00a0por\u00a0\u00bb:<\/b><br \/>\n&#8211; Por agora, tudo bem. (Pour l&rsquo;instant, tout va bien.)<br \/>\n&#8211; Por mim, podemos ir. (Pour moi, nous pouvons y aller.)<\/p>\n<p><b>Exemplos com \u00ab\u00a0para\u00a0\u00bb:<\/b><br \/>\n&#8211; Para sempre. (Pour toujours.)<br \/>\n&#8211; Para onde vais? (O\u00f9 vas-tu ?)<\/p>\n<h3>Conseils pratiques pour l&rsquo;apprentissage<\/h3>\n<p>Pour ma\u00eetriser l&rsquo;usage de <b>\u00ab\u00a0por\u00a0\u00bb<\/b> et <b>\u00ab\u00a0para\u00a0\u00bb<\/b>, il est conseill\u00e9 de pratiquer r\u00e9guli\u00e8rement \u00e0 travers des exercices de traduction et de conversation. L&rsquo;immersion dans la langue \u00e0 travers des films, des chansons et des dialogues peut \u00e9galement aider \u00e0 saisir intuitivement l&rsquo;utilisation correcte de ces pr\u00e9positions.<\/p>\n<p>En conclusion, bien que <b>\u00ab\u00a0por\u00a0\u00bb<\/b> et <b>\u00ab\u00a0para\u00a0\u00bb<\/b> puissent sembler similaires, ils ont des utilisations tr\u00e8s sp\u00e9cifiques en portugais europ\u00e9en. Une compr\u00e9hension claire de leurs diff\u00e9rences et de leur application correcte est essentielle pour tous ceux qui souhaitent ma\u00eetriser la langue portugaise. Avec de la pratique et de l&rsquo;attention, il est tout \u00e0 fait possible de les utiliser correctement et de mani\u00e8re naturelle dans la conversation.<\/p>\n","protected":false},"featured_media":1527619,"template":"","vocabulary_language":[3339],"class_list":["post-290728","vocabulary","type-vocabulary","status-publish","has-post-thumbnail","hentry","vocabulary_language-portugais"],"acf":[],"yoast_head":"<!-- This site is optimized with the Yoast SEO Premium plugin v27.2 (Yoast SEO v27.2) - https:\/\/yoast.com\/product\/yoast-seo-premium-wordpress\/ -->\n<title>Por vs Para - Ma\u00eetriser l\u2019usage du portugais europ\u00e9en - Talkpal<\/title>\n<meta name=\"description\" content=\"L\u2019apprentissage du portugais europ\u00e9en peut se r\u00e9v\u00e9ler complexe, surtout lorsqu\u2019il s\u2019agit de ma\u00eetriser les pr\u00e9positions. Parmi les plus d\u00e9licates \u00e0\" \/>\n<meta name=\"robots\" content=\"index, follow, max-snippet:-1, max-image-preview:large, max-video-preview:-1\" \/>\n<link rel=\"canonical\" href=\"https:\/\/talkpal.ai\/fr\/vocabulary\/por-vs-para-maitriser-lusage-du-portugais-europeen\/\" \/>\n<meta property=\"og:locale\" content=\"fr_FR\" \/>\n<meta property=\"og:type\" content=\"article\" \/>\n<meta property=\"og:title\" content=\"Por vs Para - Ma\u00eetriser l\u2019usage du portugais europ\u00e9en\" \/>\n<meta property=\"og:description\" content=\"L\u2019apprentissage du portugais europ\u00e9en peut se r\u00e9v\u00e9ler complexe, surtout lorsqu\u2019il s\u2019agit de ma\u00eetriser les pr\u00e9positions. Parmi les plus d\u00e9licates \u00e0\" \/>\n<meta property=\"og:url\" content=\"https:\/\/talkpal.ai\/fr\/vocabulary\/por-vs-para-maitriser-lusage-du-portugais-europeen\/\" \/>\n<meta property=\"og:site_name\" content=\"Talkpal\" \/>\n<meta property=\"article:publisher\" content=\"https:\/\/www.facebook.com\/profile.php?id=100090733639311\" \/>\n<meta property=\"og:image\" content=\"https:\/\/talkpal.ai\/wp-content\/uploads\/2024\/10\/talkpal_flat_illustration_of_a_employees_working_together_happi_c674ff77-e477-4e09-835a-01d30e561e99.png\" \/>\n\t<meta property=\"og:image:width\" content=\"1024\" \/>\n\t<meta property=\"og:image:height\" content=\"1024\" \/>\n\t<meta property=\"og:image:type\" content=\"image\/png\" \/>\n<meta name=\"twitter:card\" content=\"summary_large_image\" \/>\n<meta name=\"twitter:site\" content=\"@talkpalai\" \/>\n<meta name=\"twitter:label1\" content=\"Dur\u00e9e de lecture estim\u00e9e\" \/>\n\t<meta name=\"twitter:data1\" content=\"3 minutes\" \/>\n<script type=\"application\/ld+json\" class=\"yoast-schema-graph\">{\"@context\":\"https:\/\/schema.org\",\"@graph\":[{\"@type\":\"WebPage\",\"@id\":\"https:\/\/talkpal.ai\/fr\/vocabulary\/por-vs-para-maitriser-lusage-du-portugais-europeen\/\",\"url\":\"https:\/\/talkpal.ai\/fr\/vocabulary\/por-vs-para-maitriser-lusage-du-portugais-europeen\/\",\"name\":\"Por vs Para - Ma\u00eetriser l\u2019usage du portugais europ\u00e9en - Talkpal\",\"isPartOf\":{\"@id\":\"https:\/\/talkpal.ai\/fr\/#website\"},\"primaryImageOfPage\":{\"@id\":\"https:\/\/talkpal.ai\/fr\/vocabulary\/por-vs-para-maitriser-lusage-du-portugais-europeen\/#primaryimage\"},\"image\":{\"@id\":\"https:\/\/talkpal.ai\/fr\/vocabulary\/por-vs-para-maitriser-lusage-du-portugais-europeen\/#primaryimage\"},\"thumbnailUrl\":\"https:\/\/talkpal.ai\/wp-content\/uploads\/2025\/12\/computer-is-used-to-learn-languages.webp\",\"datePublished\":\"2024-05-12T21:59:22+00:00\",\"description\":\"L\u2019apprentissage du portugais europ\u00e9en peut se r\u00e9v\u00e9ler complexe, surtout lorsqu\u2019il s\u2019agit de ma\u00eetriser les pr\u00e9positions. Parmi les plus d\u00e9licates \u00e0\",\"breadcrumb\":{\"@id\":\"https:\/\/talkpal.ai\/fr\/vocabulary\/por-vs-para-maitriser-lusage-du-portugais-europeen\/#breadcrumb\"},\"inLanguage\":\"fr-FR\",\"potentialAction\":[{\"@type\":\"ReadAction\",\"target\":[\"https:\/\/talkpal.ai\/fr\/vocabulary\/por-vs-para-maitriser-lusage-du-portugais-europeen\/\"]}]},{\"@type\":\"ImageObject\",\"inLanguage\":\"fr-FR\",\"@id\":\"https:\/\/talkpal.ai\/fr\/vocabulary\/por-vs-para-maitriser-lusage-du-portugais-europeen\/#primaryimage\",\"url\":\"https:\/\/talkpal.ai\/wp-content\/uploads\/2025\/12\/computer-is-used-to-learn-languages.webp\",\"contentUrl\":\"https:\/\/talkpal.ai\/wp-content\/uploads\/2025\/12\/computer-is-used-to-learn-languages.webp\",\"width\":1200,\"height\":896,\"caption\":\"Students work at staggered desks using desktop computers for learning languages in a library with tall shelves.\"},{\"@type\":\"BreadcrumbList\",\"@id\":\"https:\/\/talkpal.ai\/fr\/vocabulary\/por-vs-para-maitriser-lusage-du-portugais-europeen\/#breadcrumb\",\"itemListElement\":[{\"@type\":\"ListItem\",\"position\":1,\"name\":\"Homepage\",\"item\":\"https:\/\/talkpal.ai\/fr\/\"},{\"@type\":\"ListItem\",\"position\":2,\"name\":\"Por vs Para &#8211; Ma\u00eetriser l\u2019usage du portugais europ\u00e9en\"}]},{\"@type\":\"WebSite\",\"@id\":\"https:\/\/talkpal.ai\/fr\/#website\",\"url\":\"https:\/\/talkpal.ai\/fr\/\",\"name\":\"Talkpal\",\"description\":\"AI Language Learning\",\"publisher\":{\"@id\":\"https:\/\/talkpal.ai\/fr\/#organization\"},\"alternateName\":\"Talkpal AI\",\"potentialAction\":[{\"@type\":\"SearchAction\",\"target\":{\"@type\":\"EntryPoint\",\"urlTemplate\":\"https:\/\/talkpal.ai\/fr\/?s={search_term_string}\"},\"query-input\":{\"@type\":\"PropertyValueSpecification\",\"valueRequired\":true,\"valueName\":\"search_term_string\"}}],\"inLanguage\":\"fr-FR\"},{\"@type\":\"Organization\",\"@id\":\"https:\/\/talkpal.ai\/fr\/#organization\",\"name\":\"Talkpal, Inc.\",\"alternateName\":\"Talkpal AI\",\"url\":\"https:\/\/talkpal.ai\/fr\/\",\"logo\":{\"@type\":\"ImageObject\",\"inLanguage\":\"fr-FR\",\"@id\":\"https:\/\/talkpal.ai\/fr\/#\/schema\/logo\/image\/\",\"url\":\"https:\/\/talkpal.ai\/wp-content\/uploads\/2024\/03\/Talkpal-Logo-Icon.png\",\"contentUrl\":\"https:\/\/talkpal.ai\/wp-content\/uploads\/2024\/03\/Talkpal-Logo-Icon.png\",\"width\":2880,\"height\":2880,\"caption\":\"Talkpal, Inc.\"},\"image\":{\"@id\":\"https:\/\/talkpal.ai\/fr\/#\/schema\/logo\/image\/\"},\"sameAs\":[\"https:\/\/www.facebook.com\/profile.php?id=100090733639311\",\"https:\/\/x.com\/talkpalai\",\"https:\/\/www.linkedin.com\/company\/talkpal\/\",\"https:\/\/www.youtube.com\/@TalkPal\/\",\"https:\/\/www.tiktok.com\/@talkpal\",\"https:\/\/www.instagram.com\/talkpal_ai\/\",\"https:\/\/www.crunchbase.com\/organization\/talkpal-9cde\",\"https:\/\/www.g2.com\/products\/talkpal-for-business\/\",\"https:\/\/www.trustpilot.com\/review\/talkpal.ai\",\"https:\/\/www.capterra.com\/p\/10006800\/TalkPal\/\"],\"description\":\"Talkpal is a language learning web and mobile education app, powered by the latest AI technologies, that provides engaging experiences to its customers in many different languages to help them improve their language skills. Users can chat about unlimited amount of topics with the app and use other modes to practice their language learning.\",\"email\":\"support@talkpal.ai\",\"legalName\":\"Talkpal, Inc.\",\"foundingDate\":\"2023-04-03\",\"duns\":\"118989042\",\"numberOfEmployees\":{\"@type\":\"QuantitativeValue\",\"minValue\":\"11\",\"maxValue\":\"50\"},\"publishingPrinciples\":\"https:\/\/talkpal.ai\/publishing-principles\/\",\"actionableFeedbackPolicy\":\"https:\/\/talkpal.ai\/actionable-feedback-policy\/\",\"correctionsPolicy\":\"https:\/\/talkpal.ai\/corrections-policy\/\",\"ethicsPolicy\":\"https:\/\/talkpal.ai\/ethics-policy\/\",\"diversityPolicy\":\"https:\/\/talkpal.ai\/diversity-policy\/\",\"diversityStaffingReport\":\"https:\/\/talkpal.ai\/diversity-policy\/\"}]}<\/script>\n<!-- \/ Yoast SEO Premium plugin. -->","yoast_head_json":{"title":"Por vs Para - Ma\u00eetriser l\u2019usage du portugais europ\u00e9en - Talkpal","description":"L\u2019apprentissage du portugais europ\u00e9en peut se r\u00e9v\u00e9ler complexe, surtout lorsqu\u2019il s\u2019agit de ma\u00eetriser les pr\u00e9positions. Parmi les plus d\u00e9licates \u00e0","robots":{"index":"index","follow":"follow","max-snippet":"max-snippet:-1","max-image-preview":"max-image-preview:large","max-video-preview":"max-video-preview:-1"},"canonical":"https:\/\/talkpal.ai\/fr\/vocabulary\/por-vs-para-maitriser-lusage-du-portugais-europeen\/","og_locale":"fr_FR","og_type":"article","og_title":"Por vs Para - Ma\u00eetriser l\u2019usage du portugais europ\u00e9en","og_description":"L\u2019apprentissage du portugais europ\u00e9en peut se r\u00e9v\u00e9ler complexe, surtout lorsqu\u2019il s\u2019agit de ma\u00eetriser les pr\u00e9positions. Parmi les plus d\u00e9licates \u00e0","og_url":"https:\/\/talkpal.ai\/fr\/vocabulary\/por-vs-para-maitriser-lusage-du-portugais-europeen\/","og_site_name":"Talkpal","article_publisher":"https:\/\/www.facebook.com\/profile.php?id=100090733639311","og_image":[{"width":1024,"height":1024,"url":"https:\/\/talkpal.ai\/wp-content\/uploads\/2024\/10\/talkpal_flat_illustration_of_a_employees_working_together_happi_c674ff77-e477-4e09-835a-01d30e561e99.png","type":"image\/png"}],"twitter_card":"summary_large_image","twitter_site":"@talkpalai","twitter_misc":{"Dur\u00e9e de lecture estim\u00e9e":"3 minutes"},"schema":{"@context":"https:\/\/schema.org","@graph":[{"@type":"WebPage","@id":"https:\/\/talkpal.ai\/fr\/vocabulary\/por-vs-para-maitriser-lusage-du-portugais-europeen\/","url":"https:\/\/talkpal.ai\/fr\/vocabulary\/por-vs-para-maitriser-lusage-du-portugais-europeen\/","name":"Por vs Para - Ma\u00eetriser l\u2019usage du portugais europ\u00e9en - Talkpal","isPartOf":{"@id":"https:\/\/talkpal.ai\/fr\/#website"},"primaryImageOfPage":{"@id":"https:\/\/talkpal.ai\/fr\/vocabulary\/por-vs-para-maitriser-lusage-du-portugais-europeen\/#primaryimage"},"image":{"@id":"https:\/\/talkpal.ai\/fr\/vocabulary\/por-vs-para-maitriser-lusage-du-portugais-europeen\/#primaryimage"},"thumbnailUrl":"https:\/\/talkpal.ai\/wp-content\/uploads\/2025\/12\/computer-is-used-to-learn-languages.webp","datePublished":"2024-05-12T21:59:22+00:00","description":"L\u2019apprentissage du portugais europ\u00e9en peut se r\u00e9v\u00e9ler complexe, surtout lorsqu\u2019il s\u2019agit de ma\u00eetriser les pr\u00e9positions. Parmi les plus d\u00e9licates \u00e0","breadcrumb":{"@id":"https:\/\/talkpal.ai\/fr\/vocabulary\/por-vs-para-maitriser-lusage-du-portugais-europeen\/#breadcrumb"},"inLanguage":"fr-FR","potentialAction":[{"@type":"ReadAction","target":["https:\/\/talkpal.ai\/fr\/vocabulary\/por-vs-para-maitriser-lusage-du-portugais-europeen\/"]}]},{"@type":"ImageObject","inLanguage":"fr-FR","@id":"https:\/\/talkpal.ai\/fr\/vocabulary\/por-vs-para-maitriser-lusage-du-portugais-europeen\/#primaryimage","url":"https:\/\/talkpal.ai\/wp-content\/uploads\/2025\/12\/computer-is-used-to-learn-languages.webp","contentUrl":"https:\/\/talkpal.ai\/wp-content\/uploads\/2025\/12\/computer-is-used-to-learn-languages.webp","width":1200,"height":896,"caption":"Students work at staggered desks using desktop computers for learning languages in a library with tall shelves."},{"@type":"BreadcrumbList","@id":"https:\/\/talkpal.ai\/fr\/vocabulary\/por-vs-para-maitriser-lusage-du-portugais-europeen\/#breadcrumb","itemListElement":[{"@type":"ListItem","position":1,"name":"Homepage","item":"https:\/\/talkpal.ai\/fr\/"},{"@type":"ListItem","position":2,"name":"Por vs Para &#8211; Ma\u00eetriser l\u2019usage du portugais europ\u00e9en"}]},{"@type":"WebSite","@id":"https:\/\/talkpal.ai\/fr\/#website","url":"https:\/\/talkpal.ai\/fr\/","name":"Talkpal","description":"AI Language Learning","publisher":{"@id":"https:\/\/talkpal.ai\/fr\/#organization"},"alternateName":"Talkpal AI","potentialAction":[{"@type":"SearchAction","target":{"@type":"EntryPoint","urlTemplate":"https:\/\/talkpal.ai\/fr\/?s={search_term_string}"},"query-input":{"@type":"PropertyValueSpecification","valueRequired":true,"valueName":"search_term_string"}}],"inLanguage":"fr-FR"},{"@type":"Organization","@id":"https:\/\/talkpal.ai\/fr\/#organization","name":"Talkpal, Inc.","alternateName":"Talkpal AI","url":"https:\/\/talkpal.ai\/fr\/","logo":{"@type":"ImageObject","inLanguage":"fr-FR","@id":"https:\/\/talkpal.ai\/fr\/#\/schema\/logo\/image\/","url":"https:\/\/talkpal.ai\/wp-content\/uploads\/2024\/03\/Talkpal-Logo-Icon.png","contentUrl":"https:\/\/talkpal.ai\/wp-content\/uploads\/2024\/03\/Talkpal-Logo-Icon.png","width":2880,"height":2880,"caption":"Talkpal, Inc."},"image":{"@id":"https:\/\/talkpal.ai\/fr\/#\/schema\/logo\/image\/"},"sameAs":["https:\/\/www.facebook.com\/profile.php?id=100090733639311","https:\/\/x.com\/talkpalai","https:\/\/www.linkedin.com\/company\/talkpal\/","https:\/\/www.youtube.com\/@TalkPal\/","https:\/\/www.tiktok.com\/@talkpal","https:\/\/www.instagram.com\/talkpal_ai\/","https:\/\/www.crunchbase.com\/organization\/talkpal-9cde","https:\/\/www.g2.com\/products\/talkpal-for-business\/","https:\/\/www.trustpilot.com\/review\/talkpal.ai","https:\/\/www.capterra.com\/p\/10006800\/TalkPal\/"],"description":"Talkpal is a language learning web and mobile education app, powered by the latest AI technologies, that provides engaging experiences to its customers in many different languages to help them improve their language skills. Users can chat about unlimited amount of topics with the app and use other modes to practice their language learning.","email":"support@talkpal.ai","legalName":"Talkpal, Inc.","foundingDate":"2023-04-03","duns":"118989042","numberOfEmployees":{"@type":"QuantitativeValue","minValue":"11","maxValue":"50"},"publishingPrinciples":"https:\/\/talkpal.ai\/publishing-principles\/","actionableFeedbackPolicy":"https:\/\/talkpal.ai\/actionable-feedback-policy\/","correctionsPolicy":"https:\/\/talkpal.ai\/corrections-policy\/","ethicsPolicy":"https:\/\/talkpal.ai\/ethics-policy\/","diversityPolicy":"https:\/\/talkpal.ai\/diversity-policy\/","diversityStaffingReport":"https:\/\/talkpal.ai\/diversity-policy\/"}]}},"_links":{"self":[{"href":"https:\/\/talkpal.ai\/fr\/wp-json\/wp\/v2\/vocabulary\/290728","targetHints":{"allow":["GET"]}}],"collection":[{"href":"https:\/\/talkpal.ai\/fr\/wp-json\/wp\/v2\/vocabulary"}],"about":[{"href":"https:\/\/talkpal.ai\/fr\/wp-json\/wp\/v2\/types\/vocabulary"}],"wp:featuredmedia":[{"embeddable":true,"href":"https:\/\/talkpal.ai\/fr\/wp-json\/wp\/v2\/media\/1527619"}],"wp:attachment":[{"href":"https:\/\/talkpal.ai\/fr\/wp-json\/wp\/v2\/media?parent=290728"}],"wp:term":[{"taxonomy":"vocabulary_language","embeddable":true,"href":"https:\/\/talkpal.ai\/fr\/wp-json\/wp\/v2\/vocabulary_language?post=290728"}],"curies":[{"name":"wp","href":"https:\/\/api.w.org\/{rel}","templated":true}]}}