{"id":290012,"date":"2024-05-12T20:58:48","date_gmt":"2024-05-12T20:58:48","guid":{"rendered":"https:\/\/talkpal.ai\/vocabulary\/rod-vs-roda-rouges-dans-les-adjectifs-suedois\/"},"modified":"2025-12-26T13:45:45","modified_gmt":"2025-12-26T13:45:45","slug":"rod-vs-roda-rouges-dans-les-adjectifs-suedois","status":"publish","type":"vocabulary","link":"https:\/\/talkpal.ai\/fr\/vocabulary\/rod-vs-roda-rouges-dans-les-adjectifs-suedois\/","title":{"rendered":"R\u00f6d vs R\u00f6da &#8211; Rouges dans les adjectifs su\u00e9dois"},"content":{"rendered":"<p>L&rsquo;apprentissage des adjectifs en <a href=\"https:\/\/talkpal.ai\/learn-swedish\/\">su\u00e9dois<\/a> peut souvent pr\u00eater \u00e0 confusion, surtout quand <a href=\"https:\/\/talkpal.ai\/culture\/how-do-i-use-the-expression-il-sagit-de\/\">il s&rsquo;agit<\/a> de comprendre leurs formes en fonction du genre et du nombre. Un bon exemple de cette complexit\u00e9 peut \u00eatre observ\u00e9 avec l&rsquo;adjectif \u00ab\u00a0rouge\u00a0\u00bb qui se traduit par <b>r\u00f6d<\/b> en su\u00e9dois pour le singulier et <b>r\u00f6da<\/b> pour le <a href=\"https:\/\/talkpal.ai\/ar\/grammar_exercises\/pluriel-%d8%aa%d9%85%d8%a7%d8%b1%d9%8a%d9%86-%d9%84%d9%84%d9%82%d9%88%d8%a7%d8%b9%d8%af-%d8%a7%d9%84%d9%81%d8%b1%d9%86%d8%b3%d9%8a%d8%a9\/\">pluriel<\/a>. Cet article explore en d\u00e9tail l&rsquo;utilisation de ces deux formes et donne des conseils pratiques pour les ma\u00eetriser.<\/p>\n<h3>Comprendre la base : l&rsquo;adjectif r\u00f6d<\/h3>\n<p>En su\u00e9dois, l&rsquo;adjectif <b>r\u00f6d<\/b> est utilis\u00e9 pour qualifier un substantif au singulier et de genre ind\u00e9termin\u00e9 ou masculin. C&rsquo;est une r\u00e8gle g\u00e9n\u00e9rale qui s&rsquo;applique \u00e0 la plupart des adjectifs en su\u00e9dois. Voici quelques utilisations dans des phrases :<\/p>\n<p>&#8211; Han har en r\u00f6d bil. (Il a une voiture rouge.)<br \/>\n&#8211; Jag k\u00f6pte en r\u00f6d kl\u00e4nning ig\u00e5r. (J&rsquo;ai achet\u00e9 une robe rouge hier.)<\/p>\n<p>Il est important de noter que <b>r\u00f6d<\/b> reste invariable en genre, ce qui signifie qu&rsquo;il est utilis\u00e9 aussi bien pour les noms masculins que f\u00e9minins au singulier.<\/p>\n<h3>L&rsquo;adjectif r\u00f6da pour le pluriel<\/h3>\n<p>Lorsque l&rsquo;on parle de plusieurs objets ou personnes, l&rsquo;adjectif <b>r\u00f6da<\/b> est utilis\u00e9, ind\u00e9pendamment du <a href=\"https:\/\/talkpal.ai\/fr\/grammar\/genre-des-noms-en-grammaire-thai\/\">genre des noms<\/a> qu&rsquo;il qualifie. C&rsquo;est la forme plurielle de <b>r\u00f6d<\/b>. Exemples :<\/p>\n<p>&#8211; Jag ser r\u00f6da bilar. (Je vois des voitures rouges.)<br \/>\n&#8211; De nya eleverna har r\u00f6da tr\u00f6jor. (Les nouveaux \u00e9l\u00e8ves ont des chemises rouges.)<\/p>\n<p>Cette r\u00e8gle de passage de <b>r\u00f6d<\/b> \u00e0 <b>r\u00f6da<\/b> au pluriel est cruciale pour assurer l&rsquo;accord correct entre le sujet et l&rsquo;adjectif en su\u00e9dois.<\/p>\n<h3>Exceptions et cas particuliers<\/h3>\n<p>Bien que les r\u00e8gles mentionn\u00e9es ci-dessus soient g\u00e9n\u00e9ralement fiables, il existe des exceptions, notamment en fonction du contexte de la phrase. Par exemple, lorsqu&rsquo;un adjectif est utilis\u00e9 de mani\u00e8re substantiv\u00e9e, il peut adopter une forme l\u00e9g\u00e8rement diff\u00e9rente. Cela se produit souvent dans les <a href=\"https:\/\/talkpal.ai\/fr\/culture\/les-expressions-idiomatiques-liees-aux-animaux-en-francais\/\">expressions idiomatiques<\/a> ou les phrases o\u00f9 l&rsquo;adjectif prend une importance particuli\u00e8re.<\/p>\n<p>&#8211; Det r\u00f6da \u00e4r vackrare \u00e4n det bl\u00e5. (Le rouge est plus beau que le bleu.)<\/p>\n<p>Dans cette phrase, <b>r\u00f6da<\/b> est utilis\u00e9 comme un substantif et doit donc s&rsquo;accorder en nombre et en genre avec le sujet de la phrase.<\/p>\n<h3>Conseils pratiques pour ma\u00eetriser r\u00f6d et r\u00f6da<\/h3>\n<p>1. <b>Pratique r\u00e9guli\u00e8re<\/b> : Comme pour tout aspect d&rsquo;une langue \u00e9trang\u00e8re, la pratique r\u00e9guli\u00e8re est essentielle. Essayez d&rsquo;incorporer des phrases avec <b>r\u00f6d<\/b> et <b>r\u00f6da<\/b> dans vos exercices de su\u00e9dois.<\/p>\n<p>2. <b>Lecture et \u00e9coute<\/b> : Exposez-vous \u00e0 la langue su\u00e9doise autant que possible \u00e0 travers des livres, des films et des \u00e9missions de t\u00e9l\u00e9vision. Faites attention \u00e0 la mani\u00e8re dont les adjectifs sont utilis\u00e9s dans diff\u00e9rents contextes.<\/p>\n<p>3. <b>Dialogue avec des natifs<\/b> : Si possible, parlez avec des locuteurs natifs et demandez-leur des clarifications sur l&rsquo;utilisation de <b>r\u00f6d<\/b> et <b>r\u00f6da<\/b>. Cela peut \u00e9galement vous aider \u00e0 comprendre les nuances de leur utilisation.<\/p>\n<p>4. <b>Utilisation de ressources en ligne<\/b> : Il existe de nombreuses ressources en ligne qui peuvent vous aider \u00e0 comprendre et \u00e0 pratiquer les adjectifs su\u00e9dois. Utilisez-les pour renforcer votre apprentissage.<\/p>\n<p>En conclusion, bien que <b>r\u00f6d<\/b> et <b>r\u00f6da<\/b> puissent initialement sembler d\u00e9routants, une compr\u00e9hension claire de leurs utilisations et quelques pratiques cibl\u00e9es vous aideront \u00e0 ma\u00eetriser leur usage. Gardez \u00e0 l&rsquo;esprit que la ma\u00eetrise d&rsquo;une langue \u00e9trang\u00e8re vient avec le <a href=\"https:\/\/talkpal.ai\/zh-hans\/grammar_exercises\/temps-%e6%b3%95%e8%af%ad%e8%af%ad%e6%b3%95%e7%bb%83%e4%b9%a0\/\">temps<\/a> et la persistance. <a href=\"https:\/\/talkpal.ai\/culture\/how-do-i-wish-someone-good-luck-in-french\/\">Bonne chance<\/a> dans votre apprentissage du su\u00e9dois!<\/p>\n","protected":false},"featured_media":1527963,"template":"","vocabulary_language":[3331],"class_list":["post-290012","vocabulary","type-vocabulary","status-publish","has-post-thumbnail","hentry","vocabulary_language-suedois"],"acf":[],"yoast_head":"<!-- This site is optimized with the Yoast SEO Premium plugin v27.2 (Yoast SEO v27.2) - https:\/\/yoast.com\/product\/yoast-seo-premium-wordpress\/ -->\n<title>R\u00f6d vs R\u00f6da - Rouges dans les adjectifs su\u00e9dois - Talkpal<\/title>\n<meta name=\"description\" content=\"L&#039;apprentissage des adjectifs en su\u00e9dois peut souvent pr\u00eater \u00e0 confusion, surtout quand il s&#039;agit de comprendre leurs formes en fonction du genre et du\" \/>\n<meta name=\"robots\" content=\"index, follow, max-snippet:-1, max-image-preview:large, max-video-preview:-1\" \/>\n<link rel=\"canonical\" href=\"https:\/\/talkpal.ai\/fr\/vocabulary\/rod-vs-roda-rouges-dans-les-adjectifs-suedois\/\" \/>\n<meta property=\"og:locale\" content=\"fr_FR\" \/>\n<meta property=\"og:type\" content=\"article\" \/>\n<meta property=\"og:title\" content=\"R\u00f6d vs R\u00f6da - Rouges dans les adjectifs su\u00e9dois\" \/>\n<meta property=\"og:description\" content=\"L&#039;apprentissage des adjectifs en su\u00e9dois peut souvent pr\u00eater \u00e0 confusion, surtout quand il s&#039;agit de comprendre leurs formes en fonction du genre et du\" \/>\n<meta property=\"og:url\" content=\"https:\/\/talkpal.ai\/fr\/vocabulary\/rod-vs-roda-rouges-dans-les-adjectifs-suedois\/\" \/>\n<meta property=\"og:site_name\" content=\"Talkpal\" \/>\n<meta property=\"article:publisher\" content=\"https:\/\/www.facebook.com\/profile.php?id=100090733639311\" \/>\n<meta property=\"article:modified_time\" content=\"2025-12-26T13:45:45+00:00\" \/>\n<meta property=\"og:image\" content=\"https:\/\/talkpal.ai\/wp-content\/uploads\/2024\/10\/talkpal_flat_illustration_of_a_employees_working_together_happi_c674ff77-e477-4e09-835a-01d30e561e99.png\" \/>\n\t<meta property=\"og:image:width\" content=\"1024\" \/>\n\t<meta property=\"og:image:height\" content=\"1024\" \/>\n\t<meta property=\"og:image:type\" content=\"image\/png\" \/>\n<meta name=\"twitter:card\" content=\"summary_large_image\" \/>\n<meta name=\"twitter:site\" content=\"@talkpalai\" \/>\n<meta name=\"twitter:label1\" content=\"Dur\u00e9e de lecture estim\u00e9e\" \/>\n\t<meta name=\"twitter:data1\" content=\"3 minutes\" \/>\n<script type=\"application\/ld+json\" class=\"yoast-schema-graph\">{\"@context\":\"https:\/\/schema.org\",\"@graph\":[{\"@type\":\"WebPage\",\"@id\":\"https:\/\/talkpal.ai\/fr\/vocabulary\/rod-vs-roda-rouges-dans-les-adjectifs-suedois\/\",\"url\":\"https:\/\/talkpal.ai\/fr\/vocabulary\/rod-vs-roda-rouges-dans-les-adjectifs-suedois\/\",\"name\":\"R\u00f6d vs R\u00f6da - Rouges dans les adjectifs su\u00e9dois - Talkpal\",\"isPartOf\":{\"@id\":\"https:\/\/talkpal.ai\/fr\/#website\"},\"primaryImageOfPage\":{\"@id\":\"https:\/\/talkpal.ai\/fr\/vocabulary\/rod-vs-roda-rouges-dans-les-adjectifs-suedois\/#primaryimage\"},\"image\":{\"@id\":\"https:\/\/talkpal.ai\/fr\/vocabulary\/rod-vs-roda-rouges-dans-les-adjectifs-suedois\/#primaryimage\"},\"thumbnailUrl\":\"https:\/\/talkpal.ai\/wp-content\/uploads\/2025\/12\/students-share-laptop-to-learn-languages.webp\",\"datePublished\":\"2024-05-12T20:58:48+00:00\",\"dateModified\":\"2025-12-26T13:45:45+00:00\",\"description\":\"L'apprentissage des adjectifs en su\u00e9dois peut souvent pr\u00eater \u00e0 confusion, surtout quand il s'agit de comprendre leurs formes en fonction du genre et du\",\"breadcrumb\":{\"@id\":\"https:\/\/talkpal.ai\/fr\/vocabulary\/rod-vs-roda-rouges-dans-les-adjectifs-suedois\/#breadcrumb\"},\"inLanguage\":\"fr-FR\",\"potentialAction\":[{\"@type\":\"ReadAction\",\"target\":[\"https:\/\/talkpal.ai\/fr\/vocabulary\/rod-vs-roda-rouges-dans-les-adjectifs-suedois\/\"]}]},{\"@type\":\"ImageObject\",\"inLanguage\":\"fr-FR\",\"@id\":\"https:\/\/talkpal.ai\/fr\/vocabulary\/rod-vs-roda-rouges-dans-les-adjectifs-suedois\/#primaryimage\",\"url\":\"https:\/\/talkpal.ai\/wp-content\/uploads\/2025\/12\/students-share-laptop-to-learn-languages.webp\",\"contentUrl\":\"https:\/\/talkpal.ai\/wp-content\/uploads\/2025\/12\/students-share-laptop-to-learn-languages.webp\",\"width\":1200,\"height\":896,\"caption\":\"Three students sit at an outdoor terrace with laptops while focused on learning languages.\"},{\"@type\":\"BreadcrumbList\",\"@id\":\"https:\/\/talkpal.ai\/fr\/vocabulary\/rod-vs-roda-rouges-dans-les-adjectifs-suedois\/#breadcrumb\",\"itemListElement\":[{\"@type\":\"ListItem\",\"position\":1,\"name\":\"Homepage\",\"item\":\"https:\/\/talkpal.ai\/fr\/\"},{\"@type\":\"ListItem\",\"position\":2,\"name\":\"R\u00f6d vs R\u00f6da &#8211; Rouges dans les adjectifs su\u00e9dois\"}]},{\"@type\":\"WebSite\",\"@id\":\"https:\/\/talkpal.ai\/fr\/#website\",\"url\":\"https:\/\/talkpal.ai\/fr\/\",\"name\":\"Talkpal\",\"description\":\"AI Language Learning\",\"publisher\":{\"@id\":\"https:\/\/talkpal.ai\/fr\/#organization\"},\"alternateName\":\"Talkpal AI\",\"potentialAction\":[{\"@type\":\"SearchAction\",\"target\":{\"@type\":\"EntryPoint\",\"urlTemplate\":\"https:\/\/talkpal.ai\/fr\/?s={search_term_string}\"},\"query-input\":{\"@type\":\"PropertyValueSpecification\",\"valueRequired\":true,\"valueName\":\"search_term_string\"}}],\"inLanguage\":\"fr-FR\"},{\"@type\":\"Organization\",\"@id\":\"https:\/\/talkpal.ai\/fr\/#organization\",\"name\":\"Talkpal, Inc.\",\"alternateName\":\"Talkpal AI\",\"url\":\"https:\/\/talkpal.ai\/fr\/\",\"logo\":{\"@type\":\"ImageObject\",\"inLanguage\":\"fr-FR\",\"@id\":\"https:\/\/talkpal.ai\/fr\/#\/schema\/logo\/image\/\",\"url\":\"https:\/\/talkpal.ai\/wp-content\/uploads\/2024\/03\/Talkpal-Logo-Icon.png\",\"contentUrl\":\"https:\/\/talkpal.ai\/wp-content\/uploads\/2024\/03\/Talkpal-Logo-Icon.png\",\"width\":2880,\"height\":2880,\"caption\":\"Talkpal, Inc.\"},\"image\":{\"@id\":\"https:\/\/talkpal.ai\/fr\/#\/schema\/logo\/image\/\"},\"sameAs\":[\"https:\/\/www.facebook.com\/profile.php?id=100090733639311\",\"https:\/\/x.com\/talkpalai\",\"https:\/\/www.linkedin.com\/company\/talkpal\/\",\"https:\/\/www.youtube.com\/@TalkPal\/\",\"https:\/\/www.tiktok.com\/@talkpal\",\"https:\/\/www.instagram.com\/talkpal_ai\/\",\"https:\/\/www.crunchbase.com\/organization\/talkpal-9cde\",\"https:\/\/www.g2.com\/products\/talkpal-for-business\/\",\"https:\/\/www.trustpilot.com\/review\/talkpal.ai\",\"https:\/\/www.capterra.com\/p\/10006800\/TalkPal\/\"],\"description\":\"Talkpal is a language learning web and mobile education app, powered by the latest AI technologies, that provides engaging experiences to its customers in many different languages to help them improve their language skills. Users can chat about unlimited amount of topics with the app and use other modes to practice their language learning.\",\"email\":\"support@talkpal.ai\",\"legalName\":\"Talkpal, Inc.\",\"foundingDate\":\"2023-04-03\",\"duns\":\"118989042\",\"numberOfEmployees\":{\"@type\":\"QuantitativeValue\",\"minValue\":\"11\",\"maxValue\":\"50\"},\"publishingPrinciples\":\"https:\/\/talkpal.ai\/publishing-principles\/\",\"actionableFeedbackPolicy\":\"https:\/\/talkpal.ai\/actionable-feedback-policy\/\",\"correctionsPolicy\":\"https:\/\/talkpal.ai\/corrections-policy\/\",\"ethicsPolicy\":\"https:\/\/talkpal.ai\/ethics-policy\/\",\"diversityPolicy\":\"https:\/\/talkpal.ai\/diversity-policy\/\",\"diversityStaffingReport\":\"https:\/\/talkpal.ai\/diversity-policy\/\"}]}<\/script>\n<!-- \/ Yoast SEO Premium plugin. -->","yoast_head_json":{"title":"R\u00f6d vs R\u00f6da - Rouges dans les adjectifs su\u00e9dois - Talkpal","description":"L'apprentissage des adjectifs en su\u00e9dois peut souvent pr\u00eater \u00e0 confusion, surtout quand il s'agit de comprendre leurs formes en fonction du genre et du","robots":{"index":"index","follow":"follow","max-snippet":"max-snippet:-1","max-image-preview":"max-image-preview:large","max-video-preview":"max-video-preview:-1"},"canonical":"https:\/\/talkpal.ai\/fr\/vocabulary\/rod-vs-roda-rouges-dans-les-adjectifs-suedois\/","og_locale":"fr_FR","og_type":"article","og_title":"R\u00f6d vs R\u00f6da - Rouges dans les adjectifs su\u00e9dois","og_description":"L'apprentissage des adjectifs en su\u00e9dois peut souvent pr\u00eater \u00e0 confusion, surtout quand il s'agit de comprendre leurs formes en fonction du genre et du","og_url":"https:\/\/talkpal.ai\/fr\/vocabulary\/rod-vs-roda-rouges-dans-les-adjectifs-suedois\/","og_site_name":"Talkpal","article_publisher":"https:\/\/www.facebook.com\/profile.php?id=100090733639311","article_modified_time":"2025-12-26T13:45:45+00:00","og_image":[{"width":1024,"height":1024,"url":"https:\/\/talkpal.ai\/wp-content\/uploads\/2024\/10\/talkpal_flat_illustration_of_a_employees_working_together_happi_c674ff77-e477-4e09-835a-01d30e561e99.png","type":"image\/png"}],"twitter_card":"summary_large_image","twitter_site":"@talkpalai","twitter_misc":{"Dur\u00e9e de lecture estim\u00e9e":"3 minutes"},"schema":{"@context":"https:\/\/schema.org","@graph":[{"@type":"WebPage","@id":"https:\/\/talkpal.ai\/fr\/vocabulary\/rod-vs-roda-rouges-dans-les-adjectifs-suedois\/","url":"https:\/\/talkpal.ai\/fr\/vocabulary\/rod-vs-roda-rouges-dans-les-adjectifs-suedois\/","name":"R\u00f6d vs R\u00f6da - Rouges dans les adjectifs su\u00e9dois - Talkpal","isPartOf":{"@id":"https:\/\/talkpal.ai\/fr\/#website"},"primaryImageOfPage":{"@id":"https:\/\/talkpal.ai\/fr\/vocabulary\/rod-vs-roda-rouges-dans-les-adjectifs-suedois\/#primaryimage"},"image":{"@id":"https:\/\/talkpal.ai\/fr\/vocabulary\/rod-vs-roda-rouges-dans-les-adjectifs-suedois\/#primaryimage"},"thumbnailUrl":"https:\/\/talkpal.ai\/wp-content\/uploads\/2025\/12\/students-share-laptop-to-learn-languages.webp","datePublished":"2024-05-12T20:58:48+00:00","dateModified":"2025-12-26T13:45:45+00:00","description":"L'apprentissage des adjectifs en su\u00e9dois peut souvent pr\u00eater \u00e0 confusion, surtout quand il s'agit de comprendre leurs formes en fonction du genre et du","breadcrumb":{"@id":"https:\/\/talkpal.ai\/fr\/vocabulary\/rod-vs-roda-rouges-dans-les-adjectifs-suedois\/#breadcrumb"},"inLanguage":"fr-FR","potentialAction":[{"@type":"ReadAction","target":["https:\/\/talkpal.ai\/fr\/vocabulary\/rod-vs-roda-rouges-dans-les-adjectifs-suedois\/"]}]},{"@type":"ImageObject","inLanguage":"fr-FR","@id":"https:\/\/talkpal.ai\/fr\/vocabulary\/rod-vs-roda-rouges-dans-les-adjectifs-suedois\/#primaryimage","url":"https:\/\/talkpal.ai\/wp-content\/uploads\/2025\/12\/students-share-laptop-to-learn-languages.webp","contentUrl":"https:\/\/talkpal.ai\/wp-content\/uploads\/2025\/12\/students-share-laptop-to-learn-languages.webp","width":1200,"height":896,"caption":"Three students sit at an outdoor terrace with laptops while focused on learning languages."},{"@type":"BreadcrumbList","@id":"https:\/\/talkpal.ai\/fr\/vocabulary\/rod-vs-roda-rouges-dans-les-adjectifs-suedois\/#breadcrumb","itemListElement":[{"@type":"ListItem","position":1,"name":"Homepage","item":"https:\/\/talkpal.ai\/fr\/"},{"@type":"ListItem","position":2,"name":"R\u00f6d vs R\u00f6da &#8211; Rouges dans les adjectifs su\u00e9dois"}]},{"@type":"WebSite","@id":"https:\/\/talkpal.ai\/fr\/#website","url":"https:\/\/talkpal.ai\/fr\/","name":"Talkpal","description":"AI Language Learning","publisher":{"@id":"https:\/\/talkpal.ai\/fr\/#organization"},"alternateName":"Talkpal AI","potentialAction":[{"@type":"SearchAction","target":{"@type":"EntryPoint","urlTemplate":"https:\/\/talkpal.ai\/fr\/?s={search_term_string}"},"query-input":{"@type":"PropertyValueSpecification","valueRequired":true,"valueName":"search_term_string"}}],"inLanguage":"fr-FR"},{"@type":"Organization","@id":"https:\/\/talkpal.ai\/fr\/#organization","name":"Talkpal, Inc.","alternateName":"Talkpal AI","url":"https:\/\/talkpal.ai\/fr\/","logo":{"@type":"ImageObject","inLanguage":"fr-FR","@id":"https:\/\/talkpal.ai\/fr\/#\/schema\/logo\/image\/","url":"https:\/\/talkpal.ai\/wp-content\/uploads\/2024\/03\/Talkpal-Logo-Icon.png","contentUrl":"https:\/\/talkpal.ai\/wp-content\/uploads\/2024\/03\/Talkpal-Logo-Icon.png","width":2880,"height":2880,"caption":"Talkpal, Inc."},"image":{"@id":"https:\/\/talkpal.ai\/fr\/#\/schema\/logo\/image\/"},"sameAs":["https:\/\/www.facebook.com\/profile.php?id=100090733639311","https:\/\/x.com\/talkpalai","https:\/\/www.linkedin.com\/company\/talkpal\/","https:\/\/www.youtube.com\/@TalkPal\/","https:\/\/www.tiktok.com\/@talkpal","https:\/\/www.instagram.com\/talkpal_ai\/","https:\/\/www.crunchbase.com\/organization\/talkpal-9cde","https:\/\/www.g2.com\/products\/talkpal-for-business\/","https:\/\/www.trustpilot.com\/review\/talkpal.ai","https:\/\/www.capterra.com\/p\/10006800\/TalkPal\/"],"description":"Talkpal is a language learning web and mobile education app, powered by the latest AI technologies, that provides engaging experiences to its customers in many different languages to help them improve their language skills. Users can chat about unlimited amount of topics with the app and use other modes to practice their language learning.","email":"support@talkpal.ai","legalName":"Talkpal, Inc.","foundingDate":"2023-04-03","duns":"118989042","numberOfEmployees":{"@type":"QuantitativeValue","minValue":"11","maxValue":"50"},"publishingPrinciples":"https:\/\/talkpal.ai\/publishing-principles\/","actionableFeedbackPolicy":"https:\/\/talkpal.ai\/actionable-feedback-policy\/","correctionsPolicy":"https:\/\/talkpal.ai\/corrections-policy\/","ethicsPolicy":"https:\/\/talkpal.ai\/ethics-policy\/","diversityPolicy":"https:\/\/talkpal.ai\/diversity-policy\/","diversityStaffingReport":"https:\/\/talkpal.ai\/diversity-policy\/"}]}},"_links":{"self":[{"href":"https:\/\/talkpal.ai\/fr\/wp-json\/wp\/v2\/vocabulary\/290012","targetHints":{"allow":["GET"]}}],"collection":[{"href":"https:\/\/talkpal.ai\/fr\/wp-json\/wp\/v2\/vocabulary"}],"about":[{"href":"https:\/\/talkpal.ai\/fr\/wp-json\/wp\/v2\/types\/vocabulary"}],"wp:featuredmedia":[{"embeddable":true,"href":"https:\/\/talkpal.ai\/fr\/wp-json\/wp\/v2\/media\/1527963"}],"wp:attachment":[{"href":"https:\/\/talkpal.ai\/fr\/wp-json\/wp\/v2\/media?parent=290012"}],"wp:term":[{"taxonomy":"vocabulary_language","embeddable":true,"href":"https:\/\/talkpal.ai\/fr\/wp-json\/wp\/v2\/vocabulary_language?post=290012"}],"curies":[{"name":"wp","href":"https:\/\/api.w.org\/{rel}","templated":true}]}}