{"id":289947,"date":"2024-05-12T20:53:12","date_gmt":"2024-05-12T20:53:12","guid":{"rendered":"https:\/\/talkpal.ai\/vocabulary\/stor-vs-stora-ajuster-les-formes-des-adjectifs-en-suedois\/"},"modified":"2024-05-12T20:53:12","modified_gmt":"2024-05-12T20:53:12","slug":"stor-vs-stora-ajuster-les-formes-des-adjectifs-en-suedois","status":"publish","type":"vocabulary","link":"https:\/\/talkpal.ai\/fr\/vocabulary\/stor-vs-stora-ajuster-les-formes-des-adjectifs-en-suedois\/","title":{"rendered":"Stor vs Stora &#8211; Ajuster les formes des adjectifs en su\u00e9dois"},"content":{"rendered":"<p>L&rsquo;apprentissage du <a href=\"https:\/\/talkpal.ai\/learn-swedish\/\">su\u00e9dois<\/a> peut parfois sembler complexe en raison de ses sp\u00e9cificit\u00e9s grammaticales, notamment la mani\u00e8re dont les adjectifs sont accord\u00e9s en genre et en nombre. Un exemple typique de cette complexit\u00e9 est l&rsquo;utilisation des adjectifs \u00ab\u00a0stor\u00a0\u00bb (grand) et \u00ab\u00a0stora\u00a0\u00bb (grands). Comprendre quand et comment utiliser ces formes peut grandement am\u00e9liorer votre comp\u00e9tence en su\u00e9dois.<\/p>\n<h3>Les bases de l&rsquo;adjectif en su\u00e9dois<\/h3>\n<p>En su\u00e9dois, les adjectifs s&rsquo;accordent avec le nom qu&rsquo;ils qualifient en genre, en nombre et en d\u00e9termination (d\u00e9fini ou ind\u00e9fini). <b>Les formes de l&rsquo;adjectif varient<\/b> donc non seulement en fonction du nombre (singulier ou <a href=\"https:\/\/talkpal.ai\/ar\/grammar_exercises\/pluriel-%d8%aa%d9%85%d8%a7%d8%b1%d9%8a%d9%86-%d9%84%d9%84%d9%82%d9%88%d8%a7%d8%b9%d8%af-%d8%a7%d9%84%d9%81%d8%b1%d9%86%d8%b3%d9%8a%d8%a9\/\">pluriel<\/a>) mais aussi du genre (utrum ou neutre) et de la sp\u00e9cificit\u00e9 (d\u00e9fini ou ind\u00e9fini).<\/p>\n<h3>Comprendre stor et stora<\/h3>\n<p><b>\u00ab\u00a0Stor\u00a0\u00bb<\/b> est utilis\u00e9 pour les noms singuliers de genre commun (utrum), qui est un regroupement des genres masculin et f\u00e9minin, et pour les noms singuliers neutres. Par contre, <b>\u00ab\u00a0stora\u00a0\u00bb<\/b> est utilis\u00e9 pour tous les noms au pluriel ainsi que pour tous les noms au singulier d\u00e9fini, ind\u00e9pendamment de leur genre.<\/p>\n<h3>Utilisation de \u00ab\u00a0stor\u00a0\u00bb en contexte<\/h3>\n<p>Pour un nom au singulier ind\u00e9fini de genre commun, on utilise \u00ab\u00a0stor\u00a0\u00bb:<\/p>\n<ul>\n<li>En bil \u00e4r <b>stor<\/b>.<\/li>\n<p> (Une voiture est grande)\n<\/ul>\n<p>Pour un nom au singulier ind\u00e9fini neutre, on utilise \u00e9galement \u00ab\u00a0stor\u00a0\u00bb :<\/p>\n<ul>\n<li>Ett hus \u00e4r <b>stor<\/b>.<\/li>\n<p> (Une maison est grande)\n<\/ul>\n<h3>Utilisation de \u00ab\u00a0stora\u00a0\u00bb en contexte<\/h3>\n<p>Pour les noms au pluriel ind\u00e9fini, quel que soit le genre, on utilise \u00ab\u00a0stora\u00a0\u00bb:<\/p>\n<ul>\n<li>Bilar \u00e4r <b>stora<\/b>.<\/li>\n<p> (Les voitures sont grandes)<\/p>\n<li>Hus \u00e4r <b>stora<\/b>.<\/li>\n<p> (Les maisons sont grandes)\n<\/ul>\n<p>Pour un nom au singulier d\u00e9fini, on emploie aussi \u00ab\u00a0stora\u00a0\u00bb, ind\u00e9pendamment du genre :<\/p>\n<ul>\n<li>Den d\u00e4r bilen \u00e4r <b>stora<\/b>.<\/li>\n<p> (Cette voiture-l\u00e0 est grande)<\/p>\n<li>Det d\u00e4r huset \u00e4r <b>stora<\/b>.<\/li>\n<p> (Cette maison-l\u00e0 est grande)\n<\/ul>\n<h3>Exceptions et nuances<\/h3>\n<p>Il est crucial de noter que certains adjectifs en su\u00e9dois sont invariables, ce qui signifie qu&rsquo;ils ne changent pas de forme, peu importe le genre, le nombre ou la d\u00e9termination du nom qu&rsquo;ils qualifient. Par exemple, l&rsquo;adjectif \u00ab\u00a0<a href=\"https:\/\/talkpal.ai\/locations\/learn-english-in-bra\/\">bra<\/a>\u00a0\u00bb (bon) reste toujours le m\u00eame :<\/p>\n<ul>\n<li>En bra bil.<\/li>\n<p> (Une bonne voiture)<\/p>\n<li>Det bra huset.<\/li>\n<p> (La bonne maison)<\/p>\n<li>Bra bilar.<\/li>\n<p> (De bonnes voitures)\n<\/ul>\n<h3>Pratique courante<\/h3>\n<p>Pour ma\u00eetriser l&rsquo;accord des adjectifs en su\u00e9dois, la pratique r\u00e9guli\u00e8re est essentielle. Essayez de cr\u00e9er vos propres phrases en utilisant \u00ab\u00a0stor\u00a0\u00bb et \u00ab\u00a0stora\u00a0\u00bb dans diff\u00e9rents contextes pour vous habituer \u00e0 leurs utilisations. Lire des textes en su\u00e9dois peut \u00e9galement vous aider \u00e0 voir ces adjectifs en action et \u00e0 comprendre intuitivement comment ils s&rsquo;accordent avec les noms.<\/p>\n<h3>Conclusion<\/h3>\n<p>L&rsquo;ajustement des adjectifs en su\u00e9dois, notamment l&rsquo;utilisation correcte de \u00ab\u00a0stor\u00a0\u00bb et \u00ab\u00a0stora\u00a0\u00bb, est un \u00e9l\u00e9ment fondamental pour parler et \u00e9crire correctement cette langue. En comprenant le r\u00f4le que jouent le genre, le nombre et la d\u00e9termination dans l&rsquo;accord des adjectifs, vous serez mieux \u00e9quip\u00e9 pour ma\u00eetriser le su\u00e9dois. Continuez \u00e0 pratiquer, et n&rsquo;h\u00e9sitez pas \u00e0 revenir sur ces r\u00e8gles aussi souvent que n\u00e9cessaire pour renforcer votre apprentissage.<\/p>\n","protected":false},"featured_media":1527816,"template":"","vocabulary_language":[3331],"class_list":["post-289947","vocabulary","type-vocabulary","status-publish","has-post-thumbnail","hentry","vocabulary_language-suedois"],"acf":[],"yoast_head":"<!-- This site is optimized with the Yoast SEO Premium plugin v27.2 (Yoast SEO v27.2) - https:\/\/yoast.com\/product\/yoast-seo-premium-wordpress\/ -->\n<title>Stor vs Stora - Ajuster les formes des adjectifs en su\u00e9dois - Talkpal<\/title>\n<meta name=\"description\" content=\"L&#039;apprentissage du su\u00e9dois peut parfois sembler complexe en raison de ses sp\u00e9cificit\u00e9s grammaticales, notamment la mani\u00e8re dont les adjectifs sont\" \/>\n<meta name=\"robots\" content=\"index, follow, max-snippet:-1, max-image-preview:large, max-video-preview:-1\" \/>\n<link rel=\"canonical\" href=\"https:\/\/talkpal.ai\/fr\/vocabulary\/stor-vs-stora-ajuster-les-formes-des-adjectifs-en-suedois\/\" \/>\n<meta property=\"og:locale\" content=\"fr_FR\" \/>\n<meta property=\"og:type\" content=\"article\" \/>\n<meta property=\"og:title\" content=\"Stor vs Stora - Ajuster les formes des adjectifs en su\u00e9dois\" \/>\n<meta property=\"og:description\" content=\"L&#039;apprentissage du su\u00e9dois peut parfois sembler complexe en raison de ses sp\u00e9cificit\u00e9s grammaticales, notamment la mani\u00e8re dont les adjectifs sont\" \/>\n<meta property=\"og:url\" content=\"https:\/\/talkpal.ai\/fr\/vocabulary\/stor-vs-stora-ajuster-les-formes-des-adjectifs-en-suedois\/\" \/>\n<meta property=\"og:site_name\" content=\"Talkpal\" \/>\n<meta property=\"article:publisher\" content=\"https:\/\/www.facebook.com\/profile.php?id=100090733639311\" \/>\n<meta property=\"og:image\" content=\"https:\/\/talkpal.ai\/wp-content\/uploads\/2024\/10\/talkpal_flat_illustration_of_a_employees_working_together_happi_c674ff77-e477-4e09-835a-01d30e561e99.png\" \/>\n\t<meta property=\"og:image:width\" content=\"1024\" \/>\n\t<meta property=\"og:image:height\" content=\"1024\" \/>\n\t<meta property=\"og:image:type\" content=\"image\/png\" \/>\n<meta name=\"twitter:card\" content=\"summary_large_image\" \/>\n<meta name=\"twitter:site\" content=\"@talkpalai\" \/>\n<meta name=\"twitter:label1\" content=\"Dur\u00e9e de lecture estim\u00e9e\" \/>\n\t<meta name=\"twitter:data1\" content=\"3 minutes\" \/>\n<script type=\"application\/ld+json\" class=\"yoast-schema-graph\">{\"@context\":\"https:\/\/schema.org\",\"@graph\":[{\"@type\":\"WebPage\",\"@id\":\"https:\/\/talkpal.ai\/fr\/vocabulary\/stor-vs-stora-ajuster-les-formes-des-adjectifs-en-suedois\/\",\"url\":\"https:\/\/talkpal.ai\/fr\/vocabulary\/stor-vs-stora-ajuster-les-formes-des-adjectifs-en-suedois\/\",\"name\":\"Stor vs Stora - Ajuster les formes des adjectifs en su\u00e9dois - Talkpal\",\"isPartOf\":{\"@id\":\"https:\/\/talkpal.ai\/fr\/#website\"},\"primaryImageOfPage\":{\"@id\":\"https:\/\/talkpal.ai\/fr\/vocabulary\/stor-vs-stora-ajuster-les-formes-des-adjectifs-en-suedois\/#primaryimage\"},\"image\":{\"@id\":\"https:\/\/talkpal.ai\/fr\/vocabulary\/stor-vs-stora-ajuster-les-formes-des-adjectifs-en-suedois\/#primaryimage\"},\"thumbnailUrl\":\"https:\/\/talkpal.ai\/wp-content\/uploads\/2025\/12\/notes-are-written-to-learn-languages.webp\",\"datePublished\":\"2024-05-12T20:53:12+00:00\",\"description\":\"L'apprentissage du su\u00e9dois peut parfois sembler complexe en raison de ses sp\u00e9cificit\u00e9s grammaticales, notamment la mani\u00e8re dont les adjectifs sont\",\"breadcrumb\":{\"@id\":\"https:\/\/talkpal.ai\/fr\/vocabulary\/stor-vs-stora-ajuster-les-formes-des-adjectifs-en-suedois\/#breadcrumb\"},\"inLanguage\":\"fr-FR\",\"potentialAction\":[{\"@type\":\"ReadAction\",\"target\":[\"https:\/\/talkpal.ai\/fr\/vocabulary\/stor-vs-stora-ajuster-les-formes-des-adjectifs-en-suedois\/\"]}]},{\"@type\":\"ImageObject\",\"inLanguage\":\"fr-FR\",\"@id\":\"https:\/\/talkpal.ai\/fr\/vocabulary\/stor-vs-stora-ajuster-les-formes-des-adjectifs-en-suedois\/#primaryimage\",\"url\":\"https:\/\/talkpal.ai\/wp-content\/uploads\/2025\/12\/notes-are-written-to-learn-languages.webp\",\"contentUrl\":\"https:\/\/talkpal.ai\/wp-content\/uploads\/2025\/12\/notes-are-written-to-learn-languages.webp\",\"width\":1200,\"height\":896,\"caption\":\"A young man writes notes at a desk while learning languages during a scenic sunset.\"},{\"@type\":\"BreadcrumbList\",\"@id\":\"https:\/\/talkpal.ai\/fr\/vocabulary\/stor-vs-stora-ajuster-les-formes-des-adjectifs-en-suedois\/#breadcrumb\",\"itemListElement\":[{\"@type\":\"ListItem\",\"position\":1,\"name\":\"Homepage\",\"item\":\"https:\/\/talkpal.ai\/fr\/\"},{\"@type\":\"ListItem\",\"position\":2,\"name\":\"Stor vs Stora &#8211; Ajuster les formes des adjectifs en su\u00e9dois\"}]},{\"@type\":\"WebSite\",\"@id\":\"https:\/\/talkpal.ai\/fr\/#website\",\"url\":\"https:\/\/talkpal.ai\/fr\/\",\"name\":\"Talkpal\",\"description\":\"AI Language Learning\",\"publisher\":{\"@id\":\"https:\/\/talkpal.ai\/fr\/#organization\"},\"alternateName\":\"Talkpal AI\",\"potentialAction\":[{\"@type\":\"SearchAction\",\"target\":{\"@type\":\"EntryPoint\",\"urlTemplate\":\"https:\/\/talkpal.ai\/fr\/?s={search_term_string}\"},\"query-input\":{\"@type\":\"PropertyValueSpecification\",\"valueRequired\":true,\"valueName\":\"search_term_string\"}}],\"inLanguage\":\"fr-FR\"},{\"@type\":\"Organization\",\"@id\":\"https:\/\/talkpal.ai\/fr\/#organization\",\"name\":\"Talkpal, Inc.\",\"alternateName\":\"Talkpal AI\",\"url\":\"https:\/\/talkpal.ai\/fr\/\",\"logo\":{\"@type\":\"ImageObject\",\"inLanguage\":\"fr-FR\",\"@id\":\"https:\/\/talkpal.ai\/fr\/#\/schema\/logo\/image\/\",\"url\":\"https:\/\/talkpal.ai\/wp-content\/uploads\/2024\/03\/Talkpal-Logo-Icon.png\",\"contentUrl\":\"https:\/\/talkpal.ai\/wp-content\/uploads\/2024\/03\/Talkpal-Logo-Icon.png\",\"width\":2880,\"height\":2880,\"caption\":\"Talkpal, Inc.\"},\"image\":{\"@id\":\"https:\/\/talkpal.ai\/fr\/#\/schema\/logo\/image\/\"},\"sameAs\":[\"https:\/\/www.facebook.com\/profile.php?id=100090733639311\",\"https:\/\/x.com\/talkpalai\",\"https:\/\/www.linkedin.com\/company\/talkpal\/\",\"https:\/\/www.youtube.com\/@TalkPal\/\",\"https:\/\/www.tiktok.com\/@talkpal\",\"https:\/\/www.instagram.com\/talkpal_ai\/\",\"https:\/\/www.crunchbase.com\/organization\/talkpal-9cde\",\"https:\/\/www.g2.com\/products\/talkpal-for-business\/\",\"https:\/\/www.trustpilot.com\/review\/talkpal.ai\",\"https:\/\/www.capterra.com\/p\/10006800\/TalkPal\/\"],\"description\":\"Talkpal is a language learning web and mobile education app, powered by the latest AI technologies, that provides engaging experiences to its customers in many different languages to help them improve their language skills. Users can chat about unlimited amount of topics with the app and use other modes to practice their language learning.\",\"email\":\"support@talkpal.ai\",\"legalName\":\"Talkpal, Inc.\",\"foundingDate\":\"2023-04-03\",\"duns\":\"118989042\",\"numberOfEmployees\":{\"@type\":\"QuantitativeValue\",\"minValue\":\"11\",\"maxValue\":\"50\"},\"publishingPrinciples\":\"https:\/\/talkpal.ai\/publishing-principles\/\",\"actionableFeedbackPolicy\":\"https:\/\/talkpal.ai\/actionable-feedback-policy\/\",\"correctionsPolicy\":\"https:\/\/talkpal.ai\/corrections-policy\/\",\"ethicsPolicy\":\"https:\/\/talkpal.ai\/ethics-policy\/\",\"diversityPolicy\":\"https:\/\/talkpal.ai\/diversity-policy\/\",\"diversityStaffingReport\":\"https:\/\/talkpal.ai\/diversity-policy\/\"}]}<\/script>\n<!-- \/ Yoast SEO Premium plugin. -->","yoast_head_json":{"title":"Stor vs Stora - Ajuster les formes des adjectifs en su\u00e9dois - Talkpal","description":"L'apprentissage du su\u00e9dois peut parfois sembler complexe en raison de ses sp\u00e9cificit\u00e9s grammaticales, notamment la mani\u00e8re dont les adjectifs sont","robots":{"index":"index","follow":"follow","max-snippet":"max-snippet:-1","max-image-preview":"max-image-preview:large","max-video-preview":"max-video-preview:-1"},"canonical":"https:\/\/talkpal.ai\/fr\/vocabulary\/stor-vs-stora-ajuster-les-formes-des-adjectifs-en-suedois\/","og_locale":"fr_FR","og_type":"article","og_title":"Stor vs Stora - Ajuster les formes des adjectifs en su\u00e9dois","og_description":"L'apprentissage du su\u00e9dois peut parfois sembler complexe en raison de ses sp\u00e9cificit\u00e9s grammaticales, notamment la mani\u00e8re dont les adjectifs sont","og_url":"https:\/\/talkpal.ai\/fr\/vocabulary\/stor-vs-stora-ajuster-les-formes-des-adjectifs-en-suedois\/","og_site_name":"Talkpal","article_publisher":"https:\/\/www.facebook.com\/profile.php?id=100090733639311","og_image":[{"width":1024,"height":1024,"url":"https:\/\/talkpal.ai\/wp-content\/uploads\/2024\/10\/talkpal_flat_illustration_of_a_employees_working_together_happi_c674ff77-e477-4e09-835a-01d30e561e99.png","type":"image\/png"}],"twitter_card":"summary_large_image","twitter_site":"@talkpalai","twitter_misc":{"Dur\u00e9e de lecture estim\u00e9e":"3 minutes"},"schema":{"@context":"https:\/\/schema.org","@graph":[{"@type":"WebPage","@id":"https:\/\/talkpal.ai\/fr\/vocabulary\/stor-vs-stora-ajuster-les-formes-des-adjectifs-en-suedois\/","url":"https:\/\/talkpal.ai\/fr\/vocabulary\/stor-vs-stora-ajuster-les-formes-des-adjectifs-en-suedois\/","name":"Stor vs Stora - Ajuster les formes des adjectifs en su\u00e9dois - Talkpal","isPartOf":{"@id":"https:\/\/talkpal.ai\/fr\/#website"},"primaryImageOfPage":{"@id":"https:\/\/talkpal.ai\/fr\/vocabulary\/stor-vs-stora-ajuster-les-formes-des-adjectifs-en-suedois\/#primaryimage"},"image":{"@id":"https:\/\/talkpal.ai\/fr\/vocabulary\/stor-vs-stora-ajuster-les-formes-des-adjectifs-en-suedois\/#primaryimage"},"thumbnailUrl":"https:\/\/talkpal.ai\/wp-content\/uploads\/2025\/12\/notes-are-written-to-learn-languages.webp","datePublished":"2024-05-12T20:53:12+00:00","description":"L'apprentissage du su\u00e9dois peut parfois sembler complexe en raison de ses sp\u00e9cificit\u00e9s grammaticales, notamment la mani\u00e8re dont les adjectifs sont","breadcrumb":{"@id":"https:\/\/talkpal.ai\/fr\/vocabulary\/stor-vs-stora-ajuster-les-formes-des-adjectifs-en-suedois\/#breadcrumb"},"inLanguage":"fr-FR","potentialAction":[{"@type":"ReadAction","target":["https:\/\/talkpal.ai\/fr\/vocabulary\/stor-vs-stora-ajuster-les-formes-des-adjectifs-en-suedois\/"]}]},{"@type":"ImageObject","inLanguage":"fr-FR","@id":"https:\/\/talkpal.ai\/fr\/vocabulary\/stor-vs-stora-ajuster-les-formes-des-adjectifs-en-suedois\/#primaryimage","url":"https:\/\/talkpal.ai\/wp-content\/uploads\/2025\/12\/notes-are-written-to-learn-languages.webp","contentUrl":"https:\/\/talkpal.ai\/wp-content\/uploads\/2025\/12\/notes-are-written-to-learn-languages.webp","width":1200,"height":896,"caption":"A young man writes notes at a desk while learning languages during a scenic sunset."},{"@type":"BreadcrumbList","@id":"https:\/\/talkpal.ai\/fr\/vocabulary\/stor-vs-stora-ajuster-les-formes-des-adjectifs-en-suedois\/#breadcrumb","itemListElement":[{"@type":"ListItem","position":1,"name":"Homepage","item":"https:\/\/talkpal.ai\/fr\/"},{"@type":"ListItem","position":2,"name":"Stor vs Stora &#8211; Ajuster les formes des adjectifs en su\u00e9dois"}]},{"@type":"WebSite","@id":"https:\/\/talkpal.ai\/fr\/#website","url":"https:\/\/talkpal.ai\/fr\/","name":"Talkpal","description":"AI Language Learning","publisher":{"@id":"https:\/\/talkpal.ai\/fr\/#organization"},"alternateName":"Talkpal AI","potentialAction":[{"@type":"SearchAction","target":{"@type":"EntryPoint","urlTemplate":"https:\/\/talkpal.ai\/fr\/?s={search_term_string}"},"query-input":{"@type":"PropertyValueSpecification","valueRequired":true,"valueName":"search_term_string"}}],"inLanguage":"fr-FR"},{"@type":"Organization","@id":"https:\/\/talkpal.ai\/fr\/#organization","name":"Talkpal, Inc.","alternateName":"Talkpal AI","url":"https:\/\/talkpal.ai\/fr\/","logo":{"@type":"ImageObject","inLanguage":"fr-FR","@id":"https:\/\/talkpal.ai\/fr\/#\/schema\/logo\/image\/","url":"https:\/\/talkpal.ai\/wp-content\/uploads\/2024\/03\/Talkpal-Logo-Icon.png","contentUrl":"https:\/\/talkpal.ai\/wp-content\/uploads\/2024\/03\/Talkpal-Logo-Icon.png","width":2880,"height":2880,"caption":"Talkpal, Inc."},"image":{"@id":"https:\/\/talkpal.ai\/fr\/#\/schema\/logo\/image\/"},"sameAs":["https:\/\/www.facebook.com\/profile.php?id=100090733639311","https:\/\/x.com\/talkpalai","https:\/\/www.linkedin.com\/company\/talkpal\/","https:\/\/www.youtube.com\/@TalkPal\/","https:\/\/www.tiktok.com\/@talkpal","https:\/\/www.instagram.com\/talkpal_ai\/","https:\/\/www.crunchbase.com\/organization\/talkpal-9cde","https:\/\/www.g2.com\/products\/talkpal-for-business\/","https:\/\/www.trustpilot.com\/review\/talkpal.ai","https:\/\/www.capterra.com\/p\/10006800\/TalkPal\/"],"description":"Talkpal is a language learning web and mobile education app, powered by the latest AI technologies, that provides engaging experiences to its customers in many different languages to help them improve their language skills. Users can chat about unlimited amount of topics with the app and use other modes to practice their language learning.","email":"support@talkpal.ai","legalName":"Talkpal, Inc.","foundingDate":"2023-04-03","duns":"118989042","numberOfEmployees":{"@type":"QuantitativeValue","minValue":"11","maxValue":"50"},"publishingPrinciples":"https:\/\/talkpal.ai\/publishing-principles\/","actionableFeedbackPolicy":"https:\/\/talkpal.ai\/actionable-feedback-policy\/","correctionsPolicy":"https:\/\/talkpal.ai\/corrections-policy\/","ethicsPolicy":"https:\/\/talkpal.ai\/ethics-policy\/","diversityPolicy":"https:\/\/talkpal.ai\/diversity-policy\/","diversityStaffingReport":"https:\/\/talkpal.ai\/diversity-policy\/"}]}},"_links":{"self":[{"href":"https:\/\/talkpal.ai\/fr\/wp-json\/wp\/v2\/vocabulary\/289947","targetHints":{"allow":["GET"]}}],"collection":[{"href":"https:\/\/talkpal.ai\/fr\/wp-json\/wp\/v2\/vocabulary"}],"about":[{"href":"https:\/\/talkpal.ai\/fr\/wp-json\/wp\/v2\/types\/vocabulary"}],"wp:featuredmedia":[{"embeddable":true,"href":"https:\/\/talkpal.ai\/fr\/wp-json\/wp\/v2\/media\/1527816"}],"wp:attachment":[{"href":"https:\/\/talkpal.ai\/fr\/wp-json\/wp\/v2\/media?parent=289947"}],"wp:term":[{"taxonomy":"vocabulary_language","embeddable":true,"href":"https:\/\/talkpal.ai\/fr\/wp-json\/wp\/v2\/vocabulary_language?post=289947"}],"curies":[{"name":"wp","href":"https:\/\/api.w.org\/{rel}","templated":true}]}}