{"id":289702,"date":"2024-05-12T20:32:55","date_gmt":"2024-05-12T20:32:55","guid":{"rendered":"https:\/\/talkpal.ai\/vocabulary\/kalt-vs-kalte-comprendre-le-froid-sous-les-formes-nominales-et-adjectives-en-allemand\/"},"modified":"2024-05-12T20:32:55","modified_gmt":"2024-05-12T20:32:55","slug":"kalt-vs-kalte-comprendre-le-froid-sous-les-formes-nominales-et-adjectives-en-allemand","status":"publish","type":"vocabulary","link":"https:\/\/talkpal.ai\/fr\/vocabulary\/kalt-vs-kalte-comprendre-le-froid-sous-les-formes-nominales-et-adjectives-en-allemand\/","title":{"rendered":"Kalt vs K\u00e4lte &#8211; Comprendre le froid sous les formes nominales et adjectives en allemand"},"content":{"rendered":"<p>Lorsque l\u2019on apprend l\u2019allemand, il est essentiel de bien comprendre la distinction entre les adjectifs et les noms, car cela peut parfois pr\u00eater \u00e0 confusion, notamment avec des mots comme \u00ab\u00a0kalt\u00a0\u00bb et \u00ab\u00a0K\u00e4lte\u00a0\u00bb qui sont tous deux li\u00e9s \u00e0 la notion de froid. Dans cet article, nous allons explorer ces deux termes, en mettant en lumi\u00e8re leurs usages et leurs nuances pour vous aider \u00e0 ma\u00eetriser leur emploi correct en <a href=\"https:\/\/talkpal.ai\/learn-german\/\">allemand<\/a>.<\/p>\n<h3>Comprendre \u00ab\u00a0kalt\u00a0\u00bb : l&rsquo;adjectif<\/h3>\n<p><b>Kalt<\/b> est un adjectif, ce qui signifie qu&rsquo;il est utilis\u00e9 pour d\u00e9crire un nom. En allemand, comme en <a href=\"https:\/\/talkpal.ai\/learn-french\/\">fran\u00e7ais<\/a>, les adjectifs peuvent varier selon le genre, le nombre et le cas du nom qu&rsquo;ils qualifient. L&rsquo;adjectif <b>kalt<\/b> peut \u00eatre utilis\u00e9 dans diff\u00e9rents contextes, mais garde toujours une relation directe avec la temp\u00e9rature.<\/p>\n<p><b>Das Wasser ist kalt.<\/b> (L&rsquo;eau est froide.)<\/p>\n<p>Ici, <b>kalt<\/b> est utilis\u00e9 pour d\u00e9crire l&rsquo;eau, qui est per\u00e7ue comme froide au toucher. C&rsquo;est un exemple typique de l&rsquo;utilisation de cet adjectif pour qualifier quelque chose de tangible.<\/p>\n<p><b>Der Wind ist kalt.<\/b> (Le vent est froid.)<\/p>\n<p>Dans cette phrase, <b>kalt<\/b> d\u00e9crit le vent. Cela montre que cet adjectif peut \u00e9galement \u00eatre utilis\u00e9 pour d\u00e9crire des ph\u00e9nom\u00e8nes moins tangibles, comme le ressenti de l&rsquo;air.<\/p>\n<h3>D\u00e9couvrir \u00ab\u00a0K\u00e4lte\u00a0\u00bb : le nom<\/h3>\n<p><b>K\u00e4lte<\/b>, en revanche, est un nom qui d\u00e9signe le concept de froid ou de basses temp\u00e9ratures de mani\u00e8re plus g\u00e9n\u00e9rale et abstraite. Ce mot est toujours f\u00e9minin (die K\u00e4lte) et ne change pas de forme.<\/p>\n<p><b>Die K\u00e4lte ist unertr\u00e4glich.<\/b> (Le froid est insupportable.)<\/p>\n<p>Cette phrase montre comment <b>K\u00e4lte<\/b> est utilis\u00e9e pour parler du froid de mani\u00e8re g\u00e9n\u00e9rale, sans n\u00e9cessairement d\u00e9crire directement un objet sp\u00e9cifique.<\/p>\n<p><b>Die K\u00e4lte des Winters kann hart sein.<\/b> (Le froid de l&rsquo;hiver peut \u00eatre dur.)<\/p>\n<p>Ici, <b>K\u00e4lte<\/b> est utilis\u00e9 pour parler sp\u00e9cifiquement du froid associ\u00e9 \u00e0 une saison particuli\u00e8re, l&rsquo;hiver, ce qui illustre sa capacit\u00e9 \u00e0 s&rsquo;adapter \u00e0 diff\u00e9rents contextes tout en restant un nom.<\/p>\n<h3>Les nuances entre \u00ab\u00a0kalt\u00a0\u00bb et \u00ab\u00a0K\u00e4lte\u00a0\u00bb<\/h3>\n<p>La principale diff\u00e9rence entre <b>kalt<\/b> et <b>K\u00e4lte<\/b> r\u00e9side dans le fait que l&rsquo;un est un adjectif et l&rsquo;autre un nom. Cependant, il y a aussi une nuance de <a href=\"https:\/\/talkpal.ai\/locations\/language-courses-in-sens\/\">sens<\/a>. <b>Kalt<\/b> est souvent utilis\u00e9 pour des observations imm\u00e9diates et sp\u00e9cifiques, tandis que <b>K\u00e4lte<\/b> \u00e9voque un concept plus g\u00e9n\u00e9ral et souvent plus intense du froid.<\/p>\n<p><b>Es wird kalt drau\u00dfen.<\/b> (Il commence \u00e0 faire froid dehors.)<\/p>\n<p>Cette phrase avec <b>kalt<\/b> indique un changement de temp\u00e9rature perceptible et imm\u00e9diat.<\/p>\n<p><b>Die K\u00e4lte kann in dieser Region extrem sein.<\/b> (Le froid peut \u00eatre extr\u00eame dans cette r\u00e9gion.)<\/p>\n<p>Contrastant avec l&rsquo;exemple pr\u00e9c\u00e9dent, <b>K\u00e4lte<\/b> ici parle du froid de mani\u00e8re plus globale et intense.<\/p>\n<h3>Quand utiliser \u00ab\u00a0kalt\u00a0\u00bb ou \u00ab\u00a0K\u00e4lte\u00a0\u00bb<\/h3>\n<p>Choisir entre <b>kalt<\/b> et <b>K\u00e4lte<\/b> d\u00e9pend du contexte de la phrase et de ce que vous souhaitez exprimer. Si vous d\u00e9crivez quelque chose de sp\u00e9cifique et direct, <b>kalt<\/b> est appropri\u00e9. Si vous parlez du froid de mani\u00e8re plus abstraite ou intense, <b>K\u00e4lte<\/b> est plus adapt\u00e9.<\/p>\n<p><b>Die N\u00e4chte werden kalt.<\/b> (Les nuits deviennent froides.)<\/p>\n<p><b>Die K\u00e4lte in den Bergen ist oft schwer zu ertragen.<\/b> (Le froid dans les montagnes est souvent difficile \u00e0 supporter.)<\/p>\n<p>En conclusion, bien que <b>kalt<\/b> et <b>K\u00e4lte<\/b> soient \u00e9troitement li\u00e9s, ils servent des fonctions diff\u00e9rentes dans la langue allemande. En comprenant ces nuances, vous pouvez enrichir votre expression et votre compr\u00e9hension de l&rsquo;allemand. La ma\u00eetrise de ces termes vous aidera non seulement \u00e0 am\u00e9liorer votre grammaire, mais aussi \u00e0 affiner votre sensibilit\u00e9 \u00e0 la langue et \u00e0 la culture allemandes.<\/p>\n","protected":false},"featured_media":1528876,"template":"","vocabulary_language":[3328],"class_list":["post-289702","vocabulary","type-vocabulary","status-publish","has-post-thumbnail","hentry","vocabulary_language-allemand"],"acf":[],"yoast_head":"<!-- This site is optimized with the Yoast SEO Premium plugin v27.2 (Yoast SEO v27.2) - https:\/\/yoast.com\/product\/yoast-seo-premium-wordpress\/ -->\n<title>Kalt vs K\u00e4lte - Comprendre le froid sous les formes nominales et adjectives en allemand - Talkpal<\/title>\n<meta name=\"description\" content=\"Lorsque l\u2019on apprend l\u2019allemand, il est essentiel de bien comprendre la distinction entre les adjectifs et les noms, car cela peut parfois pr\u00eater \u00e0\" \/>\n<meta name=\"robots\" content=\"index, follow, max-snippet:-1, max-image-preview:large, max-video-preview:-1\" \/>\n<link rel=\"canonical\" href=\"https:\/\/talkpal.ai\/fr\/vocabulary\/kalt-vs-kalte-comprendre-le-froid-sous-les-formes-nominales-et-adjectives-en-allemand\/\" \/>\n<meta property=\"og:locale\" content=\"fr_FR\" \/>\n<meta property=\"og:type\" content=\"article\" \/>\n<meta property=\"og:title\" content=\"Kalt vs K\u00e4lte - Comprendre le froid sous les formes nominales et adjectives en allemand\" \/>\n<meta property=\"og:description\" content=\"Lorsque l\u2019on apprend l\u2019allemand, il est essentiel de bien comprendre la distinction entre les adjectifs et les noms, car cela peut parfois pr\u00eater \u00e0\" \/>\n<meta property=\"og:url\" content=\"https:\/\/talkpal.ai\/fr\/vocabulary\/kalt-vs-kalte-comprendre-le-froid-sous-les-formes-nominales-et-adjectives-en-allemand\/\" \/>\n<meta property=\"og:site_name\" content=\"Talkpal\" \/>\n<meta property=\"article:publisher\" content=\"https:\/\/www.facebook.com\/profile.php?id=100090733639311\" \/>\n<meta property=\"og:image\" content=\"https:\/\/talkpal.ai\/wp-content\/uploads\/2024\/10\/talkpal_flat_illustration_of_a_employees_working_together_happi_c674ff77-e477-4e09-835a-01d30e561e99.png\" \/>\n\t<meta property=\"og:image:width\" content=\"1024\" \/>\n\t<meta property=\"og:image:height\" content=\"1024\" \/>\n\t<meta property=\"og:image:type\" content=\"image\/png\" \/>\n<meta name=\"twitter:card\" content=\"summary_large_image\" \/>\n<meta name=\"twitter:site\" content=\"@talkpalai\" \/>\n<meta name=\"twitter:label1\" content=\"Dur\u00e9e de lecture estim\u00e9e\" \/>\n\t<meta name=\"twitter:data1\" content=\"3 minutes\" \/>\n<script type=\"application\/ld+json\" class=\"yoast-schema-graph\">{\"@context\":\"https:\/\/schema.org\",\"@graph\":[{\"@type\":\"WebPage\",\"@id\":\"https:\/\/talkpal.ai\/fr\/vocabulary\/kalt-vs-kalte-comprendre-le-froid-sous-les-formes-nominales-et-adjectives-en-allemand\/\",\"url\":\"https:\/\/talkpal.ai\/fr\/vocabulary\/kalt-vs-kalte-comprendre-le-froid-sous-les-formes-nominales-et-adjectives-en-allemand\/\",\"name\":\"Kalt vs K\u00e4lte - Comprendre le froid sous les formes nominales et adjectives en allemand - Talkpal\",\"isPartOf\":{\"@id\":\"https:\/\/talkpal.ai\/fr\/#website\"},\"primaryImageOfPage\":{\"@id\":\"https:\/\/talkpal.ai\/fr\/vocabulary\/kalt-vs-kalte-comprendre-le-froid-sous-les-formes-nominales-et-adjectives-en-allemand\/#primaryimage\"},\"image\":{\"@id\":\"https:\/\/talkpal.ai\/fr\/vocabulary\/kalt-vs-kalte-comprendre-le-froid-sous-les-formes-nominales-et-adjectives-en-allemand\/#primaryimage\"},\"thumbnailUrl\":\"https:\/\/talkpal.ai\/wp-content\/uploads\/2025\/12\/three-people-talking-to-learn-languages.webp\",\"datePublished\":\"2024-05-12T20:32:55+00:00\",\"description\":\"Lorsque l\u2019on apprend l\u2019allemand, il est essentiel de bien comprendre la distinction entre les adjectifs et les noms, car cela peut parfois pr\u00eater \u00e0\",\"breadcrumb\":{\"@id\":\"https:\/\/talkpal.ai\/fr\/vocabulary\/kalt-vs-kalte-comprendre-le-froid-sous-les-formes-nominales-et-adjectives-en-allemand\/#breadcrumb\"},\"inLanguage\":\"fr-FR\",\"potentialAction\":[{\"@type\":\"ReadAction\",\"target\":[\"https:\/\/talkpal.ai\/fr\/vocabulary\/kalt-vs-kalte-comprendre-le-froid-sous-les-formes-nominales-et-adjectives-en-allemand\/\"]}]},{\"@type\":\"ImageObject\",\"inLanguage\":\"fr-FR\",\"@id\":\"https:\/\/talkpal.ai\/fr\/vocabulary\/kalt-vs-kalte-comprendre-le-froid-sous-les-formes-nominales-et-adjectives-en-allemand\/#primaryimage\",\"url\":\"https:\/\/talkpal.ai\/wp-content\/uploads\/2025\/12\/three-people-talking-to-learn-languages.webp\",\"contentUrl\":\"https:\/\/talkpal.ai\/wp-content\/uploads\/2025\/12\/three-people-talking-to-learn-languages.webp\",\"width\":1200,\"height\":896,\"caption\":\"Three students smile and talk while using laptops and books to learn languages.\"},{\"@type\":\"BreadcrumbList\",\"@id\":\"https:\/\/talkpal.ai\/fr\/vocabulary\/kalt-vs-kalte-comprendre-le-froid-sous-les-formes-nominales-et-adjectives-en-allemand\/#breadcrumb\",\"itemListElement\":[{\"@type\":\"ListItem\",\"position\":1,\"name\":\"Homepage\",\"item\":\"https:\/\/talkpal.ai\/fr\/\"},{\"@type\":\"ListItem\",\"position\":2,\"name\":\"Kalt vs K\u00e4lte &#8211; Comprendre le froid sous les formes nominales et adjectives en allemand\"}]},{\"@type\":\"WebSite\",\"@id\":\"https:\/\/talkpal.ai\/fr\/#website\",\"url\":\"https:\/\/talkpal.ai\/fr\/\",\"name\":\"Talkpal\",\"description\":\"AI Language Learning\",\"publisher\":{\"@id\":\"https:\/\/talkpal.ai\/fr\/#organization\"},\"alternateName\":\"Talkpal AI\",\"potentialAction\":[{\"@type\":\"SearchAction\",\"target\":{\"@type\":\"EntryPoint\",\"urlTemplate\":\"https:\/\/talkpal.ai\/fr\/?s={search_term_string}\"},\"query-input\":{\"@type\":\"PropertyValueSpecification\",\"valueRequired\":true,\"valueName\":\"search_term_string\"}}],\"inLanguage\":\"fr-FR\"},{\"@type\":\"Organization\",\"@id\":\"https:\/\/talkpal.ai\/fr\/#organization\",\"name\":\"Talkpal, Inc.\",\"alternateName\":\"Talkpal AI\",\"url\":\"https:\/\/talkpal.ai\/fr\/\",\"logo\":{\"@type\":\"ImageObject\",\"inLanguage\":\"fr-FR\",\"@id\":\"https:\/\/talkpal.ai\/fr\/#\/schema\/logo\/image\/\",\"url\":\"https:\/\/talkpal.ai\/wp-content\/uploads\/2024\/03\/Talkpal-Logo-Icon.png\",\"contentUrl\":\"https:\/\/talkpal.ai\/wp-content\/uploads\/2024\/03\/Talkpal-Logo-Icon.png\",\"width\":2880,\"height\":2880,\"caption\":\"Talkpal, Inc.\"},\"image\":{\"@id\":\"https:\/\/talkpal.ai\/fr\/#\/schema\/logo\/image\/\"},\"sameAs\":[\"https:\/\/www.facebook.com\/profile.php?id=100090733639311\",\"https:\/\/x.com\/talkpalai\",\"https:\/\/www.linkedin.com\/company\/talkpal\/\",\"https:\/\/www.youtube.com\/@TalkPal\/\",\"https:\/\/www.tiktok.com\/@talkpal\",\"https:\/\/www.instagram.com\/talkpal_ai\/\",\"https:\/\/www.crunchbase.com\/organization\/talkpal-9cde\",\"https:\/\/www.g2.com\/products\/talkpal-for-business\/\",\"https:\/\/www.trustpilot.com\/review\/talkpal.ai\",\"https:\/\/www.capterra.com\/p\/10006800\/TalkPal\/\"],\"description\":\"Talkpal is a language learning web and mobile education app, powered by the latest AI technologies, that provides engaging experiences to its customers in many different languages to help them improve their language skills. Users can chat about unlimited amount of topics with the app and use other modes to practice their language learning.\",\"email\":\"support@talkpal.ai\",\"legalName\":\"Talkpal, Inc.\",\"foundingDate\":\"2023-04-03\",\"duns\":\"118989042\",\"numberOfEmployees\":{\"@type\":\"QuantitativeValue\",\"minValue\":\"11\",\"maxValue\":\"50\"},\"publishingPrinciples\":\"https:\/\/talkpal.ai\/publishing-principles\/\",\"actionableFeedbackPolicy\":\"https:\/\/talkpal.ai\/actionable-feedback-policy\/\",\"correctionsPolicy\":\"https:\/\/talkpal.ai\/corrections-policy\/\",\"ethicsPolicy\":\"https:\/\/talkpal.ai\/ethics-policy\/\",\"diversityPolicy\":\"https:\/\/talkpal.ai\/diversity-policy\/\",\"diversityStaffingReport\":\"https:\/\/talkpal.ai\/diversity-policy\/\"}]}<\/script>\n<!-- \/ Yoast SEO Premium plugin. -->","yoast_head_json":{"title":"Kalt vs K\u00e4lte - Comprendre le froid sous les formes nominales et adjectives en allemand - Talkpal","description":"Lorsque l\u2019on apprend l\u2019allemand, il est essentiel de bien comprendre la distinction entre les adjectifs et les noms, car cela peut parfois pr\u00eater \u00e0","robots":{"index":"index","follow":"follow","max-snippet":"max-snippet:-1","max-image-preview":"max-image-preview:large","max-video-preview":"max-video-preview:-1"},"canonical":"https:\/\/talkpal.ai\/fr\/vocabulary\/kalt-vs-kalte-comprendre-le-froid-sous-les-formes-nominales-et-adjectives-en-allemand\/","og_locale":"fr_FR","og_type":"article","og_title":"Kalt vs K\u00e4lte - Comprendre le froid sous les formes nominales et adjectives en allemand","og_description":"Lorsque l\u2019on apprend l\u2019allemand, il est essentiel de bien comprendre la distinction entre les adjectifs et les noms, car cela peut parfois pr\u00eater \u00e0","og_url":"https:\/\/talkpal.ai\/fr\/vocabulary\/kalt-vs-kalte-comprendre-le-froid-sous-les-formes-nominales-et-adjectives-en-allemand\/","og_site_name":"Talkpal","article_publisher":"https:\/\/www.facebook.com\/profile.php?id=100090733639311","og_image":[{"width":1024,"height":1024,"url":"https:\/\/talkpal.ai\/wp-content\/uploads\/2024\/10\/talkpal_flat_illustration_of_a_employees_working_together_happi_c674ff77-e477-4e09-835a-01d30e561e99.png","type":"image\/png"}],"twitter_card":"summary_large_image","twitter_site":"@talkpalai","twitter_misc":{"Dur\u00e9e de lecture estim\u00e9e":"3 minutes"},"schema":{"@context":"https:\/\/schema.org","@graph":[{"@type":"WebPage","@id":"https:\/\/talkpal.ai\/fr\/vocabulary\/kalt-vs-kalte-comprendre-le-froid-sous-les-formes-nominales-et-adjectives-en-allemand\/","url":"https:\/\/talkpal.ai\/fr\/vocabulary\/kalt-vs-kalte-comprendre-le-froid-sous-les-formes-nominales-et-adjectives-en-allemand\/","name":"Kalt vs K\u00e4lte - Comprendre le froid sous les formes nominales et adjectives en allemand - Talkpal","isPartOf":{"@id":"https:\/\/talkpal.ai\/fr\/#website"},"primaryImageOfPage":{"@id":"https:\/\/talkpal.ai\/fr\/vocabulary\/kalt-vs-kalte-comprendre-le-froid-sous-les-formes-nominales-et-adjectives-en-allemand\/#primaryimage"},"image":{"@id":"https:\/\/talkpal.ai\/fr\/vocabulary\/kalt-vs-kalte-comprendre-le-froid-sous-les-formes-nominales-et-adjectives-en-allemand\/#primaryimage"},"thumbnailUrl":"https:\/\/talkpal.ai\/wp-content\/uploads\/2025\/12\/three-people-talking-to-learn-languages.webp","datePublished":"2024-05-12T20:32:55+00:00","description":"Lorsque l\u2019on apprend l\u2019allemand, il est essentiel de bien comprendre la distinction entre les adjectifs et les noms, car cela peut parfois pr\u00eater \u00e0","breadcrumb":{"@id":"https:\/\/talkpal.ai\/fr\/vocabulary\/kalt-vs-kalte-comprendre-le-froid-sous-les-formes-nominales-et-adjectives-en-allemand\/#breadcrumb"},"inLanguage":"fr-FR","potentialAction":[{"@type":"ReadAction","target":["https:\/\/talkpal.ai\/fr\/vocabulary\/kalt-vs-kalte-comprendre-le-froid-sous-les-formes-nominales-et-adjectives-en-allemand\/"]}]},{"@type":"ImageObject","inLanguage":"fr-FR","@id":"https:\/\/talkpal.ai\/fr\/vocabulary\/kalt-vs-kalte-comprendre-le-froid-sous-les-formes-nominales-et-adjectives-en-allemand\/#primaryimage","url":"https:\/\/talkpal.ai\/wp-content\/uploads\/2025\/12\/three-people-talking-to-learn-languages.webp","contentUrl":"https:\/\/talkpal.ai\/wp-content\/uploads\/2025\/12\/three-people-talking-to-learn-languages.webp","width":1200,"height":896,"caption":"Three students smile and talk while using laptops and books to learn languages."},{"@type":"BreadcrumbList","@id":"https:\/\/talkpal.ai\/fr\/vocabulary\/kalt-vs-kalte-comprendre-le-froid-sous-les-formes-nominales-et-adjectives-en-allemand\/#breadcrumb","itemListElement":[{"@type":"ListItem","position":1,"name":"Homepage","item":"https:\/\/talkpal.ai\/fr\/"},{"@type":"ListItem","position":2,"name":"Kalt vs K\u00e4lte &#8211; Comprendre le froid sous les formes nominales et adjectives en allemand"}]},{"@type":"WebSite","@id":"https:\/\/talkpal.ai\/fr\/#website","url":"https:\/\/talkpal.ai\/fr\/","name":"Talkpal","description":"AI Language Learning","publisher":{"@id":"https:\/\/talkpal.ai\/fr\/#organization"},"alternateName":"Talkpal AI","potentialAction":[{"@type":"SearchAction","target":{"@type":"EntryPoint","urlTemplate":"https:\/\/talkpal.ai\/fr\/?s={search_term_string}"},"query-input":{"@type":"PropertyValueSpecification","valueRequired":true,"valueName":"search_term_string"}}],"inLanguage":"fr-FR"},{"@type":"Organization","@id":"https:\/\/talkpal.ai\/fr\/#organization","name":"Talkpal, Inc.","alternateName":"Talkpal AI","url":"https:\/\/talkpal.ai\/fr\/","logo":{"@type":"ImageObject","inLanguage":"fr-FR","@id":"https:\/\/talkpal.ai\/fr\/#\/schema\/logo\/image\/","url":"https:\/\/talkpal.ai\/wp-content\/uploads\/2024\/03\/Talkpal-Logo-Icon.png","contentUrl":"https:\/\/talkpal.ai\/wp-content\/uploads\/2024\/03\/Talkpal-Logo-Icon.png","width":2880,"height":2880,"caption":"Talkpal, Inc."},"image":{"@id":"https:\/\/talkpal.ai\/fr\/#\/schema\/logo\/image\/"},"sameAs":["https:\/\/www.facebook.com\/profile.php?id=100090733639311","https:\/\/x.com\/talkpalai","https:\/\/www.linkedin.com\/company\/talkpal\/","https:\/\/www.youtube.com\/@TalkPal\/","https:\/\/www.tiktok.com\/@talkpal","https:\/\/www.instagram.com\/talkpal_ai\/","https:\/\/www.crunchbase.com\/organization\/talkpal-9cde","https:\/\/www.g2.com\/products\/talkpal-for-business\/","https:\/\/www.trustpilot.com\/review\/talkpal.ai","https:\/\/www.capterra.com\/p\/10006800\/TalkPal\/"],"description":"Talkpal is a language learning web and mobile education app, powered by the latest AI technologies, that provides engaging experiences to its customers in many different languages to help them improve their language skills. Users can chat about unlimited amount of topics with the app and use other modes to practice their language learning.","email":"support@talkpal.ai","legalName":"Talkpal, Inc.","foundingDate":"2023-04-03","duns":"118989042","numberOfEmployees":{"@type":"QuantitativeValue","minValue":"11","maxValue":"50"},"publishingPrinciples":"https:\/\/talkpal.ai\/publishing-principles\/","actionableFeedbackPolicy":"https:\/\/talkpal.ai\/actionable-feedback-policy\/","correctionsPolicy":"https:\/\/talkpal.ai\/corrections-policy\/","ethicsPolicy":"https:\/\/talkpal.ai\/ethics-policy\/","diversityPolicy":"https:\/\/talkpal.ai\/diversity-policy\/","diversityStaffingReport":"https:\/\/talkpal.ai\/diversity-policy\/"}]}},"_links":{"self":[{"href":"https:\/\/talkpal.ai\/fr\/wp-json\/wp\/v2\/vocabulary\/289702","targetHints":{"allow":["GET"]}}],"collection":[{"href":"https:\/\/talkpal.ai\/fr\/wp-json\/wp\/v2\/vocabulary"}],"about":[{"href":"https:\/\/talkpal.ai\/fr\/wp-json\/wp\/v2\/types\/vocabulary"}],"wp:featuredmedia":[{"embeddable":true,"href":"https:\/\/talkpal.ai\/fr\/wp-json\/wp\/v2\/media\/1528876"}],"wp:attachment":[{"href":"https:\/\/talkpal.ai\/fr\/wp-json\/wp\/v2\/media?parent=289702"}],"wp:term":[{"taxonomy":"vocabulary_language","embeddable":true,"href":"https:\/\/talkpal.ai\/fr\/wp-json\/wp\/v2\/vocabulary_language?post=289702"}],"curies":[{"name":"wp","href":"https:\/\/api.w.org\/{rel}","templated":true}]}}