{"id":261790,"date":"2024-05-07T11:55:12","date_gmt":"2024-05-07T11:55:12","guid":{"rendered":"https:\/\/talkpal.ai\/vocabulary\/vocabulaire-portugais-relatif-au-gouvernement-et-a-la-politique\/"},"modified":"2024-05-07T11:55:12","modified_gmt":"2024-05-07T11:55:12","slug":"vocabulaire-portugais-relatif-au-gouvernement-et-a-la-politique","status":"publish","type":"vocabulary","link":"https:\/\/talkpal.ai\/fr\/vocabulary\/vocabulaire-portugais-relatif-au-gouvernement-et-a-la-politique\/","title":{"rendered":"Vocabulaire portugais relatif au gouvernement et \u00e0 la politique"},"content":{"rendered":"<p>Comprendre le <a href=\"https:\/\/talkpal.ai\/portuguese-vocabulary\/\">vocabulaire portugais<\/a> li\u00e9 au gouvernement et \u00e0 la politique est essentiel pour tous ceux qui s&rsquo;int\u00e9ressent \u00e0 la situation politique du <a href=\"https:\/\/talkpal.ai\/locations\/language-courses-in-portugal\/\">Portugal<\/a> ou du Br\u00e9sil, ou qui souhaitent simplement comprendre les actualit\u00e9s dans ces pays. Cette liste vous aidera \u00e0 enrichir votre lexique politique en <a href=\"https:\/\/talkpal.ai\/learn-portuguese\/\">portugais<\/a>.<\/p>\n<p><b>Governo<\/b><br \/>\nLe mot gouvernement, qui d\u00e9signe l&rsquo;ensemble des ministres et des autorit\u00e9s dirigeant un pays.<br \/>\n<font color=\"#2D3AC7\">O <b>Governo<\/b> brasileiro anunciou novas medidas econ\u00f4micas.<\/font><\/p>\n<p><b>Pol\u00edtica<\/b><br \/>\nLa politique renvoie g\u00e9n\u00e9ralement aux activit\u00e9s li\u00e9es \u00e0 la gouvernance d&rsquo;un pays ou \u00e0 la lutte pour le pouvoir entre diff\u00e9rents groupes politiques.<br \/>\n<font color=\"#2D3AC7\">Ele tem muito interesse em <b>pol\u00edtica<\/b> internacional.<\/font><\/p>\n<p><b>Estado<\/b><br \/>\nL&rsquo;\u00c9tat fait r\u00e9f\u00e9rence \u00e0 la nation dans son ensemble, \u00e0 son <a href=\"https:\/\/talkpal.ai\/talkpal-discount-for-cultural-organization-members\/\">organisation<\/a> et \u00e0 son territoire.<br \/>\n<font color=\"#2D3AC7\">O <b>Estado<\/b> tem a responsabilidade de garantir a seguran\u00e7a dos cidad\u00e3os.<\/font><\/p>\n<p><b>Presidente<\/b><br \/>\nPr\u00e9sident ou pr\u00e9sidente, le chef d&rsquo;\u00c9tat dans un r\u00e9gime pr\u00e9sidentiel ou semi-pr\u00e9sidentiel.<br \/>\n<font color=\"#2D3AC7\">O <b>Presidente<\/b> vai discursar na assembleia amanh\u00e3.<\/font><\/p>\n<p><b>Primeiro-ministro<\/b><br \/>\nPremier ministre, le chef du gouvernement dans un r\u00e9gime parlementaire.<br \/>\n<font color=\"#2D3AC7\">O <b>Primeiro-ministro<\/b> apresentou o seu <a href=\"https:\/\/talkpal.ai\/locations\/language-courses-in-plano\/\">plano<\/a> de governo.<\/font><\/p>\n<p><b>Assembleia<\/b><br \/>\nAssembl\u00e9e, c&rsquo;est l&rsquo;organe l\u00e9gislatif ou d\u00e9lib\u00e9ratif d&rsquo;une nation, d&rsquo;une r\u00e9gion ou d&rsquo;une organisation.<br \/>\n<font color=\"#2D3AC7\">A <b>Assembleia<\/b> votou a favor das reformas propostas.<\/font><\/p>\n<p><b>Minist\u00e9rio<\/b><br \/>\nMinist\u00e8re, une division administrative au sein du gouvernement charg\u00e9e de domaines sp\u00e9cifiques.<br \/>\n<font color=\"#2D3AC7\">O <b>Minist\u00e9rio<\/b> da <a href=\"https:\/\/talkpal.ai\/talkpal-for-education\/\">Educa\u00e7\u00e3o<\/a> lan\u00e7ou um <a href=\"https:\/\/talkpal.ai\/talkpal-new-years-discount\/\">novo<\/a> programa de bolsas de estudo.<\/font><\/p>\n<p><b>Elei\u00e7\u00e3o<\/b><br \/>\n\u00c9lection, un processus dans lequel les citoyens votent pour choisir leurs repr\u00e9sentants ou pour prendre des d\u00e9cisions politiques.<br \/>\n<font color=\"#2D3AC7\">As pr\u00f3ximas <b>elei\u00e7\u00f5es<\/b> ser\u00e3o realizadas em outubro.<\/font><\/p>\n<p><b>Partido<\/b><br \/>\nParti, une organisation politique qui cherche \u00e0 <a href=\"https:\/\/talkpal.ai\/talkpal-discount-for-influencers-or-content-creators\/\">influencer<\/a> la politique gouvernementale par l&rsquo;\u00e9lection de ses candidats.<br \/>\n<font color=\"#2D3AC7\">Ela se filiou a um <b>partido<\/b> pol\u00edtico progressista.<\/font><\/p>\n<p><b>Candidato<\/b><br \/>\nCandidat, une personne qui se pr\u00e9sente \u00e0 une \u00e9lection pour occuper une fonction politique.<br \/>\n<font color=\"#2D3AC7\">O <b>candidato<\/b> \u00e0 presid\u00eancia prometeu lutar contra a corrup\u00e7\u00e3o.<\/font><\/p>\n<p><b>Democracia<\/b><br \/>\nD\u00e9mocratie, un syst\u00e8me politique o\u00f9 le peuple d\u00e9tient le pouvoir soit directement soit par l&rsquo;interm\u00e9diaire de repr\u00e9sentants \u00e9lus.<br \/>\n<font color=\"#2D3AC7\">A <b>democracia<\/b> \u00e9 fundamental para a representatividade dos cidad\u00e3os.<\/font><\/p>\n<p><b>Dictadura<\/b><br \/>\nDictature, un r\u00e9gime politique o\u00f9 le pouvoir est d\u00e9tenu par un seul individu ou un groupe restreint, sans \u00e9lections libres.<br \/>\n<font color=\"#2D3AC7\">A <b>dictadura<\/b> foi um per\u00edodo <a href=\"https:\/\/talkpal.ai\/locations\/learn-english-in-sombrio\/\">sombrio<\/a> na hist\u00f3ria do pa\u00eds.<\/font><\/p>\n<p><b>Constitui\u00e7\u00e3o<\/b><br \/>\nConstitution, le texte fondamental qui d\u00e9finit l&rsquo;organisation et les principes d&rsquo;un \u00c9tat.<br \/>\n<font color=\"#2D3AC7\">A reforma da <b>Constitui\u00e7\u00e3o<\/b> provocou muitos debates.<\/font><\/p>\n<p><b>Voto<\/b><br \/>\nVote, l&rsquo;expression d&rsquo;une pr\u00e9f\u00e9rence lors d&rsquo;une choix ou d&rsquo;une \u00e9lection.<br \/>\n<font color=\"#2D3AC7\">Cada cidad\u00e3o tem o direito ao <b>voto<\/b> secreto e universal.<\/font><\/p>\n<p><b>Campanha<\/b><br \/>\nCampagne, un ensemble d&rsquo;actions entreprises dans le but de promouvoir un candidat ou une cause avant une \u00e9lection.<br \/>\n<font color=\"#2D3AC7\">A <b>campanha<\/b> eleitoral deste ano est\u00e1 muito acirrada.<\/font><\/p>\n<p><b>Deputado<\/b><br \/>\nD\u00e9put\u00e9, membre \u00e9lu de la chambre basse du parlement.<br \/>\n<font color=\"#2D3AC7\">O <b>deputado<\/b> apresentou um novo projeto de lei.<\/font><\/p>\n<p><b>Senador<\/b><br \/>\nS\u00e9nateur, membre \u00e9lu de la chambre haute du parlement, dans les pays o\u00f9 existe un bicam\u00e9risme.<br \/>\n<font color=\"#2D3AC7\">A senadora argumentou a favor de uma reforma tribut\u00e1ria.<\/font><\/p>\n<p><b>Legislativo<\/b><br \/>\nL\u00e9gislatif, le pouvoir charg\u00e9 de faire les lois.<br \/>\n<font color=\"#2D3AC7\">O poder <b>legislativo<\/b> \u00e9 representado pelo Congresso Nacional.<\/font><\/p>\n<p><b>Executivo<\/b><br \/>\nEx\u00e9cutif, le pouvoir charg\u00e9 d&rsquo;appliquer les lois et de diriger la politique du gouvernement.<br \/>\n<font color=\"#2D3AC7\">O poder <b>executivo<\/b> \u00e9 liderado pelo presidente da Rep\u00fablica.<\/font><\/p>\n<p><b>Judici\u00e1rio<\/b><br \/>\nJudiciaire, le pouvoir charg\u00e9 d&rsquo;interpr\u00e9ter les lois et de juger selon elles.<br \/>\n<font color=\"#2D3AC7\">O poder <b>judici\u00e1rio<\/b> tem um papel crucial na garantia dos direitos constitucionais.<\/font><\/p>\n<p><b>Or\u00e7amento<\/b><br \/>\nBudget, un plan financier d\u00e9taillant les recettes et les d\u00e9penses pr\u00e9vues par un gouvernement.<br \/>\n<font color=\"#2D3AC7\">A aprova\u00e7\u00e3o do <b>or\u00e7amento<\/b> foi adiada pela comiss\u00e3o.<\/font><\/p>\n<p><b>Reforma<\/b><br \/>\nR\u00e9forme, changement ou am\u00e9lioration d&rsquo;une loi, d&rsquo;une pratique sociale, ou d&rsquo;une institution politique.<br \/>\n<font color=\"#2D3AC7\">Uma ampla <b>reforma<\/b> pol\u00edtica \u00e9 necess\u00e1ria para combater a corrup\u00e7\u00e3o.<\/font><\/p>\n<p><b>Imposto<\/b><br \/>\nImp\u00f4t, une contribution financi\u00e8re exig\u00e9e par l&rsquo;\u00c9tat pour financer ses actions.<br \/>\n<font color=\"#2D3AC7\">Os cidad\u00e3os est\u00e3o insatisfeitos com o aumento dos <b>impostos<\/b>.<\/font><\/p>\n<p><b>Pol\u00edticas p\u00fablicas<\/b><br \/>\nPolitiques publiques, des strat\u00e9gies et des actions entreprises par l&rsquo;\u00c9tat pour atteindre des objectifs qui sont cens\u00e9s b\u00e9n\u00e9ficier \u00e0 la soci\u00e9t\u00e9.<br \/>\n<font color=\"#2D3AC7\">As <b>pol\u00edticas p\u00fablicas<\/b> de sa\u00fade t\u00eam se mostrado eficazes.<\/font><\/p>\n<p>En ma\u00eetrisant ce vocabulaire politique en portugais, non seulement vous serez en mesure de suivre les d\u00e9bats et les informations, mais vous pourrez \u00e9galement participer aux discussions et exprimer vos opinions sur les questions politiques qui touchent les pays lusophones. Continuez \u00e0 pratiquer et \u00e0 enrichir votre lexique pour une meilleure compr\u00e9hension du monde politique en langue portugaise.<\/p>\n","protected":false},"featured_media":1528100,"template":"","vocabulary_language":[3339],"class_list":["post-261790","vocabulary","type-vocabulary","status-publish","has-post-thumbnail","hentry","vocabulary_language-portugais"],"acf":[],"yoast_head":"<!-- This site is optimized with the Yoast SEO Premium plugin v27.2 (Yoast SEO v27.2) - https:\/\/yoast.com\/product\/yoast-seo-premium-wordpress\/ -->\n<title>Vocabulaire portugais relatif au gouvernement et \u00e0 la politique - Talkpal<\/title>\n<meta name=\"description\" content=\"Comprendre le vocabulaire portugais li\u00e9 au gouvernement et \u00e0 la politique est essentiel pour tous ceux qui s&#039;int\u00e9ressent \u00e0 la situation politique du\" \/>\n<meta name=\"robots\" content=\"index, follow, max-snippet:-1, max-image-preview:large, max-video-preview:-1\" \/>\n<link rel=\"canonical\" href=\"https:\/\/talkpal.ai\/fr\/vocabulary\/vocabulaire-portugais-relatif-au-gouvernement-et-a-la-politique\/\" \/>\n<meta property=\"og:locale\" content=\"fr_FR\" \/>\n<meta property=\"og:type\" content=\"article\" \/>\n<meta property=\"og:title\" content=\"Vocabulaire portugais relatif au gouvernement et \u00e0 la politique\" \/>\n<meta property=\"og:description\" content=\"Comprendre le vocabulaire portugais li\u00e9 au gouvernement et \u00e0 la politique est essentiel pour tous ceux qui s&#039;int\u00e9ressent \u00e0 la situation politique du\" \/>\n<meta property=\"og:url\" content=\"https:\/\/talkpal.ai\/fr\/vocabulary\/vocabulaire-portugais-relatif-au-gouvernement-et-a-la-politique\/\" \/>\n<meta property=\"og:site_name\" content=\"Talkpal\" \/>\n<meta property=\"article:publisher\" content=\"https:\/\/www.facebook.com\/profile.php?id=100090733639311\" \/>\n<meta property=\"og:image\" content=\"https:\/\/talkpal.ai\/wp-content\/uploads\/2024\/10\/talkpal_flat_illustration_of_a_employees_working_together_happi_c674ff77-e477-4e09-835a-01d30e561e99.png\" \/>\n\t<meta property=\"og:image:width\" content=\"1024\" \/>\n\t<meta property=\"og:image:height\" content=\"1024\" \/>\n\t<meta property=\"og:image:type\" content=\"image\/png\" \/>\n<meta name=\"twitter:card\" content=\"summary_large_image\" \/>\n<meta name=\"twitter:site\" content=\"@talkpalai\" \/>\n<meta name=\"twitter:label1\" content=\"Dur\u00e9e de lecture estim\u00e9e\" \/>\n\t<meta name=\"twitter:data1\" content=\"4 minutes\" \/>\n<script type=\"application\/ld+json\" class=\"yoast-schema-graph\">{\"@context\":\"https:\/\/schema.org\",\"@graph\":[{\"@type\":\"WebPage\",\"@id\":\"https:\/\/talkpal.ai\/fr\/vocabulary\/vocabulaire-portugais-relatif-au-gouvernement-et-a-la-politique\/\",\"url\":\"https:\/\/talkpal.ai\/fr\/vocabulary\/vocabulaire-portugais-relatif-au-gouvernement-et-a-la-politique\/\",\"name\":\"Vocabulaire portugais relatif au gouvernement et \u00e0 la politique - Talkpal\",\"isPartOf\":{\"@id\":\"https:\/\/talkpal.ai\/fr\/#website\"},\"primaryImageOfPage\":{\"@id\":\"https:\/\/talkpal.ai\/fr\/vocabulary\/vocabulaire-portugais-relatif-au-gouvernement-et-a-la-politique\/#primaryimage\"},\"image\":{\"@id\":\"https:\/\/talkpal.ai\/fr\/vocabulary\/vocabulaire-portugais-relatif-au-gouvernement-et-a-la-politique\/#primaryimage\"},\"thumbnailUrl\":\"https:\/\/talkpal.ai\/wp-content\/uploads\/2025\/12\/woman-taking-notes-to-learn-languages.webp\",\"datePublished\":\"2024-05-07T11:55:12+00:00\",\"description\":\"Comprendre le vocabulaire portugais li\u00e9 au gouvernement et \u00e0 la politique est essentiel pour tous ceux qui s'int\u00e9ressent \u00e0 la situation politique du\",\"breadcrumb\":{\"@id\":\"https:\/\/talkpal.ai\/fr\/vocabulary\/vocabulaire-portugais-relatif-au-gouvernement-et-a-la-politique\/#breadcrumb\"},\"inLanguage\":\"fr-FR\",\"potentialAction\":[{\"@type\":\"ReadAction\",\"target\":[\"https:\/\/talkpal.ai\/fr\/vocabulary\/vocabulaire-portugais-relatif-au-gouvernement-et-a-la-politique\/\"]}]},{\"@type\":\"ImageObject\",\"inLanguage\":\"fr-FR\",\"@id\":\"https:\/\/talkpal.ai\/fr\/vocabulary\/vocabulaire-portugais-relatif-au-gouvernement-et-a-la-politique\/#primaryimage\",\"url\":\"https:\/\/talkpal.ai\/wp-content\/uploads\/2025\/12\/woman-taking-notes-to-learn-languages.webp\",\"contentUrl\":\"https:\/\/talkpal.ai\/wp-content\/uploads\/2025\/12\/woman-taking-notes-to-learn-languages.webp\",\"width\":1200,\"height\":896,\"caption\":\"A student writes in a notebook to learn languages at a desk in her bedroom.\"},{\"@type\":\"BreadcrumbList\",\"@id\":\"https:\/\/talkpal.ai\/fr\/vocabulary\/vocabulaire-portugais-relatif-au-gouvernement-et-a-la-politique\/#breadcrumb\",\"itemListElement\":[{\"@type\":\"ListItem\",\"position\":1,\"name\":\"Homepage\",\"item\":\"https:\/\/talkpal.ai\/fr\/\"},{\"@type\":\"ListItem\",\"position\":2,\"name\":\"Vocabulaire portugais relatif au gouvernement et \u00e0 la politique\"}]},{\"@type\":\"WebSite\",\"@id\":\"https:\/\/talkpal.ai\/fr\/#website\",\"url\":\"https:\/\/talkpal.ai\/fr\/\",\"name\":\"Talkpal\",\"description\":\"AI Language Learning\",\"publisher\":{\"@id\":\"https:\/\/talkpal.ai\/fr\/#organization\"},\"alternateName\":\"Talkpal AI\",\"potentialAction\":[{\"@type\":\"SearchAction\",\"target\":{\"@type\":\"EntryPoint\",\"urlTemplate\":\"https:\/\/talkpal.ai\/fr\/?s={search_term_string}\"},\"query-input\":{\"@type\":\"PropertyValueSpecification\",\"valueRequired\":true,\"valueName\":\"search_term_string\"}}],\"inLanguage\":\"fr-FR\"},{\"@type\":\"Organization\",\"@id\":\"https:\/\/talkpal.ai\/fr\/#organization\",\"name\":\"Talkpal, Inc.\",\"alternateName\":\"Talkpal AI\",\"url\":\"https:\/\/talkpal.ai\/fr\/\",\"logo\":{\"@type\":\"ImageObject\",\"inLanguage\":\"fr-FR\",\"@id\":\"https:\/\/talkpal.ai\/fr\/#\/schema\/logo\/image\/\",\"url\":\"https:\/\/talkpal.ai\/wp-content\/uploads\/2024\/03\/Talkpal-Logo-Icon.png\",\"contentUrl\":\"https:\/\/talkpal.ai\/wp-content\/uploads\/2024\/03\/Talkpal-Logo-Icon.png\",\"width\":2880,\"height\":2880,\"caption\":\"Talkpal, Inc.\"},\"image\":{\"@id\":\"https:\/\/talkpal.ai\/fr\/#\/schema\/logo\/image\/\"},\"sameAs\":[\"https:\/\/www.facebook.com\/profile.php?id=100090733639311\",\"https:\/\/x.com\/talkpalai\",\"https:\/\/www.linkedin.com\/company\/talkpal\/\",\"https:\/\/www.youtube.com\/@TalkPal\/\",\"https:\/\/www.tiktok.com\/@talkpal\",\"https:\/\/www.instagram.com\/talkpal_ai\/\",\"https:\/\/www.crunchbase.com\/organization\/talkpal-9cde\",\"https:\/\/www.g2.com\/products\/talkpal-for-business\/\",\"https:\/\/www.trustpilot.com\/review\/talkpal.ai\",\"https:\/\/www.capterra.com\/p\/10006800\/TalkPal\/\"],\"description\":\"Talkpal is a language learning web and mobile education app, powered by the latest AI technologies, that provides engaging experiences to its customers in many different languages to help them improve their language skills. Users can chat about unlimited amount of topics with the app and use other modes to practice their language learning.\",\"email\":\"support@talkpal.ai\",\"legalName\":\"Talkpal, Inc.\",\"foundingDate\":\"2023-04-03\",\"duns\":\"118989042\",\"numberOfEmployees\":{\"@type\":\"QuantitativeValue\",\"minValue\":\"11\",\"maxValue\":\"50\"},\"publishingPrinciples\":\"https:\/\/talkpal.ai\/publishing-principles\/\",\"actionableFeedbackPolicy\":\"https:\/\/talkpal.ai\/actionable-feedback-policy\/\",\"correctionsPolicy\":\"https:\/\/talkpal.ai\/corrections-policy\/\",\"ethicsPolicy\":\"https:\/\/talkpal.ai\/ethics-policy\/\",\"diversityPolicy\":\"https:\/\/talkpal.ai\/diversity-policy\/\",\"diversityStaffingReport\":\"https:\/\/talkpal.ai\/diversity-policy\/\"}]}<\/script>\n<!-- \/ Yoast SEO Premium plugin. -->","yoast_head_json":{"title":"Vocabulaire portugais relatif au gouvernement et \u00e0 la politique - Talkpal","description":"Comprendre le vocabulaire portugais li\u00e9 au gouvernement et \u00e0 la politique est essentiel pour tous ceux qui s'int\u00e9ressent \u00e0 la situation politique du","robots":{"index":"index","follow":"follow","max-snippet":"max-snippet:-1","max-image-preview":"max-image-preview:large","max-video-preview":"max-video-preview:-1"},"canonical":"https:\/\/talkpal.ai\/fr\/vocabulary\/vocabulaire-portugais-relatif-au-gouvernement-et-a-la-politique\/","og_locale":"fr_FR","og_type":"article","og_title":"Vocabulaire portugais relatif au gouvernement et \u00e0 la politique","og_description":"Comprendre le vocabulaire portugais li\u00e9 au gouvernement et \u00e0 la politique est essentiel pour tous ceux qui s'int\u00e9ressent \u00e0 la situation politique du","og_url":"https:\/\/talkpal.ai\/fr\/vocabulary\/vocabulaire-portugais-relatif-au-gouvernement-et-a-la-politique\/","og_site_name":"Talkpal","article_publisher":"https:\/\/www.facebook.com\/profile.php?id=100090733639311","og_image":[{"width":1024,"height":1024,"url":"https:\/\/talkpal.ai\/wp-content\/uploads\/2024\/10\/talkpal_flat_illustration_of_a_employees_working_together_happi_c674ff77-e477-4e09-835a-01d30e561e99.png","type":"image\/png"}],"twitter_card":"summary_large_image","twitter_site":"@talkpalai","twitter_misc":{"Dur\u00e9e de lecture estim\u00e9e":"4 minutes"},"schema":{"@context":"https:\/\/schema.org","@graph":[{"@type":"WebPage","@id":"https:\/\/talkpal.ai\/fr\/vocabulary\/vocabulaire-portugais-relatif-au-gouvernement-et-a-la-politique\/","url":"https:\/\/talkpal.ai\/fr\/vocabulary\/vocabulaire-portugais-relatif-au-gouvernement-et-a-la-politique\/","name":"Vocabulaire portugais relatif au gouvernement et \u00e0 la politique - Talkpal","isPartOf":{"@id":"https:\/\/talkpal.ai\/fr\/#website"},"primaryImageOfPage":{"@id":"https:\/\/talkpal.ai\/fr\/vocabulary\/vocabulaire-portugais-relatif-au-gouvernement-et-a-la-politique\/#primaryimage"},"image":{"@id":"https:\/\/talkpal.ai\/fr\/vocabulary\/vocabulaire-portugais-relatif-au-gouvernement-et-a-la-politique\/#primaryimage"},"thumbnailUrl":"https:\/\/talkpal.ai\/wp-content\/uploads\/2025\/12\/woman-taking-notes-to-learn-languages.webp","datePublished":"2024-05-07T11:55:12+00:00","description":"Comprendre le vocabulaire portugais li\u00e9 au gouvernement et \u00e0 la politique est essentiel pour tous ceux qui s'int\u00e9ressent \u00e0 la situation politique du","breadcrumb":{"@id":"https:\/\/talkpal.ai\/fr\/vocabulary\/vocabulaire-portugais-relatif-au-gouvernement-et-a-la-politique\/#breadcrumb"},"inLanguage":"fr-FR","potentialAction":[{"@type":"ReadAction","target":["https:\/\/talkpal.ai\/fr\/vocabulary\/vocabulaire-portugais-relatif-au-gouvernement-et-a-la-politique\/"]}]},{"@type":"ImageObject","inLanguage":"fr-FR","@id":"https:\/\/talkpal.ai\/fr\/vocabulary\/vocabulaire-portugais-relatif-au-gouvernement-et-a-la-politique\/#primaryimage","url":"https:\/\/talkpal.ai\/wp-content\/uploads\/2025\/12\/woman-taking-notes-to-learn-languages.webp","contentUrl":"https:\/\/talkpal.ai\/wp-content\/uploads\/2025\/12\/woman-taking-notes-to-learn-languages.webp","width":1200,"height":896,"caption":"A student writes in a notebook to learn languages at a desk in her bedroom."},{"@type":"BreadcrumbList","@id":"https:\/\/talkpal.ai\/fr\/vocabulary\/vocabulaire-portugais-relatif-au-gouvernement-et-a-la-politique\/#breadcrumb","itemListElement":[{"@type":"ListItem","position":1,"name":"Homepage","item":"https:\/\/talkpal.ai\/fr\/"},{"@type":"ListItem","position":2,"name":"Vocabulaire portugais relatif au gouvernement et \u00e0 la politique"}]},{"@type":"WebSite","@id":"https:\/\/talkpal.ai\/fr\/#website","url":"https:\/\/talkpal.ai\/fr\/","name":"Talkpal","description":"AI Language Learning","publisher":{"@id":"https:\/\/talkpal.ai\/fr\/#organization"},"alternateName":"Talkpal AI","potentialAction":[{"@type":"SearchAction","target":{"@type":"EntryPoint","urlTemplate":"https:\/\/talkpal.ai\/fr\/?s={search_term_string}"},"query-input":{"@type":"PropertyValueSpecification","valueRequired":true,"valueName":"search_term_string"}}],"inLanguage":"fr-FR"},{"@type":"Organization","@id":"https:\/\/talkpal.ai\/fr\/#organization","name":"Talkpal, Inc.","alternateName":"Talkpal AI","url":"https:\/\/talkpal.ai\/fr\/","logo":{"@type":"ImageObject","inLanguage":"fr-FR","@id":"https:\/\/talkpal.ai\/fr\/#\/schema\/logo\/image\/","url":"https:\/\/talkpal.ai\/wp-content\/uploads\/2024\/03\/Talkpal-Logo-Icon.png","contentUrl":"https:\/\/talkpal.ai\/wp-content\/uploads\/2024\/03\/Talkpal-Logo-Icon.png","width":2880,"height":2880,"caption":"Talkpal, Inc."},"image":{"@id":"https:\/\/talkpal.ai\/fr\/#\/schema\/logo\/image\/"},"sameAs":["https:\/\/www.facebook.com\/profile.php?id=100090733639311","https:\/\/x.com\/talkpalai","https:\/\/www.linkedin.com\/company\/talkpal\/","https:\/\/www.youtube.com\/@TalkPal\/","https:\/\/www.tiktok.com\/@talkpal","https:\/\/www.instagram.com\/talkpal_ai\/","https:\/\/www.crunchbase.com\/organization\/talkpal-9cde","https:\/\/www.g2.com\/products\/talkpal-for-business\/","https:\/\/www.trustpilot.com\/review\/talkpal.ai","https:\/\/www.capterra.com\/p\/10006800\/TalkPal\/"],"description":"Talkpal is a language learning web and mobile education app, powered by the latest AI technologies, that provides engaging experiences to its customers in many different languages to help them improve their language skills. Users can chat about unlimited amount of topics with the app and use other modes to practice their language learning.","email":"support@talkpal.ai","legalName":"Talkpal, Inc.","foundingDate":"2023-04-03","duns":"118989042","numberOfEmployees":{"@type":"QuantitativeValue","minValue":"11","maxValue":"50"},"publishingPrinciples":"https:\/\/talkpal.ai\/publishing-principles\/","actionableFeedbackPolicy":"https:\/\/talkpal.ai\/actionable-feedback-policy\/","correctionsPolicy":"https:\/\/talkpal.ai\/corrections-policy\/","ethicsPolicy":"https:\/\/talkpal.ai\/ethics-policy\/","diversityPolicy":"https:\/\/talkpal.ai\/diversity-policy\/","diversityStaffingReport":"https:\/\/talkpal.ai\/diversity-policy\/"}]}},"_links":{"self":[{"href":"https:\/\/talkpal.ai\/fr\/wp-json\/wp\/v2\/vocabulary\/261790","targetHints":{"allow":["GET"]}}],"collection":[{"href":"https:\/\/talkpal.ai\/fr\/wp-json\/wp\/v2\/vocabulary"}],"about":[{"href":"https:\/\/talkpal.ai\/fr\/wp-json\/wp\/v2\/types\/vocabulary"}],"wp:featuredmedia":[{"embeddable":true,"href":"https:\/\/talkpal.ai\/fr\/wp-json\/wp\/v2\/media\/1528100"}],"wp:attachment":[{"href":"https:\/\/talkpal.ai\/fr\/wp-json\/wp\/v2\/media?parent=261790"}],"wp:term":[{"taxonomy":"vocabulary_language","embeddable":true,"href":"https:\/\/talkpal.ai\/fr\/wp-json\/wp\/v2\/vocabulary_language?post=261790"}],"curies":[{"name":"wp","href":"https:\/\/api.w.org\/{rel}","templated":true}]}}