{"id":1132766,"date":"2025-07-06T07:25:24","date_gmt":"2025-07-06T07:25:24","guid":{"rendered":"https:\/\/talkpal.ai\/grammar_exercises\/exercices-de-voix-passive-pour-la-grammaire-galicienne\/"},"modified":"2025-07-06T07:25:24","modified_gmt":"2025-07-06T07:25:24","slug":"exercices-de-voix-passive-pour-la-grammaire-galicienne","status":"publish","type":"grammar_exercises","link":"https:\/\/talkpal.ai\/fr\/grammar_exercises\/exercices-de-voix-passive-pour-la-grammaire-galicienne\/","title":{"rendered":"Exercices de voix passive pour la grammaire galicienne"},"content":{"rendered":"<p>Dans ces exercices, vous pratiquerez la formation de <a href=\"https:\/\/talkpal.ai\/fr\/grammar\/la-voix-passive-en-grammaire-francaise-un-guide-complet\/\">la voix passive<\/a> en <a href=\"https:\/\/talkpal.ai\/learn-galician\/\">galicien<\/a>. <a href=\"https:\/\/talkpal.ai\/fr\/grammar\/la-voix-passive-en-grammaire-francaise-un-guide-complet\/\">La voix passive<\/a> met l\u2019accent sur l\u2019action subie par le sujet plut\u00f4t que sur celui qui fait l\u2019action. Vous devrez choisir la forme correcte du verbe au passif en fonction du <a href=\"https:\/\/talkpal.ai\/zh-hans\/grammar_exercises\/temps-%e6%b3%95%e8%af%ad%e8%af%ad%e6%b3%95%e7%bb%83%e4%b9%a0\/\">temps<\/a> et du contexte indiqu\u00e9 dans l\u2019indice en <a href=\"https:\/\/talkpal.ai\/learn-french\/\">fran\u00e7ais<\/a>.<\/p>\n<h3>Exercice 1 : Formation de la voix passive au pr\u00e9sent<\/h3>\n<div class=\"input_sentences\">\n1. O libro ______ (ser + ler) polo estudante. (Indice : verbe au pr\u00e9sent passif)<br \/>\n2. As cartas ______ (ser + escribir) polo <a href=\"https:\/\/talkpal.ai\/locations\/language-courses-in-mestre\/\">mestre<\/a>. (Indice : verbe au pr\u00e9sent passif)<br \/>\n3. A casa ______ (ser + limpar) todos os d\u00edas. (Indice : verbe au pr\u00e9sent passif)<br \/>\n4. Os exames ______ (ser + corrixir) polo profesor. (Indice : verbe au pr\u00e9sent passif)<br \/>\n5. O xantar ______ (ser + preparar) pola coci\u00f1eira. (Indice : verbe au pr\u00e9sent passif)<br \/>\n6. As noticias ______ (ser + anunciar) pola radio. (Indice : verbe au pr\u00e9sent passif)<br \/>\n7. As flores ______ (ser + regar) polo xardineiro. (Indice : verbe au pr\u00e9sent passif)<br \/>\n8. Os coches ______ (ser + lavar) na estaci\u00f3n. (Indice : verbe au pr\u00e9sent passif)<br \/>\n9. O informe ______ (ser + traducir) polo tradutor. (Indice : verbe au pr\u00e9sent passif)<br \/>\n10. Os proxectos ______ (ser + revisar) pola equipa. (Indice : verbe au pr\u00e9sent passif)\n<\/div>\n<div class=\"exercise\">\n1. O libro *\u00e9 lido* polo estudante.<br \/>\n2. As cartas *son escritas* polo mestre.<br \/>\n3. A casa *\u00e9 limpa* todos os d\u00edas.<br \/>\n4. Os exames *son corrixidos* polo profesor.<br \/>\n5. O xantar *\u00e9 preparado* pola coci\u00f1eira.<br \/>\n6. As noticias *son anunciadas* pola radio.<br \/>\n7. As flores *son regadas* polo xardineiro.<br \/>\n8. Os coches *son lavados* na estaci\u00f3n.<br \/>\n9. O informe *\u00e9 traducido* polo tradutor.<br \/>\n10. Os proxectos *son revisados* pola equipa.\n<\/div>\n<h3>Exercice 2 : Formation de la voix passive au pass\u00e9 compos\u00e9<\/h3>\n<div class=\"input_sentences\">\n1. A carta ______ (ser + enviar) onte. (Indice : verbe au <a href=\"https:\/\/talkpal.ai\/ar\/grammar_exercises\/passe-compose-%d8%aa%d9%85%d8%a7%d8%b1%d9%8a%d9%86-%d9%84%d9%84%d9%82%d9%88%d8%a7%d8%b9%d8%af-%d8%a7%d9%84%d9%81%d8%b1%d9%86%d8%b3%d9%8a%d8%a9\/\">pass\u00e9 compos\u00e9<\/a> passif)<br \/>\n2. Os documentos ______ (ser + asinar) pola directora. (Indice : verbe au pass\u00e9 compos\u00e9 passif)<br \/>\n3. A pel\u00edcula ______ (ser + ver) polos <a href=\"https:\/\/talkpal.ai\/talkpal-discount-for-students\/\">estudantes<\/a>. (Indice : verbe au pass\u00e9 compos\u00e9 passif)<br \/>\n4. O proxecto ______ (ser + presentar) na reuni\u00f3n. (Indice : verbe au pass\u00e9 compos\u00e9 passif)<br \/>\n5. O traballo ______ (ser + facer) por todos. (Indice : verbe au pass\u00e9 compos\u00e9 passif)<br \/>\n6. A canci\u00f3n ______ (ser + cantar) na festa. (Indice : verbe au pass\u00e9 compos\u00e9 passif)<br \/>\n7. Os resultados ______ (ser + publicar) esta ma\u00f1\u00e1. (Indice : verbe au pass\u00e9 compos\u00e9 passif)<br \/>\n8. A receita ______ (ser + probar) polo xefe. (Indice : verbe au pass\u00e9 compos\u00e9 passif)<br \/>\n9. Os problemas ______ (ser + resolver) r\u00e1pido. (Indice : verbe au pass\u00e9 compos\u00e9 passif)<br \/>\n10. O informe ______ (ser + entregar) ao cliente. (Indice : verbe au pass\u00e9 compos\u00e9 passif)\n<\/div>\n<div class=\"exercise\">\n1. A carta *foi enviada* onte.<br \/>\n2. Os documentos *foron asinados* pola directora.<br \/>\n3. A pel\u00edcula *foi vista* polos estudantes.<br \/>\n4. O proxecto *foi presentado* na reuni\u00f3n.<br \/>\n5. O traballo *foi feito* por todos.<br \/>\n6. A canci\u00f3n *foi cantada* na festa.<br \/>\n7. Os resultados *foron publicados* esta ma\u00f1\u00e1.<br \/>\n8. A receita *foi probada* polo xefe.<br \/>\n9. Os problemas *foron resoltos* r\u00e1pido.<br \/>\n10. O informe *foi entregado* ao cliente.\n<\/div>\n","protected":false},"featured_media":1527901,"parent":0,"menu_order":0,"template":"","exercise_language":[15210,15220],"class_list":["post-1132766","grammar_exercises","type-grammar_exercises","status-publish","has-post-thumbnail","hentry","exercise_language-exercices-galiciens","exercise_language-phrases-grammaire-galicienne"],"acf":[],"yoast_head":"<!-- This site is optimized with the Yoast SEO Premium plugin v27.2 (Yoast SEO v27.2) - https:\/\/yoast.com\/product\/yoast-seo-premium-wordpress\/ -->\n<title>Exercices de voix passive pour la grammaire galicienne - Talkpal<\/title>\n<meta name=\"description\" content=\"Dans ces exercices, vous pratiquerez la formation de la voix passive en galicien. La voix passive met l\u2019accent sur l\u2019action subie par le sujet plut\u00f4t que\" \/>\n<meta name=\"robots\" content=\"index, follow, max-snippet:-1, max-image-preview:large, max-video-preview:-1\" \/>\n<link rel=\"canonical\" href=\"https:\/\/talkpal.ai\/fr\/grammar_exercises\/exercices-de-voix-passive-pour-la-grammaire-galicienne\/\" \/>\n<meta property=\"og:locale\" content=\"fr_FR\" \/>\n<meta property=\"og:type\" content=\"article\" \/>\n<meta property=\"og:title\" content=\"Exercices de voix passive pour la grammaire galicienne\" \/>\n<meta property=\"og:description\" content=\"Dans ces exercices, vous pratiquerez la formation de la voix passive en galicien. La voix passive met l\u2019accent sur l\u2019action subie par le sujet plut\u00f4t que\" \/>\n<meta property=\"og:url\" content=\"https:\/\/talkpal.ai\/fr\/grammar_exercises\/exercices-de-voix-passive-pour-la-grammaire-galicienne\/\" \/>\n<meta property=\"og:site_name\" content=\"Talkpal\" \/>\n<meta property=\"article:publisher\" content=\"https:\/\/www.facebook.com\/profile.php?id=100090733639311\" \/>\n<meta property=\"og:image\" content=\"https:\/\/talkpal.ai\/wp-content\/uploads\/2025\/02\/Progress-tab-16_9.png\" \/>\n\t<meta property=\"og:image:width\" content=\"2880\" \/>\n\t<meta property=\"og:image:height\" content=\"1620\" \/>\n\t<meta property=\"og:image:type\" content=\"image\/png\" \/>\n<meta name=\"twitter:card\" content=\"summary_large_image\" \/>\n<meta name=\"twitter:site\" content=\"@talkpalai\" \/>\n<meta name=\"twitter:label1\" content=\"Dur\u00e9e de lecture estim\u00e9e\" \/>\n\t<meta name=\"twitter:data1\" content=\"2 minutes\" \/>\n<script type=\"application\/ld+json\" class=\"yoast-schema-graph\">{\"@context\":\"https:\/\/schema.org\",\"@graph\":[{\"@type\":\"WebPage\",\"@id\":\"https:\/\/talkpal.ai\/fr\/grammar_exercises\/exercices-de-voix-passive-pour-la-grammaire-galicienne\/\",\"url\":\"https:\/\/talkpal.ai\/fr\/grammar_exercises\/exercices-de-voix-passive-pour-la-grammaire-galicienne\/\",\"name\":\"Exercices de voix passive pour la grammaire galicienne - Talkpal\",\"isPartOf\":{\"@id\":\"https:\/\/talkpal.ai\/fr\/#website\"},\"primaryImageOfPage\":{\"@id\":\"https:\/\/talkpal.ai\/fr\/grammar_exercises\/exercices-de-voix-passive-pour-la-grammaire-galicienne\/#primaryimage\"},\"image\":{\"@id\":\"https:\/\/talkpal.ai\/fr\/grammar_exercises\/exercices-de-voix-passive-pour-la-grammaire-galicienne\/#primaryimage\"},\"thumbnailUrl\":\"https:\/\/talkpal.ai\/wp-content\/uploads\/2025\/12\/student-is-learning-languages-under-tree.webp\",\"datePublished\":\"2025-07-06T07:25:24+00:00\",\"description\":\"Dans ces exercices, vous pratiquerez la formation de la voix passive en galicien. La voix passive met l\u2019accent sur l\u2019action subie par le sujet plut\u00f4t que\",\"breadcrumb\":{\"@id\":\"https:\/\/talkpal.ai\/fr\/grammar_exercises\/exercices-de-voix-passive-pour-la-grammaire-galicienne\/#breadcrumb\"},\"inLanguage\":\"fr-FR\",\"potentialAction\":[{\"@type\":\"ReadAction\",\"target\":[\"https:\/\/talkpal.ai\/fr\/grammar_exercises\/exercices-de-voix-passive-pour-la-grammaire-galicienne\/\"]}]},{\"@type\":\"ImageObject\",\"inLanguage\":\"fr-FR\",\"@id\":\"https:\/\/talkpal.ai\/fr\/grammar_exercises\/exercices-de-voix-passive-pour-la-grammaire-galicienne\/#primaryimage\",\"url\":\"https:\/\/talkpal.ai\/wp-content\/uploads\/2025\/12\/student-is-learning-languages-under-tree.webp\",\"contentUrl\":\"https:\/\/talkpal.ai\/wp-content\/uploads\/2025\/12\/student-is-learning-languages-under-tree.webp\",\"width\":1200,\"height\":896,\"caption\":\"A student wearing headphones sits outside and reads a thick book while learning languages.\"},{\"@type\":\"BreadcrumbList\",\"@id\":\"https:\/\/talkpal.ai\/fr\/grammar_exercises\/exercices-de-voix-passive-pour-la-grammaire-galicienne\/#breadcrumb\",\"itemListElement\":[{\"@type\":\"ListItem\",\"position\":1,\"name\":\"Homepage\",\"item\":\"https:\/\/talkpal.ai\/fr\/\"},{\"@type\":\"ListItem\",\"position\":2,\"name\":\"Exercices de voix passive pour la grammaire galicienne\"}]},{\"@type\":\"WebSite\",\"@id\":\"https:\/\/talkpal.ai\/fr\/#website\",\"url\":\"https:\/\/talkpal.ai\/fr\/\",\"name\":\"Talkpal\",\"description\":\"AI Language Learning\",\"publisher\":{\"@id\":\"https:\/\/talkpal.ai\/fr\/#organization\"},\"alternateName\":\"Talkpal AI\",\"potentialAction\":[{\"@type\":\"SearchAction\",\"target\":{\"@type\":\"EntryPoint\",\"urlTemplate\":\"https:\/\/talkpal.ai\/fr\/?s={search_term_string}\"},\"query-input\":{\"@type\":\"PropertyValueSpecification\",\"valueRequired\":true,\"valueName\":\"search_term_string\"}}],\"inLanguage\":\"fr-FR\"},{\"@type\":\"Organization\",\"@id\":\"https:\/\/talkpal.ai\/fr\/#organization\",\"name\":\"Talkpal, Inc.\",\"alternateName\":\"Talkpal AI\",\"url\":\"https:\/\/talkpal.ai\/fr\/\",\"logo\":{\"@type\":\"ImageObject\",\"inLanguage\":\"fr-FR\",\"@id\":\"https:\/\/talkpal.ai\/fr\/#\/schema\/logo\/image\/\",\"url\":\"https:\/\/talkpal.ai\/wp-content\/uploads\/2024\/03\/Talkpal-Logo-Icon.png\",\"contentUrl\":\"https:\/\/talkpal.ai\/wp-content\/uploads\/2024\/03\/Talkpal-Logo-Icon.png\",\"width\":2880,\"height\":2880,\"caption\":\"Talkpal, Inc.\"},\"image\":{\"@id\":\"https:\/\/talkpal.ai\/fr\/#\/schema\/logo\/image\/\"},\"sameAs\":[\"https:\/\/www.facebook.com\/profile.php?id=100090733639311\",\"https:\/\/x.com\/talkpalai\",\"https:\/\/www.linkedin.com\/company\/talkpal\/\",\"https:\/\/www.youtube.com\/@TalkPal\/\",\"https:\/\/www.tiktok.com\/@talkpal\",\"https:\/\/www.instagram.com\/talkpal_ai\/\",\"https:\/\/www.crunchbase.com\/organization\/talkpal-9cde\",\"https:\/\/www.g2.com\/products\/talkpal-for-business\/\",\"https:\/\/www.trustpilot.com\/review\/talkpal.ai\",\"https:\/\/www.capterra.com\/p\/10006800\/TalkPal\/\"],\"description\":\"Talkpal is a language learning web and mobile education app, powered by the latest AI technologies, that provides engaging experiences to its customers in many different languages to help them improve their language skills. Users can chat about unlimited amount of topics with the app and use other modes to practice their language learning.\",\"email\":\"support@talkpal.ai\",\"legalName\":\"Talkpal, Inc.\",\"foundingDate\":\"2023-04-03\",\"duns\":\"118989042\",\"numberOfEmployees\":{\"@type\":\"QuantitativeValue\",\"minValue\":\"11\",\"maxValue\":\"50\"},\"publishingPrinciples\":\"https:\/\/talkpal.ai\/publishing-principles\/\",\"actionableFeedbackPolicy\":\"https:\/\/talkpal.ai\/actionable-feedback-policy\/\",\"correctionsPolicy\":\"https:\/\/talkpal.ai\/corrections-policy\/\",\"ethicsPolicy\":\"https:\/\/talkpal.ai\/ethics-policy\/\",\"diversityPolicy\":\"https:\/\/talkpal.ai\/diversity-policy\/\",\"diversityStaffingReport\":\"https:\/\/talkpal.ai\/diversity-policy\/\"}]}<\/script>\n<!-- \/ Yoast SEO Premium plugin. -->","yoast_head_json":{"title":"Exercices de voix passive pour la grammaire galicienne - Talkpal","description":"Dans ces exercices, vous pratiquerez la formation de la voix passive en galicien. La voix passive met l\u2019accent sur l\u2019action subie par le sujet plut\u00f4t que","robots":{"index":"index","follow":"follow","max-snippet":"max-snippet:-1","max-image-preview":"max-image-preview:large","max-video-preview":"max-video-preview:-1"},"canonical":"https:\/\/talkpal.ai\/fr\/grammar_exercises\/exercices-de-voix-passive-pour-la-grammaire-galicienne\/","og_locale":"fr_FR","og_type":"article","og_title":"Exercices de voix passive pour la grammaire galicienne","og_description":"Dans ces exercices, vous pratiquerez la formation de la voix passive en galicien. La voix passive met l\u2019accent sur l\u2019action subie par le sujet plut\u00f4t que","og_url":"https:\/\/talkpal.ai\/fr\/grammar_exercises\/exercices-de-voix-passive-pour-la-grammaire-galicienne\/","og_site_name":"Talkpal","article_publisher":"https:\/\/www.facebook.com\/profile.php?id=100090733639311","og_image":[{"width":2880,"height":1620,"url":"https:\/\/talkpal.ai\/wp-content\/uploads\/2025\/02\/Progress-tab-16_9.png","type":"image\/png"}],"twitter_card":"summary_large_image","twitter_site":"@talkpalai","twitter_misc":{"Dur\u00e9e de lecture estim\u00e9e":"2 minutes"},"schema":{"@context":"https:\/\/schema.org","@graph":[{"@type":"WebPage","@id":"https:\/\/talkpal.ai\/fr\/grammar_exercises\/exercices-de-voix-passive-pour-la-grammaire-galicienne\/","url":"https:\/\/talkpal.ai\/fr\/grammar_exercises\/exercices-de-voix-passive-pour-la-grammaire-galicienne\/","name":"Exercices de voix passive pour la grammaire galicienne - Talkpal","isPartOf":{"@id":"https:\/\/talkpal.ai\/fr\/#website"},"primaryImageOfPage":{"@id":"https:\/\/talkpal.ai\/fr\/grammar_exercises\/exercices-de-voix-passive-pour-la-grammaire-galicienne\/#primaryimage"},"image":{"@id":"https:\/\/talkpal.ai\/fr\/grammar_exercises\/exercices-de-voix-passive-pour-la-grammaire-galicienne\/#primaryimage"},"thumbnailUrl":"https:\/\/talkpal.ai\/wp-content\/uploads\/2025\/12\/student-is-learning-languages-under-tree.webp","datePublished":"2025-07-06T07:25:24+00:00","description":"Dans ces exercices, vous pratiquerez la formation de la voix passive en galicien. La voix passive met l\u2019accent sur l\u2019action subie par le sujet plut\u00f4t que","breadcrumb":{"@id":"https:\/\/talkpal.ai\/fr\/grammar_exercises\/exercices-de-voix-passive-pour-la-grammaire-galicienne\/#breadcrumb"},"inLanguage":"fr-FR","potentialAction":[{"@type":"ReadAction","target":["https:\/\/talkpal.ai\/fr\/grammar_exercises\/exercices-de-voix-passive-pour-la-grammaire-galicienne\/"]}]},{"@type":"ImageObject","inLanguage":"fr-FR","@id":"https:\/\/talkpal.ai\/fr\/grammar_exercises\/exercices-de-voix-passive-pour-la-grammaire-galicienne\/#primaryimage","url":"https:\/\/talkpal.ai\/wp-content\/uploads\/2025\/12\/student-is-learning-languages-under-tree.webp","contentUrl":"https:\/\/talkpal.ai\/wp-content\/uploads\/2025\/12\/student-is-learning-languages-under-tree.webp","width":1200,"height":896,"caption":"A student wearing headphones sits outside and reads a thick book while learning languages."},{"@type":"BreadcrumbList","@id":"https:\/\/talkpal.ai\/fr\/grammar_exercises\/exercices-de-voix-passive-pour-la-grammaire-galicienne\/#breadcrumb","itemListElement":[{"@type":"ListItem","position":1,"name":"Homepage","item":"https:\/\/talkpal.ai\/fr\/"},{"@type":"ListItem","position":2,"name":"Exercices de voix passive pour la grammaire galicienne"}]},{"@type":"WebSite","@id":"https:\/\/talkpal.ai\/fr\/#website","url":"https:\/\/talkpal.ai\/fr\/","name":"Talkpal","description":"AI Language Learning","publisher":{"@id":"https:\/\/talkpal.ai\/fr\/#organization"},"alternateName":"Talkpal AI","potentialAction":[{"@type":"SearchAction","target":{"@type":"EntryPoint","urlTemplate":"https:\/\/talkpal.ai\/fr\/?s={search_term_string}"},"query-input":{"@type":"PropertyValueSpecification","valueRequired":true,"valueName":"search_term_string"}}],"inLanguage":"fr-FR"},{"@type":"Organization","@id":"https:\/\/talkpal.ai\/fr\/#organization","name":"Talkpal, Inc.","alternateName":"Talkpal AI","url":"https:\/\/talkpal.ai\/fr\/","logo":{"@type":"ImageObject","inLanguage":"fr-FR","@id":"https:\/\/talkpal.ai\/fr\/#\/schema\/logo\/image\/","url":"https:\/\/talkpal.ai\/wp-content\/uploads\/2024\/03\/Talkpal-Logo-Icon.png","contentUrl":"https:\/\/talkpal.ai\/wp-content\/uploads\/2024\/03\/Talkpal-Logo-Icon.png","width":2880,"height":2880,"caption":"Talkpal, Inc."},"image":{"@id":"https:\/\/talkpal.ai\/fr\/#\/schema\/logo\/image\/"},"sameAs":["https:\/\/www.facebook.com\/profile.php?id=100090733639311","https:\/\/x.com\/talkpalai","https:\/\/www.linkedin.com\/company\/talkpal\/","https:\/\/www.youtube.com\/@TalkPal\/","https:\/\/www.tiktok.com\/@talkpal","https:\/\/www.instagram.com\/talkpal_ai\/","https:\/\/www.crunchbase.com\/organization\/talkpal-9cde","https:\/\/www.g2.com\/products\/talkpal-for-business\/","https:\/\/www.trustpilot.com\/review\/talkpal.ai","https:\/\/www.capterra.com\/p\/10006800\/TalkPal\/"],"description":"Talkpal is a language learning web and mobile education app, powered by the latest AI technologies, that provides engaging experiences to its customers in many different languages to help them improve their language skills. Users can chat about unlimited amount of topics with the app and use other modes to practice their language learning.","email":"support@talkpal.ai","legalName":"Talkpal, Inc.","foundingDate":"2023-04-03","duns":"118989042","numberOfEmployees":{"@type":"QuantitativeValue","minValue":"11","maxValue":"50"},"publishingPrinciples":"https:\/\/talkpal.ai\/publishing-principles\/","actionableFeedbackPolicy":"https:\/\/talkpal.ai\/actionable-feedback-policy\/","correctionsPolicy":"https:\/\/talkpal.ai\/corrections-policy\/","ethicsPolicy":"https:\/\/talkpal.ai\/ethics-policy\/","diversityPolicy":"https:\/\/talkpal.ai\/diversity-policy\/","diversityStaffingReport":"https:\/\/talkpal.ai\/diversity-policy\/"}]}},"_links":{"self":[{"href":"https:\/\/talkpal.ai\/fr\/wp-json\/wp\/v2\/grammar_exercises\/1132766","targetHints":{"allow":["GET"]}}],"collection":[{"href":"https:\/\/talkpal.ai\/fr\/wp-json\/wp\/v2\/grammar_exercises"}],"about":[{"href":"https:\/\/talkpal.ai\/fr\/wp-json\/wp\/v2\/types\/grammar_exercises"}],"wp:featuredmedia":[{"embeddable":true,"href":"https:\/\/talkpal.ai\/fr\/wp-json\/wp\/v2\/media\/1527901"}],"wp:attachment":[{"href":"https:\/\/talkpal.ai\/fr\/wp-json\/wp\/v2\/media?parent=1132766"}],"wp:term":[{"taxonomy":"exercise_language","embeddable":true,"href":"https:\/\/talkpal.ai\/fr\/wp-json\/wp\/v2\/exercise_language?post=1132766"}],"curies":[{"name":"wp","href":"https:\/\/api.w.org\/{rel}","templated":true}]}}