{"id":1132722,"date":"2025-07-06T07:24:40","date_gmt":"2025-07-06T07:24:40","guid":{"rendered":"https:\/\/talkpal.ai\/grammar_exercises\/exercices-sur-les-adjectifs-attributifs-pour-la-grammaire-galicienne\/"},"modified":"2025-07-06T07:24:40","modified_gmt":"2025-07-06T07:24:40","slug":"exercices-sur-les-adjectifs-attributifs-pour-la-grammaire-galicienne","status":"publish","type":"grammar_exercises","link":"https:\/\/talkpal.ai\/fr\/grammar_exercises\/exercices-sur-les-adjectifs-attributifs-pour-la-grammaire-galicienne\/","title":{"rendered":"Exercices sur les adjectifs attributifs pour la grammaire galicienne"},"content":{"rendered":"<p>Ces exercices portent sur les <a href=\"https:\/\/talkpal.ai\/fr\/grammar\/adjectifs-attributifs-en-grammaire-ourdou\/\">adjectifs attributifs<\/a> en <a href=\"https:\/\/talkpal.ai\/learn-galician\/\">galicien<\/a>, c\u2019est-\u00e0-dire les adjectifs qui s\u2019accordent avec le sujet du verbe et qui sont reli\u00e9s \u00e0 celui-ci par un verbe d\u2019\u00e9tat comme \u00ab\u00a0ser\u00a0\u00bb ou \u00ab\u00a0estar\u00a0\u00bb. Vous devrez choisir l\u2019adjectif correct pour compl\u00e9ter chaque phrase en tenant compte du genre et du nombre du sujet. Les indices en <a href=\"https:\/\/talkpal.ai\/learn-french\/\">fran\u00e7ais<\/a> vous aideront \u00e0 comprendre quel adjectif utiliser.<\/p>\n<h3>Exercice 1 : Choisissez l\u2019adjectif attributif correct<\/h3>\n<div class=\"input_sentences\">\n1. A casa \u00e9 *grande* (adjectif d\u00e9crivant la taille de la maison).<br \/>\n2. O neno est\u00e1 *cansado* (adjectif d\u00e9crivant l\u2019\u00e9tat du gar\u00e7on).<br \/>\n3. As flores parecen *fermosa* (adjectif d\u00e9crivant la beaut\u00e9 des fleurs, f\u00e9minin <a href=\"https:\/\/talkpal.ai\/ar\/grammar_exercises\/pluriel-%d8%aa%d9%85%d8%a7%d8%b1%d9%8a%d9%86-%d9%84%d9%84%d9%82%d9%88%d8%a7%d8%b9%d8%af-%d8%a7%d9%84%d9%81%d8%b1%d9%86%d8%b3%d9%8a%d8%a9\/\">pluriel<\/a>).<br \/>\n4. O libro \u00e9 *interesante* (adjectif d\u00e9crivant la qualit\u00e9 du livre).<br \/>\n5. A comida est\u00e1 *quente* (adjectif d\u00e9crivant la temp\u00e9rature de la nourriture).<br \/>\n6. Os coches son *r\u00e1pidos* (adjectif d\u00e9crivant la vitesse des voitures, masculin pluriel).<br \/>\n7. A voda \u00e9 *moi longa* (adjectif d\u00e9crivant la dur\u00e9e du route, f\u00e9minin singulier).<br \/>\n8. O d\u00eda est\u00e1 *nublado* (adjectif d\u00e9crivant l\u2019\u00e9tat du ciel).<br \/>\n9. As mulleres son *traballadoras* (adjectif d\u00e9crivant les femmes, f\u00e9minin pluriel).<br \/>\n10. O peixe est\u00e1 *fresco* (adjectif d\u00e9crivant la fra\u00eecheur du poisson).\n<\/div>\n<div class=\"exercise\"><\/div>\n<h3>Exercice 2 : Compl\u00e9tez avec l\u2019adjectif attributif appropri\u00e9<\/h3>\n<div class=\"input_sentences\">\n1. A mesa est\u00e1 *limpa* (adjectif d\u00e9crivant l\u2019\u00e9tat de la table, f\u00e9minin singulier).<br \/>\n2. Os amigos son *leais* (adjectif d\u00e9crivant la fid\u00e9lit\u00e9, masculin pluriel).<br \/>\n3. O ceo \u00e9 *azul* (adjectif d\u00e9crivant la couleur du ciel).<br \/>\n4. As nenas est\u00e1n *felices* (adjectif d\u00e9crivant l\u2019\u00e9tat \u00e9motionnel, f\u00e9minin pluriel).<br \/>\n5. O gato est\u00e1 *durmindo* (forme verbale, ne pas confondre, ici l\u2019adjectif serait *durmido* si attributif).<br \/>\n6. A pel\u00edcula \u00e9 *aburrida* (adjectif d\u00e9crivant la qualit\u00e9 du film, f\u00e9minin singulier).<br \/>\n7. Os d\u00edas son *longos* (adjectif d\u00e9crivant la dur\u00e9e des jours, masculin pluriel).<br \/>\n8. A auga est\u00e1 *fr\u00eda* (adjectif d\u00e9crivant la temp\u00e9rature de l\u2019eau, f\u00e9minin singulier).<br \/>\n9. O home parece *triste* (adjectif d\u00e9crivant l\u2019\u00e9tat d\u2019esprit de l\u2019homme).<br \/>\n10. As estrelas son *brillantes* (adjectif d\u00e9crivant l\u2019\u00e9clat des \u00e9toiles, f\u00e9minin pluriel).\n<\/div>\n<div class=\"exercise\"><\/div>\n","protected":false},"featured_media":1528074,"parent":0,"menu_order":0,"template":"","exercise_language":[15216,15210],"class_list":["post-1132722","grammar_exercises","type-grammar_exercises","status-publish","has-post-thumbnail","hentry","exercise_language-adjectifs-grammaire-galicienne","exercise_language-exercices-galiciens"],"acf":[],"yoast_head":"<!-- This site is optimized with the Yoast SEO Premium plugin v27.2 (Yoast SEO v27.2) - https:\/\/yoast.com\/product\/yoast-seo-premium-wordpress\/ -->\n<title>Exercices sur les adjectifs attributifs pour la grammaire galicienne - Talkpal<\/title>\n<meta name=\"description\" content=\"Ces exercices portent sur les adjectifs attributifs en galicien, c\u2019est-\u00e0-dire les adjectifs qui s\u2019accordent avec le sujet du verbe et qui sont reli\u00e9s \u00e0\" \/>\n<meta name=\"robots\" content=\"index, follow, max-snippet:-1, max-image-preview:large, max-video-preview:-1\" \/>\n<link rel=\"canonical\" href=\"https:\/\/talkpal.ai\/fr\/grammar_exercises\/exercices-sur-les-adjectifs-attributifs-pour-la-grammaire-galicienne\/\" \/>\n<meta property=\"og:locale\" content=\"fr_FR\" \/>\n<meta property=\"og:type\" content=\"article\" \/>\n<meta property=\"og:title\" content=\"Exercices sur les adjectifs attributifs pour la grammaire galicienne\" \/>\n<meta property=\"og:description\" content=\"Ces exercices portent sur les adjectifs attributifs en galicien, c\u2019est-\u00e0-dire les adjectifs qui s\u2019accordent avec le sujet du verbe et qui sont reli\u00e9s \u00e0\" \/>\n<meta property=\"og:url\" content=\"https:\/\/talkpal.ai\/fr\/grammar_exercises\/exercices-sur-les-adjectifs-attributifs-pour-la-grammaire-galicienne\/\" \/>\n<meta property=\"og:site_name\" content=\"Talkpal\" \/>\n<meta property=\"article:publisher\" content=\"https:\/\/www.facebook.com\/profile.php?id=100090733639311\" \/>\n<meta property=\"og:image\" content=\"https:\/\/talkpal.ai\/wp-content\/uploads\/2025\/02\/Progress-tab-16_9.png\" \/>\n\t<meta property=\"og:image:width\" content=\"2880\" \/>\n\t<meta property=\"og:image:height\" content=\"1620\" \/>\n\t<meta property=\"og:image:type\" content=\"image\/png\" \/>\n<meta name=\"twitter:card\" content=\"summary_large_image\" \/>\n<meta name=\"twitter:site\" content=\"@talkpalai\" \/>\n<meta name=\"twitter:label1\" content=\"Dur\u00e9e de lecture estim\u00e9e\" \/>\n\t<meta name=\"twitter:data1\" content=\"2 minutes\" \/>\n<script type=\"application\/ld+json\" class=\"yoast-schema-graph\">{\"@context\":\"https:\/\/schema.org\",\"@graph\":[{\"@type\":\"WebPage\",\"@id\":\"https:\/\/talkpal.ai\/fr\/grammar_exercises\/exercices-sur-les-adjectifs-attributifs-pour-la-grammaire-galicienne\/\",\"url\":\"https:\/\/talkpal.ai\/fr\/grammar_exercises\/exercices-sur-les-adjectifs-attributifs-pour-la-grammaire-galicienne\/\",\"name\":\"Exercices sur les adjectifs attributifs pour la grammaire galicienne - Talkpal\",\"isPartOf\":{\"@id\":\"https:\/\/talkpal.ai\/fr\/#website\"},\"primaryImageOfPage\":{\"@id\":\"https:\/\/talkpal.ai\/fr\/grammar_exercises\/exercices-sur-les-adjectifs-attributifs-pour-la-grammaire-galicienne\/#primaryimage\"},\"image\":{\"@id\":\"https:\/\/talkpal.ai\/fr\/grammar_exercises\/exercices-sur-les-adjectifs-attributifs-pour-la-grammaire-galicienne\/#primaryimage\"},\"thumbnailUrl\":\"https:\/\/talkpal.ai\/wp-content\/uploads\/2025\/12\/visiting-a-cafe-to-learn-languages.webp\",\"datePublished\":\"2025-07-06T07:24:40+00:00\",\"description\":\"Ces exercices portent sur les adjectifs attributifs en galicien, c\u2019est-\u00e0-dire les adjectifs qui s\u2019accordent avec le sujet du verbe et qui sont reli\u00e9s \u00e0\",\"breadcrumb\":{\"@id\":\"https:\/\/talkpal.ai\/fr\/grammar_exercises\/exercices-sur-les-adjectifs-attributifs-pour-la-grammaire-galicienne\/#breadcrumb\"},\"inLanguage\":\"fr-FR\",\"potentialAction\":[{\"@type\":\"ReadAction\",\"target\":[\"https:\/\/talkpal.ai\/fr\/grammar_exercises\/exercices-sur-les-adjectifs-attributifs-pour-la-grammaire-galicienne\/\"]}]},{\"@type\":\"ImageObject\",\"inLanguage\":\"fr-FR\",\"@id\":\"https:\/\/talkpal.ai\/fr\/grammar_exercises\/exercices-sur-les-adjectifs-attributifs-pour-la-grammaire-galicienne\/#primaryimage\",\"url\":\"https:\/\/talkpal.ai\/wp-content\/uploads\/2025\/12\/visiting-a-cafe-to-learn-languages.webp\",\"contentUrl\":\"https:\/\/talkpal.ai\/wp-content\/uploads\/2025\/12\/visiting-a-cafe-to-learn-languages.webp\",\"width\":1200,\"height\":896,\"caption\":\"A man with glasses types on a laptop while learning languages at a cafe table with book stacks.\"},{\"@type\":\"BreadcrumbList\",\"@id\":\"https:\/\/talkpal.ai\/fr\/grammar_exercises\/exercices-sur-les-adjectifs-attributifs-pour-la-grammaire-galicienne\/#breadcrumb\",\"itemListElement\":[{\"@type\":\"ListItem\",\"position\":1,\"name\":\"Homepage\",\"item\":\"https:\/\/talkpal.ai\/fr\/\"},{\"@type\":\"ListItem\",\"position\":2,\"name\":\"Exercices sur les adjectifs attributifs pour la grammaire galicienne\"}]},{\"@type\":\"WebSite\",\"@id\":\"https:\/\/talkpal.ai\/fr\/#website\",\"url\":\"https:\/\/talkpal.ai\/fr\/\",\"name\":\"Talkpal\",\"description\":\"AI Language Learning\",\"publisher\":{\"@id\":\"https:\/\/talkpal.ai\/fr\/#organization\"},\"alternateName\":\"Talkpal AI\",\"potentialAction\":[{\"@type\":\"SearchAction\",\"target\":{\"@type\":\"EntryPoint\",\"urlTemplate\":\"https:\/\/talkpal.ai\/fr\/?s={search_term_string}\"},\"query-input\":{\"@type\":\"PropertyValueSpecification\",\"valueRequired\":true,\"valueName\":\"search_term_string\"}}],\"inLanguage\":\"fr-FR\"},{\"@type\":\"Organization\",\"@id\":\"https:\/\/talkpal.ai\/fr\/#organization\",\"name\":\"Talkpal, Inc.\",\"alternateName\":\"Talkpal AI\",\"url\":\"https:\/\/talkpal.ai\/fr\/\",\"logo\":{\"@type\":\"ImageObject\",\"inLanguage\":\"fr-FR\",\"@id\":\"https:\/\/talkpal.ai\/fr\/#\/schema\/logo\/image\/\",\"url\":\"https:\/\/talkpal.ai\/wp-content\/uploads\/2024\/03\/Talkpal-Logo-Icon.png\",\"contentUrl\":\"https:\/\/talkpal.ai\/wp-content\/uploads\/2024\/03\/Talkpal-Logo-Icon.png\",\"width\":2880,\"height\":2880,\"caption\":\"Talkpal, Inc.\"},\"image\":{\"@id\":\"https:\/\/talkpal.ai\/fr\/#\/schema\/logo\/image\/\"},\"sameAs\":[\"https:\/\/www.facebook.com\/profile.php?id=100090733639311\",\"https:\/\/x.com\/talkpalai\",\"https:\/\/www.linkedin.com\/company\/talkpal\/\",\"https:\/\/www.youtube.com\/@TalkPal\/\",\"https:\/\/www.tiktok.com\/@talkpal\",\"https:\/\/www.instagram.com\/talkpal_ai\/\",\"https:\/\/www.crunchbase.com\/organization\/talkpal-9cde\",\"https:\/\/www.g2.com\/products\/talkpal-for-business\/\",\"https:\/\/www.trustpilot.com\/review\/talkpal.ai\",\"https:\/\/www.capterra.com\/p\/10006800\/TalkPal\/\"],\"description\":\"Talkpal is a language learning web and mobile education app, powered by the latest AI technologies, that provides engaging experiences to its customers in many different languages to help them improve their language skills. Users can chat about unlimited amount of topics with the app and use other modes to practice their language learning.\",\"email\":\"support@talkpal.ai\",\"legalName\":\"Talkpal, Inc.\",\"foundingDate\":\"2023-04-03\",\"duns\":\"118989042\",\"numberOfEmployees\":{\"@type\":\"QuantitativeValue\",\"minValue\":\"11\",\"maxValue\":\"50\"},\"publishingPrinciples\":\"https:\/\/talkpal.ai\/publishing-principles\/\",\"actionableFeedbackPolicy\":\"https:\/\/talkpal.ai\/actionable-feedback-policy\/\",\"correctionsPolicy\":\"https:\/\/talkpal.ai\/corrections-policy\/\",\"ethicsPolicy\":\"https:\/\/talkpal.ai\/ethics-policy\/\",\"diversityPolicy\":\"https:\/\/talkpal.ai\/diversity-policy\/\",\"diversityStaffingReport\":\"https:\/\/talkpal.ai\/diversity-policy\/\"}]}<\/script>\n<!-- \/ Yoast SEO Premium plugin. -->","yoast_head_json":{"title":"Exercices sur les adjectifs attributifs pour la grammaire galicienne - Talkpal","description":"Ces exercices portent sur les adjectifs attributifs en galicien, c\u2019est-\u00e0-dire les adjectifs qui s\u2019accordent avec le sujet du verbe et qui sont reli\u00e9s \u00e0","robots":{"index":"index","follow":"follow","max-snippet":"max-snippet:-1","max-image-preview":"max-image-preview:large","max-video-preview":"max-video-preview:-1"},"canonical":"https:\/\/talkpal.ai\/fr\/grammar_exercises\/exercices-sur-les-adjectifs-attributifs-pour-la-grammaire-galicienne\/","og_locale":"fr_FR","og_type":"article","og_title":"Exercices sur les adjectifs attributifs pour la grammaire galicienne","og_description":"Ces exercices portent sur les adjectifs attributifs en galicien, c\u2019est-\u00e0-dire les adjectifs qui s\u2019accordent avec le sujet du verbe et qui sont reli\u00e9s \u00e0","og_url":"https:\/\/talkpal.ai\/fr\/grammar_exercises\/exercices-sur-les-adjectifs-attributifs-pour-la-grammaire-galicienne\/","og_site_name":"Talkpal","article_publisher":"https:\/\/www.facebook.com\/profile.php?id=100090733639311","og_image":[{"width":2880,"height":1620,"url":"https:\/\/talkpal.ai\/wp-content\/uploads\/2025\/02\/Progress-tab-16_9.png","type":"image\/png"}],"twitter_card":"summary_large_image","twitter_site":"@talkpalai","twitter_misc":{"Dur\u00e9e de lecture estim\u00e9e":"2 minutes"},"schema":{"@context":"https:\/\/schema.org","@graph":[{"@type":"WebPage","@id":"https:\/\/talkpal.ai\/fr\/grammar_exercises\/exercices-sur-les-adjectifs-attributifs-pour-la-grammaire-galicienne\/","url":"https:\/\/talkpal.ai\/fr\/grammar_exercises\/exercices-sur-les-adjectifs-attributifs-pour-la-grammaire-galicienne\/","name":"Exercices sur les adjectifs attributifs pour la grammaire galicienne - Talkpal","isPartOf":{"@id":"https:\/\/talkpal.ai\/fr\/#website"},"primaryImageOfPage":{"@id":"https:\/\/talkpal.ai\/fr\/grammar_exercises\/exercices-sur-les-adjectifs-attributifs-pour-la-grammaire-galicienne\/#primaryimage"},"image":{"@id":"https:\/\/talkpal.ai\/fr\/grammar_exercises\/exercices-sur-les-adjectifs-attributifs-pour-la-grammaire-galicienne\/#primaryimage"},"thumbnailUrl":"https:\/\/talkpal.ai\/wp-content\/uploads\/2025\/12\/visiting-a-cafe-to-learn-languages.webp","datePublished":"2025-07-06T07:24:40+00:00","description":"Ces exercices portent sur les adjectifs attributifs en galicien, c\u2019est-\u00e0-dire les adjectifs qui s\u2019accordent avec le sujet du verbe et qui sont reli\u00e9s \u00e0","breadcrumb":{"@id":"https:\/\/talkpal.ai\/fr\/grammar_exercises\/exercices-sur-les-adjectifs-attributifs-pour-la-grammaire-galicienne\/#breadcrumb"},"inLanguage":"fr-FR","potentialAction":[{"@type":"ReadAction","target":["https:\/\/talkpal.ai\/fr\/grammar_exercises\/exercices-sur-les-adjectifs-attributifs-pour-la-grammaire-galicienne\/"]}]},{"@type":"ImageObject","inLanguage":"fr-FR","@id":"https:\/\/talkpal.ai\/fr\/grammar_exercises\/exercices-sur-les-adjectifs-attributifs-pour-la-grammaire-galicienne\/#primaryimage","url":"https:\/\/talkpal.ai\/wp-content\/uploads\/2025\/12\/visiting-a-cafe-to-learn-languages.webp","contentUrl":"https:\/\/talkpal.ai\/wp-content\/uploads\/2025\/12\/visiting-a-cafe-to-learn-languages.webp","width":1200,"height":896,"caption":"A man with glasses types on a laptop while learning languages at a cafe table with book stacks."},{"@type":"BreadcrumbList","@id":"https:\/\/talkpal.ai\/fr\/grammar_exercises\/exercices-sur-les-adjectifs-attributifs-pour-la-grammaire-galicienne\/#breadcrumb","itemListElement":[{"@type":"ListItem","position":1,"name":"Homepage","item":"https:\/\/talkpal.ai\/fr\/"},{"@type":"ListItem","position":2,"name":"Exercices sur les adjectifs attributifs pour la grammaire galicienne"}]},{"@type":"WebSite","@id":"https:\/\/talkpal.ai\/fr\/#website","url":"https:\/\/talkpal.ai\/fr\/","name":"Talkpal","description":"AI Language Learning","publisher":{"@id":"https:\/\/talkpal.ai\/fr\/#organization"},"alternateName":"Talkpal AI","potentialAction":[{"@type":"SearchAction","target":{"@type":"EntryPoint","urlTemplate":"https:\/\/talkpal.ai\/fr\/?s={search_term_string}"},"query-input":{"@type":"PropertyValueSpecification","valueRequired":true,"valueName":"search_term_string"}}],"inLanguage":"fr-FR"},{"@type":"Organization","@id":"https:\/\/talkpal.ai\/fr\/#organization","name":"Talkpal, Inc.","alternateName":"Talkpal AI","url":"https:\/\/talkpal.ai\/fr\/","logo":{"@type":"ImageObject","inLanguage":"fr-FR","@id":"https:\/\/talkpal.ai\/fr\/#\/schema\/logo\/image\/","url":"https:\/\/talkpal.ai\/wp-content\/uploads\/2024\/03\/Talkpal-Logo-Icon.png","contentUrl":"https:\/\/talkpal.ai\/wp-content\/uploads\/2024\/03\/Talkpal-Logo-Icon.png","width":2880,"height":2880,"caption":"Talkpal, Inc."},"image":{"@id":"https:\/\/talkpal.ai\/fr\/#\/schema\/logo\/image\/"},"sameAs":["https:\/\/www.facebook.com\/profile.php?id=100090733639311","https:\/\/x.com\/talkpalai","https:\/\/www.linkedin.com\/company\/talkpal\/","https:\/\/www.youtube.com\/@TalkPal\/","https:\/\/www.tiktok.com\/@talkpal","https:\/\/www.instagram.com\/talkpal_ai\/","https:\/\/www.crunchbase.com\/organization\/talkpal-9cde","https:\/\/www.g2.com\/products\/talkpal-for-business\/","https:\/\/www.trustpilot.com\/review\/talkpal.ai","https:\/\/www.capterra.com\/p\/10006800\/TalkPal\/"],"description":"Talkpal is a language learning web and mobile education app, powered by the latest AI technologies, that provides engaging experiences to its customers in many different languages to help them improve their language skills. Users can chat about unlimited amount of topics with the app and use other modes to practice their language learning.","email":"support@talkpal.ai","legalName":"Talkpal, Inc.","foundingDate":"2023-04-03","duns":"118989042","numberOfEmployees":{"@type":"QuantitativeValue","minValue":"11","maxValue":"50"},"publishingPrinciples":"https:\/\/talkpal.ai\/publishing-principles\/","actionableFeedbackPolicy":"https:\/\/talkpal.ai\/actionable-feedback-policy\/","correctionsPolicy":"https:\/\/talkpal.ai\/corrections-policy\/","ethicsPolicy":"https:\/\/talkpal.ai\/ethics-policy\/","diversityPolicy":"https:\/\/talkpal.ai\/diversity-policy\/","diversityStaffingReport":"https:\/\/talkpal.ai\/diversity-policy\/"}]}},"_links":{"self":[{"href":"https:\/\/talkpal.ai\/fr\/wp-json\/wp\/v2\/grammar_exercises\/1132722","targetHints":{"allow":["GET"]}}],"collection":[{"href":"https:\/\/talkpal.ai\/fr\/wp-json\/wp\/v2\/grammar_exercises"}],"about":[{"href":"https:\/\/talkpal.ai\/fr\/wp-json\/wp\/v2\/types\/grammar_exercises"}],"wp:featuredmedia":[{"embeddable":true,"href":"https:\/\/talkpal.ai\/fr\/wp-json\/wp\/v2\/media\/1528074"}],"wp:attachment":[{"href":"https:\/\/talkpal.ai\/fr\/wp-json\/wp\/v2\/media?parent=1132722"}],"wp:term":[{"taxonomy":"exercise_language","embeddable":true,"href":"https:\/\/talkpal.ai\/fr\/wp-json\/wp\/v2\/exercise_language?post=1132722"}],"curies":[{"name":"wp","href":"https:\/\/api.w.org\/{rel}","templated":true}]}}