{"id":1132697,"date":"2025-07-06T07:24:16","date_gmt":"2025-07-06T07:24:16","guid":{"rendered":"https:\/\/talkpal.ai\/grammar_exercises\/exercices-de-verbes-pronominaux-pour-la-grammaire-galicienne\/"},"modified":"2025-07-06T07:24:16","modified_gmt":"2025-07-06T07:24:16","slug":"exercices-de-verbes-pronominaux-pour-la-grammaire-galicienne","status":"publish","type":"grammar_exercises","link":"https:\/\/talkpal.ai\/fr\/grammar_exercises\/exercices-de-verbes-pronominaux-pour-la-grammaire-galicienne\/","title":{"rendered":"Exercices de verbes pronominaux pour la grammaire galicienne"},"content":{"rendered":"<p>Les <a href=\"https:\/\/talkpal.ai\/ar\/grammar_exercises\/verbes-pronominaux-%d8%aa%d9%85%d8%a7%d8%b1%d9%8a%d9%86-%d9%84%d9%84%d9%82%d9%88%d8%a7%d8%b9%d8%af-%d8%a7%d9%84%d9%81%d8%b1%d9%86%d8%b3%d9%8a%d8%a9\/\">verbes pronominaux<\/a> en <a href=\"https:\/\/talkpal.ai\/learn-galician\/\">galicien<\/a> sont des verbes qui s\u2019accompagnent d\u2019un pronom r\u00e9fl\u00e9chi et indiquent que le sujet fait l\u2019action sur lui-m\u00eame. Cet exercice vous aidera \u00e0 pratiquer la conjugaison correcte de ces verbes en contexte, en tenant compte des <a href=\"https:\/\/talkpal.ai\/fr\/grammar\/pronoms-reflechis-en-grammaire-thai\/\">pronoms r\u00e9fl\u00e9chis<\/a> et des <a href=\"https:\/\/talkpal.ai\/zh-hans\/grammar_exercises\/temps-%e6%b3%95%e8%af%ad%e8%af%ad%e6%b3%95%e7%bb%83%e4%b9%a0\/\">temps<\/a> verbaux appropri\u00e9s.<\/p>\n<h3>Exercice 1 : Conjugaison des verbes pronominaux au pr\u00e9sent<\/h3>\n<div class=\"input_sentences\">\n1. Eu sempre me *levanto* \u00e1s sete da ma\u00f1\u00e1. (Conjuguez o verbo levantarse no <a href=\"https:\/\/talkpal.ai\/zh-hans\/grammar_exercises\/presente-%e8%a5%bf%e7%8f%ad%e7%89%99%e8%af%ad%e6%b3%95%e7%bb%83%e4%b9%a0\/\">presente<\/a>, primeira persoa do singular)<br \/>\n2. Ti *arr\u00edaste* rapidamente despois de caer. (Conjuguez o verbo arrimarse no <a href=\"https:\/\/talkpal.ai\/ar\/grammar_exercises\/preterito-perfecto-simple-preterito-indefinido-%d8%aa%d9%85%d8%a7%d8%b1%d9%8a%d9%86-%d9%84%d9%82%d9%88%d8%a7%d8%b9%d8%af-%d8%a7%d9%84%d9%84%d8%ba%d8%a9-%d8%a7%d9%84%d8%a5%d8%b3%d8%a8%d8%a7%d9%86%d9%8a\/\">pret\u00e9rito perfecto simple<\/a>, segunda persoa do singular)<br \/>\n3. N\u00f3s *nos peiteamos* antes de sa\u00edr da casa. (Conjuguez o verbo peitearse no presente, primeira persoa do plural)<br \/>\n4. Ela *se ba\u00f1a* na praia todos os ver\u00e1ns. (Conjuguez o verbo ba\u00f1arse no presente, terceira persoa do singular)<br \/>\n5. V\u00f3s *vos vestides* para a festa esta noite. (Conjuguez o verbo vestirse no presente, segunda persoa do plural)<br \/>\n6. Eles *se deitan* cedo durante a semana. (Conjuguez o verbo deitarse no presente, terceira persoa do plural)<br \/>\n7. Eu *me sento* na cadeira m\u00e1is c\u00f3moda. (Conjuguez o verbo sentarse no presente, primeira persoa do singular)<br \/>\n8. Ti sempre *te peinas* antes de ir ao traballo. (Conjuguez o verbo peinarse no presente, segunda persoa do singular)<br \/>\n9. N\u00f3s *nos divertimos* moito na festa. (Conjuguez o verbo divertirse no presente, primeira persoa do plural)<br \/>\n10. Ela *se relaxa* despois do exercicio. (Conjuguez o verbo relajarse no presente, terceira persoa do singular)\n<\/div>\n<div class=\"exercise\"><\/div>\n<h3>Exercice 2 : Choix du pronom r\u00e9fl\u00e9chi correct et conjugaison au pass\u00e9 compos\u00e9<\/h3>\n<div class=\"input_sentences\">\n1. Eu *me* *arrim\u00e9i* ao fogar cando chegou a noite. (Escolle o pronome reflexivo e conjugaci\u00f3n correcta do verbo arrimarse no <a href=\"https:\/\/talkpal.ai\/ar\/grammar_exercises\/preterito-perfecto-%d8%aa%d9%85%d8%a7%d8%b1%d9%8a%d9%86-%d9%84%d9%82%d9%88%d8%a7%d8%b9%d8%af-%d8%a7%d9%84%d9%84%d8%ba%d8%a9-%d8%a7%d9%84%d8%a5%d8%b3%d8%a8%d8%a7%d9%86%d9%8a%d8%a9\/\">pret\u00e9rito perfecto<\/a> composto, primeira persoa do singular)<br \/>\n2. Ti *te* *axudaches* a ti mesmo a resolver o problema. (Escolle o pronome reflexivo e conjugaci\u00f3n correcta do verbo axudarse no pret\u00e9rito perfecto simple, segunda persoa do singular)<br \/>\n3. N\u00f3s *nos* *preparamos* para o exame con moito esforzo. (Escolle o pronome reflexivo e conjugaci\u00f3n correcta do verbo prepararse no pret\u00e9rito perfecto simple, primeira persoa do plural)<br \/>\n4. Ela *se* *lavou* as mans antes da comida. (Escolle o pronome reflexivo e conjugaci\u00f3n correcta do verbo lavarse no pret\u00e9rito perfecto simple, terceira persoa do singular)<br \/>\n5. V\u00f3s *vos* *queixastes* do ru\u00eddo na festa. (Escolle o pronome reflexivo e conjugaci\u00f3n correcta do verbo queixarse no pret\u00e9rito perfecto simple, segunda persoa do plural)<br \/>\n6. Eles *se* *acostaron* tarde despois da viaxe. (Escolle o pronome reflexivo e conjugaci\u00f3n correcta do verbo acostarse no pret\u00e9rito perfecto simple, terceira persoa do plural)<br \/>\n7. Eu *me* *esquec\u00edn* do aniversario de Mar\u00eda. (Escolle o pronome reflexivo e conjugaci\u00f3n correcta do verbo esquecerse no pret\u00e9rito perfecto simple, primeira persoa do singular)<br \/>\n8. Ti *te* *sentiches* enfermo despois da comida. (Escolle o pronome reflexivo e conjugaci\u00f3n correcta do verbo sentirse no pret\u00e9rito perfecto simple, segunda persoa do singular)<br \/>\n9. N\u00f3s *nos* *divertimos* moito na excursi\u00f3n. (Escolle o pronome reflexivo e conjugaci\u00f3n correcta do verbo divertirse no pret\u00e9rito perfecto simple, primeira persoa do plural)<br \/>\n10. Ela *se* *relaxou* coa m\u00fasica tranquila. (Escolle o pronome reflexivo e conjugaci\u00f3n correcta do verbo relajarse no pret\u00e9rito perfecto simple, terceira persoa do singular)\n<\/div>\n<div class=\"exercise\"><\/div>\n","protected":false},"featured_media":1527703,"parent":0,"menu_order":0,"template":"","exercise_language":[15210,15312],"class_list":["post-1132697","grammar_exercises","type-grammar_exercises","status-publish","has-post-thumbnail","hentry","exercise_language-exercices-galiciens","exercise_language-verbes-grammaire-galicienne"],"acf":[],"yoast_head":"<!-- This site is optimized with the Yoast SEO Premium plugin v27.2 (Yoast SEO v27.2) - https:\/\/yoast.com\/product\/yoast-seo-premium-wordpress\/ -->\n<title>Exercices de verbes pronominaux pour la grammaire galicienne - Talkpal<\/title>\n<meta name=\"description\" content=\"Les verbes pronominaux en galicien sont des verbes qui s\u2019accompagnent d\u2019un pronom r\u00e9fl\u00e9chi et indiquent que le sujet fait l\u2019action sur lui-m\u00eame. Cet\" \/>\n<meta name=\"robots\" content=\"index, follow, max-snippet:-1, max-image-preview:large, max-video-preview:-1\" \/>\n<link rel=\"canonical\" href=\"https:\/\/talkpal.ai\/fr\/grammar_exercises\/exercices-de-verbes-pronominaux-pour-la-grammaire-galicienne\/\" \/>\n<meta property=\"og:locale\" content=\"fr_FR\" \/>\n<meta property=\"og:type\" content=\"article\" \/>\n<meta property=\"og:title\" content=\"Exercices de verbes pronominaux pour la grammaire galicienne\" \/>\n<meta property=\"og:description\" content=\"Les verbes pronominaux en galicien sont des verbes qui s\u2019accompagnent d\u2019un pronom r\u00e9fl\u00e9chi et indiquent que le sujet fait l\u2019action sur lui-m\u00eame. Cet\" \/>\n<meta property=\"og:url\" content=\"https:\/\/talkpal.ai\/fr\/grammar_exercises\/exercices-de-verbes-pronominaux-pour-la-grammaire-galicienne\/\" \/>\n<meta property=\"og:site_name\" content=\"Talkpal\" \/>\n<meta property=\"article:publisher\" content=\"https:\/\/www.facebook.com\/profile.php?id=100090733639311\" \/>\n<meta property=\"og:image\" content=\"https:\/\/talkpal.ai\/wp-content\/uploads\/2025\/02\/Progress-tab-16_9.png\" \/>\n\t<meta property=\"og:image:width\" content=\"2880\" \/>\n\t<meta property=\"og:image:height\" content=\"1620\" \/>\n\t<meta property=\"og:image:type\" content=\"image\/png\" \/>\n<meta name=\"twitter:card\" content=\"summary_large_image\" \/>\n<meta name=\"twitter:site\" content=\"@talkpalai\" \/>\n<meta name=\"twitter:label1\" content=\"Dur\u00e9e de lecture estim\u00e9e\" \/>\n\t<meta name=\"twitter:data1\" content=\"3 minutes\" \/>\n<script type=\"application\/ld+json\" class=\"yoast-schema-graph\">{\"@context\":\"https:\/\/schema.org\",\"@graph\":[{\"@type\":\"WebPage\",\"@id\":\"https:\/\/talkpal.ai\/fr\/grammar_exercises\/exercices-de-verbes-pronominaux-pour-la-grammaire-galicienne\/\",\"url\":\"https:\/\/talkpal.ai\/fr\/grammar_exercises\/exercices-de-verbes-pronominaux-pour-la-grammaire-galicienne\/\",\"name\":\"Exercices de verbes pronominaux pour la grammaire galicienne - Talkpal\",\"isPartOf\":{\"@id\":\"https:\/\/talkpal.ai\/fr\/#website\"},\"primaryImageOfPage\":{\"@id\":\"https:\/\/talkpal.ai\/fr\/grammar_exercises\/exercices-de-verbes-pronominaux-pour-la-grammaire-galicienne\/#primaryimage\"},\"image\":{\"@id\":\"https:\/\/talkpal.ai\/fr\/grammar_exercises\/exercices-de-verbes-pronominaux-pour-la-grammaire-galicienne\/#primaryimage\"},\"thumbnailUrl\":\"https:\/\/talkpal.ai\/wp-content\/uploads\/2025\/12\/handouts-are-checked-learning-languages.webp\",\"datePublished\":\"2025-07-06T07:24:16+00:00\",\"description\":\"Les verbes pronominaux en galicien sont des verbes qui s\u2019accompagnent d\u2019un pronom r\u00e9fl\u00e9chi et indiquent que le sujet fait l\u2019action sur lui-m\u00eame. Cet\",\"breadcrumb\":{\"@id\":\"https:\/\/talkpal.ai\/fr\/grammar_exercises\/exercices-de-verbes-pronominaux-pour-la-grammaire-galicienne\/#breadcrumb\"},\"inLanguage\":\"fr-FR\",\"potentialAction\":[{\"@type\":\"ReadAction\",\"target\":[\"https:\/\/talkpal.ai\/fr\/grammar_exercises\/exercices-de-verbes-pronominaux-pour-la-grammaire-galicienne\/\"]}]},{\"@type\":\"ImageObject\",\"inLanguage\":\"fr-FR\",\"@id\":\"https:\/\/talkpal.ai\/fr\/grammar_exercises\/exercices-de-verbes-pronominaux-pour-la-grammaire-galicienne\/#primaryimage\",\"url\":\"https:\/\/talkpal.ai\/wp-content\/uploads\/2025\/12\/handouts-are-checked-learning-languages.webp\",\"contentUrl\":\"https:\/\/talkpal.ai\/wp-content\/uploads\/2025\/12\/handouts-are-checked-learning-languages.webp\",\"width\":1200,\"height\":896,\"caption\":\"Printed handouts are checked by two surprised students while learning languages in a library.\"},{\"@type\":\"BreadcrumbList\",\"@id\":\"https:\/\/talkpal.ai\/fr\/grammar_exercises\/exercices-de-verbes-pronominaux-pour-la-grammaire-galicienne\/#breadcrumb\",\"itemListElement\":[{\"@type\":\"ListItem\",\"position\":1,\"name\":\"Homepage\",\"item\":\"https:\/\/talkpal.ai\/fr\/\"},{\"@type\":\"ListItem\",\"position\":2,\"name\":\"Exercices de verbes pronominaux pour la grammaire galicienne\"}]},{\"@type\":\"WebSite\",\"@id\":\"https:\/\/talkpal.ai\/fr\/#website\",\"url\":\"https:\/\/talkpal.ai\/fr\/\",\"name\":\"Talkpal\",\"description\":\"AI Language Learning\",\"publisher\":{\"@id\":\"https:\/\/talkpal.ai\/fr\/#organization\"},\"alternateName\":\"Talkpal AI\",\"potentialAction\":[{\"@type\":\"SearchAction\",\"target\":{\"@type\":\"EntryPoint\",\"urlTemplate\":\"https:\/\/talkpal.ai\/fr\/?s={search_term_string}\"},\"query-input\":{\"@type\":\"PropertyValueSpecification\",\"valueRequired\":true,\"valueName\":\"search_term_string\"}}],\"inLanguage\":\"fr-FR\"},{\"@type\":\"Organization\",\"@id\":\"https:\/\/talkpal.ai\/fr\/#organization\",\"name\":\"Talkpal, Inc.\",\"alternateName\":\"Talkpal AI\",\"url\":\"https:\/\/talkpal.ai\/fr\/\",\"logo\":{\"@type\":\"ImageObject\",\"inLanguage\":\"fr-FR\",\"@id\":\"https:\/\/talkpal.ai\/fr\/#\/schema\/logo\/image\/\",\"url\":\"https:\/\/talkpal.ai\/wp-content\/uploads\/2024\/03\/Talkpal-Logo-Icon.png\",\"contentUrl\":\"https:\/\/talkpal.ai\/wp-content\/uploads\/2024\/03\/Talkpal-Logo-Icon.png\",\"width\":2880,\"height\":2880,\"caption\":\"Talkpal, Inc.\"},\"image\":{\"@id\":\"https:\/\/talkpal.ai\/fr\/#\/schema\/logo\/image\/\"},\"sameAs\":[\"https:\/\/www.facebook.com\/profile.php?id=100090733639311\",\"https:\/\/x.com\/talkpalai\",\"https:\/\/www.linkedin.com\/company\/talkpal\/\",\"https:\/\/www.youtube.com\/@TalkPal\/\",\"https:\/\/www.tiktok.com\/@talkpal\",\"https:\/\/www.instagram.com\/talkpal_ai\/\",\"https:\/\/www.crunchbase.com\/organization\/talkpal-9cde\",\"https:\/\/www.g2.com\/products\/talkpal-for-business\/\",\"https:\/\/www.trustpilot.com\/review\/talkpal.ai\",\"https:\/\/www.capterra.com\/p\/10006800\/TalkPal\/\"],\"description\":\"Talkpal is a language learning web and mobile education app, powered by the latest AI technologies, that provides engaging experiences to its customers in many different languages to help them improve their language skills. Users can chat about unlimited amount of topics with the app and use other modes to practice their language learning.\",\"email\":\"support@talkpal.ai\",\"legalName\":\"Talkpal, Inc.\",\"foundingDate\":\"2023-04-03\",\"duns\":\"118989042\",\"numberOfEmployees\":{\"@type\":\"QuantitativeValue\",\"minValue\":\"11\",\"maxValue\":\"50\"},\"publishingPrinciples\":\"https:\/\/talkpal.ai\/publishing-principles\/\",\"actionableFeedbackPolicy\":\"https:\/\/talkpal.ai\/actionable-feedback-policy\/\",\"correctionsPolicy\":\"https:\/\/talkpal.ai\/corrections-policy\/\",\"ethicsPolicy\":\"https:\/\/talkpal.ai\/ethics-policy\/\",\"diversityPolicy\":\"https:\/\/talkpal.ai\/diversity-policy\/\",\"diversityStaffingReport\":\"https:\/\/talkpal.ai\/diversity-policy\/\"}]}<\/script>\n<!-- \/ Yoast SEO Premium plugin. -->","yoast_head_json":{"title":"Exercices de verbes pronominaux pour la grammaire galicienne - Talkpal","description":"Les verbes pronominaux en galicien sont des verbes qui s\u2019accompagnent d\u2019un pronom r\u00e9fl\u00e9chi et indiquent que le sujet fait l\u2019action sur lui-m\u00eame. Cet","robots":{"index":"index","follow":"follow","max-snippet":"max-snippet:-1","max-image-preview":"max-image-preview:large","max-video-preview":"max-video-preview:-1"},"canonical":"https:\/\/talkpal.ai\/fr\/grammar_exercises\/exercices-de-verbes-pronominaux-pour-la-grammaire-galicienne\/","og_locale":"fr_FR","og_type":"article","og_title":"Exercices de verbes pronominaux pour la grammaire galicienne","og_description":"Les verbes pronominaux en galicien sont des verbes qui s\u2019accompagnent d\u2019un pronom r\u00e9fl\u00e9chi et indiquent que le sujet fait l\u2019action sur lui-m\u00eame. Cet","og_url":"https:\/\/talkpal.ai\/fr\/grammar_exercises\/exercices-de-verbes-pronominaux-pour-la-grammaire-galicienne\/","og_site_name":"Talkpal","article_publisher":"https:\/\/www.facebook.com\/profile.php?id=100090733639311","og_image":[{"width":2880,"height":1620,"url":"https:\/\/talkpal.ai\/wp-content\/uploads\/2025\/02\/Progress-tab-16_9.png","type":"image\/png"}],"twitter_card":"summary_large_image","twitter_site":"@talkpalai","twitter_misc":{"Dur\u00e9e de lecture estim\u00e9e":"3 minutes"},"schema":{"@context":"https:\/\/schema.org","@graph":[{"@type":"WebPage","@id":"https:\/\/talkpal.ai\/fr\/grammar_exercises\/exercices-de-verbes-pronominaux-pour-la-grammaire-galicienne\/","url":"https:\/\/talkpal.ai\/fr\/grammar_exercises\/exercices-de-verbes-pronominaux-pour-la-grammaire-galicienne\/","name":"Exercices de verbes pronominaux pour la grammaire galicienne - Talkpal","isPartOf":{"@id":"https:\/\/talkpal.ai\/fr\/#website"},"primaryImageOfPage":{"@id":"https:\/\/talkpal.ai\/fr\/grammar_exercises\/exercices-de-verbes-pronominaux-pour-la-grammaire-galicienne\/#primaryimage"},"image":{"@id":"https:\/\/talkpal.ai\/fr\/grammar_exercises\/exercices-de-verbes-pronominaux-pour-la-grammaire-galicienne\/#primaryimage"},"thumbnailUrl":"https:\/\/talkpal.ai\/wp-content\/uploads\/2025\/12\/handouts-are-checked-learning-languages.webp","datePublished":"2025-07-06T07:24:16+00:00","description":"Les verbes pronominaux en galicien sont des verbes qui s\u2019accompagnent d\u2019un pronom r\u00e9fl\u00e9chi et indiquent que le sujet fait l\u2019action sur lui-m\u00eame. Cet","breadcrumb":{"@id":"https:\/\/talkpal.ai\/fr\/grammar_exercises\/exercices-de-verbes-pronominaux-pour-la-grammaire-galicienne\/#breadcrumb"},"inLanguage":"fr-FR","potentialAction":[{"@type":"ReadAction","target":["https:\/\/talkpal.ai\/fr\/grammar_exercises\/exercices-de-verbes-pronominaux-pour-la-grammaire-galicienne\/"]}]},{"@type":"ImageObject","inLanguage":"fr-FR","@id":"https:\/\/talkpal.ai\/fr\/grammar_exercises\/exercices-de-verbes-pronominaux-pour-la-grammaire-galicienne\/#primaryimage","url":"https:\/\/talkpal.ai\/wp-content\/uploads\/2025\/12\/handouts-are-checked-learning-languages.webp","contentUrl":"https:\/\/talkpal.ai\/wp-content\/uploads\/2025\/12\/handouts-are-checked-learning-languages.webp","width":1200,"height":896,"caption":"Printed handouts are checked by two surprised students while learning languages in a library."},{"@type":"BreadcrumbList","@id":"https:\/\/talkpal.ai\/fr\/grammar_exercises\/exercices-de-verbes-pronominaux-pour-la-grammaire-galicienne\/#breadcrumb","itemListElement":[{"@type":"ListItem","position":1,"name":"Homepage","item":"https:\/\/talkpal.ai\/fr\/"},{"@type":"ListItem","position":2,"name":"Exercices de verbes pronominaux pour la grammaire galicienne"}]},{"@type":"WebSite","@id":"https:\/\/talkpal.ai\/fr\/#website","url":"https:\/\/talkpal.ai\/fr\/","name":"Talkpal","description":"AI Language Learning","publisher":{"@id":"https:\/\/talkpal.ai\/fr\/#organization"},"alternateName":"Talkpal AI","potentialAction":[{"@type":"SearchAction","target":{"@type":"EntryPoint","urlTemplate":"https:\/\/talkpal.ai\/fr\/?s={search_term_string}"},"query-input":{"@type":"PropertyValueSpecification","valueRequired":true,"valueName":"search_term_string"}}],"inLanguage":"fr-FR"},{"@type":"Organization","@id":"https:\/\/talkpal.ai\/fr\/#organization","name":"Talkpal, Inc.","alternateName":"Talkpal AI","url":"https:\/\/talkpal.ai\/fr\/","logo":{"@type":"ImageObject","inLanguage":"fr-FR","@id":"https:\/\/talkpal.ai\/fr\/#\/schema\/logo\/image\/","url":"https:\/\/talkpal.ai\/wp-content\/uploads\/2024\/03\/Talkpal-Logo-Icon.png","contentUrl":"https:\/\/talkpal.ai\/wp-content\/uploads\/2024\/03\/Talkpal-Logo-Icon.png","width":2880,"height":2880,"caption":"Talkpal, Inc."},"image":{"@id":"https:\/\/talkpal.ai\/fr\/#\/schema\/logo\/image\/"},"sameAs":["https:\/\/www.facebook.com\/profile.php?id=100090733639311","https:\/\/x.com\/talkpalai","https:\/\/www.linkedin.com\/company\/talkpal\/","https:\/\/www.youtube.com\/@TalkPal\/","https:\/\/www.tiktok.com\/@talkpal","https:\/\/www.instagram.com\/talkpal_ai\/","https:\/\/www.crunchbase.com\/organization\/talkpal-9cde","https:\/\/www.g2.com\/products\/talkpal-for-business\/","https:\/\/www.trustpilot.com\/review\/talkpal.ai","https:\/\/www.capterra.com\/p\/10006800\/TalkPal\/"],"description":"Talkpal is a language learning web and mobile education app, powered by the latest AI technologies, that provides engaging experiences to its customers in many different languages to help them improve their language skills. Users can chat about unlimited amount of topics with the app and use other modes to practice their language learning.","email":"support@talkpal.ai","legalName":"Talkpal, Inc.","foundingDate":"2023-04-03","duns":"118989042","numberOfEmployees":{"@type":"QuantitativeValue","minValue":"11","maxValue":"50"},"publishingPrinciples":"https:\/\/talkpal.ai\/publishing-principles\/","actionableFeedbackPolicy":"https:\/\/talkpal.ai\/actionable-feedback-policy\/","correctionsPolicy":"https:\/\/talkpal.ai\/corrections-policy\/","ethicsPolicy":"https:\/\/talkpal.ai\/ethics-policy\/","diversityPolicy":"https:\/\/talkpal.ai\/diversity-policy\/","diversityStaffingReport":"https:\/\/talkpal.ai\/diversity-policy\/"}]}},"_links":{"self":[{"href":"https:\/\/talkpal.ai\/fr\/wp-json\/wp\/v2\/grammar_exercises\/1132697","targetHints":{"allow":["GET"]}}],"collection":[{"href":"https:\/\/talkpal.ai\/fr\/wp-json\/wp\/v2\/grammar_exercises"}],"about":[{"href":"https:\/\/talkpal.ai\/fr\/wp-json\/wp\/v2\/types\/grammar_exercises"}],"wp:featuredmedia":[{"embeddable":true,"href":"https:\/\/talkpal.ai\/fr\/wp-json\/wp\/v2\/media\/1527703"}],"wp:attachment":[{"href":"https:\/\/talkpal.ai\/fr\/wp-json\/wp\/v2\/media?parent=1132697"}],"wp:term":[{"taxonomy":"exercise_language","embeddable":true,"href":"https:\/\/talkpal.ai\/fr\/wp-json\/wp\/v2\/exercise_language?post=1132697"}],"curies":[{"name":"wp","href":"https:\/\/api.w.org\/{rel}","templated":true}]}}