{"id":1132686,"date":"2025-07-06T07:24:03","date_gmt":"2025-07-06T07:24:03","guid":{"rendered":"https:\/\/talkpal.ai\/grammar_exercises\/exercices-sur-les-verbes-faibles-pour-la-grammaire-galicienne\/"},"modified":"2025-07-06T07:24:03","modified_gmt":"2025-07-06T07:24:03","slug":"exercices-sur-les-verbes-faibles-pour-la-grammaire-galicienne","status":"publish","type":"grammar_exercises","link":"https:\/\/talkpal.ai\/fr\/grammar_exercises\/exercices-sur-les-verbes-faibles-pour-la-grammaire-galicienne\/","title":{"rendered":"Exercices sur les verbes faibles pour la grammaire galicienne"},"content":{"rendered":"<p>Ces exercices portent sur les verbes faibles en <a href=\"https:\/\/talkpal.ai\/learn-galician\/\">galicien<\/a>, c\u2019est-\u00e0-dire les verbes qui se conjuguent r\u00e9guli\u00e8rement au pass\u00e9 en suivant un mod\u00e8le simple. Vous allez pratiquer la formation du pass\u00e9 en compl\u00e9tant les phrases avec la forme correcte du verbe faible donn\u00e9. L\u2019indice en <a href=\"https:\/\/talkpal.ai\/learn-french\/\">fran\u00e7ais<\/a> vous aidera \u00e0 choisir la bonne conjugaison.<\/p>\n<h3>Exercice 1 : Conjugaison des verbes faibles au pass\u00e9 simple<\/h3>\n<div class=\"input_sentences\">\n1. Eu *cantei* unha canci\u00f3n. (Le verbe \u00ab cantar \u00bb au <a href=\"https:\/\/talkpal.ai\/zh-hans\/grammar_exercises\/passe-simple-%e6%b3%95%e8%af%ad%e8%af%ad%e6%b3%95%e7%bb%83%e4%b9%a0\/\">pass\u00e9 simple<\/a>, premi\u00e8re personne du singulier)<br \/>\n2. Ti *bailaches* na festa. (Le verbe \u00ab bailar \u00bb au pass\u00e9 simple, deuxi\u00e8me personne du singulier)<br \/>\n3. Ela *traballou* moito onte. (Le verbe \u00ab traballar \u00bb au pass\u00e9 simple, troisi\u00e8me personne du singulier)<br \/>\n4. N\u00f3s *estudamos* para o exame. (Le verbe \u00ab estudar \u00bb au pass\u00e9 simple, premi\u00e8re personne du <a href=\"https:\/\/talkpal.ai\/ar\/grammar_exercises\/pluriel-%d8%aa%d9%85%d8%a7%d8%b1%d9%8a%d9%86-%d9%84%d9%84%d9%82%d9%88%d8%a7%d8%b9%d8%af-%d8%a7%d9%84%d9%81%d8%b1%d9%86%d8%b3%d9%8a%d8%a9\/\">pluriel<\/a>)<br \/>\n5. V\u00f3s *visitastes* o museo. (Le verbe \u00ab visitar \u00bb au pass\u00e9 simple, deuxi\u00e8me personne du pluriel)<br \/>\n6. Eles *falaban* con amigos. (Indice : verbe \u00ab falar \u00bb au pass\u00e9 simple, troisi\u00e8me personne du pluriel)<br \/>\n7. Eu *cami\u00f1ei* polo parque. (Le verbe \u00ab cami\u00f1ar \u00bb au pass\u00e9 simple, premi\u00e8re personne du singulier)<br \/>\n8. Ti *xogaches* co gato. (Le verbe \u00ab xogar \u00bb au pass\u00e9 simple, deuxi\u00e8me personne du singulier)<br \/>\n9. Ela *comprou* un libro. (Le verbe \u00ab comprar \u00bb au pass\u00e9 simple, troisi\u00e8me personne du singulier)<br \/>\n10. N\u00f3s *viaxamos* <a href=\"https:\/\/talkpal.ai\/locations\/language-courses-in-a-coruna\/\">a Coru\u00f1a<\/a>. (Le verbe \u00ab viaxar \u00bb au pass\u00e9 simple, premi\u00e8re personne du pluriel)\n<\/div>\n<div class=\"exercise\"><\/div>\n<h3>Exercice 2 : Identification de la forme correcte des verbes faibles<\/h3>\n<div class=\"input_sentences\">\n1. A semana pasada, eu *merquei* pan na tenda. (Le verbe \u00ab mercar \u00bb au pass\u00e9 simple, premi\u00e8re personne du singulier)<br \/>\n2. Ti *aprendiches* a lecci\u00f3n moi ben. (Le verbe \u00ab aprender \u00bb au pass\u00e9 simple, deuxi\u00e8me personne du singulier)<br \/>\n3. Ela *bebeu* a auga fr\u00eda. (Le verbe \u00ab beber \u00bb au pass\u00e9 simple, troisi\u00e8me personne du singulier)<br \/>\n4. N\u00f3s *vivimos* nunha <a href=\"https:\/\/talkpal.ai\/locations\/language-courses-in-casa-grande\/\">casa grande<\/a>. (Le verbe \u00ab vivir \u00bb au pass\u00e9 simple, premi\u00e8re personne du pluriel)<br \/>\n5. V\u00f3s *escribistes* unha carta longa. (Le verbe \u00ab escribir \u00bb au pass\u00e9 simple, deuxi\u00e8me personne du pluriel)<br \/>\n6. Eles *coidaron* do xard\u00edn. (Le verbe \u00ab coidar \u00bb au pass\u00e9 simple, troisi\u00e8me personne du pluriel)<br \/>\n7. Eu *limpei* a coci\u00f1a despois de cear. (Le verbe \u00ab limpar \u00bb au pass\u00e9 simple, premi\u00e8re personne du singulier)<br \/>\n8. Ti *subiches* \u00e1 monta\u00f1a. (Le verbe \u00ab subir \u00bb au pass\u00e9 simple, deuxi\u00e8me personne du singulier)<br \/>\n9. Ela *gardou* os libros na mochila. (Le verbe \u00ab gardar \u00bb au pass\u00e9 simple, troisi\u00e8me personne du singulier)<br \/>\n10. N\u00f3s *achegamos* a nosa opini\u00f3n. (Le verbe \u00ab achegar \u00bb au pass\u00e9 simple, premi\u00e8re personne do pluriel)\n<\/div>\n<div class=\"exercise\"><\/div>\n","protected":false},"featured_media":1527820,"parent":0,"menu_order":0,"template":"","exercise_language":[15311,15210],"class_list":["post-1132686","grammar_exercises","type-grammar_exercises","status-publish","has-post-thumbnail","hentry","exercise_language-comparaison-des-temps-grammaire-galicienne","exercise_language-exercices-galiciens"],"acf":[],"yoast_head":"<!-- This site is optimized with the Yoast SEO Premium plugin v27.2 (Yoast SEO v27.2) - https:\/\/yoast.com\/product\/yoast-seo-premium-wordpress\/ -->\n<title>Exercices sur les verbes faibles pour la grammaire galicienne - Talkpal<\/title>\n<meta name=\"description\" content=\"Ces exercices portent sur les verbes faibles en galicien, c\u2019est-\u00e0-dire les verbes qui se conjuguent r\u00e9guli\u00e8rement au pass\u00e9 en suivant un mod\u00e8le simple.\" \/>\n<meta name=\"robots\" content=\"index, follow, max-snippet:-1, max-image-preview:large, max-video-preview:-1\" \/>\n<link rel=\"canonical\" href=\"https:\/\/talkpal.ai\/fr\/grammar_exercises\/exercices-sur-les-verbes-faibles-pour-la-grammaire-galicienne\/\" \/>\n<meta property=\"og:locale\" content=\"fr_FR\" \/>\n<meta property=\"og:type\" content=\"article\" \/>\n<meta property=\"og:title\" content=\"Exercices sur les verbes faibles pour la grammaire galicienne\" \/>\n<meta property=\"og:description\" content=\"Ces exercices portent sur les verbes faibles en galicien, c\u2019est-\u00e0-dire les verbes qui se conjuguent r\u00e9guli\u00e8rement au pass\u00e9 en suivant un mod\u00e8le simple.\" \/>\n<meta property=\"og:url\" content=\"https:\/\/talkpal.ai\/fr\/grammar_exercises\/exercices-sur-les-verbes-faibles-pour-la-grammaire-galicienne\/\" \/>\n<meta property=\"og:site_name\" content=\"Talkpal\" \/>\n<meta property=\"article:publisher\" content=\"https:\/\/www.facebook.com\/profile.php?id=100090733639311\" \/>\n<meta property=\"og:image\" content=\"https:\/\/talkpal.ai\/wp-content\/uploads\/2025\/02\/Progress-tab-16_9.png\" \/>\n\t<meta property=\"og:image:width\" content=\"2880\" \/>\n\t<meta property=\"og:image:height\" content=\"1620\" \/>\n\t<meta property=\"og:image:type\" content=\"image\/png\" \/>\n<meta name=\"twitter:card\" content=\"summary_large_image\" \/>\n<meta name=\"twitter:site\" content=\"@talkpalai\" \/>\n<meta name=\"twitter:label1\" content=\"Dur\u00e9e de lecture estim\u00e9e\" \/>\n\t<meta name=\"twitter:data1\" content=\"2 minutes\" \/>\n<script type=\"application\/ld+json\" class=\"yoast-schema-graph\">{\"@context\":\"https:\/\/schema.org\",\"@graph\":[{\"@type\":\"WebPage\",\"@id\":\"https:\/\/talkpal.ai\/fr\/grammar_exercises\/exercices-sur-les-verbes-faibles-pour-la-grammaire-galicienne\/\",\"url\":\"https:\/\/talkpal.ai\/fr\/grammar_exercises\/exercices-sur-les-verbes-faibles-pour-la-grammaire-galicienne\/\",\"name\":\"Exercices sur les verbes faibles pour la grammaire galicienne - Talkpal\",\"isPartOf\":{\"@id\":\"https:\/\/talkpal.ai\/fr\/#website\"},\"primaryImageOfPage\":{\"@id\":\"https:\/\/talkpal.ai\/fr\/grammar_exercises\/exercices-sur-les-verbes-faibles-pour-la-grammaire-galicienne\/#primaryimage\"},\"image\":{\"@id\":\"https:\/\/talkpal.ai\/fr\/grammar_exercises\/exercices-sur-les-verbes-faibles-pour-la-grammaire-galicienne\/#primaryimage\"},\"thumbnailUrl\":\"https:\/\/talkpal.ai\/wp-content\/uploads\/2025\/12\/older-woman-reads-to-learn-languages.webp\",\"datePublished\":\"2025-07-06T07:24:03+00:00\",\"description\":\"Ces exercices portent sur les verbes faibles en galicien, c\u2019est-\u00e0-dire les verbes qui se conjuguent r\u00e9guli\u00e8rement au pass\u00e9 en suivant un mod\u00e8le simple.\",\"breadcrumb\":{\"@id\":\"https:\/\/talkpal.ai\/fr\/grammar_exercises\/exercices-sur-les-verbes-faibles-pour-la-grammaire-galicienne\/#breadcrumb\"},\"inLanguage\":\"fr-FR\",\"potentialAction\":[{\"@type\":\"ReadAction\",\"target\":[\"https:\/\/talkpal.ai\/fr\/grammar_exercises\/exercices-sur-les-verbes-faibles-pour-la-grammaire-galicienne\/\"]}]},{\"@type\":\"ImageObject\",\"inLanguage\":\"fr-FR\",\"@id\":\"https:\/\/talkpal.ai\/fr\/grammar_exercises\/exercices-sur-les-verbes-faibles-pour-la-grammaire-galicienne\/#primaryimage\",\"url\":\"https:\/\/talkpal.ai\/wp-content\/uploads\/2025\/12\/older-woman-reads-to-learn-languages.webp\",\"contentUrl\":\"https:\/\/talkpal.ai\/wp-content\/uploads\/2025\/12\/older-woman-reads-to-learn-languages.webp\",\"width\":1200,\"height\":896,\"caption\":\"An elderly woman writes in a notebook while learning languages at a desk covered in books.\"},{\"@type\":\"BreadcrumbList\",\"@id\":\"https:\/\/talkpal.ai\/fr\/grammar_exercises\/exercices-sur-les-verbes-faibles-pour-la-grammaire-galicienne\/#breadcrumb\",\"itemListElement\":[{\"@type\":\"ListItem\",\"position\":1,\"name\":\"Homepage\",\"item\":\"https:\/\/talkpal.ai\/fr\/\"},{\"@type\":\"ListItem\",\"position\":2,\"name\":\"Exercices sur les verbes faibles pour la grammaire galicienne\"}]},{\"@type\":\"WebSite\",\"@id\":\"https:\/\/talkpal.ai\/fr\/#website\",\"url\":\"https:\/\/talkpal.ai\/fr\/\",\"name\":\"Talkpal\",\"description\":\"AI Language Learning\",\"publisher\":{\"@id\":\"https:\/\/talkpal.ai\/fr\/#organization\"},\"alternateName\":\"Talkpal AI\",\"potentialAction\":[{\"@type\":\"SearchAction\",\"target\":{\"@type\":\"EntryPoint\",\"urlTemplate\":\"https:\/\/talkpal.ai\/fr\/?s={search_term_string}\"},\"query-input\":{\"@type\":\"PropertyValueSpecification\",\"valueRequired\":true,\"valueName\":\"search_term_string\"}}],\"inLanguage\":\"fr-FR\"},{\"@type\":\"Organization\",\"@id\":\"https:\/\/talkpal.ai\/fr\/#organization\",\"name\":\"Talkpal, Inc.\",\"alternateName\":\"Talkpal AI\",\"url\":\"https:\/\/talkpal.ai\/fr\/\",\"logo\":{\"@type\":\"ImageObject\",\"inLanguage\":\"fr-FR\",\"@id\":\"https:\/\/talkpal.ai\/fr\/#\/schema\/logo\/image\/\",\"url\":\"https:\/\/talkpal.ai\/wp-content\/uploads\/2024\/03\/Talkpal-Logo-Icon.png\",\"contentUrl\":\"https:\/\/talkpal.ai\/wp-content\/uploads\/2024\/03\/Talkpal-Logo-Icon.png\",\"width\":2880,\"height\":2880,\"caption\":\"Talkpal, Inc.\"},\"image\":{\"@id\":\"https:\/\/talkpal.ai\/fr\/#\/schema\/logo\/image\/\"},\"sameAs\":[\"https:\/\/www.facebook.com\/profile.php?id=100090733639311\",\"https:\/\/x.com\/talkpalai\",\"https:\/\/www.linkedin.com\/company\/talkpal\/\",\"https:\/\/www.youtube.com\/@TalkPal\/\",\"https:\/\/www.tiktok.com\/@talkpal\",\"https:\/\/www.instagram.com\/talkpal_ai\/\",\"https:\/\/www.crunchbase.com\/organization\/talkpal-9cde\",\"https:\/\/www.g2.com\/products\/talkpal-for-business\/\",\"https:\/\/www.trustpilot.com\/review\/talkpal.ai\",\"https:\/\/www.capterra.com\/p\/10006800\/TalkPal\/\"],\"description\":\"Talkpal is a language learning web and mobile education app, powered by the latest AI technologies, that provides engaging experiences to its customers in many different languages to help them improve their language skills. Users can chat about unlimited amount of topics with the app and use other modes to practice their language learning.\",\"email\":\"support@talkpal.ai\",\"legalName\":\"Talkpal, Inc.\",\"foundingDate\":\"2023-04-03\",\"duns\":\"118989042\",\"numberOfEmployees\":{\"@type\":\"QuantitativeValue\",\"minValue\":\"11\",\"maxValue\":\"50\"},\"publishingPrinciples\":\"https:\/\/talkpal.ai\/publishing-principles\/\",\"actionableFeedbackPolicy\":\"https:\/\/talkpal.ai\/actionable-feedback-policy\/\",\"correctionsPolicy\":\"https:\/\/talkpal.ai\/corrections-policy\/\",\"ethicsPolicy\":\"https:\/\/talkpal.ai\/ethics-policy\/\",\"diversityPolicy\":\"https:\/\/talkpal.ai\/diversity-policy\/\",\"diversityStaffingReport\":\"https:\/\/talkpal.ai\/diversity-policy\/\"}]}<\/script>\n<!-- \/ Yoast SEO Premium plugin. -->","yoast_head_json":{"title":"Exercices sur les verbes faibles pour la grammaire galicienne - Talkpal","description":"Ces exercices portent sur les verbes faibles en galicien, c\u2019est-\u00e0-dire les verbes qui se conjuguent r\u00e9guli\u00e8rement au pass\u00e9 en suivant un mod\u00e8le simple.","robots":{"index":"index","follow":"follow","max-snippet":"max-snippet:-1","max-image-preview":"max-image-preview:large","max-video-preview":"max-video-preview:-1"},"canonical":"https:\/\/talkpal.ai\/fr\/grammar_exercises\/exercices-sur-les-verbes-faibles-pour-la-grammaire-galicienne\/","og_locale":"fr_FR","og_type":"article","og_title":"Exercices sur les verbes faibles pour la grammaire galicienne","og_description":"Ces exercices portent sur les verbes faibles en galicien, c\u2019est-\u00e0-dire les verbes qui se conjuguent r\u00e9guli\u00e8rement au pass\u00e9 en suivant un mod\u00e8le simple.","og_url":"https:\/\/talkpal.ai\/fr\/grammar_exercises\/exercices-sur-les-verbes-faibles-pour-la-grammaire-galicienne\/","og_site_name":"Talkpal","article_publisher":"https:\/\/www.facebook.com\/profile.php?id=100090733639311","og_image":[{"width":2880,"height":1620,"url":"https:\/\/talkpal.ai\/wp-content\/uploads\/2025\/02\/Progress-tab-16_9.png","type":"image\/png"}],"twitter_card":"summary_large_image","twitter_site":"@talkpalai","twitter_misc":{"Dur\u00e9e de lecture estim\u00e9e":"2 minutes"},"schema":{"@context":"https:\/\/schema.org","@graph":[{"@type":"WebPage","@id":"https:\/\/talkpal.ai\/fr\/grammar_exercises\/exercices-sur-les-verbes-faibles-pour-la-grammaire-galicienne\/","url":"https:\/\/talkpal.ai\/fr\/grammar_exercises\/exercices-sur-les-verbes-faibles-pour-la-grammaire-galicienne\/","name":"Exercices sur les verbes faibles pour la grammaire galicienne - Talkpal","isPartOf":{"@id":"https:\/\/talkpal.ai\/fr\/#website"},"primaryImageOfPage":{"@id":"https:\/\/talkpal.ai\/fr\/grammar_exercises\/exercices-sur-les-verbes-faibles-pour-la-grammaire-galicienne\/#primaryimage"},"image":{"@id":"https:\/\/talkpal.ai\/fr\/grammar_exercises\/exercices-sur-les-verbes-faibles-pour-la-grammaire-galicienne\/#primaryimage"},"thumbnailUrl":"https:\/\/talkpal.ai\/wp-content\/uploads\/2025\/12\/older-woman-reads-to-learn-languages.webp","datePublished":"2025-07-06T07:24:03+00:00","description":"Ces exercices portent sur les verbes faibles en galicien, c\u2019est-\u00e0-dire les verbes qui se conjuguent r\u00e9guli\u00e8rement au pass\u00e9 en suivant un mod\u00e8le simple.","breadcrumb":{"@id":"https:\/\/talkpal.ai\/fr\/grammar_exercises\/exercices-sur-les-verbes-faibles-pour-la-grammaire-galicienne\/#breadcrumb"},"inLanguage":"fr-FR","potentialAction":[{"@type":"ReadAction","target":["https:\/\/talkpal.ai\/fr\/grammar_exercises\/exercices-sur-les-verbes-faibles-pour-la-grammaire-galicienne\/"]}]},{"@type":"ImageObject","inLanguage":"fr-FR","@id":"https:\/\/talkpal.ai\/fr\/grammar_exercises\/exercices-sur-les-verbes-faibles-pour-la-grammaire-galicienne\/#primaryimage","url":"https:\/\/talkpal.ai\/wp-content\/uploads\/2025\/12\/older-woman-reads-to-learn-languages.webp","contentUrl":"https:\/\/talkpal.ai\/wp-content\/uploads\/2025\/12\/older-woman-reads-to-learn-languages.webp","width":1200,"height":896,"caption":"An elderly woman writes in a notebook while learning languages at a desk covered in books."},{"@type":"BreadcrumbList","@id":"https:\/\/talkpal.ai\/fr\/grammar_exercises\/exercices-sur-les-verbes-faibles-pour-la-grammaire-galicienne\/#breadcrumb","itemListElement":[{"@type":"ListItem","position":1,"name":"Homepage","item":"https:\/\/talkpal.ai\/fr\/"},{"@type":"ListItem","position":2,"name":"Exercices sur les verbes faibles pour la grammaire galicienne"}]},{"@type":"WebSite","@id":"https:\/\/talkpal.ai\/fr\/#website","url":"https:\/\/talkpal.ai\/fr\/","name":"Talkpal","description":"AI Language Learning","publisher":{"@id":"https:\/\/talkpal.ai\/fr\/#organization"},"alternateName":"Talkpal AI","potentialAction":[{"@type":"SearchAction","target":{"@type":"EntryPoint","urlTemplate":"https:\/\/talkpal.ai\/fr\/?s={search_term_string}"},"query-input":{"@type":"PropertyValueSpecification","valueRequired":true,"valueName":"search_term_string"}}],"inLanguage":"fr-FR"},{"@type":"Organization","@id":"https:\/\/talkpal.ai\/fr\/#organization","name":"Talkpal, Inc.","alternateName":"Talkpal AI","url":"https:\/\/talkpal.ai\/fr\/","logo":{"@type":"ImageObject","inLanguage":"fr-FR","@id":"https:\/\/talkpal.ai\/fr\/#\/schema\/logo\/image\/","url":"https:\/\/talkpal.ai\/wp-content\/uploads\/2024\/03\/Talkpal-Logo-Icon.png","contentUrl":"https:\/\/talkpal.ai\/wp-content\/uploads\/2024\/03\/Talkpal-Logo-Icon.png","width":2880,"height":2880,"caption":"Talkpal, Inc."},"image":{"@id":"https:\/\/talkpal.ai\/fr\/#\/schema\/logo\/image\/"},"sameAs":["https:\/\/www.facebook.com\/profile.php?id=100090733639311","https:\/\/x.com\/talkpalai","https:\/\/www.linkedin.com\/company\/talkpal\/","https:\/\/www.youtube.com\/@TalkPal\/","https:\/\/www.tiktok.com\/@talkpal","https:\/\/www.instagram.com\/talkpal_ai\/","https:\/\/www.crunchbase.com\/organization\/talkpal-9cde","https:\/\/www.g2.com\/products\/talkpal-for-business\/","https:\/\/www.trustpilot.com\/review\/talkpal.ai","https:\/\/www.capterra.com\/p\/10006800\/TalkPal\/"],"description":"Talkpal is a language learning web and mobile education app, powered by the latest AI technologies, that provides engaging experiences to its customers in many different languages to help them improve their language skills. Users can chat about unlimited amount of topics with the app and use other modes to practice their language learning.","email":"support@talkpal.ai","legalName":"Talkpal, Inc.","foundingDate":"2023-04-03","duns":"118989042","numberOfEmployees":{"@type":"QuantitativeValue","minValue":"11","maxValue":"50"},"publishingPrinciples":"https:\/\/talkpal.ai\/publishing-principles\/","actionableFeedbackPolicy":"https:\/\/talkpal.ai\/actionable-feedback-policy\/","correctionsPolicy":"https:\/\/talkpal.ai\/corrections-policy\/","ethicsPolicy":"https:\/\/talkpal.ai\/ethics-policy\/","diversityPolicy":"https:\/\/talkpal.ai\/diversity-policy\/","diversityStaffingReport":"https:\/\/talkpal.ai\/diversity-policy\/"}]}},"_links":{"self":[{"href":"https:\/\/talkpal.ai\/fr\/wp-json\/wp\/v2\/grammar_exercises\/1132686","targetHints":{"allow":["GET"]}}],"collection":[{"href":"https:\/\/talkpal.ai\/fr\/wp-json\/wp\/v2\/grammar_exercises"}],"about":[{"href":"https:\/\/talkpal.ai\/fr\/wp-json\/wp\/v2\/types\/grammar_exercises"}],"wp:featuredmedia":[{"embeddable":true,"href":"https:\/\/talkpal.ai\/fr\/wp-json\/wp\/v2\/media\/1527820"}],"wp:attachment":[{"href":"https:\/\/talkpal.ai\/fr\/wp-json\/wp\/v2\/media?parent=1132686"}],"wp:term":[{"taxonomy":"exercise_language","embeddable":true,"href":"https:\/\/talkpal.ai\/fr\/wp-json\/wp\/v2\/exercise_language?post=1132686"}],"curies":[{"name":"wp","href":"https:\/\/api.w.org\/{rel}","templated":true}]}}