{"id":1132332,"date":"2025-07-06T07:18:11","date_gmt":"2025-07-06T07:18:11","guid":{"rendered":"https:\/\/talkpal.ai\/grammar_exercises\/exercices-de-phrases-adverbiales-pour-la-grammaire-catalane\/"},"modified":"2025-07-06T07:18:11","modified_gmt":"2025-07-06T07:18:11","slug":"exercices-de-phrases-adverbiales-pour-la-grammaire-catalane","status":"publish","type":"grammar_exercises","link":"https:\/\/talkpal.ai\/fr\/grammar_exercises\/exercices-de-phrases-adverbiales-pour-la-grammaire-catalane\/","title":{"rendered":"Exercices de phrases adverbiales pour la grammaire catalane"},"content":{"rendered":"<p>Ces exercices vous aideront \u00e0 pratiquer les phrases adverbiales en <a href=\"https:\/\/talkpal.ai\/learn-catalan\/\">catalan<\/a>, qui sont utilis\u00e9es pour exprimer le <a href=\"https:\/\/talkpal.ai\/zh-hans\/grammar_exercises\/temps-%e6%b3%95%e8%af%ad%e8%af%ad%e6%b3%95%e7%bb%83%e4%b9%a0\/\">temps<\/a>, le lieu, la mani\u00e8re, la cause ou la condition d&rsquo;une action. Chaque phrase contient un espace r\u00e9serv\u00e9 pour un adverbe ou une locution adverbiale que vous devrez compl\u00e9ter en fonction de l&rsquo;indication donn\u00e9e en <a href=\"https:\/\/talkpal.ai\/learn-french\/\">fran\u00e7ais<\/a>.<\/p>\n<h3>Exercice 1 : Compl\u00e9tez avec l\u2019adverbe de temps appropri\u00e9<\/h3>\n<div class=\"input_sentences\">\n1. Avui jo *estudio* <a href=\"https:\/\/talkpal.ai\/learn-catalan\/\">catal\u00e0<\/a>. (Indiquez un adverbe de temps signifiant \u00ab\u00a0aujourd&rsquo;hui\u00a0\u00bb)<br \/>\n2. Dem\u00e0 tu *parlar\u00e0s* amb el professor. (Adverbe de temps signifiant \u00ab\u00a0demain\u00a0\u00bb)<br \/>\n3. Ahir ella *va treballar* a la biblioteca. (Adverbe de temps signifiant \u00ab\u00a0hier\u00a0\u00bb)<br \/>\n4. Sempre nosaltres *anem* al mercat els dissabtes. (Adverbe de temps signifiant \u00ab\u00a0toujours\u00a0\u00bb)<br \/>\n5. De vegades ells *venen* a casa meva. (Adverbe de temps signifiant \u00ab\u00a0parfois\u00a0\u00bb)<br \/>\n6. Mai no *menjo* carn. (Adverbe de temps signifiant \u00ab\u00a0jamais\u00a0\u00bb)<br \/>\n7. Ara mateix jo *estic escrivint*. (Adverbe de temps signifiant \u00ab\u00a0maintenant m\u00eame\u00a0\u00bb)<br \/>\n8. Sovint vosaltres *estudieu* a la biblioteca. (Adverbe de temps signifiant \u00ab\u00a0souvent\u00a0\u00bb)<br \/>\n9. Recentment ell *va visitar* <a href=\"https:\/\/talkpal.ai\/locations\/language-courses-in-barcelona\/\">Barcelona<\/a>. (Adverbe de temps signifiant \u00ab\u00a0r\u00e9cemment\u00a0\u00bb)<br \/>\n10. Abans ella *viv\u00eda* a <a href=\"https:\/\/talkpal.ai\/locations\/language-courses-in-girona\/\">Girona<\/a>. (Adverbe de temps signifiant \u00ab\u00a0avant\u00a0\u00bb)\n<\/div>\n<div class=\"exercise\"><\/div>\n<h3>Exercice 2 : Compl\u00e9tez avec l\u2019adverbe de lieu ou de mani\u00e8re ad\u00e9quat<\/h3>\n<div class=\"input_sentences\">\n1. Ells *caminen* r\u00e0pidament. (Adverbe de mani\u00e8re signifiant \u00ab\u00a0rapidement\u00a0\u00bb)<br \/>\n2. Nosaltres *vivim* a prop. (Adverbe de lieu signifiant \u00ab\u00a0pr\u00e8s\u00a0\u00bb)<br \/>\n3. Jo *parlo* clarament. (Adverbe de mani\u00e8re signifiant \u00ab\u00a0clairement\u00a0\u00bb)<br \/>\n4. Vosaltres *estudieu* aqu\u00ed. (Adverbe de lieu signifiant \u00ab\u00a0ici\u00a0\u00bb)<br \/>\n5. El cotxe *va* lentament. (Adverbe de mani\u00e8re signifiant \u00ab\u00a0lentement\u00a0\u00bb)<br \/>\n6. Ell *viu* lluny. (Adverbe de lieu signifiant \u00ab\u00a0loin\u00a0\u00bb)<br \/>\n7. La nena *balla* molt b\u00e9. (Adverbe de mani\u00e8re signifiant \u00ab\u00a0tr\u00e8s bien\u00a0\u00bb)<br \/>\n8. Nosaltres *anem* all\u00e0. (Adverbe de lieu signifiant \u00ab\u00a0l\u00e0-bas\u00a0\u00bb)<br \/>\n9. Jo *escric* curosament. (Adverbe de mani\u00e8re signifiant \u00ab\u00a0soigneusement\u00a0\u00bb)<br \/>\n10. Els <a href=\"https:\/\/talkpal.ai\/talkpal-discount-for-students\/\">estudiants<\/a> *arriben* puntuals. (Adverbe de mani\u00e8re signifiant \u00ab\u00a0ponctuellement\u00a0\u00bb)\n<\/div>\n<div class=\"exercise\"><\/div>\n","protected":false},"featured_media":1527772,"parent":0,"menu_order":0,"template":"","exercise_language":[15139,15132],"class_list":["post-1132332","grammar_exercises","type-grammar_exercises","status-publish","has-post-thumbnail","hentry","exercise_language-adverbes-grammaire-catalane","exercise_language-catalan-fr"],"acf":[],"yoast_head":"<!-- This site is optimized with the Yoast SEO Premium plugin v27.2 (Yoast SEO v27.2) - https:\/\/yoast.com\/product\/yoast-seo-premium-wordpress\/ -->\n<title>Exercices de phrases adverbiales pour la grammaire catalane - Talkpal<\/title>\n<meta name=\"description\" content=\"Ces exercices vous aideront \u00e0 pratiquer les phrases adverbiales en catalan, qui sont utilis\u00e9es pour exprimer le temps, le lieu, la mani\u00e8re, la cause ou la\" \/>\n<meta name=\"robots\" content=\"index, follow, max-snippet:-1, max-image-preview:large, max-video-preview:-1\" \/>\n<link rel=\"canonical\" href=\"https:\/\/talkpal.ai\/fr\/grammar_exercises\/exercices-de-phrases-adverbiales-pour-la-grammaire-catalane\/\" \/>\n<meta property=\"og:locale\" content=\"fr_FR\" \/>\n<meta property=\"og:type\" content=\"article\" \/>\n<meta property=\"og:title\" content=\"Exercices de phrases adverbiales pour la grammaire catalane\" \/>\n<meta property=\"og:description\" content=\"Ces exercices vous aideront \u00e0 pratiquer les phrases adverbiales en catalan, qui sont utilis\u00e9es pour exprimer le temps, le lieu, la mani\u00e8re, la cause ou la\" \/>\n<meta property=\"og:url\" content=\"https:\/\/talkpal.ai\/fr\/grammar_exercises\/exercices-de-phrases-adverbiales-pour-la-grammaire-catalane\/\" \/>\n<meta property=\"og:site_name\" content=\"Talkpal\" \/>\n<meta property=\"article:publisher\" content=\"https:\/\/www.facebook.com\/profile.php?id=100090733639311\" \/>\n<meta property=\"og:image\" content=\"https:\/\/talkpal.ai\/wp-content\/uploads\/2025\/02\/Progress-tab-16_9.png\" \/>\n\t<meta property=\"og:image:width\" content=\"2880\" \/>\n\t<meta property=\"og:image:height\" content=\"1620\" \/>\n\t<meta property=\"og:image:type\" content=\"image\/png\" \/>\n<meta name=\"twitter:card\" content=\"summary_large_image\" \/>\n<meta name=\"twitter:site\" content=\"@talkpalai\" \/>\n<meta name=\"twitter:label1\" content=\"Dur\u00e9e de lecture estim\u00e9e\" \/>\n\t<meta name=\"twitter:data1\" content=\"1 minute\" \/>\n<script type=\"application\/ld+json\" class=\"yoast-schema-graph\">{\"@context\":\"https:\/\/schema.org\",\"@graph\":[{\"@type\":\"WebPage\",\"@id\":\"https:\/\/talkpal.ai\/fr\/grammar_exercises\/exercices-de-phrases-adverbiales-pour-la-grammaire-catalane\/\",\"url\":\"https:\/\/talkpal.ai\/fr\/grammar_exercises\/exercices-de-phrases-adverbiales-pour-la-grammaire-catalane\/\",\"name\":\"Exercices de phrases adverbiales pour la grammaire catalane - Talkpal\",\"isPartOf\":{\"@id\":\"https:\/\/talkpal.ai\/fr\/#website\"},\"primaryImageOfPage\":{\"@id\":\"https:\/\/talkpal.ai\/fr\/grammar_exercises\/exercices-de-phrases-adverbiales-pour-la-grammaire-catalane\/#primaryimage\"},\"image\":{\"@id\":\"https:\/\/talkpal.ai\/fr\/grammar_exercises\/exercices-de-phrases-adverbiales-pour-la-grammaire-catalane\/#primaryimage\"},\"thumbnailUrl\":\"https:\/\/talkpal.ai\/wp-content\/uploads\/2025\/12\/man-is-studying-to-learn-languages.webp\",\"datePublished\":\"2025-07-06T07:18:11+00:00\",\"description\":\"Ces exercices vous aideront \u00e0 pratiquer les phrases adverbiales en catalan, qui sont utilis\u00e9es pour exprimer le temps, le lieu, la mani\u00e8re, la cause ou la\",\"breadcrumb\":{\"@id\":\"https:\/\/talkpal.ai\/fr\/grammar_exercises\/exercices-de-phrases-adverbiales-pour-la-grammaire-catalane\/#breadcrumb\"},\"inLanguage\":\"fr-FR\",\"potentialAction\":[{\"@type\":\"ReadAction\",\"target\":[\"https:\/\/talkpal.ai\/fr\/grammar_exercises\/exercices-de-phrases-adverbiales-pour-la-grammaire-catalane\/\"]}]},{\"@type\":\"ImageObject\",\"inLanguage\":\"fr-FR\",\"@id\":\"https:\/\/talkpal.ai\/fr\/grammar_exercises\/exercices-de-phrases-adverbiales-pour-la-grammaire-catalane\/#primaryimage\",\"url\":\"https:\/\/talkpal.ai\/wp-content\/uploads\/2025\/12\/man-is-studying-to-learn-languages.webp\",\"contentUrl\":\"https:\/\/talkpal.ai\/wp-content\/uploads\/2025\/12\/man-is-studying-to-learn-languages.webp\",\"width\":1200,\"height\":896,\"caption\":\"A bearded man writes in a book for learning languages at a desk with warm sunlight.\"},{\"@type\":\"BreadcrumbList\",\"@id\":\"https:\/\/talkpal.ai\/fr\/grammar_exercises\/exercices-de-phrases-adverbiales-pour-la-grammaire-catalane\/#breadcrumb\",\"itemListElement\":[{\"@type\":\"ListItem\",\"position\":1,\"name\":\"Homepage\",\"item\":\"https:\/\/talkpal.ai\/fr\/\"},{\"@type\":\"ListItem\",\"position\":2,\"name\":\"Exercices de phrases adverbiales pour la grammaire catalane\"}]},{\"@type\":\"WebSite\",\"@id\":\"https:\/\/talkpal.ai\/fr\/#website\",\"url\":\"https:\/\/talkpal.ai\/fr\/\",\"name\":\"Talkpal\",\"description\":\"AI Language Learning\",\"publisher\":{\"@id\":\"https:\/\/talkpal.ai\/fr\/#organization\"},\"alternateName\":\"Talkpal AI\",\"potentialAction\":[{\"@type\":\"SearchAction\",\"target\":{\"@type\":\"EntryPoint\",\"urlTemplate\":\"https:\/\/talkpal.ai\/fr\/?s={search_term_string}\"},\"query-input\":{\"@type\":\"PropertyValueSpecification\",\"valueRequired\":true,\"valueName\":\"search_term_string\"}}],\"inLanguage\":\"fr-FR\"},{\"@type\":\"Organization\",\"@id\":\"https:\/\/talkpal.ai\/fr\/#organization\",\"name\":\"Talkpal, Inc.\",\"alternateName\":\"Talkpal AI\",\"url\":\"https:\/\/talkpal.ai\/fr\/\",\"logo\":{\"@type\":\"ImageObject\",\"inLanguage\":\"fr-FR\",\"@id\":\"https:\/\/talkpal.ai\/fr\/#\/schema\/logo\/image\/\",\"url\":\"https:\/\/talkpal.ai\/wp-content\/uploads\/2024\/03\/Talkpal-Logo-Icon.png\",\"contentUrl\":\"https:\/\/talkpal.ai\/wp-content\/uploads\/2024\/03\/Talkpal-Logo-Icon.png\",\"width\":2880,\"height\":2880,\"caption\":\"Talkpal, Inc.\"},\"image\":{\"@id\":\"https:\/\/talkpal.ai\/fr\/#\/schema\/logo\/image\/\"},\"sameAs\":[\"https:\/\/www.facebook.com\/profile.php?id=100090733639311\",\"https:\/\/x.com\/talkpalai\",\"https:\/\/www.linkedin.com\/company\/talkpal\/\",\"https:\/\/www.youtube.com\/@TalkPal\/\",\"https:\/\/www.tiktok.com\/@talkpal\",\"https:\/\/www.instagram.com\/talkpal_ai\/\",\"https:\/\/www.crunchbase.com\/organization\/talkpal-9cde\",\"https:\/\/www.g2.com\/products\/talkpal-for-business\/\",\"https:\/\/www.trustpilot.com\/review\/talkpal.ai\",\"https:\/\/www.capterra.com\/p\/10006800\/TalkPal\/\"],\"description\":\"Talkpal is a language learning web and mobile education app, powered by the latest AI technologies, that provides engaging experiences to its customers in many different languages to help them improve their language skills. Users can chat about unlimited amount of topics with the app and use other modes to practice their language learning.\",\"email\":\"support@talkpal.ai\",\"legalName\":\"Talkpal, Inc.\",\"foundingDate\":\"2023-04-03\",\"duns\":\"118989042\",\"numberOfEmployees\":{\"@type\":\"QuantitativeValue\",\"minValue\":\"11\",\"maxValue\":\"50\"},\"publishingPrinciples\":\"https:\/\/talkpal.ai\/publishing-principles\/\",\"actionableFeedbackPolicy\":\"https:\/\/talkpal.ai\/actionable-feedback-policy\/\",\"correctionsPolicy\":\"https:\/\/talkpal.ai\/corrections-policy\/\",\"ethicsPolicy\":\"https:\/\/talkpal.ai\/ethics-policy\/\",\"diversityPolicy\":\"https:\/\/talkpal.ai\/diversity-policy\/\",\"diversityStaffingReport\":\"https:\/\/talkpal.ai\/diversity-policy\/\"}]}<\/script>\n<!-- \/ Yoast SEO Premium plugin. -->","yoast_head_json":{"title":"Exercices de phrases adverbiales pour la grammaire catalane - Talkpal","description":"Ces exercices vous aideront \u00e0 pratiquer les phrases adverbiales en catalan, qui sont utilis\u00e9es pour exprimer le temps, le lieu, la mani\u00e8re, la cause ou la","robots":{"index":"index","follow":"follow","max-snippet":"max-snippet:-1","max-image-preview":"max-image-preview:large","max-video-preview":"max-video-preview:-1"},"canonical":"https:\/\/talkpal.ai\/fr\/grammar_exercises\/exercices-de-phrases-adverbiales-pour-la-grammaire-catalane\/","og_locale":"fr_FR","og_type":"article","og_title":"Exercices de phrases adverbiales pour la grammaire catalane","og_description":"Ces exercices vous aideront \u00e0 pratiquer les phrases adverbiales en catalan, qui sont utilis\u00e9es pour exprimer le temps, le lieu, la mani\u00e8re, la cause ou la","og_url":"https:\/\/talkpal.ai\/fr\/grammar_exercises\/exercices-de-phrases-adverbiales-pour-la-grammaire-catalane\/","og_site_name":"Talkpal","article_publisher":"https:\/\/www.facebook.com\/profile.php?id=100090733639311","og_image":[{"width":2880,"height":1620,"url":"https:\/\/talkpal.ai\/wp-content\/uploads\/2025\/02\/Progress-tab-16_9.png","type":"image\/png"}],"twitter_card":"summary_large_image","twitter_site":"@talkpalai","twitter_misc":{"Dur\u00e9e de lecture estim\u00e9e":"1 minute"},"schema":{"@context":"https:\/\/schema.org","@graph":[{"@type":"WebPage","@id":"https:\/\/talkpal.ai\/fr\/grammar_exercises\/exercices-de-phrases-adverbiales-pour-la-grammaire-catalane\/","url":"https:\/\/talkpal.ai\/fr\/grammar_exercises\/exercices-de-phrases-adverbiales-pour-la-grammaire-catalane\/","name":"Exercices de phrases adverbiales pour la grammaire catalane - Talkpal","isPartOf":{"@id":"https:\/\/talkpal.ai\/fr\/#website"},"primaryImageOfPage":{"@id":"https:\/\/talkpal.ai\/fr\/grammar_exercises\/exercices-de-phrases-adverbiales-pour-la-grammaire-catalane\/#primaryimage"},"image":{"@id":"https:\/\/talkpal.ai\/fr\/grammar_exercises\/exercices-de-phrases-adverbiales-pour-la-grammaire-catalane\/#primaryimage"},"thumbnailUrl":"https:\/\/talkpal.ai\/wp-content\/uploads\/2025\/12\/man-is-studying-to-learn-languages.webp","datePublished":"2025-07-06T07:18:11+00:00","description":"Ces exercices vous aideront \u00e0 pratiquer les phrases adverbiales en catalan, qui sont utilis\u00e9es pour exprimer le temps, le lieu, la mani\u00e8re, la cause ou la","breadcrumb":{"@id":"https:\/\/talkpal.ai\/fr\/grammar_exercises\/exercices-de-phrases-adverbiales-pour-la-grammaire-catalane\/#breadcrumb"},"inLanguage":"fr-FR","potentialAction":[{"@type":"ReadAction","target":["https:\/\/talkpal.ai\/fr\/grammar_exercises\/exercices-de-phrases-adverbiales-pour-la-grammaire-catalane\/"]}]},{"@type":"ImageObject","inLanguage":"fr-FR","@id":"https:\/\/talkpal.ai\/fr\/grammar_exercises\/exercices-de-phrases-adverbiales-pour-la-grammaire-catalane\/#primaryimage","url":"https:\/\/talkpal.ai\/wp-content\/uploads\/2025\/12\/man-is-studying-to-learn-languages.webp","contentUrl":"https:\/\/talkpal.ai\/wp-content\/uploads\/2025\/12\/man-is-studying-to-learn-languages.webp","width":1200,"height":896,"caption":"A bearded man writes in a book for learning languages at a desk with warm sunlight."},{"@type":"BreadcrumbList","@id":"https:\/\/talkpal.ai\/fr\/grammar_exercises\/exercices-de-phrases-adverbiales-pour-la-grammaire-catalane\/#breadcrumb","itemListElement":[{"@type":"ListItem","position":1,"name":"Homepage","item":"https:\/\/talkpal.ai\/fr\/"},{"@type":"ListItem","position":2,"name":"Exercices de phrases adverbiales pour la grammaire catalane"}]},{"@type":"WebSite","@id":"https:\/\/talkpal.ai\/fr\/#website","url":"https:\/\/talkpal.ai\/fr\/","name":"Talkpal","description":"AI Language Learning","publisher":{"@id":"https:\/\/talkpal.ai\/fr\/#organization"},"alternateName":"Talkpal AI","potentialAction":[{"@type":"SearchAction","target":{"@type":"EntryPoint","urlTemplate":"https:\/\/talkpal.ai\/fr\/?s={search_term_string}"},"query-input":{"@type":"PropertyValueSpecification","valueRequired":true,"valueName":"search_term_string"}}],"inLanguage":"fr-FR"},{"@type":"Organization","@id":"https:\/\/talkpal.ai\/fr\/#organization","name":"Talkpal, Inc.","alternateName":"Talkpal AI","url":"https:\/\/talkpal.ai\/fr\/","logo":{"@type":"ImageObject","inLanguage":"fr-FR","@id":"https:\/\/talkpal.ai\/fr\/#\/schema\/logo\/image\/","url":"https:\/\/talkpal.ai\/wp-content\/uploads\/2024\/03\/Talkpal-Logo-Icon.png","contentUrl":"https:\/\/talkpal.ai\/wp-content\/uploads\/2024\/03\/Talkpal-Logo-Icon.png","width":2880,"height":2880,"caption":"Talkpal, Inc."},"image":{"@id":"https:\/\/talkpal.ai\/fr\/#\/schema\/logo\/image\/"},"sameAs":["https:\/\/www.facebook.com\/profile.php?id=100090733639311","https:\/\/x.com\/talkpalai","https:\/\/www.linkedin.com\/company\/talkpal\/","https:\/\/www.youtube.com\/@TalkPal\/","https:\/\/www.tiktok.com\/@talkpal","https:\/\/www.instagram.com\/talkpal_ai\/","https:\/\/www.crunchbase.com\/organization\/talkpal-9cde","https:\/\/www.g2.com\/products\/talkpal-for-business\/","https:\/\/www.trustpilot.com\/review\/talkpal.ai","https:\/\/www.capterra.com\/p\/10006800\/TalkPal\/"],"description":"Talkpal is a language learning web and mobile education app, powered by the latest AI technologies, that provides engaging experiences to its customers in many different languages to help them improve their language skills. Users can chat about unlimited amount of topics with the app and use other modes to practice their language learning.","email":"support@talkpal.ai","legalName":"Talkpal, Inc.","foundingDate":"2023-04-03","duns":"118989042","numberOfEmployees":{"@type":"QuantitativeValue","minValue":"11","maxValue":"50"},"publishingPrinciples":"https:\/\/talkpal.ai\/publishing-principles\/","actionableFeedbackPolicy":"https:\/\/talkpal.ai\/actionable-feedback-policy\/","correctionsPolicy":"https:\/\/talkpal.ai\/corrections-policy\/","ethicsPolicy":"https:\/\/talkpal.ai\/ethics-policy\/","diversityPolicy":"https:\/\/talkpal.ai\/diversity-policy\/","diversityStaffingReport":"https:\/\/talkpal.ai\/diversity-policy\/"}]}},"_links":{"self":[{"href":"https:\/\/talkpal.ai\/fr\/wp-json\/wp\/v2\/grammar_exercises\/1132332","targetHints":{"allow":["GET"]}}],"collection":[{"href":"https:\/\/talkpal.ai\/fr\/wp-json\/wp\/v2\/grammar_exercises"}],"about":[{"href":"https:\/\/talkpal.ai\/fr\/wp-json\/wp\/v2\/types\/grammar_exercises"}],"wp:featuredmedia":[{"embeddable":true,"href":"https:\/\/talkpal.ai\/fr\/wp-json\/wp\/v2\/media\/1527772"}],"wp:attachment":[{"href":"https:\/\/talkpal.ai\/fr\/wp-json\/wp\/v2\/media?parent=1132332"}],"wp:term":[{"taxonomy":"exercise_language","embeddable":true,"href":"https:\/\/talkpal.ai\/fr\/wp-json\/wp\/v2\/exercise_language?post=1132332"}],"curies":[{"name":"wp","href":"https:\/\/api.w.org\/{rel}","templated":true}]}}