{"id":1132327,"date":"2025-07-06T07:18:05","date_gmt":"2025-07-06T07:18:05","guid":{"rendered":"https:\/\/talkpal.ai\/grammar_exercises\/exercices-sur-les-adverbes-de-temps-pour-la-grammaire-catalane\/"},"modified":"2025-07-06T07:18:05","modified_gmt":"2025-07-06T07:18:05","slug":"exercices-sur-les-adverbes-de-temps-pour-la-grammaire-catalane","status":"publish","type":"grammar_exercises","link":"https:\/\/talkpal.ai\/fr\/grammar_exercises\/exercices-sur-les-adverbes-de-temps-pour-la-grammaire-catalane\/","title":{"rendered":"Exercices sur les adverbes de temps pour la grammaire catalane"},"content":{"rendered":"<p>Dans ces exercices, vous allez pratiquer les <a href=\"https:\/\/talkpal.ai\/fr\/grammar\/adverbes-de-temps-en-grammaire-thai\/\">adverbes de temps<\/a> en <a href=\"https:\/\/talkpal.ai\/learn-catalan\/\">catalan<\/a>. Les adverbes de <a href=\"https:\/\/talkpal.ai\/zh-hans\/grammar_exercises\/temps-%e6%b3%95%e8%af%ad%e8%af%ad%e6%b3%95%e7%bb%83%e4%b9%a0\/\">temps<\/a> indiquent quand une action a lieu, comme \u00ab\u00a0avui\u00a0\u00bb (aujourd&rsquo;hui), \u00ab\u00a0ahir\u00a0\u00bb (hier) ou \u00ab\u00a0dem\u00e0\u00a0\u00bb (demain). Ces exercices vous aideront \u00e0 mieux comprendre leur usage dans des phrases simples.<\/p>\n<h3>Exercice 1 : Compl\u00e9tez avec l&rsquo;adverbe de temps appropri\u00e9 (pr\u00e9sent, pass\u00e9, futur)<\/h3>\n<div class=\"input_sentences\">\n1. Jo treballo *avui* (indiquez un moment pr\u00e9sent).<br \/>\n2. Ell va venir *ahir* (indiquez un moment pass\u00e9).<br \/>\n3. Nosaltres anirem al mercat *dem\u00e0* (indiquez un moment futur).<br \/>\n4. Tu vas estudiar *ara* (indiquez un moment pr\u00e9sent imm\u00e9diat).<br \/>\n5. Ells <a href=\"https:\/\/talkpal.ai\/locations\/language-courses-in-van\/\">van<\/a> sortir *abans* (indiquez un moment <a href=\"https:\/\/talkpal.ai\/ar\/grammar_exercises\/passe-anterieur-%d8%aa%d9%85%d8%a7%d8%b1%d9%8a%d9%86-%d9%84%d9%84%d9%82%d9%88%d8%a7%d8%b9%d8%af-%d8%a7%d9%84%d9%81%d8%b1%d9%86%d8%b3%d9%8a%d8%a9\/\">pass\u00e9 ant\u00e9rieur<\/a>).<br \/>\n6. Ella parlar\u00e0 amb tu *m\u00e9s tard* (indiquez un moment <a href=\"https:\/\/talkpal.ai\/ar\/grammar_exercises\/futur-proche-%d8%aa%d9%85%d8%a7%d8%b1%d9%8a%d9%86-%d9%84%d9%84%d9%82%d9%88%d8%a7%d8%b9%d8%af-%d8%a7%d9%84%d9%81%d8%b1%d9%86%d8%b3%d9%8a%d8%a9\/\">futur proche<\/a>).<br \/>\n7. Jo vaig veure la pel\u00b7l\u00edcula *fa dos dies* (indiquez un temps pass\u00e9 pr\u00e9cis).<br \/>\n8. Nosaltres sempre sopem junts *aquesta nit* (indiquez un moment futur proche).<br \/>\n9. Ells arriben *avui a la tarda* (indiquez un moment pr\u00e9sent dans la journ\u00e9e).<br \/>\n10. Tu vas acabar el projecte *ara fa una hora* (indiquez un moment <a href=\"https:\/\/talkpal.ai\/de\/grammar\/die-franzoesische-grammatik-das-passe-recent\/\">pass\u00e9 r\u00e9cent<\/a>).\n<\/div>\n<div class=\"exercise\"><\/div>\n<h3>Exercice 2 : Choisissez l&rsquo;adverbe de temps correct selon le contexte<\/h3>\n<div class=\"input_sentences\">\n1. Dem\u00e0 \/ Ahir, jo vaig anar a la biblioteca. R\u00e9ponse correcte : *Ahir* (action pass\u00e9e).<br \/>\n2. Avui \/ Dem\u00e0, tenim una reuni\u00f3 important. R\u00e9ponse correcte : *Avui* (action pr\u00e9sente).<br \/>\n3. Fa un mes \/ Fa una hora, vam comen\u00e7ar la classe. R\u00e9ponse correcte : *Fa una hora* (action r\u00e9cente).<br \/>\n4. Sempre \/ Mai, ell arriba a temps. R\u00e9ponse correcte : *Sempre* (fr\u00e9quence, souvent li\u00e9e au pr\u00e9sent).<br \/>\n5. Despr\u00e9s \/ Abans, nosaltres din\u00e0vem junts. R\u00e9ponse correcte : *Abans* (temps pass\u00e9).<br \/>\n6. Ara \/ Dem\u00e0, ella estar\u00e0 a casa. R\u00e9ponse correcte : *Dem\u00e0* (temps futur).<br \/>\n7. Ja \/ Encara, no he acabat el treball. R\u00e9ponse correcte : *Encara* (action non termin\u00e9e).<br \/>\n8. Avui \/ Ahir, vaig veure un ocell estrany. R\u00e9ponse correcte : *Avui* (action pr\u00e9sente).<br \/>\n9. Avui \/ Sempre, fem exercici al mat\u00ed. R\u00e9ponse correcte : *Sempre* (habitude).<br \/>\n10. Fa temps \/ Ara, no plou. R\u00e9ponse correcte : *Ara* (moment pr\u00e9sent).\n<\/div>\n<div class=\"exercise\"><\/div>\n","protected":false},"featured_media":1527994,"parent":0,"menu_order":0,"template":"","exercise_language":[15139,15132],"class_list":["post-1132327","grammar_exercises","type-grammar_exercises","status-publish","has-post-thumbnail","hentry","exercise_language-adverbes-grammaire-catalane","exercise_language-catalan-fr"],"acf":[],"yoast_head":"<!-- This site is optimized with the Yoast SEO Premium plugin v27.2 (Yoast SEO v27.2) - https:\/\/yoast.com\/product\/yoast-seo-premium-wordpress\/ -->\n<title>Exercices sur les adverbes de temps pour la grammaire catalane - Talkpal<\/title>\n<meta name=\"description\" content=\"Dans ces exercices, vous allez pratiquer les adverbes de temps en catalan. Les adverbes de temps indiquent quand une action a lieu, comme &quot;avui&quot;\" \/>\n<meta name=\"robots\" content=\"index, follow, max-snippet:-1, max-image-preview:large, max-video-preview:-1\" \/>\n<link rel=\"canonical\" href=\"https:\/\/talkpal.ai\/fr\/grammar_exercises\/exercices-sur-les-adverbes-de-temps-pour-la-grammaire-catalane\/\" \/>\n<meta property=\"og:locale\" content=\"fr_FR\" \/>\n<meta property=\"og:type\" content=\"article\" \/>\n<meta property=\"og:title\" content=\"Exercices sur les adverbes de temps pour la grammaire catalane\" \/>\n<meta property=\"og:description\" content=\"Dans ces exercices, vous allez pratiquer les adverbes de temps en catalan. Les adverbes de temps indiquent quand une action a lieu, comme &quot;avui&quot;\" \/>\n<meta property=\"og:url\" content=\"https:\/\/talkpal.ai\/fr\/grammar_exercises\/exercices-sur-les-adverbes-de-temps-pour-la-grammaire-catalane\/\" \/>\n<meta property=\"og:site_name\" content=\"Talkpal\" \/>\n<meta property=\"article:publisher\" content=\"https:\/\/www.facebook.com\/profile.php?id=100090733639311\" \/>\n<meta property=\"og:image\" content=\"https:\/\/talkpal.ai\/wp-content\/uploads\/2025\/02\/Progress-tab-16_9.png\" \/>\n\t<meta property=\"og:image:width\" content=\"2880\" \/>\n\t<meta property=\"og:image:height\" content=\"1620\" \/>\n\t<meta property=\"og:image:type\" content=\"image\/png\" \/>\n<meta name=\"twitter:card\" content=\"summary_large_image\" \/>\n<meta name=\"twitter:site\" content=\"@talkpalai\" \/>\n<meta name=\"twitter:label1\" content=\"Dur\u00e9e de lecture estim\u00e9e\" \/>\n\t<meta name=\"twitter:data1\" content=\"2 minutes\" \/>\n<script type=\"application\/ld+json\" class=\"yoast-schema-graph\">{\"@context\":\"https:\/\/schema.org\",\"@graph\":[{\"@type\":\"WebPage\",\"@id\":\"https:\/\/talkpal.ai\/fr\/grammar_exercises\/exercices-sur-les-adverbes-de-temps-pour-la-grammaire-catalane\/\",\"url\":\"https:\/\/talkpal.ai\/fr\/grammar_exercises\/exercices-sur-les-adverbes-de-temps-pour-la-grammaire-catalane\/\",\"name\":\"Exercices sur les adverbes de temps pour la grammaire catalane - Talkpal\",\"isPartOf\":{\"@id\":\"https:\/\/talkpal.ai\/fr\/#website\"},\"primaryImageOfPage\":{\"@id\":\"https:\/\/talkpal.ai\/fr\/grammar_exercises\/exercices-sur-les-adverbes-de-temps-pour-la-grammaire-catalane\/#primaryimage\"},\"image\":{\"@id\":\"https:\/\/talkpal.ai\/fr\/grammar_exercises\/exercices-sur-les-adverbes-de-temps-pour-la-grammaire-catalane\/#primaryimage\"},\"thumbnailUrl\":\"https:\/\/talkpal.ai\/wp-content\/uploads\/2025\/12\/students-use-tablets-to-learn-languages.webp\",\"datePublished\":\"2025-07-06T07:18:05+00:00\",\"description\":\"Dans ces exercices, vous allez pratiquer les adverbes de temps en catalan. Les adverbes de temps indiquent quand une action a lieu, comme \\\"avui\\\"\",\"breadcrumb\":{\"@id\":\"https:\/\/talkpal.ai\/fr\/grammar_exercises\/exercices-sur-les-adverbes-de-temps-pour-la-grammaire-catalane\/#breadcrumb\"},\"inLanguage\":\"fr-FR\",\"potentialAction\":[{\"@type\":\"ReadAction\",\"target\":[\"https:\/\/talkpal.ai\/fr\/grammar_exercises\/exercices-sur-les-adverbes-de-temps-pour-la-grammaire-catalane\/\"]}]},{\"@type\":\"ImageObject\",\"inLanguage\":\"fr-FR\",\"@id\":\"https:\/\/talkpal.ai\/fr\/grammar_exercises\/exercices-sur-les-adverbes-de-temps-pour-la-grammaire-catalane\/#primaryimage\",\"url\":\"https:\/\/talkpal.ai\/wp-content\/uploads\/2025\/12\/students-use-tablets-to-learn-languages.webp\",\"contentUrl\":\"https:\/\/talkpal.ai\/wp-content\/uploads\/2025\/12\/students-use-tablets-to-learn-languages.webp\",\"width\":1200,\"height\":896,\"caption\":\"Three people use digital tablets and books for learning languages at an outdoor table during sunset.\"},{\"@type\":\"BreadcrumbList\",\"@id\":\"https:\/\/talkpal.ai\/fr\/grammar_exercises\/exercices-sur-les-adverbes-de-temps-pour-la-grammaire-catalane\/#breadcrumb\",\"itemListElement\":[{\"@type\":\"ListItem\",\"position\":1,\"name\":\"Homepage\",\"item\":\"https:\/\/talkpal.ai\/fr\/\"},{\"@type\":\"ListItem\",\"position\":2,\"name\":\"Exercices sur les adverbes de temps pour la grammaire catalane\"}]},{\"@type\":\"WebSite\",\"@id\":\"https:\/\/talkpal.ai\/fr\/#website\",\"url\":\"https:\/\/talkpal.ai\/fr\/\",\"name\":\"Talkpal\",\"description\":\"AI Language Learning\",\"publisher\":{\"@id\":\"https:\/\/talkpal.ai\/fr\/#organization\"},\"alternateName\":\"Talkpal AI\",\"potentialAction\":[{\"@type\":\"SearchAction\",\"target\":{\"@type\":\"EntryPoint\",\"urlTemplate\":\"https:\/\/talkpal.ai\/fr\/?s={search_term_string}\"},\"query-input\":{\"@type\":\"PropertyValueSpecification\",\"valueRequired\":true,\"valueName\":\"search_term_string\"}}],\"inLanguage\":\"fr-FR\"},{\"@type\":\"Organization\",\"@id\":\"https:\/\/talkpal.ai\/fr\/#organization\",\"name\":\"Talkpal, Inc.\",\"alternateName\":\"Talkpal AI\",\"url\":\"https:\/\/talkpal.ai\/fr\/\",\"logo\":{\"@type\":\"ImageObject\",\"inLanguage\":\"fr-FR\",\"@id\":\"https:\/\/talkpal.ai\/fr\/#\/schema\/logo\/image\/\",\"url\":\"https:\/\/talkpal.ai\/wp-content\/uploads\/2024\/03\/Talkpal-Logo-Icon.png\",\"contentUrl\":\"https:\/\/talkpal.ai\/wp-content\/uploads\/2024\/03\/Talkpal-Logo-Icon.png\",\"width\":2880,\"height\":2880,\"caption\":\"Talkpal, Inc.\"},\"image\":{\"@id\":\"https:\/\/talkpal.ai\/fr\/#\/schema\/logo\/image\/\"},\"sameAs\":[\"https:\/\/www.facebook.com\/profile.php?id=100090733639311\",\"https:\/\/x.com\/talkpalai\",\"https:\/\/www.linkedin.com\/company\/talkpal\/\",\"https:\/\/www.youtube.com\/@TalkPal\/\",\"https:\/\/www.tiktok.com\/@talkpal\",\"https:\/\/www.instagram.com\/talkpal_ai\/\",\"https:\/\/www.crunchbase.com\/organization\/talkpal-9cde\",\"https:\/\/www.g2.com\/products\/talkpal-for-business\/\",\"https:\/\/www.trustpilot.com\/review\/talkpal.ai\",\"https:\/\/www.capterra.com\/p\/10006800\/TalkPal\/\"],\"description\":\"Talkpal is a language learning web and mobile education app, powered by the latest AI technologies, that provides engaging experiences to its customers in many different languages to help them improve their language skills. Users can chat about unlimited amount of topics with the app and use other modes to practice their language learning.\",\"email\":\"support@talkpal.ai\",\"legalName\":\"Talkpal, Inc.\",\"foundingDate\":\"2023-04-03\",\"duns\":\"118989042\",\"numberOfEmployees\":{\"@type\":\"QuantitativeValue\",\"minValue\":\"11\",\"maxValue\":\"50\"},\"publishingPrinciples\":\"https:\/\/talkpal.ai\/publishing-principles\/\",\"actionableFeedbackPolicy\":\"https:\/\/talkpal.ai\/actionable-feedback-policy\/\",\"correctionsPolicy\":\"https:\/\/talkpal.ai\/corrections-policy\/\",\"ethicsPolicy\":\"https:\/\/talkpal.ai\/ethics-policy\/\",\"diversityPolicy\":\"https:\/\/talkpal.ai\/diversity-policy\/\",\"diversityStaffingReport\":\"https:\/\/talkpal.ai\/diversity-policy\/\"}]}<\/script>\n<!-- \/ Yoast SEO Premium plugin. -->","yoast_head_json":{"title":"Exercices sur les adverbes de temps pour la grammaire catalane - Talkpal","description":"Dans ces exercices, vous allez pratiquer les adverbes de temps en catalan. Les adverbes de temps indiquent quand une action a lieu, comme \"avui\"","robots":{"index":"index","follow":"follow","max-snippet":"max-snippet:-1","max-image-preview":"max-image-preview:large","max-video-preview":"max-video-preview:-1"},"canonical":"https:\/\/talkpal.ai\/fr\/grammar_exercises\/exercices-sur-les-adverbes-de-temps-pour-la-grammaire-catalane\/","og_locale":"fr_FR","og_type":"article","og_title":"Exercices sur les adverbes de temps pour la grammaire catalane","og_description":"Dans ces exercices, vous allez pratiquer les adverbes de temps en catalan. Les adverbes de temps indiquent quand une action a lieu, comme \"avui\"","og_url":"https:\/\/talkpal.ai\/fr\/grammar_exercises\/exercices-sur-les-adverbes-de-temps-pour-la-grammaire-catalane\/","og_site_name":"Talkpal","article_publisher":"https:\/\/www.facebook.com\/profile.php?id=100090733639311","og_image":[{"width":2880,"height":1620,"url":"https:\/\/talkpal.ai\/wp-content\/uploads\/2025\/02\/Progress-tab-16_9.png","type":"image\/png"}],"twitter_card":"summary_large_image","twitter_site":"@talkpalai","twitter_misc":{"Dur\u00e9e de lecture estim\u00e9e":"2 minutes"},"schema":{"@context":"https:\/\/schema.org","@graph":[{"@type":"WebPage","@id":"https:\/\/talkpal.ai\/fr\/grammar_exercises\/exercices-sur-les-adverbes-de-temps-pour-la-grammaire-catalane\/","url":"https:\/\/talkpal.ai\/fr\/grammar_exercises\/exercices-sur-les-adverbes-de-temps-pour-la-grammaire-catalane\/","name":"Exercices sur les adverbes de temps pour la grammaire catalane - Talkpal","isPartOf":{"@id":"https:\/\/talkpal.ai\/fr\/#website"},"primaryImageOfPage":{"@id":"https:\/\/talkpal.ai\/fr\/grammar_exercises\/exercices-sur-les-adverbes-de-temps-pour-la-grammaire-catalane\/#primaryimage"},"image":{"@id":"https:\/\/talkpal.ai\/fr\/grammar_exercises\/exercices-sur-les-adverbes-de-temps-pour-la-grammaire-catalane\/#primaryimage"},"thumbnailUrl":"https:\/\/talkpal.ai\/wp-content\/uploads\/2025\/12\/students-use-tablets-to-learn-languages.webp","datePublished":"2025-07-06T07:18:05+00:00","description":"Dans ces exercices, vous allez pratiquer les adverbes de temps en catalan. Les adverbes de temps indiquent quand une action a lieu, comme \"avui\"","breadcrumb":{"@id":"https:\/\/talkpal.ai\/fr\/grammar_exercises\/exercices-sur-les-adverbes-de-temps-pour-la-grammaire-catalane\/#breadcrumb"},"inLanguage":"fr-FR","potentialAction":[{"@type":"ReadAction","target":["https:\/\/talkpal.ai\/fr\/grammar_exercises\/exercices-sur-les-adverbes-de-temps-pour-la-grammaire-catalane\/"]}]},{"@type":"ImageObject","inLanguage":"fr-FR","@id":"https:\/\/talkpal.ai\/fr\/grammar_exercises\/exercices-sur-les-adverbes-de-temps-pour-la-grammaire-catalane\/#primaryimage","url":"https:\/\/talkpal.ai\/wp-content\/uploads\/2025\/12\/students-use-tablets-to-learn-languages.webp","contentUrl":"https:\/\/talkpal.ai\/wp-content\/uploads\/2025\/12\/students-use-tablets-to-learn-languages.webp","width":1200,"height":896,"caption":"Three people use digital tablets and books for learning languages at an outdoor table during sunset."},{"@type":"BreadcrumbList","@id":"https:\/\/talkpal.ai\/fr\/grammar_exercises\/exercices-sur-les-adverbes-de-temps-pour-la-grammaire-catalane\/#breadcrumb","itemListElement":[{"@type":"ListItem","position":1,"name":"Homepage","item":"https:\/\/talkpal.ai\/fr\/"},{"@type":"ListItem","position":2,"name":"Exercices sur les adverbes de temps pour la grammaire catalane"}]},{"@type":"WebSite","@id":"https:\/\/talkpal.ai\/fr\/#website","url":"https:\/\/talkpal.ai\/fr\/","name":"Talkpal","description":"AI Language Learning","publisher":{"@id":"https:\/\/talkpal.ai\/fr\/#organization"},"alternateName":"Talkpal AI","potentialAction":[{"@type":"SearchAction","target":{"@type":"EntryPoint","urlTemplate":"https:\/\/talkpal.ai\/fr\/?s={search_term_string}"},"query-input":{"@type":"PropertyValueSpecification","valueRequired":true,"valueName":"search_term_string"}}],"inLanguage":"fr-FR"},{"@type":"Organization","@id":"https:\/\/talkpal.ai\/fr\/#organization","name":"Talkpal, Inc.","alternateName":"Talkpal AI","url":"https:\/\/talkpal.ai\/fr\/","logo":{"@type":"ImageObject","inLanguage":"fr-FR","@id":"https:\/\/talkpal.ai\/fr\/#\/schema\/logo\/image\/","url":"https:\/\/talkpal.ai\/wp-content\/uploads\/2024\/03\/Talkpal-Logo-Icon.png","contentUrl":"https:\/\/talkpal.ai\/wp-content\/uploads\/2024\/03\/Talkpal-Logo-Icon.png","width":2880,"height":2880,"caption":"Talkpal, Inc."},"image":{"@id":"https:\/\/talkpal.ai\/fr\/#\/schema\/logo\/image\/"},"sameAs":["https:\/\/www.facebook.com\/profile.php?id=100090733639311","https:\/\/x.com\/talkpalai","https:\/\/www.linkedin.com\/company\/talkpal\/","https:\/\/www.youtube.com\/@TalkPal\/","https:\/\/www.tiktok.com\/@talkpal","https:\/\/www.instagram.com\/talkpal_ai\/","https:\/\/www.crunchbase.com\/organization\/talkpal-9cde","https:\/\/www.g2.com\/products\/talkpal-for-business\/","https:\/\/www.trustpilot.com\/review\/talkpal.ai","https:\/\/www.capterra.com\/p\/10006800\/TalkPal\/"],"description":"Talkpal is a language learning web and mobile education app, powered by the latest AI technologies, that provides engaging experiences to its customers in many different languages to help them improve their language skills. Users can chat about unlimited amount of topics with the app and use other modes to practice their language learning.","email":"support@talkpal.ai","legalName":"Talkpal, Inc.","foundingDate":"2023-04-03","duns":"118989042","numberOfEmployees":{"@type":"QuantitativeValue","minValue":"11","maxValue":"50"},"publishingPrinciples":"https:\/\/talkpal.ai\/publishing-principles\/","actionableFeedbackPolicy":"https:\/\/talkpal.ai\/actionable-feedback-policy\/","correctionsPolicy":"https:\/\/talkpal.ai\/corrections-policy\/","ethicsPolicy":"https:\/\/talkpal.ai\/ethics-policy\/","diversityPolicy":"https:\/\/talkpal.ai\/diversity-policy\/","diversityStaffingReport":"https:\/\/talkpal.ai\/diversity-policy\/"}]}},"_links":{"self":[{"href":"https:\/\/talkpal.ai\/fr\/wp-json\/wp\/v2\/grammar_exercises\/1132327","targetHints":{"allow":["GET"]}}],"collection":[{"href":"https:\/\/talkpal.ai\/fr\/wp-json\/wp\/v2\/grammar_exercises"}],"about":[{"href":"https:\/\/talkpal.ai\/fr\/wp-json\/wp\/v2\/types\/grammar_exercises"}],"wp:featuredmedia":[{"embeddable":true,"href":"https:\/\/talkpal.ai\/fr\/wp-json\/wp\/v2\/media\/1527994"}],"wp:attachment":[{"href":"https:\/\/talkpal.ai\/fr\/wp-json\/wp\/v2\/media?parent=1132327"}],"wp:term":[{"taxonomy":"exercise_language","embeddable":true,"href":"https:\/\/talkpal.ai\/fr\/wp-json\/wp\/v2\/exercise_language?post=1132327"}],"curies":[{"name":"wp","href":"https:\/\/api.w.org\/{rel}","templated":true}]}}