{"id":1132317,"date":"2025-07-06T07:17:55","date_gmt":"2025-07-06T07:17:55","guid":{"rendered":"https:\/\/talkpal.ai\/grammar_exercises\/exercices-dadjectifs-descriptifs-pour-la-grammaire-catalane\/"},"modified":"2025-07-06T07:17:55","modified_gmt":"2025-07-06T07:17:55","slug":"exercices-dadjectifs-descriptifs-pour-la-grammaire-catalane","status":"publish","type":"grammar_exercises","link":"https:\/\/talkpal.ai\/fr\/grammar_exercises\/exercices-dadjectifs-descriptifs-pour-la-grammaire-catalane\/","title":{"rendered":"Exercices d&rsquo;adjectifs descriptifs pour la grammaire catalane"},"content":{"rendered":"<p>Ces exercices sont con\u00e7us pour pratiquer l&rsquo;utilisation correcte des adjectifs descriptifs en <a href=\"https:\/\/talkpal.ai\/learn-catalan\/\">catalan<\/a>. Vous allez compl\u00e9ter des phrases en choisissant l&rsquo;adjectif appropri\u00e9 en fonction du contexte, en tenant compte du genre et du nombre. Les indices en <a href=\"https:\/\/talkpal.ai\/learn-french\/\">fran\u00e7ais<\/a> vous aideront \u00e0 comprendre quelle forme de l&rsquo;adjectif utiliser.<\/p>\n<h3>Exercice 1 : Accord des adjectifs simples<\/h3>\n<div class=\"input_sentences\">\n1. La casa \u00e9s molt *gran* (utilisez l&rsquo;adjectif qui signifie \u00ab\u00a0grand\u00a0\u00bb au f\u00e9minin singulier).<br \/>\n2. El cotxe \u00e9s *nou* (adjectif masculin singulier pour \u00ab\u00a0neuf\u00a0\u00bb).<br \/>\n3. Les flors s\u00f3n *boniques* (adjectif f\u00e9minin <a href=\"https:\/\/talkpal.ai\/ar\/grammar_exercises\/pluriel-%d8%aa%d9%85%d8%a7%d8%b1%d9%8a%d9%86-%d9%84%d9%84%d9%82%d9%88%d8%a7%d8%b9%d8%af-%d8%a7%d9%84%d9%81%d8%b1%d9%86%d8%b3%d9%8a%d8%a9\/\">pluriel<\/a> pour \u00ab\u00a0joli\u00a0\u00bb).<br \/>\n4. Els gats s\u00f3n *negres* (adjectif masculin pluriel pour \u00ab\u00a0noir\u00a0\u00bb).<br \/>\n5. La camisa \u00e9s *blanca* (adjectif f\u00e9minin singulier pour \u00ab\u00a0blanc\u00a0\u00bb).<br \/>\n6. El llibre \u00e9s *interessant* (adjectif masculin singulier pour \u00ab\u00a0int\u00e9ressant\u00a0\u00bb).<br \/>\n7. Les muntanyes s\u00f3n *altes* (adjectif f\u00e9minin pluriel pour \u00ab\u00a0haut\u00a0\u00bb).<br \/>\n8. El dia est\u00e0 *fred* (adjectif masculin singulier pour \u00ab\u00a0froid\u00a0\u00bb).<br \/>\n9. La taula \u00e9s *vella* (adjectif f\u00e9minin singulier pour \u00ab\u00a0vieux\u00a0\u00bb).<br \/>\n10. Els nens s\u00f3n *contents* (adjectif masculin pluriel pour \u00ab\u00a0content\u00a0\u00bb).\n<\/div>\n<div class=\"exercise\"><\/div>\n<h3>Exercice 2 : Choix entre formes masculines et f\u00e9minines<\/h3>\n<div class=\"input_sentences\">\n1. La noia \u00e9s molt *intel\u00b7ligent* (adjectif pour \u00ab\u00a0intelligent\u00a0\u00bb au f\u00e9minin singulier).<br \/>\n2. El professor \u00e9s *simp\u00e0tic* (adjectif masculin singulier pour \u00ab\u00a0sympathique\u00a0\u00bb).<br \/>\n3. Les cases s\u00f3n *grans* (adjectif pluriel pour \u00ab\u00a0grand\u00a0\u00bb, f\u00e9minin pluriel).<br \/>\n4. Els homes s\u00f3n *forts* (adjectif masculin pluriel pour \u00ab\u00a0fort\u00a0\u00bb).<br \/>\n5. La pel\u00b7l\u00edcula \u00e9s *interessant* (adjectif f\u00e9minin singulier pour \u00ab\u00a0int\u00e9ressant\u00a0\u00bb).<br \/>\n6. El gos \u00e9s *r\u00e0pid* (adjectif masculin singulier pour \u00ab\u00a0rapide\u00a0\u00bb).<br \/>\n7. Les amigues s\u00f3n *alegres* (adjectif f\u00e9minin pluriel pour \u00ab\u00a0joyeux\u00a0\u00bb).<br \/>\n8. El jard\u00ed \u00e9s *bonic* (adjectif masculin singulier pour \u00ab\u00a0beau\u00a0\u00bb).<br \/>\n9. La ciutat \u00e9s *petita* (adjectif f\u00e9minin singulier pour \u00ab\u00a0petit\u00a0\u00bb).<br \/>\n10. Els llibres s\u00f3n *nous* (adjectif masculin pluriel pour \u00ab\u00a0<a href=\"https:\/\/talkpal.ai\/talkpal-new-years-discount\/\">nouveau<\/a>\u00a0\u00bb).\n<\/div>\n<div class=\"exercise\"><\/div>\n","protected":false},"featured_media":1528102,"parent":0,"menu_order":0,"template":"","exercise_language":[15138,15132],"class_list":["post-1132317","grammar_exercises","type-grammar_exercises","status-publish","has-post-thumbnail","hentry","exercise_language-adjectifs-grammaire-catalane","exercise_language-catalan-fr"],"acf":[],"yoast_head":"<!-- This site is optimized with the Yoast SEO Premium plugin v27.2 (Yoast SEO v27.2) - https:\/\/yoast.com\/product\/yoast-seo-premium-wordpress\/ -->\n<title>Exercices d&#039;adjectifs descriptifs pour la grammaire catalane - Talkpal<\/title>\n<meta name=\"description\" content=\"Ces exercices sont con\u00e7us pour pratiquer l&#039;utilisation correcte des adjectifs descriptifs en catalan. Vous allez compl\u00e9ter des phrases en choisissant\" \/>\n<meta name=\"robots\" content=\"index, follow, max-snippet:-1, max-image-preview:large, max-video-preview:-1\" \/>\n<link rel=\"canonical\" href=\"https:\/\/talkpal.ai\/fr\/grammar_exercises\/exercices-dadjectifs-descriptifs-pour-la-grammaire-catalane\/\" \/>\n<meta property=\"og:locale\" content=\"fr_FR\" \/>\n<meta property=\"og:type\" content=\"article\" \/>\n<meta property=\"og:title\" content=\"Exercices d&#039;adjectifs descriptifs pour la grammaire catalane\" \/>\n<meta property=\"og:description\" content=\"Ces exercices sont con\u00e7us pour pratiquer l&#039;utilisation correcte des adjectifs descriptifs en catalan. Vous allez compl\u00e9ter des phrases en choisissant\" \/>\n<meta property=\"og:url\" content=\"https:\/\/talkpal.ai\/fr\/grammar_exercises\/exercices-dadjectifs-descriptifs-pour-la-grammaire-catalane\/\" \/>\n<meta property=\"og:site_name\" content=\"Talkpal\" \/>\n<meta property=\"article:publisher\" content=\"https:\/\/www.facebook.com\/profile.php?id=100090733639311\" \/>\n<meta property=\"og:image\" content=\"https:\/\/talkpal.ai\/wp-content\/uploads\/2025\/02\/Progress-tab-16_9.png\" \/>\n\t<meta property=\"og:image:width\" content=\"2880\" \/>\n\t<meta property=\"og:image:height\" content=\"1620\" \/>\n\t<meta property=\"og:image:type\" content=\"image\/png\" \/>\n<meta name=\"twitter:card\" content=\"summary_large_image\" \/>\n<meta name=\"twitter:site\" content=\"@talkpalai\" \/>\n<meta name=\"twitter:label1\" content=\"Dur\u00e9e de lecture estim\u00e9e\" \/>\n\t<meta name=\"twitter:data1\" content=\"1 minute\" \/>\n<script type=\"application\/ld+json\" class=\"yoast-schema-graph\">{\"@context\":\"https:\/\/schema.org\",\"@graph\":[{\"@type\":\"WebPage\",\"@id\":\"https:\/\/talkpal.ai\/fr\/grammar_exercises\/exercices-dadjectifs-descriptifs-pour-la-grammaire-catalane\/\",\"url\":\"https:\/\/talkpal.ai\/fr\/grammar_exercises\/exercices-dadjectifs-descriptifs-pour-la-grammaire-catalane\/\",\"name\":\"Exercices d'adjectifs descriptifs pour la grammaire catalane - Talkpal\",\"isPartOf\":{\"@id\":\"https:\/\/talkpal.ai\/fr\/#website\"},\"primaryImageOfPage\":{\"@id\":\"https:\/\/talkpal.ai\/fr\/grammar_exercises\/exercices-dadjectifs-descriptifs-pour-la-grammaire-catalane\/#primaryimage\"},\"image\":{\"@id\":\"https:\/\/talkpal.ai\/fr\/grammar_exercises\/exercices-dadjectifs-descriptifs-pour-la-grammaire-catalane\/#primaryimage\"},\"thumbnailUrl\":\"https:\/\/talkpal.ai\/wp-content\/uploads\/2025\/12\/woman-writing-notes-to-learn-languages.webp\",\"datePublished\":\"2025-07-06T07:17:55+00:00\",\"description\":\"Ces exercices sont con\u00e7us pour pratiquer l'utilisation correcte des adjectifs descriptifs en catalan. Vous allez compl\u00e9ter des phrases en choisissant\",\"breadcrumb\":{\"@id\":\"https:\/\/talkpal.ai\/fr\/grammar_exercises\/exercices-dadjectifs-descriptifs-pour-la-grammaire-catalane\/#breadcrumb\"},\"inLanguage\":\"fr-FR\",\"potentialAction\":[{\"@type\":\"ReadAction\",\"target\":[\"https:\/\/talkpal.ai\/fr\/grammar_exercises\/exercices-dadjectifs-descriptifs-pour-la-grammaire-catalane\/\"]}]},{\"@type\":\"ImageObject\",\"inLanguage\":\"fr-FR\",\"@id\":\"https:\/\/talkpal.ai\/fr\/grammar_exercises\/exercices-dadjectifs-descriptifs-pour-la-grammaire-catalane\/#primaryimage\",\"url\":\"https:\/\/talkpal.ai\/wp-content\/uploads\/2025\/12\/woman-writing-notes-to-learn-languages.webp\",\"contentUrl\":\"https:\/\/talkpal.ai\/wp-content\/uploads\/2025\/12\/woman-writing-notes-to-learn-languages.webp\",\"width\":1200,\"height\":896,\"caption\":\"A woman wearing headphones and glasses writes in a notebook while learning languages at a sunny desk.\"},{\"@type\":\"BreadcrumbList\",\"@id\":\"https:\/\/talkpal.ai\/fr\/grammar_exercises\/exercices-dadjectifs-descriptifs-pour-la-grammaire-catalane\/#breadcrumb\",\"itemListElement\":[{\"@type\":\"ListItem\",\"position\":1,\"name\":\"Homepage\",\"item\":\"https:\/\/talkpal.ai\/fr\/\"},{\"@type\":\"ListItem\",\"position\":2,\"name\":\"Exercices d&#8217;adjectifs descriptifs pour la grammaire catalane\"}]},{\"@type\":\"WebSite\",\"@id\":\"https:\/\/talkpal.ai\/fr\/#website\",\"url\":\"https:\/\/talkpal.ai\/fr\/\",\"name\":\"Talkpal\",\"description\":\"AI Language Learning\",\"publisher\":{\"@id\":\"https:\/\/talkpal.ai\/fr\/#organization\"},\"alternateName\":\"Talkpal AI\",\"potentialAction\":[{\"@type\":\"SearchAction\",\"target\":{\"@type\":\"EntryPoint\",\"urlTemplate\":\"https:\/\/talkpal.ai\/fr\/?s={search_term_string}\"},\"query-input\":{\"@type\":\"PropertyValueSpecification\",\"valueRequired\":true,\"valueName\":\"search_term_string\"}}],\"inLanguage\":\"fr-FR\"},{\"@type\":\"Organization\",\"@id\":\"https:\/\/talkpal.ai\/fr\/#organization\",\"name\":\"Talkpal, Inc.\",\"alternateName\":\"Talkpal AI\",\"url\":\"https:\/\/talkpal.ai\/fr\/\",\"logo\":{\"@type\":\"ImageObject\",\"inLanguage\":\"fr-FR\",\"@id\":\"https:\/\/talkpal.ai\/fr\/#\/schema\/logo\/image\/\",\"url\":\"https:\/\/talkpal.ai\/wp-content\/uploads\/2024\/03\/Talkpal-Logo-Icon.png\",\"contentUrl\":\"https:\/\/talkpal.ai\/wp-content\/uploads\/2024\/03\/Talkpal-Logo-Icon.png\",\"width\":2880,\"height\":2880,\"caption\":\"Talkpal, Inc.\"},\"image\":{\"@id\":\"https:\/\/talkpal.ai\/fr\/#\/schema\/logo\/image\/\"},\"sameAs\":[\"https:\/\/www.facebook.com\/profile.php?id=100090733639311\",\"https:\/\/x.com\/talkpalai\",\"https:\/\/www.linkedin.com\/company\/talkpal\/\",\"https:\/\/www.youtube.com\/@TalkPal\/\",\"https:\/\/www.tiktok.com\/@talkpal\",\"https:\/\/www.instagram.com\/talkpal_ai\/\",\"https:\/\/www.crunchbase.com\/organization\/talkpal-9cde\",\"https:\/\/www.g2.com\/products\/talkpal-for-business\/\",\"https:\/\/www.trustpilot.com\/review\/talkpal.ai\",\"https:\/\/www.capterra.com\/p\/10006800\/TalkPal\/\"],\"description\":\"Talkpal is a language learning web and mobile education app, powered by the latest AI technologies, that provides engaging experiences to its customers in many different languages to help them improve their language skills. Users can chat about unlimited amount of topics with the app and use other modes to practice their language learning.\",\"email\":\"support@talkpal.ai\",\"legalName\":\"Talkpal, Inc.\",\"foundingDate\":\"2023-04-03\",\"duns\":\"118989042\",\"numberOfEmployees\":{\"@type\":\"QuantitativeValue\",\"minValue\":\"11\",\"maxValue\":\"50\"},\"publishingPrinciples\":\"https:\/\/talkpal.ai\/publishing-principles\/\",\"actionableFeedbackPolicy\":\"https:\/\/talkpal.ai\/actionable-feedback-policy\/\",\"correctionsPolicy\":\"https:\/\/talkpal.ai\/corrections-policy\/\",\"ethicsPolicy\":\"https:\/\/talkpal.ai\/ethics-policy\/\",\"diversityPolicy\":\"https:\/\/talkpal.ai\/diversity-policy\/\",\"diversityStaffingReport\":\"https:\/\/talkpal.ai\/diversity-policy\/\"}]}<\/script>\n<!-- \/ Yoast SEO Premium plugin. -->","yoast_head_json":{"title":"Exercices d'adjectifs descriptifs pour la grammaire catalane - Talkpal","description":"Ces exercices sont con\u00e7us pour pratiquer l'utilisation correcte des adjectifs descriptifs en catalan. Vous allez compl\u00e9ter des phrases en choisissant","robots":{"index":"index","follow":"follow","max-snippet":"max-snippet:-1","max-image-preview":"max-image-preview:large","max-video-preview":"max-video-preview:-1"},"canonical":"https:\/\/talkpal.ai\/fr\/grammar_exercises\/exercices-dadjectifs-descriptifs-pour-la-grammaire-catalane\/","og_locale":"fr_FR","og_type":"article","og_title":"Exercices d'adjectifs descriptifs pour la grammaire catalane","og_description":"Ces exercices sont con\u00e7us pour pratiquer l'utilisation correcte des adjectifs descriptifs en catalan. Vous allez compl\u00e9ter des phrases en choisissant","og_url":"https:\/\/talkpal.ai\/fr\/grammar_exercises\/exercices-dadjectifs-descriptifs-pour-la-grammaire-catalane\/","og_site_name":"Talkpal","article_publisher":"https:\/\/www.facebook.com\/profile.php?id=100090733639311","og_image":[{"width":2880,"height":1620,"url":"https:\/\/talkpal.ai\/wp-content\/uploads\/2025\/02\/Progress-tab-16_9.png","type":"image\/png"}],"twitter_card":"summary_large_image","twitter_site":"@talkpalai","twitter_misc":{"Dur\u00e9e de lecture estim\u00e9e":"1 minute"},"schema":{"@context":"https:\/\/schema.org","@graph":[{"@type":"WebPage","@id":"https:\/\/talkpal.ai\/fr\/grammar_exercises\/exercices-dadjectifs-descriptifs-pour-la-grammaire-catalane\/","url":"https:\/\/talkpal.ai\/fr\/grammar_exercises\/exercices-dadjectifs-descriptifs-pour-la-grammaire-catalane\/","name":"Exercices d'adjectifs descriptifs pour la grammaire catalane - Talkpal","isPartOf":{"@id":"https:\/\/talkpal.ai\/fr\/#website"},"primaryImageOfPage":{"@id":"https:\/\/talkpal.ai\/fr\/grammar_exercises\/exercices-dadjectifs-descriptifs-pour-la-grammaire-catalane\/#primaryimage"},"image":{"@id":"https:\/\/talkpal.ai\/fr\/grammar_exercises\/exercices-dadjectifs-descriptifs-pour-la-grammaire-catalane\/#primaryimage"},"thumbnailUrl":"https:\/\/talkpal.ai\/wp-content\/uploads\/2025\/12\/woman-writing-notes-to-learn-languages.webp","datePublished":"2025-07-06T07:17:55+00:00","description":"Ces exercices sont con\u00e7us pour pratiquer l'utilisation correcte des adjectifs descriptifs en catalan. Vous allez compl\u00e9ter des phrases en choisissant","breadcrumb":{"@id":"https:\/\/talkpal.ai\/fr\/grammar_exercises\/exercices-dadjectifs-descriptifs-pour-la-grammaire-catalane\/#breadcrumb"},"inLanguage":"fr-FR","potentialAction":[{"@type":"ReadAction","target":["https:\/\/talkpal.ai\/fr\/grammar_exercises\/exercices-dadjectifs-descriptifs-pour-la-grammaire-catalane\/"]}]},{"@type":"ImageObject","inLanguage":"fr-FR","@id":"https:\/\/talkpal.ai\/fr\/grammar_exercises\/exercices-dadjectifs-descriptifs-pour-la-grammaire-catalane\/#primaryimage","url":"https:\/\/talkpal.ai\/wp-content\/uploads\/2025\/12\/woman-writing-notes-to-learn-languages.webp","contentUrl":"https:\/\/talkpal.ai\/wp-content\/uploads\/2025\/12\/woman-writing-notes-to-learn-languages.webp","width":1200,"height":896,"caption":"A woman wearing headphones and glasses writes in a notebook while learning languages at a sunny desk."},{"@type":"BreadcrumbList","@id":"https:\/\/talkpal.ai\/fr\/grammar_exercises\/exercices-dadjectifs-descriptifs-pour-la-grammaire-catalane\/#breadcrumb","itemListElement":[{"@type":"ListItem","position":1,"name":"Homepage","item":"https:\/\/talkpal.ai\/fr\/"},{"@type":"ListItem","position":2,"name":"Exercices d&#8217;adjectifs descriptifs pour la grammaire catalane"}]},{"@type":"WebSite","@id":"https:\/\/talkpal.ai\/fr\/#website","url":"https:\/\/talkpal.ai\/fr\/","name":"Talkpal","description":"AI Language Learning","publisher":{"@id":"https:\/\/talkpal.ai\/fr\/#organization"},"alternateName":"Talkpal AI","potentialAction":[{"@type":"SearchAction","target":{"@type":"EntryPoint","urlTemplate":"https:\/\/talkpal.ai\/fr\/?s={search_term_string}"},"query-input":{"@type":"PropertyValueSpecification","valueRequired":true,"valueName":"search_term_string"}}],"inLanguage":"fr-FR"},{"@type":"Organization","@id":"https:\/\/talkpal.ai\/fr\/#organization","name":"Talkpal, Inc.","alternateName":"Talkpal AI","url":"https:\/\/talkpal.ai\/fr\/","logo":{"@type":"ImageObject","inLanguage":"fr-FR","@id":"https:\/\/talkpal.ai\/fr\/#\/schema\/logo\/image\/","url":"https:\/\/talkpal.ai\/wp-content\/uploads\/2024\/03\/Talkpal-Logo-Icon.png","contentUrl":"https:\/\/talkpal.ai\/wp-content\/uploads\/2024\/03\/Talkpal-Logo-Icon.png","width":2880,"height":2880,"caption":"Talkpal, Inc."},"image":{"@id":"https:\/\/talkpal.ai\/fr\/#\/schema\/logo\/image\/"},"sameAs":["https:\/\/www.facebook.com\/profile.php?id=100090733639311","https:\/\/x.com\/talkpalai","https:\/\/www.linkedin.com\/company\/talkpal\/","https:\/\/www.youtube.com\/@TalkPal\/","https:\/\/www.tiktok.com\/@talkpal","https:\/\/www.instagram.com\/talkpal_ai\/","https:\/\/www.crunchbase.com\/organization\/talkpal-9cde","https:\/\/www.g2.com\/products\/talkpal-for-business\/","https:\/\/www.trustpilot.com\/review\/talkpal.ai","https:\/\/www.capterra.com\/p\/10006800\/TalkPal\/"],"description":"Talkpal is a language learning web and mobile education app, powered by the latest AI technologies, that provides engaging experiences to its customers in many different languages to help them improve their language skills. Users can chat about unlimited amount of topics with the app and use other modes to practice their language learning.","email":"support@talkpal.ai","legalName":"Talkpal, Inc.","foundingDate":"2023-04-03","duns":"118989042","numberOfEmployees":{"@type":"QuantitativeValue","minValue":"11","maxValue":"50"},"publishingPrinciples":"https:\/\/talkpal.ai\/publishing-principles\/","actionableFeedbackPolicy":"https:\/\/talkpal.ai\/actionable-feedback-policy\/","correctionsPolicy":"https:\/\/talkpal.ai\/corrections-policy\/","ethicsPolicy":"https:\/\/talkpal.ai\/ethics-policy\/","diversityPolicy":"https:\/\/talkpal.ai\/diversity-policy\/","diversityStaffingReport":"https:\/\/talkpal.ai\/diversity-policy\/"}]}},"_links":{"self":[{"href":"https:\/\/talkpal.ai\/fr\/wp-json\/wp\/v2\/grammar_exercises\/1132317","targetHints":{"allow":["GET"]}}],"collection":[{"href":"https:\/\/talkpal.ai\/fr\/wp-json\/wp\/v2\/grammar_exercises"}],"about":[{"href":"https:\/\/talkpal.ai\/fr\/wp-json\/wp\/v2\/types\/grammar_exercises"}],"wp:featuredmedia":[{"embeddable":true,"href":"https:\/\/talkpal.ai\/fr\/wp-json\/wp\/v2\/media\/1528102"}],"wp:attachment":[{"href":"https:\/\/talkpal.ai\/fr\/wp-json\/wp\/v2\/media?parent=1132317"}],"wp:term":[{"taxonomy":"exercise_language","embeddable":true,"href":"https:\/\/talkpal.ai\/fr\/wp-json\/wp\/v2\/exercise_language?post=1132317"}],"curies":[{"name":"wp","href":"https:\/\/api.w.org\/{rel}","templated":true}]}}