{"id":1132313,"date":"2025-07-06T07:17:53","date_gmt":"2025-07-06T07:17:53","guid":{"rendered":"https:\/\/talkpal.ai\/grammar_exercises\/exercices-sur-les-pronoms-reflechis-pour-la-grammaire-catalane\/"},"modified":"2025-07-06T07:17:53","modified_gmt":"2025-07-06T07:17:53","slug":"exercices-sur-les-pronoms-reflechis-pour-la-grammaire-catalane","status":"publish","type":"grammar_exercises","link":"https:\/\/talkpal.ai\/fr\/grammar_exercises\/exercices-sur-les-pronoms-reflechis-pour-la-grammaire-catalane\/","title":{"rendered":"Exercices sur les pronoms r\u00e9fl\u00e9chis pour la grammaire catalane"},"content":{"rendered":"<p>Dans ces exercices, vous allez pratiquer l&rsquo;utilisation des <a href=\"https:\/\/talkpal.ai\/fr\/grammar\/pronoms-reflechis-en-grammaire-thai\/\">pronoms r\u00e9fl\u00e9chis<\/a> en <a href=\"https:\/\/talkpal.ai\/learn-catalan\/\">catalan<\/a>. Ces pronoms sont utilis\u00e9s lorsque le sujet et le compl\u00e9ment d&rsquo;objet sont les m\u00eames, par exemple pour dire \u00ab je me lave \u00bb. Faites attention \u00e0 choisir le pronom r\u00e9fl\u00e9chi correct en fonction du sujet de la phrase.<\/p>\n<h3>Exercice 1 : Compl\u00e9tez avec le pronom r\u00e9fl\u00e9chi correct (me, et, es, ens, us, se)<\/h3>\n<div class=\"input_sentences\">\n1. Jo *em* rento les mans abans de menjar. (indice : pronom r\u00e9fl\u00e9chi pour \u00ab jo \u00bb)<br \/>\n2. Tu *et* prepares per a l\u2019examen. (indice : pronom r\u00e9fl\u00e9chi pour \u00ab tu \u00bb)<br \/>\n3. Ell *es* <a href=\"https:\/\/talkpal.ai\/locations\/language-courses-in-mira\/\">mira<\/a> al mirall cada mat\u00ed. (indice : pronom r\u00e9fl\u00e9chi pour \u00ab ell \u00bb)<br \/>\n4. Nosaltres *ens* trobem al parc a la tarda. (indice : pronom r\u00e9fl\u00e9chi per a \u00ab nosaltres \u00bb)<br \/>\n5. Vosaltres *us* adormiu r\u00e0pidament a la nit. (indice : pronom r\u00e9fl\u00e9chi per a \u00ab vosaltres \u00bb)<br \/>\n6. Ells *es* vesteixen abans de sortir. (indice : pronom r\u00e9fl\u00e9chi per a \u00ab ells \u00bb)<br \/>\n7. Jo *em* pentino abans de sortir de casa. (indice : pronom r\u00e9fl\u00e9chi per a \u00ab jo \u00bb)<br \/>\n8. Tu *et* queixes sovint del soroll. (indice : pronom r\u00e9fl\u00e9chi per a \u00ab tu \u00bb)<br \/>\n9. Ella *es* maquilla davant del mirall. (indice : pronom r\u00e9fl\u00e9chi per a \u00ab ella \u00bb)<br \/>\n10. Nosaltres *ens* abriguem quan fa fred. (indice : pronom r\u00e9fl\u00e9chi per a \u00ab nosaltres \u00bb)\n<\/div>\n<div class=\"exercise\"><\/div>\n<h3>Exercice 2 : Choisissez le pronom r\u00e9fl\u00e9chi correct dans des phrases vari\u00e9es<\/h3>\n<div class=\"input_sentences\">\n1. Quan arribo a casa, *em* relaxo llegint un llibre. (indice : pronom r\u00e9fl\u00e9chi pour \u00ab jo \u00bb)<br \/>\n2. Sempre *et* laves les dents despr\u00e9s de menjar? (indice : pronom r\u00e9fl\u00e9chi pour \u00ab tu \u00bb)<br \/>\n3. En Joan *es* dutxa cada mat\u00ed. (indice : pronom r\u00e9fl\u00e9chi pour \u00ab ell \u00bb)<br \/>\n4. Nosaltres *ens* preparem per a la festa. (indice : pronom r\u00e9fl\u00e9chi pour \u00ab nosaltres \u00bb)<br \/>\n5. Vosaltres *us* recordeu de portar els documents? (indice : pronom r\u00e9fl\u00e9chi pour \u00ab vosaltres \u00bb)<br \/>\n6. Els nens *es* diverteixen jugant al parc. (indice : pronom r\u00e9fl\u00e9chi pour \u00ab ells \u00bb)<br \/>\n7. Jo *em* poso el barret quan fa sol. (indice : pronom r\u00e9fl\u00e9chi pour \u00ab jo \u00bb)<br \/>\n8. Tu *et* sents cansat despr\u00e9s de c\u00f3rrer? (indice : pronom r\u00e9fl\u00e9chi pour \u00ab tu \u00bb)<br \/>\n9. Ella *es* fa un caf\u00e8 abans de sortir. (indice : pronom r\u00e9fl\u00e9chi pour \u00ab ella \u00bb)<br \/>\n10. Nosaltres *ens* veiem dem\u00e0 a la tarda. (indice : pronom r\u00e9fl\u00e9chi pour \u00ab nosaltres \u00bb)\n<\/div>\n<div class=\"exercise\"><\/div>\n","protected":false},"featured_media":1527749,"parent":0,"menu_order":0,"template":"","exercise_language":[15132,15137],"class_list":["post-1132313","grammar_exercises","type-grammar_exercises","status-publish","has-post-thumbnail","hentry","exercise_language-catalan-fr","exercise_language-pronoms-determinants-grammaire-catalane"],"acf":[],"yoast_head":"<!-- This site is optimized with the Yoast SEO Premium plugin v27.2 (Yoast SEO v27.2) - https:\/\/yoast.com\/product\/yoast-seo-premium-wordpress\/ -->\n<title>Exercices sur les pronoms r\u00e9fl\u00e9chis pour la grammaire catalane - Talkpal<\/title>\n<meta name=\"description\" content=\"Dans ces exercices, vous allez pratiquer l&#039;utilisation des pronoms r\u00e9fl\u00e9chis en catalan. Ces pronoms sont utilis\u00e9s lorsque le sujet et le compl\u00e9ment\" \/>\n<meta name=\"robots\" content=\"index, follow, max-snippet:-1, max-image-preview:large, max-video-preview:-1\" \/>\n<link rel=\"canonical\" href=\"https:\/\/talkpal.ai\/fr\/grammar_exercises\/exercices-sur-les-pronoms-reflechis-pour-la-grammaire-catalane\/\" \/>\n<meta property=\"og:locale\" content=\"fr_FR\" \/>\n<meta property=\"og:type\" content=\"article\" \/>\n<meta property=\"og:title\" content=\"Exercices sur les pronoms r\u00e9fl\u00e9chis pour la grammaire catalane\" \/>\n<meta property=\"og:description\" content=\"Dans ces exercices, vous allez pratiquer l&#039;utilisation des pronoms r\u00e9fl\u00e9chis en catalan. Ces pronoms sont utilis\u00e9s lorsque le sujet et le compl\u00e9ment\" \/>\n<meta property=\"og:url\" content=\"https:\/\/talkpal.ai\/fr\/grammar_exercises\/exercices-sur-les-pronoms-reflechis-pour-la-grammaire-catalane\/\" \/>\n<meta property=\"og:site_name\" content=\"Talkpal\" \/>\n<meta property=\"article:publisher\" content=\"https:\/\/www.facebook.com\/profile.php?id=100090733639311\" \/>\n<meta property=\"og:image\" content=\"https:\/\/talkpal.ai\/wp-content\/uploads\/2025\/02\/Progress-tab-16_9.png\" \/>\n\t<meta property=\"og:image:width\" content=\"2880\" \/>\n\t<meta property=\"og:image:height\" content=\"1620\" \/>\n\t<meta property=\"og:image:type\" content=\"image\/png\" \/>\n<meta name=\"twitter:card\" content=\"summary_large_image\" \/>\n<meta name=\"twitter:site\" content=\"@talkpalai\" \/>\n<meta name=\"twitter:label1\" content=\"Dur\u00e9e de lecture estim\u00e9e\" \/>\n\t<meta name=\"twitter:data1\" content=\"2 minutes\" \/>\n<script type=\"application\/ld+json\" class=\"yoast-schema-graph\">{\"@context\":\"https:\/\/schema.org\",\"@graph\":[{\"@type\":\"WebPage\",\"@id\":\"https:\/\/talkpal.ai\/fr\/grammar_exercises\/exercices-sur-les-pronoms-reflechis-pour-la-grammaire-catalane\/\",\"url\":\"https:\/\/talkpal.ai\/fr\/grammar_exercises\/exercices-sur-les-pronoms-reflechis-pour-la-grammaire-catalane\/\",\"name\":\"Exercices sur les pronoms r\u00e9fl\u00e9chis pour la grammaire catalane - Talkpal\",\"isPartOf\":{\"@id\":\"https:\/\/talkpal.ai\/fr\/#website\"},\"primaryImageOfPage\":{\"@id\":\"https:\/\/talkpal.ai\/fr\/grammar_exercises\/exercices-sur-les-pronoms-reflechis-pour-la-grammaire-catalane\/#primaryimage\"},\"image\":{\"@id\":\"https:\/\/talkpal.ai\/fr\/grammar_exercises\/exercices-sur-les-pronoms-reflechis-pour-la-grammaire-catalane\/#primaryimage\"},\"thumbnailUrl\":\"https:\/\/talkpal.ai\/wp-content\/uploads\/2025\/12\/lessons-are-viewed-to-learn-languages.webp\",\"datePublished\":\"2025-07-06T07:17:53+00:00\",\"description\":\"Dans ces exercices, vous allez pratiquer l'utilisation des pronoms r\u00e9fl\u00e9chis en catalan. Ces pronoms sont utilis\u00e9s lorsque le sujet et le compl\u00e9ment\",\"breadcrumb\":{\"@id\":\"https:\/\/talkpal.ai\/fr\/grammar_exercises\/exercices-sur-les-pronoms-reflechis-pour-la-grammaire-catalane\/#breadcrumb\"},\"inLanguage\":\"fr-FR\",\"potentialAction\":[{\"@type\":\"ReadAction\",\"target\":[\"https:\/\/talkpal.ai\/fr\/grammar_exercises\/exercices-sur-les-pronoms-reflechis-pour-la-grammaire-catalane\/\"]}]},{\"@type\":\"ImageObject\",\"inLanguage\":\"fr-FR\",\"@id\":\"https:\/\/talkpal.ai\/fr\/grammar_exercises\/exercices-sur-les-pronoms-reflechis-pour-la-grammaire-catalane\/#primaryimage\",\"url\":\"https:\/\/talkpal.ai\/wp-content\/uploads\/2025\/12\/lessons-are-viewed-to-learn-languages.webp\",\"contentUrl\":\"https:\/\/talkpal.ai\/wp-content\/uploads\/2025\/12\/lessons-are-viewed-to-learn-languages.webp\",\"width\":1200,\"height\":896,\"caption\":\"Digital lessons are viewed by people at laptops in a modern office space for learning languages.\"},{\"@type\":\"BreadcrumbList\",\"@id\":\"https:\/\/talkpal.ai\/fr\/grammar_exercises\/exercices-sur-les-pronoms-reflechis-pour-la-grammaire-catalane\/#breadcrumb\",\"itemListElement\":[{\"@type\":\"ListItem\",\"position\":1,\"name\":\"Homepage\",\"item\":\"https:\/\/talkpal.ai\/fr\/\"},{\"@type\":\"ListItem\",\"position\":2,\"name\":\"Exercices sur les pronoms r\u00e9fl\u00e9chis pour la grammaire catalane\"}]},{\"@type\":\"WebSite\",\"@id\":\"https:\/\/talkpal.ai\/fr\/#website\",\"url\":\"https:\/\/talkpal.ai\/fr\/\",\"name\":\"Talkpal\",\"description\":\"AI Language Learning\",\"publisher\":{\"@id\":\"https:\/\/talkpal.ai\/fr\/#organization\"},\"alternateName\":\"Talkpal AI\",\"potentialAction\":[{\"@type\":\"SearchAction\",\"target\":{\"@type\":\"EntryPoint\",\"urlTemplate\":\"https:\/\/talkpal.ai\/fr\/?s={search_term_string}\"},\"query-input\":{\"@type\":\"PropertyValueSpecification\",\"valueRequired\":true,\"valueName\":\"search_term_string\"}}],\"inLanguage\":\"fr-FR\"},{\"@type\":\"Organization\",\"@id\":\"https:\/\/talkpal.ai\/fr\/#organization\",\"name\":\"Talkpal, Inc.\",\"alternateName\":\"Talkpal AI\",\"url\":\"https:\/\/talkpal.ai\/fr\/\",\"logo\":{\"@type\":\"ImageObject\",\"inLanguage\":\"fr-FR\",\"@id\":\"https:\/\/talkpal.ai\/fr\/#\/schema\/logo\/image\/\",\"url\":\"https:\/\/talkpal.ai\/wp-content\/uploads\/2024\/03\/Talkpal-Logo-Icon.png\",\"contentUrl\":\"https:\/\/talkpal.ai\/wp-content\/uploads\/2024\/03\/Talkpal-Logo-Icon.png\",\"width\":2880,\"height\":2880,\"caption\":\"Talkpal, Inc.\"},\"image\":{\"@id\":\"https:\/\/talkpal.ai\/fr\/#\/schema\/logo\/image\/\"},\"sameAs\":[\"https:\/\/www.facebook.com\/profile.php?id=100090733639311\",\"https:\/\/x.com\/talkpalai\",\"https:\/\/www.linkedin.com\/company\/talkpal\/\",\"https:\/\/www.youtube.com\/@TalkPal\/\",\"https:\/\/www.tiktok.com\/@talkpal\",\"https:\/\/www.instagram.com\/talkpal_ai\/\",\"https:\/\/www.crunchbase.com\/organization\/talkpal-9cde\",\"https:\/\/www.g2.com\/products\/talkpal-for-business\/\",\"https:\/\/www.trustpilot.com\/review\/talkpal.ai\",\"https:\/\/www.capterra.com\/p\/10006800\/TalkPal\/\"],\"description\":\"Talkpal is a language learning web and mobile education app, powered by the latest AI technologies, that provides engaging experiences to its customers in many different languages to help them improve their language skills. Users can chat about unlimited amount of topics with the app and use other modes to practice their language learning.\",\"email\":\"support@talkpal.ai\",\"legalName\":\"Talkpal, Inc.\",\"foundingDate\":\"2023-04-03\",\"duns\":\"118989042\",\"numberOfEmployees\":{\"@type\":\"QuantitativeValue\",\"minValue\":\"11\",\"maxValue\":\"50\"},\"publishingPrinciples\":\"https:\/\/talkpal.ai\/publishing-principles\/\",\"actionableFeedbackPolicy\":\"https:\/\/talkpal.ai\/actionable-feedback-policy\/\",\"correctionsPolicy\":\"https:\/\/talkpal.ai\/corrections-policy\/\",\"ethicsPolicy\":\"https:\/\/talkpal.ai\/ethics-policy\/\",\"diversityPolicy\":\"https:\/\/talkpal.ai\/diversity-policy\/\",\"diversityStaffingReport\":\"https:\/\/talkpal.ai\/diversity-policy\/\"}]}<\/script>\n<!-- \/ Yoast SEO Premium plugin. -->","yoast_head_json":{"title":"Exercices sur les pronoms r\u00e9fl\u00e9chis pour la grammaire catalane - Talkpal","description":"Dans ces exercices, vous allez pratiquer l'utilisation des pronoms r\u00e9fl\u00e9chis en catalan. Ces pronoms sont utilis\u00e9s lorsque le sujet et le compl\u00e9ment","robots":{"index":"index","follow":"follow","max-snippet":"max-snippet:-1","max-image-preview":"max-image-preview:large","max-video-preview":"max-video-preview:-1"},"canonical":"https:\/\/talkpal.ai\/fr\/grammar_exercises\/exercices-sur-les-pronoms-reflechis-pour-la-grammaire-catalane\/","og_locale":"fr_FR","og_type":"article","og_title":"Exercices sur les pronoms r\u00e9fl\u00e9chis pour la grammaire catalane","og_description":"Dans ces exercices, vous allez pratiquer l'utilisation des pronoms r\u00e9fl\u00e9chis en catalan. Ces pronoms sont utilis\u00e9s lorsque le sujet et le compl\u00e9ment","og_url":"https:\/\/talkpal.ai\/fr\/grammar_exercises\/exercices-sur-les-pronoms-reflechis-pour-la-grammaire-catalane\/","og_site_name":"Talkpal","article_publisher":"https:\/\/www.facebook.com\/profile.php?id=100090733639311","og_image":[{"width":2880,"height":1620,"url":"https:\/\/talkpal.ai\/wp-content\/uploads\/2025\/02\/Progress-tab-16_9.png","type":"image\/png"}],"twitter_card":"summary_large_image","twitter_site":"@talkpalai","twitter_misc":{"Dur\u00e9e de lecture estim\u00e9e":"2 minutes"},"schema":{"@context":"https:\/\/schema.org","@graph":[{"@type":"WebPage","@id":"https:\/\/talkpal.ai\/fr\/grammar_exercises\/exercices-sur-les-pronoms-reflechis-pour-la-grammaire-catalane\/","url":"https:\/\/talkpal.ai\/fr\/grammar_exercises\/exercices-sur-les-pronoms-reflechis-pour-la-grammaire-catalane\/","name":"Exercices sur les pronoms r\u00e9fl\u00e9chis pour la grammaire catalane - Talkpal","isPartOf":{"@id":"https:\/\/talkpal.ai\/fr\/#website"},"primaryImageOfPage":{"@id":"https:\/\/talkpal.ai\/fr\/grammar_exercises\/exercices-sur-les-pronoms-reflechis-pour-la-grammaire-catalane\/#primaryimage"},"image":{"@id":"https:\/\/talkpal.ai\/fr\/grammar_exercises\/exercices-sur-les-pronoms-reflechis-pour-la-grammaire-catalane\/#primaryimage"},"thumbnailUrl":"https:\/\/talkpal.ai\/wp-content\/uploads\/2025\/12\/lessons-are-viewed-to-learn-languages.webp","datePublished":"2025-07-06T07:17:53+00:00","description":"Dans ces exercices, vous allez pratiquer l'utilisation des pronoms r\u00e9fl\u00e9chis en catalan. Ces pronoms sont utilis\u00e9s lorsque le sujet et le compl\u00e9ment","breadcrumb":{"@id":"https:\/\/talkpal.ai\/fr\/grammar_exercises\/exercices-sur-les-pronoms-reflechis-pour-la-grammaire-catalane\/#breadcrumb"},"inLanguage":"fr-FR","potentialAction":[{"@type":"ReadAction","target":["https:\/\/talkpal.ai\/fr\/grammar_exercises\/exercices-sur-les-pronoms-reflechis-pour-la-grammaire-catalane\/"]}]},{"@type":"ImageObject","inLanguage":"fr-FR","@id":"https:\/\/talkpal.ai\/fr\/grammar_exercises\/exercices-sur-les-pronoms-reflechis-pour-la-grammaire-catalane\/#primaryimage","url":"https:\/\/talkpal.ai\/wp-content\/uploads\/2025\/12\/lessons-are-viewed-to-learn-languages.webp","contentUrl":"https:\/\/talkpal.ai\/wp-content\/uploads\/2025\/12\/lessons-are-viewed-to-learn-languages.webp","width":1200,"height":896,"caption":"Digital lessons are viewed by people at laptops in a modern office space for learning languages."},{"@type":"BreadcrumbList","@id":"https:\/\/talkpal.ai\/fr\/grammar_exercises\/exercices-sur-les-pronoms-reflechis-pour-la-grammaire-catalane\/#breadcrumb","itemListElement":[{"@type":"ListItem","position":1,"name":"Homepage","item":"https:\/\/talkpal.ai\/fr\/"},{"@type":"ListItem","position":2,"name":"Exercices sur les pronoms r\u00e9fl\u00e9chis pour la grammaire catalane"}]},{"@type":"WebSite","@id":"https:\/\/talkpal.ai\/fr\/#website","url":"https:\/\/talkpal.ai\/fr\/","name":"Talkpal","description":"AI Language Learning","publisher":{"@id":"https:\/\/talkpal.ai\/fr\/#organization"},"alternateName":"Talkpal AI","potentialAction":[{"@type":"SearchAction","target":{"@type":"EntryPoint","urlTemplate":"https:\/\/talkpal.ai\/fr\/?s={search_term_string}"},"query-input":{"@type":"PropertyValueSpecification","valueRequired":true,"valueName":"search_term_string"}}],"inLanguage":"fr-FR"},{"@type":"Organization","@id":"https:\/\/talkpal.ai\/fr\/#organization","name":"Talkpal, Inc.","alternateName":"Talkpal AI","url":"https:\/\/talkpal.ai\/fr\/","logo":{"@type":"ImageObject","inLanguage":"fr-FR","@id":"https:\/\/talkpal.ai\/fr\/#\/schema\/logo\/image\/","url":"https:\/\/talkpal.ai\/wp-content\/uploads\/2024\/03\/Talkpal-Logo-Icon.png","contentUrl":"https:\/\/talkpal.ai\/wp-content\/uploads\/2024\/03\/Talkpal-Logo-Icon.png","width":2880,"height":2880,"caption":"Talkpal, Inc."},"image":{"@id":"https:\/\/talkpal.ai\/fr\/#\/schema\/logo\/image\/"},"sameAs":["https:\/\/www.facebook.com\/profile.php?id=100090733639311","https:\/\/x.com\/talkpalai","https:\/\/www.linkedin.com\/company\/talkpal\/","https:\/\/www.youtube.com\/@TalkPal\/","https:\/\/www.tiktok.com\/@talkpal","https:\/\/www.instagram.com\/talkpal_ai\/","https:\/\/www.crunchbase.com\/organization\/talkpal-9cde","https:\/\/www.g2.com\/products\/talkpal-for-business\/","https:\/\/www.trustpilot.com\/review\/talkpal.ai","https:\/\/www.capterra.com\/p\/10006800\/TalkPal\/"],"description":"Talkpal is a language learning web and mobile education app, powered by the latest AI technologies, that provides engaging experiences to its customers in many different languages to help them improve their language skills. Users can chat about unlimited amount of topics with the app and use other modes to practice their language learning.","email":"support@talkpal.ai","legalName":"Talkpal, Inc.","foundingDate":"2023-04-03","duns":"118989042","numberOfEmployees":{"@type":"QuantitativeValue","minValue":"11","maxValue":"50"},"publishingPrinciples":"https:\/\/talkpal.ai\/publishing-principles\/","actionableFeedbackPolicy":"https:\/\/talkpal.ai\/actionable-feedback-policy\/","correctionsPolicy":"https:\/\/talkpal.ai\/corrections-policy\/","ethicsPolicy":"https:\/\/talkpal.ai\/ethics-policy\/","diversityPolicy":"https:\/\/talkpal.ai\/diversity-policy\/","diversityStaffingReport":"https:\/\/talkpal.ai\/diversity-policy\/"}]}},"_links":{"self":[{"href":"https:\/\/talkpal.ai\/fr\/wp-json\/wp\/v2\/grammar_exercises\/1132313","targetHints":{"allow":["GET"]}}],"collection":[{"href":"https:\/\/talkpal.ai\/fr\/wp-json\/wp\/v2\/grammar_exercises"}],"about":[{"href":"https:\/\/talkpal.ai\/fr\/wp-json\/wp\/v2\/types\/grammar_exercises"}],"wp:featuredmedia":[{"embeddable":true,"href":"https:\/\/talkpal.ai\/fr\/wp-json\/wp\/v2\/media\/1527749"}],"wp:attachment":[{"href":"https:\/\/talkpal.ai\/fr\/wp-json\/wp\/v2\/media?parent=1132313"}],"wp:term":[{"taxonomy":"exercise_language","embeddable":true,"href":"https:\/\/talkpal.ai\/fr\/wp-json\/wp\/v2\/exercise_language?post=1132313"}],"curies":[{"name":"wp","href":"https:\/\/api.w.org\/{rel}","templated":true}]}}