{"id":1132305,"date":"2025-07-06T07:17:42","date_gmt":"2025-07-06T07:17:42","guid":{"rendered":"https:\/\/talkpal.ai\/grammar_exercises\/exercices-daccord-nom-adjectif-pour-la-grammaire-catalane\/"},"modified":"2025-07-06T07:17:42","modified_gmt":"2025-07-06T07:17:42","slug":"exercices-daccord-nom-adjectif-pour-la-grammaire-catalane","status":"publish","type":"grammar_exercises","link":"https:\/\/talkpal.ai\/fr\/grammar_exercises\/exercices-daccord-nom-adjectif-pour-la-grammaire-catalane\/","title":{"rendered":"Exercices d&rsquo;accord nom-adjectif pour la grammaire catalane"},"content":{"rendered":"<p>Ces exercices d&rsquo;accord nom-adjectif pour la <a href=\"https:\/\/talkpal.ai\/fr\/grammar\/usage-et-contexte-en-grammaire-catalane\/\">grammaire catalane<\/a> vous aideront \u00e0 pratiquer l&rsquo;accord correct entre les noms et les adjectifs en genre (masculin\/f\u00e9minin) et en nombre (singulier\/pluriel). Chaque phrase contient un adjectif \u00e0 mettre correctement selon le nom qui l&rsquo;accompagne. Lisez bien l&rsquo;indication pour choisir la bonne forme de l&rsquo;adjectif.<\/p>\n<h3>Accord de base entre nom et adjectif (genre et nombre)<\/h3>\n<div class=\"input_sentences\">\n1. La casa \u00e9s molt *bonica* (adjectif f\u00e9minin singulier, \u00ab\u00a0<a href=\"https:\/\/talkpal.ai\/locations\/language-courses-in-bello\/\">bello<\/a>\u00a0\u00bb).<br \/>\n2. Els llibres s\u00f3n *interessants* (adjectif masculin <a href=\"https:\/\/talkpal.ai\/ar\/grammar_exercises\/pluriel-%d8%aa%d9%85%d8%a7%d8%b1%d9%8a%d9%86-%d9%84%d9%84%d9%82%d9%88%d8%a7%d8%b9%d8%af-%d8%a7%d9%84%d9%81%d8%b1%d9%86%d8%b3%d9%8a%d8%a9\/\">pluriel<\/a>, \u00ab\u00a0int\u00e9ressant\u00a0\u00bb).<br \/>\n3. El cotxe \u00e9s *r\u00e0pid* (adjectif masculin singulier, \u00ab\u00a0rapide\u00a0\u00bb).<br \/>\n4. Les flors s\u00f3n *colorides* (adjectif f\u00e9minin pluriel, \u00ab\u00a0color\u00e9\u00a0\u00bb).<br \/>\n5. El gat negre \u00e9s *petit* (adjectif masculin singulier, \u00ab\u00a0petit\u00a0\u00bb).<br \/>\n6. La noia \u00e9s *intel\u00b7ligent* (adjectif f\u00e9minin singulier, \u00ab\u00a0intelligent\u00a0\u00bb).<br \/>\n7. Els nens estan *content* (adjectif masculin pluriel, \u00ab\u00a0content\u00a0\u00bb).<br \/>\n8. Les cases antigues s\u00f3n *grans* (adjectif f\u00e9minin pluriel, \u00ab\u00a0grand\u00a0\u00bb).<br \/>\n9. El dia \u00e9s *llarg* (adjectif masculin singulier, \u00ab\u00a0long\u00a0\u00bb).<br \/>\n10. Les paraules dif\u00edcils s\u00f3n *confuses* (adjectif f\u00e9minin pluriel, \u00ab\u00a0confus\u00a0\u00bb).\n<\/div>\n<div class=\"exercise\"><\/div>\n<h3>Accord avanc\u00e9 avec adjectifs de formes irr\u00e9guli\u00e8res<\/h3>\n<div class=\"input_sentences\">\n1. El problema \u00e9s *complex* (adjectif masculin singulier, \u00ab\u00a0complexe\u00a0\u00bb).<br \/>\n2. La hist\u00f2ria \u00e9s *complexa* (adjectif f\u00e9minin singulier, \u00ab\u00a0complexe\u00a0\u00bb).<br \/>\n3. Els homes s\u00f3n *forts* (adjectif masculin pluriel, \u00ab\u00a0fort\u00a0\u00bb).<br \/>\n4. Les dones s\u00f3n *fortes* (adjectif f\u00e9minin pluriel, \u00ab\u00a0forte\u00a0\u00bb).<br \/>\n5. El llibre \u00e9s *nou* (adjectif masculin singulier, \u00ab\u00a0<a href=\"https:\/\/talkpal.ai\/talkpal-new-years-discount\/\">nouveau<\/a>\u00a0\u00bb).<br \/>\n6. Les cases s\u00f3n *noves* (adjectif f\u00e9minin pluriel, \u00ab\u00a0nouvelles\u00a0\u00bb).<br \/>\n7. El dia \u00e9s *feli\u00e7* (adjectif masculin singulier, \u00ab\u00a0heureux\u00a0\u00bb).<br \/>\n8. La festa va ser *feli\u00e7* (adjectif f\u00e9minin singulier, \u00ab\u00a0heureuse\u00a0\u00bb).<br \/>\n9. Els objectes s\u00f3n *vells* (adjectif masculin pluriel, \u00ab\u00a0vieux\u00a0\u00bb).<br \/>\n10. Les mans s\u00f3n *velles* (adjectif f\u00e9minin pluriel, \u00ab\u00a0vieilles\u00a0\u00bb).\n<\/div>\n<div class=\"exercise\"><\/div>\n","protected":false},"featured_media":1527986,"parent":0,"menu_order":0,"template":"","exercise_language":[15132,15135],"class_list":["post-1132305","grammar_exercises","type-grammar_exercises","status-publish","has-post-thumbnail","hentry","exercise_language-catalan-fr","exercise_language-noms-grammaire-catalane"],"acf":[],"yoast_head":"<!-- This site is optimized with the Yoast SEO Premium plugin v27.2 (Yoast SEO v27.2) - https:\/\/yoast.com\/product\/yoast-seo-premium-wordpress\/ -->\n<title>Exercices d&#039;accord nom-adjectif pour la grammaire catalane - Talkpal<\/title>\n<meta name=\"description\" content=\"Ces exercices d&#039;accord nom-adjectif pour la grammaire catalane vous aideront \u00e0 pratiquer l&#039;accord correct entre les noms et les adjectifs en genre\" \/>\n<meta name=\"robots\" content=\"index, follow, max-snippet:-1, max-image-preview:large, max-video-preview:-1\" \/>\n<link rel=\"canonical\" href=\"https:\/\/talkpal.ai\/fr\/grammar_exercises\/exercices-daccord-nom-adjectif-pour-la-grammaire-catalane\/\" \/>\n<meta property=\"og:locale\" content=\"fr_FR\" \/>\n<meta property=\"og:type\" content=\"article\" \/>\n<meta property=\"og:title\" content=\"Exercices d&#039;accord nom-adjectif pour la grammaire catalane\" \/>\n<meta property=\"og:description\" content=\"Ces exercices d&#039;accord nom-adjectif pour la grammaire catalane vous aideront \u00e0 pratiquer l&#039;accord correct entre les noms et les adjectifs en genre\" \/>\n<meta property=\"og:url\" content=\"https:\/\/talkpal.ai\/fr\/grammar_exercises\/exercices-daccord-nom-adjectif-pour-la-grammaire-catalane\/\" \/>\n<meta property=\"og:site_name\" content=\"Talkpal\" \/>\n<meta property=\"article:publisher\" content=\"https:\/\/www.facebook.com\/profile.php?id=100090733639311\" \/>\n<meta property=\"og:image\" content=\"https:\/\/talkpal.ai\/wp-content\/uploads\/2025\/02\/Progress-tab-16_9.png\" \/>\n\t<meta property=\"og:image:width\" content=\"2880\" \/>\n\t<meta property=\"og:image:height\" content=\"1620\" \/>\n\t<meta property=\"og:image:type\" content=\"image\/png\" \/>\n<meta name=\"twitter:card\" content=\"summary_large_image\" \/>\n<meta name=\"twitter:site\" content=\"@talkpalai\" \/>\n<meta name=\"twitter:label1\" content=\"Dur\u00e9e de lecture estim\u00e9e\" \/>\n\t<meta name=\"twitter:data1\" content=\"1 minute\" \/>\n<script type=\"application\/ld+json\" class=\"yoast-schema-graph\">{\"@context\":\"https:\/\/schema.org\",\"@graph\":[{\"@type\":\"WebPage\",\"@id\":\"https:\/\/talkpal.ai\/fr\/grammar_exercises\/exercices-daccord-nom-adjectif-pour-la-grammaire-catalane\/\",\"url\":\"https:\/\/talkpal.ai\/fr\/grammar_exercises\/exercices-daccord-nom-adjectif-pour-la-grammaire-catalane\/\",\"name\":\"Exercices d'accord nom-adjectif pour la grammaire catalane - Talkpal\",\"isPartOf\":{\"@id\":\"https:\/\/talkpal.ai\/fr\/#website\"},\"primaryImageOfPage\":{\"@id\":\"https:\/\/talkpal.ai\/fr\/grammar_exercises\/exercices-daccord-nom-adjectif-pour-la-grammaire-catalane\/#primaryimage\"},\"image\":{\"@id\":\"https:\/\/talkpal.ai\/fr\/grammar_exercises\/exercices-daccord-nom-adjectif-pour-la-grammaire-catalane\/#primaryimage\"},\"thumbnailUrl\":\"https:\/\/talkpal.ai\/wp-content\/uploads\/2025\/12\/students-track-lessons-to-learn-languages.webp\",\"datePublished\":\"2025-07-06T07:17:42+00:00\",\"description\":\"Ces exercices d'accord nom-adjectif pour la grammaire catalane vous aideront \u00e0 pratiquer l'accord correct entre les noms et les adjectifs en genre\",\"breadcrumb\":{\"@id\":\"https:\/\/talkpal.ai\/fr\/grammar_exercises\/exercices-daccord-nom-adjectif-pour-la-grammaire-catalane\/#breadcrumb\"},\"inLanguage\":\"fr-FR\",\"potentialAction\":[{\"@type\":\"ReadAction\",\"target\":[\"https:\/\/talkpal.ai\/fr\/grammar_exercises\/exercices-daccord-nom-adjectif-pour-la-grammaire-catalane\/\"]}]},{\"@type\":\"ImageObject\",\"inLanguage\":\"fr-FR\",\"@id\":\"https:\/\/talkpal.ai\/fr\/grammar_exercises\/exercices-daccord-nom-adjectif-pour-la-grammaire-catalane\/#primaryimage\",\"url\":\"https:\/\/talkpal.ai\/wp-content\/uploads\/2025\/12\/students-track-lessons-to-learn-languages.webp\",\"contentUrl\":\"https:\/\/talkpal.ai\/wp-content\/uploads\/2025\/12\/students-track-lessons-to-learn-languages.webp\",\"width\":1200,\"height\":896,\"caption\":\"Three students sit at a library table and track digital lessons while learning languages.\"},{\"@type\":\"BreadcrumbList\",\"@id\":\"https:\/\/talkpal.ai\/fr\/grammar_exercises\/exercices-daccord-nom-adjectif-pour-la-grammaire-catalane\/#breadcrumb\",\"itemListElement\":[{\"@type\":\"ListItem\",\"position\":1,\"name\":\"Homepage\",\"item\":\"https:\/\/talkpal.ai\/fr\/\"},{\"@type\":\"ListItem\",\"position\":2,\"name\":\"Exercices d&#8217;accord nom-adjectif pour la grammaire catalane\"}]},{\"@type\":\"WebSite\",\"@id\":\"https:\/\/talkpal.ai\/fr\/#website\",\"url\":\"https:\/\/talkpal.ai\/fr\/\",\"name\":\"Talkpal\",\"description\":\"AI Language Learning\",\"publisher\":{\"@id\":\"https:\/\/talkpal.ai\/fr\/#organization\"},\"alternateName\":\"Talkpal AI\",\"potentialAction\":[{\"@type\":\"SearchAction\",\"target\":{\"@type\":\"EntryPoint\",\"urlTemplate\":\"https:\/\/talkpal.ai\/fr\/?s={search_term_string}\"},\"query-input\":{\"@type\":\"PropertyValueSpecification\",\"valueRequired\":true,\"valueName\":\"search_term_string\"}}],\"inLanguage\":\"fr-FR\"},{\"@type\":\"Organization\",\"@id\":\"https:\/\/talkpal.ai\/fr\/#organization\",\"name\":\"Talkpal, Inc.\",\"alternateName\":\"Talkpal AI\",\"url\":\"https:\/\/talkpal.ai\/fr\/\",\"logo\":{\"@type\":\"ImageObject\",\"inLanguage\":\"fr-FR\",\"@id\":\"https:\/\/talkpal.ai\/fr\/#\/schema\/logo\/image\/\",\"url\":\"https:\/\/talkpal.ai\/wp-content\/uploads\/2024\/03\/Talkpal-Logo-Icon.png\",\"contentUrl\":\"https:\/\/talkpal.ai\/wp-content\/uploads\/2024\/03\/Talkpal-Logo-Icon.png\",\"width\":2880,\"height\":2880,\"caption\":\"Talkpal, Inc.\"},\"image\":{\"@id\":\"https:\/\/talkpal.ai\/fr\/#\/schema\/logo\/image\/\"},\"sameAs\":[\"https:\/\/www.facebook.com\/profile.php?id=100090733639311\",\"https:\/\/x.com\/talkpalai\",\"https:\/\/www.linkedin.com\/company\/talkpal\/\",\"https:\/\/www.youtube.com\/@TalkPal\/\",\"https:\/\/www.tiktok.com\/@talkpal\",\"https:\/\/www.instagram.com\/talkpal_ai\/\",\"https:\/\/www.crunchbase.com\/organization\/talkpal-9cde\",\"https:\/\/www.g2.com\/products\/talkpal-for-business\/\",\"https:\/\/www.trustpilot.com\/review\/talkpal.ai\",\"https:\/\/www.capterra.com\/p\/10006800\/TalkPal\/\"],\"description\":\"Talkpal is a language learning web and mobile education app, powered by the latest AI technologies, that provides engaging experiences to its customers in many different languages to help them improve their language skills. Users can chat about unlimited amount of topics with the app and use other modes to practice their language learning.\",\"email\":\"support@talkpal.ai\",\"legalName\":\"Talkpal, Inc.\",\"foundingDate\":\"2023-04-03\",\"duns\":\"118989042\",\"numberOfEmployees\":{\"@type\":\"QuantitativeValue\",\"minValue\":\"11\",\"maxValue\":\"50\"},\"publishingPrinciples\":\"https:\/\/talkpal.ai\/publishing-principles\/\",\"actionableFeedbackPolicy\":\"https:\/\/talkpal.ai\/actionable-feedback-policy\/\",\"correctionsPolicy\":\"https:\/\/talkpal.ai\/corrections-policy\/\",\"ethicsPolicy\":\"https:\/\/talkpal.ai\/ethics-policy\/\",\"diversityPolicy\":\"https:\/\/talkpal.ai\/diversity-policy\/\",\"diversityStaffingReport\":\"https:\/\/talkpal.ai\/diversity-policy\/\"}]}<\/script>\n<!-- \/ Yoast SEO Premium plugin. -->","yoast_head_json":{"title":"Exercices d'accord nom-adjectif pour la grammaire catalane - Talkpal","description":"Ces exercices d'accord nom-adjectif pour la grammaire catalane vous aideront \u00e0 pratiquer l'accord correct entre les noms et les adjectifs en genre","robots":{"index":"index","follow":"follow","max-snippet":"max-snippet:-1","max-image-preview":"max-image-preview:large","max-video-preview":"max-video-preview:-1"},"canonical":"https:\/\/talkpal.ai\/fr\/grammar_exercises\/exercices-daccord-nom-adjectif-pour-la-grammaire-catalane\/","og_locale":"fr_FR","og_type":"article","og_title":"Exercices d'accord nom-adjectif pour la grammaire catalane","og_description":"Ces exercices d'accord nom-adjectif pour la grammaire catalane vous aideront \u00e0 pratiquer l'accord correct entre les noms et les adjectifs en genre","og_url":"https:\/\/talkpal.ai\/fr\/grammar_exercises\/exercices-daccord-nom-adjectif-pour-la-grammaire-catalane\/","og_site_name":"Talkpal","article_publisher":"https:\/\/www.facebook.com\/profile.php?id=100090733639311","og_image":[{"width":2880,"height":1620,"url":"https:\/\/talkpal.ai\/wp-content\/uploads\/2025\/02\/Progress-tab-16_9.png","type":"image\/png"}],"twitter_card":"summary_large_image","twitter_site":"@talkpalai","twitter_misc":{"Dur\u00e9e de lecture estim\u00e9e":"1 minute"},"schema":{"@context":"https:\/\/schema.org","@graph":[{"@type":"WebPage","@id":"https:\/\/talkpal.ai\/fr\/grammar_exercises\/exercices-daccord-nom-adjectif-pour-la-grammaire-catalane\/","url":"https:\/\/talkpal.ai\/fr\/grammar_exercises\/exercices-daccord-nom-adjectif-pour-la-grammaire-catalane\/","name":"Exercices d'accord nom-adjectif pour la grammaire catalane - Talkpal","isPartOf":{"@id":"https:\/\/talkpal.ai\/fr\/#website"},"primaryImageOfPage":{"@id":"https:\/\/talkpal.ai\/fr\/grammar_exercises\/exercices-daccord-nom-adjectif-pour-la-grammaire-catalane\/#primaryimage"},"image":{"@id":"https:\/\/talkpal.ai\/fr\/grammar_exercises\/exercices-daccord-nom-adjectif-pour-la-grammaire-catalane\/#primaryimage"},"thumbnailUrl":"https:\/\/talkpal.ai\/wp-content\/uploads\/2025\/12\/students-track-lessons-to-learn-languages.webp","datePublished":"2025-07-06T07:17:42+00:00","description":"Ces exercices d'accord nom-adjectif pour la grammaire catalane vous aideront \u00e0 pratiquer l'accord correct entre les noms et les adjectifs en genre","breadcrumb":{"@id":"https:\/\/talkpal.ai\/fr\/grammar_exercises\/exercices-daccord-nom-adjectif-pour-la-grammaire-catalane\/#breadcrumb"},"inLanguage":"fr-FR","potentialAction":[{"@type":"ReadAction","target":["https:\/\/talkpal.ai\/fr\/grammar_exercises\/exercices-daccord-nom-adjectif-pour-la-grammaire-catalane\/"]}]},{"@type":"ImageObject","inLanguage":"fr-FR","@id":"https:\/\/talkpal.ai\/fr\/grammar_exercises\/exercices-daccord-nom-adjectif-pour-la-grammaire-catalane\/#primaryimage","url":"https:\/\/talkpal.ai\/wp-content\/uploads\/2025\/12\/students-track-lessons-to-learn-languages.webp","contentUrl":"https:\/\/talkpal.ai\/wp-content\/uploads\/2025\/12\/students-track-lessons-to-learn-languages.webp","width":1200,"height":896,"caption":"Three students sit at a library table and track digital lessons while learning languages."},{"@type":"BreadcrumbList","@id":"https:\/\/talkpal.ai\/fr\/grammar_exercises\/exercices-daccord-nom-adjectif-pour-la-grammaire-catalane\/#breadcrumb","itemListElement":[{"@type":"ListItem","position":1,"name":"Homepage","item":"https:\/\/talkpal.ai\/fr\/"},{"@type":"ListItem","position":2,"name":"Exercices d&#8217;accord nom-adjectif pour la grammaire catalane"}]},{"@type":"WebSite","@id":"https:\/\/talkpal.ai\/fr\/#website","url":"https:\/\/talkpal.ai\/fr\/","name":"Talkpal","description":"AI Language Learning","publisher":{"@id":"https:\/\/talkpal.ai\/fr\/#organization"},"alternateName":"Talkpal AI","potentialAction":[{"@type":"SearchAction","target":{"@type":"EntryPoint","urlTemplate":"https:\/\/talkpal.ai\/fr\/?s={search_term_string}"},"query-input":{"@type":"PropertyValueSpecification","valueRequired":true,"valueName":"search_term_string"}}],"inLanguage":"fr-FR"},{"@type":"Organization","@id":"https:\/\/talkpal.ai\/fr\/#organization","name":"Talkpal, Inc.","alternateName":"Talkpal AI","url":"https:\/\/talkpal.ai\/fr\/","logo":{"@type":"ImageObject","inLanguage":"fr-FR","@id":"https:\/\/talkpal.ai\/fr\/#\/schema\/logo\/image\/","url":"https:\/\/talkpal.ai\/wp-content\/uploads\/2024\/03\/Talkpal-Logo-Icon.png","contentUrl":"https:\/\/talkpal.ai\/wp-content\/uploads\/2024\/03\/Talkpal-Logo-Icon.png","width":2880,"height":2880,"caption":"Talkpal, Inc."},"image":{"@id":"https:\/\/talkpal.ai\/fr\/#\/schema\/logo\/image\/"},"sameAs":["https:\/\/www.facebook.com\/profile.php?id=100090733639311","https:\/\/x.com\/talkpalai","https:\/\/www.linkedin.com\/company\/talkpal\/","https:\/\/www.youtube.com\/@TalkPal\/","https:\/\/www.tiktok.com\/@talkpal","https:\/\/www.instagram.com\/talkpal_ai\/","https:\/\/www.crunchbase.com\/organization\/talkpal-9cde","https:\/\/www.g2.com\/products\/talkpal-for-business\/","https:\/\/www.trustpilot.com\/review\/talkpal.ai","https:\/\/www.capterra.com\/p\/10006800\/TalkPal\/"],"description":"Talkpal is a language learning web and mobile education app, powered by the latest AI technologies, that provides engaging experiences to its customers in many different languages to help them improve their language skills. Users can chat about unlimited amount of topics with the app and use other modes to practice their language learning.","email":"support@talkpal.ai","legalName":"Talkpal, Inc.","foundingDate":"2023-04-03","duns":"118989042","numberOfEmployees":{"@type":"QuantitativeValue","minValue":"11","maxValue":"50"},"publishingPrinciples":"https:\/\/talkpal.ai\/publishing-principles\/","actionableFeedbackPolicy":"https:\/\/talkpal.ai\/actionable-feedback-policy\/","correctionsPolicy":"https:\/\/talkpal.ai\/corrections-policy\/","ethicsPolicy":"https:\/\/talkpal.ai\/ethics-policy\/","diversityPolicy":"https:\/\/talkpal.ai\/diversity-policy\/","diversityStaffingReport":"https:\/\/talkpal.ai\/diversity-policy\/"}]}},"_links":{"self":[{"href":"https:\/\/talkpal.ai\/fr\/wp-json\/wp\/v2\/grammar_exercises\/1132305","targetHints":{"allow":["GET"]}}],"collection":[{"href":"https:\/\/talkpal.ai\/fr\/wp-json\/wp\/v2\/grammar_exercises"}],"about":[{"href":"https:\/\/talkpal.ai\/fr\/wp-json\/wp\/v2\/types\/grammar_exercises"}],"wp:featuredmedia":[{"embeddable":true,"href":"https:\/\/talkpal.ai\/fr\/wp-json\/wp\/v2\/media\/1527986"}],"wp:attachment":[{"href":"https:\/\/talkpal.ai\/fr\/wp-json\/wp\/v2\/media?parent=1132305"}],"wp:term":[{"taxonomy":"exercise_language","embeddable":true,"href":"https:\/\/talkpal.ai\/fr\/wp-json\/wp\/v2\/exercise_language?post=1132305"}],"curies":[{"name":"wp","href":"https:\/\/api.w.org\/{rel}","templated":true}]}}