{"id":11140,"date":"2023-04-07T12:41:42","date_gmt":"2023-04-07T12:41:42","guid":{"rendered":"http:\/\/talkpal.ai\/?post_type=grammar&#038;p=11140"},"modified":"2023-04-22T14:04:38","modified_gmt":"2023-04-22T14:04:38","slug":"les-degres-de-comparaison-des-adverbes-en-francais","status":"publish","type":"grammar","link":"https:\/\/talkpal.ai\/fr\/grammar\/les-degres-de-comparaison-des-adverbes-en-francais\/","title":{"rendered":"Les degr\u00e9s de comparaison des adverbes en fran\u00e7ais"},"content":{"rendered":"\n<h2 class=\"wp-block-heading\">Introduction<\/h2>\n\n\n\n<figure class=\"wp-block-embed is-type-video is-provider-youtube wp-block-embed-youtube wp-embed-aspect-16-9 wp-has-aspect-ratio\"><div class=\"wp-block-embed__wrapper\">\n<iframe loading=\"lazy\" title=\"Les Adverbes en Francais - French Grammar Basics\" width=\"500\" height=\"281\" src=\"https:\/\/www.youtube.com\/embed\/VSPehpLbZh8?feature=oembed\" frameborder=\"0\" allow=\"accelerometer; autoplay; clipboard-write; encrypted-media; gyroscope; picture-in-picture; web-share\" referrerpolicy=\"strict-origin-when-cross-origin\" allowfullscreen><\/iframe>\n<\/div><\/figure>\n\n\n\n<p>Dans la <a href=\"https:\/\/talkpal.ai\/fr\/culture\/la-langue-francaise-et-les-expressions-dantan\/\">langue fran\u00e7aise<\/a>, les adverbes sont des mots invariables qui servent \u00e0 modifier ou pr\u00e9ciser le <a href=\"https:\/\/talkpal.ai\/locations\/language-courses-in-sens\/\">sens<\/a> d&rsquo;un verbe, d&rsquo;un adjectif, d&rsquo;un autre adverbe ou d&rsquo;une phrase. Dans cet article, nous nous focaliserons sur les degr\u00e9s de comparaison des adverbes, qui permettent d&rsquo;exprimer des nuances et des diff\u00e9rences entre des actions, des qualit\u00e9s ou des quantit\u00e9s. Nous aborderons les trois degr\u00e9s de comparaison : le comparatif, le superlatif et le superlatif absolu.<\/p>\n\n\n\n<h2 class=\"wp-block-heading\">Le comparatif des adverbes<\/h2>\n\n\n\n<p>Le comparatif permet de comparer deux \u00e9l\u00e9ments ou actions entre eux. Pour former le comparatif des adverbes en <a href=\"https:\/\/talkpal.ai\/learn-french\/\">fran\u00e7ais<\/a>, il suffit de suivre les r\u00e8gles suivantes :<\/p>\n\n\n\n<ol class=\"wp-block-list\">\n<li><strong>Adverbes r\u00e9guliers<\/strong> : ajoutez simplement les mots \u00ab\u00a0plus\u00a0\u00bb, \u00ab\u00a0moins\u00a0\u00bb ou \u00ab\u00a0aussi\u00a0\u00bb devant l&rsquo;adverbe. Par exemple : vite (adverbe) \u2192 plus vite (comparatif), moins vite (comparatif), aussi vite (comparatif).<\/li>\n\n\n\n<li><strong>Adverbes irr\u00e9guliers<\/strong> : certains adverbes ont des formes irr\u00e9guli\u00e8res pour le comparatif. Par exemple : bien \u2192 mieux, mal \u2192 pire.<\/li>\n<\/ol>\n\n\n\n<h3 class=\"wp-block-heading\">Exemples de comparatifs d&rsquo;adverbes<\/h3>\n\n\n\n<ul class=\"wp-block-list\">\n<li>Il court <strong>plus vite<\/strong> que moi. (Il est plus rapide que moi.)<\/li>\n\n\n\n<li>Elle parle <strong>moins fort<\/strong> que lui. (Elle ne parle pas aussi fort que lui.)<\/li>\n\n\n\n<li>Nous travaillons <strong>aussi s\u00e9rieusement<\/strong> qu&rsquo;eux. (Nous avons le m\u00eame niveau de s\u00e9rieux dans notre travail.)<\/li>\n<\/ul>\n\n\n\n<h2 class=\"wp-block-heading\">Le superlatif des adverbes<\/h2>\n\n\n\n<p>Le superlatif permet d&rsquo;exprimer le plus haut ou le plus bas degr\u00e9 d&rsquo;une qualit\u00e9 ou d&rsquo;une action parmi un groupe. Pour former le superlatif des adverbes en fran\u00e7ais, on ajoute \u00ab\u00a0le\u00a0\u00bb, \u00ab\u00a0la\u00a0\u00bb ou \u00ab\u00a0les\u00a0\u00bb (selon le genre et le nombre du sujet) devant \u00ab\u00a0plus\u00a0\u00bb ou \u00ab\u00a0moins\u00a0\u00bb et l&rsquo;adverbe. Par exemple : rapidement (adverbe) \u2192 le plus rapidement (superlatif), la moins rapidement (superlatif).<\/p>\n\n\n\n<h3 class=\"wp-block-heading\">Exemples de superlatifs d&rsquo;adverbes<\/h3>\n\n\n\n<ul class=\"wp-block-list\">\n<li>C&rsquo;est lui qui court <strong>le plus vite<\/strong> de tous. (Il est le plus rapide de tous.)<\/li>\n\n\n\n<li>Elle est <a href=\"https:\/\/talkpal.ai\/locations\/language-courses-in-celle\/\">celle<\/a> qui parle <strong>le moins fort<\/strong> parmi nous. (Elle est la moins bruyante parmi nous.)<\/li>\n\n\n\n<li>Ils sont ceux qui travaillent <strong>le plus s\u00e9rieusement<\/strong> de l&rsquo;\u00e9quipe. (Ils sont les plus s\u00e9rieux de l&rsquo;\u00e9quipe.)<\/li>\n<\/ul>\n\n\n\n<h2 class=\"wp-block-heading\">Le superlatif absolu des adverbes<\/h2>\n\n\n\n<p>Le superlatif absolu est utilis\u00e9 pour exprimer une qualit\u00e9 ou une action \u00e0 son plus haut ou plus bas degr\u00e9, sans comparaison avec d&rsquo;autres \u00e9l\u00e9ments. Il n&rsquo;existe pas de r\u00e8gle sp\u00e9cifique pour former le superlatif absolu en fran\u00e7ais, mais on peut souvent le reconna\u00eetre gr\u00e2ce \u00e0 des adverbes tels que \u00ab\u00a0tr\u00e8s\u00a0\u00bb, \u00ab\u00a0extr\u00eamement\u00a0\u00bb ou \u00ab\u00a0particuli\u00e8rement\u00a0\u00bb.<\/p>\n\n\n\n<h3 class=\"wp-block-heading\">Exemples de superlatifs absolus d&rsquo;adverbes<\/h3>\n\n\n\n<ul class=\"wp-block-list\">\n<li>Il court <strong>extr\u00eamement vite<\/strong>. (Il court \u00e0 une vitesse impressionnante.)<\/li>\n\n\n\n<li>Elle parle <strong>tr\u00e8s doucement<\/strong>. (Elle parle avec une voix tr\u00e8s calme et paisible.)<\/li>\n\n\n\n<li>Nous travaillons <strong>particuli\u00e8rement s\u00e9rieusement<\/strong> sur ce projet. (Nous mettons beaucoup d&rsquo;efforts et d&rsquo;attention dans ce projet.)<\/li>\n<\/ul>\n\n\n\n<h2 class=\"wp-block-heading\">Conclusion<\/h2>\n\n\n\n<p>Les degr\u00e9s de comparaison des adverbes en fran\u00e7ais sont essentiels pour exprimer des nuances et des diff\u00e9rences entre des actions, des qualit\u00e9s ou des quantit\u00e9s. En ma\u00eetrisant le comparatif, le superlatif et le superlatif absolu, vous serez en mesure de communiquer de mani\u00e8re plus pr\u00e9cise et riche en fran\u00e7ais. N&rsquo;h\u00e9sitez pas \u00e0 vous entra\u00eener et \u00e0 mettre en pratique ces notions dans vos conversations et vos \u00e9crits.<\/p>\n","protected":false},"featured_media":1527715,"template":"","language":[416,387],"class_list":["post-11140","grammar","type-grammar","status-publish","has-post-thumbnail","hentry","language-adverbes-fr-2","language-francais"],"acf":[],"yoast_head":"<!-- This site is optimized with the Yoast SEO Premium plugin v27.2 (Yoast SEO v27.2) - https:\/\/yoast.com\/product\/yoast-seo-premium-wordpress\/ -->\n<title>Les degr\u00e9s de comparaison des adverbes en fran\u00e7ais - Talkpal<\/title>\n<meta name=\"description\" content=\"Introduction https:\/\/youtu.be\/VSPehpLbZh8 Dans la langue fran\u00e7aise, les adverbes sont des mots invariables qui servent \u00e0 modifier ou pr\u00e9ciser le sens d&#039;un\" \/>\n<meta name=\"robots\" content=\"index, follow, max-snippet:-1, max-image-preview:large, max-video-preview:-1\" \/>\n<link rel=\"canonical\" href=\"https:\/\/talkpal.ai\/fr\/grammar\/les-degres-de-comparaison-des-adverbes-en-francais\/\" \/>\n<meta property=\"og:locale\" content=\"fr_FR\" \/>\n<meta property=\"og:type\" content=\"article\" \/>\n<meta property=\"og:title\" content=\"Les degr\u00e9s de comparaison des adverbes en fran\u00e7ais\" \/>\n<meta property=\"og:description\" content=\"Introduction https:\/\/youtu.be\/VSPehpLbZh8 Dans la langue fran\u00e7aise, les adverbes sont des mots invariables qui servent \u00e0 modifier ou pr\u00e9ciser le sens d&#039;un\" \/>\n<meta property=\"og:url\" content=\"https:\/\/talkpal.ai\/fr\/grammar\/les-degres-de-comparaison-des-adverbes-en-francais\/\" \/>\n<meta property=\"og:site_name\" content=\"Talkpal\" \/>\n<meta property=\"article:publisher\" content=\"https:\/\/www.facebook.com\/profile.php?id=100090733639311\" \/>\n<meta property=\"article:modified_time\" content=\"2023-04-22T14:04:38+00:00\" \/>\n<meta property=\"og:image\" content=\"https:\/\/talkpal.ai\/wp-content\/uploads\/2023\/04\/TalkPal-Illustration-of-students-studying-grammar-lessons-15.png\" \/>\n\t<meta property=\"og:image:width\" content=\"1456\" \/>\n\t<meta property=\"og:image:height\" content=\"816\" \/>\n\t<meta property=\"og:image:type\" content=\"image\/png\" \/>\n<meta name=\"twitter:card\" content=\"summary_large_image\" \/>\n<meta name=\"twitter:site\" content=\"@talkpalai\" \/>\n<meta name=\"twitter:label1\" content=\"Dur\u00e9e de lecture estim\u00e9e\" \/>\n\t<meta name=\"twitter:data1\" content=\"3 minutes\" \/>\n<script type=\"application\/ld+json\" class=\"yoast-schema-graph\">{\"@context\":\"https:\/\/schema.org\",\"@graph\":[{\"@type\":\"WebPage\",\"@id\":\"https:\/\/talkpal.ai\/fr\/grammar\/les-degres-de-comparaison-des-adverbes-en-francais\/\",\"url\":\"https:\/\/talkpal.ai\/fr\/grammar\/les-degres-de-comparaison-des-adverbes-en-francais\/\",\"name\":\"Les degr\u00e9s de comparaison des adverbes en fran\u00e7ais - Talkpal\",\"isPartOf\":{\"@id\":\"https:\/\/talkpal.ai\/fr\/#website\"},\"primaryImageOfPage\":{\"@id\":\"https:\/\/talkpal.ai\/fr\/grammar\/les-degres-de-comparaison-des-adverbes-en-francais\/#primaryimage\"},\"image\":{\"@id\":\"https:\/\/talkpal.ai\/fr\/grammar\/les-degres-de-comparaison-des-adverbes-en-francais\/#primaryimage\"},\"thumbnailUrl\":\"https:\/\/talkpal.ai\/wp-content\/uploads\/2025\/12\/laptop-is-typed-on-to-learn-languages.webp\",\"datePublished\":\"2023-04-07T12:41:42+00:00\",\"dateModified\":\"2023-04-22T14:04:38+00:00\",\"description\":\"Introduction https:\/\/youtu.be\/VSPehpLbZh8 Dans la langue fran\u00e7aise, les adverbes sont des mots invariables qui servent \u00e0 modifier ou pr\u00e9ciser le sens d'un\",\"breadcrumb\":{\"@id\":\"https:\/\/talkpal.ai\/fr\/grammar\/les-degres-de-comparaison-des-adverbes-en-francais\/#breadcrumb\"},\"inLanguage\":\"fr-FR\",\"potentialAction\":[{\"@type\":\"ReadAction\",\"target\":[\"https:\/\/talkpal.ai\/fr\/grammar\/les-degres-de-comparaison-des-adverbes-en-francais\/\"]}]},{\"@type\":\"ImageObject\",\"inLanguage\":\"fr-FR\",\"@id\":\"https:\/\/talkpal.ai\/fr\/grammar\/les-degres-de-comparaison-des-adverbes-en-francais\/#primaryimage\",\"url\":\"https:\/\/talkpal.ai\/wp-content\/uploads\/2025\/12\/laptop-is-typed-on-to-learn-languages.webp\",\"contentUrl\":\"https:\/\/talkpal.ai\/wp-content\/uploads\/2025\/12\/laptop-is-typed-on-to-learn-languages.webp\",\"width\":1200,\"height\":896,\"caption\":\"First-person view of hands typing on a laptop to learn languages between two tall stacks of books.\"},{\"@type\":\"BreadcrumbList\",\"@id\":\"https:\/\/talkpal.ai\/fr\/grammar\/les-degres-de-comparaison-des-adverbes-en-francais\/#breadcrumb\",\"itemListElement\":[{\"@type\":\"ListItem\",\"position\":1,\"name\":\"Homepage\",\"item\":\"https:\/\/talkpal.ai\/fr\/\"},{\"@type\":\"ListItem\",\"position\":2,\"name\":\"Les degr\u00e9s de comparaison des adverbes en fran\u00e7ais\"}]},{\"@type\":\"WebSite\",\"@id\":\"https:\/\/talkpal.ai\/fr\/#website\",\"url\":\"https:\/\/talkpal.ai\/fr\/\",\"name\":\"Talkpal\",\"description\":\"AI Language Learning\",\"publisher\":{\"@id\":\"https:\/\/talkpal.ai\/fr\/#organization\"},\"alternateName\":\"Talkpal AI\",\"potentialAction\":[{\"@type\":\"SearchAction\",\"target\":{\"@type\":\"EntryPoint\",\"urlTemplate\":\"https:\/\/talkpal.ai\/fr\/?s={search_term_string}\"},\"query-input\":{\"@type\":\"PropertyValueSpecification\",\"valueRequired\":true,\"valueName\":\"search_term_string\"}}],\"inLanguage\":\"fr-FR\"},{\"@type\":\"Organization\",\"@id\":\"https:\/\/talkpal.ai\/fr\/#organization\",\"name\":\"Talkpal, Inc.\",\"alternateName\":\"Talkpal AI\",\"url\":\"https:\/\/talkpal.ai\/fr\/\",\"logo\":{\"@type\":\"ImageObject\",\"inLanguage\":\"fr-FR\",\"@id\":\"https:\/\/talkpal.ai\/fr\/#\/schema\/logo\/image\/\",\"url\":\"https:\/\/talkpal.ai\/wp-content\/uploads\/2024\/03\/Talkpal-Logo-Icon.png\",\"contentUrl\":\"https:\/\/talkpal.ai\/wp-content\/uploads\/2024\/03\/Talkpal-Logo-Icon.png\",\"width\":2880,\"height\":2880,\"caption\":\"Talkpal, Inc.\"},\"image\":{\"@id\":\"https:\/\/talkpal.ai\/fr\/#\/schema\/logo\/image\/\"},\"sameAs\":[\"https:\/\/www.facebook.com\/profile.php?id=100090733639311\",\"https:\/\/x.com\/talkpalai\",\"https:\/\/www.linkedin.com\/company\/talkpal\/\",\"https:\/\/www.youtube.com\/@TalkPal\/\",\"https:\/\/www.tiktok.com\/@talkpal\",\"https:\/\/www.instagram.com\/talkpal_ai\/\",\"https:\/\/www.crunchbase.com\/organization\/talkpal-9cde\",\"https:\/\/www.g2.com\/products\/talkpal-for-business\/\",\"https:\/\/www.trustpilot.com\/review\/talkpal.ai\",\"https:\/\/www.capterra.com\/p\/10006800\/TalkPal\/\"],\"description\":\"Talkpal is a language learning web and mobile education app, powered by the latest AI technologies, that provides engaging experiences to its customers in many different languages to help them improve their language skills. Users can chat about unlimited amount of topics with the app and use other modes to practice their language learning.\",\"email\":\"support@talkpal.ai\",\"legalName\":\"Talkpal, Inc.\",\"foundingDate\":\"2023-04-03\",\"duns\":\"118989042\",\"numberOfEmployees\":{\"@type\":\"QuantitativeValue\",\"minValue\":\"11\",\"maxValue\":\"50\"},\"publishingPrinciples\":\"https:\/\/talkpal.ai\/publishing-principles\/\",\"actionableFeedbackPolicy\":\"https:\/\/talkpal.ai\/actionable-feedback-policy\/\",\"correctionsPolicy\":\"https:\/\/talkpal.ai\/corrections-policy\/\",\"ethicsPolicy\":\"https:\/\/talkpal.ai\/ethics-policy\/\",\"diversityPolicy\":\"https:\/\/talkpal.ai\/diversity-policy\/\",\"diversityStaffingReport\":\"https:\/\/talkpal.ai\/diversity-policy\/\"}]}<\/script>\n<!-- \/ Yoast SEO Premium plugin. -->","yoast_head_json":{"title":"Les degr\u00e9s de comparaison des adverbes en fran\u00e7ais - Talkpal","description":"Introduction https:\/\/youtu.be\/VSPehpLbZh8 Dans la langue fran\u00e7aise, les adverbes sont des mots invariables qui servent \u00e0 modifier ou pr\u00e9ciser le sens d'un","robots":{"index":"index","follow":"follow","max-snippet":"max-snippet:-1","max-image-preview":"max-image-preview:large","max-video-preview":"max-video-preview:-1"},"canonical":"https:\/\/talkpal.ai\/fr\/grammar\/les-degres-de-comparaison-des-adverbes-en-francais\/","og_locale":"fr_FR","og_type":"article","og_title":"Les degr\u00e9s de comparaison des adverbes en fran\u00e7ais","og_description":"Introduction https:\/\/youtu.be\/VSPehpLbZh8 Dans la langue fran\u00e7aise, les adverbes sont des mots invariables qui servent \u00e0 modifier ou pr\u00e9ciser le sens d'un","og_url":"https:\/\/talkpal.ai\/fr\/grammar\/les-degres-de-comparaison-des-adverbes-en-francais\/","og_site_name":"Talkpal","article_publisher":"https:\/\/www.facebook.com\/profile.php?id=100090733639311","article_modified_time":"2023-04-22T14:04:38+00:00","og_image":[{"width":1456,"height":816,"url":"https:\/\/talkpal.ai\/wp-content\/uploads\/2023\/04\/TalkPal-Illustration-of-students-studying-grammar-lessons-15.png","type":"image\/png"}],"twitter_card":"summary_large_image","twitter_site":"@talkpalai","twitter_misc":{"Dur\u00e9e de lecture estim\u00e9e":"3 minutes"},"schema":{"@context":"https:\/\/schema.org","@graph":[{"@type":"WebPage","@id":"https:\/\/talkpal.ai\/fr\/grammar\/les-degres-de-comparaison-des-adverbes-en-francais\/","url":"https:\/\/talkpal.ai\/fr\/grammar\/les-degres-de-comparaison-des-adverbes-en-francais\/","name":"Les degr\u00e9s de comparaison des adverbes en fran\u00e7ais - Talkpal","isPartOf":{"@id":"https:\/\/talkpal.ai\/fr\/#website"},"primaryImageOfPage":{"@id":"https:\/\/talkpal.ai\/fr\/grammar\/les-degres-de-comparaison-des-adverbes-en-francais\/#primaryimage"},"image":{"@id":"https:\/\/talkpal.ai\/fr\/grammar\/les-degres-de-comparaison-des-adverbes-en-francais\/#primaryimage"},"thumbnailUrl":"https:\/\/talkpal.ai\/wp-content\/uploads\/2025\/12\/laptop-is-typed-on-to-learn-languages.webp","datePublished":"2023-04-07T12:41:42+00:00","dateModified":"2023-04-22T14:04:38+00:00","description":"Introduction https:\/\/youtu.be\/VSPehpLbZh8 Dans la langue fran\u00e7aise, les adverbes sont des mots invariables qui servent \u00e0 modifier ou pr\u00e9ciser le sens d'un","breadcrumb":{"@id":"https:\/\/talkpal.ai\/fr\/grammar\/les-degres-de-comparaison-des-adverbes-en-francais\/#breadcrumb"},"inLanguage":"fr-FR","potentialAction":[{"@type":"ReadAction","target":["https:\/\/talkpal.ai\/fr\/grammar\/les-degres-de-comparaison-des-adverbes-en-francais\/"]}]},{"@type":"ImageObject","inLanguage":"fr-FR","@id":"https:\/\/talkpal.ai\/fr\/grammar\/les-degres-de-comparaison-des-adverbes-en-francais\/#primaryimage","url":"https:\/\/talkpal.ai\/wp-content\/uploads\/2025\/12\/laptop-is-typed-on-to-learn-languages.webp","contentUrl":"https:\/\/talkpal.ai\/wp-content\/uploads\/2025\/12\/laptop-is-typed-on-to-learn-languages.webp","width":1200,"height":896,"caption":"First-person view of hands typing on a laptop to learn languages between two tall stacks of books."},{"@type":"BreadcrumbList","@id":"https:\/\/talkpal.ai\/fr\/grammar\/les-degres-de-comparaison-des-adverbes-en-francais\/#breadcrumb","itemListElement":[{"@type":"ListItem","position":1,"name":"Homepage","item":"https:\/\/talkpal.ai\/fr\/"},{"@type":"ListItem","position":2,"name":"Les degr\u00e9s de comparaison des adverbes en fran\u00e7ais"}]},{"@type":"WebSite","@id":"https:\/\/talkpal.ai\/fr\/#website","url":"https:\/\/talkpal.ai\/fr\/","name":"Talkpal","description":"AI Language Learning","publisher":{"@id":"https:\/\/talkpal.ai\/fr\/#organization"},"alternateName":"Talkpal AI","potentialAction":[{"@type":"SearchAction","target":{"@type":"EntryPoint","urlTemplate":"https:\/\/talkpal.ai\/fr\/?s={search_term_string}"},"query-input":{"@type":"PropertyValueSpecification","valueRequired":true,"valueName":"search_term_string"}}],"inLanguage":"fr-FR"},{"@type":"Organization","@id":"https:\/\/talkpal.ai\/fr\/#organization","name":"Talkpal, Inc.","alternateName":"Talkpal AI","url":"https:\/\/talkpal.ai\/fr\/","logo":{"@type":"ImageObject","inLanguage":"fr-FR","@id":"https:\/\/talkpal.ai\/fr\/#\/schema\/logo\/image\/","url":"https:\/\/talkpal.ai\/wp-content\/uploads\/2024\/03\/Talkpal-Logo-Icon.png","contentUrl":"https:\/\/talkpal.ai\/wp-content\/uploads\/2024\/03\/Talkpal-Logo-Icon.png","width":2880,"height":2880,"caption":"Talkpal, Inc."},"image":{"@id":"https:\/\/talkpal.ai\/fr\/#\/schema\/logo\/image\/"},"sameAs":["https:\/\/www.facebook.com\/profile.php?id=100090733639311","https:\/\/x.com\/talkpalai","https:\/\/www.linkedin.com\/company\/talkpal\/","https:\/\/www.youtube.com\/@TalkPal\/","https:\/\/www.tiktok.com\/@talkpal","https:\/\/www.instagram.com\/talkpal_ai\/","https:\/\/www.crunchbase.com\/organization\/talkpal-9cde","https:\/\/www.g2.com\/products\/talkpal-for-business\/","https:\/\/www.trustpilot.com\/review\/talkpal.ai","https:\/\/www.capterra.com\/p\/10006800\/TalkPal\/"],"description":"Talkpal is a language learning web and mobile education app, powered by the latest AI technologies, that provides engaging experiences to its customers in many different languages to help them improve their language skills. Users can chat about unlimited amount of topics with the app and use other modes to practice their language learning.","email":"support@talkpal.ai","legalName":"Talkpal, Inc.","foundingDate":"2023-04-03","duns":"118989042","numberOfEmployees":{"@type":"QuantitativeValue","minValue":"11","maxValue":"50"},"publishingPrinciples":"https:\/\/talkpal.ai\/publishing-principles\/","actionableFeedbackPolicy":"https:\/\/talkpal.ai\/actionable-feedback-policy\/","correctionsPolicy":"https:\/\/talkpal.ai\/corrections-policy\/","ethicsPolicy":"https:\/\/talkpal.ai\/ethics-policy\/","diversityPolicy":"https:\/\/talkpal.ai\/diversity-policy\/","diversityStaffingReport":"https:\/\/talkpal.ai\/diversity-policy\/"}]}},"_links":{"self":[{"href":"https:\/\/talkpal.ai\/fr\/wp-json\/wp\/v2\/grammar\/11140","targetHints":{"allow":["GET"]}}],"collection":[{"href":"https:\/\/talkpal.ai\/fr\/wp-json\/wp\/v2\/grammar"}],"about":[{"href":"https:\/\/talkpal.ai\/fr\/wp-json\/wp\/v2\/types\/grammar"}],"wp:featuredmedia":[{"embeddable":true,"href":"https:\/\/talkpal.ai\/fr\/wp-json\/wp\/v2\/media\/1527715"}],"wp:attachment":[{"href":"https:\/\/talkpal.ai\/fr\/wp-json\/wp\/v2\/media?parent=11140"}],"wp:term":[{"taxonomy":"language","embeddable":true,"href":"https:\/\/talkpal.ai\/fr\/wp-json\/wp\/v2\/language?post=11140"}],"curies":[{"name":"wp","href":"https:\/\/api.w.org\/{rel}","templated":true}]}}