{"id":10994,"date":"2023-04-07T08:49:11","date_gmt":"2023-04-07T08:49:11","guid":{"rendered":"http:\/\/talkpal.ai\/?post_type=grammar&#038;p=10994"},"modified":"2025-12-24T14:12:32","modified_gmt":"2025-12-24T14:12:32","slug":"guide-complet-de-la-grammaire-allemande-les-pronoms-reflechis","status":"publish","type":"grammar","link":"https:\/\/talkpal.ai\/fr\/grammar\/guide-complet-de-la-grammaire-allemande-les-pronoms-reflechis\/","title":{"rendered":"Guide Complet de la Grammaire Allemande : Les Pronoms R\u00e9fl\u00e9chis"},"content":{"rendered":"\n<h2 class=\"wp-block-heading\" id=\"h-introduction-aux-pronoms-reflechis-en-allemand\">Introduction aux Pronoms R\u00e9fl\u00e9chis en Allemand<\/h2>\n\n\n\n<p>Les <a href=\"https:\/\/talkpal.ai\/fr\/grammar\/pronoms-reflechis-en-grammaire-thai\/\">pronoms r\u00e9fl\u00e9chis<\/a> sont essentiels pour ma\u00eetriser la <a href=\"https:\/\/talkpal.ai\/german-grammar\/\">grammaire allemande<\/a> et fluidifier vos conversations. Ces pronoms sont utilis\u00e9s pour exprimer des actions qui se r\u00e9f\u00e8rent au sujet, c&rsquo;est-\u00e0-dire des actions que le sujet effectue sur lui-m\u00eame. Dans cet article, nous allons explorer en profondeur les <a href=\"https:\/\/talkpal.ai\/fr\/grammar\/pronoms-reflechis-en-grammaire-thai\/\">pronoms r\u00e9fl\u00e9chis<\/a> allemands, leurs usages, et les r\u00e8gles qui les r\u00e9gissent.<\/p>\n\n\n\n<h2 class=\"wp-block-heading\" id=\"h-pronoms-reflechis-allemands-liste-complete\">Pronoms R\u00e9fl\u00e9chis Allemands: Liste Compl\u00e8te<\/h2>\n\n\n\n<p>Les pronoms r\u00e9fl\u00e9chis allemands varient en fonction du genre, du nombre et du cas grammatical. Voici la liste compl\u00e8te des pronoms r\u00e9fl\u00e9chis allemands :<\/p>\n\n\n\n<h3 class=\"wp-block-heading\" id=\"h-nominatif\">Nominatif<\/h3>\n\n\n\n<ul class=\"wp-block-list\">\n<li>ich &#8211; mich (moi)<\/li>\n\n\n\n<li>du &#8211; dich (toi)<\/li>\n\n\n\n<li>er &#8211; sich (lui)<\/li>\n\n\n\n<li>sie &#8211; sich (elle)<\/li>\n\n\n\n<li>es &#8211; sich (\u00e7a)<\/li>\n\n\n\n<li>wir &#8211; uns (nous)<\/li>\n\n\n\n<li>ihr &#8211; euch (vous)<\/li>\n\n\n\n<li>sie &#8211; sich (eux, elles)<\/li>\n\n\n\n<li>Sie &#8211; sich (vous, formel)<\/li>\n<\/ul>\n\n\n\n<h3 class=\"wp-block-heading\" id=\"h-accusatif\">Accusatif<\/h3>\n\n\n\n<ul class=\"wp-block-list\">\n<li>mich (me)<\/li>\n\n\n\n<li>dich (te)<\/li>\n\n\n\n<li>sich (se)<\/li>\n\n\n\n<li>sich (se)<\/li>\n\n\n\n<li>sich (se)<\/li>\n\n\n\n<li>uns (nous)<\/li>\n\n\n\n<li>euch (vous)<\/li>\n\n\n\n<li>sich (se)<\/li>\n\n\n\n<li>sich (vous, formel)<\/li>\n<\/ul>\n\n\n\n<h3 class=\"wp-block-heading\" id=\"h-datif\">Datif<\/h3>\n\n\n\n<ul class=\"wp-block-list\">\n<li>mir (me)<\/li>\n\n\n\n<li>dir (te)<\/li>\n\n\n\n<li>sich (lui)<\/li>\n\n\n\n<li>sich (elle)<\/li>\n\n\n\n<li>sich (\u00e7a)<\/li>\n\n\n\n<li>uns (nous)<\/li>\n\n\n\n<li>euch (vous)<\/li>\n\n\n\n<li>sich (eux, elles)<\/li>\n\n\n\n<li>sich (vous, formel)<\/li>\n<\/ul>\n\n\n\n<h2 class=\"wp-block-heading\" id=\"h-utilisation-des-pronoms-reflechis-en-allemand\">Utilisation des Pronoms R\u00e9fl\u00e9chis en Allemand<\/h2>\n\n\n\n<h3 class=\"wp-block-heading\" id=\"h-verbes-reflechis\">Verbes R\u00e9fl\u00e9chis<\/h3>\n\n\n\n<p>Les pronoms r\u00e9fl\u00e9chis sont souvent utilis\u00e9s avec des <a href=\"https:\/\/talkpal.ai\/fr\/grammar\/verbes-reflechis-en-grammaire-catalane\/\">verbes r\u00e9fl\u00e9chis<\/a>. Les <a href=\"https:\/\/talkpal.ai\/fr\/grammar\/verbes-reflechis-en-grammaire-catalane\/\">verbes r\u00e9fl\u00e9chis<\/a> sont des verbes dont le sujet r\u00e9alise une action sur lui-m\u00eame. Voici quelques exemples de verbes r\u00e9fl\u00e9chis en <a href=\"https:\/\/talkpal.ai\/learn-german\/\">allemand<\/a> :<\/p>\n\n\n\n<ul class=\"wp-block-list\">\n<li>sich waschen (se laver)<\/li>\n\n\n\n<li>sich k\u00e4mmen (se peigner)<\/li>\n\n\n\n<li>sich anziehen (s&rsquo;habiller)<\/li>\n\n\n\n<li>sich ausruhen (se reposer)<\/li>\n<\/ul>\n\n\n\n<h3 class=\"wp-block-heading\" id=\"h-expressions-idiomatiques\">Expressions Idiomatiques<\/h3>\n\n\n\n<p>Les pronoms r\u00e9fl\u00e9chis sont \u00e9galement pr\u00e9sents dans plusieurs <a href=\"https:\/\/talkpal.ai\/fr\/culture\/les-expressions-idiomatiques-liees-aux-animaux-en-francais\/\">expressions idiomatiques<\/a> en allemand. En voici quelques exemples :<\/p>\n\n\n\n<ul class=\"wp-block-list\">\n<li>sich beeilen (se d\u00e9p\u00eacher)<\/li>\n\n\n\n<li><a href=\"https:\/\/talkpal.ai\/culture\/what-is-the-difference-between-sich-freuen-auf-and-sich-freuen-uber\/\">sich freuen<\/a> (se r\u00e9jouir)<\/li>\n\n\n\n<li>sich entschuldigen (s&rsquo;excuser)<\/li>\n\n\n\n<li>sich treffen (se rencontrer)<\/li>\n<\/ul>\n\n\n\n<h2 class=\"wp-block-heading\" id=\"h-regles-grammaticales-des-pronoms-reflechis\">R\u00e8gles Grammaticales des Pronoms R\u00e9fl\u00e9chis<\/h2>\n\n\n\n<h3 class=\"wp-block-heading\" id=\"h-accord-avec-le-sujet\">Accord avec le Sujet<\/h3>\n\n\n\n<p>Les pronoms r\u00e9fl\u00e9chis doivent toujours s&rsquo;accorder avec le sujet de la phrase. Par exemple :<\/p>\n\n\n\n<ul class=\"wp-block-list\">\n<li>Ich wasche <strong>mich<\/strong>. (Je me lave.)<\/li>\n\n\n\n<li>Du k\u00e4mmst <strong>dich<\/strong>. (Tu te peignes.)<\/li>\n\n\n\n<li>Er zieht <strong>sich<\/strong> an. (Il s&rsquo;habille.)<\/li>\n<\/ul>\n\n\n\n<h3 class=\"wp-block-heading\" id=\"h-position-des-pronoms-reflechis\">Position des Pronoms R\u00e9fl\u00e9chis<\/h3>\n\n\n\n<p>Les pronoms r\u00e9fl\u00e9chis occupent g\u00e9n\u00e9ralement la troisi\u00e8me position dans la phrase, apr\u00e8s le verbe conjugu\u00e9 et le sujet. Par exemple :<\/p>\n\n\n\n<ul class=\"wp-block-list\">\n<li>Sie freut <strong>sich<\/strong> auf das Fest. (Elle se r\u00e9jouit de la f\u00eate.)<\/li>\n\n\n\n<li>Wir treffen <strong>uns<\/strong> morgen. (Nous nous rencontrons demain.)<\/li>\n<\/ul>\n\n\n\n<h3 class=\"wp-block-heading\" id=\"h-cas-grammaticaux\">Cas Grammaticaux<\/h3>\n\n\n\n<p>Les pronoms r\u00e9fl\u00e9chis doivent \u00eatre accord\u00e9s en genre, en nombre et en cas grammatical. Il est important de conna\u00eetre le cas grammatical requis par le verbe pour utiliser le bon pronom r\u00e9fl\u00e9chi. Par exemple :<\/p>\n\n\n\n<ul class=\"wp-block-list\">\n<li>Ich bedanke **<\/li>\n\n\n\n<li>mich** bei dir. (Je te remercie.) &#8211; Accusatif<\/li>\n\n\n\n<li>Er verl\u00e4sst <strong>sich<\/strong> auf uns. (Il compte sur nous.) &#8211; Datif<\/li>\n\n\n\n<li>Exemples de Phrases avec des Pronoms R\u00e9fl\u00e9chis<\/li>\n\n\n\n<li>Voici quelques exemples de phrases en allemand contenant des pronoms r\u00e9fl\u00e9chis pour illustrer leur utilisation :<\/li>\n\n\n\n<li>Sie setzt <strong>sich<\/strong> hin und liest ein Buch. (Elle s&rsquo;assied et lit un livre.)<\/li>\n\n\n\n<li>Er rasiert <strong>sich<\/strong> jeden Morgen. (Il se rase tous les matins.)<\/li>\n\n\n\n<li>Wir treffen <strong>uns<\/strong> heute Abend im Kino. (Nous nous retrouvons ce soir au cin\u00e9ma.)<\/li>\n\n\n\n<li>Die Kinder am\u00fcsieren <strong>sich<\/strong> im Park. (Les enfants s&rsquo;amusent au parc.)<\/li>\n\n\n\n<li>Ich lege <strong>mich<\/strong> hin, um ein Nickerchen zu machen. (Je m&rsquo;allonge pour faire une sieste.)<\/li>\n\n\n\n<li>Conseils pour Ma\u00eetriser les Pronoms R\u00e9fl\u00e9chis en Allemand<\/li>\n\n\n\n<li>Pour ma\u00eetriser les pronoms r\u00e9fl\u00e9chis en allemand, il est important de suivre ces conseils :<\/li>\n\n\n\n<li>M\u00e9morisez la liste des pronoms r\u00e9fl\u00e9chis allemands et leurs variations en fonction du genre, du nombre et du cas grammatical.<\/li>\n\n\n\n<li>Apprenez les verbes r\u00e9fl\u00e9chis et les <a href=\"https:\/\/talkpal.ai\/fr\/culture\/les-expressions-idiomatiques-liees-aux-animaux-en-francais\/\">expressions idiomatiques<\/a> qui utilisent des pronoms r\u00e9fl\u00e9chis.<\/li>\n\n\n\n<li>Pratiquez la formation de phrases en allemand avec des pronoms r\u00e9<\/li>\n<\/ul>\n\n\n\n<h2 class=\"wp-block-heading\" id=\"h-les-pronoms-relatifs-en-allemand-un-guide-detaille-et-complet\">Les pronoms relatifs en allemand : un guide d\u00e9taill\u00e9 et complet<\/h2>\n\n\n\n<p>Les pronoms relatifs sont des \u00e9l\u00e9ments essentiels dans la grammaire allemande. Ils permettent de relier deux phrases et de donner des informations suppl\u00e9mentaires sur une personne, un animal ou une chose. Dans cet article, nous allons explorer en profondeur les pronoms relatifs allemands, leurs usages, leurs formes et des exemples pour illustrer leur utilisation.<\/p>\n\n\n\n<h2 class=\"wp-block-heading\" id=\"h-les-pronoms-relatifs-allemands-une-introduction\">Les pronoms relatifs allemands : une introduction<\/h2>\n\n\n\n<p>Les pronoms relatifs allemands correspondent aux pronoms relatifs fran\u00e7ais tels que \u00ab\u00a0qui\u00a0\u00bb, \u00ab\u00a0que\u00a0\u00bb, \u00ab\u00a0dont\u00a0\u00bb, \u00ab\u00a0o\u00f9\u00a0\u00bb, etc. Ils permettent d&rsquo;\u00e9viter les r\u00e9p\u00e9titions et de rendre les phrases plus fluides. Il existe plusieurs pronoms relatifs en allemand, qui varient en fonction du genre, du nombre et du cas.<\/p>\n\n\n\n<h2 class=\"wp-block-heading\" id=\"h-les-formes-des-pronoms-relatifs-en-allemand\">Les formes des pronoms relatifs en allemand<\/h2>\n\n\n\n<p>Voici un tableau r\u00e9capitulatif des formes des pronoms relatifs en allemand :<\/p>\n\n\n\n<figure class=\"wp-block-table\"><table><thead><tr><th>Cas<\/th><th>Masculin<\/th><th>F\u00e9minin<\/th><th>Neutre<\/th><th>Pluriel<\/th><\/tr><\/thead><tbody><tr><td>Nominatif<\/td><td>der<\/td><td>die<\/td><td>das<\/td><td>die<\/td><\/tr><tr><td>Accusatif<\/td><td>den<\/td><td>die<\/td><td>das<\/td><td>die<\/td><\/tr><tr><td>Datif<\/td><td>dem<\/td><td>der<\/td><td>dem<\/td><td>denen<\/td><\/tr><tr><td>G\u00e9nitif<\/td><td>dessen<\/td><td>deren<\/td><td>dessen<\/td><td>deren<\/td><\/tr><\/tbody><\/table><\/figure>\n\n\n\n<p>Il est important de noter que les formes des pronoms relatifs en allemand correspondent aux formes des articles d\u00e9finis, \u00e0 l&rsquo;exception du g\u00e9nitif.<\/p>\n\n\n\n<h2 class=\"wp-block-heading\" id=\"h-l-utilisation-des-pronoms-relatifs-en-allemand\">L&rsquo;utilisation des pronoms relatifs en allemand<\/h2>\n\n\n\n<p>Les pronoms relatifs en allemand s&rsquo;utilisent de la m\u00eame mani\u00e8re que les pronoms relatifs en fran\u00e7ais. Ils introduisent une proposition relative, qui donne des informations suppl\u00e9mentaires sur un nom ou un pronom. Voici quelques exemples d&rsquo;utilisation des pronoms relatifs en allemand :<\/p>\n\n\n\n<ol class=\"wp-block-list\">\n<li><strong>Nominatif<\/strong> : Le nominatif est utilis\u00e9 lorsque le pronom relatif est sujet de la proposition relative.<\/li>\n<\/ol>\n\n\n\n<ul class=\"wp-block-list\">\n<li>Das ist der Mann, <em>der<\/em> ein Buch liest. (Voici l&rsquo;homme qui lit un livre.)<\/li>\n\n\n\n<li>Das ist die Frau, <em>die<\/em> einen Kuchen backt. (Voici la femme qui pr\u00e9pare un g\u00e2teau.)<\/li>\n<\/ul>\n\n\n\n<ol class=\"wp-block-list\">\n<li><strong>Accusatif<\/strong> : L&rsquo;accusatif est utilis\u00e9 lorsque le pronom relatif est compl\u00e9ment d&rsquo;objet direct de la proposition relative.<\/li>\n<\/ol>\n\n\n\n<ul class=\"wp-block-list\">\n<li>Ich kenne den Mann, <em>den<\/em> du gestern gesehen hast. (Je connais l&rsquo;homme que tu as vu hier.)<\/li>\n\n\n\n<li>Sie hat die Tasche, <em>die<\/em> ich auch haben m\u00f6chte. (Elle a le sac que je voudrais aussi.)<\/li>\n<\/ul>\n\n\n\n<ol class=\"wp-block-list\">\n<li><strong>Datif<\/strong> : Le datif est utilis\u00e9 lorsque le pronom relatif est compl\u00e9ment d&rsquo;objet indirect de la proposition relative.<\/li>\n<\/ol>\n\n\n\n<ul class=\"wp-block-list\">\n<li>Das ist der Mann, <em>dem<\/em> ich geholfen habe. (Voici l&rsquo;homme \u00e0 qui j&rsquo;ai aid\u00e9.)<\/li>\n\n\n\n<li>Die Frau, <em>der<\/em> du das Buch gegeben hast, ist meine Tante. (La femme \u00e0 qui tu as donn\u00e9 le livre est ma tante.)<\/li>\n<\/ul>\n\n\n\n<ol class=\"wp-block-list\">\n<li><strong>G\u00e9nitif<\/strong> : Le g\u00e9nitif est utilis\u00e9 lorsque le pronom relatif exprime une possession ou une appartenance.<\/li>\n<\/ol>\n\n\n\n<ul class=\"wp-block-list\">\n<li>Der Mann, <em>dessen<\/em> Auto kaputt ist, braucht Hilfe. (L&rsquo;homme dont la voiture est en panne a besoin d&rsquo;aide.)<\/li>\n\n\n\n<li>Die Frau, <em>deren<\/em> Kinder in der Schule sind, ist Lehrerin. (La femme dont les enfants sont \u00e0 l&rsquo;\u00e9cole est enseignante.)<\/li>\n<\/ul>\n\n\n\n<h2 class=\"wp-block-heading\" id=\"h-les-pronoms-relatifs-en-allemand-quelques-conseils\">Les pronoms relatifs en allemand : quelques conseils<\/h2>\n\n\n\n<p>Pour bien utiliser les pronoms relatifs en allemand, il est important de bien conna\u00eetre les r\u00e8gles de d\u00e9clinaison des articles d\u00e9finis. De plus, il faut \u00e9galement tenir compte du genre, du nombre et du cas du nom ou du pronom auquel se r\u00e9f\u00e8re le pronom relatif.<\/p>\n\n\n\n<p>Enfin, il est bon de savoir que les pronoms relatifs en allemand sont souvent suivis d&rsquo;une virgule, comme en fran\u00e7ais. Cela permet de marquer une pause et de faciliter la compr\u00e9hension de la phrase.<\/p>\n\n\n\n<h2 class=\"wp-block-heading\" id=\"h-conclusion\">Conclusion<\/h2>\n\n\n\n<p>Les pronoms relatifs en allemand sont des outils indispensables pour construire des phrases complexes et \u00e9viter les r\u00e9p\u00e9titions. En ma\u00eetrisant leurs formes et leurs usages, vous am\u00e9liorerez grandement votre expression \u00e9crite et orale en allemand. Alors n&rsquo;h\u00e9sitez pas \u00e0 vous entra\u00eener en \u00e9crivant des phrases avec des propositions relatives pour mettre en pratique ce que vous avez appris dans cet article.<\/p>\n","protected":false},"featured_media":1527668,"template":"","language":[384,403],"class_list":["post-10994","grammar","type-grammar","status-publish","has-post-thumbnail","hentry","language-allemand","language-determinants-et-pronoms-fr"],"acf":[],"yoast_head":"<!-- This site is optimized with the Yoast SEO Premium plugin v27.2 (Yoast SEO v27.2) - https:\/\/yoast.com\/product\/yoast-seo-premium-wordpress\/ -->\n<title>Guide Complet de la Grammaire Allemande : Les Pronoms R\u00e9fl\u00e9chis - Talkpal<\/title>\n<meta name=\"description\" content=\"Introduction aux Pronoms R\u00e9fl\u00e9chis en Allemand Les pronoms r\u00e9fl\u00e9chis sont essentiels pour ma\u00eetriser la grammaire allemande et fluidifier vos\" \/>\n<meta name=\"robots\" content=\"index, follow, max-snippet:-1, max-image-preview:large, max-video-preview:-1\" \/>\n<link rel=\"canonical\" href=\"https:\/\/talkpal.ai\/fr\/grammar\/guide-complet-de-la-grammaire-allemande-les-pronoms-reflechis\/\" \/>\n<meta property=\"og:locale\" content=\"fr_FR\" \/>\n<meta property=\"og:type\" content=\"article\" \/>\n<meta property=\"og:title\" content=\"Guide Complet de la Grammaire Allemande : Les Pronoms R\u00e9fl\u00e9chis\" \/>\n<meta property=\"og:description\" content=\"Introduction aux Pronoms R\u00e9fl\u00e9chis en Allemand Les pronoms r\u00e9fl\u00e9chis sont essentiels pour ma\u00eetriser la grammaire allemande et fluidifier vos\" \/>\n<meta property=\"og:url\" content=\"https:\/\/talkpal.ai\/fr\/grammar\/guide-complet-de-la-grammaire-allemande-les-pronoms-reflechis\/\" \/>\n<meta property=\"og:site_name\" content=\"Talkpal\" \/>\n<meta property=\"article:publisher\" content=\"https:\/\/www.facebook.com\/profile.php?id=100090733639311\" \/>\n<meta property=\"article:modified_time\" content=\"2025-12-24T14:12:32+00:00\" \/>\n<meta property=\"og:image\" content=\"https:\/\/talkpal.ai\/wp-content\/uploads\/2025\/12\/girl-studying-books-to-learn-languages.webp\" \/>\n\t<meta property=\"og:image:width\" content=\"1200\" \/>\n\t<meta property=\"og:image:height\" content=\"896\" \/>\n\t<meta property=\"og:image:type\" content=\"image\/webp\" \/>\n<meta name=\"twitter:card\" content=\"summary_large_image\" \/>\n<meta name=\"twitter:site\" content=\"@talkpalai\" \/>\n<meta name=\"twitter:label1\" content=\"Dur\u00e9e de lecture estim\u00e9e\" \/>\n\t<meta name=\"twitter:data1\" content=\"6 minutes\" \/>\n<script type=\"application\/ld+json\" class=\"yoast-schema-graph\">{\"@context\":\"https:\/\/schema.org\",\"@graph\":[{\"@type\":\"WebPage\",\"@id\":\"https:\/\/talkpal.ai\/fr\/grammar\/guide-complet-de-la-grammaire-allemande-les-pronoms-reflechis\/\",\"url\":\"https:\/\/talkpal.ai\/fr\/grammar\/guide-complet-de-la-grammaire-allemande-les-pronoms-reflechis\/\",\"name\":\"Guide Complet de la Grammaire Allemande : Les Pronoms R\u00e9fl\u00e9chis - Talkpal\",\"isPartOf\":{\"@id\":\"https:\/\/talkpal.ai\/fr\/#website\"},\"primaryImageOfPage\":{\"@id\":\"https:\/\/talkpal.ai\/fr\/grammar\/guide-complet-de-la-grammaire-allemande-les-pronoms-reflechis\/#primaryimage\"},\"image\":{\"@id\":\"https:\/\/talkpal.ai\/fr\/grammar\/guide-complet-de-la-grammaire-allemande-les-pronoms-reflechis\/#primaryimage\"},\"thumbnailUrl\":\"https:\/\/talkpal.ai\/wp-content\/uploads\/2025\/12\/girl-studying-books-to-learn-languages.webp\",\"datePublished\":\"2023-04-07T08:49:11+00:00\",\"dateModified\":\"2025-12-24T14:12:32+00:00\",\"description\":\"Introduction aux Pronoms R\u00e9fl\u00e9chis en Allemand Les pronoms r\u00e9fl\u00e9chis sont essentiels pour ma\u00eetriser la grammaire allemande et fluidifier vos\",\"breadcrumb\":{\"@id\":\"https:\/\/talkpal.ai\/fr\/grammar\/guide-complet-de-la-grammaire-allemande-les-pronoms-reflechis\/#breadcrumb\"},\"inLanguage\":\"fr-FR\",\"potentialAction\":[{\"@type\":\"ReadAction\",\"target\":[\"https:\/\/talkpal.ai\/fr\/grammar\/guide-complet-de-la-grammaire-allemande-les-pronoms-reflechis\/\"]}]},{\"@type\":\"ImageObject\",\"inLanguage\":\"fr-FR\",\"@id\":\"https:\/\/talkpal.ai\/fr\/grammar\/guide-complet-de-la-grammaire-allemande-les-pronoms-reflechis\/#primaryimage\",\"url\":\"https:\/\/talkpal.ai\/wp-content\/uploads\/2025\/12\/girl-studying-books-to-learn-languages.webp\",\"contentUrl\":\"https:\/\/talkpal.ai\/wp-content\/uploads\/2025\/12\/girl-studying-books-to-learn-languages.webp\",\"width\":1200,\"height\":896,\"caption\":\"A young woman wears glasses and studies an open book to learn languages in a library.\"},{\"@type\":\"BreadcrumbList\",\"@id\":\"https:\/\/talkpal.ai\/fr\/grammar\/guide-complet-de-la-grammaire-allemande-les-pronoms-reflechis\/#breadcrumb\",\"itemListElement\":[{\"@type\":\"ListItem\",\"position\":1,\"name\":\"Homepage\",\"item\":\"https:\/\/talkpal.ai\/fr\/\"},{\"@type\":\"ListItem\",\"position\":2,\"name\":\"Guide Complet de la Grammaire Allemande : Les Pronoms R\u00e9fl\u00e9chis\"}]},{\"@type\":\"WebSite\",\"@id\":\"https:\/\/talkpal.ai\/fr\/#website\",\"url\":\"https:\/\/talkpal.ai\/fr\/\",\"name\":\"Talkpal\",\"description\":\"AI Language Learning\",\"publisher\":{\"@id\":\"https:\/\/talkpal.ai\/fr\/#organization\"},\"alternateName\":\"Talkpal AI\",\"potentialAction\":[{\"@type\":\"SearchAction\",\"target\":{\"@type\":\"EntryPoint\",\"urlTemplate\":\"https:\/\/talkpal.ai\/fr\/?s={search_term_string}\"},\"query-input\":{\"@type\":\"PropertyValueSpecification\",\"valueRequired\":true,\"valueName\":\"search_term_string\"}}],\"inLanguage\":\"fr-FR\"},{\"@type\":\"Organization\",\"@id\":\"https:\/\/talkpal.ai\/fr\/#organization\",\"name\":\"Talkpal, Inc.\",\"alternateName\":\"Talkpal AI\",\"url\":\"https:\/\/talkpal.ai\/fr\/\",\"logo\":{\"@type\":\"ImageObject\",\"inLanguage\":\"fr-FR\",\"@id\":\"https:\/\/talkpal.ai\/fr\/#\/schema\/logo\/image\/\",\"url\":\"https:\/\/talkpal.ai\/wp-content\/uploads\/2024\/03\/Talkpal-Logo-Icon.png\",\"contentUrl\":\"https:\/\/talkpal.ai\/wp-content\/uploads\/2024\/03\/Talkpal-Logo-Icon.png\",\"width\":2880,\"height\":2880,\"caption\":\"Talkpal, Inc.\"},\"image\":{\"@id\":\"https:\/\/talkpal.ai\/fr\/#\/schema\/logo\/image\/\"},\"sameAs\":[\"https:\/\/www.facebook.com\/profile.php?id=100090733639311\",\"https:\/\/x.com\/talkpalai\",\"https:\/\/www.linkedin.com\/company\/talkpal\/\",\"https:\/\/www.youtube.com\/@TalkPal\/\",\"https:\/\/www.tiktok.com\/@talkpal\",\"https:\/\/www.instagram.com\/talkpal_ai\/\",\"https:\/\/www.crunchbase.com\/organization\/talkpal-9cde\",\"https:\/\/www.g2.com\/products\/talkpal-for-business\/\",\"https:\/\/www.trustpilot.com\/review\/talkpal.ai\",\"https:\/\/www.capterra.com\/p\/10006800\/TalkPal\/\"],\"description\":\"Talkpal is a language learning web and mobile education app, powered by the latest AI technologies, that provides engaging experiences to its customers in many different languages to help them improve their language skills. Users can chat about unlimited amount of topics with the app and use other modes to practice their language learning.\",\"email\":\"support@talkpal.ai\",\"legalName\":\"Talkpal, Inc.\",\"foundingDate\":\"2023-04-03\",\"duns\":\"118989042\",\"numberOfEmployees\":{\"@type\":\"QuantitativeValue\",\"minValue\":\"11\",\"maxValue\":\"50\"},\"publishingPrinciples\":\"https:\/\/talkpal.ai\/publishing-principles\/\",\"actionableFeedbackPolicy\":\"https:\/\/talkpal.ai\/actionable-feedback-policy\/\",\"correctionsPolicy\":\"https:\/\/talkpal.ai\/corrections-policy\/\",\"ethicsPolicy\":\"https:\/\/talkpal.ai\/ethics-policy\/\",\"diversityPolicy\":\"https:\/\/talkpal.ai\/diversity-policy\/\",\"diversityStaffingReport\":\"https:\/\/talkpal.ai\/diversity-policy\/\"}]}<\/script>\n<!-- \/ Yoast SEO Premium plugin. -->","yoast_head_json":{"title":"Guide Complet de la Grammaire Allemande : Les Pronoms R\u00e9fl\u00e9chis - Talkpal","description":"Introduction aux Pronoms R\u00e9fl\u00e9chis en Allemand Les pronoms r\u00e9fl\u00e9chis sont essentiels pour ma\u00eetriser la grammaire allemande et fluidifier vos","robots":{"index":"index","follow":"follow","max-snippet":"max-snippet:-1","max-image-preview":"max-image-preview:large","max-video-preview":"max-video-preview:-1"},"canonical":"https:\/\/talkpal.ai\/fr\/grammar\/guide-complet-de-la-grammaire-allemande-les-pronoms-reflechis\/","og_locale":"fr_FR","og_type":"article","og_title":"Guide Complet de la Grammaire Allemande : Les Pronoms R\u00e9fl\u00e9chis","og_description":"Introduction aux Pronoms R\u00e9fl\u00e9chis en Allemand Les pronoms r\u00e9fl\u00e9chis sont essentiels pour ma\u00eetriser la grammaire allemande et fluidifier vos","og_url":"https:\/\/talkpal.ai\/fr\/grammar\/guide-complet-de-la-grammaire-allemande-les-pronoms-reflechis\/","og_site_name":"Talkpal","article_publisher":"https:\/\/www.facebook.com\/profile.php?id=100090733639311","article_modified_time":"2025-12-24T14:12:32+00:00","og_image":[{"width":1200,"height":896,"url":"https:\/\/talkpal.ai\/wp-content\/uploads\/2025\/12\/girl-studying-books-to-learn-languages.webp","type":"image\/webp"}],"twitter_card":"summary_large_image","twitter_site":"@talkpalai","twitter_misc":{"Dur\u00e9e de lecture estim\u00e9e":"6 minutes"},"schema":{"@context":"https:\/\/schema.org","@graph":[{"@type":"WebPage","@id":"https:\/\/talkpal.ai\/fr\/grammar\/guide-complet-de-la-grammaire-allemande-les-pronoms-reflechis\/","url":"https:\/\/talkpal.ai\/fr\/grammar\/guide-complet-de-la-grammaire-allemande-les-pronoms-reflechis\/","name":"Guide Complet de la Grammaire Allemande : Les Pronoms R\u00e9fl\u00e9chis - Talkpal","isPartOf":{"@id":"https:\/\/talkpal.ai\/fr\/#website"},"primaryImageOfPage":{"@id":"https:\/\/talkpal.ai\/fr\/grammar\/guide-complet-de-la-grammaire-allemande-les-pronoms-reflechis\/#primaryimage"},"image":{"@id":"https:\/\/talkpal.ai\/fr\/grammar\/guide-complet-de-la-grammaire-allemande-les-pronoms-reflechis\/#primaryimage"},"thumbnailUrl":"https:\/\/talkpal.ai\/wp-content\/uploads\/2025\/12\/girl-studying-books-to-learn-languages.webp","datePublished":"2023-04-07T08:49:11+00:00","dateModified":"2025-12-24T14:12:32+00:00","description":"Introduction aux Pronoms R\u00e9fl\u00e9chis en Allemand Les pronoms r\u00e9fl\u00e9chis sont essentiels pour ma\u00eetriser la grammaire allemande et fluidifier vos","breadcrumb":{"@id":"https:\/\/talkpal.ai\/fr\/grammar\/guide-complet-de-la-grammaire-allemande-les-pronoms-reflechis\/#breadcrumb"},"inLanguage":"fr-FR","potentialAction":[{"@type":"ReadAction","target":["https:\/\/talkpal.ai\/fr\/grammar\/guide-complet-de-la-grammaire-allemande-les-pronoms-reflechis\/"]}]},{"@type":"ImageObject","inLanguage":"fr-FR","@id":"https:\/\/talkpal.ai\/fr\/grammar\/guide-complet-de-la-grammaire-allemande-les-pronoms-reflechis\/#primaryimage","url":"https:\/\/talkpal.ai\/wp-content\/uploads\/2025\/12\/girl-studying-books-to-learn-languages.webp","contentUrl":"https:\/\/talkpal.ai\/wp-content\/uploads\/2025\/12\/girl-studying-books-to-learn-languages.webp","width":1200,"height":896,"caption":"A young woman wears glasses and studies an open book to learn languages in a library."},{"@type":"BreadcrumbList","@id":"https:\/\/talkpal.ai\/fr\/grammar\/guide-complet-de-la-grammaire-allemande-les-pronoms-reflechis\/#breadcrumb","itemListElement":[{"@type":"ListItem","position":1,"name":"Homepage","item":"https:\/\/talkpal.ai\/fr\/"},{"@type":"ListItem","position":2,"name":"Guide Complet de la Grammaire Allemande : Les Pronoms R\u00e9fl\u00e9chis"}]},{"@type":"WebSite","@id":"https:\/\/talkpal.ai\/fr\/#website","url":"https:\/\/talkpal.ai\/fr\/","name":"Talkpal","description":"AI Language Learning","publisher":{"@id":"https:\/\/talkpal.ai\/fr\/#organization"},"alternateName":"Talkpal AI","potentialAction":[{"@type":"SearchAction","target":{"@type":"EntryPoint","urlTemplate":"https:\/\/talkpal.ai\/fr\/?s={search_term_string}"},"query-input":{"@type":"PropertyValueSpecification","valueRequired":true,"valueName":"search_term_string"}}],"inLanguage":"fr-FR"},{"@type":"Organization","@id":"https:\/\/talkpal.ai\/fr\/#organization","name":"Talkpal, Inc.","alternateName":"Talkpal AI","url":"https:\/\/talkpal.ai\/fr\/","logo":{"@type":"ImageObject","inLanguage":"fr-FR","@id":"https:\/\/talkpal.ai\/fr\/#\/schema\/logo\/image\/","url":"https:\/\/talkpal.ai\/wp-content\/uploads\/2024\/03\/Talkpal-Logo-Icon.png","contentUrl":"https:\/\/talkpal.ai\/wp-content\/uploads\/2024\/03\/Talkpal-Logo-Icon.png","width":2880,"height":2880,"caption":"Talkpal, Inc."},"image":{"@id":"https:\/\/talkpal.ai\/fr\/#\/schema\/logo\/image\/"},"sameAs":["https:\/\/www.facebook.com\/profile.php?id=100090733639311","https:\/\/x.com\/talkpalai","https:\/\/www.linkedin.com\/company\/talkpal\/","https:\/\/www.youtube.com\/@TalkPal\/","https:\/\/www.tiktok.com\/@talkpal","https:\/\/www.instagram.com\/talkpal_ai\/","https:\/\/www.crunchbase.com\/organization\/talkpal-9cde","https:\/\/www.g2.com\/products\/talkpal-for-business\/","https:\/\/www.trustpilot.com\/review\/talkpal.ai","https:\/\/www.capterra.com\/p\/10006800\/TalkPal\/"],"description":"Talkpal is a language learning web and mobile education app, powered by the latest AI technologies, that provides engaging experiences to its customers in many different languages to help them improve their language skills. Users can chat about unlimited amount of topics with the app and use other modes to practice their language learning.","email":"support@talkpal.ai","legalName":"Talkpal, Inc.","foundingDate":"2023-04-03","duns":"118989042","numberOfEmployees":{"@type":"QuantitativeValue","minValue":"11","maxValue":"50"},"publishingPrinciples":"https:\/\/talkpal.ai\/publishing-principles\/","actionableFeedbackPolicy":"https:\/\/talkpal.ai\/actionable-feedback-policy\/","correctionsPolicy":"https:\/\/talkpal.ai\/corrections-policy\/","ethicsPolicy":"https:\/\/talkpal.ai\/ethics-policy\/","diversityPolicy":"https:\/\/talkpal.ai\/diversity-policy\/","diversityStaffingReport":"https:\/\/talkpal.ai\/diversity-policy\/"}]}},"_links":{"self":[{"href":"https:\/\/talkpal.ai\/fr\/wp-json\/wp\/v2\/grammar\/10994","targetHints":{"allow":["GET"]}}],"collection":[{"href":"https:\/\/talkpal.ai\/fr\/wp-json\/wp\/v2\/grammar"}],"about":[{"href":"https:\/\/talkpal.ai\/fr\/wp-json\/wp\/v2\/types\/grammar"}],"wp:featuredmedia":[{"embeddable":true,"href":"https:\/\/talkpal.ai\/fr\/wp-json\/wp\/v2\/media\/1527668"}],"wp:attachment":[{"href":"https:\/\/talkpal.ai\/fr\/wp-json\/wp\/v2\/media?parent=10994"}],"wp:term":[{"taxonomy":"language","embeddable":true,"href":"https:\/\/talkpal.ai\/fr\/wp-json\/wp\/v2\/language?post=10994"}],"curies":[{"name":"wp","href":"https:\/\/api.w.org\/{rel}","templated":true}]}}