{"id":10974,"date":"2023-04-07T08:19:10","date_gmt":"2023-04-07T08:19:10","guid":{"rendered":"http:\/\/talkpal.ai\/?post_type=grammar&#038;p=10974"},"modified":"2023-04-22T13:59:05","modified_gmt":"2023-04-22T13:59:05","slug":"les-verbes-a-particule-en-allemand-maitrisez-la-grammaire-allemande","status":"publish","type":"grammar","link":"https:\/\/talkpal.ai\/fr\/grammar\/les-verbes-a-particule-en-allemand-maitrisez-la-grammaire-allemande\/","title":{"rendered":"Les verbes \u00e0 particule en allemand : ma\u00eetrisez la grammaire allemande"},"content":{"rendered":"\n<p>Les verbes \u00e0 particule jouent un r\u00f4le crucial dans la <a href=\"https:\/\/talkpal.ai\/german-grammar\/\">grammaire allemande<\/a>. Ils sont compos\u00e9s d&rsquo;un verbe de base et d&rsquo;une particule, qui peut \u00eatre pr\u00e9fix\u00e9e ou s\u00e9par\u00e9e. Dans cet article, nous allons explorer en profondeur les diff\u00e9rents types de verbes \u00e0 particule en <a href=\"https:\/\/talkpal.ai\/learn-german\/\">allemand<\/a>, leurs r\u00e8gles de formation et d&rsquo;utilisation, ainsi que des exemples concrets pour faciliter votre compr\u00e9hension.<\/p>\n\n\n\n<h2 class=\"wp-block-heading\">Les verbes \u00e0 particule pr\u00e9fix\u00e9e<\/h2>\n\n\n\n<h3 class=\"wp-block-heading\">Qu&rsquo;est-ce qu&rsquo;un verbe \u00e0 particule pr\u00e9fix\u00e9e ?<\/h3>\n\n\n\n<p>Les verbes \u00e0 particule pr\u00e9fix\u00e9e sont form\u00e9s par l&rsquo;ajout d&rsquo;une particule (pr\u00e9fixe) au d\u00e9but du verbe de base. Ces verbes ont une signification diff\u00e9rente de <a href=\"https:\/\/talkpal.ai\/locations\/language-courses-in-celle\/\">celle<\/a> du verbe de base et ne se s\u00e9parent pas lors de la conjugaison.<\/p>\n\n\n\n<h3 class=\"wp-block-heading\">Liste des particules pr\u00e9fix\u00e9es courantes<\/h3>\n\n\n\n<p>Voici quelques exemples de particules pr\u00e9fix\u00e9es couramment utilis\u00e9es en allemand :<\/p>\n\n\n\n<ul class=\"wp-block-list\">\n<li>an<\/li>\n\n\n\n<li>auf<\/li>\n\n\n\n<li>aus<\/li>\n\n\n\n<li>bei<\/li>\n\n\n\n<li>ein<\/li>\n\n\n\n<li>mit<\/li>\n\n\n\n<li>nach<\/li>\n\n\n\n<li>vor<\/li>\n\n\n\n<li>zu<\/li>\n<\/ul>\n\n\n\n<h3 class=\"wp-block-heading\">Exemples de verbes \u00e0 particule pr\u00e9fix\u00e9e<\/h3>\n\n\n\n<ul class=\"wp-block-list\">\n<li>anfangen (<a href=\"https:\/\/talkpal.ai\/ko\/ai-%ec%96%b8%ec%96%b4-%ea%b5%90%ec%82%ac\/\">commencer<\/a>) : Ich fange mit der Arbeit an. (Je commence le travail.)<\/li>\n\n\n\n<li>aufstehen (se lever) : Er steht um 7 Uhr auf. (Il se l\u00e8ve \u00e0 7 heures.)<\/li>\n\n\n\n<li>aussehen (<a href=\"https:\/\/talkpal.ai\/culture\/how-do-i-use-the-phrase-avoir-lair\/\">avoir l&rsquo;air<\/a>) : Sie sieht heute m\u00fcde aus. (Elle a l&rsquo;air fatigu\u00e9e aujourd&rsquo;hui.)<\/li>\n<\/ul>\n\n\n\n<h2 class=\"wp-block-heading\">Les verbes \u00e0 particule s\u00e9par\u00e9e<\/h2>\n\n\n\n<h3 class=\"wp-block-heading\">Qu&rsquo;est-ce qu&rsquo;un verbe \u00e0 particule s\u00e9par\u00e9e ?<\/h3>\n\n\n\n<p>Les verbes \u00e0 particule s\u00e9par\u00e9e sont \u00e9galement form\u00e9s en ajoutant une particule au verbe de base. Cependant, contrairement aux verbes \u00e0 particule pr\u00e9fix\u00e9e, la particule se s\u00e9pare du verbe de base lors de la conjugaison.<\/p>\n\n\n\n<h3 class=\"wp-block-heading\">Liste des particules s\u00e9par\u00e9es courantes<\/h3>\n\n\n\n<p>Voici quelques exemples de particules s\u00e9par\u00e9es couramment utilis\u00e9es en allemand :<\/p>\n\n\n\n<ul class=\"wp-block-list\">\n<li>ab<\/li>\n\n\n\n<li>an<\/li>\n\n\n\n<li>auf<\/li>\n\n\n\n<li>aus<\/li>\n\n\n\n<li>bei<\/li>\n\n\n\n<li>ein<\/li>\n\n\n\n<li>mit<\/li>\n\n\n\n<li>nach<\/li>\n\n\n\n<li>vor<\/li>\n\n\n\n<li>zu<\/li>\n<\/ul>\n\n\n\n<h3 class=\"wp-block-heading\">Exemples de verbes \u00e0 particule s\u00e9par\u00e9e<\/h3>\n\n\n\n<ul class=\"wp-block-list\">\n<li>abfahren (partir) : Der <a href=\"https:\/\/talkpal.ai\/locations\/language-courses-in-zug\/\">Zug<\/a> f\u00e4hrt um 8 Uhr ab. (Le train part \u00e0 8 heures.)<\/li>\n\n\n\n<li>anrufen (appeler) : Ich rufe dich sp\u00e4ter an. (Je t&rsquo;appelle plus tard.)<\/li>\n\n\n\n<li>einkaufen (faire les <a href=\"https:\/\/talkpal.ai\/courses\/\">courses<\/a>) : Sie kauft im Supermarkt ein. (Elle fait les courses au supermarch\u00e9.)<\/li>\n<\/ul>\n\n\n\n<h2 class=\"wp-block-heading\">Comment conjuguer les verbes \u00e0 particule en allemand<\/h2>\n\n\n\n<h3 class=\"wp-block-heading\">Conjugaison des verbes \u00e0 particule pr\u00e9fix\u00e9e<\/h3>\n\n\n\n<p>Les verbes \u00e0 particule pr\u00e9fix\u00e9e se conjuguent comme les <a href=\"https:\/\/talkpal.ai\/fr\/grammar\/verbes-reguliers-en-grammaire-thai\/\">verbes r\u00e9guliers<\/a> en allemand. La particule pr\u00e9fix\u00e9e reste attach\u00e9e au verbe de base tout au long de la conjugaison.<\/p>\n\n\n\n<p>Exemple :<\/p>\n\n\n\n<ul class=\"wp-block-list\">\n<li>anfangen (commencer)<\/li>\n\n\n\n<li>ich fange an<\/li>\n\n\n\n<li>du f\u00e4ngst an<\/li>\n\n\n\n<li>er\/sie\/es f\u00e4ngt an<\/li>\n\n\n\n<li>wir\/sie\/Sie fangen an<\/li>\n\n\n\n<li>ihr fangt an<\/li>\n\n\n\n<li>sie fangen an<\/li>\n<\/ul>\n\n\n\n<h3 class=\"wp-block-heading\">Conjugaison des verbes \u00e0 particule s\u00e9par\u00e9e<\/h3>\n\n\n\n<p>Lors de la conjugaison des verbes \u00e0 particule s\u00e9par\u00e9e, la particule se d\u00e9tache du verbe de base et se place \u00e0 la fin de la phrase.<\/p>\n\n\n\n<p>Exemple :<\/p>\n\n\n\n<ul class=\"wp-block-list\">\n<li>anrufen (appeler)<\/li>\n\n\n\n<li>ich rufe an<\/li>\n\n\n\n<li>du rufst an<\/li>\n\n\n\n<li>er\/sie\/es ruft an<\/li>\n\n\n\n<li>wir\/sie\/Sie rufen an<\/li>\n\n\n\n<li>ihr ruft an<\/li>\n\n\n\n<li>sie rufen an<\/li>\n<\/ul>\n\n\n\n<h2 class=\"wp-block-heading\">Conclusion<\/h2>\n\n\n\n<p>Les verbes \u00e0 particule en allemand sont essentiels pour exprimer des actions et des situations sp\u00e9cifiques. La ma\u00eetrise de leur utilisation et de leur conjugaison vous permettra d&rsquo;am\u00e9liorer consid\u00e9rablement votre niveau en allemand. N&rsquo;h\u00e9sitez pas \u00e0 pratiquer r\u00e9guli\u00e8rement avec des exemples et des exercices pour renforcer votre compr\u00e9hension de ces verbes complexes.<\/p>\n","protected":false},"featured_media":1527706,"template":"","language":[384,400],"class_list":["post-10974","grammar","type-grammar","status-publish","has-post-thumbnail","hentry","language-allemand","language-verbes-fr"],"acf":[],"yoast_head":"<!-- This site is optimized with the Yoast SEO Premium plugin v27.2 (Yoast SEO v27.2) - https:\/\/yoast.com\/product\/yoast-seo-premium-wordpress\/ -->\n<title>Les verbes \u00e0 particule en allemand : ma\u00eetrisez la grammaire allemande - Talkpal<\/title>\n<meta name=\"description\" content=\"Les verbes \u00e0 particule jouent un r\u00f4le crucial dans la grammaire allemande. Ils sont compos\u00e9s d&#039;un verbe de base et d&#039;une particule, qui peut \u00eatre pr\u00e9fix\u00e9e\" \/>\n<meta name=\"robots\" content=\"index, follow, max-snippet:-1, max-image-preview:large, max-video-preview:-1\" \/>\n<link rel=\"canonical\" href=\"https:\/\/talkpal.ai\/fr\/grammar\/les-verbes-a-particule-en-allemand-maitrisez-la-grammaire-allemande\/\" \/>\n<meta property=\"og:locale\" content=\"fr_FR\" \/>\n<meta property=\"og:type\" content=\"article\" \/>\n<meta property=\"og:title\" content=\"Les verbes \u00e0 particule en allemand : ma\u00eetrisez la grammaire allemande\" \/>\n<meta property=\"og:description\" content=\"Les verbes \u00e0 particule jouent un r\u00f4le crucial dans la grammaire allemande. Ils sont compos\u00e9s d&#039;un verbe de base et d&#039;une particule, qui peut \u00eatre pr\u00e9fix\u00e9e\" \/>\n<meta property=\"og:url\" content=\"https:\/\/talkpal.ai\/fr\/grammar\/les-verbes-a-particule-en-allemand-maitrisez-la-grammaire-allemande\/\" \/>\n<meta property=\"og:site_name\" content=\"Talkpal\" \/>\n<meta property=\"article:publisher\" content=\"https:\/\/www.facebook.com\/profile.php?id=100090733639311\" \/>\n<meta property=\"article:modified_time\" content=\"2023-04-22T13:59:05+00:00\" \/>\n<meta property=\"og:image\" content=\"https:\/\/talkpal.ai\/wp-content\/uploads\/2023\/04\/TalkPal-Illustration-of-students-studying-grammar-lessons-2.png\" \/>\n\t<meta property=\"og:image:width\" content=\"1456\" \/>\n\t<meta property=\"og:image:height\" content=\"816\" \/>\n\t<meta property=\"og:image:type\" content=\"image\/png\" \/>\n<meta name=\"twitter:card\" content=\"summary_large_image\" \/>\n<meta name=\"twitter:site\" content=\"@talkpalai\" \/>\n<meta name=\"twitter:label1\" content=\"Dur\u00e9e de lecture estim\u00e9e\" \/>\n\t<meta name=\"twitter:data1\" content=\"3 minutes\" \/>\n<script type=\"application\/ld+json\" class=\"yoast-schema-graph\">{\"@context\":\"https:\/\/schema.org\",\"@graph\":[{\"@type\":\"WebPage\",\"@id\":\"https:\/\/talkpal.ai\/fr\/grammar\/les-verbes-a-particule-en-allemand-maitrisez-la-grammaire-allemande\/\",\"url\":\"https:\/\/talkpal.ai\/fr\/grammar\/les-verbes-a-particule-en-allemand-maitrisez-la-grammaire-allemande\/\",\"name\":\"Les verbes \u00e0 particule en allemand : ma\u00eetrisez la grammaire allemande - Talkpal\",\"isPartOf\":{\"@id\":\"https:\/\/talkpal.ai\/fr\/#website\"},\"primaryImageOfPage\":{\"@id\":\"https:\/\/talkpal.ai\/fr\/grammar\/les-verbes-a-particule-en-allemand-maitrisez-la-grammaire-allemande\/#primaryimage\"},\"image\":{\"@id\":\"https:\/\/talkpal.ai\/fr\/grammar\/les-verbes-a-particule-en-allemand-maitrisez-la-grammaire-allemande\/#primaryimage\"},\"thumbnailUrl\":\"https:\/\/talkpal.ai\/wp-content\/uploads\/2025\/12\/headphones-worn-while-learning-languages.webp\",\"datePublished\":\"2023-04-07T08:19:10+00:00\",\"dateModified\":\"2023-04-22T13:59:05+00:00\",\"description\":\"Les verbes \u00e0 particule jouent un r\u00f4le crucial dans la grammaire allemande. Ils sont compos\u00e9s d'un verbe de base et d'une particule, qui peut \u00eatre pr\u00e9fix\u00e9e\",\"breadcrumb\":{\"@id\":\"https:\/\/talkpal.ai\/fr\/grammar\/les-verbes-a-particule-en-allemand-maitrisez-la-grammaire-allemande\/#breadcrumb\"},\"inLanguage\":\"fr-FR\",\"potentialAction\":[{\"@type\":\"ReadAction\",\"target\":[\"https:\/\/talkpal.ai\/fr\/grammar\/les-verbes-a-particule-en-allemand-maitrisez-la-grammaire-allemande\/\"]}]},{\"@type\":\"ImageObject\",\"inLanguage\":\"fr-FR\",\"@id\":\"https:\/\/talkpal.ai\/fr\/grammar\/les-verbes-a-particule-en-allemand-maitrisez-la-grammaire-allemande\/#primaryimage\",\"url\":\"https:\/\/talkpal.ai\/wp-content\/uploads\/2025\/12\/headphones-worn-while-learning-languages.webp\",\"contentUrl\":\"https:\/\/talkpal.ai\/wp-content\/uploads\/2025\/12\/headphones-worn-while-learning-languages.webp\",\"width\":1200,\"height\":896,\"caption\":\"A student wearing blue headphones takes notes in a workbook while learning languages in a library.\"},{\"@type\":\"BreadcrumbList\",\"@id\":\"https:\/\/talkpal.ai\/fr\/grammar\/les-verbes-a-particule-en-allemand-maitrisez-la-grammaire-allemande\/#breadcrumb\",\"itemListElement\":[{\"@type\":\"ListItem\",\"position\":1,\"name\":\"Homepage\",\"item\":\"https:\/\/talkpal.ai\/fr\/\"},{\"@type\":\"ListItem\",\"position\":2,\"name\":\"Les verbes \u00e0 particule en allemand : ma\u00eetrisez la grammaire allemande\"}]},{\"@type\":\"WebSite\",\"@id\":\"https:\/\/talkpal.ai\/fr\/#website\",\"url\":\"https:\/\/talkpal.ai\/fr\/\",\"name\":\"Talkpal\",\"description\":\"AI Language Learning\",\"publisher\":{\"@id\":\"https:\/\/talkpal.ai\/fr\/#organization\"},\"alternateName\":\"Talkpal AI\",\"potentialAction\":[{\"@type\":\"SearchAction\",\"target\":{\"@type\":\"EntryPoint\",\"urlTemplate\":\"https:\/\/talkpal.ai\/fr\/?s={search_term_string}\"},\"query-input\":{\"@type\":\"PropertyValueSpecification\",\"valueRequired\":true,\"valueName\":\"search_term_string\"}}],\"inLanguage\":\"fr-FR\"},{\"@type\":\"Organization\",\"@id\":\"https:\/\/talkpal.ai\/fr\/#organization\",\"name\":\"Talkpal, Inc.\",\"alternateName\":\"Talkpal AI\",\"url\":\"https:\/\/talkpal.ai\/fr\/\",\"logo\":{\"@type\":\"ImageObject\",\"inLanguage\":\"fr-FR\",\"@id\":\"https:\/\/talkpal.ai\/fr\/#\/schema\/logo\/image\/\",\"url\":\"https:\/\/talkpal.ai\/wp-content\/uploads\/2024\/03\/Talkpal-Logo-Icon.png\",\"contentUrl\":\"https:\/\/talkpal.ai\/wp-content\/uploads\/2024\/03\/Talkpal-Logo-Icon.png\",\"width\":2880,\"height\":2880,\"caption\":\"Talkpal, Inc.\"},\"image\":{\"@id\":\"https:\/\/talkpal.ai\/fr\/#\/schema\/logo\/image\/\"},\"sameAs\":[\"https:\/\/www.facebook.com\/profile.php?id=100090733639311\",\"https:\/\/x.com\/talkpalai\",\"https:\/\/www.linkedin.com\/company\/talkpal\/\",\"https:\/\/www.youtube.com\/@TalkPal\/\",\"https:\/\/www.tiktok.com\/@talkpal\",\"https:\/\/www.instagram.com\/talkpal_ai\/\",\"https:\/\/www.crunchbase.com\/organization\/talkpal-9cde\",\"https:\/\/www.g2.com\/products\/talkpal-for-business\/\",\"https:\/\/www.trustpilot.com\/review\/talkpal.ai\",\"https:\/\/www.capterra.com\/p\/10006800\/TalkPal\/\"],\"description\":\"Talkpal is a language learning web and mobile education app, powered by the latest AI technologies, that provides engaging experiences to its customers in many different languages to help them improve their language skills. Users can chat about unlimited amount of topics with the app and use other modes to practice their language learning.\",\"email\":\"support@talkpal.ai\",\"legalName\":\"Talkpal, Inc.\",\"foundingDate\":\"2023-04-03\",\"duns\":\"118989042\",\"numberOfEmployees\":{\"@type\":\"QuantitativeValue\",\"minValue\":\"11\",\"maxValue\":\"50\"},\"publishingPrinciples\":\"https:\/\/talkpal.ai\/publishing-principles\/\",\"actionableFeedbackPolicy\":\"https:\/\/talkpal.ai\/actionable-feedback-policy\/\",\"correctionsPolicy\":\"https:\/\/talkpal.ai\/corrections-policy\/\",\"ethicsPolicy\":\"https:\/\/talkpal.ai\/ethics-policy\/\",\"diversityPolicy\":\"https:\/\/talkpal.ai\/diversity-policy\/\",\"diversityStaffingReport\":\"https:\/\/talkpal.ai\/diversity-policy\/\"}]}<\/script>\n<!-- \/ Yoast SEO Premium plugin. -->","yoast_head_json":{"title":"Les verbes \u00e0 particule en allemand : ma\u00eetrisez la grammaire allemande - Talkpal","description":"Les verbes \u00e0 particule jouent un r\u00f4le crucial dans la grammaire allemande. Ils sont compos\u00e9s d'un verbe de base et d'une particule, qui peut \u00eatre pr\u00e9fix\u00e9e","robots":{"index":"index","follow":"follow","max-snippet":"max-snippet:-1","max-image-preview":"max-image-preview:large","max-video-preview":"max-video-preview:-1"},"canonical":"https:\/\/talkpal.ai\/fr\/grammar\/les-verbes-a-particule-en-allemand-maitrisez-la-grammaire-allemande\/","og_locale":"fr_FR","og_type":"article","og_title":"Les verbes \u00e0 particule en allemand : ma\u00eetrisez la grammaire allemande","og_description":"Les verbes \u00e0 particule jouent un r\u00f4le crucial dans la grammaire allemande. Ils sont compos\u00e9s d'un verbe de base et d'une particule, qui peut \u00eatre pr\u00e9fix\u00e9e","og_url":"https:\/\/talkpal.ai\/fr\/grammar\/les-verbes-a-particule-en-allemand-maitrisez-la-grammaire-allemande\/","og_site_name":"Talkpal","article_publisher":"https:\/\/www.facebook.com\/profile.php?id=100090733639311","article_modified_time":"2023-04-22T13:59:05+00:00","og_image":[{"width":1456,"height":816,"url":"https:\/\/talkpal.ai\/wp-content\/uploads\/2023\/04\/TalkPal-Illustration-of-students-studying-grammar-lessons-2.png","type":"image\/png"}],"twitter_card":"summary_large_image","twitter_site":"@talkpalai","twitter_misc":{"Dur\u00e9e de lecture estim\u00e9e":"3 minutes"},"schema":{"@context":"https:\/\/schema.org","@graph":[{"@type":"WebPage","@id":"https:\/\/talkpal.ai\/fr\/grammar\/les-verbes-a-particule-en-allemand-maitrisez-la-grammaire-allemande\/","url":"https:\/\/talkpal.ai\/fr\/grammar\/les-verbes-a-particule-en-allemand-maitrisez-la-grammaire-allemande\/","name":"Les verbes \u00e0 particule en allemand : ma\u00eetrisez la grammaire allemande - Talkpal","isPartOf":{"@id":"https:\/\/talkpal.ai\/fr\/#website"},"primaryImageOfPage":{"@id":"https:\/\/talkpal.ai\/fr\/grammar\/les-verbes-a-particule-en-allemand-maitrisez-la-grammaire-allemande\/#primaryimage"},"image":{"@id":"https:\/\/talkpal.ai\/fr\/grammar\/les-verbes-a-particule-en-allemand-maitrisez-la-grammaire-allemande\/#primaryimage"},"thumbnailUrl":"https:\/\/talkpal.ai\/wp-content\/uploads\/2025\/12\/headphones-worn-while-learning-languages.webp","datePublished":"2023-04-07T08:19:10+00:00","dateModified":"2023-04-22T13:59:05+00:00","description":"Les verbes \u00e0 particule jouent un r\u00f4le crucial dans la grammaire allemande. Ils sont compos\u00e9s d'un verbe de base et d'une particule, qui peut \u00eatre pr\u00e9fix\u00e9e","breadcrumb":{"@id":"https:\/\/talkpal.ai\/fr\/grammar\/les-verbes-a-particule-en-allemand-maitrisez-la-grammaire-allemande\/#breadcrumb"},"inLanguage":"fr-FR","potentialAction":[{"@type":"ReadAction","target":["https:\/\/talkpal.ai\/fr\/grammar\/les-verbes-a-particule-en-allemand-maitrisez-la-grammaire-allemande\/"]}]},{"@type":"ImageObject","inLanguage":"fr-FR","@id":"https:\/\/talkpal.ai\/fr\/grammar\/les-verbes-a-particule-en-allemand-maitrisez-la-grammaire-allemande\/#primaryimage","url":"https:\/\/talkpal.ai\/wp-content\/uploads\/2025\/12\/headphones-worn-while-learning-languages.webp","contentUrl":"https:\/\/talkpal.ai\/wp-content\/uploads\/2025\/12\/headphones-worn-while-learning-languages.webp","width":1200,"height":896,"caption":"A student wearing blue headphones takes notes in a workbook while learning languages in a library."},{"@type":"BreadcrumbList","@id":"https:\/\/talkpal.ai\/fr\/grammar\/les-verbes-a-particule-en-allemand-maitrisez-la-grammaire-allemande\/#breadcrumb","itemListElement":[{"@type":"ListItem","position":1,"name":"Homepage","item":"https:\/\/talkpal.ai\/fr\/"},{"@type":"ListItem","position":2,"name":"Les verbes \u00e0 particule en allemand : ma\u00eetrisez la grammaire allemande"}]},{"@type":"WebSite","@id":"https:\/\/talkpal.ai\/fr\/#website","url":"https:\/\/talkpal.ai\/fr\/","name":"Talkpal","description":"AI Language Learning","publisher":{"@id":"https:\/\/talkpal.ai\/fr\/#organization"},"alternateName":"Talkpal AI","potentialAction":[{"@type":"SearchAction","target":{"@type":"EntryPoint","urlTemplate":"https:\/\/talkpal.ai\/fr\/?s={search_term_string}"},"query-input":{"@type":"PropertyValueSpecification","valueRequired":true,"valueName":"search_term_string"}}],"inLanguage":"fr-FR"},{"@type":"Organization","@id":"https:\/\/talkpal.ai\/fr\/#organization","name":"Talkpal, Inc.","alternateName":"Talkpal AI","url":"https:\/\/talkpal.ai\/fr\/","logo":{"@type":"ImageObject","inLanguage":"fr-FR","@id":"https:\/\/talkpal.ai\/fr\/#\/schema\/logo\/image\/","url":"https:\/\/talkpal.ai\/wp-content\/uploads\/2024\/03\/Talkpal-Logo-Icon.png","contentUrl":"https:\/\/talkpal.ai\/wp-content\/uploads\/2024\/03\/Talkpal-Logo-Icon.png","width":2880,"height":2880,"caption":"Talkpal, Inc."},"image":{"@id":"https:\/\/talkpal.ai\/fr\/#\/schema\/logo\/image\/"},"sameAs":["https:\/\/www.facebook.com\/profile.php?id=100090733639311","https:\/\/x.com\/talkpalai","https:\/\/www.linkedin.com\/company\/talkpal\/","https:\/\/www.youtube.com\/@TalkPal\/","https:\/\/www.tiktok.com\/@talkpal","https:\/\/www.instagram.com\/talkpal_ai\/","https:\/\/www.crunchbase.com\/organization\/talkpal-9cde","https:\/\/www.g2.com\/products\/talkpal-for-business\/","https:\/\/www.trustpilot.com\/review\/talkpal.ai","https:\/\/www.capterra.com\/p\/10006800\/TalkPal\/"],"description":"Talkpal is a language learning web and mobile education app, powered by the latest AI technologies, that provides engaging experiences to its customers in many different languages to help them improve their language skills. Users can chat about unlimited amount of topics with the app and use other modes to practice their language learning.","email":"support@talkpal.ai","legalName":"Talkpal, Inc.","foundingDate":"2023-04-03","duns":"118989042","numberOfEmployees":{"@type":"QuantitativeValue","minValue":"11","maxValue":"50"},"publishingPrinciples":"https:\/\/talkpal.ai\/publishing-principles\/","actionableFeedbackPolicy":"https:\/\/talkpal.ai\/actionable-feedback-policy\/","correctionsPolicy":"https:\/\/talkpal.ai\/corrections-policy\/","ethicsPolicy":"https:\/\/talkpal.ai\/ethics-policy\/","diversityPolicy":"https:\/\/talkpal.ai\/diversity-policy\/","diversityStaffingReport":"https:\/\/talkpal.ai\/diversity-policy\/"}]}},"_links":{"self":[{"href":"https:\/\/talkpal.ai\/fr\/wp-json\/wp\/v2\/grammar\/10974","targetHints":{"allow":["GET"]}}],"collection":[{"href":"https:\/\/talkpal.ai\/fr\/wp-json\/wp\/v2\/grammar"}],"about":[{"href":"https:\/\/talkpal.ai\/fr\/wp-json\/wp\/v2\/types\/grammar"}],"wp:featuredmedia":[{"embeddable":true,"href":"https:\/\/talkpal.ai\/fr\/wp-json\/wp\/v2\/media\/1527706"}],"wp:attachment":[{"href":"https:\/\/talkpal.ai\/fr\/wp-json\/wp\/v2\/media?parent=10974"}],"wp:term":[{"taxonomy":"language","embeddable":true,"href":"https:\/\/talkpal.ai\/fr\/wp-json\/wp\/v2\/language?post=10974"}],"curies":[{"name":"wp","href":"https:\/\/api.w.org\/{rel}","templated":true}]}}