{"id":10973,"date":"2023-04-07T08:18:42","date_gmt":"2023-04-07T08:18:42","guid":{"rendered":"http:\/\/talkpal.ai\/?post_type=grammar&#038;p=10973"},"modified":"2023-04-22T13:59:06","modified_gmt":"2023-04-22T13:59:06","slug":"les-verbes-pronominaux-en-grammaire-allemande-une-etude-approfondie","status":"publish","type":"grammar","link":"https:\/\/talkpal.ai\/fr\/grammar\/les-verbes-pronominaux-en-grammaire-allemande-une-etude-approfondie\/","title":{"rendered":"Les verbes pronominaux en grammaire allemande : une \u00e9tude approfondie"},"content":{"rendered":"\n<p>Les <a href=\"https:\/\/talkpal.ai\/ar\/grammar_exercises\/verbes-pronominaux-%d8%aa%d9%85%d8%a7%d8%b1%d9%8a%d9%86-%d9%84%d9%84%d9%82%d9%88%d8%a7%d8%b9%d8%af-%d8%a7%d9%84%d9%81%d8%b1%d9%86%d8%b3%d9%8a%d8%a9\/\">verbes pronominaux<\/a> en <a href=\"https:\/\/talkpal.ai\/learn-german\/\">allemand<\/a> sont une classe de verbes qui se caract\u00e9risent par l&rsquo;utilisation d&rsquo;un pronom r\u00e9fl\u00e9chi \u00e0 la m\u00eame personne que le sujet du verbe. Dans cet article, nous allons \u00e9tudier en d\u00e9tail les caract\u00e9ristiques, les types et les r\u00e8gles de conjugaison des verbes pronominaux en allemand.<\/p>\n\n\n\n<h2 class=\"wp-block-heading\">Caract\u00e9ristiques des verbes pronominaux en allemand<\/h2>\n\n\n\n<p>Les verbes pronominaux en allemand peuvent \u00eatre identifi\u00e9s par la pr\u00e9sence d&rsquo;un pronom r\u00e9fl\u00e9chi plac\u00e9 avant le verbe. Ce pronom r\u00e9fl\u00e9chi indique que le sujet du verbe ex\u00e9cute l&rsquo;action sur lui-m\u00eame. Par exemple :<\/p>\n\n\n\n<ul class=\"wp-block-list\">\n<li>Ich wasche <strong>mich<\/strong> (Je me lave)<\/li>\n\n\n\n<li>Du k\u00e4mmst <strong>dich<\/strong> (Tu te coiffes)<\/li>\n<\/ul>\n\n\n\n<h2 class=\"wp-block-heading\">Types de verbes pronominaux en allemand<\/h2>\n\n\n\n<p>Il existe deux types principaux de verbes pronominaux en allemand : les <a href=\"https:\/\/talkpal.ai\/fr\/grammar\/verbes-reflechis-en-grammaire-catalane\/\">verbes r\u00e9fl\u00e9chis<\/a> et les verbes r\u00e9ciproques.<\/p>\n\n\n\n<h3 class=\"wp-block-heading\">Verbes r\u00e9fl\u00e9chis<\/h3>\n\n\n\n<p>Les <a href=\"https:\/\/talkpal.ai\/fr\/grammar\/verbes-reflechis-en-grammaire-catalane\/\">verbes r\u00e9fl\u00e9chis<\/a> sont ceux o\u00f9 le sujet effectue l&rsquo;action sur lui-m\u00eame. Par exemple :<\/p>\n\n\n\n<ul class=\"wp-block-list\">\n<li>Er rasiert <strong>sich<\/strong> (Il se rase)<\/li>\n\n\n\n<li>Sie freut <strong>sich<\/strong> (Elle se r\u00e9jouit)<\/li>\n<\/ul>\n\n\n\n<h3 class=\"wp-block-heading\">Verbes r\u00e9ciproques<\/h3>\n\n\n\n<p>Les verbes r\u00e9ciproques sont ceux o\u00f9 l&rsquo;action est effectu\u00e9e mutuellement entre les sujets. Par exemple :<\/p>\n\n\n\n<ul class=\"wp-block-list\">\n<li>Wir treffen <strong>uns<\/strong> (Nous nous rencontrons)<\/li>\n\n\n\n<li>Sie lieben <strong>sich<\/strong> (Ils s&rsquo;aiment)<\/li>\n<\/ul>\n\n\n\n<h2 class=\"wp-block-heading\">R\u00e8gles de conjugaison des verbes pronominaux en allemand<\/h2>\n\n\n\n<p>La conjugaison des verbes pronominaux en allemand suit les m\u00eames r\u00e8gles que la conjugaison des <a href=\"https:\/\/talkpal.ai\/fr\/grammar\/verbes-reguliers-en-grammaire-thai\/\">verbes r\u00e9guliers<\/a>, avec quelques particularit\u00e9s.<\/p>\n\n\n\n<h3 class=\"wp-block-heading\">Pronoms r\u00e9fl\u00e9chis<\/h3>\n\n\n\n<p>Les <a href=\"https:\/\/talkpal.ai\/fr\/grammar\/pronoms-reflechis-en-grammaire-thai\/\">pronoms r\u00e9fl\u00e9chis<\/a> utilis\u00e9s avec les verbes pronominaux sont les suivants :<\/p>\n\n\n\n<ul class=\"wp-block-list\">\n<li>1\u00e8re personne du singulier : mich (me)<\/li>\n\n\n\n<li>2\u00e8me personne du singulier : dich (te)<\/li>\n\n\n\n<li>3\u00e8me personne du singulier : sich (se)<\/li>\n\n\n\n<li>1\u00e8re personne du <a href=\"https:\/\/talkpal.ai\/ar\/grammar_exercises\/pluriel-%d8%aa%d9%85%d8%a7%d8%b1%d9%8a%d9%86-%d9%84%d9%84%d9%82%d9%88%d8%a7%d8%b9%d8%af-%d8%a7%d9%84%d9%81%d8%b1%d9%86%d8%b3%d9%8a%d8%a9\/\">pluriel<\/a> : uns (nous)<\/li>\n\n\n\n<li>2\u00e8me personne du pluriel : euch (vous)<\/li>\n\n\n\n<li>3\u00e8me personne du pluriel : sich (se)<\/li>\n<\/ul>\n\n\n\n<h3 class=\"wp-block-heading\">Conjugaison des verbes pronominaux au pr\u00e9sent<\/h3>\n\n\n\n<p>Au pr\u00e9sent, les verbes pronominaux se conjuguent comme les verbes r\u00e9guliers, en ajoutant le pronom r\u00e9fl\u00e9chi appropri\u00e9. Par exemple, pour le verbe \u00ab\u00a0sich waschen\u00a0\u00bb (se laver) :<\/p>\n\n\n\n<ul class=\"wp-block-list\">\n<li>Ich wasche mich<\/li>\n\n\n\n<li>Du w\u00e4schst dich<\/li>\n\n\n\n<li>Er\/sie\/es w\u00e4scht sich<\/li>\n\n\n\n<li>Wir waschen uns<\/li>\n\n\n\n<li>Ihr wascht euch<\/li>\n\n\n\n<li>Sie\/sie waschen sich<\/li>\n<\/ul>\n\n\n\n<h3 class=\"wp-block-heading\">Conjugaison des verbes pronominaux au pass\u00e9<\/h3>\n\n\n\n<p>Au pass\u00e9, les verbes pronominaux se conjuguent en utilisant l&rsquo;auxiliaire \u00ab\u00a0haben\u00a0\u00bb ou \u00ab\u00a0sein\u00a0\u00bb et le participe pass\u00e9 du verbe. Par exemple, pour le verbe \u00ab\u00a0sich freuen\u00a0\u00bb (se r\u00e9jouir) :<\/p>\n\n\n\n<ul class=\"wp-block-list\">\n<li>Ich habe mich gefreut<\/li>\n\n\n\n<li>Du hast dich gefreut<\/li>\n\n\n\n<li>Er\/sie\/es hat sich gefreut<\/li>\n\n\n\n<li>Wir haben uns gefreut<\/li>\n\n\n\n<li>Ihr habt euch gefreut<\/li>\n\n\n\n<li>Sie\/sie haben sich gefreut<\/li>\n<\/ul>\n\n\n\n<h3 class=\"wp-block-heading\">Conjugaison des verbes pronominaux au futur<\/h3>\n\n\n\n<p>Au futur, les verbes pronominaux se conjuguent en utilisant l&rsquo;auxiliaire \u00ab\u00a0werden\u00a0\u00bb et l&rsquo;infinitif du verbe. Par exemple, pour le verbe \u00ab\u00a0sich treffen\u00a0\u00bb (se rencontrer) :<\/p>\n\n\n\n<ul class=\"wp-block-list\">\n<li>Ich werde mich treffen<\/li>\n\n\n\n<li>Du wirst dich treffen<\/li>\n\n\n\n<li>Er\/sie\/es wird sich treffen<\/li>\n\n\n\n<li>Wir werden uns treffen<\/li>\n\n\n\n<li>Ihr werdet euch treffen<\/li>\n\n\n\n<li>Sie\/sie werden sich treffen<\/li>\n<\/ul>\n\n\n\n<h2 class=\"wp-block-heading\">Conclusion<\/h2>\n\n\n\n<p>Les verbes pronominaux en allemand constituent une classe importante de verbes qui permettent d&rsquo;exprimer des actions effectu\u00e9es sur soi-m\u00eame ou r\u00e9ciproquement entre les sujets. La ma\u00eetrise des r\u00e8gles de conjugaison et des <a href=\"https:\/\/talkpal.ai\/fr\/grammar\/pronoms-reflechis-en-grammaire-thai\/\">pronoms r\u00e9fl\u00e9chis<\/a> est essentielle pour parler et \u00e9crire correctement en allemand. En comprenant les caract\u00e9ristiques, les types et les r\u00e8gles de conjugaison des verbes pronominaux, vous serez en mesure de communiquer plus efficacement et avec plus de pr\u00e9cision en allemand.<\/p>\n","protected":false},"featured_media":1527997,"template":"","language":[384,400],"class_list":["post-10973","grammar","type-grammar","status-publish","has-post-thumbnail","hentry","language-allemand","language-verbes-fr"],"acf":[],"yoast_head":"<!-- This site is optimized with the Yoast SEO Premium plugin v27.2 (Yoast SEO v27.2) - https:\/\/yoast.com\/product\/yoast-seo-premium-wordpress\/ -->\n<title>Les verbes pronominaux en grammaire allemande : une \u00e9tude approfondie - Talkpal<\/title>\n<meta name=\"description\" content=\"Les verbes pronominaux en allemand sont une classe de verbes qui se caract\u00e9risent par l&#039;utilisation d&#039;un pronom r\u00e9fl\u00e9chi \u00e0 la m\u00eame personne que le sujet\" \/>\n<meta name=\"robots\" content=\"index, follow, max-snippet:-1, max-image-preview:large, max-video-preview:-1\" \/>\n<link rel=\"canonical\" href=\"https:\/\/talkpal.ai\/fr\/grammar\/les-verbes-pronominaux-en-grammaire-allemande-une-etude-approfondie\/\" \/>\n<meta property=\"og:locale\" content=\"fr_FR\" \/>\n<meta property=\"og:type\" content=\"article\" \/>\n<meta property=\"og:title\" content=\"Les verbes pronominaux en grammaire allemande : une \u00e9tude approfondie\" \/>\n<meta property=\"og:description\" content=\"Les verbes pronominaux en allemand sont une classe de verbes qui se caract\u00e9risent par l&#039;utilisation d&#039;un pronom r\u00e9fl\u00e9chi \u00e0 la m\u00eame personne que le sujet\" \/>\n<meta property=\"og:url\" content=\"https:\/\/talkpal.ai\/fr\/grammar\/les-verbes-pronominaux-en-grammaire-allemande-une-etude-approfondie\/\" \/>\n<meta property=\"og:site_name\" content=\"Talkpal\" \/>\n<meta property=\"article:publisher\" content=\"https:\/\/www.facebook.com\/profile.php?id=100090733639311\" \/>\n<meta property=\"article:modified_time\" content=\"2023-04-22T13:59:06+00:00\" \/>\n<meta property=\"og:image\" content=\"https:\/\/talkpal.ai\/wp-content\/uploads\/2023\/04\/TalkPal-Illustration-of-students-studying-grammar-lessons-97.png\" \/>\n\t<meta property=\"og:image:width\" content=\"1456\" \/>\n\t<meta property=\"og:image:height\" content=\"816\" \/>\n\t<meta property=\"og:image:type\" content=\"image\/png\" \/>\n<meta name=\"twitter:card\" content=\"summary_large_image\" \/>\n<meta name=\"twitter:site\" content=\"@talkpalai\" \/>\n<meta name=\"twitter:label1\" content=\"Dur\u00e9e de lecture estim\u00e9e\" \/>\n\t<meta name=\"twitter:data1\" content=\"3 minutes\" \/>\n<script type=\"application\/ld+json\" class=\"yoast-schema-graph\">{\"@context\":\"https:\/\/schema.org\",\"@graph\":[{\"@type\":\"WebPage\",\"@id\":\"https:\/\/talkpal.ai\/fr\/grammar\/les-verbes-pronominaux-en-grammaire-allemande-une-etude-approfondie\/\",\"url\":\"https:\/\/talkpal.ai\/fr\/grammar\/les-verbes-pronominaux-en-grammaire-allemande-une-etude-approfondie\/\",\"name\":\"Les verbes pronominaux en grammaire allemande : une \u00e9tude approfondie - Talkpal\",\"isPartOf\":{\"@id\":\"https:\/\/talkpal.ai\/fr\/#website\"},\"primaryImageOfPage\":{\"@id\":\"https:\/\/talkpal.ai\/fr\/grammar\/les-verbes-pronominaux-en-grammaire-allemande-une-etude-approfondie\/#primaryimage\"},\"image\":{\"@id\":\"https:\/\/talkpal.ai\/fr\/grammar\/les-verbes-pronominaux-en-grammaire-allemande-une-etude-approfondie\/#primaryimage\"},\"thumbnailUrl\":\"https:\/\/talkpal.ai\/wp-content\/uploads\/2025\/12\/students-using-laptops-learning-languages.webp\",\"datePublished\":\"2023-04-07T08:18:42+00:00\",\"dateModified\":\"2023-04-22T13:59:06+00:00\",\"description\":\"Les verbes pronominaux en allemand sont une classe de verbes qui se caract\u00e9risent par l'utilisation d'un pronom r\u00e9fl\u00e9chi \u00e0 la m\u00eame personne que le sujet\",\"breadcrumb\":{\"@id\":\"https:\/\/talkpal.ai\/fr\/grammar\/les-verbes-pronominaux-en-grammaire-allemande-une-etude-approfondie\/#breadcrumb\"},\"inLanguage\":\"fr-FR\",\"potentialAction\":[{\"@type\":\"ReadAction\",\"target\":[\"https:\/\/talkpal.ai\/fr\/grammar\/les-verbes-pronominaux-en-grammaire-allemande-une-etude-approfondie\/\"]}]},{\"@type\":\"ImageObject\",\"inLanguage\":\"fr-FR\",\"@id\":\"https:\/\/talkpal.ai\/fr\/grammar\/les-verbes-pronominaux-en-grammaire-allemande-une-etude-approfondie\/#primaryimage\",\"url\":\"https:\/\/talkpal.ai\/wp-content\/uploads\/2025\/12\/students-using-laptops-learning-languages.webp\",\"contentUrl\":\"https:\/\/talkpal.ai\/wp-content\/uploads\/2025\/12\/students-using-laptops-learning-languages.webp\",\"width\":1200,\"height\":896,\"caption\":\"Several students work at a shared library table using laptops to learn languages.\"},{\"@type\":\"BreadcrumbList\",\"@id\":\"https:\/\/talkpal.ai\/fr\/grammar\/les-verbes-pronominaux-en-grammaire-allemande-une-etude-approfondie\/#breadcrumb\",\"itemListElement\":[{\"@type\":\"ListItem\",\"position\":1,\"name\":\"Homepage\",\"item\":\"https:\/\/talkpal.ai\/fr\/\"},{\"@type\":\"ListItem\",\"position\":2,\"name\":\"Les verbes pronominaux en grammaire allemande : une \u00e9tude approfondie\"}]},{\"@type\":\"WebSite\",\"@id\":\"https:\/\/talkpal.ai\/fr\/#website\",\"url\":\"https:\/\/talkpal.ai\/fr\/\",\"name\":\"Talkpal\",\"description\":\"AI Language Learning\",\"publisher\":{\"@id\":\"https:\/\/talkpal.ai\/fr\/#organization\"},\"alternateName\":\"Talkpal AI\",\"potentialAction\":[{\"@type\":\"SearchAction\",\"target\":{\"@type\":\"EntryPoint\",\"urlTemplate\":\"https:\/\/talkpal.ai\/fr\/?s={search_term_string}\"},\"query-input\":{\"@type\":\"PropertyValueSpecification\",\"valueRequired\":true,\"valueName\":\"search_term_string\"}}],\"inLanguage\":\"fr-FR\"},{\"@type\":\"Organization\",\"@id\":\"https:\/\/talkpal.ai\/fr\/#organization\",\"name\":\"Talkpal, Inc.\",\"alternateName\":\"Talkpal AI\",\"url\":\"https:\/\/talkpal.ai\/fr\/\",\"logo\":{\"@type\":\"ImageObject\",\"inLanguage\":\"fr-FR\",\"@id\":\"https:\/\/talkpal.ai\/fr\/#\/schema\/logo\/image\/\",\"url\":\"https:\/\/talkpal.ai\/wp-content\/uploads\/2024\/03\/Talkpal-Logo-Icon.png\",\"contentUrl\":\"https:\/\/talkpal.ai\/wp-content\/uploads\/2024\/03\/Talkpal-Logo-Icon.png\",\"width\":2880,\"height\":2880,\"caption\":\"Talkpal, Inc.\"},\"image\":{\"@id\":\"https:\/\/talkpal.ai\/fr\/#\/schema\/logo\/image\/\"},\"sameAs\":[\"https:\/\/www.facebook.com\/profile.php?id=100090733639311\",\"https:\/\/x.com\/talkpalai\",\"https:\/\/www.linkedin.com\/company\/talkpal\/\",\"https:\/\/www.youtube.com\/@TalkPal\/\",\"https:\/\/www.tiktok.com\/@talkpal\",\"https:\/\/www.instagram.com\/talkpal_ai\/\",\"https:\/\/www.crunchbase.com\/organization\/talkpal-9cde\",\"https:\/\/www.g2.com\/products\/talkpal-for-business\/\",\"https:\/\/www.trustpilot.com\/review\/talkpal.ai\",\"https:\/\/www.capterra.com\/p\/10006800\/TalkPal\/\"],\"description\":\"Talkpal is a language learning web and mobile education app, powered by the latest AI technologies, that provides engaging experiences to its customers in many different languages to help them improve their language skills. Users can chat about unlimited amount of topics with the app and use other modes to practice their language learning.\",\"email\":\"support@talkpal.ai\",\"legalName\":\"Talkpal, Inc.\",\"foundingDate\":\"2023-04-03\",\"duns\":\"118989042\",\"numberOfEmployees\":{\"@type\":\"QuantitativeValue\",\"minValue\":\"11\",\"maxValue\":\"50\"},\"publishingPrinciples\":\"https:\/\/talkpal.ai\/publishing-principles\/\",\"actionableFeedbackPolicy\":\"https:\/\/talkpal.ai\/actionable-feedback-policy\/\",\"correctionsPolicy\":\"https:\/\/talkpal.ai\/corrections-policy\/\",\"ethicsPolicy\":\"https:\/\/talkpal.ai\/ethics-policy\/\",\"diversityPolicy\":\"https:\/\/talkpal.ai\/diversity-policy\/\",\"diversityStaffingReport\":\"https:\/\/talkpal.ai\/diversity-policy\/\"}]}<\/script>\n<!-- \/ Yoast SEO Premium plugin. -->","yoast_head_json":{"title":"Les verbes pronominaux en grammaire allemande : une \u00e9tude approfondie - Talkpal","description":"Les verbes pronominaux en allemand sont une classe de verbes qui se caract\u00e9risent par l'utilisation d'un pronom r\u00e9fl\u00e9chi \u00e0 la m\u00eame personne que le sujet","robots":{"index":"index","follow":"follow","max-snippet":"max-snippet:-1","max-image-preview":"max-image-preview:large","max-video-preview":"max-video-preview:-1"},"canonical":"https:\/\/talkpal.ai\/fr\/grammar\/les-verbes-pronominaux-en-grammaire-allemande-une-etude-approfondie\/","og_locale":"fr_FR","og_type":"article","og_title":"Les verbes pronominaux en grammaire allemande : une \u00e9tude approfondie","og_description":"Les verbes pronominaux en allemand sont une classe de verbes qui se caract\u00e9risent par l'utilisation d'un pronom r\u00e9fl\u00e9chi \u00e0 la m\u00eame personne que le sujet","og_url":"https:\/\/talkpal.ai\/fr\/grammar\/les-verbes-pronominaux-en-grammaire-allemande-une-etude-approfondie\/","og_site_name":"Talkpal","article_publisher":"https:\/\/www.facebook.com\/profile.php?id=100090733639311","article_modified_time":"2023-04-22T13:59:06+00:00","og_image":[{"width":1456,"height":816,"url":"https:\/\/talkpal.ai\/wp-content\/uploads\/2023\/04\/TalkPal-Illustration-of-students-studying-grammar-lessons-97.png","type":"image\/png"}],"twitter_card":"summary_large_image","twitter_site":"@talkpalai","twitter_misc":{"Dur\u00e9e de lecture estim\u00e9e":"3 minutes"},"schema":{"@context":"https:\/\/schema.org","@graph":[{"@type":"WebPage","@id":"https:\/\/talkpal.ai\/fr\/grammar\/les-verbes-pronominaux-en-grammaire-allemande-une-etude-approfondie\/","url":"https:\/\/talkpal.ai\/fr\/grammar\/les-verbes-pronominaux-en-grammaire-allemande-une-etude-approfondie\/","name":"Les verbes pronominaux en grammaire allemande : une \u00e9tude approfondie - Talkpal","isPartOf":{"@id":"https:\/\/talkpal.ai\/fr\/#website"},"primaryImageOfPage":{"@id":"https:\/\/talkpal.ai\/fr\/grammar\/les-verbes-pronominaux-en-grammaire-allemande-une-etude-approfondie\/#primaryimage"},"image":{"@id":"https:\/\/talkpal.ai\/fr\/grammar\/les-verbes-pronominaux-en-grammaire-allemande-une-etude-approfondie\/#primaryimage"},"thumbnailUrl":"https:\/\/talkpal.ai\/wp-content\/uploads\/2025\/12\/students-using-laptops-learning-languages.webp","datePublished":"2023-04-07T08:18:42+00:00","dateModified":"2023-04-22T13:59:06+00:00","description":"Les verbes pronominaux en allemand sont une classe de verbes qui se caract\u00e9risent par l'utilisation d'un pronom r\u00e9fl\u00e9chi \u00e0 la m\u00eame personne que le sujet","breadcrumb":{"@id":"https:\/\/talkpal.ai\/fr\/grammar\/les-verbes-pronominaux-en-grammaire-allemande-une-etude-approfondie\/#breadcrumb"},"inLanguage":"fr-FR","potentialAction":[{"@type":"ReadAction","target":["https:\/\/talkpal.ai\/fr\/grammar\/les-verbes-pronominaux-en-grammaire-allemande-une-etude-approfondie\/"]}]},{"@type":"ImageObject","inLanguage":"fr-FR","@id":"https:\/\/talkpal.ai\/fr\/grammar\/les-verbes-pronominaux-en-grammaire-allemande-une-etude-approfondie\/#primaryimage","url":"https:\/\/talkpal.ai\/wp-content\/uploads\/2025\/12\/students-using-laptops-learning-languages.webp","contentUrl":"https:\/\/talkpal.ai\/wp-content\/uploads\/2025\/12\/students-using-laptops-learning-languages.webp","width":1200,"height":896,"caption":"Several students work at a shared library table using laptops to learn languages."},{"@type":"BreadcrumbList","@id":"https:\/\/talkpal.ai\/fr\/grammar\/les-verbes-pronominaux-en-grammaire-allemande-une-etude-approfondie\/#breadcrumb","itemListElement":[{"@type":"ListItem","position":1,"name":"Homepage","item":"https:\/\/talkpal.ai\/fr\/"},{"@type":"ListItem","position":2,"name":"Les verbes pronominaux en grammaire allemande : une \u00e9tude approfondie"}]},{"@type":"WebSite","@id":"https:\/\/talkpal.ai\/fr\/#website","url":"https:\/\/talkpal.ai\/fr\/","name":"Talkpal","description":"AI Language Learning","publisher":{"@id":"https:\/\/talkpal.ai\/fr\/#organization"},"alternateName":"Talkpal AI","potentialAction":[{"@type":"SearchAction","target":{"@type":"EntryPoint","urlTemplate":"https:\/\/talkpal.ai\/fr\/?s={search_term_string}"},"query-input":{"@type":"PropertyValueSpecification","valueRequired":true,"valueName":"search_term_string"}}],"inLanguage":"fr-FR"},{"@type":"Organization","@id":"https:\/\/talkpal.ai\/fr\/#organization","name":"Talkpal, Inc.","alternateName":"Talkpal AI","url":"https:\/\/talkpal.ai\/fr\/","logo":{"@type":"ImageObject","inLanguage":"fr-FR","@id":"https:\/\/talkpal.ai\/fr\/#\/schema\/logo\/image\/","url":"https:\/\/talkpal.ai\/wp-content\/uploads\/2024\/03\/Talkpal-Logo-Icon.png","contentUrl":"https:\/\/talkpal.ai\/wp-content\/uploads\/2024\/03\/Talkpal-Logo-Icon.png","width":2880,"height":2880,"caption":"Talkpal, Inc."},"image":{"@id":"https:\/\/talkpal.ai\/fr\/#\/schema\/logo\/image\/"},"sameAs":["https:\/\/www.facebook.com\/profile.php?id=100090733639311","https:\/\/x.com\/talkpalai","https:\/\/www.linkedin.com\/company\/talkpal\/","https:\/\/www.youtube.com\/@TalkPal\/","https:\/\/www.tiktok.com\/@talkpal","https:\/\/www.instagram.com\/talkpal_ai\/","https:\/\/www.crunchbase.com\/organization\/talkpal-9cde","https:\/\/www.g2.com\/products\/talkpal-for-business\/","https:\/\/www.trustpilot.com\/review\/talkpal.ai","https:\/\/www.capterra.com\/p\/10006800\/TalkPal\/"],"description":"Talkpal is a language learning web and mobile education app, powered by the latest AI technologies, that provides engaging experiences to its customers in many different languages to help them improve their language skills. Users can chat about unlimited amount of topics with the app and use other modes to practice their language learning.","email":"support@talkpal.ai","legalName":"Talkpal, Inc.","foundingDate":"2023-04-03","duns":"118989042","numberOfEmployees":{"@type":"QuantitativeValue","minValue":"11","maxValue":"50"},"publishingPrinciples":"https:\/\/talkpal.ai\/publishing-principles\/","actionableFeedbackPolicy":"https:\/\/talkpal.ai\/actionable-feedback-policy\/","correctionsPolicy":"https:\/\/talkpal.ai\/corrections-policy\/","ethicsPolicy":"https:\/\/talkpal.ai\/ethics-policy\/","diversityPolicy":"https:\/\/talkpal.ai\/diversity-policy\/","diversityStaffingReport":"https:\/\/talkpal.ai\/diversity-policy\/"}]}},"_links":{"self":[{"href":"https:\/\/talkpal.ai\/fr\/wp-json\/wp\/v2\/grammar\/10973","targetHints":{"allow":["GET"]}}],"collection":[{"href":"https:\/\/talkpal.ai\/fr\/wp-json\/wp\/v2\/grammar"}],"about":[{"href":"https:\/\/talkpal.ai\/fr\/wp-json\/wp\/v2\/types\/grammar"}],"wp:featuredmedia":[{"embeddable":true,"href":"https:\/\/talkpal.ai\/fr\/wp-json\/wp\/v2\/media\/1527997"}],"wp:attachment":[{"href":"https:\/\/talkpal.ai\/fr\/wp-json\/wp\/v2\/media?parent=10973"}],"wp:term":[{"taxonomy":"language","embeddable":true,"href":"https:\/\/talkpal.ai\/fr\/wp-json\/wp\/v2\/language?post=10973"}],"curies":[{"name":"wp","href":"https:\/\/api.w.org\/{rel}","templated":true}]}}