{"id":10971,"date":"2023-04-07T08:17:56","date_gmt":"2023-04-07T08:17:56","guid":{"rendered":"http:\/\/talkpal.ai\/?post_type=grammar&#038;p=10971"},"modified":"2023-04-22T13:59:08","modified_gmt":"2023-04-22T13:59:08","slug":"les-verbes-modaux-en-allemand-maitrisez-les-regles-de-grammaire-allemande","status":"publish","type":"grammar","link":"https:\/\/talkpal.ai\/fr\/grammar\/les-verbes-modaux-en-allemand-maitrisez-les-regles-de-grammaire-allemande\/","title":{"rendered":"Les Verbes Modaux en Allemand : Ma\u00eetrisez les R\u00e8gles de Grammaire Allemande"},"content":{"rendered":"\n<h2 class=\"wp-block-heading\">Introduction aux Verbes Modaux Allemands<\/h2>\n\n\n\n<p>Les verbes modaux sont des verbes auxiliaires qui permettent d&rsquo;exprimer la modalit\u00e9, c&rsquo;est-\u00e0-dire l&rsquo;attitude du locuteur vis-\u00e0-vis de l&rsquo;action d\u00e9crite par le verbe principal. En <a href=\"https:\/\/talkpal.ai\/learn-german\/\">allemand<\/a>, il existe six verbes modaux : <em>d\u00fcrfen<\/em> (avoir la permission), <em>k\u00f6nnen<\/em> (pouvoir), <em>m\u00f6gen<\/em> (aimer), <em>m\u00fcssen<\/em> (devoir), <em>sollen<\/em> (devoir) et <em>wollen<\/em> (vouloir). Dans cet article, nous vous pr\u00e9sentons en d\u00e9tail ces verbes modaux et leurs r\u00e8gles d&rsquo;utilisation.<\/p>\n\n\n\n<h2 class=\"wp-block-heading\">Conjugaison des Verbes Modaux<\/h2>\n\n\n\n<p>Voici la conjugaison des verbes modaux au pr\u00e9sent de l&rsquo;indicatif :<\/p>\n\n\n\n<figure class=\"wp-block-table\"><table><thead><tr><th>Pronom<\/th><th>d\u00fcrfen<\/th><th>k\u00f6nnen<\/th><th>m\u00f6gen<\/th><th>m\u00fcssen<\/th><th>sollen<\/th><th>wollen<\/th><\/tr><\/thead><tbody><tr><td>ich<\/td><td>darf<\/td><td>kann<\/td><td>mag<\/td><td>muss<\/td><td>soll<\/td><td>will<\/td><\/tr><tr><td>du<\/td><td>darfst<\/td><td>kannst<\/td><td>magst<\/td><td>musst<\/td><td>sollst<\/td><td>willst<\/td><\/tr><tr><td>er\/sie\/es<\/td><td>darf<\/td><td>kann<\/td><td>mag<\/td><td>muss<\/td><td>soll<\/td><td>will<\/td><\/tr><tr><td>wir<\/td><td>d\u00fcrfen<\/td><td>k\u00f6nnen<\/td><td>m\u00f6gen<\/td><td>m\u00fcssen<\/td><td>sollen<\/td><td>wollen<\/td><\/tr><tr><td>ihr<\/td><td>d\u00fcrft<\/td><td>k\u00f6nnt<\/td><td>m\u00f6gt<\/td><td>m\u00fcsst<\/td><td>sollt<\/td><td>wollt<\/td><\/tr><tr><td>sie\/Sie<\/td><td>d\u00fcrfen<\/td><td>k\u00f6nnen<\/td><td>m\u00f6gen<\/td><td>m\u00fcssen<\/td><td>sollen<\/td><td>wollen<\/td><\/tr><\/tbody><\/table><\/figure>\n\n\n\n<h2 class=\"wp-block-heading\">Utilisation des Verbes Modaux<\/h2>\n\n\n\n<h3 class=\"wp-block-heading\">1. D\u00fcrfen (avoir la permission)<\/h3>\n\n\n\n<p><em>D\u00fcrfen<\/em> sert \u00e0 exprimer l&rsquo;autorisation ou l&rsquo;interdiction. Il correspond g\u00e9n\u00e9ralement aux verbes <a href=\"https:\/\/talkpal.ai\/learn-french\/\">fran\u00e7ais<\/a> \u00ab\u00a0pouvoir\u00a0\u00bb ou \u00ab\u00a0avoir le droit\u00a0\u00bb dans le <a href=\"https:\/\/talkpal.ai\/locations\/language-courses-in-sens\/\">sens<\/a> de l&rsquo;autorisation.<\/p>\n\n\n\n<ul class=\"wp-block-list\">\n<li><em>Du darfst heute fr\u00fcher gehen.<\/em> (Tu as le droit de partir plus t\u00f4t aujourd&rsquo;hui.)<\/li>\n\n\n\n<li><em>Du darfst nicht rauchen.<\/em> (Tu n&rsquo;as pas le droit de fumer.)<\/li>\n<\/ul>\n\n\n\n<h3 class=\"wp-block-heading\">2. K\u00f6nnen (pouvoir)<\/h3>\n\n\n\n<p><em>K\u00f6nnen<\/em> exprime la capacit\u00e9, la possibilit\u00e9 ou l&rsquo;aptitude, et correspond au verbe fran\u00e7ais \u00ab\u00a0pouvoir\u00a0\u00bb dans ces sens.<\/p>\n\n\n\n<ul class=\"wp-block-list\">\n<li><em>Ich kann nicht kommen.<\/em> (Je ne peux pas venir.)<\/li>\n\n\n\n<li><em>Sie kann sehr gut singen.<\/em> (Elle chante tr\u00e8s bien.)<\/li>\n<\/ul>\n\n\n\n<h3 class=\"wp-block-heading\">3. M\u00f6gen (aimer)<\/h3>\n\n\n\n<p><em>M\u00f6gen<\/em> indique une pr\u00e9f\u00e9rence ou une appr\u00e9ciation. Il est souvent utilis\u00e9 avec le sens de \u00ab\u00a0aimer\u00a0\u00bb en fran\u00e7ais.<\/p>\n\n\n\n<ul class=\"wp-block-list\">\n<li><em>Ich mag Schokolade.<\/em> (J&rsquo;aime le chocolat.)<\/li>\n\n\n\n<li><em>Er mag sie nicht.<\/em> (Il ne l&rsquo;aime pas.)<\/li>\n<\/ul>\n\n\n\n<h3 class=\"wp-block-heading\">4. M\u00fcssen (devoir)<\/h3>\n\n\n\n<p><em>M\u00fcssen<\/em> exprime une obligation, une n\u00e9cessit\u00e9 ou une contrainte. Il correspond au verbe fran\u00e7ais \u00ab\u00a0devoir\u00a0\u00bb dans ces sens.<\/p>\n\n\n\n<ul class=\"wp-block-list\">\n<li><em>Ich muss arbeiten.<\/em> (Je dois travailler.)<\/li>\n\n\n\n<li><em>Wir m\u00fcssen gehen.<\/em> (Nous devons partir.)<\/li>\n<\/ul>\n\n\n\n<h3 class=\"wp-block-heading\">5. Sollen (devoir)<\/h3>\n\n\n\n<p><em>Sollen<\/em> sert \u00e0 exprimer un conseil, une recommandation ou un ordre. Il correspond au verbe fran\u00e7ais \u00ab\u00a0devoir\u00a0\u00bb dans ces sens.<\/p>\n\n\n\n<ul class=\"wp-block-list\">\n<li><em>Du sollst mehr lernen.<\/em> (Tu devrais \u00e9tudier davantage.)<\/li>\n\n\n\n<li><em>Sie soll das Buch lesen.<\/em> (Elle devrait lire le livre.)<\/li>\n<\/ul>\n\n\n\n<h3 class=\"wp-block-heading\">6. Wollen (vouloir)<\/h3>\n\n\n\n<p><em>Wollen<\/em> exprime la volont\u00e9, l&rsquo;intention ou le d\u00e9sir. Il correspond au verbe fran\u00e7ais \u00ab\u00a0vouloir\u00a0\u00bb.<\/p>\n\n\n\n<ul class=\"wp-block-list\">\n<li><em>Ich will nach Hause gehen.<\/em> (Je veux rentrer \u00e0 la maison.)<\/li>\n\n\n\n<li><em>Wir wollen Urlaub machen.<\/em> (Nous voulons partir en vacances.)<\/li>\n<\/ul>\n\n\n\n<h2 class=\"wp-block-heading\">Structure de la Phrase avec les Verbes Modaux<\/h2>\n\n\n\n<p>Dans une phrase avec un verbe modal, le verbe modal est conjugu\u00e9 et plac\u00e9 \u00e0 la deuxi\u00e8me position, tandis que le verbe principal est \u00e0 l&rsquo;infinitif et se trouve en <a href=\"https:\/\/talkpal.ai\/learn-finnish\/\">fin<\/a> de phrase.<\/p>\n\n\n\n<ul class=\"wp-block-list\">\n<li><em>Ich kann nicht schwimmen.<\/em> (Je ne sais pas nager.)<\/li>\n\n\n\n<li><em>Sie m\u00fcssen das Buch lesen.<\/em> (Vous devez lire le livre.)<\/li>\n<\/ul>\n\n\n\n<h2 class=\"wp-block-heading\">Conclusion<\/h2>\n\n\n\n<p>Les verbes modaux en allemand sont essentiels pour exprimer la modalit\u00e9, c&rsquo;est-\u00e0-dire l&rsquo;attitude du locuteur vis-\u00e0-vis de l&rsquo;action d\u00e9crite par le verbe principal. Ma\u00eetriser leur conjugaison et leur utilisation vous permettra de vous exprimer avec pr\u00e9cision et clart\u00e9 en allemand. Continuez \u00e0 vous exercer et \u00e0 mettre en pratique ces r\u00e8gles pour am\u00e9liorer votre ma\u00eetrise de la <a href=\"https:\/\/talkpal.ai\/german-grammar\/\">grammaire allemande<\/a>.<\/p>\n","protected":false},"featured_media":1527800,"template":"","language":[384,400],"class_list":["post-10971","grammar","type-grammar","status-publish","has-post-thumbnail","hentry","language-allemand","language-verbes-fr"],"acf":[],"yoast_head":"<!-- This site is optimized with the Yoast SEO Premium plugin v27.2 (Yoast SEO v27.2) - https:\/\/yoast.com\/product\/yoast-seo-premium-wordpress\/ -->\n<title>Les Verbes Modaux en Allemand : Ma\u00eetrisez les R\u00e8gles de Grammaire Allemande - Talkpal<\/title>\n<meta name=\"description\" content=\"Introduction aux Verbes Modaux Allemands Les verbes modaux sont des verbes auxiliaires qui permettent d&#039;exprimer la modalit\u00e9, c&#039;est-\u00e0-dire l&#039;attitude du\" \/>\n<meta name=\"robots\" content=\"index, follow, max-snippet:-1, max-image-preview:large, max-video-preview:-1\" \/>\n<link rel=\"canonical\" href=\"https:\/\/talkpal.ai\/fr\/grammar\/les-verbes-modaux-en-allemand-maitrisez-les-regles-de-grammaire-allemande\/\" \/>\n<meta property=\"og:locale\" content=\"fr_FR\" \/>\n<meta property=\"og:type\" content=\"article\" \/>\n<meta property=\"og:title\" content=\"Les Verbes Modaux en Allemand : Ma\u00eetrisez les R\u00e8gles de Grammaire Allemande\" \/>\n<meta property=\"og:description\" content=\"Introduction aux Verbes Modaux Allemands Les verbes modaux sont des verbes auxiliaires qui permettent d&#039;exprimer la modalit\u00e9, c&#039;est-\u00e0-dire l&#039;attitude du\" \/>\n<meta property=\"og:url\" content=\"https:\/\/talkpal.ai\/fr\/grammar\/les-verbes-modaux-en-allemand-maitrisez-les-regles-de-grammaire-allemande\/\" \/>\n<meta property=\"og:site_name\" content=\"Talkpal\" \/>\n<meta property=\"article:publisher\" content=\"https:\/\/www.facebook.com\/profile.php?id=100090733639311\" \/>\n<meta property=\"article:modified_time\" content=\"2023-04-22T13:59:08+00:00\" \/>\n<meta property=\"og:image\" content=\"https:\/\/talkpal.ai\/wp-content\/uploads\/2023\/04\/TalkPal-Illustration-of-students-studying-grammar-lessons-44-1024x574.png\" \/>\n\t<meta property=\"og:image:width\" content=\"1024\" \/>\n\t<meta property=\"og:image:height\" content=\"574\" \/>\n\t<meta property=\"og:image:type\" content=\"image\/png\" \/>\n<meta name=\"twitter:card\" content=\"summary_large_image\" \/>\n<meta name=\"twitter:site\" content=\"@talkpalai\" \/>\n<meta name=\"twitter:label1\" content=\"Dur\u00e9e de lecture estim\u00e9e\" \/>\n\t<meta name=\"twitter:data1\" content=\"3 minutes\" \/>\n<script type=\"application\/ld+json\" class=\"yoast-schema-graph\">{\"@context\":\"https:\/\/schema.org\",\"@graph\":[{\"@type\":\"WebPage\",\"@id\":\"https:\/\/talkpal.ai\/fr\/grammar\/les-verbes-modaux-en-allemand-maitrisez-les-regles-de-grammaire-allemande\/\",\"url\":\"https:\/\/talkpal.ai\/fr\/grammar\/les-verbes-modaux-en-allemand-maitrisez-les-regles-de-grammaire-allemande\/\",\"name\":\"Les Verbes Modaux en Allemand : Ma\u00eetrisez les R\u00e8gles de Grammaire Allemande - Talkpal\",\"isPartOf\":{\"@id\":\"https:\/\/talkpal.ai\/fr\/#website\"},\"primaryImageOfPage\":{\"@id\":\"https:\/\/talkpal.ai\/fr\/grammar\/les-verbes-modaux-en-allemand-maitrisez-les-regles-de-grammaire-allemande\/#primaryimage\"},\"image\":{\"@id\":\"https:\/\/talkpal.ai\/fr\/grammar\/les-verbes-modaux-en-allemand-maitrisez-les-regles-de-grammaire-allemande\/#primaryimage\"},\"thumbnailUrl\":\"https:\/\/talkpal.ai\/wp-content\/uploads\/2025\/12\/many-students-in-library-learning-languages.webp\",\"datePublished\":\"2023-04-07T08:17:56+00:00\",\"dateModified\":\"2023-04-22T13:59:08+00:00\",\"description\":\"Introduction aux Verbes Modaux Allemands Les verbes modaux sont des verbes auxiliaires qui permettent d'exprimer la modalit\u00e9, c'est-\u00e0-dire l'attitude du\",\"breadcrumb\":{\"@id\":\"https:\/\/talkpal.ai\/fr\/grammar\/les-verbes-modaux-en-allemand-maitrisez-les-regles-de-grammaire-allemande\/#breadcrumb\"},\"inLanguage\":\"fr-FR\",\"potentialAction\":[{\"@type\":\"ReadAction\",\"target\":[\"https:\/\/talkpal.ai\/fr\/grammar\/les-verbes-modaux-en-allemand-maitrisez-les-regles-de-grammaire-allemande\/\"]}]},{\"@type\":\"ImageObject\",\"inLanguage\":\"fr-FR\",\"@id\":\"https:\/\/talkpal.ai\/fr\/grammar\/les-verbes-modaux-en-allemand-maitrisez-les-regles-de-grammaire-allemande\/#primaryimage\",\"url\":\"https:\/\/talkpal.ai\/wp-content\/uploads\/2025\/12\/many-students-in-library-learning-languages.webp\",\"contentUrl\":\"https:\/\/talkpal.ai\/wp-content\/uploads\/2025\/12\/many-students-in-library-learning-languages.webp\",\"width\":1200,\"height\":896,\"caption\":\"Many students sit at long tables inside a sunlit library while learning languages together.\"},{\"@type\":\"BreadcrumbList\",\"@id\":\"https:\/\/talkpal.ai\/fr\/grammar\/les-verbes-modaux-en-allemand-maitrisez-les-regles-de-grammaire-allemande\/#breadcrumb\",\"itemListElement\":[{\"@type\":\"ListItem\",\"position\":1,\"name\":\"Homepage\",\"item\":\"https:\/\/talkpal.ai\/fr\/\"},{\"@type\":\"ListItem\",\"position\":2,\"name\":\"Les Verbes Modaux en Allemand : Ma\u00eetrisez les R\u00e8gles de Grammaire Allemande\"}]},{\"@type\":\"WebSite\",\"@id\":\"https:\/\/talkpal.ai\/fr\/#website\",\"url\":\"https:\/\/talkpal.ai\/fr\/\",\"name\":\"Talkpal\",\"description\":\"AI Language Learning\",\"publisher\":{\"@id\":\"https:\/\/talkpal.ai\/fr\/#organization\"},\"alternateName\":\"Talkpal AI\",\"potentialAction\":[{\"@type\":\"SearchAction\",\"target\":{\"@type\":\"EntryPoint\",\"urlTemplate\":\"https:\/\/talkpal.ai\/fr\/?s={search_term_string}\"},\"query-input\":{\"@type\":\"PropertyValueSpecification\",\"valueRequired\":true,\"valueName\":\"search_term_string\"}}],\"inLanguage\":\"fr-FR\"},{\"@type\":\"Organization\",\"@id\":\"https:\/\/talkpal.ai\/fr\/#organization\",\"name\":\"Talkpal, Inc.\",\"alternateName\":\"Talkpal AI\",\"url\":\"https:\/\/talkpal.ai\/fr\/\",\"logo\":{\"@type\":\"ImageObject\",\"inLanguage\":\"fr-FR\",\"@id\":\"https:\/\/talkpal.ai\/fr\/#\/schema\/logo\/image\/\",\"url\":\"https:\/\/talkpal.ai\/wp-content\/uploads\/2024\/03\/Talkpal-Logo-Icon.png\",\"contentUrl\":\"https:\/\/talkpal.ai\/wp-content\/uploads\/2024\/03\/Talkpal-Logo-Icon.png\",\"width\":2880,\"height\":2880,\"caption\":\"Talkpal, Inc.\"},\"image\":{\"@id\":\"https:\/\/talkpal.ai\/fr\/#\/schema\/logo\/image\/\"},\"sameAs\":[\"https:\/\/www.facebook.com\/profile.php?id=100090733639311\",\"https:\/\/x.com\/talkpalai\",\"https:\/\/www.linkedin.com\/company\/talkpal\/\",\"https:\/\/www.youtube.com\/@TalkPal\/\",\"https:\/\/www.tiktok.com\/@talkpal\",\"https:\/\/www.instagram.com\/talkpal_ai\/\",\"https:\/\/www.crunchbase.com\/organization\/talkpal-9cde\",\"https:\/\/www.g2.com\/products\/talkpal-for-business\/\",\"https:\/\/www.trustpilot.com\/review\/talkpal.ai\",\"https:\/\/www.capterra.com\/p\/10006800\/TalkPal\/\"],\"description\":\"Talkpal is a language learning web and mobile education app, powered by the latest AI technologies, that provides engaging experiences to its customers in many different languages to help them improve their language skills. Users can chat about unlimited amount of topics with the app and use other modes to practice their language learning.\",\"email\":\"support@talkpal.ai\",\"legalName\":\"Talkpal, Inc.\",\"foundingDate\":\"2023-04-03\",\"duns\":\"118989042\",\"numberOfEmployees\":{\"@type\":\"QuantitativeValue\",\"minValue\":\"11\",\"maxValue\":\"50\"},\"publishingPrinciples\":\"https:\/\/talkpal.ai\/publishing-principles\/\",\"actionableFeedbackPolicy\":\"https:\/\/talkpal.ai\/actionable-feedback-policy\/\",\"correctionsPolicy\":\"https:\/\/talkpal.ai\/corrections-policy\/\",\"ethicsPolicy\":\"https:\/\/talkpal.ai\/ethics-policy\/\",\"diversityPolicy\":\"https:\/\/talkpal.ai\/diversity-policy\/\",\"diversityStaffingReport\":\"https:\/\/talkpal.ai\/diversity-policy\/\"}]}<\/script>\n<!-- \/ Yoast SEO Premium plugin. -->","yoast_head_json":{"title":"Les Verbes Modaux en Allemand : Ma\u00eetrisez les R\u00e8gles de Grammaire Allemande - Talkpal","description":"Introduction aux Verbes Modaux Allemands Les verbes modaux sont des verbes auxiliaires qui permettent d'exprimer la modalit\u00e9, c'est-\u00e0-dire l'attitude du","robots":{"index":"index","follow":"follow","max-snippet":"max-snippet:-1","max-image-preview":"max-image-preview:large","max-video-preview":"max-video-preview:-1"},"canonical":"https:\/\/talkpal.ai\/fr\/grammar\/les-verbes-modaux-en-allemand-maitrisez-les-regles-de-grammaire-allemande\/","og_locale":"fr_FR","og_type":"article","og_title":"Les Verbes Modaux en Allemand : Ma\u00eetrisez les R\u00e8gles de Grammaire Allemande","og_description":"Introduction aux Verbes Modaux Allemands Les verbes modaux sont des verbes auxiliaires qui permettent d'exprimer la modalit\u00e9, c'est-\u00e0-dire l'attitude du","og_url":"https:\/\/talkpal.ai\/fr\/grammar\/les-verbes-modaux-en-allemand-maitrisez-les-regles-de-grammaire-allemande\/","og_site_name":"Talkpal","article_publisher":"https:\/\/www.facebook.com\/profile.php?id=100090733639311","article_modified_time":"2023-04-22T13:59:08+00:00","og_image":[{"width":1024,"height":574,"url":"https:\/\/talkpal.ai\/wp-content\/uploads\/2023\/04\/TalkPal-Illustration-of-students-studying-grammar-lessons-44-1024x574.png","type":"image\/png"}],"twitter_card":"summary_large_image","twitter_site":"@talkpalai","twitter_misc":{"Dur\u00e9e de lecture estim\u00e9e":"3 minutes"},"schema":{"@context":"https:\/\/schema.org","@graph":[{"@type":"WebPage","@id":"https:\/\/talkpal.ai\/fr\/grammar\/les-verbes-modaux-en-allemand-maitrisez-les-regles-de-grammaire-allemande\/","url":"https:\/\/talkpal.ai\/fr\/grammar\/les-verbes-modaux-en-allemand-maitrisez-les-regles-de-grammaire-allemande\/","name":"Les Verbes Modaux en Allemand : Ma\u00eetrisez les R\u00e8gles de Grammaire Allemande - Talkpal","isPartOf":{"@id":"https:\/\/talkpal.ai\/fr\/#website"},"primaryImageOfPage":{"@id":"https:\/\/talkpal.ai\/fr\/grammar\/les-verbes-modaux-en-allemand-maitrisez-les-regles-de-grammaire-allemande\/#primaryimage"},"image":{"@id":"https:\/\/talkpal.ai\/fr\/grammar\/les-verbes-modaux-en-allemand-maitrisez-les-regles-de-grammaire-allemande\/#primaryimage"},"thumbnailUrl":"https:\/\/talkpal.ai\/wp-content\/uploads\/2025\/12\/many-students-in-library-learning-languages.webp","datePublished":"2023-04-07T08:17:56+00:00","dateModified":"2023-04-22T13:59:08+00:00","description":"Introduction aux Verbes Modaux Allemands Les verbes modaux sont des verbes auxiliaires qui permettent d'exprimer la modalit\u00e9, c'est-\u00e0-dire l'attitude du","breadcrumb":{"@id":"https:\/\/talkpal.ai\/fr\/grammar\/les-verbes-modaux-en-allemand-maitrisez-les-regles-de-grammaire-allemande\/#breadcrumb"},"inLanguage":"fr-FR","potentialAction":[{"@type":"ReadAction","target":["https:\/\/talkpal.ai\/fr\/grammar\/les-verbes-modaux-en-allemand-maitrisez-les-regles-de-grammaire-allemande\/"]}]},{"@type":"ImageObject","inLanguage":"fr-FR","@id":"https:\/\/talkpal.ai\/fr\/grammar\/les-verbes-modaux-en-allemand-maitrisez-les-regles-de-grammaire-allemande\/#primaryimage","url":"https:\/\/talkpal.ai\/wp-content\/uploads\/2025\/12\/many-students-in-library-learning-languages.webp","contentUrl":"https:\/\/talkpal.ai\/wp-content\/uploads\/2025\/12\/many-students-in-library-learning-languages.webp","width":1200,"height":896,"caption":"Many students sit at long tables inside a sunlit library while learning languages together."},{"@type":"BreadcrumbList","@id":"https:\/\/talkpal.ai\/fr\/grammar\/les-verbes-modaux-en-allemand-maitrisez-les-regles-de-grammaire-allemande\/#breadcrumb","itemListElement":[{"@type":"ListItem","position":1,"name":"Homepage","item":"https:\/\/talkpal.ai\/fr\/"},{"@type":"ListItem","position":2,"name":"Les Verbes Modaux en Allemand : Ma\u00eetrisez les R\u00e8gles de Grammaire Allemande"}]},{"@type":"WebSite","@id":"https:\/\/talkpal.ai\/fr\/#website","url":"https:\/\/talkpal.ai\/fr\/","name":"Talkpal","description":"AI Language Learning","publisher":{"@id":"https:\/\/talkpal.ai\/fr\/#organization"},"alternateName":"Talkpal AI","potentialAction":[{"@type":"SearchAction","target":{"@type":"EntryPoint","urlTemplate":"https:\/\/talkpal.ai\/fr\/?s={search_term_string}"},"query-input":{"@type":"PropertyValueSpecification","valueRequired":true,"valueName":"search_term_string"}}],"inLanguage":"fr-FR"},{"@type":"Organization","@id":"https:\/\/talkpal.ai\/fr\/#organization","name":"Talkpal, Inc.","alternateName":"Talkpal AI","url":"https:\/\/talkpal.ai\/fr\/","logo":{"@type":"ImageObject","inLanguage":"fr-FR","@id":"https:\/\/talkpal.ai\/fr\/#\/schema\/logo\/image\/","url":"https:\/\/talkpal.ai\/wp-content\/uploads\/2024\/03\/Talkpal-Logo-Icon.png","contentUrl":"https:\/\/talkpal.ai\/wp-content\/uploads\/2024\/03\/Talkpal-Logo-Icon.png","width":2880,"height":2880,"caption":"Talkpal, Inc."},"image":{"@id":"https:\/\/talkpal.ai\/fr\/#\/schema\/logo\/image\/"},"sameAs":["https:\/\/www.facebook.com\/profile.php?id=100090733639311","https:\/\/x.com\/talkpalai","https:\/\/www.linkedin.com\/company\/talkpal\/","https:\/\/www.youtube.com\/@TalkPal\/","https:\/\/www.tiktok.com\/@talkpal","https:\/\/www.instagram.com\/talkpal_ai\/","https:\/\/www.crunchbase.com\/organization\/talkpal-9cde","https:\/\/www.g2.com\/products\/talkpal-for-business\/","https:\/\/www.trustpilot.com\/review\/talkpal.ai","https:\/\/www.capterra.com\/p\/10006800\/TalkPal\/"],"description":"Talkpal is a language learning web and mobile education app, powered by the latest AI technologies, that provides engaging experiences to its customers in many different languages to help them improve their language skills. Users can chat about unlimited amount of topics with the app and use other modes to practice their language learning.","email":"support@talkpal.ai","legalName":"Talkpal, Inc.","foundingDate":"2023-04-03","duns":"118989042","numberOfEmployees":{"@type":"QuantitativeValue","minValue":"11","maxValue":"50"},"publishingPrinciples":"https:\/\/talkpal.ai\/publishing-principles\/","actionableFeedbackPolicy":"https:\/\/talkpal.ai\/actionable-feedback-policy\/","correctionsPolicy":"https:\/\/talkpal.ai\/corrections-policy\/","ethicsPolicy":"https:\/\/talkpal.ai\/ethics-policy\/","diversityPolicy":"https:\/\/talkpal.ai\/diversity-policy\/","diversityStaffingReport":"https:\/\/talkpal.ai\/diversity-policy\/"}]}},"_links":{"self":[{"href":"https:\/\/talkpal.ai\/fr\/wp-json\/wp\/v2\/grammar\/10971","targetHints":{"allow":["GET"]}}],"collection":[{"href":"https:\/\/talkpal.ai\/fr\/wp-json\/wp\/v2\/grammar"}],"about":[{"href":"https:\/\/talkpal.ai\/fr\/wp-json\/wp\/v2\/types\/grammar"}],"wp:featuredmedia":[{"embeddable":true,"href":"https:\/\/talkpal.ai\/fr\/wp-json\/wp\/v2\/media\/1527800"}],"wp:attachment":[{"href":"https:\/\/talkpal.ai\/fr\/wp-json\/wp\/v2\/media?parent=10971"}],"wp:term":[{"taxonomy":"language","embeddable":true,"href":"https:\/\/talkpal.ai\/fr\/wp-json\/wp\/v2\/language?post=10971"}],"curies":[{"name":"wp","href":"https:\/\/api.w.org\/{rel}","templated":true}]}}