{"id":1092087,"date":"2025-07-03T03:44:55","date_gmt":"2025-07-03T03:44:55","guid":{"rendered":"https:\/\/talkpal.ai\/grammar\/adverbes-de-temps-dans-la-grammaire-macedonienne\/"},"modified":"2025-07-03T03:44:55","modified_gmt":"2025-07-03T03:44:55","slug":"adverbes-de-temps-dans-la-grammaire-macedonienne","status":"publish","type":"grammar","link":"https:\/\/talkpal.ai\/fr\/grammar\/adverbes-de-temps-dans-la-grammaire-macedonienne\/","title":{"rendered":"Adverbes de temps dans la grammaire mac\u00e9donienne"},"content":{"rendered":"<p>Les <a href=\"https:\/\/talkpal.ai\/fr\/grammar\/adverbes-de-temps-en-grammaire-thai\/\">adverbes de temps<\/a> jouent un r\u00f4le essentiel dans la structuration des phrases en <a href=\"https:\/\/talkpal.ai\/learn-macedonian\/\">mac\u00e9donien<\/a>, permettant d&rsquo;exprimer avec pr\u00e9cision la temporalit\u00e9 des actions et \u00e9v\u00e9nements. Comprendre leur usage est crucial pour ma\u00eetriser la <a href=\"https:\/\/talkpal.ai\/macedonian-grammar\/\">grammaire mac\u00e9donienne<\/a> et communiquer avec fluidit\u00e9. Que vous soyez d\u00e9butant ou avanc\u00e9, l\u2019apprentissage de ces adverbes enrichira votre vocabulaire et am\u00e9liorera votre compr\u00e9hension orale et \u00e9crite. <a href=\"https:\/\/talkpal.ai\/ko\/ai-%ec%96%b8%ec%96%b4-%ea%b5%90%ec%82%ac\/\">Talkpal<\/a>, une plateforme d\u2019apprentissage linguistique interactive, est une ressource id\u00e9ale pour approfondir cette notion gr\u00e2ce \u00e0 ses exercices pratiques et ses explications d\u00e9taill\u00e9es.<\/p>\n<h2>Qu\u2019est-ce qu\u2019un adverbe de temps en mac\u00e9donien ?<\/h2>\n<p>Un adverbe de <a href=\"https:\/\/talkpal.ai\/zh-hans\/grammar_exercises\/temps-%e6%b3%95%e8%af%ad%e8%af%ad%e6%b3%95%e7%bb%83%e4%b9%a0\/\">temps<\/a> est un mot invariable qui indique le moment ou la fr\u00e9quence d\u2019une action. En mac\u00e9donien, ces adverbes pr\u00e9cisent quand une action se d\u00e9roule, que ce soit dans le pass\u00e9, le pr\u00e9sent ou le futur, ou encore s\u2019il s\u2019agit d\u2019une action r\u00e9p\u00e9t\u00e9e ou ponctuelle.<\/p>\n<p>Contrairement \u00e0 d\u2019autres langues, le mac\u00e9donien poss\u00e8de une gamme riche d\u2019adverbes de temps qui permettent de nuancer les expressions temporelles. Leur ma\u00eetrise est indispensable pour structurer des phrases claires et coh\u00e9rentes.<\/p>\n<h3>Fonctions principales des adverbes de temps<\/h3>\n<ul>\n<li>Indiquer le moment pr\u00e9cis d\u2019une action (hier, aujourd\u2019hui, demain)<\/li>\n<li>Exprimer la fr\u00e9quence d\u2019une action (souvent, rarement, toujours)<\/li>\n<li>Marquer la dur\u00e9e ou la continuit\u00e9 (longtemps, momentan\u00e9ment)<\/li>\n<li>Signaler une relation temporelle (avant, apr\u00e8s, ensuite)<\/li>\n<\/ul>\n<h2>Liste des adverbes de temps courants en mac\u00e9donien<\/h2>\n<p>Voici une s\u00e9lection des adverbes de temps les plus fr\u00e9quemment utilis\u00e9s dans la langue mac\u00e9donienne, accompagn\u00e9s de leur traduction fran\u00e7aise :<\/p>\n<table>\n<tr>\n<th>Adverbe mac\u00e9donien<\/th>\n<th>Traduction fran\u00e7aise<\/th>\n<\/tr>\n<tr>\n<td>\u0432\u0447\u0435\u0440\u0430 (v\u010dera)<\/td>\n<td>hier<\/td>\n<\/tr>\n<tr>\n<td>\u0434\u0435\u043d\u0435\u0441 (denes)<\/td>\n<td>aujourd\u2019hui<\/td>\n<\/tr>\n<tr>\n<td>\u0443\u0442\u0440\u0435 (utre)<\/td>\n<td>demain<\/td>\n<\/tr>\n<tr>\n<td>\u0441\u0435\u043a\u043e\u0433\u0430\u0448 (sekoga\u0161)<\/td>\n<td>toujours<\/td>\n<\/tr>\n<tr>\n<td>\u043f\u043e\u043d\u0435\u043a\u043e\u0433\u0430\u0448 (ponekoga\u0161)<\/td>\n<td>parfois<\/td>\n<\/tr>\n<tr>\n<td>\u043d\u0438\u043a\u043e\u0433\u0430\u0448 (nikoga\u0161)<\/td>\n<td>jamais<\/td>\n<\/tr>\n<tr>\n<td>\u0440\u0430\u043d\u043e (rano)<\/td>\n<td>t\u00f4t<\/td>\n<\/tr>\n<tr>\n<td>\u0434\u043e\u0446\u043d\u0430 (docna)<\/td>\n<td>tard<\/td>\n<\/tr>\n<tr>\n<td>\u043d\u0435\u043a\u043e\u0433\u0430\u0448 (nekoga\u0161)<\/td>\n<td>autrefois, quelquefois<\/td>\n<\/tr>\n<tr>\n<td>\u0441\u0435\u0433\u0430 (sega)<\/td>\n<td>maintenant<\/td>\n<\/tr>\n<\/table>\n<h2>Position des adverbes de temps dans la phrase mac\u00e9donienne<\/h2>\n<p>La position des adverbes de temps est relativement flexible en mac\u00e9donien, mais certaines r\u00e8gles g\u00e9n\u00e9rales facilitent leur int\u00e9gration :<\/p>\n<ul>\n<li><strong>D\u00e9but de phrase :<\/strong> Pour insister sur le moment, l\u2019adverbe de temps peut \u00eatre plac\u00e9 en t\u00eate de phrase. Exemple : <em>\u0423\u0442\u0440\u0435 \u045c\u0435 \u043e\u0434\u0430\u043c \u0432\u043e \u0443\u0447\u0438\u043b\u0438\u0448\u0442\u0435.<\/em> (Demain, j\u2019irai \u00e0 l\u2019\u00e9cole.)<\/li>\n<li><strong>Apr\u00e8s le verbe :<\/strong> C\u2019est la position la plus courante. Exemple : <em>\u0408\u0430\u0441 \u043e\u0434\u0430\u043c \u0434\u0435\u043d\u0435\u0441 \u0432\u043e \u043f\u0440\u043e\u0434\u0430\u0432\u043d\u0438\u0446\u0430.<\/em> (Je vais aujourd\u2019hui au magasin.)<\/li>\n<li><strong>Avant le verbe :<\/strong> Parfois utilis\u00e9 pour des raisons stylistiques ou emphatiques. Exemple : <em>\u0421\u0435\u043a\u043e\u0433\u0430\u0448 \u0458\u0430\u0434\u0430\u043c \u043f\u043e\u0458\u0430\u0434\u043e\u043a.<\/em> (Je prends toujours le petit-d\u00e9jeuner.)<\/li>\n<\/ul>\n<p>Il est important de noter que la place de l\u2019adverbe peut modifier l\u00e9g\u00e8rement le <a href=\"https:\/\/talkpal.ai\/locations\/language-courses-in-sens\/\">sens<\/a> ou l\u2019accentuation de la phrase.<\/p>\n<h2>Diff\u00e9rences entre les adverbes de temps et autres expressions temporelles<\/h2>\n<p>En mac\u00e9donien, les adverbes de temps ne doivent pas \u00eatre confondus avec :<\/p>\n<ul>\n<li><strong>Les locutions adverbiales :<\/strong> Groupes de mots qui expriment le temps, comme <em>\u0432\u043e \u0442\u0435\u043a\u043e\u0442 \u043d\u0430 \u0434\u0435\u043d\u043e\u0442<\/em> (au <a href=\"https:\/\/talkpal.ai\/courses\/\">cours<\/a> de la journ\u00e9e).<\/li>\n<li><strong>Les pr\u00e9positions temporelles :<\/strong> Par exemple, <em>\u043f\u0440\u0435\u0434<\/em> (avant), <em>\u043f\u043e<\/em> (apr\u00e8s).<\/li>\n<li><strong>Les compl\u00e9ments circonstanciels de temps :<\/strong> Expressions plus longues qui apportent des pr\u00e9cisions temporelles.<\/li>\n<\/ul>\n<p>Les adverbes de temps sont g\u00e9n\u00e9ralement des mots simples et autonomes, ce qui facilite leur identification et utilisation.<\/p>\n<h2>Utilisation des adverbes de temps dans diff\u00e9rents temps verbaux<\/h2>\n<p>Les adverbes de temps s\u2019accordent naturellement avec les temps verbaux employ\u00e9s :<\/p>\n<ul>\n<li><strong>Pass\u00e9 :<\/strong> Adverbes comme <em>\u0432\u0447\u0435\u0440\u0430<\/em> (hier), <em>\u043d\u0435\u043a\u043e\u0433\u0430\u0448<\/em> (autrefois).<\/li>\n<li><strong>Pr\u00e9sent :<\/strong> Adverbes comme <em>\u0441\u0435\u0433\u0430<\/em> (maintenant), <em>\u0434\u0435\u043d\u0435\u0441<\/em> (aujourd\u2019hui).<\/li>\n<li><strong>Futur :<\/strong> Adverbes comme <em>\u0443\u0442\u0440\u0435<\/em> (demain), <em>\u043f\u043e\u0441\u043b\u0435<\/em> (plus tard).<\/li>\n<\/ul>\n<p>En combinant correctement les adverbes de temps avec les temps verbaux, on peut exprimer pr\u00e9cis\u00e9ment le moment et la dur\u00e9e des actions.<\/p>\n<h2>Exemples pratiques d\u2019utilisation des adverbes de temps en mac\u00e9donien<\/h2>\n<p>Pour illustrer l\u2019usage des adverbes de temps, voici quelques phrases courantes :<\/p>\n<ul>\n<li><em>\u0412\u0447\u0435\u0440\u0430 \u0431\u0435\u0432 \u043d\u0430 \u043f\u0430\u0437\u0430\u0440.<\/em> \u2013 Hier, j\u2019\u00e9tais au march\u00e9.<\/li>\n<li><em>\u0421\u0435\u043a\u043e\u0433\u0430\u0448 \u043f\u0438\u0458\u0430\u043c \u043a\u0430\u0444\u0435 \u043d\u0430\u0443\u0442\u0440\u043e.<\/em> \u2013 Je bois toujours du caf\u00e9 le matin.<\/li>\n<li><em>\u0423\u0442\u0440\u0435 \u045c\u0435 \u043f\u0430\u0442\u0443\u0432\u0430\u043c\u0435 \u0437\u0430 \u0421\u043a\u043e\u043f\u0458\u0435.<\/em> \u2013 Demain, nous voyagerons \u00e0 Skopje.<\/li>\n<li><em>\u041f\u043e\u043d\u0435\u043a\u043e\u0433\u0430\u0448 \u043e\u0434\u0430\u043c \u043d\u0430 \u043a\u0438\u043d\u043e \u0441\u043e \u043f\u0440\u0438\u0458\u0430\u0442\u0435\u043b\u0438\u0442\u0435.<\/em> \u2013 Parfois, je vais au cin\u00e9ma avec des amis.<\/li>\n<li><em>\u0421\u0435\u0433\u0430 \u0440\u0430\u0431\u043e\u0442\u0430\u043c \u043d\u0430 \u043f\u0440\u043e\u0435\u043a\u0442.<\/em> \u2013 Je travaille maintenant sur un projet.<\/li>\n<\/ul>\n<h2>Conseils pour apprendre efficacement les adverbes de temps en mac\u00e9donien<\/h2>\n<p>Pour ma\u00eetriser ces adverbes, voici quelques strat\u00e9gies efficaces :<\/p>\n<ul>\n<li><strong>Utilisez Talkpal :<\/strong> Cette plateforme offre des exercices interactifs, des fiches de vocabulaire et des dialogues pour pratiquer les adverbes de temps en contexte.<\/li>\n<li><strong>Pratiquez la r\u00e9p\u00e9tition espac\u00e9e :<\/strong> R\u00e9visez r\u00e9guli\u00e8rement les adverbes pour renforcer la m\u00e9morisation.<\/li>\n<li><strong>\u00c9coutez des locuteurs natifs :<\/strong> Films, podcasts, chansons en mac\u00e9donien aident \u00e0 comprendre la prononciation et l\u2019usage naturel.<\/li>\n<li><strong>Cr\u00e9ez des phrases :<\/strong> Essayez d\u2019int\u00e9grer quotidiennement de nouveaux adverbes dans vos propres phrases.<\/li>\n<li><strong>Faites des exercices \u00e9crits :<\/strong> R\u00e9digez de courts paragraphes en utilisant diff\u00e9rents adverbes de temps pour mieux saisir leur emploi.<\/li>\n<\/ul>\n<h2>Conclusion<\/h2>\n<p>Les adverbes de temps sont des \u00e9l\u00e9ments fondamentaux dans la grammaire mac\u00e9donienne, indispensables pour exprimer clairement la temporalit\u00e9 des actions. Leur apprentissage permet de structurer des phrases pr\u00e9cises et d\u2019am\u00e9liorer la fluidit\u00e9 en communication. Gr\u00e2ce \u00e0 des outils comme Talkpal, il est possible d\u2019aborder ces notions de mani\u00e8re interactive et progressive, facilitant ainsi la ma\u00eetrise du mac\u00e9donien. Int\u00e9grez ces adverbes progressivement dans votre pratique quotidienne pour enrichir votre vocabulaire et gagner en confiance.<\/p>\n","protected":false},"featured_media":1528101,"template":"","language":[6954,6920],"class_list":["post-1092087","grammar","type-grammar","status-publish","has-post-thumbnail","hentry","language-adverbes-grammaire-macedonienne","language-macedonien"],"acf":[],"yoast_head":"<!-- This site is optimized with the Yoast SEO Premium plugin v27.2 (Yoast SEO v27.2) - https:\/\/yoast.com\/product\/yoast-seo-premium-wordpress\/ -->\n<title>Adverbes de temps dans la grammaire mac\u00e9donienne - Talkpal<\/title>\n<meta name=\"description\" content=\"Les adverbes de temps jouent un r\u00f4le essentiel dans la structuration des phrases en mac\u00e9donien, permettant d&#039;exprimer avec pr\u00e9cision la temporalit\u00e9 des\" \/>\n<meta name=\"robots\" content=\"index, follow, max-snippet:-1, max-image-preview:large, max-video-preview:-1\" \/>\n<link rel=\"canonical\" href=\"https:\/\/talkpal.ai\/fr\/grammar\/adverbes-de-temps-dans-la-grammaire-macedonienne\/\" \/>\n<meta property=\"og:locale\" content=\"fr_FR\" \/>\n<meta property=\"og:type\" content=\"article\" \/>\n<meta property=\"og:title\" content=\"Adverbes de temps dans la grammaire mac\u00e9donienne\" \/>\n<meta property=\"og:description\" content=\"Les adverbes de temps jouent un r\u00f4le essentiel dans la structuration des phrases en mac\u00e9donien, permettant d&#039;exprimer avec pr\u00e9cision la temporalit\u00e9 des\" \/>\n<meta property=\"og:url\" content=\"https:\/\/talkpal.ai\/fr\/grammar\/adverbes-de-temps-dans-la-grammaire-macedonienne\/\" \/>\n<meta property=\"og:site_name\" content=\"Talkpal\" \/>\n<meta property=\"article:publisher\" content=\"https:\/\/www.facebook.com\/profile.php?id=100090733639311\" \/>\n<meta property=\"og:image\" content=\"https:\/\/talkpal.ai\/wp-content\/uploads\/2025\/02\/Progress-tab-16_9.png\" \/>\n\t<meta property=\"og:image:width\" content=\"2880\" \/>\n\t<meta property=\"og:image:height\" content=\"1620\" \/>\n\t<meta property=\"og:image:type\" content=\"image\/png\" \/>\n<meta name=\"twitter:card\" content=\"summary_large_image\" \/>\n<meta name=\"twitter:site\" content=\"@talkpalai\" \/>\n<meta name=\"twitter:label1\" content=\"Dur\u00e9e de lecture estim\u00e9e\" \/>\n\t<meta name=\"twitter:data1\" content=\"4 minutes\" \/>\n<script type=\"application\/ld+json\" class=\"yoast-schema-graph\">{\"@context\":\"https:\/\/schema.org\",\"@graph\":[{\"@type\":\"WebPage\",\"@id\":\"https:\/\/talkpal.ai\/fr\/grammar\/adverbes-de-temps-dans-la-grammaire-macedonienne\/\",\"url\":\"https:\/\/talkpal.ai\/fr\/grammar\/adverbes-de-temps-dans-la-grammaire-macedonienne\/\",\"name\":\"Adverbes de temps dans la grammaire mac\u00e9donienne - Talkpal\",\"isPartOf\":{\"@id\":\"https:\/\/talkpal.ai\/fr\/#website\"},\"primaryImageOfPage\":{\"@id\":\"https:\/\/talkpal.ai\/fr\/grammar\/adverbes-de-temps-dans-la-grammaire-macedonienne\/#primaryimage\"},\"image\":{\"@id\":\"https:\/\/talkpal.ai\/fr\/grammar\/adverbes-de-temps-dans-la-grammaire-macedonienne\/#primaryimage\"},\"thumbnailUrl\":\"https:\/\/talkpal.ai\/wp-content\/uploads\/2025\/12\/woman-uses-flashcards-to-learn-languages.webp\",\"datePublished\":\"2025-07-03T03:44:55+00:00\",\"description\":\"Les adverbes de temps jouent un r\u00f4le essentiel dans la structuration des phrases en mac\u00e9donien, permettant d'exprimer avec pr\u00e9cision la temporalit\u00e9 des\",\"breadcrumb\":{\"@id\":\"https:\/\/talkpal.ai\/fr\/grammar\/adverbes-de-temps-dans-la-grammaire-macedonienne\/#breadcrumb\"},\"inLanguage\":\"fr-FR\",\"potentialAction\":[{\"@type\":\"ReadAction\",\"target\":[\"https:\/\/talkpal.ai\/fr\/grammar\/adverbes-de-temps-dans-la-grammaire-macedonienne\/\"]}]},{\"@type\":\"ImageObject\",\"inLanguage\":\"fr-FR\",\"@id\":\"https:\/\/talkpal.ai\/fr\/grammar\/adverbes-de-temps-dans-la-grammaire-macedonienne\/#primaryimage\",\"url\":\"https:\/\/talkpal.ai\/wp-content\/uploads\/2025\/12\/woman-uses-flashcards-to-learn-languages.webp\",\"contentUrl\":\"https:\/\/talkpal.ai\/wp-content\/uploads\/2025\/12\/woman-uses-flashcards-to-learn-languages.webp\",\"width\":1200,\"height\":896,\"caption\":\"A woman uses flashcards and a textbook for learning languages while sitting near a window with mountain views.\"},{\"@type\":\"BreadcrumbList\",\"@id\":\"https:\/\/talkpal.ai\/fr\/grammar\/adverbes-de-temps-dans-la-grammaire-macedonienne\/#breadcrumb\",\"itemListElement\":[{\"@type\":\"ListItem\",\"position\":1,\"name\":\"Homepage\",\"item\":\"https:\/\/talkpal.ai\/fr\/\"},{\"@type\":\"ListItem\",\"position\":2,\"name\":\"Adverbes de temps dans la grammaire mac\u00e9donienne\"}]},{\"@type\":\"WebSite\",\"@id\":\"https:\/\/talkpal.ai\/fr\/#website\",\"url\":\"https:\/\/talkpal.ai\/fr\/\",\"name\":\"Talkpal\",\"description\":\"AI Language Learning\",\"publisher\":{\"@id\":\"https:\/\/talkpal.ai\/fr\/#organization\"},\"alternateName\":\"Talkpal AI\",\"potentialAction\":[{\"@type\":\"SearchAction\",\"target\":{\"@type\":\"EntryPoint\",\"urlTemplate\":\"https:\/\/talkpal.ai\/fr\/?s={search_term_string}\"},\"query-input\":{\"@type\":\"PropertyValueSpecification\",\"valueRequired\":true,\"valueName\":\"search_term_string\"}}],\"inLanguage\":\"fr-FR\"},{\"@type\":\"Organization\",\"@id\":\"https:\/\/talkpal.ai\/fr\/#organization\",\"name\":\"Talkpal, Inc.\",\"alternateName\":\"Talkpal AI\",\"url\":\"https:\/\/talkpal.ai\/fr\/\",\"logo\":{\"@type\":\"ImageObject\",\"inLanguage\":\"fr-FR\",\"@id\":\"https:\/\/talkpal.ai\/fr\/#\/schema\/logo\/image\/\",\"url\":\"https:\/\/talkpal.ai\/wp-content\/uploads\/2024\/03\/Talkpal-Logo-Icon.png\",\"contentUrl\":\"https:\/\/talkpal.ai\/wp-content\/uploads\/2024\/03\/Talkpal-Logo-Icon.png\",\"width\":2880,\"height\":2880,\"caption\":\"Talkpal, Inc.\"},\"image\":{\"@id\":\"https:\/\/talkpal.ai\/fr\/#\/schema\/logo\/image\/\"},\"sameAs\":[\"https:\/\/www.facebook.com\/profile.php?id=100090733639311\",\"https:\/\/x.com\/talkpalai\",\"https:\/\/www.linkedin.com\/company\/talkpal\/\",\"https:\/\/www.youtube.com\/@TalkPal\/\",\"https:\/\/www.tiktok.com\/@talkpal\",\"https:\/\/www.instagram.com\/talkpal_ai\/\",\"https:\/\/www.crunchbase.com\/organization\/talkpal-9cde\",\"https:\/\/www.g2.com\/products\/talkpal-for-business\/\",\"https:\/\/www.trustpilot.com\/review\/talkpal.ai\",\"https:\/\/www.capterra.com\/p\/10006800\/TalkPal\/\"],\"description\":\"Talkpal is a language learning web and mobile education app, powered by the latest AI technologies, that provides engaging experiences to its customers in many different languages to help them improve their language skills. Users can chat about unlimited amount of topics with the app and use other modes to practice their language learning.\",\"email\":\"support@talkpal.ai\",\"legalName\":\"Talkpal, Inc.\",\"foundingDate\":\"2023-04-03\",\"duns\":\"118989042\",\"numberOfEmployees\":{\"@type\":\"QuantitativeValue\",\"minValue\":\"11\",\"maxValue\":\"50\"},\"publishingPrinciples\":\"https:\/\/talkpal.ai\/publishing-principles\/\",\"actionableFeedbackPolicy\":\"https:\/\/talkpal.ai\/actionable-feedback-policy\/\",\"correctionsPolicy\":\"https:\/\/talkpal.ai\/corrections-policy\/\",\"ethicsPolicy\":\"https:\/\/talkpal.ai\/ethics-policy\/\",\"diversityPolicy\":\"https:\/\/talkpal.ai\/diversity-policy\/\",\"diversityStaffingReport\":\"https:\/\/talkpal.ai\/diversity-policy\/\"}]}<\/script>\n<!-- \/ Yoast SEO Premium plugin. -->","yoast_head_json":{"title":"Adverbes de temps dans la grammaire mac\u00e9donienne - Talkpal","description":"Les adverbes de temps jouent un r\u00f4le essentiel dans la structuration des phrases en mac\u00e9donien, permettant d'exprimer avec pr\u00e9cision la temporalit\u00e9 des","robots":{"index":"index","follow":"follow","max-snippet":"max-snippet:-1","max-image-preview":"max-image-preview:large","max-video-preview":"max-video-preview:-1"},"canonical":"https:\/\/talkpal.ai\/fr\/grammar\/adverbes-de-temps-dans-la-grammaire-macedonienne\/","og_locale":"fr_FR","og_type":"article","og_title":"Adverbes de temps dans la grammaire mac\u00e9donienne","og_description":"Les adverbes de temps jouent un r\u00f4le essentiel dans la structuration des phrases en mac\u00e9donien, permettant d'exprimer avec pr\u00e9cision la temporalit\u00e9 des","og_url":"https:\/\/talkpal.ai\/fr\/grammar\/adverbes-de-temps-dans-la-grammaire-macedonienne\/","og_site_name":"Talkpal","article_publisher":"https:\/\/www.facebook.com\/profile.php?id=100090733639311","og_image":[{"width":2880,"height":1620,"url":"https:\/\/talkpal.ai\/wp-content\/uploads\/2025\/02\/Progress-tab-16_9.png","type":"image\/png"}],"twitter_card":"summary_large_image","twitter_site":"@talkpalai","twitter_misc":{"Dur\u00e9e de lecture estim\u00e9e":"4 minutes"},"schema":{"@context":"https:\/\/schema.org","@graph":[{"@type":"WebPage","@id":"https:\/\/talkpal.ai\/fr\/grammar\/adverbes-de-temps-dans-la-grammaire-macedonienne\/","url":"https:\/\/talkpal.ai\/fr\/grammar\/adverbes-de-temps-dans-la-grammaire-macedonienne\/","name":"Adverbes de temps dans la grammaire mac\u00e9donienne - Talkpal","isPartOf":{"@id":"https:\/\/talkpal.ai\/fr\/#website"},"primaryImageOfPage":{"@id":"https:\/\/talkpal.ai\/fr\/grammar\/adverbes-de-temps-dans-la-grammaire-macedonienne\/#primaryimage"},"image":{"@id":"https:\/\/talkpal.ai\/fr\/grammar\/adverbes-de-temps-dans-la-grammaire-macedonienne\/#primaryimage"},"thumbnailUrl":"https:\/\/talkpal.ai\/wp-content\/uploads\/2025\/12\/woman-uses-flashcards-to-learn-languages.webp","datePublished":"2025-07-03T03:44:55+00:00","description":"Les adverbes de temps jouent un r\u00f4le essentiel dans la structuration des phrases en mac\u00e9donien, permettant d'exprimer avec pr\u00e9cision la temporalit\u00e9 des","breadcrumb":{"@id":"https:\/\/talkpal.ai\/fr\/grammar\/adverbes-de-temps-dans-la-grammaire-macedonienne\/#breadcrumb"},"inLanguage":"fr-FR","potentialAction":[{"@type":"ReadAction","target":["https:\/\/talkpal.ai\/fr\/grammar\/adverbes-de-temps-dans-la-grammaire-macedonienne\/"]}]},{"@type":"ImageObject","inLanguage":"fr-FR","@id":"https:\/\/talkpal.ai\/fr\/grammar\/adverbes-de-temps-dans-la-grammaire-macedonienne\/#primaryimage","url":"https:\/\/talkpal.ai\/wp-content\/uploads\/2025\/12\/woman-uses-flashcards-to-learn-languages.webp","contentUrl":"https:\/\/talkpal.ai\/wp-content\/uploads\/2025\/12\/woman-uses-flashcards-to-learn-languages.webp","width":1200,"height":896,"caption":"A woman uses flashcards and a textbook for learning languages while sitting near a window with mountain views."},{"@type":"BreadcrumbList","@id":"https:\/\/talkpal.ai\/fr\/grammar\/adverbes-de-temps-dans-la-grammaire-macedonienne\/#breadcrumb","itemListElement":[{"@type":"ListItem","position":1,"name":"Homepage","item":"https:\/\/talkpal.ai\/fr\/"},{"@type":"ListItem","position":2,"name":"Adverbes de temps dans la grammaire mac\u00e9donienne"}]},{"@type":"WebSite","@id":"https:\/\/talkpal.ai\/fr\/#website","url":"https:\/\/talkpal.ai\/fr\/","name":"Talkpal","description":"AI Language Learning","publisher":{"@id":"https:\/\/talkpal.ai\/fr\/#organization"},"alternateName":"Talkpal AI","potentialAction":[{"@type":"SearchAction","target":{"@type":"EntryPoint","urlTemplate":"https:\/\/talkpal.ai\/fr\/?s={search_term_string}"},"query-input":{"@type":"PropertyValueSpecification","valueRequired":true,"valueName":"search_term_string"}}],"inLanguage":"fr-FR"},{"@type":"Organization","@id":"https:\/\/talkpal.ai\/fr\/#organization","name":"Talkpal, Inc.","alternateName":"Talkpal AI","url":"https:\/\/talkpal.ai\/fr\/","logo":{"@type":"ImageObject","inLanguage":"fr-FR","@id":"https:\/\/talkpal.ai\/fr\/#\/schema\/logo\/image\/","url":"https:\/\/talkpal.ai\/wp-content\/uploads\/2024\/03\/Talkpal-Logo-Icon.png","contentUrl":"https:\/\/talkpal.ai\/wp-content\/uploads\/2024\/03\/Talkpal-Logo-Icon.png","width":2880,"height":2880,"caption":"Talkpal, Inc."},"image":{"@id":"https:\/\/talkpal.ai\/fr\/#\/schema\/logo\/image\/"},"sameAs":["https:\/\/www.facebook.com\/profile.php?id=100090733639311","https:\/\/x.com\/talkpalai","https:\/\/www.linkedin.com\/company\/talkpal\/","https:\/\/www.youtube.com\/@TalkPal\/","https:\/\/www.tiktok.com\/@talkpal","https:\/\/www.instagram.com\/talkpal_ai\/","https:\/\/www.crunchbase.com\/organization\/talkpal-9cde","https:\/\/www.g2.com\/products\/talkpal-for-business\/","https:\/\/www.trustpilot.com\/review\/talkpal.ai","https:\/\/www.capterra.com\/p\/10006800\/TalkPal\/"],"description":"Talkpal is a language learning web and mobile education app, powered by the latest AI technologies, that provides engaging experiences to its customers in many different languages to help them improve their language skills. Users can chat about unlimited amount of topics with the app and use other modes to practice their language learning.","email":"support@talkpal.ai","legalName":"Talkpal, Inc.","foundingDate":"2023-04-03","duns":"118989042","numberOfEmployees":{"@type":"QuantitativeValue","minValue":"11","maxValue":"50"},"publishingPrinciples":"https:\/\/talkpal.ai\/publishing-principles\/","actionableFeedbackPolicy":"https:\/\/talkpal.ai\/actionable-feedback-policy\/","correctionsPolicy":"https:\/\/talkpal.ai\/corrections-policy\/","ethicsPolicy":"https:\/\/talkpal.ai\/ethics-policy\/","diversityPolicy":"https:\/\/talkpal.ai\/diversity-policy\/","diversityStaffingReport":"https:\/\/talkpal.ai\/diversity-policy\/"}]}},"_links":{"self":[{"href":"https:\/\/talkpal.ai\/fr\/wp-json\/wp\/v2\/grammar\/1092087","targetHints":{"allow":["GET"]}}],"collection":[{"href":"https:\/\/talkpal.ai\/fr\/wp-json\/wp\/v2\/grammar"}],"about":[{"href":"https:\/\/talkpal.ai\/fr\/wp-json\/wp\/v2\/types\/grammar"}],"wp:featuredmedia":[{"embeddable":true,"href":"https:\/\/talkpal.ai\/fr\/wp-json\/wp\/v2\/media\/1528101"}],"wp:attachment":[{"href":"https:\/\/talkpal.ai\/fr\/wp-json\/wp\/v2\/media?parent=1092087"}],"wp:term":[{"taxonomy":"language","embeddable":true,"href":"https:\/\/talkpal.ai\/fr\/wp-json\/wp\/v2\/language?post=1092087"}],"curies":[{"name":"wp","href":"https:\/\/api.w.org\/{rel}","templated":true}]}}