{"id":761780,"date":"2024-06-11T18:52:45","date_gmt":"2024-06-11T18:52:45","guid":{"rendered":"https:\/\/talkpal.ai\/vocabulary\/dan-vs-doba-paiva-vs-kausi-sloveniaksi\/"},"modified":"2024-06-11T18:52:45","modified_gmt":"2024-06-11T18:52:45","slug":"dan-vs-doba-paiva-vs-kausi-sloveniaksi","status":"publish","type":"vocabulary","link":"https:\/\/talkpal.ai\/fi\/vocabulary\/dan-vs-doba-paiva-vs-kausi-sloveniaksi\/","title":{"rendered":"Dan vs. Doba &#8211; P\u00e4iv\u00e4 vs. kausi sloveniaksi"},"content":{"rendered":"<p>Kielen <b>oppiminen<\/b> voi olla <b>haastavaa<\/b>, mutta <b>oikeiden<\/b> <b>ty\u00f6kalujen<\/b> ja <b>tietojen<\/b> avulla siit\u00e4 tulee <b>helpompaa<\/b> ja <b>hauskaa<\/b>. T\u00e4ss\u00e4 <b>artikkelissa<\/b> <b>tutustumme<\/b> <b>kahteen<\/b> <b>slovenialaiseen<\/b> <b>sanaan<\/b>, jotka <b>k\u00e4\u00e4ntyv\u00e4t<\/b> <b>suomeksi<\/b> <b>eri<\/b> <b>tavoin<\/b> <b>riippuen<\/b> <b>kontekstista<\/b>: <b>dan<\/b> ja <b>doba<\/b>. N\u00e4it\u00e4 <b>sanoja<\/b> <b>k\u00e4ytet\u00e4\u00e4n<\/b> <b>kuvaamaan<\/b> <b>ajan<\/b> <b>eri<\/b> <b>jaksoja<\/b>, mutta niiden <b>merkitykset<\/b> ja <b>k\u00e4ytt\u00f6tavat<\/b> <b>eroavat<\/b> <b>toisistaan<\/b> huomattavasti.<\/p>\n<h2><b>Dan<\/b> &#8211; <b>P\u00e4iv\u00e4<\/b><\/h2>\n<p><b>Slovenialainen<\/b> <b>sana<\/b> <b>dan<\/b> <b>tarkoittaa<\/b> <b>p\u00e4iv\u00e4\u00e4<\/b>. Se on <b>yksinkertainen<\/b> <b>k\u00e4site<\/b>, joka <b>viittaa<\/b> <b>24<\/b> <b>tunnin<\/b> <b>jaksoon<\/b>, joka <b>alkaa<\/b> <b>keskiy\u00f6ll\u00e4<\/b> ja <b>p\u00e4\u00e4ttyy<\/b> <b>seuraavana<\/b> <b>keskiy\u00f6n\u00e4<\/b>. <b>Suomessa<\/b> <b>puhumme<\/b> <b>p\u00e4iv\u00e4st\u00e4<\/b> <b>samalla<\/b> <b>tavalla<\/b>. <b>Esimerkiksi<\/b>, jos <b>haluamme<\/b> <b>sanoa<\/b> &#8221;T\u00e4n\u00e4\u00e4n on kaunis p\u00e4iv\u00e4&#8221; <b>sloveniaksi<\/b>, <b>sanomme<\/b> &#8221;Danes je lep dan.&#8221;<\/p>\n<p><b>Dan<\/b> on <b>perusk\u00e4site<\/b>, joka <b>ilmenee<\/b> <b>jokap\u00e4iv\u00e4isess\u00e4<\/b> <b>kieless\u00e4<\/b>. <b>Esimerkiksi<\/b>:<\/p>\n<p>&#8211; <b>Dober<\/b> <b>dan<\/b>: <b>Hyv\u00e4\u00e4<\/b> <b>p\u00e4iv\u00e4\u00e4<\/b><br \/>\n&#8211; <b>Kak\u0161en<\/b> <b>dan<\/b> je <b>danes<\/b>?: <b>Mik\u00e4<\/b> <b>p\u00e4iv\u00e4<\/b> <b>t\u00e4n\u00e4\u00e4n<\/b> <b>on<\/b>?<br \/>\n&#8211; <b>Dan<\/b> in <b>no\u010d<\/b>: <b>P\u00e4iv\u00e4<\/b> ja <b>y\u00f6<\/b><\/p>\n<p><b>Dan<\/b> <b>k\u00e4ytet\u00e4\u00e4n<\/b> <b>kuvaamaan<\/b> <b>my\u00f6s<\/b> <b>tiettyj\u00e4<\/b> <b>tapahtumia<\/b> <a href=\"https:\/\/talkpal.ai\/learn-thai\/\">tai<\/a> <b>tilanteita<\/b> <b>p\u00e4iv\u00e4n<\/b> <b>aikana<\/b>. <b>Esimerkiksi<\/b>, jos <b>joku<\/b> <b>kysyy<\/b>, <b>miten<\/b> <b>p\u00e4iv\u00e4si<\/b> on <b>mennyt<\/b>, <b>voisit<\/b> <b>vastata<\/b> &#8221;Moj dan je bil zelo naporen&#8221; (<b>P\u00e4iv\u00e4ni<\/b> on ollut <b>eritt\u00e4in<\/b> <b>raskas<\/b>). <b>T\u00e4ss\u00e4<\/b> <b>yhteydess\u00e4<\/b> <b>dan<\/b> <b>viittaa<\/b> <b>kokonaisuuteen<\/b> <b>ajan<\/b> <b>jaksona<\/b>, <b>jonka<\/b> <b>kokemukset<\/b> ja <b>tapahtumat<\/b> <b>muodostavat<\/b> <b>p\u00e4iv\u00e4n<\/b> <b>sis\u00e4ll\u00f6n<\/b>.<\/p>\n<h2><b>Doba<\/b> &#8211; <b>Kausi<\/b><\/h2>\n<p><b>Doba<\/b> on <b>hieman<\/b> <b>monimutkaisempi<\/b> <b>k\u00e4site<\/b> kuin <b>dan<\/b>. Se <b>viittaa<\/b> <b>pidemp\u00e4\u00e4n<\/b> <b>ajanjaksoon<\/b>, <b>jolla<\/b> on <b>alku<\/b> ja <b>loppu<\/b>. <b>Suomeksi<\/b> <b>doba<\/b> <b>k\u00e4\u00e4ntyy<\/b> <b>usein<\/b> <b>kaudeksi<\/b>, <b>jaksoksi<\/b> tai <b>ajanjaksoksi<\/b> <b>riippuen<\/b> <b>kontekstista<\/b>.<\/p>\n<p><b>Esimerkiksi<\/b>:<\/p>\n<p>&#8211; <b>Zgodovinska<\/b> <b>doba<\/b>: <b>Historiallinen<\/b> <b>kausi<\/b><br \/>\n&#8211; <b>Razvojna<\/b> <b>doba<\/b>: <b>Kehitysvaihe<\/b><br \/>\n&#8211; <b>Industrijska<\/b> <b>doba<\/b>: <b>Teollinen<\/b> <b>ajanjakso<\/b><\/p>\n<p><b>Doba<\/b> <b>voi<\/b> <b>viitata<\/b> <b>my\u00f6s<\/b> <b>el\u00e4m\u00e4n<\/b> <b>tiettyyn<\/b> <b>kauteen<\/b> tai <b>vaiheeseen<\/b>. <b>Esimerkiksi<\/b>, jos <b>puhumme<\/b> <b>lapsuudesta<\/b>, <b>voimme<\/b> <b>sanoa<\/b> &#8221;Moja otro\u0161ka doba&#8221; (<b>Lapsuuteni<\/b> <b>kausi<\/b>).<\/p>\n<h3><b>Dan<\/b> ja <b>doba<\/b> <b>kontekstissa<\/b><\/h3>\n<p><b>Dan<\/b> ja <b>doba<\/b> <b>k\u00e4ytet\u00e4\u00e4n<\/b> <b>eri<\/b> <b>tavoin<\/b> <b>riippuen<\/b> <b>kontekstista<\/b>. <b>Esimerkiksi<\/b>, jos <b>haluamme<\/b> <b>kuvata<\/b> <b>tietty\u00e4<\/b> <b>tapahtumaa<\/b> <b>p\u00e4iv\u00e4n<\/b> <b>aikana<\/b>, <b>k\u00e4yt\u00e4mme<\/b> <b>sanaa<\/b> <b>dan<\/b>. <b>Toisaalta<\/b>, jos <b>haluamme<\/b> <b>kuvata<\/b> <b>pidemp\u00e4\u00e4<\/b> <b>ajanjaksoa<\/b>, <b>k\u00e4yt\u00e4mme<\/b> <b>sanaa<\/b> <b>doba<\/b>.<\/p>\n<p><b>Esimerkiksi<\/b>:<\/p>\n<p>&#8211; &#8221;To je bil najlep\u0161i dan v mojem \u017eivljenju&#8221; (<b>T\u00e4m\u00e4<\/b> oli <b>kaunein<\/b> <b>p\u00e4iv\u00e4<\/b> <b>el\u00e4m\u00e4ss\u00e4ni<\/b>)<br \/>\n&#8211; &#8221;To je bila najlep\u0161a doba v mojem \u017eivljenju&#8221; (<b>T\u00e4m\u00e4<\/b> oli <b>kaunein<\/b> <b>kausi<\/b> <b>el\u00e4m\u00e4ss\u00e4ni<\/b>)<\/p>\n<p><b>Ensimm\u00e4isess\u00e4<\/b> <b>esimerkiss\u00e4<\/b> <b>dan<\/b> <b>viittaa<\/b> <b>tiettyyn<\/b> <b>p\u00e4iv\u00e4\u00e4n<\/b>, <b>jolla<\/b> on <b>erityinen<\/b> <b>merkitys<\/b>. <b>Toisessa<\/b> <b>esimerkiss\u00e4<\/b> <b>doba<\/b> <b>viittaa<\/b> <b>pidemp\u00e4\u00e4n<\/b> <b>ajanjaksoon<\/b>, <b>jolla<\/b> on <b>erityinen<\/b> <b>merkitys<\/b>.<\/p>\n<h3><b>Kulttuurilliset<\/b> <b>erot<\/b> ja <b>merkitykset<\/b><\/h3>\n<p>On <b>t\u00e4rke\u00e4\u00e4<\/b> <b>huomata<\/b>, ett\u00e4 <b>kielen<\/b> <b>k\u00e4ytt\u00f6<\/b> ja <b>merkitykset<\/b> <b>vaihtelevat<\/b> <b>kulttuurista<\/b> <b>toiseen<\/b>. <b>Sloveniaksi<\/b> <b>doba<\/b> <b>voi<\/b> <b>merkit\u00e4<\/b> <b>erilaisia<\/b> <b>ajanjaksoja<\/b> <b>riippuen<\/b> <b>kontekstista<\/b>, <b>jolloin<\/b> <b>k\u00e4\u00e4nn\u00f6sty\u00f6ss\u00e4<\/b> on <b>t\u00e4rke\u00e4\u00e4<\/b> <b>ymm\u00e4rt\u00e4\u00e4<\/b> <b>konteksti<\/b> <b>t\u00e4ysin<\/b>. <b>Suomessa<\/b> <b>sanoilla<\/b> <b>p\u00e4iv\u00e4<\/b> ja <b>kausi<\/b> on <b>selke\u00e4t<\/b> <b>merkitykset<\/b>, <b>jotka<\/b> <b>eiv\u00e4t<\/b> <b>aina<\/b> <b>ole<\/b> <b>suoraan<\/b> <b>verrattavissa<\/b> <b>slovenialaisiin<\/b> <b>vastaaviin<\/b>.<\/p>\n<p><b>Esimerkiksi<\/b>, <b>historiallinen<\/b> <b>ajanjakso<\/b> <b>voidaan<\/b> <b>kuvata<\/b> <b>sloveniaksi<\/b> <b>sanalla<\/b> <b>doba<\/b>, <b>mutta<\/b> <b>suomeksi<\/b> <b>k\u00e4yt\u00e4mme<\/b> <b>sanaa<\/b> <b>kausi<\/b> tai <b>ajanjakso<\/b> <b>riippuen<\/b> <b>kontekstista<\/b>. <b>Samoin<\/b>, <b>sana<\/b> <b>dan<\/b> <b>viittaa<\/b> <b>p\u00e4iv\u00e4\u00e4n<\/b>, <b>mutta<\/b> <b>sen<\/b> <b>merkitys<\/b> <b>voi<\/b> <b>vaihdella<\/b> <b>riippuen<\/b> <b>kontekstista<\/b> ja <b>k\u00e4yt\u00f6st\u00e4<\/b>.<\/p>\n<h2><b>Yhteenveto<\/b><\/h2>\n<p><b>Oppimalla<\/b> <b>slovenian<\/b> <b>kielen<\/b> <b>sanoja<\/b> <b>dan<\/b> ja <b>doba<\/b>, <b>ymm\u00e4rr\u00e4mme<\/b> <b>paremmin<\/b> <b>miten<\/b> <b>kieli<\/b> <b>kuvaa<\/b> <b>ajan<\/b> <b>jaksoja<\/b>. <b>Dan<\/b> <b>viittaa<\/b> <b>p\u00e4iv\u00e4\u00e4n<\/b>, <b>kun<\/b> <b>doba<\/b> <b>viittaa<\/b> <b>pidemp\u00e4\u00e4n<\/b> <b>ajanjaksoon<\/b> <b>tai<\/b> <b>kauteen<\/b>. <b>On<\/b> <b>t\u00e4rke\u00e4\u00e4<\/b> <b>ymm\u00e4rt\u00e4\u00e4<\/b> <b>n\u00e4m\u00e4<\/b> <b>eroavaisuudet<\/b> <b>voidaksemme<\/b> <b>k\u00e4ytt\u00e4\u00e4<\/b> <b>kielt\u00e4<\/b> <b>oikein<\/b> ja <b>tarkasti<\/b> <b>eri<\/b> <b>konteksteissa<\/b>.<\/p>\n<p><b>Muistakaa<\/b>, ett\u00e4 <b>kielen<\/b> <b>oppiminen<\/b> on <b>prosessi<\/b>, <b>joka<\/b> <b>vaatii<\/b> <b>harjoittelua<\/b> ja <b>sitoutumista<\/b>. <b>Jatkuva<\/b> <b>kielen<\/b> <b>k\u00e4ytt\u00f6<\/b> ja <b>kontekstin<\/b> <b>ymm\u00e4rt\u00e4minen<\/b> <b>auttavat<\/b> <b>syvent\u00e4m\u00e4\u00e4n<\/b> <b>osaamistanne<\/b> ja <b>tekev\u00e4t<\/b> <b>oppimisesta<\/b> <b>miellytt\u00e4v\u00e4mp\u00e4\u00e4<\/b> ja <b>palkitsevampaa<\/b>.<\/p>\n<p><b>Slovenian<\/b> <b>kielen<\/b> <b>sanat<\/b> <b>dan<\/b> ja <b>doba<\/b> <b>ovat<\/b> <b>hyvi\u00e4<\/b> <b>esimerkkej\u00e4<\/b> <b>siit\u00e4<\/b>, <b>miten<\/b> <b>kieli<\/b> <b>kuvaa<\/b> <b>ajan<\/b> <b>jaksoja<\/b> <b>erilaisilla<\/b> <b>tavoilla<\/b>. <b>Oppimalla<\/b> <b>n\u00e4m\u00e4<\/b> <b>k\u00e4sitteet<\/b> <b>voimme<\/b> <b>syvent\u00e4\u00e4<\/b> <b>ymm\u00e4rryst\u00e4mme<\/b> <b>kielen<\/b> <b>rakenteista<\/b> ja <b>kulttuurisista<\/b> <b>merkityksist\u00e4<\/b>. <b>Toivottavasti<\/b> <b>t\u00e4m\u00e4<\/b> <b>artikkeli<\/b> <b>on<\/b> <b>auttanut<\/b> <b>selkeytt\u00e4m\u00e4\u00e4n<\/b> <b>n\u00e4it\u00e4<\/b> <b>k\u00e4sitteit\u00e4<\/b> ja <b>innostanut<\/b> <b>jatkamaan<\/b> <b>slovenian<\/b> <b>kielen<\/b> <b>oppimista<\/b>.<\/p>\n","protected":false},"featured_media":1527755,"template":"","vocabulary_language":[3829],"class_list":["post-761780","vocabulary","type-vocabulary","status-publish","has-post-thumbnail","hentry","vocabulary_language-slovenialainen"],"acf":[],"yoast_head":"<!-- This site is optimized with the Yoast SEO Premium plugin v27.2 (Yoast SEO v27.2) - https:\/\/yoast.com\/product\/yoast-seo-premium-wordpress\/ -->\n<title>Dan vs. Doba - P\u00e4iv\u00e4 vs. kausi sloveniaksi - Talkpal<\/title>\n<meta name=\"description\" content=\"Kielen oppiminen voi olla haastavaa, mutta oikeiden ty\u00f6kalujen ja tietojen avulla siit\u00e4 tulee helpompaa ja hauskaa. T\u00e4ss\u00e4 artikkelissa tutustumme kahteen\" \/>\n<meta name=\"robots\" content=\"index, follow, max-snippet:-1, max-image-preview:large, max-video-preview:-1\" \/>\n<link rel=\"canonical\" href=\"https:\/\/talkpal.ai\/fi\/vocabulary\/dan-vs-doba-paiva-vs-kausi-sloveniaksi\/\" \/>\n<meta property=\"og:locale\" content=\"fi_FI\" \/>\n<meta property=\"og:type\" content=\"article\" \/>\n<meta property=\"og:title\" content=\"Dan vs. Doba - P\u00e4iv\u00e4 vs. kausi sloveniaksi\" \/>\n<meta property=\"og:description\" content=\"Kielen oppiminen voi olla haastavaa, mutta oikeiden ty\u00f6kalujen ja tietojen avulla siit\u00e4 tulee helpompaa ja hauskaa. T\u00e4ss\u00e4 artikkelissa tutustumme kahteen\" \/>\n<meta property=\"og:url\" content=\"https:\/\/talkpal.ai\/fi\/vocabulary\/dan-vs-doba-paiva-vs-kausi-sloveniaksi\/\" \/>\n<meta property=\"og:site_name\" content=\"Talkpal\" \/>\n<meta property=\"article:publisher\" content=\"https:\/\/www.facebook.com\/profile.php?id=100090733639311\" \/>\n<meta property=\"og:image\" content=\"https:\/\/talkpal.ai\/wp-content\/uploads\/2024\/10\/talkpal_flat_illustration_of_a_employees_working_together_happi_c674ff77-e477-4e09-835a-01d30e561e99.png\" \/>\n\t<meta property=\"og:image:width\" content=\"1024\" \/>\n\t<meta property=\"og:image:height\" content=\"1024\" \/>\n\t<meta property=\"og:image:type\" content=\"image\/png\" \/>\n<meta name=\"twitter:card\" content=\"summary_large_image\" \/>\n<meta name=\"twitter:site\" content=\"@talkpalai\" \/>\n<meta name=\"twitter:label1\" content=\"Arvioitu lukuaika\" \/>\n\t<meta name=\"twitter:data1\" content=\"3 minuuttia\" \/>\n<script type=\"application\/ld+json\" class=\"yoast-schema-graph\">{\"@context\":\"https:\/\/schema.org\",\"@graph\":[{\"@type\":\"WebPage\",\"@id\":\"https:\/\/talkpal.ai\/fi\/vocabulary\/dan-vs-doba-paiva-vs-kausi-sloveniaksi\/\",\"url\":\"https:\/\/talkpal.ai\/fi\/vocabulary\/dan-vs-doba-paiva-vs-kausi-sloveniaksi\/\",\"name\":\"Dan vs. Doba - P\u00e4iv\u00e4 vs. kausi sloveniaksi - Talkpal\",\"isPartOf\":{\"@id\":\"https:\/\/talkpal.ai\/fi\/#website\"},\"primaryImageOfPage\":{\"@id\":\"https:\/\/talkpal.ai\/fi\/vocabulary\/dan-vs-doba-paiva-vs-kausi-sloveniaksi\/#primaryimage\"},\"image\":{\"@id\":\"https:\/\/talkpal.ai\/fi\/vocabulary\/dan-vs-doba-paiva-vs-kausi-sloveniaksi\/#primaryimage\"},\"thumbnailUrl\":\"https:\/\/talkpal.ai\/wp-content\/uploads\/2025\/12\/library-is-lit-to-learn-languages.webp\",\"datePublished\":\"2024-06-11T18:52:45+00:00\",\"description\":\"Kielen oppiminen voi olla haastavaa, mutta oikeiden ty\u00f6kalujen ja tietojen avulla siit\u00e4 tulee helpompaa ja hauskaa. T\u00e4ss\u00e4 artikkelissa tutustumme kahteen\",\"breadcrumb\":{\"@id\":\"https:\/\/talkpal.ai\/fi\/vocabulary\/dan-vs-doba-paiva-vs-kausi-sloveniaksi\/#breadcrumb\"},\"inLanguage\":\"fi\",\"potentialAction\":[{\"@type\":\"ReadAction\",\"target\":[\"https:\/\/talkpal.ai\/fi\/vocabulary\/dan-vs-doba-paiva-vs-kausi-sloveniaksi\/\"]}]},{\"@type\":\"ImageObject\",\"inLanguage\":\"fi\",\"@id\":\"https:\/\/talkpal.ai\/fi\/vocabulary\/dan-vs-doba-paiva-vs-kausi-sloveniaksi\/#primaryimage\",\"url\":\"https:\/\/talkpal.ai\/wp-content\/uploads\/2025\/12\/library-is-lit-to-learn-languages.webp\",\"contentUrl\":\"https:\/\/talkpal.ai\/wp-content\/uploads\/2025\/12\/library-is-lit-to-learn-languages.webp\",\"width\":1200,\"height\":896,\"caption\":\"Students are seen through a window working on computers while learning languages at night in a library.\"},{\"@type\":\"BreadcrumbList\",\"@id\":\"https:\/\/talkpal.ai\/fi\/vocabulary\/dan-vs-doba-paiva-vs-kausi-sloveniaksi\/#breadcrumb\",\"itemListElement\":[{\"@type\":\"ListItem\",\"position\":1,\"name\":\"Homepage\",\"item\":\"https:\/\/talkpal.ai\/fi\/\"},{\"@type\":\"ListItem\",\"position\":2,\"name\":\"Dan vs. Doba &#8211; P\u00e4iv\u00e4 vs. kausi sloveniaksi\"}]},{\"@type\":\"WebSite\",\"@id\":\"https:\/\/talkpal.ai\/fi\/#website\",\"url\":\"https:\/\/talkpal.ai\/fi\/\",\"name\":\"Talkpal\",\"description\":\"AI Language Learning\",\"publisher\":{\"@id\":\"https:\/\/talkpal.ai\/fi\/#organization\"},\"alternateName\":\"Talkpal AI\",\"potentialAction\":[{\"@type\":\"SearchAction\",\"target\":{\"@type\":\"EntryPoint\",\"urlTemplate\":\"https:\/\/talkpal.ai\/fi\/?s={search_term_string}\"},\"query-input\":{\"@type\":\"PropertyValueSpecification\",\"valueRequired\":true,\"valueName\":\"search_term_string\"}}],\"inLanguage\":\"fi\"},{\"@type\":\"Organization\",\"@id\":\"https:\/\/talkpal.ai\/fi\/#organization\",\"name\":\"Talkpal, Inc.\",\"alternateName\":\"Talkpal AI\",\"url\":\"https:\/\/talkpal.ai\/fi\/\",\"logo\":{\"@type\":\"ImageObject\",\"inLanguage\":\"fi\",\"@id\":\"https:\/\/talkpal.ai\/fi\/#\/schema\/logo\/image\/\",\"url\":\"https:\/\/talkpal.ai\/wp-content\/uploads\/2024\/03\/Talkpal-Logo-Icon.png\",\"contentUrl\":\"https:\/\/talkpal.ai\/wp-content\/uploads\/2024\/03\/Talkpal-Logo-Icon.png\",\"width\":2880,\"height\":2880,\"caption\":\"Talkpal, Inc.\"},\"image\":{\"@id\":\"https:\/\/talkpal.ai\/fi\/#\/schema\/logo\/image\/\"},\"sameAs\":[\"https:\/\/www.facebook.com\/profile.php?id=100090733639311\",\"https:\/\/x.com\/talkpalai\",\"https:\/\/www.linkedin.com\/company\/talkpal\/\",\"https:\/\/www.youtube.com\/@TalkPal\/\",\"https:\/\/www.tiktok.com\/@talkpal\",\"https:\/\/www.instagram.com\/talkpal_ai\/\",\"https:\/\/www.crunchbase.com\/organization\/talkpal-9cde\",\"https:\/\/www.g2.com\/products\/talkpal-for-business\/\",\"https:\/\/www.trustpilot.com\/review\/talkpal.ai\",\"https:\/\/www.capterra.com\/p\/10006800\/TalkPal\/\"],\"description\":\"Talkpal is a language learning web and mobile education app, powered by the latest AI technologies, that provides engaging experiences to its customers in many different languages to help them improve their language skills. Users can chat about unlimited amount of topics with the app and use other modes to practice their language learning.\",\"email\":\"support@talkpal.ai\",\"legalName\":\"Talkpal, Inc.\",\"foundingDate\":\"2023-04-03\",\"duns\":\"118989042\",\"numberOfEmployees\":{\"@type\":\"QuantitativeValue\",\"minValue\":\"11\",\"maxValue\":\"50\"},\"publishingPrinciples\":\"https:\/\/talkpal.ai\/publishing-principles\/\",\"actionableFeedbackPolicy\":\"https:\/\/talkpal.ai\/actionable-feedback-policy\/\",\"correctionsPolicy\":\"https:\/\/talkpal.ai\/corrections-policy\/\",\"ethicsPolicy\":\"https:\/\/talkpal.ai\/ethics-policy\/\",\"diversityPolicy\":\"https:\/\/talkpal.ai\/diversity-policy\/\",\"diversityStaffingReport\":\"https:\/\/talkpal.ai\/diversity-policy\/\"}]}<\/script>\n<!-- \/ Yoast SEO Premium plugin. -->","yoast_head_json":{"title":"Dan vs. Doba - P\u00e4iv\u00e4 vs. kausi sloveniaksi - Talkpal","description":"Kielen oppiminen voi olla haastavaa, mutta oikeiden ty\u00f6kalujen ja tietojen avulla siit\u00e4 tulee helpompaa ja hauskaa. T\u00e4ss\u00e4 artikkelissa tutustumme kahteen","robots":{"index":"index","follow":"follow","max-snippet":"max-snippet:-1","max-image-preview":"max-image-preview:large","max-video-preview":"max-video-preview:-1"},"canonical":"https:\/\/talkpal.ai\/fi\/vocabulary\/dan-vs-doba-paiva-vs-kausi-sloveniaksi\/","og_locale":"fi_FI","og_type":"article","og_title":"Dan vs. Doba - P\u00e4iv\u00e4 vs. kausi sloveniaksi","og_description":"Kielen oppiminen voi olla haastavaa, mutta oikeiden ty\u00f6kalujen ja tietojen avulla siit\u00e4 tulee helpompaa ja hauskaa. T\u00e4ss\u00e4 artikkelissa tutustumme kahteen","og_url":"https:\/\/talkpal.ai\/fi\/vocabulary\/dan-vs-doba-paiva-vs-kausi-sloveniaksi\/","og_site_name":"Talkpal","article_publisher":"https:\/\/www.facebook.com\/profile.php?id=100090733639311","og_image":[{"width":1024,"height":1024,"url":"https:\/\/talkpal.ai\/wp-content\/uploads\/2024\/10\/talkpal_flat_illustration_of_a_employees_working_together_happi_c674ff77-e477-4e09-835a-01d30e561e99.png","type":"image\/png"}],"twitter_card":"summary_large_image","twitter_site":"@talkpalai","twitter_misc":{"Arvioitu lukuaika":"3 minuuttia"},"schema":{"@context":"https:\/\/schema.org","@graph":[{"@type":"WebPage","@id":"https:\/\/talkpal.ai\/fi\/vocabulary\/dan-vs-doba-paiva-vs-kausi-sloveniaksi\/","url":"https:\/\/talkpal.ai\/fi\/vocabulary\/dan-vs-doba-paiva-vs-kausi-sloveniaksi\/","name":"Dan vs. Doba - P\u00e4iv\u00e4 vs. kausi sloveniaksi - Talkpal","isPartOf":{"@id":"https:\/\/talkpal.ai\/fi\/#website"},"primaryImageOfPage":{"@id":"https:\/\/talkpal.ai\/fi\/vocabulary\/dan-vs-doba-paiva-vs-kausi-sloveniaksi\/#primaryimage"},"image":{"@id":"https:\/\/talkpal.ai\/fi\/vocabulary\/dan-vs-doba-paiva-vs-kausi-sloveniaksi\/#primaryimage"},"thumbnailUrl":"https:\/\/talkpal.ai\/wp-content\/uploads\/2025\/12\/library-is-lit-to-learn-languages.webp","datePublished":"2024-06-11T18:52:45+00:00","description":"Kielen oppiminen voi olla haastavaa, mutta oikeiden ty\u00f6kalujen ja tietojen avulla siit\u00e4 tulee helpompaa ja hauskaa. T\u00e4ss\u00e4 artikkelissa tutustumme kahteen","breadcrumb":{"@id":"https:\/\/talkpal.ai\/fi\/vocabulary\/dan-vs-doba-paiva-vs-kausi-sloveniaksi\/#breadcrumb"},"inLanguage":"fi","potentialAction":[{"@type":"ReadAction","target":["https:\/\/talkpal.ai\/fi\/vocabulary\/dan-vs-doba-paiva-vs-kausi-sloveniaksi\/"]}]},{"@type":"ImageObject","inLanguage":"fi","@id":"https:\/\/talkpal.ai\/fi\/vocabulary\/dan-vs-doba-paiva-vs-kausi-sloveniaksi\/#primaryimage","url":"https:\/\/talkpal.ai\/wp-content\/uploads\/2025\/12\/library-is-lit-to-learn-languages.webp","contentUrl":"https:\/\/talkpal.ai\/wp-content\/uploads\/2025\/12\/library-is-lit-to-learn-languages.webp","width":1200,"height":896,"caption":"Students are seen through a window working on computers while learning languages at night in a library."},{"@type":"BreadcrumbList","@id":"https:\/\/talkpal.ai\/fi\/vocabulary\/dan-vs-doba-paiva-vs-kausi-sloveniaksi\/#breadcrumb","itemListElement":[{"@type":"ListItem","position":1,"name":"Homepage","item":"https:\/\/talkpal.ai\/fi\/"},{"@type":"ListItem","position":2,"name":"Dan vs. Doba &#8211; P\u00e4iv\u00e4 vs. kausi sloveniaksi"}]},{"@type":"WebSite","@id":"https:\/\/talkpal.ai\/fi\/#website","url":"https:\/\/talkpal.ai\/fi\/","name":"Talkpal","description":"AI Language Learning","publisher":{"@id":"https:\/\/talkpal.ai\/fi\/#organization"},"alternateName":"Talkpal AI","potentialAction":[{"@type":"SearchAction","target":{"@type":"EntryPoint","urlTemplate":"https:\/\/talkpal.ai\/fi\/?s={search_term_string}"},"query-input":{"@type":"PropertyValueSpecification","valueRequired":true,"valueName":"search_term_string"}}],"inLanguage":"fi"},{"@type":"Organization","@id":"https:\/\/talkpal.ai\/fi\/#organization","name":"Talkpal, Inc.","alternateName":"Talkpal AI","url":"https:\/\/talkpal.ai\/fi\/","logo":{"@type":"ImageObject","inLanguage":"fi","@id":"https:\/\/talkpal.ai\/fi\/#\/schema\/logo\/image\/","url":"https:\/\/talkpal.ai\/wp-content\/uploads\/2024\/03\/Talkpal-Logo-Icon.png","contentUrl":"https:\/\/talkpal.ai\/wp-content\/uploads\/2024\/03\/Talkpal-Logo-Icon.png","width":2880,"height":2880,"caption":"Talkpal, Inc."},"image":{"@id":"https:\/\/talkpal.ai\/fi\/#\/schema\/logo\/image\/"},"sameAs":["https:\/\/www.facebook.com\/profile.php?id=100090733639311","https:\/\/x.com\/talkpalai","https:\/\/www.linkedin.com\/company\/talkpal\/","https:\/\/www.youtube.com\/@TalkPal\/","https:\/\/www.tiktok.com\/@talkpal","https:\/\/www.instagram.com\/talkpal_ai\/","https:\/\/www.crunchbase.com\/organization\/talkpal-9cde","https:\/\/www.g2.com\/products\/talkpal-for-business\/","https:\/\/www.trustpilot.com\/review\/talkpal.ai","https:\/\/www.capterra.com\/p\/10006800\/TalkPal\/"],"description":"Talkpal is a language learning web and mobile education app, powered by the latest AI technologies, that provides engaging experiences to its customers in many different languages to help them improve their language skills. Users can chat about unlimited amount of topics with the app and use other modes to practice their language learning.","email":"support@talkpal.ai","legalName":"Talkpal, Inc.","foundingDate":"2023-04-03","duns":"118989042","numberOfEmployees":{"@type":"QuantitativeValue","minValue":"11","maxValue":"50"},"publishingPrinciples":"https:\/\/talkpal.ai\/publishing-principles\/","actionableFeedbackPolicy":"https:\/\/talkpal.ai\/actionable-feedback-policy\/","correctionsPolicy":"https:\/\/talkpal.ai\/corrections-policy\/","ethicsPolicy":"https:\/\/talkpal.ai\/ethics-policy\/","diversityPolicy":"https:\/\/talkpal.ai\/diversity-policy\/","diversityStaffingReport":"https:\/\/talkpal.ai\/diversity-policy\/"}]}},"_links":{"self":[{"href":"https:\/\/talkpal.ai\/fi\/wp-json\/wp\/v2\/vocabulary\/761780","targetHints":{"allow":["GET"]}}],"collection":[{"href":"https:\/\/talkpal.ai\/fi\/wp-json\/wp\/v2\/vocabulary"}],"about":[{"href":"https:\/\/talkpal.ai\/fi\/wp-json\/wp\/v2\/types\/vocabulary"}],"wp:featuredmedia":[{"embeddable":true,"href":"https:\/\/talkpal.ai\/fi\/wp-json\/wp\/v2\/media\/1527755"}],"wp:attachment":[{"href":"https:\/\/talkpal.ai\/fi\/wp-json\/wp\/v2\/media?parent=761780"}],"wp:term":[{"taxonomy":"vocabulary_language","embeddable":true,"href":"https:\/\/talkpal.ai\/fi\/wp-json\/wp\/v2\/vocabulary_language?post=761780"}],"curies":[{"name":"wp","href":"https:\/\/api.w.org\/{rel}","templated":true}]}}