{"id":758929,"date":"2024-06-11T14:55:25","date_gmt":"2024-06-11T14:55:25","guid":{"rendered":"https:\/\/talkpal.ai\/vocabulary\/zelena-vs-plava-vihrea-vs-sininen-bosnialaisissa-vareissa\/"},"modified":"2024-06-11T14:55:25","modified_gmt":"2024-06-11T14:55:25","slug":"zelena-vs-plava-vihrea-vs-sininen-bosnialaisissa-vareissa","status":"publish","type":"vocabulary","link":"https:\/\/talkpal.ai\/fi\/vocabulary\/zelena-vs-plava-vihrea-vs-sininen-bosnialaisissa-vareissa\/","title":{"rendered":"Zelena vs Plava &#8211; Vihre\u00e4 vs sininen bosnialaisissa v\u00e4reiss\u00e4"},"content":{"rendered":"<p><b>Bosnian<\/b> <b>kieli<\/b> on <b>rikas<\/b> ja <b>monimutkainen<\/b>, ja <b>yksi<\/b> <b>kiinnostavimmista<\/b> <b>piirteist\u00e4<\/b> <b>on<\/b> <b>sen<\/b> <b>tapa<\/b> <b>k\u00e4sitell\u00e4<\/b> <b>v\u00e4rej\u00e4<\/b>. <b>T\u00e4ss\u00e4<\/b> <b>artikkelissa<\/b> <b>keskitymme<\/b> <b>kahteen<\/b> <b>erityisesti<\/b> <b>kiinnostavaan<\/b> <b>v\u00e4riin<\/b>: <b>vihre\u00e4\u00e4n<\/b> ja <b>siniseen<\/b>. <b>Bosniaksi<\/b> <b>n\u00e4it\u00e4<\/b> <b>v\u00e4rej\u00e4<\/b> <b>kutsutaan<\/b> <b>zelena<\/b> ja <b>plava<\/b>. <b>Kun<\/b> <b>opiskelet<\/b> <b>bosniaa<\/b>, <b>on<\/b> <b>t\u00e4rke\u00e4\u00e4<\/b> <b>ymm\u00e4rt\u00e4\u00e4<\/b> <b>miten<\/b> <b>n\u00e4m\u00e4<\/b> <b>v\u00e4rit<\/b> <b>k\u00e4ytt\u00e4ytyv\u00e4t<\/b> <b>kieless\u00e4<\/b> ja <b>kulttuurissa<\/b>.<\/p>\n<h2><b>V\u00e4rien<\/b> <b>perusk\u00e4sitteet<\/b><\/h2>\n<p><b>V\u00e4rit<\/b> <b>ovat<\/b> <b>t\u00e4rke\u00e4<\/b> <b>osa<\/b> <b>jokap\u00e4iv\u00e4ist\u00e4<\/b> <b>el\u00e4m\u00e4\u00e4<\/b>, ja <b>jokaisessa<\/b> <b>kieless\u00e4<\/b> <b>on<\/b> <b>omia<\/b> <b>tapojansa<\/b> <b>k\u00e4sitell\u00e4<\/b> <b>v\u00e4rien<\/b> <b>merkityksi\u00e4<\/b> ja <b>s\u00e4vyj\u00e4<\/b>. <b>Suomen<\/b> <b>kieless\u00e4<\/b> <b>erotetaan<\/b> <b>selv\u00e4sti<\/b> <b>vihre\u00e4<\/b> ja <b>sininen<\/b>, mutta <b>bosniaksi<\/b> <b>tilanne<\/b> <b>on<\/b> <b>hieman<\/b> <b>monimutkaisempi<\/b>.<\/p>\n<h3><b>Zelena<\/b> &#8211; <b>Vihre\u00e4<\/b><\/h3>\n<p><b>Bosnian<\/b> <b>kieless\u00e4<\/b> <b>zelena<\/b> <b>tarkoittaa<\/b> <b>vihre\u00e4\u00e4<\/b>. <b>T\u00e4m\u00e4<\/b> <b>v\u00e4ri<\/b> <b>liittyy<\/b> <b>luontoon<\/b>, <b>kasveihin<\/b> ja <b>hedelm\u00e4llisyyteen<\/b>. <b>Kulttuurisesti<\/b> <b>vihre\u00e4<\/b> <b>on<\/b> <b>usein<\/b> <b>positiivinen<\/b> <b>v\u00e4ri<\/b>, <b>joka<\/b> <b>symboloi<\/b> <b>kasvua<\/b> ja <b>uusia<\/b> <b>alkuja<\/b>. <b>Esimerkiksi<\/b>, <b>sanonta<\/b> &#8221;<b>zelena<\/b> <b>polja<\/b>&#8221; <b>tarkoittaa<\/b> &#8221;<b>vihre\u00e4t<\/b> <b>pellot<\/b>&#8221; ja <b>kuvastaa<\/b> <b>hedelm\u00e4llisyytt\u00e4<\/b> ja <b>runsautta<\/b>.<\/p>\n<h3><b>Plava<\/b> &#8211; <b>Sininen<\/b><\/h3>\n<p><b>Sininen<\/b> <b>v\u00e4ri<\/b> <b>bosnian<\/b> <b>kieless\u00e4<\/b> <b>on<\/b> <b>plava<\/b>. <b>T\u00e4m\u00e4<\/b> <b>v\u00e4ri<\/b> <b>liittyy<\/b> <b>usein<\/b> <b>taivaaseen<\/b> ja <b>veteen<\/b>. <b>Sininen<\/b> <b>symboloi<\/b> <b>rauhallisuutta<\/b>, <b>syvyytt\u00e4<\/b> ja <b>mystisyytt\u00e4<\/b>. <b>Esimerkiksi<\/b>, <b>sanonta<\/b> &#8221;<b>plavo<\/b> <b>more<\/b>&#8221; <b>tarkoittaa<\/b> &#8221;<b>sininen<\/b> <b>meri<\/b>&#8221;, <b>joka<\/b> <b>kuvastaa<\/b> <b>meren<\/b> <b>syvyytt\u00e4<\/b> ja <b>laajuutta<\/b>.<\/p>\n<h2><b>V\u00e4rien<\/b> <b>k\u00e4ytt\u00f6<\/b> <b>eri<\/b> <b>konteksteissa<\/b><\/h2>\n<p><b>Kun<\/b> <b>opit<\/b> <b>uutta<\/b> <b>kielt\u00e4<\/b>, <b>on<\/b> <b>t\u00e4rke\u00e4\u00e4<\/b> <b>ymm\u00e4rt\u00e4\u00e4<\/b>, <b>miten<\/b> <b>v\u00e4rit<\/b> <b>k\u00e4ytt\u00e4ytyv\u00e4t<\/b> <b>eri<\/b> <b>konteksteissa<\/b>. <b>Bosnian<\/b> <b>kieless\u00e4<\/b> <b>zelena<\/b> ja <b>plava<\/b> <b>eiv\u00e4t<\/b> <b>aina<\/b> <b>ole<\/b> <b>yht\u00e4<\/b> <b>yksiselitteisi\u00e4<\/b> <b>kuin<\/b> <b>suomessa<\/b>.<\/p>\n<h3><b>Luonnon<\/b> <b>kuvaaminen<\/b><\/h3>\n<p><b>Kun<\/b> <b>kuvaat<\/b> <b>luontoa<\/b> <b>bosnian<\/b> <b>kielell\u00e4<\/b>, <b>huomaat<\/b> <b>ehk\u00e4<\/b> <b>k\u00e4ytt\u00e4v\u00e4si<\/b> <b>useammin<\/b> <b>zelena<\/b>&#8211;<b>sanaa<\/b>. <b>Esimerkiksi<\/b>, <b>mets\u00e4<\/b> <b>on<\/b> &#8221;<b>zelena<\/b> <b>\u0161uma<\/b>&#8221;, &#8221;<b>vihre\u00e4<\/b> <b>mets\u00e4<\/b>&#8221;. <b>T\u00e4m\u00e4<\/b> <b>johtuu<\/b> <b>siit\u00e4<\/b>, <b>ett\u00e4<\/b> <b>vihre\u00e4<\/b> <b>v\u00e4ri<\/b> <b>liittyy<\/b> <b>kasvillisuuteen<\/b> ja <b>kasvuun<\/b>.<\/p>\n<h3><b>Veden<\/b> <b>kuvaaminen<\/b><\/h3>\n<p><b>Vesi<\/b> <b>sen<\/b> <b>sijaan<\/b> <b>kuvataan<\/b> <b>usein<\/b> <b>siniseksi<\/b>. &#8221;<b>Plava<\/b> <b>rijeka<\/b>&#8221; <b>tarkoittaa<\/b> &#8221;<b>sininen<\/b> <b>joki<\/b>&#8221;, ja <b>t\u00e4m\u00e4<\/b> <b>kuvastaa<\/b> <b>veden<\/b> <b>rauhallisuutta<\/b> ja <b>puhtautta<\/b>. <b>Toisaalta<\/b>, <b>joskus<\/b> <b>vedest\u00e4<\/b> <b>voidaan<\/b> <b>puhua<\/b> <b>my\u00f6s<\/b> <b>vihre\u00e4n\u00e4<\/b>, <b>jolloin<\/b> <b>k\u00e4ytet\u00e4\u00e4n<\/b> <b>termia<\/b> &#8221;<b>zelena<\/b> <b>voda<\/b>&#8221;.<\/p>\n<h2><b>Sanonnat<\/b> ja <b>idiomit<\/b><\/h2>\n<p><b>Jokaisella<\/b> <b>kielell\u00e4<\/b> <b>on<\/b> <b>omia<\/b> <b>sanontojaan<\/b> ja <b>idiomejaan<\/b>, <b>jotka<\/b> <b>k\u00e4ytt\u00e4v\u00e4t<\/b> <b>v\u00e4rej\u00e4<\/b> <b>symboloimaan<\/b> <b>erilaisia<\/b> <b>asioita<\/b>. <b>Seuraavassa<\/b> <b>on<\/b> <b>muutama<\/b> <b>esimerkki<\/b> <b>bosnialaisista<\/b> <b>sanonnoista<\/b>, <b>jotka<\/b> <b>k\u00e4ytt\u00e4v\u00e4t<\/b> <b>v\u00e4rej\u00e4<\/b>.<\/p>\n<h3><b>Zelena<\/b> <b>sanonnoissa<\/b><\/h3>\n<p><b>Yksi<\/b> <b>yleinen<\/b> <b>sanonta<\/b> <b>on<\/b> &#8221;<b>zelena<\/b> <b>jabuka<\/b>&#8221;, <b>mik\u00e4<\/b> <b>kirjaimellisesti<\/b> <b>tarkoittaa<\/b> &#8221;<b>vihre\u00e4<\/b> <b>omena<\/b>&#8221;, <b>mutta<\/b> <b>kuvastaa<\/b> <b>jotain<\/b> <b>ep\u00e4kyps\u00e4\u00e4<\/b> <a href=\"https:\/\/talkpal.ai\/learn-thai\/\">tai<\/a> <b>kehittym\u00e4t\u00f6nt\u00e4<\/b>. <b>Toinen<\/b> <b>mielenkiintoinen<\/b> <b>sanonta<\/b> <b>on<\/b> &#8221;<b>zelena<\/b> <b>svjetlost<\/b>&#8221;, <b>joka<\/b> <b>tarkoittaa<\/b> &#8221;<b>vihre\u00e4<\/b> <b>valo<\/b>&#8221; ja <b>kuvastaa<\/b> <b>lupaa<\/b> tai <b>hyv\u00e4ksynt\u00e4\u00e4<\/b>.<\/p>\n<h3><b>Plava<\/b> <b>sanonnoissa<\/b><\/h3>\n<p>&#8221;<b>Plava<\/b> <b>krv<\/b>&#8221; <b>on<\/b> <b>yksi<\/b> <b>mielenkiintoinen<\/b> <b>sanonta<\/b>, <b>joka<\/b> <b>tarkoittaa<\/b> &#8221;<b>sininen<\/b> <b>veri<\/b>&#8221;. <b>T\u00e4m\u00e4<\/b> <b>sanonta<\/b> <b>viittaa<\/b> <b>aatelisiin<\/b> tai <b>korkealuokkaisiin<\/b> <b>ihmisiin<\/b>. <b>Toinen<\/b> <b>yleinen<\/b> <b>sanonta<\/b> <b>on<\/b> &#8221;<b>plave<\/b> <b>o\u010di<\/b>&#8221;, &#8221;<b>siniset<\/b> <b>silm\u00e4t<\/b>&#8221;, <b>joka<\/b> <b>kuvastaa<\/b> <b>jotain<\/b> <b>kaunista<\/b> tai <b>vieh\u00e4tt\u00e4v\u00e4\u00e4<\/b>.<\/p>\n<h2><b>V\u00e4rien<\/b> <b>symboliikka<\/b> ja <b>kulttuuri<\/b><\/h2>\n<p><b>V\u00e4rit<\/b> <b>eiv\u00e4t<\/b> <b>ole<\/b> <b>vain<\/b> <b>visuaalisia<\/b> <b>elementtej\u00e4<\/b>; <b>ne<\/b> <b>kantavat<\/b> <b>my\u00f6s<\/b> <b>syv\u00e4llisi\u00e4<\/b> <b>kulttuurisia<\/b> ja <b>symbolisia<\/b> <b>merkityksi\u00e4<\/b>.<\/p>\n<h3><b>Zelena<\/b> <b>symboliikassa<\/b><\/h3>\n<p><b>Vihre\u00e4<\/b> <b>v\u00e4ri<\/b> <b>liittyy<\/b> <b>usein<\/b> <b>islamiin<\/b>, <b>joka<\/b> <b>on<\/b> <b>bosniassa<\/b> <b>yleinen<\/b> <b>uskonto<\/b>. <b>Islamiin<\/b> <b>liittyviss\u00e4<\/b> <b>konteksteissa<\/b> <b>vihre\u00e4<\/b> <b>symboloi<\/b> <b>paratiisia<\/b> ja <b>hengellist\u00e4<\/b> <b>kasvua<\/b>. <b>Toisaalta<\/b>, <b>arkip\u00e4iv\u00e4isess\u00e4<\/b> <b>el\u00e4m\u00e4ss\u00e4<\/b> <b>vihre\u00e4<\/b> <b>voi<\/b> <b>symboloida<\/b> <b>my\u00f6s<\/b> <b>uusiutumista<\/b> ja <b>terveytt\u00e4<\/b>.<\/p>\n<h3><b>Plava<\/b> <b>symboliikassa<\/b><\/h3>\n<p><b>Sininen<\/b> <b>v\u00e4ri<\/b> <b>liittyy<\/b> <b>usein<\/b> <b>rauhaan<\/b> ja <b>harmoniaan<\/b>. <b>Se<\/b> <b>symboloi<\/b> <b>my\u00f6s<\/b> <b>uskollisuutta<\/b> ja <b>luotettavuutta<\/b>. <b>Bosnian<\/b> <b>kulttuurissa<\/b> <b>sininen<\/b> <b>on<\/b> <b>usein<\/b> <b>rauhallisuuden<\/b> ja <b>syvyyden<\/b> <b>symboli<\/b>. <b>Sininen<\/b> <b>on<\/b> <b>my\u00f6s<\/b> <b>suosittu<\/b> <b>v\u00e4ri<\/b> <b>vaatteissa<\/b> ja <b>sisustuksessa<\/b>.<\/p>\n<h2><b>V\u00e4rien<\/b> <b>opettaminen<\/b> <b>bosniaksi<\/b><\/h2>\n<p><b>Kun<\/b> <b>opetat<\/b> <b>v\u00e4rit<\/b> <b>bosnian<\/b> <b>kielell\u00e4<\/b>, <b>on<\/b> <b>t\u00e4rke\u00e4\u00e4<\/b> <b>huomioida<\/b> <b>kulttuuriset<\/b> ja <b>kielikohtaiset<\/b> <b>erot<\/b>. <b>Vaikka<\/b> <b>zelena<\/b> ja <b>plava<\/b> <b>tarkoittavat<\/b> <b>p\u00e4\u00e4asiassa<\/b> <b>samoja<\/b> <b>v\u00e4rej\u00e4<\/b> <b>kuin<\/b> <b>suomessa<\/b>, <b>niiden<\/b> <b>k\u00e4ytt\u00f6<\/b> <b>ja<\/b> <b>merkitykset<\/b> <b>voivat<\/b> <b>vaihdella<\/b> <b>kontekstin<\/b> <b>mukaan<\/b>.<\/p>\n<h3><b>V\u00e4rikartat<\/b> ja <b>kuvat<\/b><\/h3>\n<p><b>Yksi<\/b> <b>hyv\u00e4<\/b> <b>tapa<\/b> <b>opettaa<\/b> <b>v\u00e4rit<\/b> <b>on<\/b> <b>k\u00e4ytt\u00e4\u00e4<\/b> <b>v\u00e4rikarttoja<\/b> ja <b>kuvia<\/b>. <b>Esimerkiksi<\/b>, <b>voit<\/b> <b>n\u00e4ytt\u00e4\u00e4<\/b> <b>kuvia<\/b> <b>eri<\/b> <b>luonnon<\/b> <b>elementeist\u00e4<\/b> ja <b>kysy\u00e4<\/b> <b>oppilailta<\/b>, <b>mink\u00e4<\/b> <b>v\u00e4risi\u00e4<\/b> <b>ne<\/b> <b>ovat<\/b>. <b>T\u00e4m\u00e4<\/b> <b>auttaa<\/b> <b>heit\u00e4<\/b> <b>ymm\u00e4rt\u00e4m\u00e4\u00e4n<\/b> <b>v\u00e4rit<\/b> <b>konkreettisessa<\/b> <b>kontekstissa<\/b>.<\/p>\n<h3><b>Sanaston<\/b> <b>harjoitukset<\/b><\/h3>\n<p><b>Sanaston<\/b> <b>harjoitukset<\/b> <b>voivat<\/b> <b>my\u00f6s<\/b> <b>olla<\/b> <b>hy\u00f6dyllisi\u00e4<\/b>. <b>Voit<\/b> <b>k\u00e4ytt\u00e4\u00e4<\/b> <b>esimerkiksi<\/b> <b>muistikortteja<\/b>, <b>joissa<\/b> <b>on<\/b> <b>v\u00e4rit<\/b> <b>ja<\/b> <b>niiden<\/b> <b>nimet<\/b> <b>bosniaksi<\/b>. <b>T\u00e4m\u00e4<\/b> <b>auttaa<\/b> <b>oppilaita<\/b> <b>liitt\u00e4m\u00e4\u00e4n<\/b> <b>v\u00e4rit<\/b> <b>ja<\/b> <b>niiden<\/b><\/p>\n","protected":false},"featured_media":1528085,"template":"","vocabulary_language":[3800],"class_list":["post-758929","vocabulary","type-vocabulary","status-publish","has-post-thumbnail","hentry","vocabulary_language-bosnialainen"],"acf":[],"yoast_head":"<!-- This site is optimized with the Yoast SEO Premium plugin v27.2 (Yoast SEO v27.2) - https:\/\/yoast.com\/product\/yoast-seo-premium-wordpress\/ -->\n<title>Zelena vs Plava - Vihre\u00e4 vs sininen bosnialaisissa v\u00e4reiss\u00e4 - Talkpal<\/title>\n<meta name=\"description\" content=\"Bosnian kieli on rikas ja monimutkainen, ja yksi kiinnostavimmista piirteist\u00e4 on sen tapa k\u00e4sitell\u00e4 v\u00e4rej\u00e4. T\u00e4ss\u00e4 artikkelissa keskitymme kahteen\" \/>\n<meta name=\"robots\" content=\"index, follow, max-snippet:-1, max-image-preview:large, max-video-preview:-1\" \/>\n<link rel=\"canonical\" href=\"https:\/\/talkpal.ai\/fi\/vocabulary\/zelena-vs-plava-vihrea-vs-sininen-bosnialaisissa-vareissa\/\" \/>\n<meta property=\"og:locale\" content=\"fi_FI\" \/>\n<meta property=\"og:type\" content=\"article\" \/>\n<meta property=\"og:title\" content=\"Zelena vs Plava - Vihre\u00e4 vs sininen bosnialaisissa v\u00e4reiss\u00e4\" \/>\n<meta property=\"og:description\" content=\"Bosnian kieli on rikas ja monimutkainen, ja yksi kiinnostavimmista piirteist\u00e4 on sen tapa k\u00e4sitell\u00e4 v\u00e4rej\u00e4. T\u00e4ss\u00e4 artikkelissa keskitymme kahteen\" \/>\n<meta property=\"og:url\" content=\"https:\/\/talkpal.ai\/fi\/vocabulary\/zelena-vs-plava-vihrea-vs-sininen-bosnialaisissa-vareissa\/\" \/>\n<meta property=\"og:site_name\" content=\"Talkpal\" \/>\n<meta property=\"article:publisher\" content=\"https:\/\/www.facebook.com\/profile.php?id=100090733639311\" \/>\n<meta property=\"og:image\" content=\"https:\/\/talkpal.ai\/wp-content\/uploads\/2024\/10\/talkpal_flat_illustration_of_a_employees_working_together_happi_c674ff77-e477-4e09-835a-01d30e561e99.png\" \/>\n\t<meta property=\"og:image:width\" content=\"1024\" \/>\n\t<meta property=\"og:image:height\" content=\"1024\" \/>\n\t<meta property=\"og:image:type\" content=\"image\/png\" \/>\n<meta name=\"twitter:card\" content=\"summary_large_image\" \/>\n<meta name=\"twitter:site\" content=\"@talkpalai\" \/>\n<meta name=\"twitter:label1\" content=\"Arvioitu lukuaika\" \/>\n\t<meta name=\"twitter:data1\" content=\"3 minuuttia\" \/>\n<script type=\"application\/ld+json\" class=\"yoast-schema-graph\">{\"@context\":\"https:\/\/schema.org\",\"@graph\":[{\"@type\":\"WebPage\",\"@id\":\"https:\/\/talkpal.ai\/fi\/vocabulary\/zelena-vs-plava-vihrea-vs-sininen-bosnialaisissa-vareissa\/\",\"url\":\"https:\/\/talkpal.ai\/fi\/vocabulary\/zelena-vs-plava-vihrea-vs-sininen-bosnialaisissa-vareissa\/\",\"name\":\"Zelena vs Plava - Vihre\u00e4 vs sininen bosnialaisissa v\u00e4reiss\u00e4 - Talkpal\",\"isPartOf\":{\"@id\":\"https:\/\/talkpal.ai\/fi\/#website\"},\"primaryImageOfPage\":{\"@id\":\"https:\/\/talkpal.ai\/fi\/vocabulary\/zelena-vs-plava-vihrea-vs-sininen-bosnialaisissa-vareissa\/#primaryimage\"},\"image\":{\"@id\":\"https:\/\/talkpal.ai\/fi\/vocabulary\/zelena-vs-plava-vihrea-vs-sininen-bosnialaisissa-vareissa\/#primaryimage\"},\"thumbnailUrl\":\"https:\/\/talkpal.ai\/wp-content\/uploads\/2025\/12\/woman-is-taking-notes-while-learning-languages.webp\",\"datePublished\":\"2024-06-11T14:55:25+00:00\",\"description\":\"Bosnian kieli on rikas ja monimutkainen, ja yksi kiinnostavimmista piirteist\u00e4 on sen tapa k\u00e4sitell\u00e4 v\u00e4rej\u00e4. T\u00e4ss\u00e4 artikkelissa keskitymme kahteen\",\"breadcrumb\":{\"@id\":\"https:\/\/talkpal.ai\/fi\/vocabulary\/zelena-vs-plava-vihrea-vs-sininen-bosnialaisissa-vareissa\/#breadcrumb\"},\"inLanguage\":\"fi\",\"potentialAction\":[{\"@type\":\"ReadAction\",\"target\":[\"https:\/\/talkpal.ai\/fi\/vocabulary\/zelena-vs-plava-vihrea-vs-sininen-bosnialaisissa-vareissa\/\"]}]},{\"@type\":\"ImageObject\",\"inLanguage\":\"fi\",\"@id\":\"https:\/\/talkpal.ai\/fi\/vocabulary\/zelena-vs-plava-vihrea-vs-sininen-bosnialaisissa-vareissa\/#primaryimage\",\"url\":\"https:\/\/talkpal.ai\/wp-content\/uploads\/2025\/12\/woman-is-taking-notes-while-learning-languages.webp\",\"contentUrl\":\"https:\/\/talkpal.ai\/wp-content\/uploads\/2025\/12\/woman-is-taking-notes-while-learning-languages.webp\",\"width\":1200,\"height\":896,\"caption\":\"A woman with dark curly hair takes notes while learning languages at a cafe table.\"},{\"@type\":\"BreadcrumbList\",\"@id\":\"https:\/\/talkpal.ai\/fi\/vocabulary\/zelena-vs-plava-vihrea-vs-sininen-bosnialaisissa-vareissa\/#breadcrumb\",\"itemListElement\":[{\"@type\":\"ListItem\",\"position\":1,\"name\":\"Homepage\",\"item\":\"https:\/\/talkpal.ai\/fi\/\"},{\"@type\":\"ListItem\",\"position\":2,\"name\":\"Zelena vs Plava &#8211; Vihre\u00e4 vs sininen bosnialaisissa v\u00e4reiss\u00e4\"}]},{\"@type\":\"WebSite\",\"@id\":\"https:\/\/talkpal.ai\/fi\/#website\",\"url\":\"https:\/\/talkpal.ai\/fi\/\",\"name\":\"Talkpal\",\"description\":\"AI Language Learning\",\"publisher\":{\"@id\":\"https:\/\/talkpal.ai\/fi\/#organization\"},\"alternateName\":\"Talkpal AI\",\"potentialAction\":[{\"@type\":\"SearchAction\",\"target\":{\"@type\":\"EntryPoint\",\"urlTemplate\":\"https:\/\/talkpal.ai\/fi\/?s={search_term_string}\"},\"query-input\":{\"@type\":\"PropertyValueSpecification\",\"valueRequired\":true,\"valueName\":\"search_term_string\"}}],\"inLanguage\":\"fi\"},{\"@type\":\"Organization\",\"@id\":\"https:\/\/talkpal.ai\/fi\/#organization\",\"name\":\"Talkpal, Inc.\",\"alternateName\":\"Talkpal AI\",\"url\":\"https:\/\/talkpal.ai\/fi\/\",\"logo\":{\"@type\":\"ImageObject\",\"inLanguage\":\"fi\",\"@id\":\"https:\/\/talkpal.ai\/fi\/#\/schema\/logo\/image\/\",\"url\":\"https:\/\/talkpal.ai\/wp-content\/uploads\/2024\/03\/Talkpal-Logo-Icon.png\",\"contentUrl\":\"https:\/\/talkpal.ai\/wp-content\/uploads\/2024\/03\/Talkpal-Logo-Icon.png\",\"width\":2880,\"height\":2880,\"caption\":\"Talkpal, Inc.\"},\"image\":{\"@id\":\"https:\/\/talkpal.ai\/fi\/#\/schema\/logo\/image\/\"},\"sameAs\":[\"https:\/\/www.facebook.com\/profile.php?id=100090733639311\",\"https:\/\/x.com\/talkpalai\",\"https:\/\/www.linkedin.com\/company\/talkpal\/\",\"https:\/\/www.youtube.com\/@TalkPal\/\",\"https:\/\/www.tiktok.com\/@talkpal\",\"https:\/\/www.instagram.com\/talkpal_ai\/\",\"https:\/\/www.crunchbase.com\/organization\/talkpal-9cde\",\"https:\/\/www.g2.com\/products\/talkpal-for-business\/\",\"https:\/\/www.trustpilot.com\/review\/talkpal.ai\",\"https:\/\/www.capterra.com\/p\/10006800\/TalkPal\/\"],\"description\":\"Talkpal is a language learning web and mobile education app, powered by the latest AI technologies, that provides engaging experiences to its customers in many different languages to help them improve their language skills. Users can chat about unlimited amount of topics with the app and use other modes to practice their language learning.\",\"email\":\"support@talkpal.ai\",\"legalName\":\"Talkpal, Inc.\",\"foundingDate\":\"2023-04-03\",\"duns\":\"118989042\",\"numberOfEmployees\":{\"@type\":\"QuantitativeValue\",\"minValue\":\"11\",\"maxValue\":\"50\"},\"publishingPrinciples\":\"https:\/\/talkpal.ai\/publishing-principles\/\",\"actionableFeedbackPolicy\":\"https:\/\/talkpal.ai\/actionable-feedback-policy\/\",\"correctionsPolicy\":\"https:\/\/talkpal.ai\/corrections-policy\/\",\"ethicsPolicy\":\"https:\/\/talkpal.ai\/ethics-policy\/\",\"diversityPolicy\":\"https:\/\/talkpal.ai\/diversity-policy\/\",\"diversityStaffingReport\":\"https:\/\/talkpal.ai\/diversity-policy\/\"}]}<\/script>\n<!-- \/ Yoast SEO Premium plugin. -->","yoast_head_json":{"title":"Zelena vs Plava - Vihre\u00e4 vs sininen bosnialaisissa v\u00e4reiss\u00e4 - Talkpal","description":"Bosnian kieli on rikas ja monimutkainen, ja yksi kiinnostavimmista piirteist\u00e4 on sen tapa k\u00e4sitell\u00e4 v\u00e4rej\u00e4. T\u00e4ss\u00e4 artikkelissa keskitymme kahteen","robots":{"index":"index","follow":"follow","max-snippet":"max-snippet:-1","max-image-preview":"max-image-preview:large","max-video-preview":"max-video-preview:-1"},"canonical":"https:\/\/talkpal.ai\/fi\/vocabulary\/zelena-vs-plava-vihrea-vs-sininen-bosnialaisissa-vareissa\/","og_locale":"fi_FI","og_type":"article","og_title":"Zelena vs Plava - Vihre\u00e4 vs sininen bosnialaisissa v\u00e4reiss\u00e4","og_description":"Bosnian kieli on rikas ja monimutkainen, ja yksi kiinnostavimmista piirteist\u00e4 on sen tapa k\u00e4sitell\u00e4 v\u00e4rej\u00e4. T\u00e4ss\u00e4 artikkelissa keskitymme kahteen","og_url":"https:\/\/talkpal.ai\/fi\/vocabulary\/zelena-vs-plava-vihrea-vs-sininen-bosnialaisissa-vareissa\/","og_site_name":"Talkpal","article_publisher":"https:\/\/www.facebook.com\/profile.php?id=100090733639311","og_image":[{"width":1024,"height":1024,"url":"https:\/\/talkpal.ai\/wp-content\/uploads\/2024\/10\/talkpal_flat_illustration_of_a_employees_working_together_happi_c674ff77-e477-4e09-835a-01d30e561e99.png","type":"image\/png"}],"twitter_card":"summary_large_image","twitter_site":"@talkpalai","twitter_misc":{"Arvioitu lukuaika":"3 minuuttia"},"schema":{"@context":"https:\/\/schema.org","@graph":[{"@type":"WebPage","@id":"https:\/\/talkpal.ai\/fi\/vocabulary\/zelena-vs-plava-vihrea-vs-sininen-bosnialaisissa-vareissa\/","url":"https:\/\/talkpal.ai\/fi\/vocabulary\/zelena-vs-plava-vihrea-vs-sininen-bosnialaisissa-vareissa\/","name":"Zelena vs Plava - Vihre\u00e4 vs sininen bosnialaisissa v\u00e4reiss\u00e4 - Talkpal","isPartOf":{"@id":"https:\/\/talkpal.ai\/fi\/#website"},"primaryImageOfPage":{"@id":"https:\/\/talkpal.ai\/fi\/vocabulary\/zelena-vs-plava-vihrea-vs-sininen-bosnialaisissa-vareissa\/#primaryimage"},"image":{"@id":"https:\/\/talkpal.ai\/fi\/vocabulary\/zelena-vs-plava-vihrea-vs-sininen-bosnialaisissa-vareissa\/#primaryimage"},"thumbnailUrl":"https:\/\/talkpal.ai\/wp-content\/uploads\/2025\/12\/woman-is-taking-notes-while-learning-languages.webp","datePublished":"2024-06-11T14:55:25+00:00","description":"Bosnian kieli on rikas ja monimutkainen, ja yksi kiinnostavimmista piirteist\u00e4 on sen tapa k\u00e4sitell\u00e4 v\u00e4rej\u00e4. T\u00e4ss\u00e4 artikkelissa keskitymme kahteen","breadcrumb":{"@id":"https:\/\/talkpal.ai\/fi\/vocabulary\/zelena-vs-plava-vihrea-vs-sininen-bosnialaisissa-vareissa\/#breadcrumb"},"inLanguage":"fi","potentialAction":[{"@type":"ReadAction","target":["https:\/\/talkpal.ai\/fi\/vocabulary\/zelena-vs-plava-vihrea-vs-sininen-bosnialaisissa-vareissa\/"]}]},{"@type":"ImageObject","inLanguage":"fi","@id":"https:\/\/talkpal.ai\/fi\/vocabulary\/zelena-vs-plava-vihrea-vs-sininen-bosnialaisissa-vareissa\/#primaryimage","url":"https:\/\/talkpal.ai\/wp-content\/uploads\/2025\/12\/woman-is-taking-notes-while-learning-languages.webp","contentUrl":"https:\/\/talkpal.ai\/wp-content\/uploads\/2025\/12\/woman-is-taking-notes-while-learning-languages.webp","width":1200,"height":896,"caption":"A woman with dark curly hair takes notes while learning languages at a cafe table."},{"@type":"BreadcrumbList","@id":"https:\/\/talkpal.ai\/fi\/vocabulary\/zelena-vs-plava-vihrea-vs-sininen-bosnialaisissa-vareissa\/#breadcrumb","itemListElement":[{"@type":"ListItem","position":1,"name":"Homepage","item":"https:\/\/talkpal.ai\/fi\/"},{"@type":"ListItem","position":2,"name":"Zelena vs Plava &#8211; Vihre\u00e4 vs sininen bosnialaisissa v\u00e4reiss\u00e4"}]},{"@type":"WebSite","@id":"https:\/\/talkpal.ai\/fi\/#website","url":"https:\/\/talkpal.ai\/fi\/","name":"Talkpal","description":"AI Language Learning","publisher":{"@id":"https:\/\/talkpal.ai\/fi\/#organization"},"alternateName":"Talkpal AI","potentialAction":[{"@type":"SearchAction","target":{"@type":"EntryPoint","urlTemplate":"https:\/\/talkpal.ai\/fi\/?s={search_term_string}"},"query-input":{"@type":"PropertyValueSpecification","valueRequired":true,"valueName":"search_term_string"}}],"inLanguage":"fi"},{"@type":"Organization","@id":"https:\/\/talkpal.ai\/fi\/#organization","name":"Talkpal, Inc.","alternateName":"Talkpal AI","url":"https:\/\/talkpal.ai\/fi\/","logo":{"@type":"ImageObject","inLanguage":"fi","@id":"https:\/\/talkpal.ai\/fi\/#\/schema\/logo\/image\/","url":"https:\/\/talkpal.ai\/wp-content\/uploads\/2024\/03\/Talkpal-Logo-Icon.png","contentUrl":"https:\/\/talkpal.ai\/wp-content\/uploads\/2024\/03\/Talkpal-Logo-Icon.png","width":2880,"height":2880,"caption":"Talkpal, Inc."},"image":{"@id":"https:\/\/talkpal.ai\/fi\/#\/schema\/logo\/image\/"},"sameAs":["https:\/\/www.facebook.com\/profile.php?id=100090733639311","https:\/\/x.com\/talkpalai","https:\/\/www.linkedin.com\/company\/talkpal\/","https:\/\/www.youtube.com\/@TalkPal\/","https:\/\/www.tiktok.com\/@talkpal","https:\/\/www.instagram.com\/talkpal_ai\/","https:\/\/www.crunchbase.com\/organization\/talkpal-9cde","https:\/\/www.g2.com\/products\/talkpal-for-business\/","https:\/\/www.trustpilot.com\/review\/talkpal.ai","https:\/\/www.capterra.com\/p\/10006800\/TalkPal\/"],"description":"Talkpal is a language learning web and mobile education app, powered by the latest AI technologies, that provides engaging experiences to its customers in many different languages to help them improve their language skills. Users can chat about unlimited amount of topics with the app and use other modes to practice their language learning.","email":"support@talkpal.ai","legalName":"Talkpal, Inc.","foundingDate":"2023-04-03","duns":"118989042","numberOfEmployees":{"@type":"QuantitativeValue","minValue":"11","maxValue":"50"},"publishingPrinciples":"https:\/\/talkpal.ai\/publishing-principles\/","actionableFeedbackPolicy":"https:\/\/talkpal.ai\/actionable-feedback-policy\/","correctionsPolicy":"https:\/\/talkpal.ai\/corrections-policy\/","ethicsPolicy":"https:\/\/talkpal.ai\/ethics-policy\/","diversityPolicy":"https:\/\/talkpal.ai\/diversity-policy\/","diversityStaffingReport":"https:\/\/talkpal.ai\/diversity-policy\/"}]}},"_links":{"self":[{"href":"https:\/\/talkpal.ai\/fi\/wp-json\/wp\/v2\/vocabulary\/758929","targetHints":{"allow":["GET"]}}],"collection":[{"href":"https:\/\/talkpal.ai\/fi\/wp-json\/wp\/v2\/vocabulary"}],"about":[{"href":"https:\/\/talkpal.ai\/fi\/wp-json\/wp\/v2\/types\/vocabulary"}],"wp:featuredmedia":[{"embeddable":true,"href":"https:\/\/talkpal.ai\/fi\/wp-json\/wp\/v2\/media\/1528085"}],"wp:attachment":[{"href":"https:\/\/talkpal.ai\/fi\/wp-json\/wp\/v2\/media?parent=758929"}],"wp:term":[{"taxonomy":"vocabulary_language","embeddable":true,"href":"https:\/\/talkpal.ai\/fi\/wp-json\/wp\/v2\/vocabulary_language?post=758929"}],"curies":[{"name":"wp","href":"https:\/\/api.w.org\/{rel}","templated":true}]}}