{"id":758726,"date":"2024-06-11T14:38:43","date_gmt":"2024-06-11T14:38:43","guid":{"rendered":"https:\/\/talkpal.ai\/vocabulary\/danismaq-vs-b%c9%99yan-etm%c9%99k-puhu-vs-valtio-azerbaidzanissa\/"},"modified":"2024-06-11T14:38:43","modified_gmt":"2024-06-11T14:38:43","slug":"danismaq-vs-b%c9%99yan-etm%c9%99k-puhu-vs-valtio-azerbaidzanissa","status":"publish","type":"vocabulary","link":"https:\/\/talkpal.ai\/fi\/vocabulary\/danismaq-vs-b%c9%99yan-etm%c9%99k-puhu-vs-valtio-azerbaidzanissa\/","title":{"rendered":"Dan\u0131\u015fmaq vs. B\u0259yan etm\u0259k &#8211; Puhu vs. valtio Azerbaid\u017eanissa"},"content":{"rendered":"<p><a href=\"https:\/\/talkpal.ai\/learn-azerbaijani\/\">Azerbaid\u017eanin<\/a> <b>kieli<\/b> on mielenkiintoinen sekoitus erilaisia <b>kulttuurisia<\/b> ja <b>historiallisia<\/b> vaikutteita. Kielen <b>rakenne<\/b> ja <b>sanasto<\/b> heijastavat pitk\u00e4lti maan <b>monimutkaista<\/b> historiaa ja <b>geopoliittista<\/b> sijaintia. T\u00e4ss\u00e4 artikkelissa keskitymme kahteen <b>t\u00e4rke\u00e4\u00e4n<\/b> verbiin, jotka ovat <b>merkitt\u00e4vi\u00e4<\/b> Azerbaid\u017eanin kieless\u00e4: <b>dan\u0131\u015fmaq<\/b> ja <b>b\u0259yan etm\u0259k<\/b>. N\u00e4m\u00e4 verbit voivat vaikuttaa <b>samanlaisilta<\/b>, mutta niill\u00e4 on erilaiset <b>merkitykset<\/b> ja <b>k\u00e4ytt\u00f6tavat<\/b>. Lis\u00e4ksi vertailemme n\u00e4it\u00e4 sanoja <a href=\"https:\/\/talkpal.ai\/learn-finnish\/\">suomen<\/a> kielen <b>vastineisiin<\/b> &#8221;puhua&#8221; ja &#8221;valtio&#8221;, jotta voimme ymm\u00e4rt\u00e4\u00e4 niiden <b>eroja<\/b> ja <b>samankaltaisuuksia<\/b> paremmin.<\/p>\n<h2>Dan\u0131\u015fmaq: Puhua<\/h2>\n<p><b>Dan\u0131\u015fmaq<\/b> on Azerbaid\u017eanin kielen verbi, joka tarkoittaa &#8221;puhua&#8221;. T\u00e4m\u00e4 verbi on <b>perusverbi<\/b>, jota k\u00e4ytet\u00e4\u00e4n <b>arkip\u00e4iv\u00e4isess\u00e4<\/b> kommunikaatiossa. Se on <b>monipuolinen<\/b> ja sit\u00e4 voidaan k\u00e4ytt\u00e4\u00e4 eri <b>konteksteissa<\/b> ja <b>tilanteissa<\/b>.<\/p>\n<p><b>Esimerkkej\u00e4:<\/b><br \/>\n&#8211; M\u0259n <b>dan\u0131\u015f\u0131ram<\/b>. (Min\u00e4 puhun.)<br \/>\n&#8211; O, \u00e7ox <b>g\u00f6z\u0259l<\/b> <b>dan\u0131\u015f\u0131r<\/b>. (H\u00e4n puhuu eritt\u00e4in hyvin.)<br \/>\n&#8211; Biz <b>dan\u0131\u015fmaq<\/b> \u00fc\u00e7\u00fcn vaxt\u0131m\u0131z var. (Meill\u00e4 on aikaa puhua.)<\/p>\n<p><b>Dan\u0131\u015fmaq<\/b> on <b>yleisk\u00e4ytt\u00f6inen<\/b> verbi, joka kattaa kaikenlaiset <b>keskustelut<\/b>, oli kyseess\u00e4 sitten <b>jokap\u00e4iv\u00e4inen<\/b> jutustelu <a href=\"https:\/\/talkpal.ai\/learn-thai\/\">tai<\/a> <b>syv\u00e4llisempi<\/b> keskustelu. <\/p>\n<h3>Dan\u0131\u015fmaqin k\u00e4ytt\u00f6<\/h3>\n<p><b>Dan\u0131\u015fmaqia<\/b> k\u00e4ytet\u00e4\u00e4n monissa eri yhteyksiss\u00e4 ja se on eritt\u00e4in <b>monipuolinen<\/b> verbi. Se voidaan yhdist\u00e4\u00e4 moniin erilaisiin <b>objekteihin<\/b> ja <b>adverbeihin<\/b> luomaan erilaisia <b>merkityksi\u00e4<\/b> ja <b>vivahteita<\/b>. Esimerkiksi:<\/p>\n<p>&#8211; M\u0259n <b>t\u00fcrkc\u0259<\/b> <b>dan\u0131\u015f\u0131ram<\/b>. (Min\u00e4 puhun turkkia.)<br \/>\n&#8211; Onlar <b>yava\u015f-yava\u015f<\/b> <b>dan\u0131\u015f\u0131rlar<\/b>. (He puhuvat hitaasti.)<br \/>\n&#8211; Biz <b>bu<\/b> <b>m\u00f6vzu<\/b> haqq\u0131nda <b>dan\u0131\u015fd\u0131q<\/b>. (Me puhuimme t\u00e4st\u00e4 aiheesta.)<\/p>\n<p><b>Dan\u0131\u015fmaq<\/b> on my\u00f6s eritt\u00e4in <b>yleinen<\/b> verbi <b>sosiaalisessa<\/b> kanssak\u00e4ymisess\u00e4. Se on verbi, jota k\u00e4ytet\u00e4\u00e4n, kun halutaan <b>korostaa<\/b> puhumisen <b>toimintoa<\/b> itsess\u00e4\u00e4n, eik\u00e4 niink\u00e4\u00e4n puheen <b>sis\u00e4lt\u00f6\u00e4<\/b> tai <b>tarkoitusta<\/b>.<\/p>\n<h2>B\u0259yan etm\u0259k: Ilmoittaa<\/h2>\n<p>Toisaalta, <b>b\u0259yan etm\u0259k<\/b> tarkoittaa &#8221;ilmoittaa&#8221; tai &#8221;julistaa&#8221;. T\u00e4m\u00e4 verbi on <b>formaali<\/b> ja sit\u00e4 k\u00e4ytet\u00e4\u00e4n tilanteissa, joissa on <b>tarpeen<\/b> tehd\u00e4 <b>virallinen<\/b> tai <b>julkinen<\/b> ilmoitus. Se ei ole niin <b>yleinen<\/b> arkip\u00e4iv\u00e4isess\u00e4 <b>keskustelussa<\/b> kuin <b>dan\u0131\u015fmaq<\/b>.<\/p>\n<p><b>Esimerkkej\u00e4:<\/b><br \/>\n&#8211; Prezident <b>b\u0259yan etdi<\/b> ki, yeni qanun q\u00fcvv\u0259y\u0259 min\u0259c\u0259k. (Presidentti ilmoitti, ett\u00e4 uusi laki tulee voimaan.)<br \/>\n&#8211; Onlar <b>b\u0259yan<\/b> etdil\u0259r ki, t\u0259dbir l\u0259\u011fv olunub. (He ilmoittivat, ett\u00e4 tapahtuma on peruttu.)<br \/>\n&#8211; \u015eirk\u0259t <b>b\u0259yan<\/b> etdi ki, yeni m\u0259hsul sat\u0131\u015fa \u00e7\u0131xar\u0131lacaq. (Yritys ilmoitti, ett\u00e4 uusi tuote tulee myyntiin.)<\/p>\n<p><b>B\u0259yan etm\u0259k<\/b> on <b>t\u00e4rke\u00e4<\/b> verbi, kun halutaan tehd\u00e4 <b>virallinen<\/b> ilmoitus tai <b>julistus<\/b>. Sit\u00e4 k\u00e4ytet\u00e4\u00e4n usein <b>hallinnollisissa<\/b> ja <b>julkisissa<\/b> yhteyksiss\u00e4.<\/p>\n<h3>B\u0259yan etm\u00e4kin k\u00e4ytt\u00f6<\/h3>\n<p><b>B\u0259yan etm\u0259k<\/b> on yleens\u00e4 <b>varattu<\/b> virallisille ja <b>julkisille<\/b> ilmoituksille. Se on v\u00e4hemm\u00e4n <b>yleinen<\/b> arkip\u00e4iv\u00e4isess\u00e4 <b>puheessa<\/b>, mutta se on <b>elint\u00e4rke\u00e4<\/b> virallisessa ja <b>julkisessa<\/b> viestinn\u00e4ss\u00e4. Esimerkiksi:<\/p>\n<p>&#8211; Nazir <b>b\u0259yan etdi<\/b> ki, yeni iqtisadi siyas\u0259t q\u0259bul edil\u0259c\u0259k. (Ministeri ilmoitti, ett\u00e4 uusi talouspolitiikka otetaan k\u00e4ytt\u00f6\u00f6n.)<br \/>\n&#8211; \u015eirk\u0259t <b>r\u0259smi<\/b> <b>b\u0259yanat<\/b> verdi. (Yritys antoi virallisen ilmoituksen.)<br \/>\n&#8211; M\u0259tbuat konfrans\u0131nda <b>b\u0259yan<\/b> etdil\u0259r ki, yeni layih\u0259 ba\u015fa \u00e7at\u0131b. (Lehdist\u00f6tilaisuudessa ilmoitettiin, ett\u00e4 uusi projekti on saatu p\u00e4\u00e4t\u00f6kseen.)<\/p>\n<h2>Puhu vs. valtio: Suomen ja Azerbaid\u017eanin vertailu<\/h2>\n<p><a href=\"https:\/\/talkpal.ai\/learn-finnish\/\">Suomen<\/a> kieless\u00e4 <b>&#8221;puhua&#8221;<\/b> ja <b>&#8221;valtio&#8221;<\/b> ovat erillisi\u00e4 k\u00e4sitteit\u00e4, mutta ne voivat <b>heijastaa<\/b> samanlaista <b>eroa<\/b> kuin <b>dan\u0131\u015fmaq<\/b> ja <b>b\u0259yan etm\u0259k<\/b> Azerbaid\u017eanin kieless\u00e4.<\/p>\n<h3>Puhua<\/h3>\n<p>Suomen kielen verbi <b>&#8221;puhua&#8221;<\/b> on hyvin <b>samankaltainen<\/b> kuin <b>dan\u0131\u015fmaq<\/b>. Se on <b>monik\u00e4ytt\u00f6inen<\/b> verbi, joka kattaa kaikki <b>keskustelun<\/b> muodot. Esimerkiksi:<\/p>\n<p>&#8211; Min\u00e4 <b>puhun<\/b> suomea. (M\u0259n <b>t\u00fcrkc\u0259<\/b> <b>dan\u0131\u015f\u0131ram<\/b>.)<br \/>\n&#8211; H\u00e4n <b>puhuu<\/b> nopeasti. (O, <b>s\u00fcr\u0259tl\u0259<\/b> <b>dan\u0131\u015f\u0131r<\/b>.)<br \/>\n&#8211; Me <b>puhuimme<\/b> t\u00e4st\u00e4 aiheesta. (Biz <b>bu<\/b> <b>m\u00f6vzu<\/b> haqq\u0131nda <b>dan\u0131\u015fd\u0131q<\/b>.)<\/p>\n<h3>Valtio<\/h3>\n<p>Toisaalta, suomen kielen <b>&#8221;valtio&#8221;<\/b> ei suoraan vastaa <b>b\u0259yan etm\u0259k<\/b>-verbi\u00e4, mutta se voi liitty\u00e4 siihen <b>kontekstissa<\/b>, jossa tehd\u00e4\u00e4n <b>virallisia<\/b> tai <b>julkisia<\/b> ilmoituksia. <b>Valtio<\/b> on <b>instituutio<\/b>, joka usein k\u00e4ytt\u00e4\u00e4 <b>b\u0259yan etm\u0259k<\/b>-verbi\u00e4 <b>virallisissa<\/b> ilmoituksissaan.<\/p>\n<p>Esimerkiksi:<\/p>\n<p>&#8211; <b>Valtio<\/b> ilmoitti uudesta laista. (Prezident <b>b\u0259yan etdi<\/b> ki, yeni qanun q\u00fcvv\u0259y\u0259 min\u0259c\u0259k.)<br \/>\n&#8211; <b>Valtio<\/b> antoi virallisen tiedotteen. (\u015eirk\u0259t <b>r\u0259smi<\/b> <b>b\u0259yanat<\/b> verdi.)<\/p>\n<h2>Yhteenveto<\/h2>\n<p><b>Dan\u0131\u015fmaq<\/b> ja <b>b\u0259yan etm\u0259k<\/b> ovat kaksi <b>t\u00e4rke\u00e4\u00e4<\/b> verbi\u00e4 Azerbaid\u017eanin kieless\u00e4, joilla on <b>erilaiset<\/b> merkitykset ja <b>k\u00e4ytt\u00f6tavat<\/b>. <b>Dan\u0131\u015fmaq<\/b> tarkoittaa &#8221;puhua&#8221; ja se on <b>yleisk\u00e4ytt\u00f6inen<\/b> verbi, joka kattaa kaikki <b>keskustelun<\/b> muodot. Toisaalta, <b>b\u0259yan etm\u0259k<\/b> tarkoittaa &#8221;ilmoittaa&#8221; tai &#8221;julistaa&#8221; ja sit\u00e4 k\u00e4ytet\u00e4\u00e4n <b>virallisissa<\/b> ja <b>julkisissa<\/b> ilmoituksissa.<\/p>\n<p>Suomen kielen verbit <b>&#8221;puhua&#8221;<\/b> ja <b>&#8221;valtio&#8221;<\/b> voivat heijastaa samanlaista <b>eroa<\/b> kuin <b>dan\u0131\u015fmaq<\/b> ja <b>b\u0259yan etm\u0259k<\/b> Azerbaid\u017eanin kieless\u00e4. <b>&#8221;Puhua&#8221;<\/b> on <b>monik\u00e4ytt\u00f6inen<\/b> verbi, kun taas <b>&#8221;valtio&#8221;<\/b> liittyy enemm\u00e4n <b>virallisiin<\/b> ja <b>julkisiin<\/b> ilmoituksiin.<\/p>\n<p>N\u00e4iden <b>verbijen<\/b> ymm\u00e4rt\u00e4minen ja <b>oikea<\/b> k\u00e4ytt\u00f6 on <b>t\u00e4rke\u00e4\u00e4<\/b> Azerbaid\u017eanin kielen <b>oppimisessa<\/b> ja <b>kulttuurin<\/b> ymm\u00e4rt\u00e4misess\u00e4. Toivottavasti t\u00e4m\u00e4 <b>artikkeli<\/b> on auttanut sinua ymm\u00e4rt\u00e4m\u00e4\u00e4n n\u00e4it\u00e4 <b>t\u00e4rkeit\u00e4<\/b> eroja ja niiden <b>merkityst\u00e4<\/b> paremmin.<\/p>\n","protected":false},"featured_media":1527772,"template":"","vocabulary_language":[3798],"class_list":["post-758726","vocabulary","type-vocabulary","status-publish","has-post-thumbnail","hentry","vocabulary_language-azerbaidzani"],"acf":[],"yoast_head":"<!-- This site is optimized with the Yoast SEO Premium plugin v27.2 (Yoast SEO v27.2) - https:\/\/yoast.com\/product\/yoast-seo-premium-wordpress\/ -->\n<title>Dan\u0131\u015fmaq vs. B\u0259yan etm\u0259k - Puhu vs. valtio Azerbaid\u017eanissa - Talkpal<\/title>\n<meta name=\"description\" content=\"Azerbaid\u017eanin kieli on mielenkiintoinen sekoitus erilaisia kulttuurisia ja historiallisia vaikutteita. Kielen rakenne ja sanasto heijastavat pitk\u00e4lti maan\" \/>\n<meta name=\"robots\" content=\"index, follow, max-snippet:-1, max-image-preview:large, max-video-preview:-1\" \/>\n<link rel=\"canonical\" href=\"https:\/\/talkpal.ai\/fi\/vocabulary\/danismaq-vs-b%c9%99yan-etm%c9%99k-puhu-vs-valtio-azerbaidzanissa\/\" \/>\n<meta property=\"og:locale\" content=\"fi_FI\" \/>\n<meta property=\"og:type\" content=\"article\" \/>\n<meta property=\"og:title\" content=\"Dan\u0131\u015fmaq vs. B\u0259yan etm\u0259k - Puhu vs. valtio Azerbaid\u017eanissa\" \/>\n<meta property=\"og:description\" content=\"Azerbaid\u017eanin kieli on mielenkiintoinen sekoitus erilaisia kulttuurisia ja historiallisia vaikutteita. Kielen rakenne ja sanasto heijastavat pitk\u00e4lti maan\" \/>\n<meta property=\"og:url\" content=\"https:\/\/talkpal.ai\/fi\/vocabulary\/danismaq-vs-b%c9%99yan-etm%c9%99k-puhu-vs-valtio-azerbaidzanissa\/\" \/>\n<meta property=\"og:site_name\" content=\"Talkpal\" \/>\n<meta property=\"article:publisher\" content=\"https:\/\/www.facebook.com\/profile.php?id=100090733639311\" \/>\n<meta property=\"og:image\" content=\"https:\/\/talkpal.ai\/wp-content\/uploads\/2024\/10\/talkpal_flat_illustration_of_a_employees_working_together_happi_c674ff77-e477-4e09-835a-01d30e561e99.png\" \/>\n\t<meta property=\"og:image:width\" content=\"1024\" \/>\n\t<meta property=\"og:image:height\" content=\"1024\" \/>\n\t<meta property=\"og:image:type\" content=\"image\/png\" \/>\n<meta name=\"twitter:card\" content=\"summary_large_image\" \/>\n<meta name=\"twitter:site\" content=\"@talkpalai\" \/>\n<meta name=\"twitter:label1\" content=\"Arvioitu lukuaika\" \/>\n\t<meta name=\"twitter:data1\" content=\"4 minuuttia\" \/>\n<script type=\"application\/ld+json\" class=\"yoast-schema-graph\">{\"@context\":\"https:\/\/schema.org\",\"@graph\":[{\"@type\":\"WebPage\",\"@id\":\"https:\/\/talkpal.ai\/fi\/vocabulary\/danismaq-vs-b%c9%99yan-etm%c9%99k-puhu-vs-valtio-azerbaidzanissa\/\",\"url\":\"https:\/\/talkpal.ai\/fi\/vocabulary\/danismaq-vs-b%c9%99yan-etm%c9%99k-puhu-vs-valtio-azerbaidzanissa\/\",\"name\":\"Dan\u0131\u015fmaq vs. B\u0259yan etm\u0259k - Puhu vs. valtio Azerbaid\u017eanissa - Talkpal\",\"isPartOf\":{\"@id\":\"https:\/\/talkpal.ai\/fi\/#website\"},\"primaryImageOfPage\":{\"@id\":\"https:\/\/talkpal.ai\/fi\/vocabulary\/danismaq-vs-b%c9%99yan-etm%c9%99k-puhu-vs-valtio-azerbaidzanissa\/#primaryimage\"},\"image\":{\"@id\":\"https:\/\/talkpal.ai\/fi\/vocabulary\/danismaq-vs-b%c9%99yan-etm%c9%99k-puhu-vs-valtio-azerbaidzanissa\/#primaryimage\"},\"thumbnailUrl\":\"https:\/\/talkpal.ai\/wp-content\/uploads\/2025\/12\/man-is-studying-to-learn-languages.webp\",\"datePublished\":\"2024-06-11T14:38:43+00:00\",\"description\":\"Azerbaid\u017eanin kieli on mielenkiintoinen sekoitus erilaisia kulttuurisia ja historiallisia vaikutteita. Kielen rakenne ja sanasto heijastavat pitk\u00e4lti maan\",\"breadcrumb\":{\"@id\":\"https:\/\/talkpal.ai\/fi\/vocabulary\/danismaq-vs-b%c9%99yan-etm%c9%99k-puhu-vs-valtio-azerbaidzanissa\/#breadcrumb\"},\"inLanguage\":\"fi\",\"potentialAction\":[{\"@type\":\"ReadAction\",\"target\":[\"https:\/\/talkpal.ai\/fi\/vocabulary\/danismaq-vs-b%c9%99yan-etm%c9%99k-puhu-vs-valtio-azerbaidzanissa\/\"]}]},{\"@type\":\"ImageObject\",\"inLanguage\":\"fi\",\"@id\":\"https:\/\/talkpal.ai\/fi\/vocabulary\/danismaq-vs-b%c9%99yan-etm%c9%99k-puhu-vs-valtio-azerbaidzanissa\/#primaryimage\",\"url\":\"https:\/\/talkpal.ai\/wp-content\/uploads\/2025\/12\/man-is-studying-to-learn-languages.webp\",\"contentUrl\":\"https:\/\/talkpal.ai\/wp-content\/uploads\/2025\/12\/man-is-studying-to-learn-languages.webp\",\"width\":1200,\"height\":896,\"caption\":\"A bearded man writes in a book for learning languages at a desk with warm sunlight.\"},{\"@type\":\"BreadcrumbList\",\"@id\":\"https:\/\/talkpal.ai\/fi\/vocabulary\/danismaq-vs-b%c9%99yan-etm%c9%99k-puhu-vs-valtio-azerbaidzanissa\/#breadcrumb\",\"itemListElement\":[{\"@type\":\"ListItem\",\"position\":1,\"name\":\"Homepage\",\"item\":\"https:\/\/talkpal.ai\/fi\/\"},{\"@type\":\"ListItem\",\"position\":2,\"name\":\"Dan\u0131\u015fmaq vs. B\u0259yan etm\u0259k &#8211; Puhu vs. valtio Azerbaid\u017eanissa\"}]},{\"@type\":\"WebSite\",\"@id\":\"https:\/\/talkpal.ai\/fi\/#website\",\"url\":\"https:\/\/talkpal.ai\/fi\/\",\"name\":\"Talkpal\",\"description\":\"AI Language Learning\",\"publisher\":{\"@id\":\"https:\/\/talkpal.ai\/fi\/#organization\"},\"alternateName\":\"Talkpal AI\",\"potentialAction\":[{\"@type\":\"SearchAction\",\"target\":{\"@type\":\"EntryPoint\",\"urlTemplate\":\"https:\/\/talkpal.ai\/fi\/?s={search_term_string}\"},\"query-input\":{\"@type\":\"PropertyValueSpecification\",\"valueRequired\":true,\"valueName\":\"search_term_string\"}}],\"inLanguage\":\"fi\"},{\"@type\":\"Organization\",\"@id\":\"https:\/\/talkpal.ai\/fi\/#organization\",\"name\":\"Talkpal, Inc.\",\"alternateName\":\"Talkpal AI\",\"url\":\"https:\/\/talkpal.ai\/fi\/\",\"logo\":{\"@type\":\"ImageObject\",\"inLanguage\":\"fi\",\"@id\":\"https:\/\/talkpal.ai\/fi\/#\/schema\/logo\/image\/\",\"url\":\"https:\/\/talkpal.ai\/wp-content\/uploads\/2024\/03\/Talkpal-Logo-Icon.png\",\"contentUrl\":\"https:\/\/talkpal.ai\/wp-content\/uploads\/2024\/03\/Talkpal-Logo-Icon.png\",\"width\":2880,\"height\":2880,\"caption\":\"Talkpal, Inc.\"},\"image\":{\"@id\":\"https:\/\/talkpal.ai\/fi\/#\/schema\/logo\/image\/\"},\"sameAs\":[\"https:\/\/www.facebook.com\/profile.php?id=100090733639311\",\"https:\/\/x.com\/talkpalai\",\"https:\/\/www.linkedin.com\/company\/talkpal\/\",\"https:\/\/www.youtube.com\/@TalkPal\/\",\"https:\/\/www.tiktok.com\/@talkpal\",\"https:\/\/www.instagram.com\/talkpal_ai\/\",\"https:\/\/www.crunchbase.com\/organization\/talkpal-9cde\",\"https:\/\/www.g2.com\/products\/talkpal-for-business\/\",\"https:\/\/www.trustpilot.com\/review\/talkpal.ai\",\"https:\/\/www.capterra.com\/p\/10006800\/TalkPal\/\"],\"description\":\"Talkpal is a language learning web and mobile education app, powered by the latest AI technologies, that provides engaging experiences to its customers in many different languages to help them improve their language skills. Users can chat about unlimited amount of topics with the app and use other modes to practice their language learning.\",\"email\":\"support@talkpal.ai\",\"legalName\":\"Talkpal, Inc.\",\"foundingDate\":\"2023-04-03\",\"duns\":\"118989042\",\"numberOfEmployees\":{\"@type\":\"QuantitativeValue\",\"minValue\":\"11\",\"maxValue\":\"50\"},\"publishingPrinciples\":\"https:\/\/talkpal.ai\/publishing-principles\/\",\"actionableFeedbackPolicy\":\"https:\/\/talkpal.ai\/actionable-feedback-policy\/\",\"correctionsPolicy\":\"https:\/\/talkpal.ai\/corrections-policy\/\",\"ethicsPolicy\":\"https:\/\/talkpal.ai\/ethics-policy\/\",\"diversityPolicy\":\"https:\/\/talkpal.ai\/diversity-policy\/\",\"diversityStaffingReport\":\"https:\/\/talkpal.ai\/diversity-policy\/\"}]}<\/script>\n<!-- \/ Yoast SEO Premium plugin. -->","yoast_head_json":{"title":"Dan\u0131\u015fmaq vs. B\u0259yan etm\u0259k - Puhu vs. valtio Azerbaid\u017eanissa - Talkpal","description":"Azerbaid\u017eanin kieli on mielenkiintoinen sekoitus erilaisia kulttuurisia ja historiallisia vaikutteita. Kielen rakenne ja sanasto heijastavat pitk\u00e4lti maan","robots":{"index":"index","follow":"follow","max-snippet":"max-snippet:-1","max-image-preview":"max-image-preview:large","max-video-preview":"max-video-preview:-1"},"canonical":"https:\/\/talkpal.ai\/fi\/vocabulary\/danismaq-vs-b%c9%99yan-etm%c9%99k-puhu-vs-valtio-azerbaidzanissa\/","og_locale":"fi_FI","og_type":"article","og_title":"Dan\u0131\u015fmaq vs. B\u0259yan etm\u0259k - Puhu vs. valtio Azerbaid\u017eanissa","og_description":"Azerbaid\u017eanin kieli on mielenkiintoinen sekoitus erilaisia kulttuurisia ja historiallisia vaikutteita. Kielen rakenne ja sanasto heijastavat pitk\u00e4lti maan","og_url":"https:\/\/talkpal.ai\/fi\/vocabulary\/danismaq-vs-b%c9%99yan-etm%c9%99k-puhu-vs-valtio-azerbaidzanissa\/","og_site_name":"Talkpal","article_publisher":"https:\/\/www.facebook.com\/profile.php?id=100090733639311","og_image":[{"width":1024,"height":1024,"url":"https:\/\/talkpal.ai\/wp-content\/uploads\/2024\/10\/talkpal_flat_illustration_of_a_employees_working_together_happi_c674ff77-e477-4e09-835a-01d30e561e99.png","type":"image\/png"}],"twitter_card":"summary_large_image","twitter_site":"@talkpalai","twitter_misc":{"Arvioitu lukuaika":"4 minuuttia"},"schema":{"@context":"https:\/\/schema.org","@graph":[{"@type":"WebPage","@id":"https:\/\/talkpal.ai\/fi\/vocabulary\/danismaq-vs-b%c9%99yan-etm%c9%99k-puhu-vs-valtio-azerbaidzanissa\/","url":"https:\/\/talkpal.ai\/fi\/vocabulary\/danismaq-vs-b%c9%99yan-etm%c9%99k-puhu-vs-valtio-azerbaidzanissa\/","name":"Dan\u0131\u015fmaq vs. B\u0259yan etm\u0259k - Puhu vs. valtio Azerbaid\u017eanissa - Talkpal","isPartOf":{"@id":"https:\/\/talkpal.ai\/fi\/#website"},"primaryImageOfPage":{"@id":"https:\/\/talkpal.ai\/fi\/vocabulary\/danismaq-vs-b%c9%99yan-etm%c9%99k-puhu-vs-valtio-azerbaidzanissa\/#primaryimage"},"image":{"@id":"https:\/\/talkpal.ai\/fi\/vocabulary\/danismaq-vs-b%c9%99yan-etm%c9%99k-puhu-vs-valtio-azerbaidzanissa\/#primaryimage"},"thumbnailUrl":"https:\/\/talkpal.ai\/wp-content\/uploads\/2025\/12\/man-is-studying-to-learn-languages.webp","datePublished":"2024-06-11T14:38:43+00:00","description":"Azerbaid\u017eanin kieli on mielenkiintoinen sekoitus erilaisia kulttuurisia ja historiallisia vaikutteita. Kielen rakenne ja sanasto heijastavat pitk\u00e4lti maan","breadcrumb":{"@id":"https:\/\/talkpal.ai\/fi\/vocabulary\/danismaq-vs-b%c9%99yan-etm%c9%99k-puhu-vs-valtio-azerbaidzanissa\/#breadcrumb"},"inLanguage":"fi","potentialAction":[{"@type":"ReadAction","target":["https:\/\/talkpal.ai\/fi\/vocabulary\/danismaq-vs-b%c9%99yan-etm%c9%99k-puhu-vs-valtio-azerbaidzanissa\/"]}]},{"@type":"ImageObject","inLanguage":"fi","@id":"https:\/\/talkpal.ai\/fi\/vocabulary\/danismaq-vs-b%c9%99yan-etm%c9%99k-puhu-vs-valtio-azerbaidzanissa\/#primaryimage","url":"https:\/\/talkpal.ai\/wp-content\/uploads\/2025\/12\/man-is-studying-to-learn-languages.webp","contentUrl":"https:\/\/talkpal.ai\/wp-content\/uploads\/2025\/12\/man-is-studying-to-learn-languages.webp","width":1200,"height":896,"caption":"A bearded man writes in a book for learning languages at a desk with warm sunlight."},{"@type":"BreadcrumbList","@id":"https:\/\/talkpal.ai\/fi\/vocabulary\/danismaq-vs-b%c9%99yan-etm%c9%99k-puhu-vs-valtio-azerbaidzanissa\/#breadcrumb","itemListElement":[{"@type":"ListItem","position":1,"name":"Homepage","item":"https:\/\/talkpal.ai\/fi\/"},{"@type":"ListItem","position":2,"name":"Dan\u0131\u015fmaq vs. B\u0259yan etm\u0259k &#8211; Puhu vs. valtio Azerbaid\u017eanissa"}]},{"@type":"WebSite","@id":"https:\/\/talkpal.ai\/fi\/#website","url":"https:\/\/talkpal.ai\/fi\/","name":"Talkpal","description":"AI Language Learning","publisher":{"@id":"https:\/\/talkpal.ai\/fi\/#organization"},"alternateName":"Talkpal AI","potentialAction":[{"@type":"SearchAction","target":{"@type":"EntryPoint","urlTemplate":"https:\/\/talkpal.ai\/fi\/?s={search_term_string}"},"query-input":{"@type":"PropertyValueSpecification","valueRequired":true,"valueName":"search_term_string"}}],"inLanguage":"fi"},{"@type":"Organization","@id":"https:\/\/talkpal.ai\/fi\/#organization","name":"Talkpal, Inc.","alternateName":"Talkpal AI","url":"https:\/\/talkpal.ai\/fi\/","logo":{"@type":"ImageObject","inLanguage":"fi","@id":"https:\/\/talkpal.ai\/fi\/#\/schema\/logo\/image\/","url":"https:\/\/talkpal.ai\/wp-content\/uploads\/2024\/03\/Talkpal-Logo-Icon.png","contentUrl":"https:\/\/talkpal.ai\/wp-content\/uploads\/2024\/03\/Talkpal-Logo-Icon.png","width":2880,"height":2880,"caption":"Talkpal, Inc."},"image":{"@id":"https:\/\/talkpal.ai\/fi\/#\/schema\/logo\/image\/"},"sameAs":["https:\/\/www.facebook.com\/profile.php?id=100090733639311","https:\/\/x.com\/talkpalai","https:\/\/www.linkedin.com\/company\/talkpal\/","https:\/\/www.youtube.com\/@TalkPal\/","https:\/\/www.tiktok.com\/@talkpal","https:\/\/www.instagram.com\/talkpal_ai\/","https:\/\/www.crunchbase.com\/organization\/talkpal-9cde","https:\/\/www.g2.com\/products\/talkpal-for-business\/","https:\/\/www.trustpilot.com\/review\/talkpal.ai","https:\/\/www.capterra.com\/p\/10006800\/TalkPal\/"],"description":"Talkpal is a language learning web and mobile education app, powered by the latest AI technologies, that provides engaging experiences to its customers in many different languages to help them improve their language skills. Users can chat about unlimited amount of topics with the app and use other modes to practice their language learning.","email":"support@talkpal.ai","legalName":"Talkpal, Inc.","foundingDate":"2023-04-03","duns":"118989042","numberOfEmployees":{"@type":"QuantitativeValue","minValue":"11","maxValue":"50"},"publishingPrinciples":"https:\/\/talkpal.ai\/publishing-principles\/","actionableFeedbackPolicy":"https:\/\/talkpal.ai\/actionable-feedback-policy\/","correctionsPolicy":"https:\/\/talkpal.ai\/corrections-policy\/","ethicsPolicy":"https:\/\/talkpal.ai\/ethics-policy\/","diversityPolicy":"https:\/\/talkpal.ai\/diversity-policy\/","diversityStaffingReport":"https:\/\/talkpal.ai\/diversity-policy\/"}]}},"_links":{"self":[{"href":"https:\/\/talkpal.ai\/fi\/wp-json\/wp\/v2\/vocabulary\/758726","targetHints":{"allow":["GET"]}}],"collection":[{"href":"https:\/\/talkpal.ai\/fi\/wp-json\/wp\/v2\/vocabulary"}],"about":[{"href":"https:\/\/talkpal.ai\/fi\/wp-json\/wp\/v2\/types\/vocabulary"}],"wp:featuredmedia":[{"embeddable":true,"href":"https:\/\/talkpal.ai\/fi\/wp-json\/wp\/v2\/media\/1527772"}],"wp:attachment":[{"href":"https:\/\/talkpal.ai\/fi\/wp-json\/wp\/v2\/media?parent=758726"}],"wp:term":[{"taxonomy":"vocabulary_language","embeddable":true,"href":"https:\/\/talkpal.ai\/fi\/wp-json\/wp\/v2\/vocabulary_language?post=758726"}],"curies":[{"name":"wp","href":"https:\/\/api.w.org\/{rel}","templated":true}]}}