{"id":697179,"date":"2024-06-07T18:31:57","date_gmt":"2024-06-07T18:31:57","guid":{"rendered":"https:\/\/talkpal.ai\/vocabulary\/historialliset-termit-serbiaksi\/"},"modified":"2024-06-07T18:31:57","modified_gmt":"2024-06-07T18:31:57","slug":"historialliset-termit-serbiaksi","status":"publish","type":"vocabulary","link":"https:\/\/talkpal.ai\/fi\/vocabulary\/historialliset-termit-serbiaksi\/","title":{"rendered":"Historialliset termit serbiaksi"},"content":{"rendered":"<p><a href=\"https:\/\/talkpal.ai\/learn-serbian\/\">Serbian<\/a> kieli on rikas ja monipuolinen kieli, joka on t\u00e4ynn\u00e4 historiallisia termej\u00e4 ja ilmaisuja, jotka heijastavat Serbian monivaiheista historiaa. T\u00e4ss\u00e4 artikkelissa tutustumme joihinkin merkitt\u00e4viin historiallisiin termeihin serbiaksi ja selit\u00e4mme niiden merkitykset suomeksi. N\u00e4iden termien ymm\u00e4rt\u00e4minen voi syvent\u00e4\u00e4 k\u00e4sityst\u00e4mme Serbian kulttuurista ja historiasta.<\/p>\n<h2>Historialliset termit ja niiden merkitykset<\/h2>\n<p><b>\u041a\u0440\u0430\u0459<\/b> (kralj) &#8211; Kuningas. T\u00e4m\u00e4 sana viittaa monarkkiseen hallitsijaan, joka oli yleinen Balkanin alueella keskiajalla.<br \/>\n<font color=\"#2D3AC7\">\u0421\u0442\u0435\u0444\u0430\u043d \u041d\u0435\u043c\u0430\u045a\u0430 \u0458\u0435 \u0431\u0438\u043e \u0432\u0435\u043b\u0438\u043a\u0438 \u0441\u0440\u043f\u0441\u043a\u0438 \u043a\u0440\u0430\u0459.<\/font><\/p>\n<p><b>\u0426\u0430\u0440<\/b> (car) &#8211; Keisari. T\u00e4m\u00e4 termi tarkoittaa korkeinta hallitsijaa, joka hallitsi laajempaa imperiumia.<br \/>\n<font color=\"#2D3AC7\">\u0426\u0430\u0440 \u0414\u0443\u0448\u0430\u043d \u0458\u0435 \u0431\u0438\u043e \u0458\u0435\u0434\u0430\u043d \u043e\u0434 \u043d\u0430\u0458\u0437\u043d\u0430\u0447\u0430\u0458\u043d\u0438\u0458\u0438\u0445 \u0441\u0440\u043f\u0441\u043a\u0438\u0445 \u0432\u043b\u0430\u0434\u0430\u0440\u0430.<\/font><\/p>\n<p><b>\u041a\u043d\u0435\u0436\u0435\u0432\u0438\u043d\u0430<\/b> (kne\u017eevina) &#8211; Ruhtinaskunta. T\u00e4m\u00e4 sana tarkoittaa ruhtinaan hallitsemaa aluetta <a href=\"https:\/\/talkpal.ai\/learn-thai\/\">tai<\/a> valtiota.<br \/>\n<font color=\"#2D3AC7\">\u0421\u0440\u0431\u0438\u0458\u0430 \u0458\u0435 \u0431\u0438\u043b\u0430 \u043a\u043d\u0435\u0436\u0435\u0432\u0438\u043d\u0430 \u043f\u0440\u0435 \u043d\u0435\u0433\u043e \u0448\u0442\u043e \u0458\u0435 \u043f\u043e\u0441\u0442\u0430\u043b\u0430 \u043a\u0440\u0430\u0459\u0435\u0432\u0438\u043d\u0430.<\/font><\/p>\n<p><b>\u041e\u0441\u043c\u0430\u043d\u0441\u043a\u043e \u0446\u0430\u0440\u0441\u0442\u0432\u043e<\/b> (Osmansko carstvo) &#8211; Ottomaanien valtakunta. T\u00e4m\u00e4 oli suuri valtakunta, joka hallitsi Serbiaa ja monia muita alueita useiden vuosisatojen ajan.<br \/>\n<font color=\"#2D3AC7\">\u0421\u0440\u0431\u0438\u0458\u0430 \u0458\u0435 \u0431\u0438\u043b\u0430 \u0434\u0435\u043e \u041e\u0441\u043c\u0430\u043d\u0441\u043a\u043e\u0433 \u0446\u0430\u0440\u0441\u0442\u0432\u0430 \u0432\u0438\u0448\u0435 \u043e\u0434 \u0447\u0435\u0442\u0438\u0440\u0438 \u0432\u0435\u043a\u0430.<\/font><\/p>\n<p><b>\u0411\u043e\u0458<\/b> (boj) &#8211; Taistelu. T\u00e4m\u00e4 sana viittaa suureen sotilaalliseen yhteenottoon.<br \/>\n<font color=\"#2D3AC7\">\u041a\u043e\u0441\u043e\u0432\u0441\u043a\u0438 \u0431\u043e\u0458 \u0458\u0435 \u0431\u0438\u043e \u0458\u0435\u0434\u043d\u0430 \u043e\u0434 \u043d\u0430\u0458\u0432\u0430\u0436\u043d\u0438\u0458\u0438\u0445 \u0431\u0438\u0442\u0430\u043a\u0430 \u0443 \u0441\u0440\u043f\u0441\u043a\u043e\u0458 \u0438\u0441\u0442\u043e\u0440\u0438\u0458\u0438.<\/font><\/p>\n<p><b>\u0417\u043b\u0430\u0442\u043d\u0438 \u0432\u0435\u043a<\/b> (zlatni vek) &#8211; Kultainen aikakausi. T\u00e4m\u00e4 termi viittaa ajanjaksoon, jolloin kansakunta koki merkitt\u00e4v\u00e4\u00e4 kehityst\u00e4 ja vaurautta.<br \/>\n<font color=\"#2D3AC7\">\u0421\u0440\u0435\u0434\u045a\u043e\u0432\u0435\u043a\u043e\u0432\u043d\u0430 \u0421\u0440\u0431\u0438\u0458\u0430 \u0458\u0435 \u0438\u043c\u0430\u043b\u0430 \u0441\u0432\u043e\u0458 \u0437\u043b\u0430\u0442\u043d\u0438 \u0432\u0435\u043a \u043f\u043e\u0434 \u0432\u043b\u0430\u0434\u0430\u0432\u0438\u043d\u043e\u043c \u0446\u0430\u0440\u0430 \u0414\u0443\u0448\u0430\u043d\u0430.<\/font><\/p>\n<h3>Historialliset henkil\u00f6t ja heid\u00e4n roolinsa<\/h3>\n<p><b>\u0421\u0442\u0435\u0444\u0430\u043d \u041d\u0435\u043c\u0430\u045a\u0430<\/b> (Stefan Nemanja) &#8211; Stefan Nemanja oli merkitt\u00e4v\u00e4 Serbian hallitsija ja Nemanjic-dynastian perustaja.<br \/>\n<font color=\"#2D3AC7\">\u0421\u0442\u0435\u0444\u0430\u043d \u041d\u0435\u043c\u0430\u045a\u0430 \u0458\u0435 \u043e\u0441\u043d\u043e\u0432\u0430\u043e \u0441\u0440\u043f\u0441\u043a\u0443 \u0441\u0440\u0435\u0434\u045a\u043e\u0432\u0435\u043a\u043e\u0432\u043d\u0443 \u0434\u0440\u0436\u0430\u0432\u0443.<\/font><\/p>\n<p><b>\u0426\u0430\u0440 \u0414\u0443\u0448\u0430\u043d<\/b> (car Du\u0161an) &#8211; Keisari Du\u0161an oli yksi Serbian suurimmista hallitsijoista, joka laajensi valtakuntaa merkitt\u00e4v\u00e4sti.<br \/>\n<font color=\"#2D3AC7\">\u0426\u0430\u0440 \u0414\u0443\u0448\u0430\u043d \u0458\u0435 \u043f\u0440\u043e\u0448\u0438\u0440\u0438\u043e \u0441\u0440\u043f\u0441\u043a\u043e \u0446\u0430\u0440\u0441\u0442\u0432\u043e \u0434\u043e \u0415\u0433\u0435\u0458\u0441\u043a\u043e\u0433 \u043c\u043e\u0440\u0430.<\/font><\/p>\n<p><b>\u0412\u0443\u043a \u041a\u0430\u0440\u0430\u045f\u0438\u045b<\/b> (Vuk Karad\u017ei\u0107) &#8211; Vuk Karad\u017ei\u0107 oli serbialainen kielitieteilij\u00e4 ja kirjailija, joka uudisti serbialaista kielt\u00e4 ja kirjakielt\u00e4.<br \/>\n<font color=\"#2D3AC7\">\u0412\u0443\u043a \u041a\u0430\u0440\u0430\u045f\u0438\u045b \u0458\u0435 \u0440\u0435\u0444\u043e\u0440\u043c\u0438\u0441\u0430\u043e <a href=\"https:\/\/talkpal.ai\/sr\/%d0%bd%d0%b0%d1%83%d1%87%d0%b8-%d1%81%d1%80%d0%bf%d1%81%d0%ba%d0%b8\/\">\u0441\u0440\u043f\u0441\u043a\u0438 \u0458\u0435\u0437\u0438\u043a<\/a> \u0438 \u043f\u0440\u0430\u0432\u043e\u043f\u0438\u0441.<\/font><\/p>\n<p><b>\u041a\u043d\u0435\u0437 \u041c\u0438\u043b\u043e\u0448 \u041e\u0431\u0440\u0435\u043d\u043e\u0432\u0438\u045b<\/b> (knez Milo\u0161 Obrenovi\u0107) &#8211; Ruhtinas Milo\u0161 Obrenovi\u0107 oli merkitt\u00e4v\u00e4 Serbian hallitsija, joka johti Serbian itsen\u00e4istymistaistelua Ottomaanien valtakuntaa vastaan.<br \/>\n<font color=\"#2D3AC7\">\u041a\u043d\u0435\u0437 \u041c\u0438\u043b\u043e\u0448 \u041e\u0431\u0440\u0435\u043d\u043e\u0432\u0438\u045b \u0458\u0435 \u0438\u0437\u0431\u043e\u0440\u0438\u043e \u0430\u0443\u0442\u043e\u043d\u043e\u043c\u0438\u0458\u0443 \u0437\u0430 \u0421\u0440\u0431\u0438\u0458\u0443 \u0443 19. \u0432\u0435\u043a\u0443.<\/font><\/p>\n<h3>Historialliset tapahtumat ja niiden merkitys<\/h3>\n<p><b>\u041a\u043e\u0441\u043e\u0432\u0441\u043a\u0430 \u0431\u0438\u0442\u043a\u0430<\/b> (Kosovska bitka) &#8211; Kosovon taistelu. T\u00e4m\u00e4 oli merkitt\u00e4v\u00e4 taistelu, joka k\u00e4ytiin vuonna 1389 Serbian ja Ottomaanien valtakunnan v\u00e4lill\u00e4.<br \/>\n<font color=\"#2D3AC7\">\u041a\u043e\u0441\u043e\u0432\u0441\u043a\u0430 \u0431\u0438\u0442\u043a\u0430 \u0458\u0435 \u0438\u043c\u0430\u043b\u0430 \u0432\u0435\u043b\u0438\u043a\u0438 \u0443\u0442\u0438\u0446\u0430\u0458 \u043d\u0430 \u0441\u0440\u043f\u0441\u043a\u0443 \u0438\u0441\u0442\u043e\u0440\u0438\u0458\u0443 \u0438 \u043a\u0443\u043b\u0442\u0443\u0440\u0443.<\/font><\/p>\n<p><b>\u041f\u0440\u0432\u0438 \u0441\u0440\u043f\u0441\u043a\u0438 \u0443\u0441\u0442\u0430\u043d\u0430\u043a<\/b> (Prvi srpski ustanak) &#8211; Ensimm\u00e4inen Serbian kapina. T\u00e4m\u00e4 kapina tapahtui vuonna 1804, ja se oli Serbian ensimm\u00e4inen yritys vapautua Ottomaanien vallasta.<br \/>\n<font color=\"#2D3AC7\">\u041f\u0440\u0432\u0438 \u0441\u0440\u043f\u0441\u043a\u0438 \u0443\u0441\u0442\u0430\u043d\u0430\u043a \u0458\u0435 \u0431\u0438\u043e \u043f\u043e\u0447\u0435\u0442\u0430\u043a \u0431\u043e\u0440\u0431\u0435 \u0437\u0430 \u043d\u0435\u0437\u0430\u0432\u0438\u0441\u043d\u043e\u0441\u0442 \u0421\u0440\u0431\u0438\u0458\u0435.<\/font><\/p>\n<p><b>\u0421\u0430\u043d\u0441\u0442\u0435\u0444\u0430\u043d\u0441\u043a\u0438 \u043c\u0438\u0440<\/b> (Sanstefanski mir) &#8211; San Stefanin rauha. T\u00e4m\u00e4 oli rauhansopimus, joka allekirjoitettiin vuonna 1878 ja joka p\u00e4\u00e4tti Ven\u00e4j\u00e4n-Turkin sodan.<br \/>\n<font color=\"#2D3AC7\">\u0421\u0430\u043d\u0441\u0442\u0435\u0444\u0430\u043d\u0441\u043a\u0438 \u043c\u0438\u0440 \u0458\u0435 \u0434\u043e\u043d\u0435\u043e \u0437\u043d\u0430\u0447\u0430\u0458\u043d\u0435 \u0442\u0435\u0440\u0438\u0442\u043e\u0440\u0438\u0458\u0430\u043b\u043d\u0435 \u043f\u0440\u043e\u043c\u0435\u043d\u0435 \u043d\u0430 \u0411\u0430\u043b\u043a\u0430\u043d\u0443.<\/font><\/p>\n<p><b>\u0411\u0435\u0440\u043b\u0438\u043d\u0441\u043a\u0438 \u043a\u043e\u043d\u0433\u0440\u0435\u0441<\/b> (Berlinski kongres) &#8211; Berliinin kongressi. T\u00e4m\u00e4 oli vuonna 1878 pidetty kansainv\u00e4linen kokous, joka m\u00e4\u00e4ritti Balkanin alueen uudet rajat.<br \/>\n<font color=\"#2D3AC7\">\u0411\u0435\u0440\u043b\u0438\u043d\u0441\u043a\u0438 \u043a\u043e\u043d\u0433\u0440\u0435\u0441 \u0458\u0435 \u0440\u0435\u0434\u0435\u0444\u0438\u043d\u0438\u0441\u0430\u043e \u0433\u0440\u0430\u043d\u0438\u0446\u0435 \u0431\u0430\u043b\u043a\u0430\u043d\u0441\u043a\u0438\u0445 \u0434\u0440\u0436\u0430\u0432\u0430.<\/font><\/p>\n<p><b>\u0421\u0440\u043f\u0441\u043a\u043e-\u0442\u0443\u0440\u0441\u043a\u0438 \u0440\u0430\u0442\u043e\u0432\u0438<\/b> (Srpsko-turski ratovi) &#8211; Serbian-Turkin sodat. N\u00e4m\u00e4 sodat k\u00e4ytiin 1800-luvulla Serbian ja Ottomaanien valtakunnan v\u00e4lill\u00e4, ja ne johtivat Serbian itsen\u00e4istymiseen.<br \/>\n<font color=\"#2D3AC7\">\u0421\u0440\u043f\u0441\u043a\u043e-\u0442\u0443\u0440\u0441\u043a\u0438 \u0440\u0430\u0442\u043e\u0432\u0438 \u0441\u0443 \u0431\u0438\u043b\u0438 \u043a\u0459\u0443\u0447\u043d\u0438 \u0437\u0430 \u0441\u0442\u0438\u0446\u0430\u045a\u0435 \u043d\u0435\u0437\u0430\u0432\u0438\u0441\u043d\u043e\u0441\u0442\u0438 \u0421\u0440\u0431\u0438\u0458\u0435.<\/font><\/p>\n<h2>Historialliset paikat ja niiden merkitys<\/h2>\n<p><b>\u0421\u0442\u0443\u0434\u0435\u043d\u0438\u0446\u0430<\/b> (Studenica) &#8211; Studenica on t\u00e4rke\u00e4 keskiaikainen luostari, joka on UNESCO:n maailmanperint\u00f6kohde ja merkitt\u00e4v\u00e4 Serbian kulttuuriperinn\u00f6n osa.<br \/>\n<font color=\"#2D3AC7\">\u041c\u0430\u043d\u0430\u0441\u0442\u0438\u0440 \u0421\u0442\u0443\u0434\u0435\u043d\u0438\u0446\u0430 \u0458\u0435 \u0458\u0435\u0434\u0430\u043d \u043e\u0434 \u043d\u0430\u0458\u0437\u043d\u0430\u0447\u0430\u0458\u043d\u0438\u0458\u0438\u0445 \u0441\u0440\u043f\u0441\u043a\u0438\u0445 \u0441\u0440\u0435\u0434\u045a\u043e\u0432\u0435\u043a\u043e\u0432\u043d\u0438\u0445 \u043c\u0430\u043d\u0430\u0441\u0442\u0438\u0440\u0430.<\/font><\/p>\n<p><b>\u041a\u0440\u0443\u0448\u0435\u0432\u0430\u0446<\/b> (<a href=\"https:\/\/talkpal.ai\/locations\/language-courses-in-krusevac\/\">Kru\u0161evac<\/a>) &#8211; Kru\u0161evac oli Serbian keskiaikaisen valtakunnan p\u00e4\u00e4kaupunki 1300-luvulla.<br \/>\n<font color=\"#2D3AC7\">\u041a\u0440\u0443\u0448\u0435\u0432\u0430\u0446 \u0458\u0435 \u0431\u0438\u043e \u0433\u043b\u0430\u0432\u043d\u0438 \u0433\u0440\u0430\u0434 \u0421\u0440\u0431\u0438\u0458\u0435 \u0437\u0430 \u0432\u0440\u0435\u043c\u0435 \u0432\u043b\u0430\u0434\u0430\u0432\u0438\u043d\u0435 \u043a\u043d\u0435\u0437\u0430 \u041b\u0430\u0437\u0430\u0440\u0430.<\/font><\/p>\n<p><b>\u0421\u043e\u043b\u0443\u043d\u0441\u043a\u0438 \u0444\u0440\u043e\u043d\u0442<\/b> (Solunski front) &#8211; Thessalonikin rintama. T\u00e4m\u00e4 oli ensimm\u00e4isen maailmansodan rintamalinja Balkanilla, jossa Serbian armeija taisteli.<br \/>\n<font color=\"#2D3AC7\">\u0421\u0440\u043f\u0441\u043a\u0430 \u0432\u043e\u0458\u0441\u043a\u0430 \u0458\u0435 \u0432\u043e\u0434\u0438\u043b\u0430 \u0436\u0435\u0441\u0442\u043e\u043a\u0435 \u0431\u043e\u0440\u0431\u0435 \u043d\u0430 \u0421\u043e\u043b\u0443\u043d\u0441\u043a\u043e\u043c \u0444\u0440\u043e\u043d\u0442\u0443 \u0442\u043e\u043a\u043e\u043c \u041f\u0440\u0432\u043e\u0433 \u0441\u0432\u0435\u0442\u0441\u043a\u043e\u0433 \u0440\u0430\u0442\u0430.<\/font><\/p>\n<p><b>\u041a\u043e\u0441\u043e\u0432\u043e \u041f\u043e\u0459\u0435<\/b> (Kosovo Polje) &#8211; Kosovon kentt\u00e4. T\u00e4m\u00e4 alue on tunnettu Kosovon taistelusta, ja se on merkitt\u00e4v\u00e4 paikka Serbian historiassa.<br \/>\n<font color=\"#2D3AC7\">\u041a\u043e\u0441\u043e\u0432\u043e \u041f\u043e\u0459\u0435 \u0458\u0435 \u0441\u0438\u043c\u0431\u043e\u043b \u0441\u0440\u043f\u0441\u043a\u043e\u0433 \u043e\u0442\u043f\u043e\u0440\u0430 \u043f\u0440\u043e\u0442\u0438\u0432 \u041e\u0441\u043c\u0430\u043d\u0441\u043a\u043e\u0433 \u0446\u0430\u0440\u0441\u0442\u0432\u0430.<\/font><\/p>\n<p><b>\u041e\u043f\u043b\u0435\u043d\u0430\u0446<\/b> (Oplenac) &#8211; Oplenac on m\u00e4ki, jossa sijaitsee Pyh\u00e4n Yrj\u00f6n kirkko ja Karadjordjevi\u0107-dynastian mausoleumi.<br \/>\n<font color=\"#2D3AC7\">\u0426\u0440\u043a\u0432\u0430 \u0421\u0432\u0435\u0442\u043e\u0433 \u0402\u043e\u0440\u0452\u0430 \u043d\u0430 \u041e\u043f\u043b\u0435\u043d\u0446\u0443 \u0458\u0435 \u0433\u0440\u043e\u0431\u043d\u0438\u0446\u0430 \u0441\u0440\u043f\u0441\u043a\u0435 \u043a\u0440\u0430\u0459\u0435\u0432\u0441\u043a\u0435 \u043f\u043e\u0440\u043e\u0434\u0438\u0446\u0435 \u041a\u0430\u0440\u0430\u0452\u043e\u0440\u0452\u0435\u0432\u0438\u045b.<\/font><\/p>\n<p>Historiallisten termien ja paikkojen ymm\u00e4rt\u00e4minen on t\u00e4rke\u00e4\u00e4, jotta voimme syvemmin arvostaa Serbian rikkaan kulttuuriperinn\u00f6n ja historian. Toivomme, ett\u00e4 t\u00e4m\u00e4 artikkeli auttaa sinua oppimaan uusia sanoja ja k\u00e4sitteit\u00e4 serbiaksi ja antaa sinulle paremman k\u00e4sityksen Serbian historiallisista tapahtumista ja henkil\u00f6ist\u00e4.<\/p>\n","protected":false},"featured_media":1527996,"template":"","vocabulary_language":[3827],"class_list":["post-697179","vocabulary","type-vocabulary","status-publish","has-post-thumbnail","hentry","vocabulary_language-serbia"],"acf":[],"yoast_head":"<!-- This site is optimized with the Yoast SEO Premium plugin v27.2 (Yoast SEO v27.2) - https:\/\/yoast.com\/product\/yoast-seo-premium-wordpress\/ -->\n<title>Historialliset termit serbiaksi - Talkpal<\/title>\n<meta name=\"description\" content=\"Serbian kieli on rikas ja monipuolinen kieli, joka on t\u00e4ynn\u00e4 historiallisia termej\u00e4 ja ilmaisuja, jotka heijastavat Serbian monivaiheista historiaa. T\u00e4ss\u00e4\" \/>\n<meta name=\"robots\" content=\"index, follow, max-snippet:-1, max-image-preview:large, max-video-preview:-1\" \/>\n<link rel=\"canonical\" href=\"https:\/\/talkpal.ai\/fi\/vocabulary\/historialliset-termit-serbiaksi\/\" \/>\n<meta property=\"og:locale\" content=\"fi_FI\" \/>\n<meta property=\"og:type\" content=\"article\" \/>\n<meta property=\"og:title\" content=\"Historialliset termit serbiaksi\" \/>\n<meta property=\"og:description\" content=\"Serbian kieli on rikas ja monipuolinen kieli, joka on t\u00e4ynn\u00e4 historiallisia termej\u00e4 ja ilmaisuja, jotka heijastavat Serbian monivaiheista historiaa. T\u00e4ss\u00e4\" \/>\n<meta property=\"og:url\" content=\"https:\/\/talkpal.ai\/fi\/vocabulary\/historialliset-termit-serbiaksi\/\" \/>\n<meta property=\"og:site_name\" content=\"Talkpal\" \/>\n<meta property=\"article:publisher\" content=\"https:\/\/www.facebook.com\/profile.php?id=100090733639311\" \/>\n<meta property=\"og:image\" content=\"https:\/\/talkpal.ai\/wp-content\/uploads\/2024\/10\/talkpal_flat_illustration_of_a_employees_working_together_happi_c674ff77-e477-4e09-835a-01d30e561e99.png\" \/>\n\t<meta property=\"og:image:width\" content=\"1024\" \/>\n\t<meta property=\"og:image:height\" content=\"1024\" \/>\n\t<meta property=\"og:image:type\" content=\"image\/png\" \/>\n<meta name=\"twitter:card\" content=\"summary_large_image\" \/>\n<meta name=\"twitter:site\" content=\"@talkpalai\" \/>\n<meta name=\"twitter:label1\" content=\"Arvioitu lukuaika\" \/>\n\t<meta name=\"twitter:data1\" content=\"2 minuuttia\" \/>\n<script type=\"application\/ld+json\" class=\"yoast-schema-graph\">{\"@context\":\"https:\/\/schema.org\",\"@graph\":[{\"@type\":\"WebPage\",\"@id\":\"https:\/\/talkpal.ai\/fi\/vocabulary\/historialliset-termit-serbiaksi\/\",\"url\":\"https:\/\/talkpal.ai\/fi\/vocabulary\/historialliset-termit-serbiaksi\/\",\"name\":\"Historialliset termit serbiaksi - Talkpal\",\"isPartOf\":{\"@id\":\"https:\/\/talkpal.ai\/fi\/#website\"},\"primaryImageOfPage\":{\"@id\":\"https:\/\/talkpal.ai\/fi\/vocabulary\/historialliset-termit-serbiaksi\/#primaryimage\"},\"image\":{\"@id\":\"https:\/\/talkpal.ai\/fi\/vocabulary\/historialliset-termit-serbiaksi\/#primaryimage\"},\"thumbnailUrl\":\"https:\/\/talkpal.ai\/wp-content\/uploads\/2025\/12\/students-using-computers-to-learn-languages-indoors.webp\",\"datePublished\":\"2024-06-07T18:31:57+00:00\",\"description\":\"Serbian kieli on rikas ja monipuolinen kieli, joka on t\u00e4ynn\u00e4 historiallisia termej\u00e4 ja ilmaisuja, jotka heijastavat Serbian monivaiheista historiaa. T\u00e4ss\u00e4\",\"breadcrumb\":{\"@id\":\"https:\/\/talkpal.ai\/fi\/vocabulary\/historialliset-termit-serbiaksi\/#breadcrumb\"},\"inLanguage\":\"fi\",\"potentialAction\":[{\"@type\":\"ReadAction\",\"target\":[\"https:\/\/talkpal.ai\/fi\/vocabulary\/historialliset-termit-serbiaksi\/\"]}]},{\"@type\":\"ImageObject\",\"inLanguage\":\"fi\",\"@id\":\"https:\/\/talkpal.ai\/fi\/vocabulary\/historialliset-termit-serbiaksi\/#primaryimage\",\"url\":\"https:\/\/talkpal.ai\/wp-content\/uploads\/2025\/12\/students-using-computers-to-learn-languages-indoors.webp\",\"contentUrl\":\"https:\/\/talkpal.ai\/wp-content\/uploads\/2025\/12\/students-using-computers-to-learn-languages-indoors.webp\",\"width\":1200,\"height\":896,\"caption\":\"Students work at computer stations in a modern library environment for learning languages.\"},{\"@type\":\"BreadcrumbList\",\"@id\":\"https:\/\/talkpal.ai\/fi\/vocabulary\/historialliset-termit-serbiaksi\/#breadcrumb\",\"itemListElement\":[{\"@type\":\"ListItem\",\"position\":1,\"name\":\"Homepage\",\"item\":\"https:\/\/talkpal.ai\/fi\/\"},{\"@type\":\"ListItem\",\"position\":2,\"name\":\"Historialliset termit serbiaksi\"}]},{\"@type\":\"WebSite\",\"@id\":\"https:\/\/talkpal.ai\/fi\/#website\",\"url\":\"https:\/\/talkpal.ai\/fi\/\",\"name\":\"Talkpal\",\"description\":\"AI Language Learning\",\"publisher\":{\"@id\":\"https:\/\/talkpal.ai\/fi\/#organization\"},\"alternateName\":\"Talkpal AI\",\"potentialAction\":[{\"@type\":\"SearchAction\",\"target\":{\"@type\":\"EntryPoint\",\"urlTemplate\":\"https:\/\/talkpal.ai\/fi\/?s={search_term_string}\"},\"query-input\":{\"@type\":\"PropertyValueSpecification\",\"valueRequired\":true,\"valueName\":\"search_term_string\"}}],\"inLanguage\":\"fi\"},{\"@type\":\"Organization\",\"@id\":\"https:\/\/talkpal.ai\/fi\/#organization\",\"name\":\"Talkpal, Inc.\",\"alternateName\":\"Talkpal AI\",\"url\":\"https:\/\/talkpal.ai\/fi\/\",\"logo\":{\"@type\":\"ImageObject\",\"inLanguage\":\"fi\",\"@id\":\"https:\/\/talkpal.ai\/fi\/#\/schema\/logo\/image\/\",\"url\":\"https:\/\/talkpal.ai\/wp-content\/uploads\/2024\/03\/Talkpal-Logo-Icon.png\",\"contentUrl\":\"https:\/\/talkpal.ai\/wp-content\/uploads\/2024\/03\/Talkpal-Logo-Icon.png\",\"width\":2880,\"height\":2880,\"caption\":\"Talkpal, Inc.\"},\"image\":{\"@id\":\"https:\/\/talkpal.ai\/fi\/#\/schema\/logo\/image\/\"},\"sameAs\":[\"https:\/\/www.facebook.com\/profile.php?id=100090733639311\",\"https:\/\/x.com\/talkpalai\",\"https:\/\/www.linkedin.com\/company\/talkpal\/\",\"https:\/\/www.youtube.com\/@TalkPal\/\",\"https:\/\/www.tiktok.com\/@talkpal\",\"https:\/\/www.instagram.com\/talkpal_ai\/\",\"https:\/\/www.crunchbase.com\/organization\/talkpal-9cde\",\"https:\/\/www.g2.com\/products\/talkpal-for-business\/\",\"https:\/\/www.trustpilot.com\/review\/talkpal.ai\",\"https:\/\/www.capterra.com\/p\/10006800\/TalkPal\/\"],\"description\":\"Talkpal is a language learning web and mobile education app, powered by the latest AI technologies, that provides engaging experiences to its customers in many different languages to help them improve their language skills. Users can chat about unlimited amount of topics with the app and use other modes to practice their language learning.\",\"email\":\"support@talkpal.ai\",\"legalName\":\"Talkpal, Inc.\",\"foundingDate\":\"2023-04-03\",\"duns\":\"118989042\",\"numberOfEmployees\":{\"@type\":\"QuantitativeValue\",\"minValue\":\"11\",\"maxValue\":\"50\"},\"publishingPrinciples\":\"https:\/\/talkpal.ai\/publishing-principles\/\",\"actionableFeedbackPolicy\":\"https:\/\/talkpal.ai\/actionable-feedback-policy\/\",\"correctionsPolicy\":\"https:\/\/talkpal.ai\/corrections-policy\/\",\"ethicsPolicy\":\"https:\/\/talkpal.ai\/ethics-policy\/\",\"diversityPolicy\":\"https:\/\/talkpal.ai\/diversity-policy\/\",\"diversityStaffingReport\":\"https:\/\/talkpal.ai\/diversity-policy\/\"}]}<\/script>\n<!-- \/ Yoast SEO Premium plugin. -->","yoast_head_json":{"title":"Historialliset termit serbiaksi - Talkpal","description":"Serbian kieli on rikas ja monipuolinen kieli, joka on t\u00e4ynn\u00e4 historiallisia termej\u00e4 ja ilmaisuja, jotka heijastavat Serbian monivaiheista historiaa. T\u00e4ss\u00e4","robots":{"index":"index","follow":"follow","max-snippet":"max-snippet:-1","max-image-preview":"max-image-preview:large","max-video-preview":"max-video-preview:-1"},"canonical":"https:\/\/talkpal.ai\/fi\/vocabulary\/historialliset-termit-serbiaksi\/","og_locale":"fi_FI","og_type":"article","og_title":"Historialliset termit serbiaksi","og_description":"Serbian kieli on rikas ja monipuolinen kieli, joka on t\u00e4ynn\u00e4 historiallisia termej\u00e4 ja ilmaisuja, jotka heijastavat Serbian monivaiheista historiaa. T\u00e4ss\u00e4","og_url":"https:\/\/talkpal.ai\/fi\/vocabulary\/historialliset-termit-serbiaksi\/","og_site_name":"Talkpal","article_publisher":"https:\/\/www.facebook.com\/profile.php?id=100090733639311","og_image":[{"width":1024,"height":1024,"url":"https:\/\/talkpal.ai\/wp-content\/uploads\/2024\/10\/talkpal_flat_illustration_of_a_employees_working_together_happi_c674ff77-e477-4e09-835a-01d30e561e99.png","type":"image\/png"}],"twitter_card":"summary_large_image","twitter_site":"@talkpalai","twitter_misc":{"Arvioitu lukuaika":"2 minuuttia"},"schema":{"@context":"https:\/\/schema.org","@graph":[{"@type":"WebPage","@id":"https:\/\/talkpal.ai\/fi\/vocabulary\/historialliset-termit-serbiaksi\/","url":"https:\/\/talkpal.ai\/fi\/vocabulary\/historialliset-termit-serbiaksi\/","name":"Historialliset termit serbiaksi - Talkpal","isPartOf":{"@id":"https:\/\/talkpal.ai\/fi\/#website"},"primaryImageOfPage":{"@id":"https:\/\/talkpal.ai\/fi\/vocabulary\/historialliset-termit-serbiaksi\/#primaryimage"},"image":{"@id":"https:\/\/talkpal.ai\/fi\/vocabulary\/historialliset-termit-serbiaksi\/#primaryimage"},"thumbnailUrl":"https:\/\/talkpal.ai\/wp-content\/uploads\/2025\/12\/students-using-computers-to-learn-languages-indoors.webp","datePublished":"2024-06-07T18:31:57+00:00","description":"Serbian kieli on rikas ja monipuolinen kieli, joka on t\u00e4ynn\u00e4 historiallisia termej\u00e4 ja ilmaisuja, jotka heijastavat Serbian monivaiheista historiaa. T\u00e4ss\u00e4","breadcrumb":{"@id":"https:\/\/talkpal.ai\/fi\/vocabulary\/historialliset-termit-serbiaksi\/#breadcrumb"},"inLanguage":"fi","potentialAction":[{"@type":"ReadAction","target":["https:\/\/talkpal.ai\/fi\/vocabulary\/historialliset-termit-serbiaksi\/"]}]},{"@type":"ImageObject","inLanguage":"fi","@id":"https:\/\/talkpal.ai\/fi\/vocabulary\/historialliset-termit-serbiaksi\/#primaryimage","url":"https:\/\/talkpal.ai\/wp-content\/uploads\/2025\/12\/students-using-computers-to-learn-languages-indoors.webp","contentUrl":"https:\/\/talkpal.ai\/wp-content\/uploads\/2025\/12\/students-using-computers-to-learn-languages-indoors.webp","width":1200,"height":896,"caption":"Students work at computer stations in a modern library environment for learning languages."},{"@type":"BreadcrumbList","@id":"https:\/\/talkpal.ai\/fi\/vocabulary\/historialliset-termit-serbiaksi\/#breadcrumb","itemListElement":[{"@type":"ListItem","position":1,"name":"Homepage","item":"https:\/\/talkpal.ai\/fi\/"},{"@type":"ListItem","position":2,"name":"Historialliset termit serbiaksi"}]},{"@type":"WebSite","@id":"https:\/\/talkpal.ai\/fi\/#website","url":"https:\/\/talkpal.ai\/fi\/","name":"Talkpal","description":"AI Language Learning","publisher":{"@id":"https:\/\/talkpal.ai\/fi\/#organization"},"alternateName":"Talkpal AI","potentialAction":[{"@type":"SearchAction","target":{"@type":"EntryPoint","urlTemplate":"https:\/\/talkpal.ai\/fi\/?s={search_term_string}"},"query-input":{"@type":"PropertyValueSpecification","valueRequired":true,"valueName":"search_term_string"}}],"inLanguage":"fi"},{"@type":"Organization","@id":"https:\/\/talkpal.ai\/fi\/#organization","name":"Talkpal, Inc.","alternateName":"Talkpal AI","url":"https:\/\/talkpal.ai\/fi\/","logo":{"@type":"ImageObject","inLanguage":"fi","@id":"https:\/\/talkpal.ai\/fi\/#\/schema\/logo\/image\/","url":"https:\/\/talkpal.ai\/wp-content\/uploads\/2024\/03\/Talkpal-Logo-Icon.png","contentUrl":"https:\/\/talkpal.ai\/wp-content\/uploads\/2024\/03\/Talkpal-Logo-Icon.png","width":2880,"height":2880,"caption":"Talkpal, Inc."},"image":{"@id":"https:\/\/talkpal.ai\/fi\/#\/schema\/logo\/image\/"},"sameAs":["https:\/\/www.facebook.com\/profile.php?id=100090733639311","https:\/\/x.com\/talkpalai","https:\/\/www.linkedin.com\/company\/talkpal\/","https:\/\/www.youtube.com\/@TalkPal\/","https:\/\/www.tiktok.com\/@talkpal","https:\/\/www.instagram.com\/talkpal_ai\/","https:\/\/www.crunchbase.com\/organization\/talkpal-9cde","https:\/\/www.g2.com\/products\/talkpal-for-business\/","https:\/\/www.trustpilot.com\/review\/talkpal.ai","https:\/\/www.capterra.com\/p\/10006800\/TalkPal\/"],"description":"Talkpal is a language learning web and mobile education app, powered by the latest AI technologies, that provides engaging experiences to its customers in many different languages to help them improve their language skills. Users can chat about unlimited amount of topics with the app and use other modes to practice their language learning.","email":"support@talkpal.ai","legalName":"Talkpal, Inc.","foundingDate":"2023-04-03","duns":"118989042","numberOfEmployees":{"@type":"QuantitativeValue","minValue":"11","maxValue":"50"},"publishingPrinciples":"https:\/\/talkpal.ai\/publishing-principles\/","actionableFeedbackPolicy":"https:\/\/talkpal.ai\/actionable-feedback-policy\/","correctionsPolicy":"https:\/\/talkpal.ai\/corrections-policy\/","ethicsPolicy":"https:\/\/talkpal.ai\/ethics-policy\/","diversityPolicy":"https:\/\/talkpal.ai\/diversity-policy\/","diversityStaffingReport":"https:\/\/talkpal.ai\/diversity-policy\/"}]}},"_links":{"self":[{"href":"https:\/\/talkpal.ai\/fi\/wp-json\/wp\/v2\/vocabulary\/697179","targetHints":{"allow":["GET"]}}],"collection":[{"href":"https:\/\/talkpal.ai\/fi\/wp-json\/wp\/v2\/vocabulary"}],"about":[{"href":"https:\/\/talkpal.ai\/fi\/wp-json\/wp\/v2\/types\/vocabulary"}],"wp:featuredmedia":[{"embeddable":true,"href":"https:\/\/talkpal.ai\/fi\/wp-json\/wp\/v2\/media\/1527996"}],"wp:attachment":[{"href":"https:\/\/talkpal.ai\/fi\/wp-json\/wp\/v2\/media?parent=697179"}],"wp:term":[{"taxonomy":"vocabulary_language","embeddable":true,"href":"https:\/\/talkpal.ai\/fi\/wp-json\/wp\/v2\/vocabulary_language?post=697179"}],"curies":[{"name":"wp","href":"https:\/\/api.w.org\/{rel}","templated":true}]}}