{"id":696683,"date":"2024-06-07T17:50:43","date_gmt":"2024-06-07T17:50:43","guid":{"rendered":"https:\/\/talkpal.ai\/vocabulary\/historiallisia-termeja-ja-lauseita-makedoniaksi\/"},"modified":"2024-06-07T17:50:43","modified_gmt":"2024-06-07T17:50:43","slug":"historiallisia-termeja-ja-lauseita-makedoniaksi","status":"publish","type":"vocabulary","link":"https:\/\/talkpal.ai\/fi\/vocabulary\/historiallisia-termeja-ja-lauseita-makedoniaksi\/","title":{"rendered":"Historiallisia termej\u00e4 ja lauseita makedoniaksi"},"content":{"rendered":"<p>Makedonian kieli on rikas historiasta ja kulttuurista, ja se sis\u00e4lt\u00e4\u00e4 lukuisia historiallisia termej\u00e4 ja lauseita, jotka kertovat maan menneisyydest\u00e4. T\u00e4ss\u00e4 artikkelissa tutustumme joihinkin n\u00e4ist\u00e4 keskeisist\u00e4 termeist\u00e4 ja lauseista, jotta voit syvent\u00e4\u00e4 ymm\u00e4rryst\u00e4si Makedonian kielest\u00e4 ja historiasta. Jokainen termi on selitetty suomeksi ja sille on annettu esimerkkilause, jotta oppiminen olisi mahdollisimman helppoa ja tehokasta.<\/p>\n<h2>Historialliset termit<\/h2>\n<p><b>\u0426\u0430\u0440<\/b> &#8211; Tarkoittaa &#8221;kuningasta&#8221; <a href=\"https:\/\/talkpal.ai\/learn-thai\/\">tai<\/a> &#8221;keisaria&#8221;. T\u00e4m\u00e4 termi oli erityisen merkitt\u00e4v\u00e4 keskiajan Makedoniassa, jolloin maata hallitsivat eri kuninkaat ja keisarit.<\/p>\n<p><font color=\"#2D3AC7\">\u0426\u0430\u0440 \u0421\u0430\u043c\u0443\u0438\u043b \u0431\u0435\u0448\u0435 \u0432\u0435\u043b\u0438\u043a \u0432\u043b\u0430\u0434\u0435\u0442\u0435\u043b.<\/font><\/p>\n<p><b>\u0418\u043c\u043f\u0435\u0440\u0438\u0458\u0430<\/b> &#8211; Tarkoittaa &#8221;imperiumia&#8221;. T\u00e4m\u00e4 sana viittaa suuriin valtakuntiin, jotka hallitsivat laajoja alueita.<\/p>\n<p><font color=\"#2D3AC7\">\u0420\u0438\u043c\u0441\u043a\u0430\u0442\u0430 \u0418\u043c\u043f\u0435\u0440\u0438\u0458\u0430 \u0431\u0435\u0448\u0435 \u043c\u043d\u043e\u0433\u0443 \u043c\u043e\u045c\u043d\u0430.<\/font><\/p>\n<p><b>\u0412\u043e\u0458\u0441\u043a\u0430<\/b> &#8211; Tarkoittaa &#8221;armeijaa&#8221;. T\u00e4m\u00e4 termi on usein k\u00e4ytetty kuvaamaan sotilaallisia voimia, jotka olivat t\u00e4rkeit\u00e4 Makedonian historiassa.<\/p>\n<p><font color=\"#2D3AC7\">\u0412\u043e\u0458\u0441\u043a\u0430\u0442\u0430 \u043d\u0430 \u0410\u043b\u0435\u043a\u0441\u0430\u043d\u0434\u0430\u0440 <a href=\"https:\/\/talkpal.ai\/learn-macedonian\/\">\u041c\u0430\u043a\u0435\u0434\u043e\u043d\u0441\u043a\u0438<\/a> \u0431\u0435\u0448\u0435 \u043d\u0435\u043f\u043e\u0431\u0435\u0434\u043b\u0438\u0432\u0430.<\/font><\/p>\n<p><b>\u0421\u0432\u0435\u0442<\/b> &#8211; Tarkoittaa &#8221;maailmaa&#8221;. T\u00e4m\u00e4 termi on k\u00e4ytetty kuvaamaan koko tunnetun maailman k\u00e4sitett\u00e4, erityisesti antiikin aikana.<\/p>\n<p><font color=\"#2D3AC7\">\u0413\u0440\u0446\u0438\u0442\u0435 \u0433\u043e \u0438\u0441\u0442\u0440\u0430\u0436\u0443\u0432\u0430\u0430 \u0441\u0432\u0435\u0442\u043e\u0442.<\/font><\/p>\n<p><b>\u0422\u0432\u0440\u0434\u0438\u043d\u0430<\/b> &#8211; Tarkoittaa &#8221;linnoitusta&#8221;. T\u00e4m\u00e4 sana viittaa vahvoihin rakennelmiin, jotka suojelivat kaupunkeja ja asutuksia.<\/p>\n<p><font color=\"#2D3AC7\">\u0421\u0442\u0430\u0440\u0430\u0442\u0430 \u0442\u0432\u0440\u0434\u0438\u043d\u0430 \u0432\u043e \u0421\u043a\u043e\u043f\u0458\u0435 \u0435 \u043c\u043d\u043e\u0433\u0443 \u0438\u043c\u043f\u0440\u0435\u0441\u0438\u0432\u043d\u0430.<\/font><\/p>\n<h3>Historialliset lauseet<\/h3>\n<p><b>\u0417\u043b\u0430\u0442\u043d\u043e\u0442\u043e \u0434\u043e\u0431\u0430<\/b> &#8211; Tarkoittaa &#8221;kulta-aikaa&#8221;. T\u00e4m\u00e4 fraasi viittaa ajanjaksoon, jolloin yhteiskunta tai kulttuuri oli erityisen kukoistava ja menestyv\u00e4.<\/p>\n<p><font color=\"#2D3AC7\">\u0410\u043d\u0442\u0438\u0447\u043a\u0430 \u041c\u0430\u043a\u0435\u0434\u043e\u043d\u0438\u0458\u0430 \u0438\u043c\u0430\u0448\u0435 \u0441\u0432\u043e\u0435\u0442\u043e \u0437\u043b\u0430\u0442\u043d\u043e \u0434\u043e\u0431\u0430.<\/font><\/p>\n<p><b>\u0411\u0438\u0442\u043a\u0430\u0442\u0430 \u043a\u0430\u0458 \u0425\u0435\u0440\u043e\u043d\u0435\u0458\u0430<\/b> &#8211; Tarkoittaa &#8221;Khaironeian taistelu&#8221;. T\u00e4m\u00e4 merkitt\u00e4v\u00e4 historiallinen tapahtuma tapahtui vuonna 338 eaa., jolloin Makedonian kuningas Filippos II voitti kreikkalaiset kaupungit.<\/p>\n<p><font color=\"#2D3AC7\">\u0411\u0438\u0442\u043a\u0430\u0442\u0430 \u043a\u0430\u0458 \u0425\u0435\u0440\u043e\u043d\u0435\u0458\u0430 \u0431\u0435\u0448\u0435 \u043f\u0440\u0435\u0441\u0443\u0434\u043d\u0430 \u0437\u0430 \u043c\u0430\u043a\u0435\u0434\u043e\u043d\u0441\u043a\u0430\u0442\u0430 \u0434\u043e\u043c\u0438\u043d\u0430\u0446\u0438\u0458\u0430.<\/font><\/p>\n<p><b>\u0412\u043e\u0441\u0442\u0430\u043d\u0438\u0435<\/b> &#8211; Tarkoittaa &#8221;kapinaa&#8221; tai &#8221;kapinointia&#8221;. T\u00e4m\u00e4 termi viittaa kansan nousuun hallitsijaa tai vallitsevaa j\u00e4rjestelm\u00e4\u00e4 vastaan.<\/p>\n<p><font color=\"#2D3AC7\">\u0418\u043b\u0438\u043d\u0434\u0435\u043d\u0441\u043a\u043e\u0442\u043e \u0432\u043e\u0441\u0442\u0430\u043d\u0438\u0435 \u0435 \u0437\u043d\u0430\u0447\u0430\u0435\u043d \u043d\u0430\u0441\u0442\u0430\u043d \u0432\u043e \u043c\u0430\u043a\u0435\u0434\u043e\u043d\u0441\u043a\u0430\u0442\u0430 \u0438\u0441\u0442\u043e\u0440\u0438\u0458\u0430.<\/font><\/p>\n<p><b>\u0414\u0440\u0435\u0432\u043d\u0438\u043e\u0442 \u0441\u0432\u0435\u0442<\/b> &#8211; Tarkoittaa &#8221;antiikin maailma&#8221;. T\u00e4m\u00e4 fraasi viittaa muinaiseen maailmaan ja sen sivilisaatioihin.<\/p>\n<p><font color=\"#2D3AC7\">\u0414\u0440\u0435\u0432\u043d\u0438\u043e\u0442 \u0441\u0432\u0435\u0442 \u0435 \u043f\u043e\u043b\u043d \u0441\u043e \u043c\u0438\u0441\u0442\u0435\u0440\u0438\u0438 \u0438 \u043b\u0435\u0433\u0435\u043d\u0434\u0438.<\/font><\/p>\n<p><b>\u0424\u0438\u043b\u0438\u043f \u0412\u0442\u043e\u0440\u0438<\/b> &#8211; Tarkoittaa &#8221;Filippos II&#8221;. H\u00e4n oli merkitt\u00e4v\u00e4 Makedonian kuningas ja Aleksanteri Suuren is\u00e4.<\/p>\n<p><font color=\"#2D3AC7\">\u0424\u0438\u043b\u0438\u043f \u0412\u0442\u043e\u0440\u0438 \u0458\u0430 \u043e\u0431\u0435\u0434\u0438\u043d\u0438 \u041c\u0430\u043a\u0435\u0434\u043e\u043d\u0438\u0458\u0430.<\/font><\/p>\n<h2>Historialliset henkil\u00f6t ja paikat<\/h2>\n<p><b>\u0410\u043b\u0435\u043a\u0441\u0430\u043d\u0434\u0430\u0440 \u041c\u0430\u043a\u0435\u0434\u043e\u043d\u0441\u043a\u0438<\/b> &#8211; Tarkoittaa &#8221;Aleksanteri Suuri&#8221;. H\u00e4n oli yksi historian kuuluisimmista valloittajista ja Makedonian kuningas.<\/p>\n<p><font color=\"#2D3AC7\">\u0410\u043b\u0435\u043a\u0441\u0430\u043d\u0434\u0430\u0440 \u041c\u0430\u043a\u0435\u0434\u043e\u043d\u0441\u043a\u0438 \u0433\u043e \u043e\u0441\u0432\u043e\u0438 \u0446\u0435\u043b\u0438\u043e\u0442 \u043f\u043e\u0437\u043d\u0430\u0442 \u0441\u0432\u0435\u0442.<\/font><\/p>\n<p><b>\u0421\u0430\u043c\u0443\u0438\u043b<\/b> &#8211; Tarkoittaa &#8221;Samuel&#8221;. H\u00e4n oli merkitt\u00e4v\u00e4 Makedonian tsaari, joka hallitsi 10. vuosisadalla.<\/p>\n<p><font color=\"#2D3AC7\">\u0426\u0430\u0440 \u0421\u0430\u043c\u0443\u0438\u043b \u0458\u0430 \u0431\u0440\u0430\u043d\u0435\u0448\u0435 \u041c\u0430\u043a\u0435\u0434\u043e\u043d\u0438\u0458\u0430 \u043e\u0434 \u0412\u0438\u0437\u0430\u043d\u0442\u0438\u0458\u0430.<\/font><\/p>\n<p><b>\u041e\u0445\u0440\u0438\u0434<\/b> &#8211; Tarkoittaa &#8221;Ohrid&#8221;. T\u00e4m\u00e4 kaupunki on tunnettu historiallisista ja kulttuurisista aarteistaan, mukaan lukien vanhat kirkot ja linnoitukset.<\/p>\n<p><font color=\"#2D3AC7\">\u041e\u0445\u0440\u0438\u0434 \u0435 \u0441\u0440\u0446\u0435\u0442\u043e \u043d\u0430 \u043c\u0430\u043a\u0435\u0434\u043e\u043d\u0441\u043a\u0430\u0442\u0430 \u043a\u0443\u043b\u0442\u0443\u0440\u0430.<\/font><\/p>\n<p><b>\u0421\u043a\u043e\u043f\u0458\u0435<\/b> &#8211; Tarkoittaa &#8221;Skopje&#8221;. Makedonian p\u00e4\u00e4kaupunki, joka on ollut asutettu jo antiikin ajoista l\u00e4htien.<\/p>\n<p><font color=\"#2D3AC7\">\u0421\u043a\u043e\u043f\u0458\u0435 \u0435 \u0433\u043b\u0430\u0432\u043d\u0438\u043e\u0442 \u0433\u0440\u0430\u0434 \u043d\u0430 \u041c\u0430\u043a\u0435\u0434\u043e\u043d\u0438\u0458\u0430.<\/font><\/p>\n<p><b>\u0412\u0430\u0440\u0434\u0430\u0440<\/b> &#8211; Tarkoittaa &#8221;Vardar&#8221;. T\u00e4m\u00e4 joki on Makedonian pisin ja virtaa maan halki.<\/p>\n<p><font color=\"#2D3AC7\">\u0420\u0435\u043a\u0430\u0442\u0430 \u0412\u0430\u0440\u0434\u0430\u0440 \u0435 \u043c\u043d\u043e\u0433\u0443 \u0432\u0430\u0436\u043d\u0430 \u0437\u0430 \u041c\u0430\u043a\u0435\u0434\u043e\u043d\u0438\u0458\u0430.<\/font><\/p>\n<h3>Historialliset tapahtumat<\/h3>\n<p><b>\u0411\u0438\u0442\u043a\u0430\u0442\u0430 \u043a\u0430\u0458 \u041f\u0438\u0434\u043d\u0430<\/b> &#8211; Tarkoittaa &#8221;Pidnan taistelu&#8221;. T\u00e4m\u00e4 taistelu tapahtui vuonna 168 eaa., jolloin Rooman valtakunta voitti Makedonian kuningas Perseuksen.<\/p>\n<p><font color=\"#2D3AC7\">\u0411\u0438\u0442\u043a\u0430\u0442\u0430 \u043a\u0430\u0458 \u041f\u0438\u0434\u043d\u0430 \u0433\u043e \u043e\u0437\u043d\u0430\u0447\u0438 \u043a\u0440\u0430\u0458\u043e\u0442 \u043d\u0430 \u043c\u0430\u043a\u0435\u0434\u043e\u043d\u0441\u043a\u0430\u0442\u0430 \u043d\u0435\u0437\u0430\u0432\u0438\u0441\u043d\u043e\u0441\u0442.<\/font><\/p>\n<p><b>\u0414\u043e\u0433\u043e\u0432\u043e\u0440\u043e\u0442 \u043e\u0434 \u0411\u0443\u043a\u0443\u0440\u0435\u0448\u0442<\/b> &#8211; Tarkoittaa &#8221;Bukarestin sopimus&#8221;. T\u00e4m\u00e4 sopimus allekirjoitettiin vuonna 1913 ja sill\u00e4 jaettiin Makedonian alue Balkanin sotien j\u00e4lkeen.<\/p>\n<p><font color=\"#2D3AC7\">\u0414\u043e\u0433\u043e\u0432\u043e\u0440\u043e\u0442 \u043e\u0434 \u0411\u0443\u043a\u0443\u0440\u0435\u0448\u0442 \u0438\u043c\u0430\u0448\u0435 \u0433\u043e\u043b\u0435\u043c\u043e \u0432\u043b\u0438\u0458\u0430\u043d\u0438\u0435 \u0432\u0440\u0437 \u041c\u0430\u043a\u0435\u0434\u043e\u043d\u0438\u0458\u0430.<\/font><\/p>\n<p><b>\u0418\u043b\u0438\u043d\u0434\u0435\u043d<\/b> &#8211; Tarkoittaa &#8221;Ilinden&#8221;. T\u00e4m\u00e4 p\u00e4iv\u00e4 viittaa elokuun 2. p\u00e4iv\u00e4\u00e4n 1903, jolloin Makedonian kansa nousi kapinaan Ottomaanien valtakuntaa vastaan.<\/p>\n<p><font color=\"#2D3AC7\">\u0418\u043b\u0438\u043d\u0434\u0435\u043d \u0435 \u0437\u043d\u0430\u0447\u0430\u0435\u043d \u043f\u0440\u0430\u0437\u043d\u0438\u043a \u0432\u043e \u041c\u0430\u043a\u0435\u0434\u043e\u043d\u0438\u0458\u0430.<\/font><\/p>\n<p><b>\u0412\u0442\u043e\u0440\u0430\u0442\u0430 \u0441\u0432\u0435\u0442\u0441\u043a\u0430 \u0432\u043e\u0458\u043d\u0430<\/b> &#8211; Tarkoittaa &#8221;Toinen maailmansota&#8221;. T\u00e4m\u00e4 globaali konflikti vaikutti my\u00f6s Makedoniaan, joka oli osa Jugoslaviaa.<\/p>\n<p><font color=\"#2D3AC7\">\u0412\u0442\u043e\u0440\u0430\u0442\u0430 \u0441\u0432\u0435\u0442\u0441\u043a\u0430 \u0432\u043e\u0458\u043d\u0430 \u043e\u0441\u0442\u0430\u0432\u0438 \u0434\u043b\u0430\u0431\u043e\u043a\u0438 \u0442\u0440\u0430\u0433\u0438 \u0432\u043e \u041c\u0430\u043a\u0435\u0434\u043e\u043d\u0438\u0458\u0430.<\/font><\/p>\n<p><b>\u041d\u0435\u0437\u0430\u0432\u0438\u0441\u043d\u043e\u0441\u0442<\/b> &#8211; Tarkoittaa &#8221;itsen\u00e4isyys&#8221;. T\u00e4m\u00e4 termi viittaa Makedonian itsen\u00e4istymiseen Jugoslaviasta vuonna 1991.<\/p>\n<p><font color=\"#2D3AC7\">\u041c\u0430\u043a\u0435\u0434\u043e\u043d\u0438\u0458\u0430 \u0458\u0430 \u043f\u0440\u043e\u0433\u043b\u0430\u0441\u0438 \u0441\u0432\u043e\u0458\u0430\u0442\u0430 \u043d\u0435\u0437\u0430\u0432\u0438\u0441\u043d\u043e\u0441\u0442 \u0432\u043e 1991 \u0433\u043e\u0434\u0438\u043d\u0430.<\/font><\/p>\n<h2>Historialliset k\u00e4sitteet<\/h2>\n<p><b>\u0410\u043d\u0442\u0438\u0447\u043a\u0430 \u041c\u0430\u043a\u0435\u0434\u043e\u043d\u0438\u0458\u0430<\/b> &#8211; Tarkoittaa &#8221;Antiikin Makedonia&#8221;. T\u00e4m\u00e4 termi viittaa Makedonian alueeseen ja valtakuntaan antiikin aikana, erityisesti Aleksanteri Suuren aikaan.<\/p>\n<p><font color=\"#2D3AC7\">\u0410\u043d\u0442\u0438\u0447\u043a\u0430 \u041c\u0430\u043a\u0435\u0434\u043e\u043d\u0438\u0458\u0430 \u0431\u0435\u0448\u0435 \u0446\u0435\u043d\u0442\u0430\u0440 \u043d\u0430 \u0433\u043e\u043b\u0435\u043c\u0430 \u0438\u043c\u043f\u0435\u0440\u0438\u0458\u0430.<\/font><\/p>\n<p><b>\u0412\u0438\u0437\u0430\u043d\u0442\u0438\u0458\u0430<\/b> &#8211; Tarkoittaa &#8221;Bysantti&#8221;. T\u00e4m\u00e4 imperiumi hallitsi It\u00e4-Rooman valtakuntaa ja sill\u00e4 oli suuri vaikutus Makedonian historiaan.<\/p>\n<p><font color=\"#2D3AC7\">\u0412\u0438\u0437\u0430\u043d\u0442\u0438\u0458\u0430 \u0438\u043c\u0430\u0448\u0435 \u0433\u043e\u043b\u0435\u043c\u043e \u0432\u043b\u0438\u0458\u0430\u043d\u0438\u0435 \u0432\u0440\u0437 \u041c\u0430\u043a\u0435\u0434\u043e\u043d\u0438\u0458\u0430.<\/font><\/p>\n<p><b>\u041e\u0441\u043c\u0430\u043d\u043b\u0438\u0441\u043a\u0430 \u0418\u043c\u043f\u0435\u0440\u0438\u0458\u0430<\/b> &#8211; Tarkoittaa &#8221;Ottomaanien valtakunta&#8221;. T\u00e4m\u00e4 imperiumi hallitsi suurta osaa Kaakkois-Eurooppaa, mukaan lukien Makedonia, useiden vuosisatojen ajan.<\/p>\n<p><font color=\"#2D3AC7\">\u041e\u0441\u043c\u0430\u043d\u043b\u0438\u0441\u043a\u0430\u0442\u0430 \u0418\u043c\u043f\u0435\u0440\u0438\u0458\u0430 \u0432\u043b\u0430\u0434\u0435\u0435\u0448\u0435 \u0441\u043e \u041c\u0430\u043a\u0435\u0434\u043e\u043d\u0438\u0458\u0430 \u043f\u043e\u0432\u0435\u045c\u0435 \u0432\u0435\u043a\u043e\u0432\u0438.<\/font><\/p>\n<p><b>\u0421\u043b\u0430\u0432\u0458\u0430\u043d\u0438<\/b> &#8211; Tarkoittaa &#8221;slaavit&#8221;. T\u00e4m\u00e4 kansanryhm\u00e4 asettui Makedoniaan keskiajalla ja sill\u00e4 on ollut merkitt\u00e4v\u00e4 vaikutus alueen kulttuuriin ja kieleen.<\/p>\n<p><font color=\"#2D3AC7\">\u0421\u043b\u0430\u0432\u0458\u0430\u043d\u0438\u0442\u0435 \u0438\u043c\u0430\u0430\u0442 \u0434\u043b\u0430\u0431\u043e\u043a\u0438 \u043a\u043e\u0440\u0435\u043d\u0438 \u0432\u043e \u041c\u0430\u043a\u0435\u0434\u043e\u043d\u0438\u0458\u0430.<\/font><\/p>\n<p><b>\u0411\u0430\u043b\u043a\u0430\u043d\u0441\u043a\u0438 \u041f\u043e\u043b\u0443\u043e\u0441\u0442\u0440\u043e\u0432<\/b> &#8211; Tarkoittaa &#8221;Balkanin niemimaa&#8221;. T\u00e4m\u00e4 maantieteellinen alue sis\u00e4lt\u00e4\u00e4 useita maita Kaakkois-Euroopassa, mukaan lukien Makedonia.<\/p>\n<p><font color=\"#2D3AC7\">\u0411\u0430\u043b\u043a\u0430\u043d\u0441\u043a\u0438\u043e\u0442 \u041f\u043e\u043b\u0443\u043e\u0441\u0442\u0440\u043e\u0432 \u0435 \u0431\u043e\u0433\u0430\u0442 \u0441\u043e \u0438\u0441\u0442\u043e\u0440\u0438\u0458\u0430 \u0438 \u043a\u0443\u043b\u0442\u0443\u0440\u0430.<\/font><\/p>\n<p>Toivottavasti t\u00e4m\u00e4 artikkeli on auttanut sinua ymm\u00e4rt\u00e4m\u00e4\u00e4n paremmin Makedonian kielt\u00e4 ja sen rikasta historiallista kontekstia. Jokainen termi ja lause heijastaa maan monimuotoista ja monivaiheista menneisyytt\u00e4, mik\u00e4 tekee Makedonian kielest\u00e4 erityisen mielenkiintoisen ja arvokkaan oppia.<\/p>\n","protected":false},"featured_media":1527958,"template":"","vocabulary_language":[3817],"class_list":["post-696683","vocabulary","type-vocabulary","status-publish","has-post-thumbnail","hentry","vocabulary_language-makedonialainen"],"acf":[],"yoast_head":"<!-- This site is optimized with the Yoast SEO Premium plugin v27.2 (Yoast SEO v27.2) - https:\/\/yoast.com\/product\/yoast-seo-premium-wordpress\/ -->\n<title>Historiallisia termej\u00e4 ja lauseita makedoniaksi - Talkpal<\/title>\n<meta name=\"description\" content=\"Makedonian kieli on rikas historiasta ja kulttuurista, ja se sis\u00e4lt\u00e4\u00e4 lukuisia historiallisia termej\u00e4 ja lauseita, jotka kertovat maan menneisyydest\u00e4.\" \/>\n<meta name=\"robots\" content=\"index, follow, max-snippet:-1, max-image-preview:large, max-video-preview:-1\" \/>\n<link rel=\"canonical\" href=\"https:\/\/talkpal.ai\/fi\/vocabulary\/historiallisia-termeja-ja-lauseita-makedoniaksi\/\" \/>\n<meta property=\"og:locale\" content=\"fi_FI\" \/>\n<meta property=\"og:type\" content=\"article\" \/>\n<meta property=\"og:title\" content=\"Historiallisia termej\u00e4 ja lauseita makedoniaksi\" \/>\n<meta property=\"og:description\" content=\"Makedonian kieli on rikas historiasta ja kulttuurista, ja se sis\u00e4lt\u00e4\u00e4 lukuisia historiallisia termej\u00e4 ja lauseita, jotka kertovat maan menneisyydest\u00e4.\" \/>\n<meta property=\"og:url\" content=\"https:\/\/talkpal.ai\/fi\/vocabulary\/historiallisia-termeja-ja-lauseita-makedoniaksi\/\" \/>\n<meta property=\"og:site_name\" content=\"Talkpal\" \/>\n<meta property=\"article:publisher\" content=\"https:\/\/www.facebook.com\/profile.php?id=100090733639311\" \/>\n<meta property=\"og:image\" content=\"https:\/\/talkpal.ai\/wp-content\/uploads\/2024\/10\/talkpal_flat_illustration_of_a_employees_working_together_happi_c674ff77-e477-4e09-835a-01d30e561e99.png\" \/>\n\t<meta property=\"og:image:width\" content=\"1024\" \/>\n\t<meta property=\"og:image:height\" content=\"1024\" \/>\n\t<meta property=\"og:image:type\" content=\"image\/png\" \/>\n<meta name=\"twitter:card\" content=\"summary_large_image\" \/>\n<meta name=\"twitter:site\" content=\"@talkpalai\" \/>\n<meta name=\"twitter:label1\" content=\"Arvioitu lukuaika\" \/>\n\t<meta name=\"twitter:data1\" content=\"3 minuuttia\" \/>\n<script type=\"application\/ld+json\" class=\"yoast-schema-graph\">{\"@context\":\"https:\/\/schema.org\",\"@graph\":[{\"@type\":\"WebPage\",\"@id\":\"https:\/\/talkpal.ai\/fi\/vocabulary\/historiallisia-termeja-ja-lauseita-makedoniaksi\/\",\"url\":\"https:\/\/talkpal.ai\/fi\/vocabulary\/historiallisia-termeja-ja-lauseita-makedoniaksi\/\",\"name\":\"Historiallisia termej\u00e4 ja lauseita makedoniaksi - Talkpal\",\"isPartOf\":{\"@id\":\"https:\/\/talkpal.ai\/fi\/#website\"},\"primaryImageOfPage\":{\"@id\":\"https:\/\/talkpal.ai\/fi\/vocabulary\/historiallisia-termeja-ja-lauseita-makedoniaksi\/#primaryimage\"},\"image\":{\"@id\":\"https:\/\/talkpal.ai\/fi\/vocabulary\/historiallisia-termeja-ja-lauseita-makedoniaksi\/#primaryimage\"},\"thumbnailUrl\":\"https:\/\/talkpal.ai\/wp-content\/uploads\/2025\/12\/students-reading-to-learn-languages.webp\",\"datePublished\":\"2024-06-07T17:50:43+00:00\",\"description\":\"Makedonian kieli on rikas historiasta ja kulttuurista, ja se sis\u00e4lt\u00e4\u00e4 lukuisia historiallisia termej\u00e4 ja lauseita, jotka kertovat maan menneisyydest\u00e4.\",\"breadcrumb\":{\"@id\":\"https:\/\/talkpal.ai\/fi\/vocabulary\/historiallisia-termeja-ja-lauseita-makedoniaksi\/#breadcrumb\"},\"inLanguage\":\"fi\",\"potentialAction\":[{\"@type\":\"ReadAction\",\"target\":[\"https:\/\/talkpal.ai\/fi\/vocabulary\/historiallisia-termeja-ja-lauseita-makedoniaksi\/\"]}]},{\"@type\":\"ImageObject\",\"inLanguage\":\"fi\",\"@id\":\"https:\/\/talkpal.ai\/fi\/vocabulary\/historiallisia-termeja-ja-lauseita-makedoniaksi\/#primaryimage\",\"url\":\"https:\/\/talkpal.ai\/wp-content\/uploads\/2025\/12\/students-reading-to-learn-languages.webp\",\"contentUrl\":\"https:\/\/talkpal.ai\/wp-content\/uploads\/2025\/12\/students-reading-to-learn-languages.webp\",\"width\":1200,\"height\":896,\"caption\":\"A student reads a large open book to learn languages in a library with warm lighting.\"},{\"@type\":\"BreadcrumbList\",\"@id\":\"https:\/\/talkpal.ai\/fi\/vocabulary\/historiallisia-termeja-ja-lauseita-makedoniaksi\/#breadcrumb\",\"itemListElement\":[{\"@type\":\"ListItem\",\"position\":1,\"name\":\"Homepage\",\"item\":\"https:\/\/talkpal.ai\/fi\/\"},{\"@type\":\"ListItem\",\"position\":2,\"name\":\"Historiallisia termej\u00e4 ja lauseita makedoniaksi\"}]},{\"@type\":\"WebSite\",\"@id\":\"https:\/\/talkpal.ai\/fi\/#website\",\"url\":\"https:\/\/talkpal.ai\/fi\/\",\"name\":\"Talkpal\",\"description\":\"AI Language Learning\",\"publisher\":{\"@id\":\"https:\/\/talkpal.ai\/fi\/#organization\"},\"alternateName\":\"Talkpal AI\",\"potentialAction\":[{\"@type\":\"SearchAction\",\"target\":{\"@type\":\"EntryPoint\",\"urlTemplate\":\"https:\/\/talkpal.ai\/fi\/?s={search_term_string}\"},\"query-input\":{\"@type\":\"PropertyValueSpecification\",\"valueRequired\":true,\"valueName\":\"search_term_string\"}}],\"inLanguage\":\"fi\"},{\"@type\":\"Organization\",\"@id\":\"https:\/\/talkpal.ai\/fi\/#organization\",\"name\":\"Talkpal, Inc.\",\"alternateName\":\"Talkpal AI\",\"url\":\"https:\/\/talkpal.ai\/fi\/\",\"logo\":{\"@type\":\"ImageObject\",\"inLanguage\":\"fi\",\"@id\":\"https:\/\/talkpal.ai\/fi\/#\/schema\/logo\/image\/\",\"url\":\"https:\/\/talkpal.ai\/wp-content\/uploads\/2024\/03\/Talkpal-Logo-Icon.png\",\"contentUrl\":\"https:\/\/talkpal.ai\/wp-content\/uploads\/2024\/03\/Talkpal-Logo-Icon.png\",\"width\":2880,\"height\":2880,\"caption\":\"Talkpal, Inc.\"},\"image\":{\"@id\":\"https:\/\/talkpal.ai\/fi\/#\/schema\/logo\/image\/\"},\"sameAs\":[\"https:\/\/www.facebook.com\/profile.php?id=100090733639311\",\"https:\/\/x.com\/talkpalai\",\"https:\/\/www.linkedin.com\/company\/talkpal\/\",\"https:\/\/www.youtube.com\/@TalkPal\/\",\"https:\/\/www.tiktok.com\/@talkpal\",\"https:\/\/www.instagram.com\/talkpal_ai\/\",\"https:\/\/www.crunchbase.com\/organization\/talkpal-9cde\",\"https:\/\/www.g2.com\/products\/talkpal-for-business\/\",\"https:\/\/www.trustpilot.com\/review\/talkpal.ai\",\"https:\/\/www.capterra.com\/p\/10006800\/TalkPal\/\"],\"description\":\"Talkpal is a language learning web and mobile education app, powered by the latest AI technologies, that provides engaging experiences to its customers in many different languages to help them improve their language skills. Users can chat about unlimited amount of topics with the app and use other modes to practice their language learning.\",\"email\":\"support@talkpal.ai\",\"legalName\":\"Talkpal, Inc.\",\"foundingDate\":\"2023-04-03\",\"duns\":\"118989042\",\"numberOfEmployees\":{\"@type\":\"QuantitativeValue\",\"minValue\":\"11\",\"maxValue\":\"50\"},\"publishingPrinciples\":\"https:\/\/talkpal.ai\/publishing-principles\/\",\"actionableFeedbackPolicy\":\"https:\/\/talkpal.ai\/actionable-feedback-policy\/\",\"correctionsPolicy\":\"https:\/\/talkpal.ai\/corrections-policy\/\",\"ethicsPolicy\":\"https:\/\/talkpal.ai\/ethics-policy\/\",\"diversityPolicy\":\"https:\/\/talkpal.ai\/diversity-policy\/\",\"diversityStaffingReport\":\"https:\/\/talkpal.ai\/diversity-policy\/\"}]}<\/script>\n<!-- \/ Yoast SEO Premium plugin. -->","yoast_head_json":{"title":"Historiallisia termej\u00e4 ja lauseita makedoniaksi - Talkpal","description":"Makedonian kieli on rikas historiasta ja kulttuurista, ja se sis\u00e4lt\u00e4\u00e4 lukuisia historiallisia termej\u00e4 ja lauseita, jotka kertovat maan menneisyydest\u00e4.","robots":{"index":"index","follow":"follow","max-snippet":"max-snippet:-1","max-image-preview":"max-image-preview:large","max-video-preview":"max-video-preview:-1"},"canonical":"https:\/\/talkpal.ai\/fi\/vocabulary\/historiallisia-termeja-ja-lauseita-makedoniaksi\/","og_locale":"fi_FI","og_type":"article","og_title":"Historiallisia termej\u00e4 ja lauseita makedoniaksi","og_description":"Makedonian kieli on rikas historiasta ja kulttuurista, ja se sis\u00e4lt\u00e4\u00e4 lukuisia historiallisia termej\u00e4 ja lauseita, jotka kertovat maan menneisyydest\u00e4.","og_url":"https:\/\/talkpal.ai\/fi\/vocabulary\/historiallisia-termeja-ja-lauseita-makedoniaksi\/","og_site_name":"Talkpal","article_publisher":"https:\/\/www.facebook.com\/profile.php?id=100090733639311","og_image":[{"width":1024,"height":1024,"url":"https:\/\/talkpal.ai\/wp-content\/uploads\/2024\/10\/talkpal_flat_illustration_of_a_employees_working_together_happi_c674ff77-e477-4e09-835a-01d30e561e99.png","type":"image\/png"}],"twitter_card":"summary_large_image","twitter_site":"@talkpalai","twitter_misc":{"Arvioitu lukuaika":"3 minuuttia"},"schema":{"@context":"https:\/\/schema.org","@graph":[{"@type":"WebPage","@id":"https:\/\/talkpal.ai\/fi\/vocabulary\/historiallisia-termeja-ja-lauseita-makedoniaksi\/","url":"https:\/\/talkpal.ai\/fi\/vocabulary\/historiallisia-termeja-ja-lauseita-makedoniaksi\/","name":"Historiallisia termej\u00e4 ja lauseita makedoniaksi - Talkpal","isPartOf":{"@id":"https:\/\/talkpal.ai\/fi\/#website"},"primaryImageOfPage":{"@id":"https:\/\/talkpal.ai\/fi\/vocabulary\/historiallisia-termeja-ja-lauseita-makedoniaksi\/#primaryimage"},"image":{"@id":"https:\/\/talkpal.ai\/fi\/vocabulary\/historiallisia-termeja-ja-lauseita-makedoniaksi\/#primaryimage"},"thumbnailUrl":"https:\/\/talkpal.ai\/wp-content\/uploads\/2025\/12\/students-reading-to-learn-languages.webp","datePublished":"2024-06-07T17:50:43+00:00","description":"Makedonian kieli on rikas historiasta ja kulttuurista, ja se sis\u00e4lt\u00e4\u00e4 lukuisia historiallisia termej\u00e4 ja lauseita, jotka kertovat maan menneisyydest\u00e4.","breadcrumb":{"@id":"https:\/\/talkpal.ai\/fi\/vocabulary\/historiallisia-termeja-ja-lauseita-makedoniaksi\/#breadcrumb"},"inLanguage":"fi","potentialAction":[{"@type":"ReadAction","target":["https:\/\/talkpal.ai\/fi\/vocabulary\/historiallisia-termeja-ja-lauseita-makedoniaksi\/"]}]},{"@type":"ImageObject","inLanguage":"fi","@id":"https:\/\/talkpal.ai\/fi\/vocabulary\/historiallisia-termeja-ja-lauseita-makedoniaksi\/#primaryimage","url":"https:\/\/talkpal.ai\/wp-content\/uploads\/2025\/12\/students-reading-to-learn-languages.webp","contentUrl":"https:\/\/talkpal.ai\/wp-content\/uploads\/2025\/12\/students-reading-to-learn-languages.webp","width":1200,"height":896,"caption":"A student reads a large open book to learn languages in a library with warm lighting."},{"@type":"BreadcrumbList","@id":"https:\/\/talkpal.ai\/fi\/vocabulary\/historiallisia-termeja-ja-lauseita-makedoniaksi\/#breadcrumb","itemListElement":[{"@type":"ListItem","position":1,"name":"Homepage","item":"https:\/\/talkpal.ai\/fi\/"},{"@type":"ListItem","position":2,"name":"Historiallisia termej\u00e4 ja lauseita makedoniaksi"}]},{"@type":"WebSite","@id":"https:\/\/talkpal.ai\/fi\/#website","url":"https:\/\/talkpal.ai\/fi\/","name":"Talkpal","description":"AI Language Learning","publisher":{"@id":"https:\/\/talkpal.ai\/fi\/#organization"},"alternateName":"Talkpal AI","potentialAction":[{"@type":"SearchAction","target":{"@type":"EntryPoint","urlTemplate":"https:\/\/talkpal.ai\/fi\/?s={search_term_string}"},"query-input":{"@type":"PropertyValueSpecification","valueRequired":true,"valueName":"search_term_string"}}],"inLanguage":"fi"},{"@type":"Organization","@id":"https:\/\/talkpal.ai\/fi\/#organization","name":"Talkpal, Inc.","alternateName":"Talkpal AI","url":"https:\/\/talkpal.ai\/fi\/","logo":{"@type":"ImageObject","inLanguage":"fi","@id":"https:\/\/talkpal.ai\/fi\/#\/schema\/logo\/image\/","url":"https:\/\/talkpal.ai\/wp-content\/uploads\/2024\/03\/Talkpal-Logo-Icon.png","contentUrl":"https:\/\/talkpal.ai\/wp-content\/uploads\/2024\/03\/Talkpal-Logo-Icon.png","width":2880,"height":2880,"caption":"Talkpal, Inc."},"image":{"@id":"https:\/\/talkpal.ai\/fi\/#\/schema\/logo\/image\/"},"sameAs":["https:\/\/www.facebook.com\/profile.php?id=100090733639311","https:\/\/x.com\/talkpalai","https:\/\/www.linkedin.com\/company\/talkpal\/","https:\/\/www.youtube.com\/@TalkPal\/","https:\/\/www.tiktok.com\/@talkpal","https:\/\/www.instagram.com\/talkpal_ai\/","https:\/\/www.crunchbase.com\/organization\/talkpal-9cde","https:\/\/www.g2.com\/products\/talkpal-for-business\/","https:\/\/www.trustpilot.com\/review\/talkpal.ai","https:\/\/www.capterra.com\/p\/10006800\/TalkPal\/"],"description":"Talkpal is a language learning web and mobile education app, powered by the latest AI technologies, that provides engaging experiences to its customers in many different languages to help them improve their language skills. Users can chat about unlimited amount of topics with the app and use other modes to practice their language learning.","email":"support@talkpal.ai","legalName":"Talkpal, Inc.","foundingDate":"2023-04-03","duns":"118989042","numberOfEmployees":{"@type":"QuantitativeValue","minValue":"11","maxValue":"50"},"publishingPrinciples":"https:\/\/talkpal.ai\/publishing-principles\/","actionableFeedbackPolicy":"https:\/\/talkpal.ai\/actionable-feedback-policy\/","correctionsPolicy":"https:\/\/talkpal.ai\/corrections-policy\/","ethicsPolicy":"https:\/\/talkpal.ai\/ethics-policy\/","diversityPolicy":"https:\/\/talkpal.ai\/diversity-policy\/","diversityStaffingReport":"https:\/\/talkpal.ai\/diversity-policy\/"}]}},"_links":{"self":[{"href":"https:\/\/talkpal.ai\/fi\/wp-json\/wp\/v2\/vocabulary\/696683","targetHints":{"allow":["GET"]}}],"collection":[{"href":"https:\/\/talkpal.ai\/fi\/wp-json\/wp\/v2\/vocabulary"}],"about":[{"href":"https:\/\/talkpal.ai\/fi\/wp-json\/wp\/v2\/types\/vocabulary"}],"wp:featuredmedia":[{"embeddable":true,"href":"https:\/\/talkpal.ai\/fi\/wp-json\/wp\/v2\/media\/1527958"}],"wp:attachment":[{"href":"https:\/\/talkpal.ai\/fi\/wp-json\/wp\/v2\/media?parent=696683"}],"wp:term":[{"taxonomy":"vocabulary_language","embeddable":true,"href":"https:\/\/talkpal.ai\/fi\/wp-json\/wp\/v2\/vocabulary_language?post=696683"}],"curies":[{"name":"wp","href":"https:\/\/api.w.org\/{rel}","templated":true}]}}