{"id":696354,"date":"2024-06-07T17:23:20","date_gmt":"2024-06-07T17:23:20","guid":{"rendered":"https:\/\/talkpal.ai\/vocabulary\/poliittiset-termit-ja-ilmaisut-unkariksi\/"},"modified":"2024-06-07T17:23:20","modified_gmt":"2024-06-07T17:23:20","slug":"poliittiset-termit-ja-ilmaisut-unkariksi","status":"publish","type":"vocabulary","link":"https:\/\/talkpal.ai\/fi\/vocabulary\/poliittiset-termit-ja-ilmaisut-unkariksi\/","title":{"rendered":"Poliittiset termit ja ilmaisut unkariksi"},"content":{"rendered":"<p>Unkarin kieli on kaunis ja monimutkainen kieli, joka sis\u00e4lt\u00e4\u00e4 runsaasti ainutlaatuisia termej\u00e4 ja ilmauksia. Erityisesti poliittisessa kontekstissa on hy\u00f6dyllist\u00e4 tuntea tiettyj\u00e4 sanoja ja fraaseja, jotta voi ymm\u00e4rt\u00e4\u00e4 paremmin maiden v\u00e4lisi\u00e4 suhteita ja sis\u00e4politiikkaa. T\u00e4ss\u00e4 artikkelissa k\u00e4sitell\u00e4\u00e4n t\u00e4rkeit\u00e4 poliittisia termej\u00e4 unkariksi ja niiden merkityksi\u00e4 suomeksi. <\/p>\n<h2>Poliittiset termit ja ilmaisut<\/h2>\n<p><b>Politika<\/b> &#8211; politiikka. T\u00e4m\u00e4 sana viittaa toimintaan, joka liittyy hallitusten, puolueiden ja muiden j\u00e4rjest\u00f6jen p\u00e4\u00e4t\u00f6ksentekoon ja toimintaan.<br \/>\n<font color=\"#2D3AC7\">A politika befoly\u00e1solja az orsz\u00e1g j\u00f6v\u0151j\u00e9t.<\/font><\/p>\n<p><b>P\u00e1rt<\/b> &#8211; puolue. Poliittinen <a href=\"https:\/\/talkpal.ai\/talkpal-discount-for-cultural-organization-members\/\">organisaatio<\/a>, joka pyrkii vaikuttamaan valtion p\u00e4\u00e4t\u00f6ksentekoon.<br \/>\n<font color=\"#2D3AC7\">Az \u00faj p\u00e1rt nagy sikert aratott a v\u00e1laszt\u00e1sokon.<\/font><\/p>\n<p><b>Korm\u00e1ny<\/b> &#8211; hallitus. Elin, joka vastaa valtion johtamisesta ja hallinnosta.<br \/>\n<font color=\"#2D3AC7\">A korm\u00e1ny \u00faj t\u00f6rv\u00e9nyt fogadott el.<\/font><\/p>\n<p><b>Minisztereln\u00f6k<\/b> &#8211; p\u00e4\u00e4ministeri. Henkil\u00f6, joka johtaa hallitusta.<br \/>\n<font color=\"#2D3AC7\">A minisztereln\u00f6k besz\u00e9det mondott a parlamentben.<\/font><\/p>\n<p><b>Parlament<\/b> &#8211; parlamentti. Kansanedustuslaitos, joka s\u00e4\u00e4t\u00e4\u00e4 lakeja ja valvoo hallituksen toimintaa.<br \/>\n<font color=\"#2D3AC7\">A parlament \u00faj t\u00f6rv\u00e9nyt fogadott el.<\/font><\/p>\n<p><b>Demokr\u00e1cia<\/b> &#8211; demokratia. Hallintoj\u00e4rjestelm\u00e4, jossa kansalaiset osallistuvat p\u00e4\u00e4t\u00f6ksentekoon suoraan <a href=\"https:\/\/talkpal.ai\/learn-thai\/\">tai<\/a> valittujen edustajien kautta.<br \/>\n<font color=\"#2D3AC7\">A demokr\u00e1cia alapelve a szabad v\u00e1laszt\u00e1s.<\/font><\/p>\n<p><b>V\u00e1laszt\u00e1s<\/b> &#8211; vaalit. Prosessi, jossa kansalaiset valitsevat edustajansa hallitukseen tai muihin julkisiin teht\u00e4viin.<br \/>\n<font color=\"#2D3AC7\">A v\u00e1laszt\u00e1sok eredm\u00e9nyei meglepet\u00e9st okoztak.<\/font><\/p>\n<p><b>Szavazat<\/b> &#8211; \u00e4\u00e4ni. Kansalaisen antama \u00e4\u00e4ni vaaleissa tai p\u00e4\u00e4t\u00f6ksenteossa.<br \/>\n<font color=\"#2D3AC7\">A szavazatok t\u00f6bbs\u00e9ge a korm\u00e1nyp\u00e1rt\u00e9 <a href=\"https:\/\/talkpal.ai\/learn-latvian\/\">lett<\/a>.<\/font><\/p>\n<p><b>Kamp\u00e1ny<\/b> &#8211; kampanja. Suunniteltu toiminta, jolla pyrit\u00e4\u00e4n vaikuttamaan ihmisten mielipiteisiin ja saamaan heid\u00e4t tukemaan tietty\u00e4 ehdokasta tai asiaa.<br \/>\n<font color=\"#2D3AC7\">A kamp\u00e1ny sor\u00e1n sok plak\u00e1tot l\u00e1ttunk az utc\u00e1kon.<\/font><\/p>\n<p><b>Ellenz\u00e9k<\/b> &#8211; oppositio. Poliittiset ryhm\u00e4t tai puolueet, jotka vastustavat hallituksen politiikkaa ja pyrkiv\u00e4t tarjoamaan vaihtoehtoja.<br \/>\n<font color=\"#2D3AC7\">Az ellenz\u00e9k \u00e9les kritik\u00e1t fogalmazott meg a korm\u00e1ny ellen.<\/font><\/p>\n<h3>Hallituksen rakenteet ja virat<\/h3>\n<p><b>K\u00e9pvisel\u0151<\/b> &#8211; edustaja. Henkil\u00f6, joka on valittu edustamaan kansalaisia parlamentissa tai muussa p\u00e4\u00e4t\u00f6ksentekoelimess\u00e4.<br \/>\n<font color=\"#2D3AC7\">A k\u00e9pvisel\u0151k szavaztak az \u00faj t\u00f6rv\u00e9nyjavaslatr\u00f3l.<\/font><\/p>\n<p><b>Eln\u00f6k<\/b> &#8211; presidentti. Valtionp\u00e4\u00e4mies, joka usein edustaa maata kansainv\u00e4lisiss\u00e4 suhteissa ja johtaa hallituksen toimia.<br \/>\n<font color=\"#2D3AC7\">Az eln\u00f6k tal\u00e1lkozott m\u00e1s orsz\u00e1gok vezet\u0151ivel.<\/font><\/p>\n<p><b>\u00c1llamtitk\u00e1r<\/b> &#8211; valtiosihteeri. Korkea virkamies, joka avustaa ministeri\u00e4 ja vastaa erityisist\u00e4 hallinnollisista teht\u00e4vist\u00e4.<br \/>\n<font color=\"#2D3AC7\">Az \u00e1llamtitk\u00e1r fontos bejelent\u00e9st tett a sajt\u00f3t\u00e1j\u00e9koztat\u00f3n.<\/font><\/p>\n<p><b>K\u00e9pvisel\u0151h\u00e1z<\/b> &#8211; edustajainhuone. Parlamentin osa, jossa kansanedustajat ty\u00f6skentelev\u00e4t ja tekev\u00e4t p\u00e4\u00e4t\u00f6ksi\u00e4.<br \/>\n<font color=\"#2D3AC7\">A k\u00e9pvisel\u0151h\u00e1z \u00faj t\u00f6rv\u00e9nytervezeteket t\u00e1rgyalt.<\/font><\/p>\n<p><b>Szen\u00e1tus<\/b> &#8211; senaatti. Parlamentin toinen osa, joka usein tarkistaa ja hyv\u00e4ksyy edustajainhuoneen p\u00e4\u00e4t\u00f6kset.<br \/>\n<font color=\"#2D3AC7\">A szen\u00e1tus j\u00f3v\u00e1hagyta az \u00faj t\u00f6rv\u00e9nyt.<\/font><\/p>\n<p><b>Miniszter<\/b> &#8211; ministeri. Hallituksen j\u00e4sen, joka johtaa tietty\u00e4 ministeri\u00f6t\u00e4 ja vastaa sen toiminnasta.<br \/>\n<font color=\"#2D3AC7\">A gazdas\u00e1gi miniszter \u00faj int\u00e9zked\u00e9seket jelentett be.<\/font><\/p>\n<p><b>\u00c1llamf\u0151<\/b> &#8211; valtionp\u00e4\u00e4mies. Henkil\u00f6, joka toimii valtion symbolisena johtajana ja edustaa maata virallisissa tilaisuuksissa.<br \/>\n<font color=\"#2D3AC7\">Az \u00e1llamf\u0151 \u00fcnnepi besz\u00e9det mondott az \u00e1llami \u00fcnnepen.<\/font><\/p>\n<p><b>Koal\u00edci\u00f3<\/b> &#8211; koalitio. Useiden puolueiden liitto, joka muodostetaan hallituksen muodostamiseksi.<br \/>\n<font color=\"#2D3AC7\">A koal\u00edci\u00f3 tagjai k\u00f6z\u00f6sen dolgoznak a korm\u00e1nyprogramon.<\/font><\/p>\n<p><b>K\u00f6zgy\u0171l\u00e9s<\/b> &#8211; yleiskokous. Suuri kokous, jossa j\u00e4senet kokoontuvat keskustelemaan ja tekem\u00e4\u00e4n p\u00e4\u00e4t\u00f6ksi\u00e4.<br \/>\n<font color=\"#2D3AC7\">A k\u00f6zgy\u0171l\u00e9sen fontos k\u00e9rd\u00e9sekr\u0151l d\u00f6nt\u00f6ttek.<\/font><\/p>\n<h3>Talous- ja ulkopolitiikka<\/h3>\n<p><b>Gazdas\u00e1g<\/b> &#8211; talous. J\u00e4rjestelm\u00e4, joka kattaa tuotannon, jakelun ja kulutuksen tavaroiden ja palveluiden yhteydess\u00e4.<br \/>\n<font color=\"#2D3AC7\">A gazdas\u00e1g helyzete javult az elm\u00falt \u00e9vben.<\/font><\/p>\n<p><b>Infl\u00e1ci\u00f3<\/b> &#8211; inflaatio. Taloudellinen ilmi\u00f6, jossa hintataso nousee ja rahan arvo laskee.<br \/>\n<font color=\"#2D3AC7\">Az infl\u00e1ci\u00f3 miatt emelkedtek az \u00e1rak.<\/font><\/p>\n<p><b>K\u00f6lts\u00e9gvet\u00e9s<\/b> &#8211; budjetti. Suunnitelma, joka sis\u00e4lt\u00e4\u00e4 valtion tai organisaation tulo- ja menokehyksen.<br \/>\n<font color=\"#2D3AC7\">A korm\u00e1ny j\u00f3v\u00e1hagyta a k\u00f6vetkez\u0151 \u00e9vi k\u00f6lts\u00e9gvet\u00e9st.<\/font><\/p>\n<p><b>Ad\u00f3<\/b> &#8211; vero. Rahallinen maksu, jonka kansalaiset ja yritykset maksavat valtiolle julkisten palvelujen rahoittamiseksi.<br \/>\n<font color=\"#2D3AC7\">Az \u00faj ad\u00f3t\u00f6rv\u00e9ny sz\u00e1mos v\u00e1ltoz\u00e1st hozott.<\/font><\/p>\n<p><b>Nemzetk\u00f6zi<\/b> &#8211; kansainv\u00e4linen. Asia, joka liittyy useisiin maihin tai kansakuntiin.<br \/>\n<font color=\"#2D3AC7\">A nemzetk\u00f6zi kapcsolatok fontosak az orsz\u00e1g fejl\u0151d\u00e9se szempontj\u00e1b\u00f3l.<\/font><\/p>\n<p><b>Diplom\u00e1cia<\/b> &#8211; diplomatia. Ulkopolitiikan hoitamisen taito ja k\u00e4yt\u00e4nt\u00f6, mukaan lukien neuvottelut ja kansainv\u00e4liset suhteet.<br \/>\n<font color=\"#2D3AC7\">A diplom\u00e1cia eszk\u00f6zei n\u00e9lk\u00fcl\u00f6zhetetlenek a b\u00e9ke fenntart\u00e1s\u00e1hoz.<\/font><\/p>\n<p><b>Kereskedelem<\/b> &#8211; kauppa. Tavaroiden ja palveluiden vaihto maiden v\u00e4lill\u00e4.<br \/>\n<font color=\"#2D3AC7\">A nemzetk\u00f6zi kereskedelem szab\u00e1lyoz\u00e1s\u00e1ra \u00faj meg\u00e1llapod\u00e1sokat k\u00f6t\u00f6ttek.<\/font><\/p>\n<p><b>Szerz\u0151d\u00e9s<\/b> &#8211; sopimus. Virallinen asiakirja, joka sis\u00e4lt\u00e4\u00e4 kahden tai useamman osapuolen v\u00e4liset oikeudet ja velvollisuudet.<br \/>\n<font color=\"#2D3AC7\">A szerz\u0151d\u00e9s al\u00e1\u00edr\u00e1s\u00e1ra \u00fcnnep\u00e9lyes keretek k\u00f6z\u00f6tt ker\u00fclt sor.<\/font><\/p>\n<p><b>Hader\u0151<\/b> &#8211; asevoimat. Valtion sotilaalliset joukot, jotka vastaavat maan puolustuksesta.<br \/>\n<font color=\"#2D3AC7\">A hader\u0151 moderniz\u00e1l\u00e1s\u00e1ra jelent\u0151s \u00f6sszegeket k\u00fcl\u00f6n\u00edtettek el.<\/font><\/p>\n<p><b>NATO<\/b> &#8211; NATO. Pohjois-Atlantin liitto, joka on kansainv\u00e4linen sotilasliitto.<br \/>\n<font color=\"#2D3AC7\">A NATO tagjai k\u00f6z\u00f6s hadgyakorlatot tartottak.<\/font><\/p>\n<h3>Yhteiskunnalliset ja kulttuuriset termit<\/h3>\n<p><b>Szabads\u00e1g<\/b> &#8211; vapaus. Oikeus toimia ja el\u00e4\u00e4 ilman pakottavia rajoituksia.<br \/>\n<font color=\"#2D3AC7\">A szabads\u00e1g alapvet\u0151 emberi jog.<\/font><\/p>\n<p><b>Jog<\/b> &#8211; oikeus. Laki tai s\u00e4\u00e4nt\u00f6, joka m\u00e4\u00e4rittelee, mit\u00e4 ihmiset saavat tehd\u00e4 ja mit\u00e4 heilt\u00e4 odotetaan.<br \/>\n<font color=\"#2D3AC7\">A jogszab\u00e1lyok betart\u00e1sa mindenki sz\u00e1m\u00e1ra k\u00f6telez\u0151.<\/font><\/p>\n<p><b>Egyenl\u0151s\u00e9g<\/b> &#8211; tasa-arvo. Tilanne, jossa kaikilla ihmisill\u00e4 on samat oikeudet ja mahdollisuudet.<br \/>\n<font color=\"#2D3AC7\">Az egyenl\u0151s\u00e9g\u00e9rt folytatott k\u00fczdelem soha nem \u00e9r v\u00e9get.<\/font><\/p>\n<p><b>F\u00fcggetlens\u00e9g<\/b> &#8211; itsen\u00e4isyys. <a href=\"https:\/\/talkpal.ai\/locations\/language-courses-in-tila\/\">Tila<\/a>, jossa maa tai yksil\u00f6 on vapaa ulkopuolisesta hallinnasta.<br \/>\n<font color=\"#2D3AC7\">A f\u00fcggetlens\u00e9g napj\u00e1t nagy \u00fcnneps\u00e9ggel tartott\u00e1k.<\/font><\/p>\n<p><b>Emberi jogok<\/b> &#8211; ihmisoikeudet. Oikeudet, jotka kuuluvat kaikille ihmisille syntym\u00e4st\u00e4 l\u00e4htien.<br \/>\n<font color=\"#2D3AC7\">Az emberi jogok v\u00e9delme <a href=\"https:\/\/talkpal.ai\/locations\/language-courses-in-minden\/\">minden<\/a> orsz\u00e1g feladata.<\/font><\/p>\n<p><b>Menek\u00fclt<\/b> &#8211; pakolainen. Henkil\u00f6, joka on joutunut pakenemaan kotimaastaan vainon tai konfliktin vuoksi.<br \/>\n<font color=\"#2D3AC7\">A <a href=\"https:\/\/talkpal.ai\/talkpal-discount-for-refugees\/\">menek\u00fcltek<\/a> biztons\u00e1gos mened\u00e9ket keresnek.<\/font><\/p>\n<p><b>Migr\u00e1ci\u00f3<\/b> &#8211; maahanmuutto. Prosessi, jossa ihmiset muuttavat yhdest\u00e4 maasta toiseen.<br \/>\n<font color=\"#2D3AC7\">A migr\u00e1ci\u00f3 k\u00e9rd\u00e9se sok vit\u00e1t v\u00e1ltott ki.<\/font><\/p>\n<p><b>Integr\u00e1ci\u00f3<\/b> &#8211; integraatio. Prosessi, jossa maahanmuuttajat sulautuvat uuteen yhteiskuntaan ja kulttuuriin.<br \/>\n<font color=\"#2D3AC7\">Az integr\u00e1ci\u00f3 el\u0151seg\u00edt\u00e9se \u00e9rdek\u00e9ben k\u00fcl\u00f6nb\u00f6z\u0151 programokat ind\u00edtottak.<\/font><\/p>\n<p><b>Kult\u00fara<\/b> &#8211; kulttuuri. Yhteis\u00f6n tai kansakunnan taiteen, tapojen, uskomusten ja arvojen kokonaisuus.<br \/>\n<font color=\"#2D3AC7\">A kult\u00fara \u00e1pol\u00e1sa fontos szerepet j\u00e1tszik a nemzeti identit\u00e1s meg\u0151rz\u00e9s\u00e9ben.<\/font><\/p>\n<p><b>Oktat\u00e1s<\/b> &#8211; <a href=\"https:\/\/talkpal.ai\/talkpal-for-education\/\">koulutus<\/a>. Prosessi, jossa ihmiset oppivat tietoja ja taitoja.<br \/>\n<font color=\"#2D3AC7\">Az <a href=\"https:\/\/talkpal.ai\/talkpal-for-education\/\">oktat\u00e1s<\/a> minden gyermek alapvet\u0151 joga.<\/font><\/p>\n<p><b>Eg\u00e9szs\u00e9g\u00fcgy<\/b> &#8211; terveydenhuolto. J\u00e4rjestelm\u00e4, joka tarjoaa l\u00e4\u00e4ketieteellist\u00e4 hoitoa ja palveluja.<br \/>\n<font color=\"#2D3AC7\">Az eg\u00e9szs\u00e9g\u00fcgy fejleszt\u00e9se kiemelt fontoss\u00e1g\u00fa.<\/font><\/p>\n<p>Nyt kun olemme k\u00e4yneet l\u00e4pi t\u00e4rkeit\u00e4 poliittisia termej\u00e4 ja ilmauksia unkariksi, toivomme, ett\u00e4 sinulla on parempi k\u00e4sitys siit\u00e4, miten n\u00e4m\u00e4 sanat k\u00e4ytet\u00e4\u00e4n ja mit\u00e4 ne tarkoittavat. N\u00e4iden termien tunteminen auttaa sinua ymm\u00e4rt\u00e4m\u00e4\u00e4n paremmin unkarinkielisi\u00e4 uutisia, artikkeleita ja keskusteluja politiikasta. Jatka harjoittelua ja syvenn\u00e4 tiet\u00e4myst\u00e4si kielest\u00e4 ja kulttuurista!<\/p>\n","protected":false},"featured_media":1527742,"template":"","vocabulary_language":[3810],"class_list":["post-696354","vocabulary","type-vocabulary","status-publish","has-post-thumbnail","hentry","vocabulary_language-unkarin-kieli"],"acf":[],"yoast_head":"<!-- This site is optimized with the Yoast SEO Premium plugin v27.2 (Yoast SEO v27.2) - https:\/\/yoast.com\/product\/yoast-seo-premium-wordpress\/ -->\n<title>Poliittiset termit ja ilmaisut unkariksi - Talkpal<\/title>\n<meta name=\"description\" content=\"Unkarin kieli on kaunis ja monimutkainen kieli, joka sis\u00e4lt\u00e4\u00e4 runsaasti ainutlaatuisia termej\u00e4 ja ilmauksia. Erityisesti poliittisessa kontekstissa on\" \/>\n<meta name=\"robots\" content=\"index, follow, max-snippet:-1, max-image-preview:large, max-video-preview:-1\" \/>\n<link rel=\"canonical\" href=\"https:\/\/talkpal.ai\/fi\/vocabulary\/poliittiset-termit-ja-ilmaisut-unkariksi\/\" \/>\n<meta property=\"og:locale\" content=\"fi_FI\" \/>\n<meta property=\"og:type\" content=\"article\" \/>\n<meta property=\"og:title\" content=\"Poliittiset termit ja ilmaisut unkariksi\" \/>\n<meta property=\"og:description\" content=\"Unkarin kieli on kaunis ja monimutkainen kieli, joka sis\u00e4lt\u00e4\u00e4 runsaasti ainutlaatuisia termej\u00e4 ja ilmauksia. Erityisesti poliittisessa kontekstissa on\" \/>\n<meta property=\"og:url\" content=\"https:\/\/talkpal.ai\/fi\/vocabulary\/poliittiset-termit-ja-ilmaisut-unkariksi\/\" \/>\n<meta property=\"og:site_name\" content=\"Talkpal\" \/>\n<meta property=\"article:publisher\" content=\"https:\/\/www.facebook.com\/profile.php?id=100090733639311\" \/>\n<meta property=\"og:image\" content=\"https:\/\/talkpal.ai\/wp-content\/uploads\/2024\/10\/talkpal_flat_illustration_of_a_employees_working_together_happi_c674ff77-e477-4e09-835a-01d30e561e99.png\" \/>\n\t<meta property=\"og:image:width\" content=\"1024\" \/>\n\t<meta property=\"og:image:height\" content=\"1024\" \/>\n\t<meta property=\"og:image:type\" content=\"image\/png\" \/>\n<meta name=\"twitter:card\" content=\"summary_large_image\" \/>\n<meta name=\"twitter:site\" content=\"@talkpalai\" \/>\n<meta name=\"twitter:label1\" content=\"Arvioitu lukuaika\" \/>\n\t<meta name=\"twitter:data1\" content=\"6 minuuttia\" \/>\n<script type=\"application\/ld+json\" class=\"yoast-schema-graph\">{\"@context\":\"https:\/\/schema.org\",\"@graph\":[{\"@type\":\"WebPage\",\"@id\":\"https:\/\/talkpal.ai\/fi\/vocabulary\/poliittiset-termit-ja-ilmaisut-unkariksi\/\",\"url\":\"https:\/\/talkpal.ai\/fi\/vocabulary\/poliittiset-termit-ja-ilmaisut-unkariksi\/\",\"name\":\"Poliittiset termit ja ilmaisut unkariksi - Talkpal\",\"isPartOf\":{\"@id\":\"https:\/\/talkpal.ai\/fi\/#website\"},\"primaryImageOfPage\":{\"@id\":\"https:\/\/talkpal.ai\/fi\/vocabulary\/poliittiset-termit-ja-ilmaisut-unkariksi\/#primaryimage\"},\"image\":{\"@id\":\"https:\/\/talkpal.ai\/fi\/vocabulary\/poliittiset-termit-ja-ilmaisut-unkariksi\/#primaryimage\"},\"thumbnailUrl\":\"https:\/\/talkpal.ai\/wp-content\/uploads\/2025\/12\/learning-languages-near-the-mountains.webp\",\"datePublished\":\"2024-06-07T17:23:20+00:00\",\"description\":\"Unkarin kieli on kaunis ja monimutkainen kieli, joka sis\u00e4lt\u00e4\u00e4 runsaasti ainutlaatuisia termej\u00e4 ja ilmauksia. Erityisesti poliittisessa kontekstissa on\",\"breadcrumb\":{\"@id\":\"https:\/\/talkpal.ai\/fi\/vocabulary\/poliittiset-termit-ja-ilmaisut-unkariksi\/#breadcrumb\"},\"inLanguage\":\"fi\",\"potentialAction\":[{\"@type\":\"ReadAction\",\"target\":[\"https:\/\/talkpal.ai\/fi\/vocabulary\/poliittiset-termit-ja-ilmaisut-unkariksi\/\"]}]},{\"@type\":\"ImageObject\",\"inLanguage\":\"fi\",\"@id\":\"https:\/\/talkpal.ai\/fi\/vocabulary\/poliittiset-termit-ja-ilmaisut-unkariksi\/#primaryimage\",\"url\":\"https:\/\/talkpal.ai\/wp-content\/uploads\/2025\/12\/learning-languages-near-the-mountains.webp\",\"contentUrl\":\"https:\/\/talkpal.ai\/wp-content\/uploads\/2025\/12\/learning-languages-near-the-mountains.webp\",\"width\":1200,\"height\":896,\"caption\":\"A wooden table with an open book and coffee serves as a space for learning languages.\"},{\"@type\":\"BreadcrumbList\",\"@id\":\"https:\/\/talkpal.ai\/fi\/vocabulary\/poliittiset-termit-ja-ilmaisut-unkariksi\/#breadcrumb\",\"itemListElement\":[{\"@type\":\"ListItem\",\"position\":1,\"name\":\"Homepage\",\"item\":\"https:\/\/talkpal.ai\/fi\/\"},{\"@type\":\"ListItem\",\"position\":2,\"name\":\"Poliittiset termit ja ilmaisut unkariksi\"}]},{\"@type\":\"WebSite\",\"@id\":\"https:\/\/talkpal.ai\/fi\/#website\",\"url\":\"https:\/\/talkpal.ai\/fi\/\",\"name\":\"Talkpal\",\"description\":\"AI Language Learning\",\"publisher\":{\"@id\":\"https:\/\/talkpal.ai\/fi\/#organization\"},\"alternateName\":\"Talkpal AI\",\"potentialAction\":[{\"@type\":\"SearchAction\",\"target\":{\"@type\":\"EntryPoint\",\"urlTemplate\":\"https:\/\/talkpal.ai\/fi\/?s={search_term_string}\"},\"query-input\":{\"@type\":\"PropertyValueSpecification\",\"valueRequired\":true,\"valueName\":\"search_term_string\"}}],\"inLanguage\":\"fi\"},{\"@type\":\"Organization\",\"@id\":\"https:\/\/talkpal.ai\/fi\/#organization\",\"name\":\"Talkpal, Inc.\",\"alternateName\":\"Talkpal AI\",\"url\":\"https:\/\/talkpal.ai\/fi\/\",\"logo\":{\"@type\":\"ImageObject\",\"inLanguage\":\"fi\",\"@id\":\"https:\/\/talkpal.ai\/fi\/#\/schema\/logo\/image\/\",\"url\":\"https:\/\/talkpal.ai\/wp-content\/uploads\/2024\/03\/Talkpal-Logo-Icon.png\",\"contentUrl\":\"https:\/\/talkpal.ai\/wp-content\/uploads\/2024\/03\/Talkpal-Logo-Icon.png\",\"width\":2880,\"height\":2880,\"caption\":\"Talkpal, Inc.\"},\"image\":{\"@id\":\"https:\/\/talkpal.ai\/fi\/#\/schema\/logo\/image\/\"},\"sameAs\":[\"https:\/\/www.facebook.com\/profile.php?id=100090733639311\",\"https:\/\/x.com\/talkpalai\",\"https:\/\/www.linkedin.com\/company\/talkpal\/\",\"https:\/\/www.youtube.com\/@TalkPal\/\",\"https:\/\/www.tiktok.com\/@talkpal\",\"https:\/\/www.instagram.com\/talkpal_ai\/\",\"https:\/\/www.crunchbase.com\/organization\/talkpal-9cde\",\"https:\/\/www.g2.com\/products\/talkpal-for-business\/\",\"https:\/\/www.trustpilot.com\/review\/talkpal.ai\",\"https:\/\/www.capterra.com\/p\/10006800\/TalkPal\/\"],\"description\":\"Talkpal is a language learning web and mobile education app, powered by the latest AI technologies, that provides engaging experiences to its customers in many different languages to help them improve their language skills. Users can chat about unlimited amount of topics with the app and use other modes to practice their language learning.\",\"email\":\"support@talkpal.ai\",\"legalName\":\"Talkpal, Inc.\",\"foundingDate\":\"2023-04-03\",\"duns\":\"118989042\",\"numberOfEmployees\":{\"@type\":\"QuantitativeValue\",\"minValue\":\"11\",\"maxValue\":\"50\"},\"publishingPrinciples\":\"https:\/\/talkpal.ai\/publishing-principles\/\",\"actionableFeedbackPolicy\":\"https:\/\/talkpal.ai\/actionable-feedback-policy\/\",\"correctionsPolicy\":\"https:\/\/talkpal.ai\/corrections-policy\/\",\"ethicsPolicy\":\"https:\/\/talkpal.ai\/ethics-policy\/\",\"diversityPolicy\":\"https:\/\/talkpal.ai\/diversity-policy\/\",\"diversityStaffingReport\":\"https:\/\/talkpal.ai\/diversity-policy\/\"}]}<\/script>\n<!-- \/ Yoast SEO Premium plugin. -->","yoast_head_json":{"title":"Poliittiset termit ja ilmaisut unkariksi - Talkpal","description":"Unkarin kieli on kaunis ja monimutkainen kieli, joka sis\u00e4lt\u00e4\u00e4 runsaasti ainutlaatuisia termej\u00e4 ja ilmauksia. Erityisesti poliittisessa kontekstissa on","robots":{"index":"index","follow":"follow","max-snippet":"max-snippet:-1","max-image-preview":"max-image-preview:large","max-video-preview":"max-video-preview:-1"},"canonical":"https:\/\/talkpal.ai\/fi\/vocabulary\/poliittiset-termit-ja-ilmaisut-unkariksi\/","og_locale":"fi_FI","og_type":"article","og_title":"Poliittiset termit ja ilmaisut unkariksi","og_description":"Unkarin kieli on kaunis ja monimutkainen kieli, joka sis\u00e4lt\u00e4\u00e4 runsaasti ainutlaatuisia termej\u00e4 ja ilmauksia. Erityisesti poliittisessa kontekstissa on","og_url":"https:\/\/talkpal.ai\/fi\/vocabulary\/poliittiset-termit-ja-ilmaisut-unkariksi\/","og_site_name":"Talkpal","article_publisher":"https:\/\/www.facebook.com\/profile.php?id=100090733639311","og_image":[{"width":1024,"height":1024,"url":"https:\/\/talkpal.ai\/wp-content\/uploads\/2024\/10\/talkpal_flat_illustration_of_a_employees_working_together_happi_c674ff77-e477-4e09-835a-01d30e561e99.png","type":"image\/png"}],"twitter_card":"summary_large_image","twitter_site":"@talkpalai","twitter_misc":{"Arvioitu lukuaika":"6 minuuttia"},"schema":{"@context":"https:\/\/schema.org","@graph":[{"@type":"WebPage","@id":"https:\/\/talkpal.ai\/fi\/vocabulary\/poliittiset-termit-ja-ilmaisut-unkariksi\/","url":"https:\/\/talkpal.ai\/fi\/vocabulary\/poliittiset-termit-ja-ilmaisut-unkariksi\/","name":"Poliittiset termit ja ilmaisut unkariksi - Talkpal","isPartOf":{"@id":"https:\/\/talkpal.ai\/fi\/#website"},"primaryImageOfPage":{"@id":"https:\/\/talkpal.ai\/fi\/vocabulary\/poliittiset-termit-ja-ilmaisut-unkariksi\/#primaryimage"},"image":{"@id":"https:\/\/talkpal.ai\/fi\/vocabulary\/poliittiset-termit-ja-ilmaisut-unkariksi\/#primaryimage"},"thumbnailUrl":"https:\/\/talkpal.ai\/wp-content\/uploads\/2025\/12\/learning-languages-near-the-mountains.webp","datePublished":"2024-06-07T17:23:20+00:00","description":"Unkarin kieli on kaunis ja monimutkainen kieli, joka sis\u00e4lt\u00e4\u00e4 runsaasti ainutlaatuisia termej\u00e4 ja ilmauksia. Erityisesti poliittisessa kontekstissa on","breadcrumb":{"@id":"https:\/\/talkpal.ai\/fi\/vocabulary\/poliittiset-termit-ja-ilmaisut-unkariksi\/#breadcrumb"},"inLanguage":"fi","potentialAction":[{"@type":"ReadAction","target":["https:\/\/talkpal.ai\/fi\/vocabulary\/poliittiset-termit-ja-ilmaisut-unkariksi\/"]}]},{"@type":"ImageObject","inLanguage":"fi","@id":"https:\/\/talkpal.ai\/fi\/vocabulary\/poliittiset-termit-ja-ilmaisut-unkariksi\/#primaryimage","url":"https:\/\/talkpal.ai\/wp-content\/uploads\/2025\/12\/learning-languages-near-the-mountains.webp","contentUrl":"https:\/\/talkpal.ai\/wp-content\/uploads\/2025\/12\/learning-languages-near-the-mountains.webp","width":1200,"height":896,"caption":"A wooden table with an open book and coffee serves as a space for learning languages."},{"@type":"BreadcrumbList","@id":"https:\/\/talkpal.ai\/fi\/vocabulary\/poliittiset-termit-ja-ilmaisut-unkariksi\/#breadcrumb","itemListElement":[{"@type":"ListItem","position":1,"name":"Homepage","item":"https:\/\/talkpal.ai\/fi\/"},{"@type":"ListItem","position":2,"name":"Poliittiset termit ja ilmaisut unkariksi"}]},{"@type":"WebSite","@id":"https:\/\/talkpal.ai\/fi\/#website","url":"https:\/\/talkpal.ai\/fi\/","name":"Talkpal","description":"AI Language Learning","publisher":{"@id":"https:\/\/talkpal.ai\/fi\/#organization"},"alternateName":"Talkpal AI","potentialAction":[{"@type":"SearchAction","target":{"@type":"EntryPoint","urlTemplate":"https:\/\/talkpal.ai\/fi\/?s={search_term_string}"},"query-input":{"@type":"PropertyValueSpecification","valueRequired":true,"valueName":"search_term_string"}}],"inLanguage":"fi"},{"@type":"Organization","@id":"https:\/\/talkpal.ai\/fi\/#organization","name":"Talkpal, Inc.","alternateName":"Talkpal AI","url":"https:\/\/talkpal.ai\/fi\/","logo":{"@type":"ImageObject","inLanguage":"fi","@id":"https:\/\/talkpal.ai\/fi\/#\/schema\/logo\/image\/","url":"https:\/\/talkpal.ai\/wp-content\/uploads\/2024\/03\/Talkpal-Logo-Icon.png","contentUrl":"https:\/\/talkpal.ai\/wp-content\/uploads\/2024\/03\/Talkpal-Logo-Icon.png","width":2880,"height":2880,"caption":"Talkpal, Inc."},"image":{"@id":"https:\/\/talkpal.ai\/fi\/#\/schema\/logo\/image\/"},"sameAs":["https:\/\/www.facebook.com\/profile.php?id=100090733639311","https:\/\/x.com\/talkpalai","https:\/\/www.linkedin.com\/company\/talkpal\/","https:\/\/www.youtube.com\/@TalkPal\/","https:\/\/www.tiktok.com\/@talkpal","https:\/\/www.instagram.com\/talkpal_ai\/","https:\/\/www.crunchbase.com\/organization\/talkpal-9cde","https:\/\/www.g2.com\/products\/talkpal-for-business\/","https:\/\/www.trustpilot.com\/review\/talkpal.ai","https:\/\/www.capterra.com\/p\/10006800\/TalkPal\/"],"description":"Talkpal is a language learning web and mobile education app, powered by the latest AI technologies, that provides engaging experiences to its customers in many different languages to help them improve their language skills. Users can chat about unlimited amount of topics with the app and use other modes to practice their language learning.","email":"support@talkpal.ai","legalName":"Talkpal, Inc.","foundingDate":"2023-04-03","duns":"118989042","numberOfEmployees":{"@type":"QuantitativeValue","minValue":"11","maxValue":"50"},"publishingPrinciples":"https:\/\/talkpal.ai\/publishing-principles\/","actionableFeedbackPolicy":"https:\/\/talkpal.ai\/actionable-feedback-policy\/","correctionsPolicy":"https:\/\/talkpal.ai\/corrections-policy\/","ethicsPolicy":"https:\/\/talkpal.ai\/ethics-policy\/","diversityPolicy":"https:\/\/talkpal.ai\/diversity-policy\/","diversityStaffingReport":"https:\/\/talkpal.ai\/diversity-policy\/"}]}},"_links":{"self":[{"href":"https:\/\/talkpal.ai\/fi\/wp-json\/wp\/v2\/vocabulary\/696354","targetHints":{"allow":["GET"]}}],"collection":[{"href":"https:\/\/talkpal.ai\/fi\/wp-json\/wp\/v2\/vocabulary"}],"about":[{"href":"https:\/\/talkpal.ai\/fi\/wp-json\/wp\/v2\/types\/vocabulary"}],"wp:featuredmedia":[{"embeddable":true,"href":"https:\/\/talkpal.ai\/fi\/wp-json\/wp\/v2\/media\/1527742"}],"wp:attachment":[{"href":"https:\/\/talkpal.ai\/fi\/wp-json\/wp\/v2\/media?parent=696354"}],"wp:term":[{"taxonomy":"vocabulary_language","embeddable":true,"href":"https:\/\/talkpal.ai\/fi\/wp-json\/wp\/v2\/vocabulary_language?post=696354"}],"curies":[{"name":"wp","href":"https:\/\/api.w.org\/{rel}","templated":true}]}}