{"id":696351,"date":"2024-06-07T17:23:11","date_gmt":"2024-06-07T17:23:11","guid":{"rendered":"https:\/\/talkpal.ai\/vocabulary\/aikaan-ja-paivamaaraan-liittyvat-sanat-unkariksi\/"},"modified":"2024-06-07T17:23:11","modified_gmt":"2024-06-07T17:23:11","slug":"aikaan-ja-paivamaaraan-liittyvat-sanat-unkariksi","status":"publish","type":"vocabulary","link":"https:\/\/talkpal.ai\/fi\/vocabulary\/aikaan-ja-paivamaaraan-liittyvat-sanat-unkariksi\/","title":{"rendered":"Aikaan ja p\u00e4iv\u00e4m\u00e4\u00e4r\u00e4\u00e4n liittyv\u00e4t sanat unkariksi"},"content":{"rendered":"<p>Aikaan ja p\u00e4iv\u00e4m\u00e4\u00e4r\u00e4\u00e4n liittyv\u00e4t sanat ovat t\u00e4rke\u00e4 osa mink\u00e4 tahansa kielen oppimista, ja unkarin kieli ei ole poikkeus. T\u00e4ss\u00e4 artikkelissa k\u00e4ymme l\u00e4pi keskeiset ajan ja p\u00e4iv\u00e4m\u00e4\u00e4r\u00e4n ilmaisemiseen liittyv\u00e4t sanat unkariksi. T\u00e4m\u00e4 auttaa sinua ymm\u00e4rt\u00e4m\u00e4\u00e4n ja k\u00e4ytt\u00e4m\u00e4\u00e4n n\u00e4it\u00e4 sanoja oikein keskusteluissasi unkarinkielisten kanssa. Jokaisen sanan kohdalla annamme my\u00f6s esimerkkilauseen, jotta n\u00e4et, miten sanaa k\u00e4ytet\u00e4\u00e4n kontekstissa.<\/p>\n<h2>Perussanat ajan ilmaisemiseen<\/h2>\n<p><b>\u00f3ra<\/b> \u2013 Tunti.<br \/>\n<font color=\"#2D3AC7\">Egy \u00f3ra <a href=\"https:\/\/talkpal.ai\/locations\/language-courses-in-van\/\">van<\/a>.<\/font><br \/>\nT\u00e4m\u00e4 sana tarkoittaa yht\u00e4 tuntia. Esimerkiksi &#8221;Egy \u00f3ra van&#8221; tarkoittaa &#8221;Kello on yksi.&#8221;<\/p>\n<p><b>perc<\/b> \u2013 Minuutti.<br \/>\n<font color=\"#2D3AC7\">\u00d6t perc m\u00falva indul a vonat.<\/font><br \/>\nT\u00e4m\u00e4 sana tarkoittaa minuuttia. &#8221;\u00d6t perc m\u00falva indul a vonat&#8221; tarkoittaa &#8221;Juna l\u00e4htee viiden minuutin kuluttua.&#8221;<\/p>\n<p><b>m\u00e1sodperc<\/b> \u2013 Sekunti.<br \/>\n<font color=\"#2D3AC7\">Csak egy m\u00e1sodpercet k\u00e9rek.<\/font><br \/>\nT\u00e4m\u00e4 sana tarkoittaa sekuntia. &#8221;Csak egy m\u00e1sodpercet k\u00e9rek&#8221; tarkoittaa &#8221;Pyyd\u00e4n vain sekuntia.&#8221;<\/p>\n<h2>P\u00e4iv\u00e4najat<\/h2>\n<p><b>reggel<\/b> \u2013 Aamu.<br \/>\n<font color=\"#2D3AC7\">Reggel kor\u00e1n kelek.<\/font><br \/>\nT\u00e4m\u00e4 sana tarkoittaa aamua. &#8221;Reggel kor\u00e1n kelek&#8221; tarkoittaa &#8221;Nousen aikaisin aamulla.&#8221;<\/p>\n<p><b>d\u00e9lel\u0151tt<\/b> \u2013 Aamup\u00e4iv\u00e4.<br \/>\n<font color=\"#2D3AC7\">D\u00e9lel\u0151tt tal\u00e1lkozunk.<\/font><br \/>\nT\u00e4m\u00e4 sana tarkoittaa aamup\u00e4iv\u00e4\u00e4. &#8221;D\u00e9lel\u0151tt tal\u00e1lkozunk&#8221; tarkoittaa &#8221;Tapaamme aamup\u00e4iv\u00e4ll\u00e4.&#8221;<\/p>\n<p><b>d\u00e9l<\/b> \u2013 Keskiy\u00f6.<br \/>\n<font color=\"#2D3AC7\">D\u00e9lben eb\u00e9delek.<\/font><br \/>\nT\u00e4m\u00e4 sana tarkoittaa keskiy\u00f6t\u00e4. &#8221;D\u00e9lben eb\u00e9delek&#8221; tarkoittaa &#8221;Sy\u00f6n lounasta keskiy\u00f6ll\u00e4.&#8221;<\/p>\n<p><b>d\u00e9lut\u00e1n<\/b> \u2013 Iltap\u00e4iv\u00e4.<br \/>\n<font color=\"#2D3AC7\">D\u00e9lut\u00e1n megyek bev\u00e1s\u00e1rolni.<\/font><br \/>\nT\u00e4m\u00e4 sana tarkoittaa iltap\u00e4iv\u00e4\u00e4. &#8221;D\u00e9lut\u00e1n megyek bev\u00e1s\u00e1rolni&#8221; tarkoittaa &#8221;Menin ostoksille iltap\u00e4iv\u00e4ll\u00e4.&#8221;<\/p>\n<p><b>este<\/b> \u2013 Ilta.<br \/>\n<font color=\"#2D3AC7\">Este s\u00e9t\u00e1lni megyek.<\/font><br \/>\nT\u00e4m\u00e4 sana tarkoittaa iltaa. &#8221;Este s\u00e9t\u00e1lni megyek&#8221; tarkoittaa &#8221;Menin k\u00e4velylle illalla.&#8221;<\/p>\n<p><b>\u00e9jjel<\/b> \u2013 Y\u00f6.<br \/>\n<font color=\"#2D3AC7\">\u00c9jjel \u00e1lmodtam r\u00f3lad.<\/font><br \/>\nT\u00e4m\u00e4 sana tarkoittaa y\u00f6t\u00e4. &#8221;\u00c9jjel \u00e1lmodtam r\u00f3lad&#8221; tarkoittaa &#8221;N\u00e4in sinusta unta y\u00f6ll\u00e4.&#8221;<\/p>\n<h2>Viikonp\u00e4iv\u00e4t<\/h2>\n<p><b>h\u00e9tf\u0151<\/b> \u2013 Maanantai.<br \/>\n<font color=\"#2D3AC7\">H\u00e9tf\u0151n kezd\u0151dik a munka.<\/font><br \/>\nT\u00e4m\u00e4 sana tarkoittaa maanantaita. &#8221;H\u00e9tf\u0151n kezd\u0151dik a munka&#8221; tarkoittaa &#8221;Ty\u00f6 alkaa maanantaina.&#8221;<\/p>\n<p><b>kedd<\/b> \u2013 Tiistai.<br \/>\n<font color=\"#2D3AC7\">Kedden megyek orvoshoz.<\/font><br \/>\nT\u00e4m\u00e4 sana tarkoittaa tiistaita. &#8221;Kedden megyek orvoshoz&#8221; tarkoittaa &#8221;Menin l\u00e4\u00e4k\u00e4riin tiistaina.&#8221;<\/p>\n<p><b>szerda<\/b> \u2013 Keskiviikko.<br \/>\n<font color=\"#2D3AC7\">Szerd\u00e1n tal\u00e1lkozunk.<\/font><br \/>\nT\u00e4m\u00e4 sana tarkoittaa keskiviikkoa. &#8221;Szerd\u00e1n tal\u00e1lkozunk&#8221; tarkoittaa &#8221;Tapaamme keskiviikkona.&#8221;<\/p>\n<p><b>cs\u00fct\u00f6rt\u00f6k<\/b> \u2013 Torstai.<br \/>\n<font color=\"#2D3AC7\">Cs\u00fct\u00f6rt\u00f6k\u00f6n lesz a vizsga.<\/font><br \/>\nT\u00e4m\u00e4 sana tarkoittaa torstaita. &#8221;Cs\u00fct\u00f6rt\u00f6k\u00f6n lesz a vizsga&#8221; tarkoittaa &#8221;Tentti on torstaina.&#8221;<\/p>\n<p><b>p\u00e9ntek<\/b> \u2013 Perjantai.<br \/>\n<font color=\"#2D3AC7\">P\u00e9nteken van a buli.<\/font><br \/>\nT\u00e4m\u00e4 sana tarkoittaa perjantaita. &#8221;P\u00e9nteken van a buli&#8221; tarkoittaa &#8221;Juhla on perjantaina.&#8221;<\/p>\n<p><b>szombat<\/b> \u2013 Lauantai.<br \/>\n<font color=\"#2D3AC7\">Szombaton pihenek.<\/font><br \/>\nT\u00e4m\u00e4 sana tarkoittaa lauantaita. &#8221;Szombaton pihenek&#8221; tarkoittaa &#8221;Lep\u00e4\u00e4n lauantaina.&#8221;<\/p>\n<p><b>vas\u00e1rnap<\/b> \u2013 Sunnuntai.<br \/>\n<font color=\"#2D3AC7\">Vas\u00e1rnap templomba megyek.<\/font><br \/>\nT\u00e4m\u00e4 sana tarkoittaa sunnuntaita. &#8221;Vas\u00e1rnap templomba megyek&#8221; tarkoittaa &#8221;Menin kirkkoon sunnuntaina.&#8221;<\/p>\n<h2>Kuukaudet<\/h2>\n<p><b>janu\u00e1r<\/b> \u2013 Tammikuu.<br \/>\n<font color=\"#2D3AC7\">Janu\u00e1rban kezd\u0151dik az <a href=\"https:\/\/talkpal.ai\/talkpal-new-years-discount\/\">\u00faj \u00e9v<\/a>.<\/font><br \/>\nT\u00e4m\u00e4 sana tarkoittaa tammikuuta. &#8221;Janu\u00e1rban kezd\u0151dik az \u00faj \u00e9v&#8221; tarkoittaa &#8221;Uusi vuosi alkaa tammikuussa.&#8221;<\/p>\n<p><b>febru\u00e1r<\/b> \u2013 Helmikuu.<br \/>\n<font color=\"#2D3AC7\">Febru\u00e1rban van a sz\u00fclet\u00e9snapom.<\/font><br \/>\nT\u00e4m\u00e4 sana tarkoittaa helmikuuta. &#8221;Febru\u00e1rban van a sz\u00fclet\u00e9snapom&#8221; tarkoittaa &#8221;Syntym\u00e4p\u00e4iv\u00e4ni on helmikuussa.&#8221;<\/p>\n<p><b>m\u00e1rcius<\/b> \u2013 Maaliskuu.<br \/>\n<font color=\"#2D3AC7\">M\u00e1rciusban kezd\u0151dik a tavasz.<\/font><br \/>\nT\u00e4m\u00e4 sana tarkoittaa maaliskuuta. &#8221;M\u00e1rciusban kezd\u0151dik a tavasz&#8221; tarkoittaa &#8221;Kev\u00e4t alkaa maaliskuussa.&#8221;<\/p>\n<p><b>\u00e1prilis<\/b> \u2013 Huhtikuu.<br \/>\n<font color=\"#2D3AC7\">\u00c1prilisban <a href=\"https:\/\/talkpal.ai\/locations\/language-courses-in-esik\/\">esik<\/a> az es\u0151.<\/font><br \/>\nT\u00e4m\u00e4 sana tarkoittaa huhtikuuta. &#8221;\u00c1prilisban esik az es\u0151&#8221; tarkoittaa &#8221;Sataa huhtikuussa.&#8221;<\/p>\n<p><b>m\u00e1jus<\/b> \u2013 Toukokuu.<br \/>\n<font color=\"#2D3AC7\">M\u00e1jusban vir\u00e1gzanak a f\u00e1k.<\/font><br \/>\nT\u00e4m\u00e4 sana tarkoittaa toukokuuta. &#8221;M\u00e1jusban vir\u00e1gzanak a f\u00e1k&#8221; tarkoittaa &#8221;Puissa on kukkia toukokuussa.&#8221;<\/p>\n<p><b>j\u00fanius<\/b> \u2013 Kes\u00e4kuu.<br \/>\n<font color=\"#2D3AC7\">J\u00faniusban kezd\u0151dik a ny\u00e1r.<\/font><br \/>\nT\u00e4m\u00e4 sana tarkoittaa kes\u00e4kuuta. &#8221;J\u00faniusban kezd\u0151dik a ny\u00e1r&#8221; tarkoittaa &#8221;Kes\u00e4 alkaa kes\u00e4kuussa.&#8221;<\/p>\n<p><b>j\u00falius<\/b> \u2013 Hein\u00e4kuu.<br \/>\n<font color=\"#2D3AC7\">J\u00faliusban megyek nyaralni.<\/font><br \/>\nT\u00e4m\u00e4 sana tarkoittaa hein\u00e4kuuta. &#8221;J\u00faliusban megyek nyaralni&#8221; tarkoittaa &#8221;Menin lomalle hein\u00e4kuussa.&#8221;<\/p>\n<p><b>augusztus<\/b> \u2013 Elokuu.<br \/>\n<font color=\"#2D3AC7\">Augusztusban van a nyaral\u00e1som.<\/font><br \/>\nT\u00e4m\u00e4 sana tarkoittaa elokuuta. &#8221;Augusztusban van a nyaral\u00e1som&#8221; tarkoittaa &#8221;Lomani on elokuussa.&#8221;<\/p>\n<p><b>szeptember<\/b> \u2013 Syyskuu.<br \/>\n<font color=\"#2D3AC7\">Szeptemberben kezd\u0151dik az iskola.<\/font><br \/>\nT\u00e4m\u00e4 sana tarkoittaa syyskuuta. &#8221;Szeptemberben kezd\u0151dik az iskola&#8221; tarkoittaa &#8221;Koulu alkaa syyskuussa.&#8221;<\/p>\n<p><b>okt\u00f3ber<\/b> \u2013 Lokakuu.<br \/>\n<font color=\"#2D3AC7\">Okt\u00f3berben hullanak a levelek.<\/font><br \/>\nT\u00e4m\u00e4 sana tarkoittaa lokakuuta. &#8221;Okt\u00f3berben hullanak a levelek&#8221; tarkoittaa &#8221;Lehdet putoavat lokakuussa.&#8221;<\/p>\n<p><b>november<\/b> \u2013 Marraskuu.<br \/>\n<font color=\"#2D3AC7\">Novemberben van a h\u00e1laad\u00e1s.<\/font><br \/>\nT\u00e4m\u00e4 sana tarkoittaa marraskuuta. &#8221;Novemberben van a h\u00e1laad\u00e1s&#8221; tarkoittaa &#8221;Kiitosp\u00e4iv\u00e4 on marraskuussa.&#8221;<\/p>\n<p><b>december<\/b> \u2013 Joulukuu.<br \/>\n<font color=\"#2D3AC7\">Decemberben van kar\u00e1csony.<\/font><br \/>\nT\u00e4m\u00e4 sana tarkoittaa joulukuuta. &#8221;Decemberben van kar\u00e1csony&#8221; tarkoittaa &#8221;Joulu on joulukuussa.&#8221;<\/p>\n<h2>Vuodenajat<\/h2>\n<p><b>tavasz<\/b> \u2013 Kev\u00e4t.<br \/>\n<font color=\"#2D3AC7\">Tavasszal vir\u00e1gok ny\u00edlnak.<\/font><br \/>\nT\u00e4m\u00e4 sana tarkoittaa kev\u00e4tt\u00e4. &#8221;Tavasszal vir\u00e1gok ny\u00edlnak&#8221; tarkoittaa &#8221;Kukat kukkivat kev\u00e4\u00e4ll\u00e4.&#8221;<\/p>\n<p><b>ny\u00e1r<\/b> \u2013 Kes\u00e4.<br \/>\n<font color=\"#2D3AC7\">Ny\u00e1ron meleg van.<\/font><br \/>\nT\u00e4m\u00e4 sana tarkoittaa kes\u00e4\u00e4. &#8221;Ny\u00e1ron meleg van&#8221; tarkoittaa &#8221;Kes\u00e4ll\u00e4 on l\u00e4mmin.&#8221;<\/p>\n<p><b>\u0151sz<\/b> \u2013 Syksy.<br \/>\n<font color=\"#2D3AC7\">\u0150sszel hullanak a levelek.<\/font><br \/>\nT\u00e4m\u00e4 sana tarkoittaa syksy\u00e4. &#8221;\u0150sszel hullanak a levelek&#8221; tarkoittaa &#8221;Lehdet putoavat syksyll\u00e4.&#8221;<\/p>\n<p><b>t\u00e9l<\/b> \u2013 Talvi.<br \/>\n<font color=\"#2D3AC7\">T\u00e9len hideg van.<\/font><br \/>\nT\u00e4m\u00e4 sana tarkoittaa talvea. &#8221;T\u00e9len hideg van&#8221; tarkoittaa &#8221;Talvella on kylm\u00e4.&#8221;<\/p>\n<h2>Aikasidonnaiset ilmaisut<\/h2>\n<p><b>ma<\/b> \u2013 T\u00e4n\u00e4\u00e4n.<br \/>\n<font color=\"#2D3AC7\">Ma van a sz\u00fclet\u00e9snapom.<\/font><br \/>\nT\u00e4m\u00e4 sana tarkoittaa t\u00e4n\u00e4\u00e4n. &#8221;Ma van a sz\u00fclet\u00e9snapom&#8221; tarkoittaa &#8221;T\u00e4n\u00e4\u00e4n on syntym\u00e4p\u00e4iv\u00e4ni.&#8221;<\/p>\n<p><b>holnap<\/b> \u2013 Huomenna.<br \/>\n<font color=\"#2D3AC7\">Holnap tal\u00e1lkozunk.<\/font><br \/>\nT\u00e4m\u00e4 sana tarkoittaa huomenna. &#8221;Holnap tal\u00e1lkozunk&#8221; tarkoittaa &#8221;Tapaamme huomenna.&#8221;<\/p>\n<p><b>tegnap<\/b> \u2013 Eilen.<br \/>\n<font color=\"#2D3AC7\">Tegnap volt a vizsga.<\/font><br \/>\nT\u00e4m\u00e4 sana tarkoittaa eilen. &#8221;Tegnap volt a vizsga&#8221; tarkoittaa &#8221;Tentti oli eilen.&#8221;<\/p>\n<p><b>m\u00falt<\/b> \u2013 Viime.<br \/>\n<font color=\"#2D3AC7\">M\u00falt h\u00e9ten voltam nyaralni.<\/font><br \/>\nT\u00e4m\u00e4 sana tarkoittaa viime. &#8221;M\u00falt h\u00e9ten voltam nyaralni&#8221; tarkoittaa &#8221;Olin lomalla viime viikolla.&#8221;<\/p>\n<p><b>j\u00f6v\u0151<\/b> \u2013 Ensi.<br \/>\n<font color=\"#2D3AC7\">J\u00f6v\u0151 h\u00e9ten megyek orvoshoz.<\/font><br \/>\nT\u00e4m\u00e4 sana tarkoittaa ensi. &#8221;J\u00f6v\u0151 h\u00e9ten megyek orvoshoz&#8221; tarkoittaa &#8221;Menin l\u00e4\u00e4k\u00e4riin ensi viikolla.&#8221;<\/p>\n<p><b>minden<\/b> \u2013 Joka.<br \/>\n<font color=\"#2D3AC7\"><a href=\"https:\/\/talkpal.ai\/locations\/language-courses-in-minden\/\">Minden<\/a> nap sportolok.<\/font><br \/>\nT\u00e4m\u00e4 sana tarkoittaa joka. &#8221;Minden nap sportolok&#8221; tarkoittaa &#8221;Urheilen joka p\u00e4iv\u00e4.&#8221;<\/p>\n<p><b>mindig<\/b> \u2013 Aina.<br \/>\n<font color=\"#2D3AC7\">Mindig pontos vagyok.<\/font><br \/>\nT\u00e4m\u00e4 sana tarkoittaa aina. &#8221;Mindig pontos vagyok&#8221; tarkoittaa &#8221;Olen aina ajoissa.&#8221;<\/p>\n<p><b>soha<\/b> \u2013 Ei koskaan.<br \/>\n<font color=\"#2D3AC7\">Soha nem k\u00e9sek.<\/font><br \/>\nT\u00e4m\u00e4 sana tarkoittaa ei koskaan. &#8221;Soha nem k\u00e9sek&#8221; tarkoittaa &#8221;En ole koskaan my\u00f6h\u00e4ss\u00e4.&#8221;<\/p>\n<p><b>gyakran<\/b> \u2013 Usein.<br \/>\n<font color=\"#2D3AC7\">Gyakran tal\u00e1lkozunk.<\/font><br \/>\nT\u00e4m\u00e4 sana tarkoittaa usein. &#8221;Gyakran tal\u00e1lkozunk&#8221; tarkoittaa &#8221;Tapaamme usein.&#8221;<\/p>\n<p><b>ritk\u00e1n<\/b> \u2013 Harvoin.<br \/>\n<font color=\"#2D3AC7\">Ritk\u00e1n megyek moziba.<\/font><br \/>\nT\u00e4m\u00e4 sana tarkoittaa harvoin. &#8221;Ritk\u00e1n megyek moziba&#8221; tarkoittaa &#8221;Menin harvoin elokuviin.&#8221;<\/p>\n<p>Toivottavasti t\u00e4m\u00e4 artikkeli auttaa sinua ymm\u00e4rt\u00e4m\u00e4\u00e4n ja k\u00e4ytt\u00e4m\u00e4\u00e4n unkarin kielen aikaan ja p\u00e4iv\u00e4m\u00e4\u00e4r\u00e4\u00e4n liittyvi\u00e4 sanoja paremmin. Muista harjoitella n\u00e4it\u00e4 sanoja ja ilmaisuja p\u00e4ivitt\u00e4in, jotta ne tulevat osaksi aktiivista sanavarastoasi. Hyv\u00e4\u00e4 oppimista!<\/p>\n","protected":false},"featured_media":1527853,"template":"","vocabulary_language":[3810],"class_list":["post-696351","vocabulary","type-vocabulary","status-publish","has-post-thumbnail","hentry","vocabulary_language-unkarin-kieli"],"acf":[],"yoast_head":"<!-- This site is optimized with the Yoast SEO Premium plugin v27.2 (Yoast SEO v27.2) - https:\/\/yoast.com\/product\/yoast-seo-premium-wordpress\/ -->\n<title>Aikaan ja p\u00e4iv\u00e4m\u00e4\u00e4r\u00e4\u00e4n liittyv\u00e4t sanat unkariksi - Talkpal<\/title>\n<meta name=\"description\" content=\"Aikaan ja p\u00e4iv\u00e4m\u00e4\u00e4r\u00e4\u00e4n liittyv\u00e4t sanat ovat t\u00e4rke\u00e4 osa mink\u00e4 tahansa kielen oppimista, ja unkarin kieli ei ole poikkeus. T\u00e4ss\u00e4 artikkelissa k\u00e4ymme l\u00e4pi\" \/>\n<meta name=\"robots\" content=\"index, follow, max-snippet:-1, max-image-preview:large, max-video-preview:-1\" \/>\n<link rel=\"canonical\" href=\"https:\/\/talkpal.ai\/fi\/vocabulary\/aikaan-ja-paivamaaraan-liittyvat-sanat-unkariksi\/\" \/>\n<meta property=\"og:locale\" content=\"fi_FI\" \/>\n<meta property=\"og:type\" content=\"article\" \/>\n<meta property=\"og:title\" content=\"Aikaan ja p\u00e4iv\u00e4m\u00e4\u00e4r\u00e4\u00e4n liittyv\u00e4t sanat unkariksi\" \/>\n<meta property=\"og:description\" content=\"Aikaan ja p\u00e4iv\u00e4m\u00e4\u00e4r\u00e4\u00e4n liittyv\u00e4t sanat ovat t\u00e4rke\u00e4 osa mink\u00e4 tahansa kielen oppimista, ja unkarin kieli ei ole poikkeus. T\u00e4ss\u00e4 artikkelissa k\u00e4ymme l\u00e4pi\" \/>\n<meta property=\"og:url\" content=\"https:\/\/talkpal.ai\/fi\/vocabulary\/aikaan-ja-paivamaaraan-liittyvat-sanat-unkariksi\/\" \/>\n<meta property=\"og:site_name\" content=\"Talkpal\" \/>\n<meta property=\"article:publisher\" content=\"https:\/\/www.facebook.com\/profile.php?id=100090733639311\" \/>\n<meta property=\"og:image\" content=\"https:\/\/talkpal.ai\/wp-content\/uploads\/2024\/10\/talkpal_flat_illustration_of_a_employees_working_together_happi_c674ff77-e477-4e09-835a-01d30e561e99.png\" \/>\n\t<meta property=\"og:image:width\" content=\"1024\" \/>\n\t<meta property=\"og:image:height\" content=\"1024\" \/>\n\t<meta property=\"og:image:type\" content=\"image\/png\" \/>\n<meta name=\"twitter:card\" content=\"summary_large_image\" \/>\n<meta name=\"twitter:site\" content=\"@talkpalai\" \/>\n<meta name=\"twitter:label1\" content=\"Arvioitu lukuaika\" \/>\n\t<meta name=\"twitter:data1\" content=\"5 minuuttia\" \/>\n<script type=\"application\/ld+json\" class=\"yoast-schema-graph\">{\"@context\":\"https:\/\/schema.org\",\"@graph\":[{\"@type\":\"WebPage\",\"@id\":\"https:\/\/talkpal.ai\/fi\/vocabulary\/aikaan-ja-paivamaaraan-liittyvat-sanat-unkariksi\/\",\"url\":\"https:\/\/talkpal.ai\/fi\/vocabulary\/aikaan-ja-paivamaaraan-liittyvat-sanat-unkariksi\/\",\"name\":\"Aikaan ja p\u00e4iv\u00e4m\u00e4\u00e4r\u00e4\u00e4n liittyv\u00e4t sanat unkariksi - Talkpal\",\"isPartOf\":{\"@id\":\"https:\/\/talkpal.ai\/fi\/#website\"},\"primaryImageOfPage\":{\"@id\":\"https:\/\/talkpal.ai\/fi\/vocabulary\/aikaan-ja-paivamaaraan-liittyvat-sanat-unkariksi\/#primaryimage\"},\"image\":{\"@id\":\"https:\/\/talkpal.ai\/fi\/vocabulary\/aikaan-ja-paivamaaraan-liittyvat-sanat-unkariksi\/#primaryimage\"},\"thumbnailUrl\":\"https:\/\/talkpal.ai\/wp-content\/uploads\/2025\/12\/person-is-learn-languages.webp\",\"datePublished\":\"2024-06-07T17:23:11+00:00\",\"description\":\"Aikaan ja p\u00e4iv\u00e4m\u00e4\u00e4r\u00e4\u00e4n liittyv\u00e4t sanat ovat t\u00e4rke\u00e4 osa mink\u00e4 tahansa kielen oppimista, ja unkarin kieli ei ole poikkeus. T\u00e4ss\u00e4 artikkelissa k\u00e4ymme l\u00e4pi\",\"breadcrumb\":{\"@id\":\"https:\/\/talkpal.ai\/fi\/vocabulary\/aikaan-ja-paivamaaraan-liittyvat-sanat-unkariksi\/#breadcrumb\"},\"inLanguage\":\"fi\",\"potentialAction\":[{\"@type\":\"ReadAction\",\"target\":[\"https:\/\/talkpal.ai\/fi\/vocabulary\/aikaan-ja-paivamaaraan-liittyvat-sanat-unkariksi\/\"]}]},{\"@type\":\"ImageObject\",\"inLanguage\":\"fi\",\"@id\":\"https:\/\/talkpal.ai\/fi\/vocabulary\/aikaan-ja-paivamaaraan-liittyvat-sanat-unkariksi\/#primaryimage\",\"url\":\"https:\/\/talkpal.ai\/wp-content\/uploads\/2025\/12\/person-is-learn-languages.webp\",\"contentUrl\":\"https:\/\/talkpal.ai\/wp-content\/uploads\/2025\/12\/person-is-learn-languages.webp\",\"width\":1200,\"height\":896,\"caption\":\"A student with a bun looks at a laptop screen while learning languages at a desk.\"},{\"@type\":\"BreadcrumbList\",\"@id\":\"https:\/\/talkpal.ai\/fi\/vocabulary\/aikaan-ja-paivamaaraan-liittyvat-sanat-unkariksi\/#breadcrumb\",\"itemListElement\":[{\"@type\":\"ListItem\",\"position\":1,\"name\":\"Homepage\",\"item\":\"https:\/\/talkpal.ai\/fi\/\"},{\"@type\":\"ListItem\",\"position\":2,\"name\":\"Aikaan ja p\u00e4iv\u00e4m\u00e4\u00e4r\u00e4\u00e4n liittyv\u00e4t sanat unkariksi\"}]},{\"@type\":\"WebSite\",\"@id\":\"https:\/\/talkpal.ai\/fi\/#website\",\"url\":\"https:\/\/talkpal.ai\/fi\/\",\"name\":\"Talkpal\",\"description\":\"AI Language Learning\",\"publisher\":{\"@id\":\"https:\/\/talkpal.ai\/fi\/#organization\"},\"alternateName\":\"Talkpal AI\",\"potentialAction\":[{\"@type\":\"SearchAction\",\"target\":{\"@type\":\"EntryPoint\",\"urlTemplate\":\"https:\/\/talkpal.ai\/fi\/?s={search_term_string}\"},\"query-input\":{\"@type\":\"PropertyValueSpecification\",\"valueRequired\":true,\"valueName\":\"search_term_string\"}}],\"inLanguage\":\"fi\"},{\"@type\":\"Organization\",\"@id\":\"https:\/\/talkpal.ai\/fi\/#organization\",\"name\":\"Talkpal, Inc.\",\"alternateName\":\"Talkpal AI\",\"url\":\"https:\/\/talkpal.ai\/fi\/\",\"logo\":{\"@type\":\"ImageObject\",\"inLanguage\":\"fi\",\"@id\":\"https:\/\/talkpal.ai\/fi\/#\/schema\/logo\/image\/\",\"url\":\"https:\/\/talkpal.ai\/wp-content\/uploads\/2024\/03\/Talkpal-Logo-Icon.png\",\"contentUrl\":\"https:\/\/talkpal.ai\/wp-content\/uploads\/2024\/03\/Talkpal-Logo-Icon.png\",\"width\":2880,\"height\":2880,\"caption\":\"Talkpal, Inc.\"},\"image\":{\"@id\":\"https:\/\/talkpal.ai\/fi\/#\/schema\/logo\/image\/\"},\"sameAs\":[\"https:\/\/www.facebook.com\/profile.php?id=100090733639311\",\"https:\/\/x.com\/talkpalai\",\"https:\/\/www.linkedin.com\/company\/talkpal\/\",\"https:\/\/www.youtube.com\/@TalkPal\/\",\"https:\/\/www.tiktok.com\/@talkpal\",\"https:\/\/www.instagram.com\/talkpal_ai\/\",\"https:\/\/www.crunchbase.com\/organization\/talkpal-9cde\",\"https:\/\/www.g2.com\/products\/talkpal-for-business\/\",\"https:\/\/www.trustpilot.com\/review\/talkpal.ai\",\"https:\/\/www.capterra.com\/p\/10006800\/TalkPal\/\"],\"description\":\"Talkpal is a language learning web and mobile education app, powered by the latest AI technologies, that provides engaging experiences to its customers in many different languages to help them improve their language skills. Users can chat about unlimited amount of topics with the app and use other modes to practice their language learning.\",\"email\":\"support@talkpal.ai\",\"legalName\":\"Talkpal, Inc.\",\"foundingDate\":\"2023-04-03\",\"duns\":\"118989042\",\"numberOfEmployees\":{\"@type\":\"QuantitativeValue\",\"minValue\":\"11\",\"maxValue\":\"50\"},\"publishingPrinciples\":\"https:\/\/talkpal.ai\/publishing-principles\/\",\"actionableFeedbackPolicy\":\"https:\/\/talkpal.ai\/actionable-feedback-policy\/\",\"correctionsPolicy\":\"https:\/\/talkpal.ai\/corrections-policy\/\",\"ethicsPolicy\":\"https:\/\/talkpal.ai\/ethics-policy\/\",\"diversityPolicy\":\"https:\/\/talkpal.ai\/diversity-policy\/\",\"diversityStaffingReport\":\"https:\/\/talkpal.ai\/diversity-policy\/\"}]}<\/script>\n<!-- \/ Yoast SEO Premium plugin. -->","yoast_head_json":{"title":"Aikaan ja p\u00e4iv\u00e4m\u00e4\u00e4r\u00e4\u00e4n liittyv\u00e4t sanat unkariksi - Talkpal","description":"Aikaan ja p\u00e4iv\u00e4m\u00e4\u00e4r\u00e4\u00e4n liittyv\u00e4t sanat ovat t\u00e4rke\u00e4 osa mink\u00e4 tahansa kielen oppimista, ja unkarin kieli ei ole poikkeus. T\u00e4ss\u00e4 artikkelissa k\u00e4ymme l\u00e4pi","robots":{"index":"index","follow":"follow","max-snippet":"max-snippet:-1","max-image-preview":"max-image-preview:large","max-video-preview":"max-video-preview:-1"},"canonical":"https:\/\/talkpal.ai\/fi\/vocabulary\/aikaan-ja-paivamaaraan-liittyvat-sanat-unkariksi\/","og_locale":"fi_FI","og_type":"article","og_title":"Aikaan ja p\u00e4iv\u00e4m\u00e4\u00e4r\u00e4\u00e4n liittyv\u00e4t sanat unkariksi","og_description":"Aikaan ja p\u00e4iv\u00e4m\u00e4\u00e4r\u00e4\u00e4n liittyv\u00e4t sanat ovat t\u00e4rke\u00e4 osa mink\u00e4 tahansa kielen oppimista, ja unkarin kieli ei ole poikkeus. T\u00e4ss\u00e4 artikkelissa k\u00e4ymme l\u00e4pi","og_url":"https:\/\/talkpal.ai\/fi\/vocabulary\/aikaan-ja-paivamaaraan-liittyvat-sanat-unkariksi\/","og_site_name":"Talkpal","article_publisher":"https:\/\/www.facebook.com\/profile.php?id=100090733639311","og_image":[{"width":1024,"height":1024,"url":"https:\/\/talkpal.ai\/wp-content\/uploads\/2024\/10\/talkpal_flat_illustration_of_a_employees_working_together_happi_c674ff77-e477-4e09-835a-01d30e561e99.png","type":"image\/png"}],"twitter_card":"summary_large_image","twitter_site":"@talkpalai","twitter_misc":{"Arvioitu lukuaika":"5 minuuttia"},"schema":{"@context":"https:\/\/schema.org","@graph":[{"@type":"WebPage","@id":"https:\/\/talkpal.ai\/fi\/vocabulary\/aikaan-ja-paivamaaraan-liittyvat-sanat-unkariksi\/","url":"https:\/\/talkpal.ai\/fi\/vocabulary\/aikaan-ja-paivamaaraan-liittyvat-sanat-unkariksi\/","name":"Aikaan ja p\u00e4iv\u00e4m\u00e4\u00e4r\u00e4\u00e4n liittyv\u00e4t sanat unkariksi - Talkpal","isPartOf":{"@id":"https:\/\/talkpal.ai\/fi\/#website"},"primaryImageOfPage":{"@id":"https:\/\/talkpal.ai\/fi\/vocabulary\/aikaan-ja-paivamaaraan-liittyvat-sanat-unkariksi\/#primaryimage"},"image":{"@id":"https:\/\/talkpal.ai\/fi\/vocabulary\/aikaan-ja-paivamaaraan-liittyvat-sanat-unkariksi\/#primaryimage"},"thumbnailUrl":"https:\/\/talkpal.ai\/wp-content\/uploads\/2025\/12\/person-is-learn-languages.webp","datePublished":"2024-06-07T17:23:11+00:00","description":"Aikaan ja p\u00e4iv\u00e4m\u00e4\u00e4r\u00e4\u00e4n liittyv\u00e4t sanat ovat t\u00e4rke\u00e4 osa mink\u00e4 tahansa kielen oppimista, ja unkarin kieli ei ole poikkeus. T\u00e4ss\u00e4 artikkelissa k\u00e4ymme l\u00e4pi","breadcrumb":{"@id":"https:\/\/talkpal.ai\/fi\/vocabulary\/aikaan-ja-paivamaaraan-liittyvat-sanat-unkariksi\/#breadcrumb"},"inLanguage":"fi","potentialAction":[{"@type":"ReadAction","target":["https:\/\/talkpal.ai\/fi\/vocabulary\/aikaan-ja-paivamaaraan-liittyvat-sanat-unkariksi\/"]}]},{"@type":"ImageObject","inLanguage":"fi","@id":"https:\/\/talkpal.ai\/fi\/vocabulary\/aikaan-ja-paivamaaraan-liittyvat-sanat-unkariksi\/#primaryimage","url":"https:\/\/talkpal.ai\/wp-content\/uploads\/2025\/12\/person-is-learn-languages.webp","contentUrl":"https:\/\/talkpal.ai\/wp-content\/uploads\/2025\/12\/person-is-learn-languages.webp","width":1200,"height":896,"caption":"A student with a bun looks at a laptop screen while learning languages at a desk."},{"@type":"BreadcrumbList","@id":"https:\/\/talkpal.ai\/fi\/vocabulary\/aikaan-ja-paivamaaraan-liittyvat-sanat-unkariksi\/#breadcrumb","itemListElement":[{"@type":"ListItem","position":1,"name":"Homepage","item":"https:\/\/talkpal.ai\/fi\/"},{"@type":"ListItem","position":2,"name":"Aikaan ja p\u00e4iv\u00e4m\u00e4\u00e4r\u00e4\u00e4n liittyv\u00e4t sanat unkariksi"}]},{"@type":"WebSite","@id":"https:\/\/talkpal.ai\/fi\/#website","url":"https:\/\/talkpal.ai\/fi\/","name":"Talkpal","description":"AI Language Learning","publisher":{"@id":"https:\/\/talkpal.ai\/fi\/#organization"},"alternateName":"Talkpal AI","potentialAction":[{"@type":"SearchAction","target":{"@type":"EntryPoint","urlTemplate":"https:\/\/talkpal.ai\/fi\/?s={search_term_string}"},"query-input":{"@type":"PropertyValueSpecification","valueRequired":true,"valueName":"search_term_string"}}],"inLanguage":"fi"},{"@type":"Organization","@id":"https:\/\/talkpal.ai\/fi\/#organization","name":"Talkpal, Inc.","alternateName":"Talkpal AI","url":"https:\/\/talkpal.ai\/fi\/","logo":{"@type":"ImageObject","inLanguage":"fi","@id":"https:\/\/talkpal.ai\/fi\/#\/schema\/logo\/image\/","url":"https:\/\/talkpal.ai\/wp-content\/uploads\/2024\/03\/Talkpal-Logo-Icon.png","contentUrl":"https:\/\/talkpal.ai\/wp-content\/uploads\/2024\/03\/Talkpal-Logo-Icon.png","width":2880,"height":2880,"caption":"Talkpal, Inc."},"image":{"@id":"https:\/\/talkpal.ai\/fi\/#\/schema\/logo\/image\/"},"sameAs":["https:\/\/www.facebook.com\/profile.php?id=100090733639311","https:\/\/x.com\/talkpalai","https:\/\/www.linkedin.com\/company\/talkpal\/","https:\/\/www.youtube.com\/@TalkPal\/","https:\/\/www.tiktok.com\/@talkpal","https:\/\/www.instagram.com\/talkpal_ai\/","https:\/\/www.crunchbase.com\/organization\/talkpal-9cde","https:\/\/www.g2.com\/products\/talkpal-for-business\/","https:\/\/www.trustpilot.com\/review\/talkpal.ai","https:\/\/www.capterra.com\/p\/10006800\/TalkPal\/"],"description":"Talkpal is a language learning web and mobile education app, powered by the latest AI technologies, that provides engaging experiences to its customers in many different languages to help them improve their language skills. Users can chat about unlimited amount of topics with the app and use other modes to practice their language learning.","email":"support@talkpal.ai","legalName":"Talkpal, Inc.","foundingDate":"2023-04-03","duns":"118989042","numberOfEmployees":{"@type":"QuantitativeValue","minValue":"11","maxValue":"50"},"publishingPrinciples":"https:\/\/talkpal.ai\/publishing-principles\/","actionableFeedbackPolicy":"https:\/\/talkpal.ai\/actionable-feedback-policy\/","correctionsPolicy":"https:\/\/talkpal.ai\/corrections-policy\/","ethicsPolicy":"https:\/\/talkpal.ai\/ethics-policy\/","diversityPolicy":"https:\/\/talkpal.ai\/diversity-policy\/","diversityStaffingReport":"https:\/\/talkpal.ai\/diversity-policy\/"}]}},"_links":{"self":[{"href":"https:\/\/talkpal.ai\/fi\/wp-json\/wp\/v2\/vocabulary\/696351","targetHints":{"allow":["GET"]}}],"collection":[{"href":"https:\/\/talkpal.ai\/fi\/wp-json\/wp\/v2\/vocabulary"}],"about":[{"href":"https:\/\/talkpal.ai\/fi\/wp-json\/wp\/v2\/types\/vocabulary"}],"wp:featuredmedia":[{"embeddable":true,"href":"https:\/\/talkpal.ai\/fi\/wp-json\/wp\/v2\/media\/1527853"}],"wp:attachment":[{"href":"https:\/\/talkpal.ai\/fi\/wp-json\/wp\/v2\/media?parent=696351"}],"wp:term":[{"taxonomy":"vocabulary_language","embeddable":true,"href":"https:\/\/talkpal.ai\/fi\/wp-json\/wp\/v2\/vocabulary_language?post=696351"}],"curies":[{"name":"wp","href":"https:\/\/api.w.org\/{rel}","templated":true}]}}