{"id":696230,"date":"2024-06-07T17:12:57","date_gmt":"2024-06-07T17:12:57","guid":{"rendered":"https:\/\/talkpal.ai\/vocabulary\/saan-liittyva-kreikan-sanasto\/"},"modified":"2024-06-07T17:12:57","modified_gmt":"2024-06-07T17:12:57","slug":"saan-liittyva-kreikan-sanasto","status":"publish","type":"vocabulary","link":"https:\/\/talkpal.ai\/fi\/vocabulary\/saan-liittyva-kreikan-sanasto\/","title":{"rendered":"S\u00e4\u00e4n liittyv\u00e4 kreikan sanasto"},"content":{"rendered":"<p>Suomenkieliset oppijat, t\u00e4ss\u00e4 artikkelissa tutustumme s\u00e4\u00e4n liittyv\u00e4\u00e4n kreikan sanastoon. Kreikka on kaunis ja rikas kieli, ja s\u00e4\u00e4n sanaston ymm\u00e4rt\u00e4minen voi auttaa sinua paremmin ymm\u00e4rt\u00e4m\u00e4\u00e4n p\u00e4ivitt\u00e4isi\u00e4 keskusteluja sek\u00e4 uutisia Kreikassa. K\u00e4ymme l\u00e4pi keskeisi\u00e4 sanoja ja ilmauksia, jotka liittyv\u00e4t s\u00e4\u00e4h\u00e4n ja tarjoamme esimerkkej\u00e4 niiden k\u00e4yt\u00f6st\u00e4.<\/p>\n<h2>Perussanat ja ilmaisut<\/h2>\n<p><b>\u039a\u03b1\u03b9\u03c1\u03cc\u03c2<\/b><br \/>\nKreikaksi &#8221;s\u00e4\u00e4&#8221;. T\u00e4m\u00e4 on yleissana, jota k\u00e4ytet\u00e4\u00e4n puhuttaessa s\u00e4\u00e4st\u00e4 yleisesti.<br \/>\n<font color=\"#2D3AC7\">\u039f \u03ba\u03b1\u03b9\u03c1\u03cc\u03c2 \u03c3\u03ae\u03bc\u03b5\u03c1\u03b1 \u03b5\u03af\u03bd\u03b1\u03b9 \u03ba\u03b1\u03bb\u03cc\u03c2.<\/font><\/p>\n<p><b>\u0398\u03b5\u03c1\u03bc\u03bf\u03ba\u03c1\u03b1\u03c3\u03af\u03b1<\/b><br \/>\nKreikaksi &#8221;l\u00e4mp\u00f6tila&#8221;. T\u00e4m\u00e4 sana viittaa ilman <a href=\"https:\/\/talkpal.ai\/learn-thai\/\">tai<\/a> jonkin muun kohteen l\u00e4mp\u00f6tilaan.<br \/>\n<font color=\"#2D3AC7\">\u0397 \u03b8\u03b5\u03c1\u03bc\u03bf\u03ba\u03c1\u03b1\u03c3\u03af\u03b1 \u03b5\u03af\u03bd\u03b1\u03b9 20 \u03b2\u03b1\u03b8\u03bc\u03bf\u03af \u039a\u03b5\u03bb\u03c3\u03af\u03bf\u03c5.<\/font><\/p>\n<p><b>\u0389\u03bb\u03b9\u03bf\u03c2<\/b><br \/>\nKreikaksi &#8221;aurinko&#8221;. Aurinko on keskeinen osa s\u00e4\u00e4t\u00e4, ja t\u00e4m\u00e4 sana on hy\u00f6dyllinen monissa tilanteissa.<br \/>\n<font color=\"#2D3AC7\">\u039f \u03ae\u03bb\u03b9\u03bf\u03c2 \u03bb\u03ac\u03bc\u03c0\u03b5\u03b9 \u03c3\u03c4\u03bf\u03bd \u03bf\u03c5\u03c1\u03b1\u03bd\u03cc.<\/font><\/p>\n<p><b>\u03a3\u03cd\u03bd\u03bd\u03b5\u03c6\u03bf<\/b><br \/>\nKreikaksi &#8221;pilvi&#8221;. Pilvet voivat olla eri muotoisia ja kokoisia, ja ne vaikuttavat usein s\u00e4\u00e4h\u00e4n.<br \/>\n<font color=\"#2D3AC7\">\u03a5\u03c0\u03ac\u03c1\u03c7\u03bf\u03c5\u03bd \u03c0\u03bf\u03bb\u03bb\u03ac \u03c3\u03cd\u03bd\u03bd\u03b5\u03c6\u03b1 \u03c3\u03c4\u03bf\u03bd \u03bf\u03c5\u03c1\u03b1\u03bd\u03cc \u03c3\u03ae\u03bc\u03b5\u03c1\u03b1.<\/font><\/p>\n<p><b>\u0392\u03c1\u03bf\u03c7\u03ae<\/b><br \/>\nKreikaksi &#8221;sade&#8221;. T\u00e4m\u00e4 sana viittaa sateeseen, joka voi olla kevytt\u00e4 tai rankkaa.<br \/>\n<font color=\"#2D3AC7\">\u0397 \u03b2\u03c1\u03bf\u03c7\u03ae \u03c0\u03ad\u03c6\u03c4\u03b5\u03b9 \u03b1\u03c3\u03c4\u03b1\u03bc\u03ac\u03c4\u03b7\u03c4\u03b1.<\/font><\/p>\n<p><b>\u03a7\u03b9\u03cc\u03bd\u03b9<\/b><br \/>\nKreikaksi &#8221;lumi&#8221;. Lumi on yleist\u00e4 talvisin monissa osissa Kreikkaa.<br \/>\n<font color=\"#2D3AC7\">\u03a4\u03bf \u03c7\u03b9\u03cc\u03bd\u03b9 \u03ba\u03b1\u03bb\u03cd\u03c0\u03c4\u03b5\u03b9 \u03c4\u03b1 \u03c0\u03ac\u03bd\u03c4\u03b1.<\/font><\/p>\n<p><b>\u0386\u03bd\u03b5\u03bc\u03bf\u03c2<\/b><br \/>\nKreikaksi &#8221;tuuli&#8221;. Tuuli voi olla voimakasta tai heikkoa, ja se vaikuttaa usein s\u00e4\u00e4olosuhteisiin.<br \/>\n<font color=\"#2D3AC7\">\u039f \u03ac\u03bd\u03b5\u03bc\u03bf\u03c2 \u03c6\u03c5\u03c3\u03ac\u03b5\u03b9 \u03b4\u03c5\u03bd\u03b1\u03c4\u03ac.<\/font><\/p>\n<h2>Lis\u00e4\u00e4 s\u00e4\u00e4n ilmi\u00f6it\u00e4<\/h2>\n<p><b>\u039a\u03b1\u03c4\u03b1\u03b9\u03b3\u03af\u03b4\u03b1<\/b><br \/>\nKreikaksi &#8221;myrsky&#8221;. T\u00e4m\u00e4 sana tarkoittaa voimakasta myrsky\u00e4, joka sis\u00e4lt\u00e4\u00e4 usein ukkosta ja salamoita.<br \/>\n<font color=\"#2D3AC7\">\u0397 \u03ba\u03b1\u03c4\u03b1\u03b9\u03b3\u03af\u03b4\u03b1 \u03c0\u03bb\u03b7\u03c3\u03b9\u03ac\u03b6\u03b5\u03b9 \u03b3\u03c1\u03ae\u03b3\u03bf\u03c1\u03b1.<\/font><\/p>\n<p><b>\u039f\u03bc\u03af\u03c7\u03bb\u03b7<\/b><br \/>\nKreikaksi &#8221;sumu&#8221;. Sumu voi tehd\u00e4 n\u00e4kyvyyden huonoksi ja on yleist\u00e4 rannikkoalueilla.<br \/>\n<font color=\"#2D3AC7\">\u0397 \u03bf\u03bc\u03af\u03c7\u03bb\u03b7 \u03b5\u03af\u03bd\u03b1\u03b9 \u03c0\u03c5\u03ba\u03bd\u03ae \u03c3\u03ae\u03bc\u03b5\u03c1\u03b1 \u03c4\u03bf \u03c0\u03c1\u03c9\u03af.<\/font><\/p>\n<p><b>\u0391\u03c3\u03c4\u03c1\u03b1\u03c0\u03ae<\/b><br \/>\nKreikaksi &#8221;salama&#8221;. Salama on kirkas valonv\u00e4l\u00e4hdys, joka esiintyy ukkosen yhteydess\u00e4.<br \/>\n<font color=\"#2D3AC7\">\u0395\u03af\u03b4\u03b1 \u03bc\u03b9\u03b1 \u03b1\u03c3\u03c4\u03c1\u03b1\u03c0\u03ae \u03c3\u03c4\u03bf\u03bd \u03bf\u03c5\u03c1\u03b1\u03bd\u03cc.<\/font><\/p>\n<p><b>\u039a\u03b5\u03c1\u03b1\u03c5\u03bd\u03cc\u03c2<\/b><br \/>\nKreikaksi &#8221;ukkonen&#8221;. T\u00e4m\u00e4 sana viittaa ukkosen jyr\u00e4hdykseen, joka seuraa salamaa.<br \/>\n<font color=\"#2D3AC7\">\u039f \u03ba\u03b5\u03c1\u03b1\u03c5\u03bd\u03cc\u03c2 \u03ae\u03c4\u03b1\u03bd \u03c0\u03bf\u03bb\u03cd \u03b4\u03c5\u03bd\u03b1\u03c4\u03cc\u03c2.<\/font><\/p>\n<p><b>\u03a0\u03ac\u03b3\u03bf\u03c2<\/b><br \/>\nKreikaksi &#8221;j\u00e4\u00e4&#8221;. J\u00e4\u00e4 muodostuu, kun vesi j\u00e4\u00e4tyy, ja se on yleist\u00e4 talvisin.<br \/>\n<font color=\"#2D3AC7\">\u039f \u03b4\u03c1\u03cc\u03bc\u03bf\u03c2 \u03b5\u03af\u03bd\u03b1\u03b9 \u03ba\u03b1\u03bb\u03c5\u03bc\u03bc\u03ad\u03bd\u03bf\u03c2 \u03bc\u03b5 \u03c0\u03ac\u03b3\u03bf.<\/font><\/p>\n<p><b>\u0394\u03c1\u03bf\u03c3\u03b9\u03ac<\/b><br \/>\nKreikaksi &#8221;kaste&#8221;. T\u00e4m\u00e4 sana tarkoittaa kosteutta, joka tiivistyy y\u00f6n aikana ja muodostaa kasteen.<br \/>\n<font color=\"#2D3AC7\">\u0397 \u03b4\u03c1\u03bf\u03c3\u03b9\u03ac \u03b5\u03af\u03bd\u03b1\u03b9 \u03ad\u03bd\u03c4\u03bf\u03bd\u03b7 \u03c4\u03bf \u03c0\u03c1\u03c9\u03af.<\/font><\/p>\n<h2>S\u00e4\u00e4n kuvaileminen<\/h2>\n<p><b>\u0396\u03b5\u03c3\u03c4\u03cc\u03c2<\/b><br \/>\nKreikaksi &#8221;kuuma&#8221;. T\u00e4m\u00e4 adjektiivi kuvaa korkeaa l\u00e4mp\u00f6tilaa.<br \/>\n<font color=\"#2D3AC7\">\u039f \u03ba\u03b1\u03b9\u03c1\u03cc\u03c2 \u03b5\u03af\u03bd\u03b1\u03b9 \u03c0\u03bf\u03bb\u03cd \u03b6\u03b5\u03c3\u03c4\u03cc\u03c2 \u03c3\u03ae\u03bc\u03b5\u03c1\u03b1.<\/font><\/p>\n<p><b>\u039a\u03c1\u03cd\u03bf\u03c2<\/b><br \/>\nKreikaksi &#8221;kylm\u00e4&#8221;. T\u00e4m\u00e4 adjektiivi kuvaa matalaa l\u00e4mp\u00f6tilaa.<br \/>\n<font color=\"#2D3AC7\">\u039f \u03ba\u03b1\u03b9\u03c1\u03cc\u03c2 \u03b5\u03af\u03bd\u03b1\u03b9 \u03c0\u03bf\u03bb\u03cd \u03ba\u03c1\u03cd\u03bf\u03c2 \u03c4\u03bf \u03c7\u03b5\u03b9\u03bc\u03ce\u03bd\u03b1.<\/font><\/p>\n<p><b>\u03a5\u03b3\u03c1\u03cc\u03c2<\/b><br \/>\nKreikaksi &#8221;kostea&#8221;. T\u00e4m\u00e4 adjektiivi kuvaa ilmaa, jossa on paljon kosteutta.<br \/>\n<font color=\"#2D3AC7\">\u039f \u03b1\u03ad\u03c1\u03b1\u03c2 \u03b5\u03af\u03bd\u03b1\u03b9 \u03c0\u03bf\u03bb\u03cd \u03c5\u03b3\u03c1\u03cc\u03c2 \u03c3\u03ae\u03bc\u03b5\u03c1\u03b1.<\/font><\/p>\n<p><b>\u039e\u03b7\u03c1\u03cc\u03c2<\/b><br \/>\nKreikaksi &#8221;kuiva&#8221;. T\u00e4m\u00e4 adjektiivi kuvaa ilmaa, jossa on v\u00e4h\u00e4n kosteutta.<br \/>\n<font color=\"#2D3AC7\">\u039f \u03ba\u03b1\u03b9\u03c1\u03cc\u03c2 \u03b5\u03af\u03bd\u03b1\u03b9 \u03be\u03b7\u03c1\u03cc\u03c2 \u03ba\u03b1\u03b9 \u03b6\u03b5\u03c3\u03c4\u03cc\u03c2.<\/font><\/p>\n<p><b>\u0391\u03c0\u03b1\u03bb\u03cc \u03b1\u03b5\u03c1\u03ac\u03ba\u03b9<\/b><br \/>\nKreikaksi &#8221;kevyt tuulenhenk\u00e4ys&#8221;. T\u00e4m\u00e4 sanonta kuvaa heikkoa tuulta.<br \/>\n<font color=\"#2D3AC7\">\u0388\u03bd\u03b1 \u03b1\u03c0\u03b1\u03bb\u03cc \u03b1\u03b5\u03c1\u03ac\u03ba\u03b9 \u03c6\u03c5\u03c3\u03ac\u03b5\u03b9 \u03b1\u03c0\u03cc \u03c4\u03b7 \u03b8\u03ac\u03bb\u03b1\u03c3\u03c3\u03b1.<\/font><\/p>\n<p><b>\u0394\u03c5\u03bd\u03b1\u03c4\u03cc\u03c2 \u03ac\u03bd\u03b5\u03bc\u03bf\u03c2<\/b><br \/>\nKreikaksi &#8221;voimakas tuuli&#8221;. T\u00e4m\u00e4 sanonta kuvaa voimakasta tuulta.<br \/>\n<font color=\"#2D3AC7\">\u0388\u03bd\u03b1\u03c2 \u03b4\u03c5\u03bd\u03b1\u03c4\u03cc\u03c2 \u03ac\u03bd\u03b5\u03bc\u03bf\u03c2 \u03c6\u03c5\u03c3\u03ac\u03b5\u03b9 \u03b1\u03c0\u03cc \u03c4\u03b1 \u03b2\u03bf\u03c5\u03bd\u03ac.<\/font><\/p>\n<h2>Vuodenajat<\/h2>\n<p><b>\u0386\u03bd\u03bf\u03b9\u03be\u03b7<\/b><br \/>\nKreikaksi &#8221;kev\u00e4t&#8221;. Kev\u00e4t on vuodenaika, jolloin luonto her\u00e4\u00e4 eloon talven j\u00e4lkeen.<br \/>\n<font color=\"#2D3AC7\">\u0397 \u03ac\u03bd\u03bf\u03b9\u03be\u03b7 \u03b5\u03af\u03bd\u03b1\u03b9 \u03b7 \u03b1\u03b3\u03b1\u03c0\u03b7\u03bc\u03ad\u03bd\u03b7 \u03bc\u03bf\u03c5 \u03b5\u03c0\u03bf\u03c7\u03ae.<\/font><\/p>\n<p><b>\u039a\u03b1\u03bb\u03bf\u03ba\u03b1\u03af\u03c1\u03b9<\/b><br \/>\nKreikaksi &#8221;kes\u00e4&#8221;. Kes\u00e4 on l\u00e4mpimin vuodenaika, ja se on usein t\u00e4ynn\u00e4 aurinkoisia p\u00e4ivi\u00e4.<br \/>\n<font color=\"#2D3AC7\">\u03a4\u03bf \u03ba\u03b1\u03bb\u03bf\u03ba\u03b1\u03af\u03c1\u03b9 \u03c0\u03b7\u03b3\u03b1\u03af\u03bd\u03bf\u03c5\u03bc\u03b5 \u03c3\u03c4\u03b7 \u03b8\u03ac\u03bb\u03b1\u03c3\u03c3\u03b1.<\/font><\/p>\n<p><b>\u03a6\u03b8\u03b9\u03bd\u03cc\u03c0\u03c9\u03c1\u03bf<\/b><br \/>\nKreikaksi &#8221;syksy&#8221;. Syksy on vuodenaika, jolloin lehdet putoavat ja s\u00e4\u00e4 viilenee.<br \/>\n<font color=\"#2D3AC7\">\u03a4\u03bf \u03c6\u03b8\u03b9\u03bd\u03cc\u03c0\u03c9\u03c1\u03bf \u03c4\u03b1 \u03c6\u03cd\u03bb\u03bb\u03b1 \u03b1\u03bb\u03bb\u03ac\u03b6\u03bf\u03c5\u03bd \u03c7\u03c1\u03ce\u03bc\u03b1.<\/font><\/p>\n<p><b>\u03a7\u03b5\u03b9\u03bc\u03ce\u03bd\u03b1\u03c2<\/b><br \/>\nKreikaksi &#8221;talvi&#8221;. Talvi on kylmin vuodenaika, ja se voi tuoda mukanaan lunta ja j\u00e4\u00e4t\u00e4.<br \/>\n<font color=\"#2D3AC7\">\u039f \u03c7\u03b5\u03b9\u03bc\u03ce\u03bd\u03b1\u03c2 \u03b5\u03af\u03bd\u03b1\u03b9 \u03c0\u03bf\u03bb\u03cd \u03ba\u03c1\u03cd\u03bf\u03c2 \u03c3\u03c4\u03b1 \u03b2\u03bf\u03c5\u03bd\u03ac.<\/font><\/p>\n<h2>Ilmastonmuutokseen liittyvi\u00e4 sanoja<\/h2>\n<p><b>\u039a\u03bb\u03b9\u03bc\u03b1\u03c4\u03b9\u03ba\u03ae \u03b1\u03bb\u03bb\u03b1\u03b3\u03ae<\/b><br \/>\nKreikaksi &#8221;ilmastonmuutos&#8221;. T\u00e4m\u00e4 termi viittaa maailmanlaajuisiin muutoksiin ilmastossa.<br \/>\n<font color=\"#2D3AC7\">\u0397 \u03ba\u03bb\u03b9\u03bc\u03b1\u03c4\u03b9\u03ba\u03ae \u03b1\u03bb\u03bb\u03b1\u03b3\u03ae \u03b5\u03c0\u03b7\u03c1\u03b5\u03ac\u03b6\u03b5\u03b9 \u03c4\u03bf\u03bd \u03ba\u03b1\u03b9\u03c1\u03cc \u03c0\u03b1\u03bd\u03c4\u03bf\u03cd.<\/font><\/p>\n<p><b>\u03a0\u03b1\u03b3\u03ba\u03cc\u03c3\u03bc\u03b9\u03b1 \u03b8\u03ad\u03c1\u03bc\u03b1\u03bd\u03c3\u03b7<\/b><br \/>\nKreikaksi &#8221;maapallon l\u00e4mpeneminen&#8221;. T\u00e4m\u00e4 termi viittaa maapallon keskil\u00e4mp\u00f6tilan nousuun.<br \/>\n<font color=\"#2D3AC7\">\u0397 \u03c0\u03b1\u03b3\u03ba\u03cc\u03c3\u03bc\u03b9\u03b1 \u03b8\u03ad\u03c1\u03bc\u03b1\u03bd\u03c3\u03b7 \u03c0\u03c1\u03bf\u03ba\u03b1\u03bb\u03b5\u03af \u03c4\u03b7\u03bd \u03ac\u03bd\u03bf\u03b4\u03bf \u03c4\u03b7\u03c2 \u03c3\u03c4\u03ac\u03b8\u03bc\u03b7\u03c2 \u03c4\u03b7\u03c2 \u03b8\u03ac\u03bb\u03b1\u03c3\u03c3\u03b1\u03c2.<\/font><\/p>\n<p><b>\u0391\u03bd\u03b1\u03bd\u03b5\u03ce\u03c3\u03b9\u03bc\u03b5\u03c2 \u03c0\u03b7\u03b3\u03ad\u03c2 \u03b5\u03bd\u03ad\u03c1\u03b3\u03b5\u03b9\u03b1\u03c2<\/b><br \/>\nKreikaksi &#8221;uusiutuvat energial\u00e4hteet&#8221;. T\u00e4m\u00e4 termi viittaa energial\u00e4hteisiin, jotka uusiutuvat luonnollisesti.<br \/>\n<font color=\"#2D3AC7\">\u039f\u03b9 \u03b1\u03bd\u03b1\u03bd\u03b5\u03ce\u03c3\u03b9\u03bc\u03b5\u03c2 \u03c0\u03b7\u03b3\u03ad\u03c2 \u03b5\u03bd\u03ad\u03c1\u03b3\u03b5\u03b9\u03b1\u03c2 \u03b5\u03af\u03bd\u03b1\u03b9 \u03c3\u03b7\u03bc\u03b1\u03bd\u03c4\u03b9\u03ba\u03ad\u03c2 \u03b3\u03b9\u03b1 \u03c4\u03b7 \u03bc\u03b5\u03af\u03c9\u03c3\u03b7 \u03c4\u03b7\u03c2 \u03c1\u03cd\u03c0\u03b1\u03bd\u03c3\u03b7\u03c2.<\/font><\/p>\n<p><b>\u03a1\u03cd\u03c0\u03b1\u03bd\u03c3\u03b7<\/b><br \/>\nKreikaksi &#8221;saastuminen&#8221;. T\u00e4m\u00e4 termi viittaa haitallisten aineiden p\u00e4\u00e4st\u00f6ihin ymp\u00e4rist\u00f6\u00f6n.<br \/>\n<font color=\"#2D3AC7\">\u0397 \u03c1\u03cd\u03c0\u03b1\u03bd\u03c3\u03b7 \u03c4\u03bf\u03c5 \u03b1\u03ad\u03c1\u03b1 \u03b5\u03af\u03bd\u03b1\u03b9 \u03c0\u03c1\u03cc\u03b2\u03bb\u03b7\u03bc\u03b1 \u03c3\u03c4\u03b9\u03c2 \u03bc\u03b5\u03b3\u03ac\u03bb\u03b5\u03c2 \u03c0\u03cc\u03bb\u03b5\u03b9\u03c2.<\/font><\/p>\n<h2>Erilaisia s\u00e4\u00e4tiloja<\/h2>\n<p><b>\u0391\u03af\u03b8\u03c1\u03b9\u03bf\u03c2<\/b><br \/>\nKreikaksi &#8221;selke\u00e4&#8221;. T\u00e4m\u00e4 adjektiivi kuvaa s\u00e4\u00e4t\u00e4, joka on kirkas ja pilvet\u00f6n.<br \/>\n<font color=\"#2D3AC7\">\u039f \u03ba\u03b1\u03b9\u03c1\u03cc\u03c2 \u03b5\u03af\u03bd\u03b1\u03b9 \u03b1\u03af\u03b8\u03c1\u03b9\u03bf\u03c2 \u03c3\u03ae\u03bc\u03b5\u03c1\u03b1.<\/font><\/p>\n<p><b>\u03a3\u03c5\u03bd\u03bd\u03b5\u03c6\u03b9\u03b1\u03c3\u03bc\u03ad\u03bd\u03bf\u03c2<\/b><br \/>\nKreikaksi &#8221;pilvinen&#8221;. T\u00e4m\u00e4 adjektiivi kuvaa s\u00e4\u00e4t\u00e4, jossa on paljon pilvi\u00e4.<br \/>\n<font color=\"#2D3AC7\">\u039f \u03bf\u03c5\u03c1\u03b1\u03bd\u03cc\u03c2 \u03b5\u03af\u03bd\u03b1\u03b9 \u03c3\u03c5\u03bd\u03bd\u03b5\u03c6\u03b9\u03b1\u03c3\u03bc\u03ad\u03bd\u03bf\u03c2.<\/font><\/p>\n<p><b>\u0392\u03c1\u03bf\u03c7\u03b5\u03c1\u03cc\u03c2<\/b><br \/>\nKreikaksi &#8221;sateinen&#8221;. T\u00e4m\u00e4 adjektiivi kuvaa s\u00e4\u00e4t\u00e4, jossa sataa.<br \/>\n<font color=\"#2D3AC7\">\u0397 \u03bc\u03ad\u03c1\u03b1 \u03b5\u03af\u03bd\u03b1\u03b9 \u03b2\u03c1\u03bf\u03c7\u03b5\u03c1\u03ae \u03ba\u03b1\u03b9 \u03bc\u03bf\u03c5\u03bd\u03c4\u03ae.<\/font><\/p>\n<p><b>\u03a7\u03b9\u03bf\u03bd\u03b9\u03c3\u03bc\u03ad\u03bd\u03bf\u03c2<\/b><br \/>\nKreikaksi &#8221;luminen&#8221;. T\u00e4m\u00e4 adjektiivi kuvaa s\u00e4\u00e4t\u00e4, jossa on lunta.<br \/>\n<font color=\"#2D3AC7\">\u03a4\u03bf \u03c4\u03bf\u03c0\u03af\u03bf \u03b5\u03af\u03bd\u03b1\u03b9 \u03c7\u03b9\u03bf\u03bd\u03b9\u03c3\u03bc\u03ad\u03bd\u03bf.<\/font><\/p>\n<p><b>\u039a\u03b1\u03c4\u03b1\u03b9\u03b3\u03b9\u03c3\u03c4\u03b9\u03ba\u03cc\u03c2<\/b><br \/>\nKreikaksi &#8221;myrskyis\u00e4&#8221;. T\u00e4m\u00e4 adjektiivi kuvaa s\u00e4\u00e4t\u00e4, jossa on myrsky.<br \/>\n<font color=\"#2D3AC7\">\u039f \u03ba\u03b1\u03b9\u03c1\u03cc\u03c2 \u03b5\u03af\u03bd\u03b1\u03b9 \u03ba\u03b1\u03c4\u03b1\u03b9\u03b3\u03b9\u03c3\u03c4\u03b9\u03ba\u03cc\u03c2 \u03bc\u03b5 \u03ba\u03b5\u03c1\u03b1\u03c5\u03bd\u03bf\u03cd\u03c2 \u03ba\u03b1\u03b9 \u03b1\u03c3\u03c4\u03c1\u03b1\u03c0\u03ad\u03c2.<\/font><\/p>\n<p><b>\u0398\u03c5\u03b5\u03bb\u03bb\u03ce\u03b4\u03b7\u03c2<\/b><br \/>\nKreikaksi &#8221;myrskyis\u00e4&#8221;. T\u00e4m\u00e4 adjektiivi kuvaa s\u00e4\u00e4t\u00e4, jossa on voimakkaita tuulia.<br \/>\n<font color=\"#2D3AC7\">\u0397 \u03b8\u03ac\u03bb\u03b1\u03c3\u03c3\u03b1 \u03b5\u03af\u03bd\u03b1\u03b9 \u03b8\u03c5\u03b5\u03bb\u03bb\u03ce\u03b4\u03b7\u03c2 \u03c3\u03ae\u03bc\u03b5\u03c1\u03b1.<\/font><\/p>\n<h2>Paikannimet ja s\u00e4\u00e4<\/h2>\n<p><b>\u0398\u03ac\u03bb\u03b1\u03c3\u03c3\u03b1<\/b><br \/>\nKreikaksi &#8221;meri&#8221;. Meri vaikuttaa usein rannikkoalueiden s\u00e4\u00e4h\u00e4n.<br \/>\n<font color=\"#2D3AC7\">\u0397 \u03b8\u03ac\u03bb\u03b1\u03c3\u03c3\u03b1 \u03b5\u03af\u03bd\u03b1\u03b9 \u03ae\u03c1\u03b5\u03bc\u03b7 \u03c3\u03ae\u03bc\u03b5\u03c1\u03b1.<\/font><\/p>\n<p><b>\u0392\u03bf\u03c5\u03bd\u03cc<\/b><br \/>\nKreikaksi &#8221;vuori&#8221;. Vuoret voivat vaikuttaa paikalliseen s\u00e4\u00e4h\u00e4n ja tuoda mukanaan erilaisia s\u00e4\u00e4ilmi\u00f6it\u00e4.<br \/>\n<font color=\"#2D3AC7\">\u03a4\u03bf \u03b2\u03bf\u03c5\u03bd\u03cc \u03b5\u03af\u03bd\u03b1\u03b9 \u03ba\u03b1\u03bb\u03c5\u03bc\u03bc\u03ad\u03bd\u03bf \u03bc\u03b5 \u03c7\u03b9\u03cc\u03bd\u03b9.<\/font><\/p>\n<p><b>\u03a0\u03cc\u03bb\u03b7<\/b><br \/>\nKreikaksi &#8221;kaupunki&#8221;. Kaupungeissa s\u00e4\u00e4 voi olla erilainen kuin maaseudulla.<br \/>\n<font color=\"#2D3AC7\">\u0397 \u03c0\u03cc\u03bb\u03b7 \u03ad\u03c7\u03b5\u03b9 \u03c5\u03c8\u03b7\u03bb\u03ae \u03b8\u03b5\u03c1\u03bc\u03bf\u03ba\u03c1\u03b1\u03c3\u03af\u03b1 \u03c3\u03ae\u03bc\u03b5\u03c1\u03b1.<\/font><\/p>\n<p><b>\u03a7\u03c9\u03c1\u03b9\u03cc<\/b><br \/>\nKreikaksi &#8221;kyl\u00e4&#8221;. Kyliss\u00e4 s\u00e4\u00e4 voi vaihdella paljon riippuen niiden sijainnista.<br \/>\n<font color=\"#2D3AC7\">\u03a4\u03bf \u03c7\u03c9\u03c1\u03b9\u03cc \u03b2\u03c1\u03af\u03c3\u03ba\u03b5\u03c4\u03b1\u03b9 \u03c3\u03b5 \u03bc\u03b9\u03b1 \u03ba\u03bf\u03b9\u03bb\u03ac\u03b4\u03b1.<\/font><\/p>\n<p>Yhteenvetona voidaan todeta, ett\u00e4 s\u00e4\u00e4n liittyv\u00e4 kreikan sanasto on monipuolinen ja sis\u00e4lt\u00e4\u00e4 monia t\u00e4rkeit\u00e4 sanoja ja ilmaisuja. N\u00e4iden sanojen ja ilmausten oppiminen auttaa sinua ymm\u00e4rt\u00e4m\u00e4\u00e4n paremmin kreikkalaista kulttuuria ja p\u00e4ivitt\u00e4isi\u00e4 keskusteluja. Toivottavasti t\u00e4m\u00e4 artikkeli on ollut hy\u00f6dyllinen ja olet oppinut jotain uutta!<\/p>\n","protected":false},"featured_media":1527637,"template":"","vocabulary_language":[3808],"class_list":["post-696230","vocabulary","type-vocabulary","status-publish","has-post-thumbnail","hentry","vocabulary_language-kreikkalainen"],"acf":[],"yoast_head":"<!-- This site is optimized with the Yoast SEO Premium plugin v27.2 (Yoast SEO v27.2) - https:\/\/yoast.com\/product\/yoast-seo-premium-wordpress\/ -->\n<title>S\u00e4\u00e4n liittyv\u00e4 kreikan sanasto - Talkpal<\/title>\n<meta name=\"description\" content=\"Suomenkieliset oppijat, t\u00e4ss\u00e4 artikkelissa tutustumme s\u00e4\u00e4n liittyv\u00e4\u00e4n kreikan sanastoon. Kreikka on kaunis ja rikas kieli, ja s\u00e4\u00e4n sanaston ymm\u00e4rt\u00e4minen\" \/>\n<meta name=\"robots\" content=\"index, follow, max-snippet:-1, max-image-preview:large, max-video-preview:-1\" \/>\n<link rel=\"canonical\" href=\"https:\/\/talkpal.ai\/fi\/vocabulary\/saan-liittyva-kreikan-sanasto\/\" \/>\n<meta property=\"og:locale\" content=\"fi_FI\" \/>\n<meta property=\"og:type\" content=\"article\" \/>\n<meta property=\"og:title\" content=\"S\u00e4\u00e4n liittyv\u00e4 kreikan sanasto\" \/>\n<meta property=\"og:description\" content=\"Suomenkieliset oppijat, t\u00e4ss\u00e4 artikkelissa tutustumme s\u00e4\u00e4n liittyv\u00e4\u00e4n kreikan sanastoon. Kreikka on kaunis ja rikas kieli, ja s\u00e4\u00e4n sanaston ymm\u00e4rt\u00e4minen\" \/>\n<meta property=\"og:url\" content=\"https:\/\/talkpal.ai\/fi\/vocabulary\/saan-liittyva-kreikan-sanasto\/\" \/>\n<meta property=\"og:site_name\" content=\"Talkpal\" \/>\n<meta property=\"article:publisher\" content=\"https:\/\/www.facebook.com\/profile.php?id=100090733639311\" \/>\n<meta property=\"og:image\" content=\"https:\/\/talkpal.ai\/wp-content\/uploads\/2024\/10\/talkpal_flat_illustration_of_a_employees_working_together_happi_c674ff77-e477-4e09-835a-01d30e561e99.png\" \/>\n\t<meta property=\"og:image:width\" content=\"1024\" \/>\n\t<meta property=\"og:image:height\" content=\"1024\" \/>\n\t<meta property=\"og:image:type\" content=\"image\/png\" \/>\n<meta name=\"twitter:card\" content=\"summary_large_image\" \/>\n<meta name=\"twitter:site\" content=\"@talkpalai\" \/>\n<meta name=\"twitter:label1\" content=\"Arvioitu lukuaika\" \/>\n\t<meta name=\"twitter:data1\" content=\"3 minuuttia\" \/>\n<script type=\"application\/ld+json\" class=\"yoast-schema-graph\">{\"@context\":\"https:\/\/schema.org\",\"@graph\":[{\"@type\":\"WebPage\",\"@id\":\"https:\/\/talkpal.ai\/fi\/vocabulary\/saan-liittyva-kreikan-sanasto\/\",\"url\":\"https:\/\/talkpal.ai\/fi\/vocabulary\/saan-liittyva-kreikan-sanasto\/\",\"name\":\"S\u00e4\u00e4n liittyv\u00e4 kreikan sanasto - Talkpal\",\"isPartOf\":{\"@id\":\"https:\/\/talkpal.ai\/fi\/#website\"},\"primaryImageOfPage\":{\"@id\":\"https:\/\/talkpal.ai\/fi\/vocabulary\/saan-liittyva-kreikan-sanasto\/#primaryimage\"},\"image\":{\"@id\":\"https:\/\/talkpal.ai\/fi\/vocabulary\/saan-liittyva-kreikan-sanasto\/#primaryimage\"},\"thumbnailUrl\":\"https:\/\/talkpal.ai\/wp-content\/uploads\/2025\/12\/diverse-group-at-library-learning-languages.webp\",\"datePublished\":\"2024-06-07T17:12:57+00:00\",\"description\":\"Suomenkieliset oppijat, t\u00e4ss\u00e4 artikkelissa tutustumme s\u00e4\u00e4n liittyv\u00e4\u00e4n kreikan sanastoon. Kreikka on kaunis ja rikas kieli, ja s\u00e4\u00e4n sanaston ymm\u00e4rt\u00e4minen\",\"breadcrumb\":{\"@id\":\"https:\/\/talkpal.ai\/fi\/vocabulary\/saan-liittyva-kreikan-sanasto\/#breadcrumb\"},\"inLanguage\":\"fi\",\"potentialAction\":[{\"@type\":\"ReadAction\",\"target\":[\"https:\/\/talkpal.ai\/fi\/vocabulary\/saan-liittyva-kreikan-sanasto\/\"]}]},{\"@type\":\"ImageObject\",\"inLanguage\":\"fi\",\"@id\":\"https:\/\/talkpal.ai\/fi\/vocabulary\/saan-liittyva-kreikan-sanasto\/#primaryimage\",\"url\":\"https:\/\/talkpal.ai\/wp-content\/uploads\/2025\/12\/diverse-group-at-library-learning-languages.webp\",\"contentUrl\":\"https:\/\/talkpal.ai\/wp-content\/uploads\/2025\/12\/diverse-group-at-library-learning-languages.webp\",\"width\":1200,\"height\":896,\"caption\":\"A large diverse group of students fills a library hall while focused on learning languages at their desks.\"},{\"@type\":\"BreadcrumbList\",\"@id\":\"https:\/\/talkpal.ai\/fi\/vocabulary\/saan-liittyva-kreikan-sanasto\/#breadcrumb\",\"itemListElement\":[{\"@type\":\"ListItem\",\"position\":1,\"name\":\"Homepage\",\"item\":\"https:\/\/talkpal.ai\/fi\/\"},{\"@type\":\"ListItem\",\"position\":2,\"name\":\"S\u00e4\u00e4n liittyv\u00e4 kreikan sanasto\"}]},{\"@type\":\"WebSite\",\"@id\":\"https:\/\/talkpal.ai\/fi\/#website\",\"url\":\"https:\/\/talkpal.ai\/fi\/\",\"name\":\"Talkpal\",\"description\":\"AI Language Learning\",\"publisher\":{\"@id\":\"https:\/\/talkpal.ai\/fi\/#organization\"},\"alternateName\":\"Talkpal AI\",\"potentialAction\":[{\"@type\":\"SearchAction\",\"target\":{\"@type\":\"EntryPoint\",\"urlTemplate\":\"https:\/\/talkpal.ai\/fi\/?s={search_term_string}\"},\"query-input\":{\"@type\":\"PropertyValueSpecification\",\"valueRequired\":true,\"valueName\":\"search_term_string\"}}],\"inLanguage\":\"fi\"},{\"@type\":\"Organization\",\"@id\":\"https:\/\/talkpal.ai\/fi\/#organization\",\"name\":\"Talkpal, Inc.\",\"alternateName\":\"Talkpal AI\",\"url\":\"https:\/\/talkpal.ai\/fi\/\",\"logo\":{\"@type\":\"ImageObject\",\"inLanguage\":\"fi\",\"@id\":\"https:\/\/talkpal.ai\/fi\/#\/schema\/logo\/image\/\",\"url\":\"https:\/\/talkpal.ai\/wp-content\/uploads\/2024\/03\/Talkpal-Logo-Icon.png\",\"contentUrl\":\"https:\/\/talkpal.ai\/wp-content\/uploads\/2024\/03\/Talkpal-Logo-Icon.png\",\"width\":2880,\"height\":2880,\"caption\":\"Talkpal, Inc.\"},\"image\":{\"@id\":\"https:\/\/talkpal.ai\/fi\/#\/schema\/logo\/image\/\"},\"sameAs\":[\"https:\/\/www.facebook.com\/profile.php?id=100090733639311\",\"https:\/\/x.com\/talkpalai\",\"https:\/\/www.linkedin.com\/company\/talkpal\/\",\"https:\/\/www.youtube.com\/@TalkPal\/\",\"https:\/\/www.tiktok.com\/@talkpal\",\"https:\/\/www.instagram.com\/talkpal_ai\/\",\"https:\/\/www.crunchbase.com\/organization\/talkpal-9cde\",\"https:\/\/www.g2.com\/products\/talkpal-for-business\/\",\"https:\/\/www.trustpilot.com\/review\/talkpal.ai\",\"https:\/\/www.capterra.com\/p\/10006800\/TalkPal\/\"],\"description\":\"Talkpal is a language learning web and mobile education app, powered by the latest AI technologies, that provides engaging experiences to its customers in many different languages to help them improve their language skills. Users can chat about unlimited amount of topics with the app and use other modes to practice their language learning.\",\"email\":\"support@talkpal.ai\",\"legalName\":\"Talkpal, Inc.\",\"foundingDate\":\"2023-04-03\",\"duns\":\"118989042\",\"numberOfEmployees\":{\"@type\":\"QuantitativeValue\",\"minValue\":\"11\",\"maxValue\":\"50\"},\"publishingPrinciples\":\"https:\/\/talkpal.ai\/publishing-principles\/\",\"actionableFeedbackPolicy\":\"https:\/\/talkpal.ai\/actionable-feedback-policy\/\",\"correctionsPolicy\":\"https:\/\/talkpal.ai\/corrections-policy\/\",\"ethicsPolicy\":\"https:\/\/talkpal.ai\/ethics-policy\/\",\"diversityPolicy\":\"https:\/\/talkpal.ai\/diversity-policy\/\",\"diversityStaffingReport\":\"https:\/\/talkpal.ai\/diversity-policy\/\"}]}<\/script>\n<!-- \/ Yoast SEO Premium plugin. -->","yoast_head_json":{"title":"S\u00e4\u00e4n liittyv\u00e4 kreikan sanasto - Talkpal","description":"Suomenkieliset oppijat, t\u00e4ss\u00e4 artikkelissa tutustumme s\u00e4\u00e4n liittyv\u00e4\u00e4n kreikan sanastoon. Kreikka on kaunis ja rikas kieli, ja s\u00e4\u00e4n sanaston ymm\u00e4rt\u00e4minen","robots":{"index":"index","follow":"follow","max-snippet":"max-snippet:-1","max-image-preview":"max-image-preview:large","max-video-preview":"max-video-preview:-1"},"canonical":"https:\/\/talkpal.ai\/fi\/vocabulary\/saan-liittyva-kreikan-sanasto\/","og_locale":"fi_FI","og_type":"article","og_title":"S\u00e4\u00e4n liittyv\u00e4 kreikan sanasto","og_description":"Suomenkieliset oppijat, t\u00e4ss\u00e4 artikkelissa tutustumme s\u00e4\u00e4n liittyv\u00e4\u00e4n kreikan sanastoon. Kreikka on kaunis ja rikas kieli, ja s\u00e4\u00e4n sanaston ymm\u00e4rt\u00e4minen","og_url":"https:\/\/talkpal.ai\/fi\/vocabulary\/saan-liittyva-kreikan-sanasto\/","og_site_name":"Talkpal","article_publisher":"https:\/\/www.facebook.com\/profile.php?id=100090733639311","og_image":[{"width":1024,"height":1024,"url":"https:\/\/talkpal.ai\/wp-content\/uploads\/2024\/10\/talkpal_flat_illustration_of_a_employees_working_together_happi_c674ff77-e477-4e09-835a-01d30e561e99.png","type":"image\/png"}],"twitter_card":"summary_large_image","twitter_site":"@talkpalai","twitter_misc":{"Arvioitu lukuaika":"3 minuuttia"},"schema":{"@context":"https:\/\/schema.org","@graph":[{"@type":"WebPage","@id":"https:\/\/talkpal.ai\/fi\/vocabulary\/saan-liittyva-kreikan-sanasto\/","url":"https:\/\/talkpal.ai\/fi\/vocabulary\/saan-liittyva-kreikan-sanasto\/","name":"S\u00e4\u00e4n liittyv\u00e4 kreikan sanasto - Talkpal","isPartOf":{"@id":"https:\/\/talkpal.ai\/fi\/#website"},"primaryImageOfPage":{"@id":"https:\/\/talkpal.ai\/fi\/vocabulary\/saan-liittyva-kreikan-sanasto\/#primaryimage"},"image":{"@id":"https:\/\/talkpal.ai\/fi\/vocabulary\/saan-liittyva-kreikan-sanasto\/#primaryimage"},"thumbnailUrl":"https:\/\/talkpal.ai\/wp-content\/uploads\/2025\/12\/diverse-group-at-library-learning-languages.webp","datePublished":"2024-06-07T17:12:57+00:00","description":"Suomenkieliset oppijat, t\u00e4ss\u00e4 artikkelissa tutustumme s\u00e4\u00e4n liittyv\u00e4\u00e4n kreikan sanastoon. Kreikka on kaunis ja rikas kieli, ja s\u00e4\u00e4n sanaston ymm\u00e4rt\u00e4minen","breadcrumb":{"@id":"https:\/\/talkpal.ai\/fi\/vocabulary\/saan-liittyva-kreikan-sanasto\/#breadcrumb"},"inLanguage":"fi","potentialAction":[{"@type":"ReadAction","target":["https:\/\/talkpal.ai\/fi\/vocabulary\/saan-liittyva-kreikan-sanasto\/"]}]},{"@type":"ImageObject","inLanguage":"fi","@id":"https:\/\/talkpal.ai\/fi\/vocabulary\/saan-liittyva-kreikan-sanasto\/#primaryimage","url":"https:\/\/talkpal.ai\/wp-content\/uploads\/2025\/12\/diverse-group-at-library-learning-languages.webp","contentUrl":"https:\/\/talkpal.ai\/wp-content\/uploads\/2025\/12\/diverse-group-at-library-learning-languages.webp","width":1200,"height":896,"caption":"A large diverse group of students fills a library hall while focused on learning languages at their desks."},{"@type":"BreadcrumbList","@id":"https:\/\/talkpal.ai\/fi\/vocabulary\/saan-liittyva-kreikan-sanasto\/#breadcrumb","itemListElement":[{"@type":"ListItem","position":1,"name":"Homepage","item":"https:\/\/talkpal.ai\/fi\/"},{"@type":"ListItem","position":2,"name":"S\u00e4\u00e4n liittyv\u00e4 kreikan sanasto"}]},{"@type":"WebSite","@id":"https:\/\/talkpal.ai\/fi\/#website","url":"https:\/\/talkpal.ai\/fi\/","name":"Talkpal","description":"AI Language Learning","publisher":{"@id":"https:\/\/talkpal.ai\/fi\/#organization"},"alternateName":"Talkpal AI","potentialAction":[{"@type":"SearchAction","target":{"@type":"EntryPoint","urlTemplate":"https:\/\/talkpal.ai\/fi\/?s={search_term_string}"},"query-input":{"@type":"PropertyValueSpecification","valueRequired":true,"valueName":"search_term_string"}}],"inLanguage":"fi"},{"@type":"Organization","@id":"https:\/\/talkpal.ai\/fi\/#organization","name":"Talkpal, Inc.","alternateName":"Talkpal AI","url":"https:\/\/talkpal.ai\/fi\/","logo":{"@type":"ImageObject","inLanguage":"fi","@id":"https:\/\/talkpal.ai\/fi\/#\/schema\/logo\/image\/","url":"https:\/\/talkpal.ai\/wp-content\/uploads\/2024\/03\/Talkpal-Logo-Icon.png","contentUrl":"https:\/\/talkpal.ai\/wp-content\/uploads\/2024\/03\/Talkpal-Logo-Icon.png","width":2880,"height":2880,"caption":"Talkpal, Inc."},"image":{"@id":"https:\/\/talkpal.ai\/fi\/#\/schema\/logo\/image\/"},"sameAs":["https:\/\/www.facebook.com\/profile.php?id=100090733639311","https:\/\/x.com\/talkpalai","https:\/\/www.linkedin.com\/company\/talkpal\/","https:\/\/www.youtube.com\/@TalkPal\/","https:\/\/www.tiktok.com\/@talkpal","https:\/\/www.instagram.com\/talkpal_ai\/","https:\/\/www.crunchbase.com\/organization\/talkpal-9cde","https:\/\/www.g2.com\/products\/talkpal-for-business\/","https:\/\/www.trustpilot.com\/review\/talkpal.ai","https:\/\/www.capterra.com\/p\/10006800\/TalkPal\/"],"description":"Talkpal is a language learning web and mobile education app, powered by the latest AI technologies, that provides engaging experiences to its customers in many different languages to help them improve their language skills. Users can chat about unlimited amount of topics with the app and use other modes to practice their language learning.","email":"support@talkpal.ai","legalName":"Talkpal, Inc.","foundingDate":"2023-04-03","duns":"118989042","numberOfEmployees":{"@type":"QuantitativeValue","minValue":"11","maxValue":"50"},"publishingPrinciples":"https:\/\/talkpal.ai\/publishing-principles\/","actionableFeedbackPolicy":"https:\/\/talkpal.ai\/actionable-feedback-policy\/","correctionsPolicy":"https:\/\/talkpal.ai\/corrections-policy\/","ethicsPolicy":"https:\/\/talkpal.ai\/ethics-policy\/","diversityPolicy":"https:\/\/talkpal.ai\/diversity-policy\/","diversityStaffingReport":"https:\/\/talkpal.ai\/diversity-policy\/"}]}},"_links":{"self":[{"href":"https:\/\/talkpal.ai\/fi\/wp-json\/wp\/v2\/vocabulary\/696230","targetHints":{"allow":["GET"]}}],"collection":[{"href":"https:\/\/talkpal.ai\/fi\/wp-json\/wp\/v2\/vocabulary"}],"about":[{"href":"https:\/\/talkpal.ai\/fi\/wp-json\/wp\/v2\/types\/vocabulary"}],"wp:featuredmedia":[{"embeddable":true,"href":"https:\/\/talkpal.ai\/fi\/wp-json\/wp\/v2\/media\/1527637"}],"wp:attachment":[{"href":"https:\/\/talkpal.ai\/fi\/wp-json\/wp\/v2\/media?parent=696230"}],"wp:term":[{"taxonomy":"vocabulary_language","embeddable":true,"href":"https:\/\/talkpal.ai\/fi\/wp-json\/wp\/v2\/vocabulary_language?post=696230"}],"curies":[{"name":"wp","href":"https:\/\/api.w.org\/{rel}","templated":true}]}}