{"id":696201,"date":"2024-06-07T17:10:15","date_gmt":"2024-06-07T17:10:15","guid":{"rendered":"https:\/\/talkpal.ai\/vocabulary\/galician-sanat-sosiaaliseen-mediaan\/"},"modified":"2024-06-07T17:10:15","modified_gmt":"2024-06-07T17:10:15","slug":"galician-sanat-sosiaaliseen-mediaan","status":"publish","type":"vocabulary","link":"https:\/\/talkpal.ai\/fi\/vocabulary\/galician-sanat-sosiaaliseen-mediaan\/","title":{"rendered":"Galician sanat sosiaaliseen mediaan"},"content":{"rendered":"<p><a href=\"https:\/\/talkpal.ai\/learn-galician\/\">Galicia<\/a> on autonominen alue Luoteis-Espanjassa, joka tunnetaan omasta kielest\u00e4\u00e4n, galicialaisesta. Vaikka <a href=\"https:\/\/talkpal.ai\/learn-galician\/\">galicialainen<\/a> ei ole yht\u00e4 tunnettu kuin <a href=\"https:\/\/talkpal.ai\/learn-spanish\/\">espanja<\/a> <a href=\"https:\/\/talkpal.ai\/learn-thai\/\">tai<\/a> <a href=\"https:\/\/talkpal.ai\/learn-catalan\/\">katalaani<\/a>, se on rikas ja monipuolinen kieli. T\u00e4ss\u00e4 artikkelissa tutustumme galicialaisiin sanoihin, jotka ovat erityisen hy\u00f6dyllisi\u00e4 sosiaalisen median viestinn\u00e4ss\u00e4. Sosiaalinen media on t\u00e4rke\u00e4 osa nykyp\u00e4iv\u00e4n viestint\u00e4\u00e4, ja oikeiden termien tunteminen voi auttaa sinua paremmin ymm\u00e4rt\u00e4m\u00e4\u00e4n ja kommunikoimaan galicialaisten yst\u00e4viesi ja seuraajiesi kanssa.<\/p>\n<h2>Perussanat ja -ilmaukset<\/h2>\n<p><b>Ola<\/b> &#8211; &#8221;Hei&#8221;<br \/>\nT\u00e4m\u00e4 on perusmuotoinen tervehdys galicialaisessa. Helppo ja nopea tapa <a href=\"https:\/\/talkpal.ai\/ko\/ai-%ec%96%b8%ec%96%b4-%ea%b5%90%ec%82%ac\/\">aloittaa<\/a> keskustelu sosiaalisessa mediassa.<\/p>\n<p><font color=\"#2D3AC7\">Ola, <a href=\"https:\/\/talkpal.ai\/locations\/language-courses-in-como\/\">como<\/a> est\u00e1s?<\/font><\/p>\n<p><b>Grazas<\/b> &#8211; &#8221;Kiitos&#8221;<br \/>\nT\u00e4m\u00e4 sana on hy\u00f6dyllinen kiitett\u00e4ess\u00e4 jonkun kommentista, tykk\u00e4yksest\u00e4 tai jakamisesta.<\/p>\n<p><font color=\"#2D3AC7\">Grazas polos teus comentarios!<\/font><\/p>\n<p><b>Desculpa<\/b> &#8211; &#8221;Anteeksi&#8221;<br \/>\nKun teet virheen tai haluat pyyt\u00e4\u00e4 anteeksi jotain, t\u00e4m\u00e4 on oikea sana k\u00e4ytt\u00e4\u00e4.<\/p>\n<p><font color=\"#2D3AC7\">Desculpa, non quer\u00eda ofenderche.<\/font><\/p>\n<h2>Kommentointi ja keskustelu<\/h2>\n<p><b>Comentario<\/b> &#8211; &#8221;Kommentti&#8221;<br \/>\nSosiaalisen median keskusteluissa kommentit ovat keskeisi\u00e4. T\u00e4m\u00e4 sana auttaa sinua osallistumaan keskusteluun.<\/p>\n<p><font color=\"#2D3AC7\">O teu <a href=\"https:\/\/talkpal.ai\/contact\/\">comentario<\/a> foi moi \u00fatil.<\/font><\/p>\n<p><b>Resposta<\/b> &#8211; &#8221;Vastaus&#8221;<br \/>\nKun joku vastaa kommenttiisi tai kysymykseesi, t\u00e4t\u00e4 sanaa k\u00e4ytet\u00e4\u00e4n.<\/p>\n<p><font color=\"#2D3AC7\">A t\u00faa resposta foi moi interesante.<\/font><\/p>\n<p><b>G\u00fastame<\/b> &#8211; &#8221;Tykk\u00e4\u00e4n&#8221;<br \/>\nT\u00e4m\u00e4 on galicialainen versio &#8221;tykk\u00e4yksest\u00e4&#8221;. K\u00e4ytet\u00e4\u00e4n, kun pid\u00e4t jostakin postauksesta tai kommentista.<\/p>\n<p><font color=\"#2D3AC7\">G\u00fastame a t\u00faa publicaci\u00f3n.<\/font><\/p>\n<p><b>Compartir<\/b> &#8211; &#8221;Jakaa&#8221;<br \/>\nKun haluat jakaa jonkun toisen postauksen tai sis\u00e4ll\u00f6n, t\u00e4t\u00e4 sanaa k\u00e4ytet\u00e4\u00e4n.<\/p>\n<p><font color=\"#2D3AC7\">Vou compartir este artigo cos meus amigos.<\/font><\/p>\n<h2>Hashtagit ja trendit<\/h2>\n<p><b>Etiqueta<\/b> &#8211; &#8221;Hashtag&#8221;<br \/>\nSosiaalisen median hashtagin galicialainen vastine. Hashtagit auttavat sinua l\u00f6yt\u00e4m\u00e4\u00e4n ja osallistumaan keskusteluihin.<\/p>\n<p><font color=\"#2D3AC7\">Usa a etiqueta #Galicia para atopar m\u00e1is contido.<\/font><\/p>\n<p><b>Tendencia<\/b> &#8211; &#8221;Trendi&#8221;<br \/>\nT\u00e4m\u00e4 sana kuvaa jotain, joka on t\u00e4ll\u00e4 hetkell\u00e4 suosittua sosiaalisessa mediassa.<\/p>\n<p><font color=\"#2D3AC7\">Este tema \u00e9 unha tendencia agora mesmo.<\/font><\/p>\n<h2>Yst\u00e4v\u00e4t ja seuraajat<\/h2>\n<p><b>Amigo<\/b> &#8211; &#8221;Yst\u00e4v\u00e4&#8221;<br \/>\nK\u00e4ytet\u00e4\u00e4n kuvaamaan henkil\u00f6\u00e4, joka on yst\u00e4v\u00e4si sosiaalisessa mediassa.<\/p>\n<p><font color=\"#2D3AC7\">Engad\u00edn un novo amigo hoxe.<\/font><\/p>\n<p><b>Seguidor<\/b> &#8211; &#8221;Seuraaja&#8221;<br \/>\nHenkil\u00f6, joka seuraa sinua tai sinun sis\u00e4lt\u00f6\u00e4si sosiaalisessa mediassa.<\/p>\n<p><font color=\"#2D3AC7\">Te\u00f1o m\u00e1is de mil seguidores no meu perfil.<\/font><\/p>\n<p><b>Perfil<\/b> &#8211; &#8221;Profiili&#8221;<br \/>\nSosiaalisen median profiili, jossa voit jakaa tietoja itsest\u00e4si ja julkaista sis\u00e4lt\u00f6\u00e4.<\/p>\n<p><font color=\"#2D3AC7\">Actualicei o meu perfil con novas fotos.<\/font><\/p>\n<h2>Media ja sis\u00e4lt\u00f6<\/h2>\n<p><b>Foto<\/b> &#8211; &#8221;Valokuva&#8221;<br \/>\nK\u00e4ytet\u00e4\u00e4n, kun puhutaan kuvasta tai valokuvasta, joka on ladattu sosiaaliseen mediaan.<\/p>\n<p><font color=\"#2D3AC7\">A t\u00faa foto \u00e9 moi bonita.<\/font><\/p>\n<p><b>V\u00eddeo<\/b> &#8211; &#8221;Video&#8221;<br \/>\nT\u00e4t\u00e4 sanaa k\u00e4ytet\u00e4\u00e4n, kun haluat puhua videosta, jonka olet ladannut tai katsonut.<\/p>\n<p><font color=\"#2D3AC7\">Este v\u00eddeo f\u00edxome rir moito.<\/font><\/p>\n<p><b>Publicaci\u00f3n<\/b> &#8211; &#8221;Julkaisu&#8221;<br \/>\nKaikki sis\u00e4ll\u00f6t, kuten tekstit, kuvat tai videot, joita jaat sosiaalisessa mediassa.<\/p>\n<p><font color=\"#2D3AC7\">A t\u00faa \u00faltima publicaci\u00f3n foi moi interesante.<\/font><\/p>\n<p><b>Historia<\/b> &#8211; &#8221;Tarina&#8221;<br \/>\nViittaa lyhytaikaisiin p\u00e4ivityksiin, jotka katoavat tietyn ajan kuluttua, kuten Instagram- tai Facebook-tarinat.<\/p>\n<p><font color=\"#2D3AC7\">Sub\u00edn unha nova historia esta ma\u00f1\u00e1.<\/font><\/p>\n<h2>Reaktiot ja tunteet<\/h2>\n<p><b>Feliz<\/b> &#8211; &#8221;Onnellinen&#8221;<br \/>\nKuvaa tunnetta, jota koet tai haluat ilmaista.<\/p>\n<p><font color=\"#2D3AC7\">Estou moi feliz cos teus logros.<\/font><\/p>\n<p><b>Triste<\/b> &#8211; &#8221;Surullinen&#8221;<br \/>\nKun haluat ilmaista surua tai murhetta.<\/p>\n<p><font color=\"#2D3AC7\">Estou triste porque non puiden ir \u00e1 festa.<\/font><\/p>\n<p><b>Enoxado<\/b> &#8211; &#8221;Vihainen&#8221;<br \/>\nT\u00e4t\u00e4 sanaa k\u00e4ytet\u00e4\u00e4n, kun olet vihainen tai \u00e4rsyyntynyt jostain.<\/p>\n<p><font color=\"#2D3AC7\">Estou enoxado co que dixeches.<\/font><\/p>\n<h2>Yksityisyys ja turvallisuus<\/h2>\n<p><b>Privacidade<\/b> &#8211; &#8221;Yksityisyys&#8221;<br \/>\nViittaa siihen, kuinka paljon tietoja jaat itsest\u00e4si ja kenelle.<\/p>\n<p><font color=\"#2D3AC7\">A mi\u00f1a privacidade \u00e9 moi importante para min.<\/font><\/p>\n<p><b>Seguridade<\/b> &#8211; &#8221;Turvallisuus&#8221;<br \/>\nT\u00e4m\u00e4 sana viittaa toimenpiteisiin, jotka auttavat suojaamaan henkil\u00f6kohtaisia tietojasi ja tili\u00e4si.<\/p>\n<p><font color=\"#2D3AC7\">A seguridade en li\u00f1a \u00e9 fundamental.<\/font><\/p>\n<p><b>Bloquear<\/b> &#8211; &#8221;Est\u00e4\u00e4&#8221;<br \/>\nKun haluat est\u00e4\u00e4 jonkun p\u00e4\u00e4syn profiiliisi tai sis\u00e4lt\u00f6\u00f6si.<\/p>\n<p><font color=\"#2D3AC7\">Tiven que bloquear a esa persoa.<\/font><\/p>\n<h2>K\u00e4yt\u00e4nn\u00f6n vinkit ja neuvot<\/h2>\n<p><b>Configuraci\u00f3n<\/b> &#8211; &#8221;Asetukset&#8221;<br \/>\nOsa sosiaalista mediaa, jossa voit muuttaa tilisi ja profiilisi asetuksia.<\/p>\n<p><font color=\"#2D3AC7\">Revisa a configuraci\u00f3n da t\u00faa conta regularmente.<\/font><\/p>\n<p><b>Notificaci\u00f3n<\/b> &#8211; &#8221;Ilmoitus&#8221;<br \/>\nKun saat ilmoituksen uudesta kommentista, tykk\u00e4yksest\u00e4 tai seuraajasta.<\/p>\n<p><font color=\"#2D3AC7\">Recib\u00edn unha notificaci\u00f3n dun novo seguidor.<\/font><\/p>\n<p><b>Desactivar<\/b> &#8211; &#8221;Poistaa k\u00e4yt\u00f6st\u00e4&#8221;<br \/>\nKun haluat poistaa tilap\u00e4isesti jonkin ominaisuuden k\u00e4yt\u00f6st\u00e4 tai piilottaa profiilisi.<\/p>\n<p><font color=\"#2D3AC7\">Decid\u00edn desactivar a mi\u00f1a conta por un tempo.<\/font><\/p>\n<p><b>Actualizaci\u00f3n<\/b> &#8211; &#8221;P\u00e4ivitys&#8221;<br \/>\nKun p\u00e4ivit\u00e4t profiilisi tai sovelluksen uuteen versioon.<\/p>\n<p><font color=\"#2D3AC7\">Fixen unha actualizaci\u00f3n do meu perfil hoxe.<\/font><\/p>\n<h2>Yhteenveto<\/h2>\n<p>Galicialaisen kielen oppiminen voi olla palkitsevaa ja antaa sinulle uuden tavan kommunikoida yst\u00e4viesi ja seuraajiesi kanssa sosiaalisessa mediassa. N\u00e4m\u00e4 sanat ja ilmaukset auttavat sinua aloittamaan ja parantamaan viestint\u00e4\u00e4si. Muista, ett\u00e4 kieli on el\u00e4v\u00e4 ja jatkuvasti kehittyv\u00e4, joten \u00e4l\u00e4 pelk\u00e4\u00e4 oppia uusia sanoja ja kokeilla niit\u00e4 k\u00e4yt\u00e4nn\u00f6ss\u00e4. Rohkeasti tutkimaan ja k\u00e4ytt\u00e4m\u00e4\u00e4n galicialaista sosiaalisessa mediassa!<\/p>\n","protected":false},"featured_media":1529088,"template":"","vocabulary_language":[3807],"class_list":["post-696201","vocabulary","type-vocabulary","status-publish","has-post-thumbnail","hentry","vocabulary_language-galicialainen"],"acf":[],"yoast_head":"<!-- This site is optimized with the Yoast SEO Premium plugin v27.2 (Yoast SEO v27.2) - https:\/\/yoast.com\/product\/yoast-seo-premium-wordpress\/ -->\n<title>Galician sanat sosiaaliseen mediaan - Talkpal<\/title>\n<meta name=\"description\" content=\"Galicia on autonominen alue Luoteis-Espanjassa, joka tunnetaan omasta kielest\u00e4\u00e4n, galicialaisesta. Vaikka galicialainen ei ole yht\u00e4 tunnettu kuin espanja\" \/>\n<meta name=\"robots\" content=\"index, follow, max-snippet:-1, max-image-preview:large, max-video-preview:-1\" \/>\n<link rel=\"canonical\" href=\"https:\/\/talkpal.ai\/fi\/vocabulary\/galician-sanat-sosiaaliseen-mediaan\/\" \/>\n<meta property=\"og:locale\" content=\"fi_FI\" \/>\n<meta property=\"og:type\" content=\"article\" \/>\n<meta property=\"og:title\" content=\"Galician sanat sosiaaliseen mediaan\" \/>\n<meta property=\"og:description\" content=\"Galicia on autonominen alue Luoteis-Espanjassa, joka tunnetaan omasta kielest\u00e4\u00e4n, galicialaisesta. Vaikka galicialainen ei ole yht\u00e4 tunnettu kuin espanja\" \/>\n<meta property=\"og:url\" content=\"https:\/\/talkpal.ai\/fi\/vocabulary\/galician-sanat-sosiaaliseen-mediaan\/\" \/>\n<meta property=\"og:site_name\" content=\"Talkpal\" \/>\n<meta property=\"article:publisher\" content=\"https:\/\/www.facebook.com\/profile.php?id=100090733639311\" \/>\n<meta property=\"og:image\" content=\"https:\/\/talkpal.ai\/wp-content\/uploads\/2024\/10\/talkpal_flat_illustration_of_a_employees_working_together_happi_c674ff77-e477-4e09-835a-01d30e561e99.png\" \/>\n\t<meta property=\"og:image:width\" content=\"1024\" \/>\n\t<meta property=\"og:image:height\" content=\"1024\" \/>\n\t<meta property=\"og:image:type\" content=\"image\/png\" \/>\n<meta name=\"twitter:card\" content=\"summary_large_image\" \/>\n<meta name=\"twitter:site\" content=\"@talkpalai\" \/>\n<meta name=\"twitter:label1\" content=\"Arvioitu lukuaika\" \/>\n\t<meta name=\"twitter:data1\" content=\"4 minuuttia\" \/>\n<script type=\"application\/ld+json\" class=\"yoast-schema-graph\">{\"@context\":\"https:\/\/schema.org\",\"@graph\":[{\"@type\":\"WebPage\",\"@id\":\"https:\/\/talkpal.ai\/fi\/vocabulary\/galician-sanat-sosiaaliseen-mediaan\/\",\"url\":\"https:\/\/talkpal.ai\/fi\/vocabulary\/galician-sanat-sosiaaliseen-mediaan\/\",\"name\":\"Galician sanat sosiaaliseen mediaan - Talkpal\",\"isPartOf\":{\"@id\":\"https:\/\/talkpal.ai\/fi\/#website\"},\"primaryImageOfPage\":{\"@id\":\"https:\/\/talkpal.ai\/fi\/vocabulary\/galician-sanat-sosiaaliseen-mediaan\/#primaryimage\"},\"image\":{\"@id\":\"https:\/\/talkpal.ai\/fi\/vocabulary\/galician-sanat-sosiaaliseen-mediaan\/#primaryimage\"},\"thumbnailUrl\":\"https:\/\/talkpal.ai\/wp-content\/uploads\/2025\/12\/three-people-study-together-to-learn-languages.webp\",\"datePublished\":\"2024-06-07T17:10:15+00:00\",\"description\":\"Galicia on autonominen alue Luoteis-Espanjassa, joka tunnetaan omasta kielest\u00e4\u00e4n, galicialaisesta. Vaikka galicialainen ei ole yht\u00e4 tunnettu kuin espanja\",\"breadcrumb\":{\"@id\":\"https:\/\/talkpal.ai\/fi\/vocabulary\/galician-sanat-sosiaaliseen-mediaan\/#breadcrumb\"},\"inLanguage\":\"fi\",\"potentialAction\":[{\"@type\":\"ReadAction\",\"target\":[\"https:\/\/talkpal.ai\/fi\/vocabulary\/galician-sanat-sosiaaliseen-mediaan\/\"]}]},{\"@type\":\"ImageObject\",\"inLanguage\":\"fi\",\"@id\":\"https:\/\/talkpal.ai\/fi\/vocabulary\/galician-sanat-sosiaaliseen-mediaan\/#primaryimage\",\"url\":\"https:\/\/talkpal.ai\/wp-content\/uploads\/2025\/12\/three-people-study-together-to-learn-languages.webp\",\"contentUrl\":\"https:\/\/talkpal.ai\/wp-content\/uploads\/2025\/12\/three-people-study-together-to-learn-languages.webp\",\"width\":1200,\"height\":896,\"caption\":\"Three students look at a laptop screen in a library while focused on learning languages.\"},{\"@type\":\"BreadcrumbList\",\"@id\":\"https:\/\/talkpal.ai\/fi\/vocabulary\/galician-sanat-sosiaaliseen-mediaan\/#breadcrumb\",\"itemListElement\":[{\"@type\":\"ListItem\",\"position\":1,\"name\":\"Homepage\",\"item\":\"https:\/\/talkpal.ai\/fi\/\"},{\"@type\":\"ListItem\",\"position\":2,\"name\":\"Galician sanat sosiaaliseen mediaan\"}]},{\"@type\":\"WebSite\",\"@id\":\"https:\/\/talkpal.ai\/fi\/#website\",\"url\":\"https:\/\/talkpal.ai\/fi\/\",\"name\":\"Talkpal\",\"description\":\"AI Language Learning\",\"publisher\":{\"@id\":\"https:\/\/talkpal.ai\/fi\/#organization\"},\"alternateName\":\"Talkpal AI\",\"potentialAction\":[{\"@type\":\"SearchAction\",\"target\":{\"@type\":\"EntryPoint\",\"urlTemplate\":\"https:\/\/talkpal.ai\/fi\/?s={search_term_string}\"},\"query-input\":{\"@type\":\"PropertyValueSpecification\",\"valueRequired\":true,\"valueName\":\"search_term_string\"}}],\"inLanguage\":\"fi\"},{\"@type\":\"Organization\",\"@id\":\"https:\/\/talkpal.ai\/fi\/#organization\",\"name\":\"Talkpal, Inc.\",\"alternateName\":\"Talkpal AI\",\"url\":\"https:\/\/talkpal.ai\/fi\/\",\"logo\":{\"@type\":\"ImageObject\",\"inLanguage\":\"fi\",\"@id\":\"https:\/\/talkpal.ai\/fi\/#\/schema\/logo\/image\/\",\"url\":\"https:\/\/talkpal.ai\/wp-content\/uploads\/2024\/03\/Talkpal-Logo-Icon.png\",\"contentUrl\":\"https:\/\/talkpal.ai\/wp-content\/uploads\/2024\/03\/Talkpal-Logo-Icon.png\",\"width\":2880,\"height\":2880,\"caption\":\"Talkpal, Inc.\"},\"image\":{\"@id\":\"https:\/\/talkpal.ai\/fi\/#\/schema\/logo\/image\/\"},\"sameAs\":[\"https:\/\/www.facebook.com\/profile.php?id=100090733639311\",\"https:\/\/x.com\/talkpalai\",\"https:\/\/www.linkedin.com\/company\/talkpal\/\",\"https:\/\/www.youtube.com\/@TalkPal\/\",\"https:\/\/www.tiktok.com\/@talkpal\",\"https:\/\/www.instagram.com\/talkpal_ai\/\",\"https:\/\/www.crunchbase.com\/organization\/talkpal-9cde\",\"https:\/\/www.g2.com\/products\/talkpal-for-business\/\",\"https:\/\/www.trustpilot.com\/review\/talkpal.ai\",\"https:\/\/www.capterra.com\/p\/10006800\/TalkPal\/\"],\"description\":\"Talkpal is a language learning web and mobile education app, powered by the latest AI technologies, that provides engaging experiences to its customers in many different languages to help them improve their language skills. Users can chat about unlimited amount of topics with the app and use other modes to practice their language learning.\",\"email\":\"support@talkpal.ai\",\"legalName\":\"Talkpal, Inc.\",\"foundingDate\":\"2023-04-03\",\"duns\":\"118989042\",\"numberOfEmployees\":{\"@type\":\"QuantitativeValue\",\"minValue\":\"11\",\"maxValue\":\"50\"},\"publishingPrinciples\":\"https:\/\/talkpal.ai\/publishing-principles\/\",\"actionableFeedbackPolicy\":\"https:\/\/talkpal.ai\/actionable-feedback-policy\/\",\"correctionsPolicy\":\"https:\/\/talkpal.ai\/corrections-policy\/\",\"ethicsPolicy\":\"https:\/\/talkpal.ai\/ethics-policy\/\",\"diversityPolicy\":\"https:\/\/talkpal.ai\/diversity-policy\/\",\"diversityStaffingReport\":\"https:\/\/talkpal.ai\/diversity-policy\/\"}]}<\/script>\n<!-- \/ Yoast SEO Premium plugin. -->","yoast_head_json":{"title":"Galician sanat sosiaaliseen mediaan - Talkpal","description":"Galicia on autonominen alue Luoteis-Espanjassa, joka tunnetaan omasta kielest\u00e4\u00e4n, galicialaisesta. Vaikka galicialainen ei ole yht\u00e4 tunnettu kuin espanja","robots":{"index":"index","follow":"follow","max-snippet":"max-snippet:-1","max-image-preview":"max-image-preview:large","max-video-preview":"max-video-preview:-1"},"canonical":"https:\/\/talkpal.ai\/fi\/vocabulary\/galician-sanat-sosiaaliseen-mediaan\/","og_locale":"fi_FI","og_type":"article","og_title":"Galician sanat sosiaaliseen mediaan","og_description":"Galicia on autonominen alue Luoteis-Espanjassa, joka tunnetaan omasta kielest\u00e4\u00e4n, galicialaisesta. Vaikka galicialainen ei ole yht\u00e4 tunnettu kuin espanja","og_url":"https:\/\/talkpal.ai\/fi\/vocabulary\/galician-sanat-sosiaaliseen-mediaan\/","og_site_name":"Talkpal","article_publisher":"https:\/\/www.facebook.com\/profile.php?id=100090733639311","og_image":[{"width":1024,"height":1024,"url":"https:\/\/talkpal.ai\/wp-content\/uploads\/2024\/10\/talkpal_flat_illustration_of_a_employees_working_together_happi_c674ff77-e477-4e09-835a-01d30e561e99.png","type":"image\/png"}],"twitter_card":"summary_large_image","twitter_site":"@talkpalai","twitter_misc":{"Arvioitu lukuaika":"4 minuuttia"},"schema":{"@context":"https:\/\/schema.org","@graph":[{"@type":"WebPage","@id":"https:\/\/talkpal.ai\/fi\/vocabulary\/galician-sanat-sosiaaliseen-mediaan\/","url":"https:\/\/talkpal.ai\/fi\/vocabulary\/galician-sanat-sosiaaliseen-mediaan\/","name":"Galician sanat sosiaaliseen mediaan - Talkpal","isPartOf":{"@id":"https:\/\/talkpal.ai\/fi\/#website"},"primaryImageOfPage":{"@id":"https:\/\/talkpal.ai\/fi\/vocabulary\/galician-sanat-sosiaaliseen-mediaan\/#primaryimage"},"image":{"@id":"https:\/\/talkpal.ai\/fi\/vocabulary\/galician-sanat-sosiaaliseen-mediaan\/#primaryimage"},"thumbnailUrl":"https:\/\/talkpal.ai\/wp-content\/uploads\/2025\/12\/three-people-study-together-to-learn-languages.webp","datePublished":"2024-06-07T17:10:15+00:00","description":"Galicia on autonominen alue Luoteis-Espanjassa, joka tunnetaan omasta kielest\u00e4\u00e4n, galicialaisesta. Vaikka galicialainen ei ole yht\u00e4 tunnettu kuin espanja","breadcrumb":{"@id":"https:\/\/talkpal.ai\/fi\/vocabulary\/galician-sanat-sosiaaliseen-mediaan\/#breadcrumb"},"inLanguage":"fi","potentialAction":[{"@type":"ReadAction","target":["https:\/\/talkpal.ai\/fi\/vocabulary\/galician-sanat-sosiaaliseen-mediaan\/"]}]},{"@type":"ImageObject","inLanguage":"fi","@id":"https:\/\/talkpal.ai\/fi\/vocabulary\/galician-sanat-sosiaaliseen-mediaan\/#primaryimage","url":"https:\/\/talkpal.ai\/wp-content\/uploads\/2025\/12\/three-people-study-together-to-learn-languages.webp","contentUrl":"https:\/\/talkpal.ai\/wp-content\/uploads\/2025\/12\/three-people-study-together-to-learn-languages.webp","width":1200,"height":896,"caption":"Three students look at a laptop screen in a library while focused on learning languages."},{"@type":"BreadcrumbList","@id":"https:\/\/talkpal.ai\/fi\/vocabulary\/galician-sanat-sosiaaliseen-mediaan\/#breadcrumb","itemListElement":[{"@type":"ListItem","position":1,"name":"Homepage","item":"https:\/\/talkpal.ai\/fi\/"},{"@type":"ListItem","position":2,"name":"Galician sanat sosiaaliseen mediaan"}]},{"@type":"WebSite","@id":"https:\/\/talkpal.ai\/fi\/#website","url":"https:\/\/talkpal.ai\/fi\/","name":"Talkpal","description":"AI Language Learning","publisher":{"@id":"https:\/\/talkpal.ai\/fi\/#organization"},"alternateName":"Talkpal AI","potentialAction":[{"@type":"SearchAction","target":{"@type":"EntryPoint","urlTemplate":"https:\/\/talkpal.ai\/fi\/?s={search_term_string}"},"query-input":{"@type":"PropertyValueSpecification","valueRequired":true,"valueName":"search_term_string"}}],"inLanguage":"fi"},{"@type":"Organization","@id":"https:\/\/talkpal.ai\/fi\/#organization","name":"Talkpal, Inc.","alternateName":"Talkpal AI","url":"https:\/\/talkpal.ai\/fi\/","logo":{"@type":"ImageObject","inLanguage":"fi","@id":"https:\/\/talkpal.ai\/fi\/#\/schema\/logo\/image\/","url":"https:\/\/talkpal.ai\/wp-content\/uploads\/2024\/03\/Talkpal-Logo-Icon.png","contentUrl":"https:\/\/talkpal.ai\/wp-content\/uploads\/2024\/03\/Talkpal-Logo-Icon.png","width":2880,"height":2880,"caption":"Talkpal, Inc."},"image":{"@id":"https:\/\/talkpal.ai\/fi\/#\/schema\/logo\/image\/"},"sameAs":["https:\/\/www.facebook.com\/profile.php?id=100090733639311","https:\/\/x.com\/talkpalai","https:\/\/www.linkedin.com\/company\/talkpal\/","https:\/\/www.youtube.com\/@TalkPal\/","https:\/\/www.tiktok.com\/@talkpal","https:\/\/www.instagram.com\/talkpal_ai\/","https:\/\/www.crunchbase.com\/organization\/talkpal-9cde","https:\/\/www.g2.com\/products\/talkpal-for-business\/","https:\/\/www.trustpilot.com\/review\/talkpal.ai","https:\/\/www.capterra.com\/p\/10006800\/TalkPal\/"],"description":"Talkpal is a language learning web and mobile education app, powered by the latest AI technologies, that provides engaging experiences to its customers in many different languages to help them improve their language skills. Users can chat about unlimited amount of topics with the app and use other modes to practice their language learning.","email":"support@talkpal.ai","legalName":"Talkpal, Inc.","foundingDate":"2023-04-03","duns":"118989042","numberOfEmployees":{"@type":"QuantitativeValue","minValue":"11","maxValue":"50"},"publishingPrinciples":"https:\/\/talkpal.ai\/publishing-principles\/","actionableFeedbackPolicy":"https:\/\/talkpal.ai\/actionable-feedback-policy\/","correctionsPolicy":"https:\/\/talkpal.ai\/corrections-policy\/","ethicsPolicy":"https:\/\/talkpal.ai\/ethics-policy\/","diversityPolicy":"https:\/\/talkpal.ai\/diversity-policy\/","diversityStaffingReport":"https:\/\/talkpal.ai\/diversity-policy\/"}]}},"_links":{"self":[{"href":"https:\/\/talkpal.ai\/fi\/wp-json\/wp\/v2\/vocabulary\/696201","targetHints":{"allow":["GET"]}}],"collection":[{"href":"https:\/\/talkpal.ai\/fi\/wp-json\/wp\/v2\/vocabulary"}],"about":[{"href":"https:\/\/talkpal.ai\/fi\/wp-json\/wp\/v2\/types\/vocabulary"}],"wp:featuredmedia":[{"embeddable":true,"href":"https:\/\/talkpal.ai\/fi\/wp-json\/wp\/v2\/media\/1529088"}],"wp:attachment":[{"href":"https:\/\/talkpal.ai\/fi\/wp-json\/wp\/v2\/media?parent=696201"}],"wp:term":[{"taxonomy":"vocabulary_language","embeddable":true,"href":"https:\/\/talkpal.ai\/fi\/wp-json\/wp\/v2\/vocabulary_language?post=696201"}],"curies":[{"name":"wp","href":"https:\/\/api.w.org\/{rel}","templated":true}]}}