{"id":696180,"date":"2024-06-07T17:08:41","date_gmt":"2024-06-07T17:08:41","guid":{"rendered":"https:\/\/talkpal.ai\/vocabulary\/kuvailevat-adjektiivit-galiciassa\/"},"modified":"2024-06-07T17:08:41","modified_gmt":"2024-06-07T17:08:41","slug":"kuvailevat-adjektiivit-galiciassa","status":"publish","type":"vocabulary","link":"https:\/\/talkpal.ai\/fi\/vocabulary\/kuvailevat-adjektiivit-galiciassa\/","title":{"rendered":"Kuvailevat adjektiivit galiciassa"},"content":{"rendered":"<p><a href=\"https:\/\/talkpal.ai\/learn-galician\/\">Galician<\/a> kieli, joka tunnetaan my\u00f6s galicialaisena, on kaunis ja rikas kieli, jota puhutaan p\u00e4\u00e4asiassa Galician alueella Luoteis-Espanjassa. Yksi t\u00e4rkeimmist\u00e4 osa-alueista, kun opitaan uutta kielt\u00e4, on adjektiivien k\u00e4ytt\u00f6. Adjektiivit auttavat meit\u00e4 kuvailemaan ihmisi\u00e4, paikkoja ja asioita tarkemmin. T\u00e4ss\u00e4 artikkelissa keskitymme kuvaileviin adjektiiveihin galicialaisessa ja tutkimme niiden k\u00e4ytt\u00f6\u00e4 ja merkityst\u00e4.<\/p>\n<h2>Kuvailevien adjektiivien merkitys ja k\u00e4ytt\u00f6<\/h2>\n<p>Adjektiivit ovat sanoja, jotka antavat lis\u00e4tietoa substantiiveista. Ne voivat kuvata esimerkiksi v\u00e4ri\u00e4, kokoa, muotoa, makua, hajua, m\u00e4\u00e4r\u00e4\u00e4, laatua, tunnetta <a href=\"https:\/\/talkpal.ai\/learn-thai\/\">tai<\/a> ik\u00e4\u00e4. Galician kieless\u00e4 adjektiivit mukautuvat substantiivin sukuun ja lukuun, aivan kuten monissa muissakin romaanisissa kieliss\u00e4.<\/p>\n<h3>Yleiset kuvailevat adjektiivit galicialaisessa<\/h3>\n<p><b>Bonito<\/b> &#8211; Kaunis. T\u00e4m\u00e4 adjektiivi kuvaa esteettisesti miellytt\u00e4v\u00e4\u00e4 asiaa tai henkil\u00f6\u00e4.<br \/>\n<font color=\"#2D3AC7\">A praia \u00e9 moi <b>bonita<\/b>.<\/font><\/p>\n<p><b>Feo<\/b> &#8211; <a href=\"https:\/\/talkpal.ai\/locations\/language-courses-in-ruma\/\">Ruma<\/a>. T\u00e4m\u00e4 adjektiivi kuvaa esteettisesti ep\u00e4miellytt\u00e4v\u00e4\u00e4 asiaa tai henkil\u00f6\u00e4.<br \/>\n<font color=\"#2D3AC7\">O edificio \u00e9 bastante <b>feo<\/b>.<\/font><\/p>\n<p><b>Grande<\/b> &#8211; Suuri. T\u00e4m\u00e4 adjektiivi kuvaa jonkin asian suurta kokoa.<br \/>\n<font color=\"#2D3AC7\">A casa \u00e9 moi <b>grande<\/b>.<\/font><\/p>\n<p><b>Pequeno<\/b> &#8211; Pieni. T\u00e4m\u00e4 adjektiivi kuvaa jonkin asian pient\u00e4 kokoa.<br \/>\n<font color=\"#2D3AC7\">O gato \u00e9 <b>pequeno<\/b>.<\/font><\/p>\n<p><b>Vello<\/b> &#8211; Vanha. T\u00e4m\u00e4 adjektiivi kuvaa jotakin, mik\u00e4 on ollut olemassa pitk\u00e4\u00e4n.<br \/>\n<font color=\"#2D3AC7\">O coche \u00e9 <b>vello<\/b>.<\/font><\/p>\n<p><b>Novo<\/b> &#8211; Uusi. T\u00e4m\u00e4 adjektiivi kuvaa jotakin, mik\u00e4 on juuri hankittu tai valmistettu.<br \/>\n<font color=\"#2D3AC7\">O libro \u00e9 <b>novo<\/b>.<\/font><\/p>\n<p><b>Forte<\/b> &#8211; Vahva. T\u00e4m\u00e4 adjektiivi kuvaa jotakuta tai jotakin, joka on fyysisesti voimakas.<br \/>\n<font color=\"#2D3AC7\">Ela \u00e9 moi <b>forte<\/b>.<\/font><\/p>\n<p><b>D\u00e9bil<\/b> &#8211; Heikko. T\u00e4m\u00e4 adjektiivi kuvaa jotakuta tai jotakin, joka on fyysisesti heikko.<br \/>\n<font color=\"#2D3AC7\">El est\u00e1 un pouco <b>d\u00e9bil<\/b>.<\/font><\/p>\n<h3>V\u00e4rit<\/h3>\n<p>V\u00e4rit ovat t\u00e4rkeit\u00e4 adjektiiveja, sill\u00e4 ne auttavat meit\u00e4 kuvailemaan asioita tarkemmin. T\u00e4ss\u00e4 muutamia yleisimpi\u00e4 v\u00e4rej\u00e4 galicialaisessa.<\/p>\n<p><b>Vermello<\/b> &#8211; Punainen. T\u00e4m\u00e4 adjektiivi kuvaa punaista v\u00e4ri\u00e4.<br \/>\n<font color=\"#2D3AC7\">A flor \u00e9 <b>vermella<\/b>.<\/font><\/p>\n<p><b>Azul<\/b> &#8211; Sininen. T\u00e4m\u00e4 adjektiivi kuvaa sinist\u00e4 v\u00e4ri\u00e4.<br \/>\n<font color=\"#2D3AC7\">O ceo \u00e9 <b>azul<\/b>.<\/font><\/p>\n<p><b>Verde<\/b> &#8211; Vihre\u00e4. T\u00e4m\u00e4 adjektiivi kuvaa vihre\u00e4\u00e4 v\u00e4ri\u00e4.<br \/>\n<font color=\"#2D3AC7\">A herba \u00e9 <b>verde<\/b>.<\/font><\/p>\n<p><b>Amarelo<\/b> &#8211; Keltainen. T\u00e4m\u00e4 adjektiivi kuvaa keltaista v\u00e4ri\u00e4.<br \/>\n<font color=\"#2D3AC7\">O sol \u00e9 <b>amarelo<\/b>.<\/font><\/p>\n<p><b>Branco<\/b> &#8211; Valkoinen. T\u00e4m\u00e4 adjektiivi kuvaa valkoista v\u00e4ri\u00e4.<br \/>\n<font color=\"#2D3AC7\">A neve \u00e9 <b>branca<\/b>.<\/font><\/p>\n<p><b>Negro<\/b> &#8211; Musta. T\u00e4m\u00e4 adjektiivi kuvaa mustaa v\u00e4ri\u00e4.<br \/>\n<font color=\"#2D3AC7\">A noite \u00e9 <b>negra<\/b>.<\/font><\/p>\n<h3>Maku ja haju<\/h3>\n<p>Maku- ja hajuadjektiivit auttavat meit\u00e4 kuvailemaan ruokaa ja ymp\u00e4rist\u00f6\u00e4 tarkemmin.<\/p>\n<p><b>Doce<\/b> &#8211; Makea. T\u00e4m\u00e4 adjektiivi kuvaa makeaa makua.<br \/>\n<font color=\"#2D3AC7\">O pastel \u00e9 <b>doce<\/b>.<\/font><\/p>\n<p><b>Salgado<\/b> &#8211; Suolainen. T\u00e4m\u00e4 adjektiivi kuvaa suolaista makua.<br \/>\n<font color=\"#2D3AC7\">As patacas est\u00e1n <b>salgadas<\/b>.<\/font><\/p>\n<p><b>Amargo<\/b> &#8211; Karvas. T\u00e4m\u00e4 adjektiivi kuvaa karvasta makua.<br \/>\n<font color=\"#2D3AC7\">O caf\u00e9 \u00e9 <b>amargo<\/b>.<\/font><\/p>\n<p><b>Fresco<\/b> &#8211; Raikas. T\u00e4m\u00e4 adjektiivi kuvaa raikasta makua tai hajua.<br \/>\n<font color=\"#2D3AC7\">A auga est\u00e1 <b>fresca<\/b>.<\/font><\/p>\n<p><b>Podre<\/b> &#8211; M\u00e4t\u00e4. T\u00e4m\u00e4 adjektiivi kuvaa m\u00e4t\u00e4\u00e4 hajua tai makua.<br \/>\n<font color=\"#2D3AC7\">A froita est\u00e1 <b>podre<\/b>.<\/font><\/p>\n<h3>Tunteet ja mielialat<\/h3>\n<p>Adjektiivit, jotka kuvaavat tunteita ja mielialoja, ovat t\u00e4rkeit\u00e4, kun haluamme ilmaista, milt\u00e4 meist\u00e4 tuntuu tai miten joku muu tuntee.<\/p>\n<p><b>Feliz<\/b> &#8211; Onnellinen. T\u00e4m\u00e4 adjektiivi kuvaa onnellista tunnetta.<br \/>\n<font color=\"#2D3AC7\">Ela est\u00e1 <b>feliz<\/b>.<\/font><\/p>\n<p><b>Triste<\/b> &#8211; Surullinen. T\u00e4m\u00e4 adjektiivi kuvaa surullista tunnetta.<br \/>\n<font color=\"#2D3AC7\">El est\u00e1 <b>triste<\/b>.<\/font><\/p>\n<p><b>Enfadado<\/b> &#8211; Vihainen. T\u00e4m\u00e4 adjektiivi kuvaa vihaista tunnetta.<br \/>\n<font color=\"#2D3AC7\">Ela est\u00e1 <b>enfadada<\/b>.<\/font><\/p>\n<p><b>Asustado<\/b> &#8211; Pelokas. T\u00e4m\u00e4 adjektiivi kuvaa pelokasta tunnetta.<br \/>\n<font color=\"#2D3AC7\">O neno est\u00e1 <b>asustado<\/b>.<\/font><\/p>\n<p><b>Cansado<\/b> &#8211; V\u00e4synyt. T\u00e4m\u00e4 adjektiivi kuvaa v\u00e4synytt\u00e4 tunnetta.<br \/>\n<font color=\"#2D3AC7\">Estou <b>cansado<\/b>.<\/font><\/p>\n<h3>Laatu ja tila<\/h3>\n<p>N\u00e4m\u00e4 adjektiivit auttavat meit\u00e4 kuvailemaan jonkin asian laatua tai tilaa.<\/p>\n<p><b>Bo<\/b> &#8211; Hyv\u00e4. T\u00e4m\u00e4 adjektiivi kuvaa hyv\u00e4\u00e4 laatua.<br \/>\n<font color=\"#2D3AC7\">O traballo \u00e9 <b>bo<\/b>.<\/font><\/p>\n<p><b>Malo<\/b> &#8211; Huono. T\u00e4m\u00e4 adjektiivi kuvaa huonoa laatua.<br \/>\n<font color=\"#2D3AC7\">A comida est\u00e1 <b>mala<\/b>.<\/font><\/p>\n<p><b>Limpo<\/b> &#8211; Puhdas. T\u00e4m\u00e4 adjektiivi kuvaa puhdasta tilaa.<br \/>\n<font color=\"#2D3AC7\">A mesa est\u00e1 <b>limpa<\/b>.<\/font><\/p>\n<p><b>Sujo<\/b> &#8211; Likainen. T\u00e4m\u00e4 adjektiivi kuvaa likaista tilaa.<br \/>\n<font color=\"#2D3AC7\">O chan est\u00e1 <b>sujo<\/b>.<\/font><\/p>\n<p><b>R\u00e1pido<\/b> &#8211; Nopea. T\u00e4m\u00e4 adjektiivi kuvaa nopeaa liikett\u00e4 tai toimintaa.<br \/>\n<font color=\"#2D3AC7\">O coche \u00e9 <b>r\u00e1pido<\/b>.<\/font><\/p>\n<p><b>Lento<\/b> &#8211; Hidas. T\u00e4m\u00e4 adjektiivi kuvaa hidasta liikett\u00e4 tai toimintaa.<br \/>\n<font color=\"#2D3AC7\">O tren \u00e9 <b>lento<\/b>.<\/font><\/p>\n<h2>Yhteenveto<\/h2>\n<p>Kuvailevien adjektiivien oppiminen galicialaisessa on t\u00e4rke\u00e4\u00e4, jotta voit ilmaista itse\u00e4si tarkemmin ja ymm\u00e4rt\u00e4\u00e4 paremmin, mit\u00e4 muut sanovat. Toivottavasti t\u00e4m\u00e4 artikkeli on auttanut sinua saamaan paremman k\u00e4sityksen siit\u00e4, miten adjektiiveja k\u00e4ytet\u00e4\u00e4n galicialaisessa kieless\u00e4. Harjoittelemalla ja k\u00e4ytt\u00e4m\u00e4ll\u00e4 n\u00e4it\u00e4 adjektiiveja p\u00e4ivitt\u00e4isiss\u00e4 keskusteluissa voit parantaa kielitaitoasi ja tulla sujuvammaksi galician puhujaksi.<\/p>\n","protected":false},"featured_media":1527913,"template":"","vocabulary_language":[3807],"class_list":["post-696180","vocabulary","type-vocabulary","status-publish","has-post-thumbnail","hentry","vocabulary_language-galicialainen"],"acf":[],"yoast_head":"<!-- This site is optimized with the Yoast SEO Premium plugin v27.2 (Yoast SEO v27.2) - https:\/\/yoast.com\/product\/yoast-seo-premium-wordpress\/ -->\n<title>Kuvailevat adjektiivit galiciassa - Talkpal<\/title>\n<meta name=\"description\" content=\"Galician kieli, joka tunnetaan my\u00f6s galicialaisena, on kaunis ja rikas kieli, jota puhutaan p\u00e4\u00e4asiassa Galician alueella Luoteis-Espanjassa. Yksi\" \/>\n<meta name=\"robots\" content=\"index, follow, max-snippet:-1, max-image-preview:large, max-video-preview:-1\" \/>\n<link rel=\"canonical\" href=\"https:\/\/talkpal.ai\/fi\/vocabulary\/kuvailevat-adjektiivit-galiciassa\/\" \/>\n<meta property=\"og:locale\" content=\"fi_FI\" \/>\n<meta property=\"og:type\" content=\"article\" \/>\n<meta property=\"og:title\" content=\"Kuvailevat adjektiivit galiciassa\" \/>\n<meta property=\"og:description\" content=\"Galician kieli, joka tunnetaan my\u00f6s galicialaisena, on kaunis ja rikas kieli, jota puhutaan p\u00e4\u00e4asiassa Galician alueella Luoteis-Espanjassa. Yksi\" \/>\n<meta property=\"og:url\" content=\"https:\/\/talkpal.ai\/fi\/vocabulary\/kuvailevat-adjektiivit-galiciassa\/\" \/>\n<meta property=\"og:site_name\" content=\"Talkpal\" \/>\n<meta property=\"article:publisher\" content=\"https:\/\/www.facebook.com\/profile.php?id=100090733639311\" \/>\n<meta property=\"og:image\" content=\"https:\/\/talkpal.ai\/wp-content\/uploads\/2024\/10\/talkpal_flat_illustration_of_a_employees_working_together_happi_c674ff77-e477-4e09-835a-01d30e561e99.png\" \/>\n\t<meta property=\"og:image:width\" content=\"1024\" \/>\n\t<meta property=\"og:image:height\" content=\"1024\" \/>\n\t<meta property=\"og:image:type\" content=\"image\/png\" \/>\n<meta name=\"twitter:card\" content=\"summary_large_image\" \/>\n<meta name=\"twitter:site\" content=\"@talkpalai\" \/>\n<meta name=\"twitter:label1\" content=\"Arvioitu lukuaika\" \/>\n\t<meta name=\"twitter:data1\" content=\"3 minuuttia\" \/>\n<script type=\"application\/ld+json\" class=\"yoast-schema-graph\">{\"@context\":\"https:\/\/schema.org\",\"@graph\":[{\"@type\":\"WebPage\",\"@id\":\"https:\/\/talkpal.ai\/fi\/vocabulary\/kuvailevat-adjektiivit-galiciassa\/\",\"url\":\"https:\/\/talkpal.ai\/fi\/vocabulary\/kuvailevat-adjektiivit-galiciassa\/\",\"name\":\"Kuvailevat adjektiivit galiciassa - Talkpal\",\"isPartOf\":{\"@id\":\"https:\/\/talkpal.ai\/fi\/#website\"},\"primaryImageOfPage\":{\"@id\":\"https:\/\/talkpal.ai\/fi\/vocabulary\/kuvailevat-adjektiivit-galiciassa\/#primaryimage\"},\"image\":{\"@id\":\"https:\/\/talkpal.ai\/fi\/vocabulary\/kuvailevat-adjektiivit-galiciassa\/#primaryimage\"},\"thumbnailUrl\":\"https:\/\/talkpal.ai\/wp-content\/uploads\/2025\/12\/student-reading-book-to-learn-languages-indoors.webp\",\"datePublished\":\"2024-06-07T17:08:41+00:00\",\"description\":\"Galician kieli, joka tunnetaan my\u00f6s galicialaisena, on kaunis ja rikas kieli, jota puhutaan p\u00e4\u00e4asiassa Galician alueella Luoteis-Espanjassa. Yksi\",\"breadcrumb\":{\"@id\":\"https:\/\/talkpal.ai\/fi\/vocabulary\/kuvailevat-adjektiivit-galiciassa\/#breadcrumb\"},\"inLanguage\":\"fi\",\"potentialAction\":[{\"@type\":\"ReadAction\",\"target\":[\"https:\/\/talkpal.ai\/fi\/vocabulary\/kuvailevat-adjektiivit-galiciassa\/\"]}]},{\"@type\":\"ImageObject\",\"inLanguage\":\"fi\",\"@id\":\"https:\/\/talkpal.ai\/fi\/vocabulary\/kuvailevat-adjektiivit-galiciassa\/#primaryimage\",\"url\":\"https:\/\/talkpal.ai\/wp-content\/uploads\/2025\/12\/student-reading-book-to-learn-languages-indoors.webp\",\"contentUrl\":\"https:\/\/talkpal.ai\/wp-content\/uploads\/2025\/12\/student-reading-book-to-learn-languages-indoors.webp\",\"width\":1200,\"height\":896,\"caption\":\"A student in the foreground reads a book at a library table while learning languages.\"},{\"@type\":\"BreadcrumbList\",\"@id\":\"https:\/\/talkpal.ai\/fi\/vocabulary\/kuvailevat-adjektiivit-galiciassa\/#breadcrumb\",\"itemListElement\":[{\"@type\":\"ListItem\",\"position\":1,\"name\":\"Homepage\",\"item\":\"https:\/\/talkpal.ai\/fi\/\"},{\"@type\":\"ListItem\",\"position\":2,\"name\":\"Kuvailevat adjektiivit galiciassa\"}]},{\"@type\":\"WebSite\",\"@id\":\"https:\/\/talkpal.ai\/fi\/#website\",\"url\":\"https:\/\/talkpal.ai\/fi\/\",\"name\":\"Talkpal\",\"description\":\"AI Language Learning\",\"publisher\":{\"@id\":\"https:\/\/talkpal.ai\/fi\/#organization\"},\"alternateName\":\"Talkpal AI\",\"potentialAction\":[{\"@type\":\"SearchAction\",\"target\":{\"@type\":\"EntryPoint\",\"urlTemplate\":\"https:\/\/talkpal.ai\/fi\/?s={search_term_string}\"},\"query-input\":{\"@type\":\"PropertyValueSpecification\",\"valueRequired\":true,\"valueName\":\"search_term_string\"}}],\"inLanguage\":\"fi\"},{\"@type\":\"Organization\",\"@id\":\"https:\/\/talkpal.ai\/fi\/#organization\",\"name\":\"Talkpal, Inc.\",\"alternateName\":\"Talkpal AI\",\"url\":\"https:\/\/talkpal.ai\/fi\/\",\"logo\":{\"@type\":\"ImageObject\",\"inLanguage\":\"fi\",\"@id\":\"https:\/\/talkpal.ai\/fi\/#\/schema\/logo\/image\/\",\"url\":\"https:\/\/talkpal.ai\/wp-content\/uploads\/2024\/03\/Talkpal-Logo-Icon.png\",\"contentUrl\":\"https:\/\/talkpal.ai\/wp-content\/uploads\/2024\/03\/Talkpal-Logo-Icon.png\",\"width\":2880,\"height\":2880,\"caption\":\"Talkpal, Inc.\"},\"image\":{\"@id\":\"https:\/\/talkpal.ai\/fi\/#\/schema\/logo\/image\/\"},\"sameAs\":[\"https:\/\/www.facebook.com\/profile.php?id=100090733639311\",\"https:\/\/x.com\/talkpalai\",\"https:\/\/www.linkedin.com\/company\/talkpal\/\",\"https:\/\/www.youtube.com\/@TalkPal\/\",\"https:\/\/www.tiktok.com\/@talkpal\",\"https:\/\/www.instagram.com\/talkpal_ai\/\",\"https:\/\/www.crunchbase.com\/organization\/talkpal-9cde\",\"https:\/\/www.g2.com\/products\/talkpal-for-business\/\",\"https:\/\/www.trustpilot.com\/review\/talkpal.ai\",\"https:\/\/www.capterra.com\/p\/10006800\/TalkPal\/\"],\"description\":\"Talkpal is a language learning web and mobile education app, powered by the latest AI technologies, that provides engaging experiences to its customers in many different languages to help them improve their language skills. Users can chat about unlimited amount of topics with the app and use other modes to practice their language learning.\",\"email\":\"support@talkpal.ai\",\"legalName\":\"Talkpal, Inc.\",\"foundingDate\":\"2023-04-03\",\"duns\":\"118989042\",\"numberOfEmployees\":{\"@type\":\"QuantitativeValue\",\"minValue\":\"11\",\"maxValue\":\"50\"},\"publishingPrinciples\":\"https:\/\/talkpal.ai\/publishing-principles\/\",\"actionableFeedbackPolicy\":\"https:\/\/talkpal.ai\/actionable-feedback-policy\/\",\"correctionsPolicy\":\"https:\/\/talkpal.ai\/corrections-policy\/\",\"ethicsPolicy\":\"https:\/\/talkpal.ai\/ethics-policy\/\",\"diversityPolicy\":\"https:\/\/talkpal.ai\/diversity-policy\/\",\"diversityStaffingReport\":\"https:\/\/talkpal.ai\/diversity-policy\/\"}]}<\/script>\n<!-- \/ Yoast SEO Premium plugin. -->","yoast_head_json":{"title":"Kuvailevat adjektiivit galiciassa - Talkpal","description":"Galician kieli, joka tunnetaan my\u00f6s galicialaisena, on kaunis ja rikas kieli, jota puhutaan p\u00e4\u00e4asiassa Galician alueella Luoteis-Espanjassa. Yksi","robots":{"index":"index","follow":"follow","max-snippet":"max-snippet:-1","max-image-preview":"max-image-preview:large","max-video-preview":"max-video-preview:-1"},"canonical":"https:\/\/talkpal.ai\/fi\/vocabulary\/kuvailevat-adjektiivit-galiciassa\/","og_locale":"fi_FI","og_type":"article","og_title":"Kuvailevat adjektiivit galiciassa","og_description":"Galician kieli, joka tunnetaan my\u00f6s galicialaisena, on kaunis ja rikas kieli, jota puhutaan p\u00e4\u00e4asiassa Galician alueella Luoteis-Espanjassa. Yksi","og_url":"https:\/\/talkpal.ai\/fi\/vocabulary\/kuvailevat-adjektiivit-galiciassa\/","og_site_name":"Talkpal","article_publisher":"https:\/\/www.facebook.com\/profile.php?id=100090733639311","og_image":[{"width":1024,"height":1024,"url":"https:\/\/talkpal.ai\/wp-content\/uploads\/2024\/10\/talkpal_flat_illustration_of_a_employees_working_together_happi_c674ff77-e477-4e09-835a-01d30e561e99.png","type":"image\/png"}],"twitter_card":"summary_large_image","twitter_site":"@talkpalai","twitter_misc":{"Arvioitu lukuaika":"3 minuuttia"},"schema":{"@context":"https:\/\/schema.org","@graph":[{"@type":"WebPage","@id":"https:\/\/talkpal.ai\/fi\/vocabulary\/kuvailevat-adjektiivit-galiciassa\/","url":"https:\/\/talkpal.ai\/fi\/vocabulary\/kuvailevat-adjektiivit-galiciassa\/","name":"Kuvailevat adjektiivit galiciassa - Talkpal","isPartOf":{"@id":"https:\/\/talkpal.ai\/fi\/#website"},"primaryImageOfPage":{"@id":"https:\/\/talkpal.ai\/fi\/vocabulary\/kuvailevat-adjektiivit-galiciassa\/#primaryimage"},"image":{"@id":"https:\/\/talkpal.ai\/fi\/vocabulary\/kuvailevat-adjektiivit-galiciassa\/#primaryimage"},"thumbnailUrl":"https:\/\/talkpal.ai\/wp-content\/uploads\/2025\/12\/student-reading-book-to-learn-languages-indoors.webp","datePublished":"2024-06-07T17:08:41+00:00","description":"Galician kieli, joka tunnetaan my\u00f6s galicialaisena, on kaunis ja rikas kieli, jota puhutaan p\u00e4\u00e4asiassa Galician alueella Luoteis-Espanjassa. Yksi","breadcrumb":{"@id":"https:\/\/talkpal.ai\/fi\/vocabulary\/kuvailevat-adjektiivit-galiciassa\/#breadcrumb"},"inLanguage":"fi","potentialAction":[{"@type":"ReadAction","target":["https:\/\/talkpal.ai\/fi\/vocabulary\/kuvailevat-adjektiivit-galiciassa\/"]}]},{"@type":"ImageObject","inLanguage":"fi","@id":"https:\/\/talkpal.ai\/fi\/vocabulary\/kuvailevat-adjektiivit-galiciassa\/#primaryimage","url":"https:\/\/talkpal.ai\/wp-content\/uploads\/2025\/12\/student-reading-book-to-learn-languages-indoors.webp","contentUrl":"https:\/\/talkpal.ai\/wp-content\/uploads\/2025\/12\/student-reading-book-to-learn-languages-indoors.webp","width":1200,"height":896,"caption":"A student in the foreground reads a book at a library table while learning languages."},{"@type":"BreadcrumbList","@id":"https:\/\/talkpal.ai\/fi\/vocabulary\/kuvailevat-adjektiivit-galiciassa\/#breadcrumb","itemListElement":[{"@type":"ListItem","position":1,"name":"Homepage","item":"https:\/\/talkpal.ai\/fi\/"},{"@type":"ListItem","position":2,"name":"Kuvailevat adjektiivit galiciassa"}]},{"@type":"WebSite","@id":"https:\/\/talkpal.ai\/fi\/#website","url":"https:\/\/talkpal.ai\/fi\/","name":"Talkpal","description":"AI Language Learning","publisher":{"@id":"https:\/\/talkpal.ai\/fi\/#organization"},"alternateName":"Talkpal AI","potentialAction":[{"@type":"SearchAction","target":{"@type":"EntryPoint","urlTemplate":"https:\/\/talkpal.ai\/fi\/?s={search_term_string}"},"query-input":{"@type":"PropertyValueSpecification","valueRequired":true,"valueName":"search_term_string"}}],"inLanguage":"fi"},{"@type":"Organization","@id":"https:\/\/talkpal.ai\/fi\/#organization","name":"Talkpal, Inc.","alternateName":"Talkpal AI","url":"https:\/\/talkpal.ai\/fi\/","logo":{"@type":"ImageObject","inLanguage":"fi","@id":"https:\/\/talkpal.ai\/fi\/#\/schema\/logo\/image\/","url":"https:\/\/talkpal.ai\/wp-content\/uploads\/2024\/03\/Talkpal-Logo-Icon.png","contentUrl":"https:\/\/talkpal.ai\/wp-content\/uploads\/2024\/03\/Talkpal-Logo-Icon.png","width":2880,"height":2880,"caption":"Talkpal, Inc."},"image":{"@id":"https:\/\/talkpal.ai\/fi\/#\/schema\/logo\/image\/"},"sameAs":["https:\/\/www.facebook.com\/profile.php?id=100090733639311","https:\/\/x.com\/talkpalai","https:\/\/www.linkedin.com\/company\/talkpal\/","https:\/\/www.youtube.com\/@TalkPal\/","https:\/\/www.tiktok.com\/@talkpal","https:\/\/www.instagram.com\/talkpal_ai\/","https:\/\/www.crunchbase.com\/organization\/talkpal-9cde","https:\/\/www.g2.com\/products\/talkpal-for-business\/","https:\/\/www.trustpilot.com\/review\/talkpal.ai","https:\/\/www.capterra.com\/p\/10006800\/TalkPal\/"],"description":"Talkpal is a language learning web and mobile education app, powered by the latest AI technologies, that provides engaging experiences to its customers in many different languages to help them improve their language skills. Users can chat about unlimited amount of topics with the app and use other modes to practice their language learning.","email":"support@talkpal.ai","legalName":"Talkpal, Inc.","foundingDate":"2023-04-03","duns":"118989042","numberOfEmployees":{"@type":"QuantitativeValue","minValue":"11","maxValue":"50"},"publishingPrinciples":"https:\/\/talkpal.ai\/publishing-principles\/","actionableFeedbackPolicy":"https:\/\/talkpal.ai\/actionable-feedback-policy\/","correctionsPolicy":"https:\/\/talkpal.ai\/corrections-policy\/","ethicsPolicy":"https:\/\/talkpal.ai\/ethics-policy\/","diversityPolicy":"https:\/\/talkpal.ai\/diversity-policy\/","diversityStaffingReport":"https:\/\/talkpal.ai\/diversity-policy\/"}]}},"_links":{"self":[{"href":"https:\/\/talkpal.ai\/fi\/wp-json\/wp\/v2\/vocabulary\/696180","targetHints":{"allow":["GET"]}}],"collection":[{"href":"https:\/\/talkpal.ai\/fi\/wp-json\/wp\/v2\/vocabulary"}],"about":[{"href":"https:\/\/talkpal.ai\/fi\/wp-json\/wp\/v2\/types\/vocabulary"}],"wp:featuredmedia":[{"embeddable":true,"href":"https:\/\/talkpal.ai\/fi\/wp-json\/wp\/v2\/media\/1527913"}],"wp:attachment":[{"href":"https:\/\/talkpal.ai\/fi\/wp-json\/wp\/v2\/media?parent=696180"}],"wp:term":[{"taxonomy":"vocabulary_language","embeddable":true,"href":"https:\/\/talkpal.ai\/fi\/wp-json\/wp\/v2\/vocabulary_language?post=696180"}],"curies":[{"name":"wp","href":"https:\/\/api.w.org\/{rel}","templated":true}]}}