{"id":695970,"date":"2024-06-07T16:51:16","date_gmt":"2024-06-07T16:51:16","guid":{"rendered":"https:\/\/talkpal.ai\/vocabulary\/puhutaan-ilmastosta-ja-saasta-katalaaniksi\/"},"modified":"2024-06-07T16:51:16","modified_gmt":"2024-06-07T16:51:16","slug":"puhutaan-ilmastosta-ja-saasta-katalaaniksi","status":"publish","type":"vocabulary","link":"https:\/\/talkpal.ai\/fi\/vocabulary\/puhutaan-ilmastosta-ja-saasta-katalaaniksi\/","title":{"rendered":"Puhutaan ilmastosta ja s\u00e4\u00e4st\u00e4 katalaaniksi"},"content":{"rendered":"<p>Ilmasto ja s\u00e4\u00e4 ovat aiheita, jotka tulevat usein esille keskusteluissa. Jos olet kiinnostunut oppimaan katalaania, s\u00e4\u00e4- ja ilmastosanaston tunteminen on hy\u00f6dyllist\u00e4. T\u00e4ss\u00e4 artikkelissa opit t\u00e4rkeit\u00e4 katalaaninkielisi\u00e4 sanoja ja ilmauksia, jotka liittyv\u00e4t n\u00e4ihin aiheisiin. Aloitetaan!<\/p>\n<h2>Perussanasto<\/h2>\n<p><b>Clima<\/b> tarkoittaa ilmastoa. Ilmasto viittaa pitk\u00e4aikaisiin s\u00e4\u00e4olosuhteisiin tietyll\u00e4 alueella.<br \/>\n<font color=\"#2D3AC7\">El clima de Catalunya \u00e9s mediterrani.<\/font><\/p>\n<p><b>Temps<\/b> tarkoittaa s\u00e4\u00e4t\u00e4. S\u00e4\u00e4 tarkoittaa lyhytaikaisia ilmasto-olosuhteita.<br \/>\n<font color=\"#2D3AC7\">El <a href=\"https:\/\/talkpal.ai\/zh-hans\/grammar_exercises\/temps-%e6%b3%95%e8%af%ad%e8%af%ad%e6%b3%95%e7%bb%83%e4%b9%a0\/\">temps<\/a> avui \u00e9s assolellat.<\/font><\/p>\n<p><b>Sol<\/b> tarkoittaa aurinkoa. Aurinko on taivaankappale, joka tuottaa valoa ja l\u00e4mp\u00f6\u00e4.<br \/>\n<font color=\"#2D3AC7\">El sol brilla al cel.<\/font><\/p>\n<p><b>Pluja<\/b> tarkoittaa sadetta. Sade on vesi, joka putoaa taivaalta pisaroina.<br \/>\n<font color=\"#2D3AC7\">M&#8217;agrada escoltar la pluja.<\/font><\/p>\n<p><b>Neu<\/b> tarkoittaa lunta. Lumi on j\u00e4\u00e4tynytt\u00e4 vett\u00e4, joka sataa hiutaleina.<br \/>\n<font color=\"#2D3AC7\">La neu cobreix les muntanyes.<\/font><\/p>\n<p><b>Vent<\/b> tarkoittaa tuulta. Tuuli on ilman liike, joka johtuu ilmanpaineen eroista.<br \/>\n<font color=\"#2D3AC7\">El vent bufa fort avui.<\/font><\/p>\n<h2>Vuodenajat<\/h2>\n<p><b>Primavera<\/b> tarkoittaa kev\u00e4tt\u00e4. Kev\u00e4t on vuodenaika, jolloin luonto her\u00e4\u00e4 eloon.<br \/>\n<font color=\"#2D3AC7\">La primavera \u00e9s la meva estaci\u00f3 preferida.<\/font><\/p>\n<p><b>Estiu<\/b> tarkoittaa kes\u00e4\u00e4. Kes\u00e4 on vuodenaika, jolloin on l\u00e4mmin ja usein aurinkoista.<br \/>\n<font color=\"#2D3AC7\">L&#8217;estiu \u00e9s ideal per anar a la platja.<\/font><\/p>\n<p><b>Tardor<\/b> tarkoittaa syksy\u00e4. Syksy on vuodenaika, jolloin lehdet putoavat ja ilma viilenee.<br \/>\n<font color=\"#2D3AC7\">A la tardor, les fulles canvien de color.<\/font><\/p>\n<p><b>Hivern<\/b> tarkoittaa talvea. Talvi on vuodenaika, jolloin on kylm\u00e4\u00e4 ja usein lunta.<br \/>\n<font color=\"#2D3AC7\">A l&#8217;hivern, m&#8217;agrada esquiar.<\/font><\/p>\n<h2>Ilmastonmuutos<\/h2>\n<p><b>Canvi clim\u00e0tic<\/b> tarkoittaa ilmastonmuutosta. Ilmastonmuutos viittaa pitk\u00e4aikaisiin muutoksiin maapallon ilmastossa.<br \/>\n<font color=\"#2D3AC7\">El canvi clim\u00e0tic \u00e9s un problema global.<\/font><\/p>\n<p><b>Escalfament global<\/b> tarkoittaa globaalia l\u00e4mpenemist\u00e4. T\u00e4m\u00e4 viittaa maapallon keskil\u00e4mp\u00f6tilan nousuun.<br \/>\n<font color=\"#2D3AC7\">L&#8217;escalfament global est\u00e0 afectant els ecosistemes.<\/font><\/p>\n<p><b>Emissions de carboni<\/b> tarkoittaa hiilidioksidip\u00e4\u00e4st\u00f6j\u00e4. Ne ovat p\u00e4\u00e4st\u00f6j\u00e4, jotka vaikuttavat ilmaston l\u00e4mpenemiseen.<br \/>\n<font color=\"#2D3AC7\">Les emissions de carboni han de ser redu\u00efdes.<\/font><\/p>\n<p><b>Energia renovable<\/b> tarkoittaa uusiutuvaa energiaa. T\u00e4m\u00e4 viittaa energial\u00e4hteisiin, jotka ovat kest\u00e4vi\u00e4 ja eiv\u00e4t kuluta luonnonvaroja.<br \/>\n<font color=\"#2D3AC7\">L&#8217;energia renovable \u00e9s important per al futur.<\/font><\/p>\n<h2>Luonnonilmi\u00f6t<\/h2>\n<p><b>Tormenta<\/b> tarkoittaa myrsky\u00e4. Myrsky on voimakas s\u00e4\u00e4ilmi\u00f6, johon liittyy tuuli, sade ja joskus ukkonen.<br \/>\n<font color=\"#2D3AC7\">Ahir a la nit hi va haver una gran tormenta.<\/font><\/p>\n<p><b>Inundaci\u00f3<\/b> tarkoittaa tulvaa. Tulva on veden nousu, joka peitt\u00e4\u00e4 maan.<br \/>\n<font color=\"#2D3AC7\">L&#8217;inundaci\u00f3 va danyar moltes cases.<\/font><\/p>\n<p><b>Sequ\u00eda<\/b> tarkoittaa kuivuutta. Kuivuus on pitk\u00e4aikainen sateen puute.<br \/>\n<font color=\"#2D3AC7\">La sequ\u00eda ha afectat els cultius.<\/font><\/p>\n<p><b>Terratr\u00e8mol<\/b> tarkoittaa maanj\u00e4ristyst\u00e4. Maanj\u00e4ristys on maan pinnan t\u00e4rin\u00e4, joka johtuu maankuoren liikkeist\u00e4.<br \/>\n<font color=\"#2D3AC7\">El terratr\u00e8mol va ser molt fort.<\/font><\/p>\n<p><b>Tsunami<\/b> tarkoittaa tsunamia. Tsunami on suuri aalto, joka johtuu merenalaisesta maanj\u00e4ristyksest\u00e4.<br \/>\n<font color=\"#2D3AC7\">El tsunami va arrasar la <a href=\"https:\/\/talkpal.ai\/es\/locations\/cursos-de-idiomas-en-costa\/\">costa<\/a>.<\/font><\/p>\n<h2>S\u00e4\u00e4ennusteet<\/h2>\n<p><b>Previsi\u00f3 del temps<\/b> tarkoittaa s\u00e4\u00e4ennustetta. S\u00e4\u00e4ennuste kertoo tulevista s\u00e4\u00e4olosuhteista.<br \/>\n<font color=\"#2D3AC7\">La previsi\u00f3 del <a href=\"https:\/\/talkpal.ai\/zh-hans\/grammar_exercises\/temps-%e6%b3%95%e8%af%ad%e8%af%ad%e6%b3%95%e7%bb%83%e4%b9%a0\/\">temps<\/a> per dem\u00e0 \u00e9s de pluja.<\/font><\/p>\n<p><b>Temperatura<\/b> tarkoittaa l\u00e4mp\u00f6tilaa. L\u00e4mp\u00f6tila mittaa kuinka kuuma <a href=\"https:\/\/talkpal.ai\/learn-thai\/\">tai<\/a> kylm\u00e4 jokin on.<br \/>\n<font color=\"#2D3AC7\">La temperatura avui \u00e9s de 25 graus.<\/font><\/p>\n<p><b>Humitat<\/b> tarkoittaa kosteutta. Kosteus mittaa ilmassa olevan vesih\u00f6yryn m\u00e4\u00e4r\u00e4\u00e4.<br \/>\n<font color=\"#2D3AC7\">La humitat \u00e9s molt alta avui.<\/font><\/p>\n<p><b>Pressi\u00f3 atmosf\u00e8rica<\/b> tarkoittaa ilmanpainetta. Ilmanpaine on ilmakeh\u00e4n <a href=\"https:\/\/talkpal.ai\/locations\/language-courses-in-paine\/\">paine<\/a> maanpintaa vasten.<br \/>\n<font color=\"#2D3AC7\">La pressi\u00f3 atmosf\u00e8rica \u00e9s baixa avui.<\/font><\/p>\n<p><b>Probabilitat de precipitaci\u00f3<\/b> tarkoittaa sateen todenn\u00e4k\u00f6isyytt\u00e4. T\u00e4m\u00e4 ilmaisee mahdollisuuden, ett\u00e4 sataa.<br \/>\n<font color=\"#2D3AC7\">La probabilitat de precipitaci\u00f3 \u00e9s del 70%.<\/font><\/p>\n<h2>Arkip\u00e4iv\u00e4n keskustelut s\u00e4\u00e4st\u00e4<\/h2>\n<p>Kun olet oppinut perussanaston, voit <a href=\"https:\/\/talkpal.ai\/ko\/ai-%ec%96%b8%ec%96%b4-%ea%b5%90%ec%82%ac\/\">aloittaa<\/a> keskustelut s\u00e4\u00e4st\u00e4 ja ilmastosta katalaaniksi. T\u00e4ss\u00e4 on muutamia esimerkkej\u00e4:<\/p>\n<p><b>Fa calor<\/b> tarkoittaa &#8221;On kuuma&#8221;. T\u00e4m\u00e4 on yleinen ilmaisu, kun ilma on l\u00e4mmin.<br \/>\n<font color=\"#2D3AC7\">Avui fa molta calor.<\/font><\/p>\n<p><b>Fa fred<\/b> tarkoittaa &#8221;On kylm\u00e4&#8221;. K\u00e4ytet\u00e4\u00e4n, kun ilma on kylm\u00e4.<br \/>\n<font color=\"#2D3AC7\">A l&#8217;hivern, fa molt de fred.<\/font><\/p>\n<p><b>Est\u00e0 n\u00favol<\/b> tarkoittaa &#8221;On pilvist\u00e4&#8221;. K\u00e4ytet\u00e4\u00e4n, kun taivas on pilvess\u00e4.<br \/>\n<font color=\"#2D3AC7\">Avui est\u00e0 n\u00favol i no es veu el sol.<\/font><\/p>\n<p><b>Plou<\/b> tarkoittaa &#8221;Sataa&#8221;. K\u00e4ytet\u00e4\u00e4n, kun sataa vett\u00e4.<br \/>\n<font color=\"#2D3AC7\">Plou molt fort avui.<\/font><\/p>\n<p><b>Neva<\/b> tarkoittaa &#8221;Sataa lunta&#8221;. K\u00e4ytet\u00e4\u00e4n, kun sataa lunta.<br \/>\n<font color=\"#2D3AC7\">A l&#8217;hivern, sovint neva a les muntanyes.<\/font><\/p>\n<p><b>Hi ha boira<\/b> tarkoittaa &#8221;On sumua&#8221;. K\u00e4ytet\u00e4\u00e4n, kun ilma on sumuinen.<br \/>\n<font color=\"#2D3AC7\">Aquest mat\u00ed, hi ha molta boira.<\/font><\/p>\n<p><b>Quin temps fa?<\/b> tarkoittaa &#8221;Millainen s\u00e4\u00e4 on?&#8221;. T\u00e4m\u00e4 on kysymys, joka kysyt\u00e4\u00e4n s\u00e4\u00e4st\u00e4.<br \/>\n<font color=\"#2D3AC7\">Quin temps fa avui?<\/font><\/p>\n<p><b>Quina \u00e9s la temperatura?<\/b> tarkoittaa &#8221;Mik\u00e4 on l\u00e4mp\u00f6tila?&#8221;. K\u00e4ytet\u00e4\u00e4n, kun halutaan tiet\u00e4\u00e4 l\u00e4mp\u00f6tila.<br \/>\n<font color=\"#2D3AC7\">Quina \u00e9s la temperatura a <a href=\"https:\/\/talkpal.ai\/locations\/language-courses-in-barcelona\/\">Barcelona<\/a>?<\/font><\/p>\n<h2>Ymp\u00e4rist\u00f6 ja sen suojeleminen<\/h2>\n<p>Ilmastonmuutoksen ja ymp\u00e4rist\u00f6ongelmien my\u00f6t\u00e4 on t\u00e4rke\u00e4\u00e4 osata puhua my\u00f6s ymp\u00e4rist\u00f6nsuojelusta katalaaniksi.<\/p>\n<p><b>Reciclatge<\/b> tarkoittaa kierr\u00e4tyst\u00e4. Kierr\u00e4tys on prosessi, jossa j\u00e4tteet muunnetaan uudelleen k\u00e4ytett\u00e4v\u00e4ksi materiaaliksi.<br \/>\n<font color=\"#2D3AC7\">El reciclatge \u00e9s important per reduir els residus.<\/font><\/p>\n<p><b>Energia solar<\/b> tarkoittaa aurinkoenergiaa. Aurinkoenergia on uusiutuva energial\u00e4hde, joka saadaan auringon s\u00e4teilyst\u00e4.<br \/>\n<font color=\"#2D3AC7\">L&#8217;energia solar \u00e9s una font d&#8217;energia neta.<\/font><\/p>\n<p><b>Energia e\u00f2lica<\/b> tarkoittaa tuulienergiaa. Tuulienergia on uusiutuva energial\u00e4hde, joka saadaan tuulen liikkeest\u00e4.<br \/>\n<font color=\"#2D3AC7\">L&#8217;energia e\u00f2lica \u00e9s molt eficient en zones ventoses.<\/font><\/p>\n<p><b>Conservaci\u00f3<\/b> tarkoittaa suojelua. Suojelu viittaa luonnonvarojen ja ymp\u00e4rist\u00f6n s\u00e4ilytt\u00e4miseen.<br \/>\n<font color=\"#2D3AC7\">La conservaci\u00f3 de la natura \u00e9s essencial per a les futures generacions.<\/font><\/p>\n<p><b>Sostenibilitat<\/b> tarkoittaa kest\u00e4vyytt\u00e4. Kest\u00e4vyys tarkoittaa resurssien k\u00e4ytt\u00f6\u00e4 siten, ett\u00e4 ne riitt\u00e4v\u00e4t my\u00f6s tuleville sukupolville.<br \/>\n<font color=\"#2D3AC7\">La sostenibilitat \u00e9s clau per al desenvolupament futur.<\/font><\/p>\n<h2>P\u00e4\u00e4telm\u00e4<\/h2>\n<p>Kuten n\u00e4et, katalaanissa on runsaasti sanastoa, joka liittyy ilmastoon ja s\u00e4\u00e4h\u00e4n. T\u00e4m\u00e4 sanasto auttaa sinua ymm\u00e4rt\u00e4m\u00e4\u00e4n ja osallistumaan keskusteluihin n\u00e4ist\u00e4 t\u00e4rkeist\u00e4 aiheista. Muista harjoitella n\u00e4it\u00e4 sanoja ja ilmauksia, jotta ne tulevat osaksi aktiivista sanavarastoasi. Hyv\u00e4\u00e4 kielenopiskelua!<\/p>\n","protected":false},"featured_media":1527805,"template":"","vocabulary_language":[3802],"class_list":["post-695970","vocabulary","type-vocabulary","status-publish","has-post-thumbnail","hentry","vocabulary_language-katalaani"],"acf":[],"yoast_head":"<!-- This site is optimized with the Yoast SEO Premium plugin v27.2 (Yoast SEO v27.2) - https:\/\/yoast.com\/product\/yoast-seo-premium-wordpress\/ -->\n<title>Puhutaan ilmastosta ja s\u00e4\u00e4st\u00e4 katalaaniksi - Talkpal<\/title>\n<meta name=\"description\" content=\"Ilmasto ja s\u00e4\u00e4 ovat aiheita, jotka tulevat usein esille keskusteluissa. Jos olet kiinnostunut oppimaan katalaania, s\u00e4\u00e4- ja ilmastosanaston tunteminen on\" \/>\n<meta name=\"robots\" content=\"index, follow, max-snippet:-1, max-image-preview:large, max-video-preview:-1\" \/>\n<link rel=\"canonical\" href=\"https:\/\/talkpal.ai\/fi\/vocabulary\/puhutaan-ilmastosta-ja-saasta-katalaaniksi\/\" \/>\n<meta property=\"og:locale\" content=\"fi_FI\" \/>\n<meta property=\"og:type\" content=\"article\" \/>\n<meta property=\"og:title\" content=\"Puhutaan ilmastosta ja s\u00e4\u00e4st\u00e4 katalaaniksi\" \/>\n<meta property=\"og:description\" content=\"Ilmasto ja s\u00e4\u00e4 ovat aiheita, jotka tulevat usein esille keskusteluissa. Jos olet kiinnostunut oppimaan katalaania, s\u00e4\u00e4- ja ilmastosanaston tunteminen on\" \/>\n<meta property=\"og:url\" content=\"https:\/\/talkpal.ai\/fi\/vocabulary\/puhutaan-ilmastosta-ja-saasta-katalaaniksi\/\" \/>\n<meta property=\"og:site_name\" content=\"Talkpal\" \/>\n<meta property=\"article:publisher\" content=\"https:\/\/www.facebook.com\/profile.php?id=100090733639311\" \/>\n<meta property=\"og:image\" content=\"https:\/\/talkpal.ai\/wp-content\/uploads\/2024\/10\/talkpal_flat_illustration_of_a_employees_working_together_happi_c674ff77-e477-4e09-835a-01d30e561e99.png\" \/>\n\t<meta property=\"og:image:width\" content=\"1024\" \/>\n\t<meta property=\"og:image:height\" content=\"1024\" \/>\n\t<meta property=\"og:image:type\" content=\"image\/png\" \/>\n<meta name=\"twitter:card\" content=\"summary_large_image\" \/>\n<meta name=\"twitter:site\" content=\"@talkpalai\" \/>\n<meta name=\"twitter:label1\" content=\"Arvioitu lukuaika\" \/>\n\t<meta name=\"twitter:data1\" content=\"4 minuuttia\" \/>\n<script type=\"application\/ld+json\" class=\"yoast-schema-graph\">{\"@context\":\"https:\/\/schema.org\",\"@graph\":[{\"@type\":\"WebPage\",\"@id\":\"https:\/\/talkpal.ai\/fi\/vocabulary\/puhutaan-ilmastosta-ja-saasta-katalaaniksi\/\",\"url\":\"https:\/\/talkpal.ai\/fi\/vocabulary\/puhutaan-ilmastosta-ja-saasta-katalaaniksi\/\",\"name\":\"Puhutaan ilmastosta ja s\u00e4\u00e4st\u00e4 katalaaniksi - Talkpal\",\"isPartOf\":{\"@id\":\"https:\/\/talkpal.ai\/fi\/#website\"},\"primaryImageOfPage\":{\"@id\":\"https:\/\/talkpal.ai\/fi\/vocabulary\/puhutaan-ilmastosta-ja-saasta-katalaaniksi\/#primaryimage\"},\"image\":{\"@id\":\"https:\/\/talkpal.ai\/fi\/vocabulary\/puhutaan-ilmastosta-ja-saasta-katalaaniksi\/#primaryimage\"},\"thumbnailUrl\":\"https:\/\/talkpal.ai\/wp-content\/uploads\/2025\/12\/new-words-are-spoken-learning-languages.webp\",\"datePublished\":\"2024-06-07T16:51:16+00:00\",\"description\":\"Ilmasto ja s\u00e4\u00e4 ovat aiheita, jotka tulevat usein esille keskusteluissa. Jos olet kiinnostunut oppimaan katalaania, s\u00e4\u00e4- ja ilmastosanaston tunteminen on\",\"breadcrumb\":{\"@id\":\"https:\/\/talkpal.ai\/fi\/vocabulary\/puhutaan-ilmastosta-ja-saasta-katalaaniksi\/#breadcrumb\"},\"inLanguage\":\"fi\",\"potentialAction\":[{\"@type\":\"ReadAction\",\"target\":[\"https:\/\/talkpal.ai\/fi\/vocabulary\/puhutaan-ilmastosta-ja-saasta-katalaaniksi\/\"]}]},{\"@type\":\"ImageObject\",\"inLanguage\":\"fi\",\"@id\":\"https:\/\/talkpal.ai\/fi\/vocabulary\/puhutaan-ilmastosta-ja-saasta-katalaaniksi\/#primaryimage\",\"url\":\"https:\/\/talkpal.ai\/wp-content\/uploads\/2025\/12\/new-words-are-spoken-learning-languages.webp\",\"contentUrl\":\"https:\/\/talkpal.ai\/wp-content\/uploads\/2025\/12\/new-words-are-spoken-learning-languages.webp\",\"width\":1200,\"height\":896,\"caption\":\"A man gestures while explaining concepts to a woman during a session for learning languages in a caf\u00e9.\"},{\"@type\":\"BreadcrumbList\",\"@id\":\"https:\/\/talkpal.ai\/fi\/vocabulary\/puhutaan-ilmastosta-ja-saasta-katalaaniksi\/#breadcrumb\",\"itemListElement\":[{\"@type\":\"ListItem\",\"position\":1,\"name\":\"Homepage\",\"item\":\"https:\/\/talkpal.ai\/fi\/\"},{\"@type\":\"ListItem\",\"position\":2,\"name\":\"Puhutaan ilmastosta ja s\u00e4\u00e4st\u00e4 katalaaniksi\"}]},{\"@type\":\"WebSite\",\"@id\":\"https:\/\/talkpal.ai\/fi\/#website\",\"url\":\"https:\/\/talkpal.ai\/fi\/\",\"name\":\"Talkpal\",\"description\":\"AI Language Learning\",\"publisher\":{\"@id\":\"https:\/\/talkpal.ai\/fi\/#organization\"},\"alternateName\":\"Talkpal AI\",\"potentialAction\":[{\"@type\":\"SearchAction\",\"target\":{\"@type\":\"EntryPoint\",\"urlTemplate\":\"https:\/\/talkpal.ai\/fi\/?s={search_term_string}\"},\"query-input\":{\"@type\":\"PropertyValueSpecification\",\"valueRequired\":true,\"valueName\":\"search_term_string\"}}],\"inLanguage\":\"fi\"},{\"@type\":\"Organization\",\"@id\":\"https:\/\/talkpal.ai\/fi\/#organization\",\"name\":\"Talkpal, Inc.\",\"alternateName\":\"Talkpal AI\",\"url\":\"https:\/\/talkpal.ai\/fi\/\",\"logo\":{\"@type\":\"ImageObject\",\"inLanguage\":\"fi\",\"@id\":\"https:\/\/talkpal.ai\/fi\/#\/schema\/logo\/image\/\",\"url\":\"https:\/\/talkpal.ai\/wp-content\/uploads\/2024\/03\/Talkpal-Logo-Icon.png\",\"contentUrl\":\"https:\/\/talkpal.ai\/wp-content\/uploads\/2024\/03\/Talkpal-Logo-Icon.png\",\"width\":2880,\"height\":2880,\"caption\":\"Talkpal, Inc.\"},\"image\":{\"@id\":\"https:\/\/talkpal.ai\/fi\/#\/schema\/logo\/image\/\"},\"sameAs\":[\"https:\/\/www.facebook.com\/profile.php?id=100090733639311\",\"https:\/\/x.com\/talkpalai\",\"https:\/\/www.linkedin.com\/company\/talkpal\/\",\"https:\/\/www.youtube.com\/@TalkPal\/\",\"https:\/\/www.tiktok.com\/@talkpal\",\"https:\/\/www.instagram.com\/talkpal_ai\/\",\"https:\/\/www.crunchbase.com\/organization\/talkpal-9cde\",\"https:\/\/www.g2.com\/products\/talkpal-for-business\/\",\"https:\/\/www.trustpilot.com\/review\/talkpal.ai\",\"https:\/\/www.capterra.com\/p\/10006800\/TalkPal\/\"],\"description\":\"Talkpal is a language learning web and mobile education app, powered by the latest AI technologies, that provides engaging experiences to its customers in many different languages to help them improve their language skills. Users can chat about unlimited amount of topics with the app and use other modes to practice their language learning.\",\"email\":\"support@talkpal.ai\",\"legalName\":\"Talkpal, Inc.\",\"foundingDate\":\"2023-04-03\",\"duns\":\"118989042\",\"numberOfEmployees\":{\"@type\":\"QuantitativeValue\",\"minValue\":\"11\",\"maxValue\":\"50\"},\"publishingPrinciples\":\"https:\/\/talkpal.ai\/publishing-principles\/\",\"actionableFeedbackPolicy\":\"https:\/\/talkpal.ai\/actionable-feedback-policy\/\",\"correctionsPolicy\":\"https:\/\/talkpal.ai\/corrections-policy\/\",\"ethicsPolicy\":\"https:\/\/talkpal.ai\/ethics-policy\/\",\"diversityPolicy\":\"https:\/\/talkpal.ai\/diversity-policy\/\",\"diversityStaffingReport\":\"https:\/\/talkpal.ai\/diversity-policy\/\"}]}<\/script>\n<!-- \/ Yoast SEO Premium plugin. -->","yoast_head_json":{"title":"Puhutaan ilmastosta ja s\u00e4\u00e4st\u00e4 katalaaniksi - Talkpal","description":"Ilmasto ja s\u00e4\u00e4 ovat aiheita, jotka tulevat usein esille keskusteluissa. Jos olet kiinnostunut oppimaan katalaania, s\u00e4\u00e4- ja ilmastosanaston tunteminen on","robots":{"index":"index","follow":"follow","max-snippet":"max-snippet:-1","max-image-preview":"max-image-preview:large","max-video-preview":"max-video-preview:-1"},"canonical":"https:\/\/talkpal.ai\/fi\/vocabulary\/puhutaan-ilmastosta-ja-saasta-katalaaniksi\/","og_locale":"fi_FI","og_type":"article","og_title":"Puhutaan ilmastosta ja s\u00e4\u00e4st\u00e4 katalaaniksi","og_description":"Ilmasto ja s\u00e4\u00e4 ovat aiheita, jotka tulevat usein esille keskusteluissa. Jos olet kiinnostunut oppimaan katalaania, s\u00e4\u00e4- ja ilmastosanaston tunteminen on","og_url":"https:\/\/talkpal.ai\/fi\/vocabulary\/puhutaan-ilmastosta-ja-saasta-katalaaniksi\/","og_site_name":"Talkpal","article_publisher":"https:\/\/www.facebook.com\/profile.php?id=100090733639311","og_image":[{"width":1024,"height":1024,"url":"https:\/\/talkpal.ai\/wp-content\/uploads\/2024\/10\/talkpal_flat_illustration_of_a_employees_working_together_happi_c674ff77-e477-4e09-835a-01d30e561e99.png","type":"image\/png"}],"twitter_card":"summary_large_image","twitter_site":"@talkpalai","twitter_misc":{"Arvioitu lukuaika":"4 minuuttia"},"schema":{"@context":"https:\/\/schema.org","@graph":[{"@type":"WebPage","@id":"https:\/\/talkpal.ai\/fi\/vocabulary\/puhutaan-ilmastosta-ja-saasta-katalaaniksi\/","url":"https:\/\/talkpal.ai\/fi\/vocabulary\/puhutaan-ilmastosta-ja-saasta-katalaaniksi\/","name":"Puhutaan ilmastosta ja s\u00e4\u00e4st\u00e4 katalaaniksi - Talkpal","isPartOf":{"@id":"https:\/\/talkpal.ai\/fi\/#website"},"primaryImageOfPage":{"@id":"https:\/\/talkpal.ai\/fi\/vocabulary\/puhutaan-ilmastosta-ja-saasta-katalaaniksi\/#primaryimage"},"image":{"@id":"https:\/\/talkpal.ai\/fi\/vocabulary\/puhutaan-ilmastosta-ja-saasta-katalaaniksi\/#primaryimage"},"thumbnailUrl":"https:\/\/talkpal.ai\/wp-content\/uploads\/2025\/12\/new-words-are-spoken-learning-languages.webp","datePublished":"2024-06-07T16:51:16+00:00","description":"Ilmasto ja s\u00e4\u00e4 ovat aiheita, jotka tulevat usein esille keskusteluissa. Jos olet kiinnostunut oppimaan katalaania, s\u00e4\u00e4- ja ilmastosanaston tunteminen on","breadcrumb":{"@id":"https:\/\/talkpal.ai\/fi\/vocabulary\/puhutaan-ilmastosta-ja-saasta-katalaaniksi\/#breadcrumb"},"inLanguage":"fi","potentialAction":[{"@type":"ReadAction","target":["https:\/\/talkpal.ai\/fi\/vocabulary\/puhutaan-ilmastosta-ja-saasta-katalaaniksi\/"]}]},{"@type":"ImageObject","inLanguage":"fi","@id":"https:\/\/talkpal.ai\/fi\/vocabulary\/puhutaan-ilmastosta-ja-saasta-katalaaniksi\/#primaryimage","url":"https:\/\/talkpal.ai\/wp-content\/uploads\/2025\/12\/new-words-are-spoken-learning-languages.webp","contentUrl":"https:\/\/talkpal.ai\/wp-content\/uploads\/2025\/12\/new-words-are-spoken-learning-languages.webp","width":1200,"height":896,"caption":"A man gestures while explaining concepts to a woman during a session for learning languages in a caf\u00e9."},{"@type":"BreadcrumbList","@id":"https:\/\/talkpal.ai\/fi\/vocabulary\/puhutaan-ilmastosta-ja-saasta-katalaaniksi\/#breadcrumb","itemListElement":[{"@type":"ListItem","position":1,"name":"Homepage","item":"https:\/\/talkpal.ai\/fi\/"},{"@type":"ListItem","position":2,"name":"Puhutaan ilmastosta ja s\u00e4\u00e4st\u00e4 katalaaniksi"}]},{"@type":"WebSite","@id":"https:\/\/talkpal.ai\/fi\/#website","url":"https:\/\/talkpal.ai\/fi\/","name":"Talkpal","description":"AI Language Learning","publisher":{"@id":"https:\/\/talkpal.ai\/fi\/#organization"},"alternateName":"Talkpal AI","potentialAction":[{"@type":"SearchAction","target":{"@type":"EntryPoint","urlTemplate":"https:\/\/talkpal.ai\/fi\/?s={search_term_string}"},"query-input":{"@type":"PropertyValueSpecification","valueRequired":true,"valueName":"search_term_string"}}],"inLanguage":"fi"},{"@type":"Organization","@id":"https:\/\/talkpal.ai\/fi\/#organization","name":"Talkpal, Inc.","alternateName":"Talkpal AI","url":"https:\/\/talkpal.ai\/fi\/","logo":{"@type":"ImageObject","inLanguage":"fi","@id":"https:\/\/talkpal.ai\/fi\/#\/schema\/logo\/image\/","url":"https:\/\/talkpal.ai\/wp-content\/uploads\/2024\/03\/Talkpal-Logo-Icon.png","contentUrl":"https:\/\/talkpal.ai\/wp-content\/uploads\/2024\/03\/Talkpal-Logo-Icon.png","width":2880,"height":2880,"caption":"Talkpal, Inc."},"image":{"@id":"https:\/\/talkpal.ai\/fi\/#\/schema\/logo\/image\/"},"sameAs":["https:\/\/www.facebook.com\/profile.php?id=100090733639311","https:\/\/x.com\/talkpalai","https:\/\/www.linkedin.com\/company\/talkpal\/","https:\/\/www.youtube.com\/@TalkPal\/","https:\/\/www.tiktok.com\/@talkpal","https:\/\/www.instagram.com\/talkpal_ai\/","https:\/\/www.crunchbase.com\/organization\/talkpal-9cde","https:\/\/www.g2.com\/products\/talkpal-for-business\/","https:\/\/www.trustpilot.com\/review\/talkpal.ai","https:\/\/www.capterra.com\/p\/10006800\/TalkPal\/"],"description":"Talkpal is a language learning web and mobile education app, powered by the latest AI technologies, that provides engaging experiences to its customers in many different languages to help them improve their language skills. Users can chat about unlimited amount of topics with the app and use other modes to practice their language learning.","email":"support@talkpal.ai","legalName":"Talkpal, Inc.","foundingDate":"2023-04-03","duns":"118989042","numberOfEmployees":{"@type":"QuantitativeValue","minValue":"11","maxValue":"50"},"publishingPrinciples":"https:\/\/talkpal.ai\/publishing-principles\/","actionableFeedbackPolicy":"https:\/\/talkpal.ai\/actionable-feedback-policy\/","correctionsPolicy":"https:\/\/talkpal.ai\/corrections-policy\/","ethicsPolicy":"https:\/\/talkpal.ai\/ethics-policy\/","diversityPolicy":"https:\/\/talkpal.ai\/diversity-policy\/","diversityStaffingReport":"https:\/\/talkpal.ai\/diversity-policy\/"}]}},"_links":{"self":[{"href":"https:\/\/talkpal.ai\/fi\/wp-json\/wp\/v2\/vocabulary\/695970","targetHints":{"allow":["GET"]}}],"collection":[{"href":"https:\/\/talkpal.ai\/fi\/wp-json\/wp\/v2\/vocabulary"}],"about":[{"href":"https:\/\/talkpal.ai\/fi\/wp-json\/wp\/v2\/types\/vocabulary"}],"wp:featuredmedia":[{"embeddable":true,"href":"https:\/\/talkpal.ai\/fi\/wp-json\/wp\/v2\/media\/1527805"}],"wp:attachment":[{"href":"https:\/\/talkpal.ai\/fi\/wp-json\/wp\/v2\/media?parent=695970"}],"wp:term":[{"taxonomy":"vocabulary_language","embeddable":true,"href":"https:\/\/talkpal.ai\/fi\/wp-json\/wp\/v2\/vocabulary_language?post=695970"}],"curies":[{"name":"wp","href":"https:\/\/api.w.org\/{rel}","templated":true}]}}