{"id":695824,"date":"2024-06-07T16:39:04","date_gmt":"2024-06-07T16:39:04","guid":{"rendered":"https:\/\/talkpal.ai\/vocabulary\/poliittisen-keskustelun-termit-valkovenalaiseksi\/"},"modified":"2024-06-07T16:39:04","modified_gmt":"2024-06-07T16:39:04","slug":"poliittisen-keskustelun-termit-valkovenalaiseksi","status":"publish","type":"vocabulary","link":"https:\/\/talkpal.ai\/fi\/vocabulary\/poliittisen-keskustelun-termit-valkovenalaiseksi\/","title":{"rendered":"Poliittisen keskustelun termit valkoven\u00e4l\u00e4iseksi"},"content":{"rendered":"<p>Poliittinen keskustelu voi olla haastavaa jo omalla \u00e4idinkielell\u00e4, saati sitten vieraalla kielell\u00e4. T\u00e4ss\u00e4 artikkelissa k\u00e4ymme l\u00e4pi t\u00e4rkeit\u00e4 poliittisia termej\u00e4 valkoven\u00e4j\u00e4n kielell\u00e4, jotta voisit osallistua keskusteluun ymm\u00e4rt\u00e4en ja k\u00e4ytt\u00e4en oikeita k\u00e4sitteit\u00e4. N\u00e4m\u00e4 termit ovat olennaisia, kun haluat ymm\u00e4rt\u00e4\u00e4 valkoven\u00e4l\u00e4ist\u00e4 poliittista ilmapiiri\u00e4 ja osallistua keskusteluihin siit\u00e4.<\/p>\n<h2>Perusk\u00e4sitteet<\/h2>\n<p><b>\u0423\u0440\u0430\u0434<\/b> (urad) &#8211; Hallitus. T\u00e4m\u00e4 termi viittaa valtion ylimp\u00e4\u00e4n toimeenpanevaan elimeen, joka johtaa maan hallintoa.<br \/>\n<font color=\"#2D3AC7\">\u0423\u0440\u0430\u0434 \u043f\u0440\u044b\u043d\u044f\u045e \u043d\u043e\u0432\u044b \u0437\u0430\u043a\u043e\u043d.<\/font><\/p>\n<p><b>\u0421\u0442\u0430\u0440\u0448\u044b\u043d\u044f<\/b> (star\u0161ynja) &#8211; Puheenjohtaja. Henkil\u00f6, joka johtaa kokousta <a href=\"https:\/\/talkpal.ai\/learn-thai\/\">tai<\/a> organisaatiota.<br \/>\n<font color=\"#2D3AC7\">\u0421\u0442\u0430\u0440\u0448\u044b\u043d\u044f \u0430\u0431\u0432\u044f\u0441\u0446\u0456\u045e \u0432\u044b\u043d\u0456\u043a\u0456 \u0433\u0430\u043b\u0430\u0441\u0430\u0432\u0430\u043d\u043d\u044f.<\/font><\/p>\n<p><b>\u041f\u0430\u0440\u043b\u0430\u043c\u0435\u043d\u0442<\/b> (parlament) &#8211; Parlamentti. Kansanedustuslaitos, joka s\u00e4\u00e4t\u00e4\u00e4 lakeja ja valvoo hallitusta.<br \/>\n<font color=\"#2D3AC7\">\u041f\u0430\u0440\u043b\u0430\u043c\u0435\u043d\u0442 \u0430\u0431\u043c\u0435\u0440\u043a\u0430\u0432\u0430\u045e \u043d\u043e\u0432\u044b \u0431\u044e\u0434\u0436\u044d\u0442.<\/font><\/p>\n<p><b>\u0414\u044d\u043f\u0443\u0442\u0430\u0442<\/b> (deputat) &#8211; Kansanedustaja. Henkil\u00f6, joka on valittu edustamaan kansaa parlamentissa.<br \/>\n<font color=\"#2D3AC7\">\u0414\u044d\u043f\u0443\u0442\u0430\u0442 \u0432\u044b\u0441\u0442\u0443\u043f\u0456\u045e \u0437 \u043f\u0440\u0430\u043c\u043e\u0432\u0430\u0439.<\/font><\/p>\n<h3>Poliittiset puolueet ja ideologiat<\/h3>\n<p><b>\u041f\u0430\u043b\u0456\u0442\u044b\u0447\u043d\u0430\u044f \u043f\u0430\u0440\u0442\u044b\u044f<\/b> (pality\u010dnaja partyja) &#8211; Poliittinen puolue. Ryhm\u00e4 ihmisi\u00e4, jotka jakavat samanlaisen ideologian ja tavoitteet, ja pyrkiv\u00e4t saamaan valtaa hallituksessa.<br \/>\n<font color=\"#2D3AC7\">\u041f\u0430\u043b\u0456\u0442\u044b\u0447\u043d\u0430\u044f \u043f\u0430\u0440\u0442\u044b\u044f \u0432\u044b\u043b\u0443\u0447\u044b\u043b\u0430 \u0441\u0432\u0430\u0439\u0433\u043e \u043a\u0430\u043d\u0434\u044b\u0434\u0430\u0442\u0430.<\/font><\/p>\n<p><b>\u0410\u043f\u0430\u0437\u0456\u0446\u044b\u044f<\/b> (apazycyja) &#8211; Oppositio. Poliittinen ryhm\u00e4 tai puolue, joka vastustaa hallitsevaa hallitusta tai puolueita.<br \/>\n<font color=\"#2D3AC7\">\u0410\u043f\u0430\u0437\u0456\u0446\u044b\u044f \u043a\u0440\u044b\u0442\u044b\u043a\u0430\u0432\u0430\u043b\u0430 \u043d\u043e\u0432\u044b \u0437\u0430\u043a\u043e\u043d.<\/font><\/p>\n<p><b>\u041a\u0430\u043d\u0441\u0435\u0440\u0432\u0430\u0442\u044b\u045e\u043d\u044b<\/b> (kanservaty\u016dny) &#8211; Konservatiivinen. Poliittinen ideologia, joka korostaa perinteisi\u00e4 arvoja ja vastustaa nopeita muutoksia.<br \/>\n<font color=\"#2D3AC7\">\u041a\u0430\u043d\u0441\u0435\u0440\u0432\u0430\u0442\u044b\u045e\u043d\u044b \u043f\u0430\u043b\u0456\u0442\u044b\u043a \u0432\u044b\u0441\u0442\u0443\u043f\u0456\u045e \u0441\u0443\u043f\u0440\u0430\u0446\u044c \u0440\u044d\u0444\u043e\u0440\u043c\u044b.<\/font><\/p>\n<p><b>\u041b\u0456\u0431\u0435\u0440\u0430\u043b\u044c\u043d\u044b<\/b> (liberalny) &#8211; Liberaali. Poliittinen ideologia, joka korostaa yksil\u00f6n vapauksia ja oikeuksia sek\u00e4 kannattaa sosiaalisia muutoksia.<br \/>\n<font color=\"#2D3AC7\">\u041b\u0456\u0431\u0435\u0440\u0430\u043b\u044c\u043d\u044b \u043a\u0430\u043d\u0434\u044b\u0434\u0430\u0442 \u043f\u0440\u0430\u043f\u0430\u043d\u0430\u0432\u0430\u045e \u043d\u043e\u0432\u044b\u044f \u0456\u043d\u0456\u0446\u044b\u044f\u0442\u044b\u0432\u044b.<\/font><\/p>\n<h2>Vaaleihin liittyv\u00e4t termit<\/h2>\n<p><b>\u0412\u044b\u0431\u0430\u0440\u044b<\/b> (vybary) &#8211; Vaalit. Prosessi, jossa kansalaiset \u00e4\u00e4nest\u00e4v\u00e4t edustajistaan.<br \/>\n<font color=\"#2D3AC7\">\u0412\u044b\u0431\u0430\u0440\u044b \u043f\u0440\u043e\u0439\u0434\u0443\u0446\u044c \u0443 \u043d\u0430\u0441\u0442\u0443\u043f\u043d\u044b\u043c \u043c\u0435\u0441\u044f\u0446\u044b.<\/font><\/p>\n<p><b>\u041a\u0430\u043d\u0434\u044b\u0434\u0430\u0442<\/b> (kandydat) &#8211; Ehdokas. Henkil\u00f6, joka asettuu ehdolle vaaleissa.<br \/>\n<font color=\"#2D3AC7\">\u041a\u0430\u043d\u0434\u044b\u0434\u0430\u0442 \u043f\u0440\u0430\u0432\u0451\u045e \u0441\u0443\u0441\u0442\u0440\u044d\u0447\u0443 \u0437 \u0432\u044b\u0431\u0430\u0440\u0448\u0447\u044b\u043a\u0430\u043c\u0456.<\/font><\/p>\n<p><b>\u0413\u0430\u043b\u0430\u0441\u0430\u0432\u0430\u043d\u043d\u0435<\/b> (halasava\u0144nie) &#8211; \u00c4\u00e4nestys. Toimenpide, jossa kansalaiset ilmaisevat mielipiteens\u00e4 tai valintansa vaaleissa.<br \/>\n<font color=\"#2D3AC7\">\u0413\u0430\u043b\u0430\u0441\u0430\u0432\u0430\u043d\u043d\u0435 \u043f\u0430\u0447\u043d\u0435\u0446\u0446\u0430 \u045e 8 \u0433\u0430\u0434\u0437\u0456\u043d \u0440\u0430\u043d\u0456\u0446\u044b.<\/font><\/p>\n<p><b>\u0412\u044b\u0431\u0430\u0440\u0447\u0430\u044f \u043a\u0430\u043c\u0456\u0441\u0456\u044f<\/b> (vybarchaja kamisija) &#8211; Vaalilautakunta. Elin, joka valvoo vaalien toteutumista ja laskee \u00e4\u00e4net.<br \/>\n<font color=\"#2D3AC7\">\u0412\u044b\u0431\u0430\u0440\u0447\u0430\u044f \u043a\u0430\u043c\u0456\u0441\u0456\u044f \u0430\u0431\u0432\u044f\u0441\u0446\u0456\u043b\u0430 \u0432\u044b\u043d\u0456\u043a\u0456 \u0432\u044b\u0431\u0430\u0440\u0430\u045e.<\/font><\/p>\n<p><b>\u041f\u0435\u0440\u0430\u0432\u0430\u0433\u0430<\/b> (pieravaha) &#8211; Enemmist\u00f6. Suurin osa \u00e4\u00e4nist\u00e4 tai paikoista parlamentissa.<br \/>\n<font color=\"#2D3AC7\">\u041f\u0430\u0440\u0442\u044b\u044f \u0430\u0442\u0440\u044b\u043c\u0430\u043b\u0430 \u043f\u0435\u0440\u0430\u0432\u0430\u0433\u0443 \u045e \u043f\u0430\u0440\u043b\u0430\u043c\u0435\u043d\u0446\u0435.<\/font><\/p>\n<h3>Lait ja s\u00e4\u00e4d\u00f6kset<\/h3>\n<p><b>\u0417\u0430\u043a\u043e\u043d<\/b> (zakon) &#8211; Laki. S\u00e4\u00e4nt\u00f6 tai m\u00e4\u00e4r\u00e4ys, jonka parlamentti on hyv\u00e4ksynyt ja jolla on oikeudellinen voima.<br \/>\n<font color=\"#2D3AC7\">\u041d\u043e\u0432\u044b \u0437\u0430\u043a\u043e\u043d \u0443\u0441\u0442\u0443\u043f\u0456\u0446\u044c \u0443 \u0441\u0456\u043b\u0443 \u0437\u0430\u045e\u0442\u0440\u0430.<\/font><\/p>\n<p><b>\u041f\u0430\u0441\u0442\u0430\u043d\u043e\u0432\u0430<\/b> (pastanova) &#8211; Asetus. Hallituksen tai muun viranomaisen antama m\u00e4\u00e4r\u00e4ys tai s\u00e4\u00e4d\u00f6s.<br \/>\n<font color=\"#2D3AC7\">\u041f\u0430\u0441\u0442\u0430\u043d\u043e\u0432\u0430 \u0431\u044b\u043b\u0430 \u043f\u0430\u0434\u043f\u0456\u0441\u0430\u043d\u0430 \u043f\u0440\u044d\u0437\u0456\u0434\u044d\u043d\u0442\u0430\u043c.<\/font><\/p>\n<p><b>\u0420\u044d\u0444\u043e\u0440\u043c\u0430<\/b> (<a href=\"https:\/\/talkpal.ai\/locations\/language-courses-in-reforma\/\">reforma<\/a>) &#8211; Uudistus. Muutos tai parannus, joka tehd\u00e4\u00e4n olemassa oleviin lakeihin tai j\u00e4rjestelmiin.<br \/>\n<font color=\"#2D3AC7\">\u0420\u044d\u0444\u043e\u0440\u043c\u0430 \u0430\u0434\u0443\u043a\u0430\u0446\u044b\u0456 \u0431\u044b\u043b\u0430 \u0430\u0434\u043e\u0431\u0440\u0430\u043d\u0430 \u043f\u0430\u0440\u043b\u0430\u043c\u0435\u043d\u0442\u0430\u043c.<\/font><\/p>\n<p><b>\u041a\u0430\u043d\u0441\u0442\u044b\u0442\u0443\u0446\u044b\u044f<\/b> (kanstytucyja) &#8211; Perustuslaki. Korkein laki, joka m\u00e4\u00e4rittelee valtion hallintoj\u00e4rjestelm\u00e4n ja kansalaisten perusoikeudet.<br \/>\n<font color=\"#2D3AC7\">\u041a\u0430\u043d\u0441\u0442\u044b\u0442\u0443\u0446\u044b\u044f \u0433\u0430\u0440\u0430\u043d\u0442\u0443\u0435 \u0441\u0432\u0430\u0431\u043e\u0434\u0443 \u0441\u043b\u043e\u0432\u0430.<\/font><\/p>\n<p><b>\u041f\u0440\u0430\u0432\u0430<\/b> (prava) &#8211; Oikeus. Lains\u00e4\u00e4d\u00e4nn\u00f6ss\u00e4 m\u00e4\u00e4ritelty oikeus tai etuus, joka on suojattu lailla.<br \/>\n<font color=\"#2D3AC7\">\u041a\u043e\u0436\u043d\u044b \u0433\u0440\u0430\u043c\u0430\u0434\u0437\u044f\u043d\u0456\u043d \u043c\u0430\u0435 \u043f\u0440\u0430\u0432\u0430 \u043d\u0430 \u0430\u0434\u0443\u043a\u0430\u0446\u044b\u044e.<\/font><\/p>\n<h2>Hallinto ja viranomaiset<\/h2>\n<p><b>\u041f\u0440\u044d\u0437\u0456\u0434\u044d\u043d\u0442<\/b> (prezident) &#8211; Presidentti. Valtion p\u00e4\u00e4mies, joka edustaa maata ja johtaa hallitusta.<br \/>\n<font color=\"#2D3AC7\">\u041f\u0440\u044d\u0437\u0456\u0434\u044d\u043d\u0442 \u0432\u044b\u0441\u0442\u0443\u043f\u0456\u045e \u0437 \u043f\u0440\u0430\u043c\u043e\u0432\u0430\u0439 \u0434\u0430 \u043d\u0430\u0446\u044b\u0456.<\/font><\/p>\n<p><b>\u041c\u0456\u043d\u0456\u0441\u0442\u0440<\/b> (ministr) &#8211; Ministeri. Hallituksen j\u00e4sen, joka johtaa tietty\u00e4 ministeri\u00f6t\u00e4.<br \/>\n<font color=\"#2D3AC7\">\u041c\u0456\u043d\u0456\u0441\u0442\u0440 \u0444\u0456\u043d\u0430\u043d\u0441\u0430\u045e \u043f\u0440\u0430\u0434\u0441\u0442\u0430\u0432\u0456\u045e \u043d\u043e\u0432\u044b \u0431\u044e\u0434\u0436\u044d\u0442.<\/font><\/p>\n<p><b>\u041c\u0456\u043d\u0456\u0441\u0442\u044d\u0440\u0441\u0442\u0432\u0430<\/b> (ministerstva) &#8211; Ministeri\u00f6. Valtionhallinnon yksikk\u00f6, joka vastaa tietyst\u00e4 toimialasta, kuten koulutuksesta tai terveydenhuollosta.<br \/>\n<font color=\"#2D3AC7\">\u041c\u0456\u043d\u0456\u0441\u0442\u044d\u0440\u0441\u0442\u0432\u0430 \u0430\u0434\u0443\u043a\u0430\u0446\u044b\u0456 \u0430\u0431\u0432\u044f\u0441\u0446\u0456\u043b\u0430 \u043d\u043e\u0432\u044b\u044f \u0440\u044d\u0444\u043e\u0440\u043c\u044b.<\/font><\/p>\n<p><b>\u0413\u0443\u0431\u0435\u0440\u043d\u0430\u0442\u0430\u0440<\/b> (hubernatar) &#8211; Kuvern\u00f6\u00f6ri. Aluehallinnon johtaja, joka vastaa tietyn alueen hallinnosta.<br \/>\n<font color=\"#2D3AC7\">\u0413\u0443\u0431\u0435\u0440\u043d\u0430\u0442\u0430\u0440 \u0441\u0443\u0441\u0442\u0440\u044d\u045e\u0441\u044f \u0437 \u0436\u044b\u0445\u0430\u0440\u0430\u043c\u0456 \u0440\u044d\u0433\u0456\u0451\u043d\u0443.<\/font><\/p>\n<p><b>\u0414\u044b\u0440\u044d\u043a\u0442\u0430\u0440<\/b> (dyrektor) &#8211; Johtaja. Organisaation tai laitoksen p\u00e4\u00e4llikk\u00f6, joka vastaa sen toiminnasta.<br \/>\n<font color=\"#2D3AC7\">\u0414\u044b\u0440\u044d\u043a\u0442\u0430\u0440 \u043f\u0440\u0430\u0434\u043f\u0440\u044b\u0435\u043c\u0441\u0442\u0432\u0430 \u0430\u0431\u0432\u044f\u0441\u0446\u0456\u045e \u043d\u043e\u0432\u044b \u043f\u043b\u0430\u043d.<\/font><\/p>\n<h3>Poliittinen keskustelu ja media<\/h3>\n<p><b>\u0421\u041c\u0406<\/b> (SMI) &#8211; Media. Sanoma- ja aikakauslehdet, radio, televisio ja internet, jotka v\u00e4litt\u00e4v\u00e4t tietoa yleis\u00f6lle.<br \/>\n<font color=\"#2D3AC7\">\u0421\u041c\u0406 \u0430\u0434\u044b\u0433\u0440\u044b\u0432\u0430\u044e\u0446\u044c \u0432\u0430\u0436\u043d\u0443\u044e \u0440\u043e\u043b\u044e \u045e \u0433\u0440\u0430\u043c\u0430\u0434\u0441\u0442\u0432\u0435.<\/font><\/p>\n<p><b>\u0414\u044b\u0441\u043a\u0443\u0441\u0456\u044f<\/b> (dyskusia) &#8211; Keskustelu. Mielipiteiden vaihto tietyst\u00e4 aiheesta, usein julkisesti.<br \/>\n<font color=\"#2D3AC7\">\u0414\u044b\u0441\u043a\u0443\u0441\u0456\u044f \u043f\u0440\u0430\u0439\u0448\u043b\u0430 \u045e \u0441\u043f\u0430\u043a\u043e\u0439\u043d\u0430\u0439 \u0430\u0442\u043c\u0430\u0441\u0444\u0435\u0440\u044b.<\/font><\/p>\n<p><b>\u0406\u043d\u0442\u044d\u0440\u0432&#8217;\u044e<\/b> (interv&#8217;ju) &#8211; Haastattelu. Tilanne, jossa toimittaja kysyy kysymyksi\u00e4 ja toinen henkil\u00f6 vastaa niihin.<br \/>\n<font color=\"#2D3AC7\">\u0406\u043d\u0442\u044d\u0440\u0432&#8217;\u044e \u0437 \u043f\u0440\u044d\u0437\u0456\u0434\u044d\u043d\u0442\u0430\u043c \u0431\u044b\u043b\u043e \u0442\u0440\u0430\u043d\u0441\u043b\u044f\u0432\u0430\u043d\u0430 \u043f\u0430 \u0442\u044d\u043b\u0435\u0431\u0430\u0447\u0430\u043d\u043d\u0456.<\/font><\/p>\n<p><b>\u041f\u0440\u044d\u0441-\u043a\u0430\u043d\u0444\u0435\u0440\u044d\u043d\u0446\u044b\u044f<\/b> (pres-kanferencyja) &#8211; Lehdist\u00f6tilaisuus. Tapahtuma, jossa viranomaiset tai julkisuuden henkil\u00f6t antavat tiedonantoja ja vastaavat toimittajien kysymyksiin.<br \/>\n<font color=\"#2D3AC7\">\u041f\u0440\u044d\u0441-\u043a\u0430\u043d\u0444\u0435\u0440\u044d\u043d\u0446\u044b\u044f \u0431\u044b\u043b\u0430 \u0441\u043a\u043b\u0456\u043a\u0430\u043d\u0430\u044f \u0434\u043b\u044f \u0430\u0431\u043c\u0435\u0440\u043a\u0430\u0432\u0430\u043d\u043d\u044f \u043d\u043e\u0432\u0430\u0433\u0430 \u0437\u0430\u043a\u043e\u043d\u0430\u043f\u0440\u0430\u0435\u043a\u0442\u0430.<\/font><\/p>\n<p><b>\u0420\u044d\u0434\u0430\u043a\u0446\u044b\u044f<\/b> (redakcija) &#8211; Toimitus. Ryhm\u00e4 ihmisi\u00e4, jotka ty\u00f6skentelev\u00e4t yhdess\u00e4 tuottaakseen sis\u00e4lt\u00f6\u00e4 lehteen, radioon tai televisioon.<br \/>\n<font color=\"#2D3AC7\">\u0420\u044d\u0434\u0430\u043a\u0446\u044b\u044f \u0432\u044b\u0440\u0430\u0448\u044b\u043b\u0430 \u0430\u043f\u0443\u0431\u043b\u0456\u043a\u0430\u0432\u0430\u0446\u044c \u0430\u0440\u0442\u044b\u043a\u0443\u043b \u043d\u0430 \u043f\u0435\u0440\u0448\u0430\u0439 \u0441\u0442\u0430\u0440\u043e\u043d\u0446\u044b.<\/font><\/p>\n<p><b>\u0420\u044d\u0434\u0430\u043a\u0442\u0430\u0440<\/b> (redaktar) &#8211; Toimittaja. Henkil\u00f6, joka vastaa julkaisun sis\u00e4ll\u00f6n suunnittelusta ja laadusta.<br \/>\n<font color=\"#2D3AC7\">\u0420\u044d\u0434\u0430\u043a\u0442\u0430\u0440 \u0443\u043d\u0451\u0441 \u043f\u0440\u0430\u045e\u043a\u0456 \u045e \u0430\u0440\u0442\u044b\u043a\u0443\u043b.<\/font><\/p>\n<h2>Kansainv\u00e4liset suhteet<\/h2>\n<p><b>\u0414\u044b\u043f\u043b\u0430\u043c\u0430\u0442\u044b\u044f<\/b> (dyplamatyja) &#8211; Diplomatia. Prosessi, jossa valtiot neuvottelevat ja tekev\u00e4t yhteisty\u00f6t\u00e4 kesken\u00e4\u00e4n kansainv\u00e4listen suhteiden hoitamiseksi.<br \/>\n<font color=\"#2D3AC7\">\u0414\u044b\u043f\u043b\u0430\u043c\u0430\u0442\u044b\u044f \u0441\u043f\u0440\u044b\u044f\u0435 \u043c\u0456\u0440\u043d\u0430\u043c\u0443 \u0432\u044b\u0440\u0430\u0448\u044d\u043d\u043d\u044e \u043a\u0430\u043d\u0444\u043b\u0456\u043a\u0442\u0430\u045e.<\/font><\/p>\n<p><b>\u041f\u0430\u0441\u043e\u043b<\/b> (pasol) &#8211; Suurl\u00e4hettil\u00e4s. Henkil\u00f6, joka edustaa valtiotaan toisessa maassa.<br \/>\n<font color=\"#2D3AC7\">\u041f\u0430\u0441\u043e\u043b \u0432\u044b\u0441\u0442\u0443\u043f\u0456\u045e \u043d\u0430 \u043c\u0456\u0436\u043d\u0430\u0440\u043e\u0434\u043d\u0430\u0439 \u043a\u0430\u043d\u0444\u0435\u0440\u044d\u043d\u0446\u044b\u0456.<\/font><\/p>\n<p><b>\u041a\u0430\u043d\u0441\u0443\u043b<\/b> (kansul) &#8211; Konsuli. Diplomaatti, joka auttaa maansa kansalaisia ulkomailla ja edist\u00e4\u00e4 kaupallisia suhteita.<br \/>\n<font color=\"#2D3AC7\">\u041a\u0430\u043d\u0441\u0443\u043b \u0434\u0430\u043f\u0430\u043c\u043e\u0433 \u0433\u0440\u0430\u043c\u0430\u0434\u0437\u044f\u043d\u0456\u043d\u0443 \u045e \u0441\u043a\u043b\u0430\u0434\u0430\u043d\u0430\u0439 \u0441\u0456\u0442\u0443\u0430\u0446\u044b\u0456.<\/font><\/p>\n<p><b>\u0421\u0430\u044e\u0437<\/b> (saju\u017a) &#8211; Liitto. <a href=\"https:\/\/talkpal.ai\/talkpal-discount-for-cultural-organization-members\/\">Organisaatio<\/a> tai sopimus, jonka j\u00e4senet tekev\u00e4t yhteisty\u00f6t\u00e4 yhteisten tavoitteiden saavuttamiseksi.<br \/>\n<font color=\"#2D3AC7\">\u0421\u0430\u044e\u0437 \u043a\u0440\u0430\u0456\u043d \u043f\u0430\u0434\u043f\u0456\u0441\u0430\u045e \u043d\u043e\u0432\u0430\u0435 \u043f\u0430\u0433\u0430\u0434\u043d\u0435\u043d\u043d\u0435.<\/font><\/p>\n<p><b>\u0421\u0430\u043d\u043a\u0446\u044b\u0456<\/b> (sankcyji) &#8211; Pakotteet. Toimenpiteit\u00e4, joita valtio tai kansainv\u00e4linen yhteis\u00f6 voi k\u00e4ytt\u00e4\u00e4 painostaakseen toista valtiota muuttamaan toimintaansa.<br \/>\n<font color=\"#2D3AC7\">\u0421\u0430\u043d\u043a\u0446\u044b\u0456 \u0431\u044b\u043b\u0456 \u045e\u0432\u0435\u0434\u0437\u0435\u043d\u044b \u0441\u0443\u043f\u0440\u0430\u0446\u044c \u043a\u0440\u0430\u0456\u043d\u044b \u0437\u0430 \u043f\u0430\u0440\u0443\u0448\u044d\u043d\u043d\u0435 \u043f\u0440\u0430\u0432\u043e\u045e \u0447\u0430\u043b\u0430\u0432\u0435\u043a\u0430.<\/font><\/p>\n<p><b>\u041f\u0430\u0433\u0430\u0434\u043d\u0435\u043d\u043d\u0435<\/b> (pahadnienne) &#8211; Sopimus. Virallinen asiakirja, joka vahvistaa osapuolten v\u00e4lisen sopimuksen tai yhteisty\u00f6n.<br \/>\n<font color=\"#2D3AC7\">\u041f\u0430\u0433\u0430\u0434\u043d\u0435\u043d\u043d\u0435 \u0431\u044b\u043b\u043e \u043f\u0430\u0434\u043f\u0456\u0441\u0430\u043d\u0430 \u043d\u0430 \u0441\u0430\u043c\u0456\u0446\u0435.<\/font><\/p>\n<h3>Poliittinen aktivismi<\/h3>\n<p><b>\u0410\u043a\u0446\u044b\u044f<\/b> (akcyja) &#8211; Toimenpide. Julkinen tapahtuma tai mielenosoitus, joka j\u00e4rjestet\u00e4\u00e4n jonkin asian puolesta tai vastaan.<br \/>\n<font color=\"#2D3AC7\">\u0410\u043a\u0446\u044b\u044f \u043f\u0440\u0430\u0442\u044d\u0441\u0442\u0443 \u043f\u0440\u0430\u0439\u0448\u043b\u0430 \u043c\u0456\u0440\u043d\u0430.<\/font><\/p>\n<p><b>\u0414\u044d\u043c\u0430\u043d\u0441\u0442\u0440\u0430\u0446\u044b\u044f<\/b> (demanstracyja) &#8211; Mielenosoitus. Julkinen kokoontuminen, jossa ilmaistaan mielipide tai vaatimus.<br \/>\n<font color=\"#2D3AC7\">\u0414\u044d\u043c\u0430\u043d\u0441\u0442\u0440\u0430\u0446\u044b\u044f \u0441\u0430\u0431\u0440\u0430\u043b\u0430 \u0448\u043c\u0430\u0442 \u043b\u044e\u0434\u0437\u0435\u0439.<\/font><\/p>\n<p><b>\u041f\u0440\u0430\u0442\u044d\u0441\u0442<\/b> (pratest) &#8211; Protesti. Julkinen ilmaus tyytym\u00e4tt\u00f6myydest\u00e4 tai vastustuksesta.<br \/>\n<font color=\"#2D3AC7\">\u041f\u0440\u0430\u0442\u044d\u0441\u0442 \u0430\u0434\u0431\u044b\u045e\u0441\u044f \u043a\u0430\u043b\u044f \u0431\u0443\u0434\u044b\u043d\u043a\u0430 \u045e\u0440\u0430\u0434\u0430.<\/font><\/p>\n<p><b>\u0410\u043a\u0442\u044b\u0432\u0456\u0441\u0442<\/b> (aktyv\u0456st) &#8211; Aktivisti. Henkil\u00f6, joka toimii aktiivisesti jonkin asian puolesta tai vastaan.<br \/>\n<font color=\"#2D3AC7\">\u0410\u043a\u0442\u044b\u0432\u0456\u0441\u0442 \u0432\u044b\u0441\u0442\u0443\u043f\u0456\u045e \u0437 \u043f\u0440\u0430\u043c\u043e\u0432\u0430\u0439 \u043d\u0430 \u043c\u0456\u0442\u044b\u043d\u0433\u0443.<\/font><\/p>\n<p><b>\u041a\u0430\u043c\u043f\u0430\u043d\u0456\u044f<\/b> (kampanija) &#8211; Kampanja. Suunniteltu toimintojen sarja, joka pyrit\u00e4\u00e4n saavuttamaan tietty tavoite, usein poliittinen.<br \/>\n<font color=\"#2D3AC7\">\u041a\u0430\u043c\u043f\u0430\u043d\u0456\u044f \u043f\u0430 \u0437\u0431\u043e\u0440\u044b \u043f\u043e\u0434\u043f\u0456\u0441\u0430\u045e \u0431\u044b\u043b\u0430 \u043f\u0430\u0441\u043f\u044f\u0445\u043e\u0432\u0430\u0439.<\/font><\/p>\n<p>N\u00e4m\u00e4 termit auttavat sinua ymm\u00e4rt\u00e4m\u00e4\u00e4n ja osallistumaan valkoven\u00e4l\u00e4iseen poliittiseen keskusteluun. Kun tunnet n\u00e4m\u00e4 k\u00e4sitteet, voit seurata uutisia, keskustella politiikasta ja ymm\u00e4rt\u00e4\u00e4 paremmin valkoven\u00e4l\u00e4ist\u00e4 yhteiskuntaa. Harjoittele n\u00e4it\u00e4 sanoja ja k\u00e4yt\u00e4 niit\u00e4 keskusteluissa, jotta voit parantaa kielitaitoasi ja poliittista tietoisuuttasi.<\/p>\n","protected":false},"featured_media":1527695,"template":"","vocabulary_language":[3799],"class_list":["post-695824","vocabulary","type-vocabulary","status-publish","has-post-thumbnail","hentry","vocabulary_language-valkovenalainen"],"acf":[],"yoast_head":"<!-- This site is optimized with the Yoast SEO Premium plugin v27.2 (Yoast SEO v27.2) - https:\/\/yoast.com\/product\/yoast-seo-premium-wordpress\/ -->\n<title>Poliittisen keskustelun termit valkoven\u00e4l\u00e4iseksi - Talkpal<\/title>\n<meta name=\"description\" content=\"Poliittinen keskustelu voi olla haastavaa jo omalla \u00e4idinkielell\u00e4, saati sitten vieraalla kielell\u00e4. T\u00e4ss\u00e4 artikkelissa k\u00e4ymme l\u00e4pi t\u00e4rkeit\u00e4 poliittisia\" \/>\n<meta name=\"robots\" content=\"index, follow, max-snippet:-1, max-image-preview:large, max-video-preview:-1\" \/>\n<link rel=\"canonical\" href=\"https:\/\/talkpal.ai\/fi\/vocabulary\/poliittisen-keskustelun-termit-valkovenalaiseksi\/\" \/>\n<meta property=\"og:locale\" content=\"fi_FI\" \/>\n<meta property=\"og:type\" content=\"article\" \/>\n<meta property=\"og:title\" content=\"Poliittisen keskustelun termit valkoven\u00e4l\u00e4iseksi\" \/>\n<meta property=\"og:description\" content=\"Poliittinen keskustelu voi olla haastavaa jo omalla \u00e4idinkielell\u00e4, saati sitten vieraalla kielell\u00e4. T\u00e4ss\u00e4 artikkelissa k\u00e4ymme l\u00e4pi t\u00e4rkeit\u00e4 poliittisia\" \/>\n<meta property=\"og:url\" content=\"https:\/\/talkpal.ai\/fi\/vocabulary\/poliittisen-keskustelun-termit-valkovenalaiseksi\/\" \/>\n<meta property=\"og:site_name\" content=\"Talkpal\" \/>\n<meta property=\"article:publisher\" content=\"https:\/\/www.facebook.com\/profile.php?id=100090733639311\" \/>\n<meta property=\"og:image\" content=\"https:\/\/talkpal.ai\/wp-content\/uploads\/2024\/10\/talkpal_flat_illustration_of_a_employees_working_together_happi_c674ff77-e477-4e09-835a-01d30e561e99.png\" \/>\n\t<meta property=\"og:image:width\" content=\"1024\" \/>\n\t<meta property=\"og:image:height\" content=\"1024\" \/>\n\t<meta property=\"og:image:type\" content=\"image\/png\" \/>\n<meta name=\"twitter:card\" content=\"summary_large_image\" \/>\n<meta name=\"twitter:site\" content=\"@talkpalai\" \/>\n<meta name=\"twitter:label1\" content=\"Arvioitu lukuaika\" \/>\n\t<meta name=\"twitter:data1\" content=\"3 minuuttia\" \/>\n<script type=\"application\/ld+json\" class=\"yoast-schema-graph\">{\"@context\":\"https:\/\/schema.org\",\"@graph\":[{\"@type\":\"WebPage\",\"@id\":\"https:\/\/talkpal.ai\/fi\/vocabulary\/poliittisen-keskustelun-termit-valkovenalaiseksi\/\",\"url\":\"https:\/\/talkpal.ai\/fi\/vocabulary\/poliittisen-keskustelun-termit-valkovenalaiseksi\/\",\"name\":\"Poliittisen keskustelun termit valkoven\u00e4l\u00e4iseksi - Talkpal\",\"isPartOf\":{\"@id\":\"https:\/\/talkpal.ai\/fi\/#website\"},\"primaryImageOfPage\":{\"@id\":\"https:\/\/talkpal.ai\/fi\/vocabulary\/poliittisen-keskustelun-termit-valkovenalaiseksi\/#primaryimage\"},\"image\":{\"@id\":\"https:\/\/talkpal.ai\/fi\/vocabulary\/poliittisen-keskustelun-termit-valkovenalaiseksi\/#primaryimage\"},\"thumbnailUrl\":\"https:\/\/talkpal.ai\/wp-content\/uploads\/2025\/12\/group-studying-hard-to-learn-languages.webp\",\"datePublished\":\"2024-06-07T16:39:04+00:00\",\"description\":\"Poliittinen keskustelu voi olla haastavaa jo omalla \u00e4idinkielell\u00e4, saati sitten vieraalla kielell\u00e4. T\u00e4ss\u00e4 artikkelissa k\u00e4ymme l\u00e4pi t\u00e4rkeit\u00e4 poliittisia\",\"breadcrumb\":{\"@id\":\"https:\/\/talkpal.ai\/fi\/vocabulary\/poliittisen-keskustelun-termit-valkovenalaiseksi\/#breadcrumb\"},\"inLanguage\":\"fi\",\"potentialAction\":[{\"@type\":\"ReadAction\",\"target\":[\"https:\/\/talkpal.ai\/fi\/vocabulary\/poliittisen-keskustelun-termit-valkovenalaiseksi\/\"]}]},{\"@type\":\"ImageObject\",\"inLanguage\":\"fi\",\"@id\":\"https:\/\/talkpal.ai\/fi\/vocabulary\/poliittisen-keskustelun-termit-valkovenalaiseksi\/#primaryimage\",\"url\":\"https:\/\/talkpal.ai\/wp-content\/uploads\/2025\/12\/group-studying-hard-to-learn-languages.webp\",\"contentUrl\":\"https:\/\/talkpal.ai\/wp-content\/uploads\/2025\/12\/group-studying-hard-to-learn-languages.webp\",\"width\":1200,\"height\":896,\"caption\":\"A group of students sit at a library table with laptops for the purpose of learning languages.\"},{\"@type\":\"BreadcrumbList\",\"@id\":\"https:\/\/talkpal.ai\/fi\/vocabulary\/poliittisen-keskustelun-termit-valkovenalaiseksi\/#breadcrumb\",\"itemListElement\":[{\"@type\":\"ListItem\",\"position\":1,\"name\":\"Homepage\",\"item\":\"https:\/\/talkpal.ai\/fi\/\"},{\"@type\":\"ListItem\",\"position\":2,\"name\":\"Poliittisen keskustelun termit valkoven\u00e4l\u00e4iseksi\"}]},{\"@type\":\"WebSite\",\"@id\":\"https:\/\/talkpal.ai\/fi\/#website\",\"url\":\"https:\/\/talkpal.ai\/fi\/\",\"name\":\"Talkpal\",\"description\":\"AI Language Learning\",\"publisher\":{\"@id\":\"https:\/\/talkpal.ai\/fi\/#organization\"},\"alternateName\":\"Talkpal AI\",\"potentialAction\":[{\"@type\":\"SearchAction\",\"target\":{\"@type\":\"EntryPoint\",\"urlTemplate\":\"https:\/\/talkpal.ai\/fi\/?s={search_term_string}\"},\"query-input\":{\"@type\":\"PropertyValueSpecification\",\"valueRequired\":true,\"valueName\":\"search_term_string\"}}],\"inLanguage\":\"fi\"},{\"@type\":\"Organization\",\"@id\":\"https:\/\/talkpal.ai\/fi\/#organization\",\"name\":\"Talkpal, Inc.\",\"alternateName\":\"Talkpal AI\",\"url\":\"https:\/\/talkpal.ai\/fi\/\",\"logo\":{\"@type\":\"ImageObject\",\"inLanguage\":\"fi\",\"@id\":\"https:\/\/talkpal.ai\/fi\/#\/schema\/logo\/image\/\",\"url\":\"https:\/\/talkpal.ai\/wp-content\/uploads\/2024\/03\/Talkpal-Logo-Icon.png\",\"contentUrl\":\"https:\/\/talkpal.ai\/wp-content\/uploads\/2024\/03\/Talkpal-Logo-Icon.png\",\"width\":2880,\"height\":2880,\"caption\":\"Talkpal, Inc.\"},\"image\":{\"@id\":\"https:\/\/talkpal.ai\/fi\/#\/schema\/logo\/image\/\"},\"sameAs\":[\"https:\/\/www.facebook.com\/profile.php?id=100090733639311\",\"https:\/\/x.com\/talkpalai\",\"https:\/\/www.linkedin.com\/company\/talkpal\/\",\"https:\/\/www.youtube.com\/@TalkPal\/\",\"https:\/\/www.tiktok.com\/@talkpal\",\"https:\/\/www.instagram.com\/talkpal_ai\/\",\"https:\/\/www.crunchbase.com\/organization\/talkpal-9cde\",\"https:\/\/www.g2.com\/products\/talkpal-for-business\/\",\"https:\/\/www.trustpilot.com\/review\/talkpal.ai\",\"https:\/\/www.capterra.com\/p\/10006800\/TalkPal\/\"],\"description\":\"Talkpal is a language learning web and mobile education app, powered by the latest AI technologies, that provides engaging experiences to its customers in many different languages to help them improve their language skills. Users can chat about unlimited amount of topics with the app and use other modes to practice their language learning.\",\"email\":\"support@talkpal.ai\",\"legalName\":\"Talkpal, Inc.\",\"foundingDate\":\"2023-04-03\",\"duns\":\"118989042\",\"numberOfEmployees\":{\"@type\":\"QuantitativeValue\",\"minValue\":\"11\",\"maxValue\":\"50\"},\"publishingPrinciples\":\"https:\/\/talkpal.ai\/publishing-principles\/\",\"actionableFeedbackPolicy\":\"https:\/\/talkpal.ai\/actionable-feedback-policy\/\",\"correctionsPolicy\":\"https:\/\/talkpal.ai\/corrections-policy\/\",\"ethicsPolicy\":\"https:\/\/talkpal.ai\/ethics-policy\/\",\"diversityPolicy\":\"https:\/\/talkpal.ai\/diversity-policy\/\",\"diversityStaffingReport\":\"https:\/\/talkpal.ai\/diversity-policy\/\"}]}<\/script>\n<!-- \/ Yoast SEO Premium plugin. -->","yoast_head_json":{"title":"Poliittisen keskustelun termit valkoven\u00e4l\u00e4iseksi - Talkpal","description":"Poliittinen keskustelu voi olla haastavaa jo omalla \u00e4idinkielell\u00e4, saati sitten vieraalla kielell\u00e4. T\u00e4ss\u00e4 artikkelissa k\u00e4ymme l\u00e4pi t\u00e4rkeit\u00e4 poliittisia","robots":{"index":"index","follow":"follow","max-snippet":"max-snippet:-1","max-image-preview":"max-image-preview:large","max-video-preview":"max-video-preview:-1"},"canonical":"https:\/\/talkpal.ai\/fi\/vocabulary\/poliittisen-keskustelun-termit-valkovenalaiseksi\/","og_locale":"fi_FI","og_type":"article","og_title":"Poliittisen keskustelun termit valkoven\u00e4l\u00e4iseksi","og_description":"Poliittinen keskustelu voi olla haastavaa jo omalla \u00e4idinkielell\u00e4, saati sitten vieraalla kielell\u00e4. T\u00e4ss\u00e4 artikkelissa k\u00e4ymme l\u00e4pi t\u00e4rkeit\u00e4 poliittisia","og_url":"https:\/\/talkpal.ai\/fi\/vocabulary\/poliittisen-keskustelun-termit-valkovenalaiseksi\/","og_site_name":"Talkpal","article_publisher":"https:\/\/www.facebook.com\/profile.php?id=100090733639311","og_image":[{"width":1024,"height":1024,"url":"https:\/\/talkpal.ai\/wp-content\/uploads\/2024\/10\/talkpal_flat_illustration_of_a_employees_working_together_happi_c674ff77-e477-4e09-835a-01d30e561e99.png","type":"image\/png"}],"twitter_card":"summary_large_image","twitter_site":"@talkpalai","twitter_misc":{"Arvioitu lukuaika":"3 minuuttia"},"schema":{"@context":"https:\/\/schema.org","@graph":[{"@type":"WebPage","@id":"https:\/\/talkpal.ai\/fi\/vocabulary\/poliittisen-keskustelun-termit-valkovenalaiseksi\/","url":"https:\/\/talkpal.ai\/fi\/vocabulary\/poliittisen-keskustelun-termit-valkovenalaiseksi\/","name":"Poliittisen keskustelun termit valkoven\u00e4l\u00e4iseksi - Talkpal","isPartOf":{"@id":"https:\/\/talkpal.ai\/fi\/#website"},"primaryImageOfPage":{"@id":"https:\/\/talkpal.ai\/fi\/vocabulary\/poliittisen-keskustelun-termit-valkovenalaiseksi\/#primaryimage"},"image":{"@id":"https:\/\/talkpal.ai\/fi\/vocabulary\/poliittisen-keskustelun-termit-valkovenalaiseksi\/#primaryimage"},"thumbnailUrl":"https:\/\/talkpal.ai\/wp-content\/uploads\/2025\/12\/group-studying-hard-to-learn-languages.webp","datePublished":"2024-06-07T16:39:04+00:00","description":"Poliittinen keskustelu voi olla haastavaa jo omalla \u00e4idinkielell\u00e4, saati sitten vieraalla kielell\u00e4. T\u00e4ss\u00e4 artikkelissa k\u00e4ymme l\u00e4pi t\u00e4rkeit\u00e4 poliittisia","breadcrumb":{"@id":"https:\/\/talkpal.ai\/fi\/vocabulary\/poliittisen-keskustelun-termit-valkovenalaiseksi\/#breadcrumb"},"inLanguage":"fi","potentialAction":[{"@type":"ReadAction","target":["https:\/\/talkpal.ai\/fi\/vocabulary\/poliittisen-keskustelun-termit-valkovenalaiseksi\/"]}]},{"@type":"ImageObject","inLanguage":"fi","@id":"https:\/\/talkpal.ai\/fi\/vocabulary\/poliittisen-keskustelun-termit-valkovenalaiseksi\/#primaryimage","url":"https:\/\/talkpal.ai\/wp-content\/uploads\/2025\/12\/group-studying-hard-to-learn-languages.webp","contentUrl":"https:\/\/talkpal.ai\/wp-content\/uploads\/2025\/12\/group-studying-hard-to-learn-languages.webp","width":1200,"height":896,"caption":"A group of students sit at a library table with laptops for the purpose of learning languages."},{"@type":"BreadcrumbList","@id":"https:\/\/talkpal.ai\/fi\/vocabulary\/poliittisen-keskustelun-termit-valkovenalaiseksi\/#breadcrumb","itemListElement":[{"@type":"ListItem","position":1,"name":"Homepage","item":"https:\/\/talkpal.ai\/fi\/"},{"@type":"ListItem","position":2,"name":"Poliittisen keskustelun termit valkoven\u00e4l\u00e4iseksi"}]},{"@type":"WebSite","@id":"https:\/\/talkpal.ai\/fi\/#website","url":"https:\/\/talkpal.ai\/fi\/","name":"Talkpal","description":"AI Language Learning","publisher":{"@id":"https:\/\/talkpal.ai\/fi\/#organization"},"alternateName":"Talkpal AI","potentialAction":[{"@type":"SearchAction","target":{"@type":"EntryPoint","urlTemplate":"https:\/\/talkpal.ai\/fi\/?s={search_term_string}"},"query-input":{"@type":"PropertyValueSpecification","valueRequired":true,"valueName":"search_term_string"}}],"inLanguage":"fi"},{"@type":"Organization","@id":"https:\/\/talkpal.ai\/fi\/#organization","name":"Talkpal, Inc.","alternateName":"Talkpal AI","url":"https:\/\/talkpal.ai\/fi\/","logo":{"@type":"ImageObject","inLanguage":"fi","@id":"https:\/\/talkpal.ai\/fi\/#\/schema\/logo\/image\/","url":"https:\/\/talkpal.ai\/wp-content\/uploads\/2024\/03\/Talkpal-Logo-Icon.png","contentUrl":"https:\/\/talkpal.ai\/wp-content\/uploads\/2024\/03\/Talkpal-Logo-Icon.png","width":2880,"height":2880,"caption":"Talkpal, Inc."},"image":{"@id":"https:\/\/talkpal.ai\/fi\/#\/schema\/logo\/image\/"},"sameAs":["https:\/\/www.facebook.com\/profile.php?id=100090733639311","https:\/\/x.com\/talkpalai","https:\/\/www.linkedin.com\/company\/talkpal\/","https:\/\/www.youtube.com\/@TalkPal\/","https:\/\/www.tiktok.com\/@talkpal","https:\/\/www.instagram.com\/talkpal_ai\/","https:\/\/www.crunchbase.com\/organization\/talkpal-9cde","https:\/\/www.g2.com\/products\/talkpal-for-business\/","https:\/\/www.trustpilot.com\/review\/talkpal.ai","https:\/\/www.capterra.com\/p\/10006800\/TalkPal\/"],"description":"Talkpal is a language learning web and mobile education app, powered by the latest AI technologies, that provides engaging experiences to its customers in many different languages to help them improve their language skills. Users can chat about unlimited amount of topics with the app and use other modes to practice their language learning.","email":"support@talkpal.ai","legalName":"Talkpal, Inc.","foundingDate":"2023-04-03","duns":"118989042","numberOfEmployees":{"@type":"QuantitativeValue","minValue":"11","maxValue":"50"},"publishingPrinciples":"https:\/\/talkpal.ai\/publishing-principles\/","actionableFeedbackPolicy":"https:\/\/talkpal.ai\/actionable-feedback-policy\/","correctionsPolicy":"https:\/\/talkpal.ai\/corrections-policy\/","ethicsPolicy":"https:\/\/talkpal.ai\/ethics-policy\/","diversityPolicy":"https:\/\/talkpal.ai\/diversity-policy\/","diversityStaffingReport":"https:\/\/talkpal.ai\/diversity-policy\/"}]}},"_links":{"self":[{"href":"https:\/\/talkpal.ai\/fi\/wp-json\/wp\/v2\/vocabulary\/695824","targetHints":{"allow":["GET"]}}],"collection":[{"href":"https:\/\/talkpal.ai\/fi\/wp-json\/wp\/v2\/vocabulary"}],"about":[{"href":"https:\/\/talkpal.ai\/fi\/wp-json\/wp\/v2\/types\/vocabulary"}],"wp:featuredmedia":[{"embeddable":true,"href":"https:\/\/talkpal.ai\/fi\/wp-json\/wp\/v2\/media\/1527695"}],"wp:attachment":[{"href":"https:\/\/talkpal.ai\/fi\/wp-json\/wp\/v2\/media?parent=695824"}],"wp:term":[{"taxonomy":"vocabulary_language","embeddable":true,"href":"https:\/\/talkpal.ai\/fi\/wp-json\/wp\/v2\/vocabulary_language?post=695824"}],"curies":[{"name":"wp","href":"https:\/\/api.w.org\/{rel}","templated":true}]}}