{"id":695757,"date":"2024-06-07T16:33:16","date_gmt":"2024-06-07T16:33:16","guid":{"rendered":"https:\/\/talkpal.ai\/vocabulary\/vuodenaikojen-sanat-ja-lauseet-azerbaidzanissa\/"},"modified":"2024-06-07T16:33:16","modified_gmt":"2024-06-07T16:33:16","slug":"vuodenaikojen-sanat-ja-lauseet-azerbaidzanissa","status":"publish","type":"vocabulary","link":"https:\/\/talkpal.ai\/fi\/vocabulary\/vuodenaikojen-sanat-ja-lauseet-azerbaidzanissa\/","title":{"rendered":"Vuodenaikojen sanat ja lauseet azerbaid\u017eanissa"},"content":{"rendered":"<p>Vuodenajat ovat t\u00e4rke\u00e4 osa el\u00e4m\u00e4\u00e4mme, ja niist\u00e4 keskusteleminen eri kielill\u00e4 voi olla hy\u00f6dyllist\u00e4 matkustellessa <a href=\"https:\/\/talkpal.ai\/learn-thai\/\">tai<\/a> oppiessa uutta kulttuuria. T\u00e4ss\u00e4 artikkelissa keskitymme <a href=\"https:\/\/talkpal.ai\/learn-azerbaijani\/\">azerbaid\u017eanin<\/a> kieleen ja opimme sanastoa ja lauseita, jotka liittyv\u00e4t eri vuodenaikoihin. T\u00e4m\u00e4 auttaa sinua kommunikoimaan paremmin azerbaid\u017eaninkielisten ihmisten kanssa ja ymm\u00e4rt\u00e4m\u00e4\u00e4n heid\u00e4n kulttuuriaan paremmin.<\/p>\n<h2>Kev\u00e4t<\/h2>\n<p>Kev\u00e4t on aika, jolloin luonto her\u00e4\u00e4 eloon pitk\u00e4n talven j\u00e4lkeen. T\u00e4ss\u00e4 on joitakin hy\u00f6dyllisi\u00e4 sanoja ja lauseita kev\u00e4\u00e4st\u00e4 azerbaid\u017eanin kielell\u00e4.<\/p>\n<p><b>Yaz<\/b> &#8211; Kev\u00e4t<br \/>\n<font color=\"#2D3AC7\">Yaz g\u0259lir v\u0259 a\u011faclar \u00e7i\u00e7\u0259k a\u00e7\u0131r.<\/font><br \/>\nKev\u00e4t tulee ja puut kukkivat.<\/p>\n<p><b>\u00c7i\u00e7\u0259k<\/b> &#8211; Kukkanen<br \/>\n<font color=\"#2D3AC7\">Ba\u011fda \u00e7oxlu \u00e7i\u00e7\u0259kl\u0259r var.<\/font><br \/>\nPuutarhassa on paljon kukkia.<\/p>\n<p><b>Ya\u011f\u0131\u015f<\/b> &#8211; Sade<br \/>\n<font color=\"#2D3AC7\">Bu g\u00fcn ya\u011f\u0131\u015f ya\u011f\u0131r.<\/font><br \/>\nT\u00e4n\u00e4\u00e4n sataa.<\/p>\n<p><b>\u0130l\u0131q hava<\/b> &#8211; L\u00e4mmin ilma<br \/>\n<font color=\"#2D3AC7\">\u0130l\u0131q hava insanlar\u0131 \u00e7\u00f6l\u0259 \u00e7\u0131xma\u011fa m\u0259cbur edir.<\/font><br \/>\nL\u00e4mmin ilma saa ihmiset menem\u00e4\u00e4n ulos.<\/p>\n<p><b>Torpaq<\/b> &#8211; Maat<br \/>\n<font color=\"#2D3AC7\">Torpaq islan\u0131r v\u0259 bitkil\u0259r b\u00f6y\u00fcy\u00fcr.<\/font><br \/>\nMaa kostuu ja kasvit kasvavat.<\/p>\n<h2>Kes\u00e4<\/h2>\n<p>Kes\u00e4 on monien suosikki vuodenaika, jolloin voi nauttia auringosta ja l\u00e4mpim\u00e4st\u00e4 s\u00e4\u00e4st\u00e4. T\u00e4ss\u00e4 on joitakin kes\u00e4\u00e4n liittyvi\u00e4 sanoja ja lauseita azerbaid\u017eanin kielell\u00e4.<\/p>\n<p><b>Yay<\/b> &#8211; Kes\u00e4<br \/>\n<font color=\"#2D3AC7\">Yayda d\u0259niz k\u0259nar\u0131na gedirik.<\/font><br \/>\nKes\u00e4ll\u00e4 menemme meren rannalle.<\/p>\n<p><b>G\u00fcn\u0259\u015f<\/b> &#8211; Aurinko<br \/>\n<font color=\"#2D3AC7\">G\u00fcn\u0259\u015f parlay\u0131r v\u0259 hava \u00e7ox istidir.<\/font><br \/>\nAurinko paistaa ja s\u00e4\u00e4 on eritt\u00e4in kuuma.<\/p>\n<p><b>\u0130sti<\/b> &#8211; Kuuma<br \/>\n<font color=\"#2D3AC7\">Hava \u00e7ox istidir, su i\u00e7m\u0259k laz\u0131md\u0131r.<\/font><br \/>\nS\u00e4\u00e4 on eritt\u00e4in kuuma, t\u00e4ytyy juoda vett\u00e4.<\/p>\n<p><b>\u00c7im\u0259rlik<\/b> &#8211; Ranta<br \/>\n<font color=\"#2D3AC7\">\u00c7im\u0259rlikd\u0259 g\u00fcn\u0259\u015fl\u0259nirik v\u0259 \u00fcz\u00fcr\u00fck.<\/font><br \/>\nOlemme rannalla aurinkoa ottamassa ja uimassa.<\/p>\n<p><b>Bayram<\/b> &#8211; Juhla<br \/>\n<font color=\"#2D3AC7\">Yayda \u00e7oxlu bayramlar qeyd olunur.<\/font><br \/>\nKes\u00e4ll\u00e4 juhlitaan paljon juhlia.<\/p>\n<h2>Syksy<\/h2>\n<p>Syksy on siirtym\u00e4vaihe kes\u00e4st\u00e4 talveen, ja se tarjoaa kauniita maisemia ja viile\u00e4mpi\u00e4 s\u00e4it\u00e4. T\u00e4ss\u00e4 on joitakin syksyyn liittyvi\u00e4 sanoja ja lauseita azerbaid\u017eanin kielell\u00e4.<\/p>\n<p><b>Pay\u0131z<\/b> &#8211; Syksy<br \/>\n<font color=\"#2D3AC7\">Pay\u0131zda yarpaqlar saral\u0131r v\u0259 t\u00f6k\u00fcl\u00fcr.<\/font><br \/>\nSyksyll\u00e4 lehdet kellastuvat ja putoavat.<\/p>\n<p><b>Yarpaqlar<\/b> &#8211; Lehdet<br \/>\n<font color=\"#2D3AC7\">Yarpaqlar r\u0259ngini d\u0259yi\u015fir v\u0259 yer\u0259 d\u00fc\u015f\u00fcr.<\/font><br \/>\nLehdet muuttavat v\u00e4ri\u00e4\u00e4n ja putoavat maahan.<\/p>\n<p><b>S\u0259rin<\/b> &#8211; Viile\u00e4<br \/>\n<font color=\"#2D3AC7\">Hava s\u0259rin olur v\u0259 k\u00fcl\u0259k \u0259sir.<\/font><br \/>\nS\u00e4\u00e4 muuttuu viile\u00e4ksi ja tuuli puhaltaa.<\/p>\n<p><b>Ya\u011f\u0131\u015fl\u0131<\/b> &#8211; Sateinen<br \/>\n<font color=\"#2D3AC7\">Pay\u0131zda ya\u011f\u0131\u015fl\u0131 g\u00fcnl\u0259r \u00e7ox olur.<\/font><br \/>\nSyksyll\u00e4 on paljon sateisia p\u00e4ivi\u00e4.<\/p>\n<p><b>Y\u0131\u011fmaq<\/b> &#8211; Ker\u00e4t\u00e4<br \/>\n<font color=\"#2D3AC7\">Pay\u0131zda meyv\u0259l\u0259ri y\u0131\u011f\u0131r\u0131q.<\/font><br \/>\nSyksyll\u00e4 ker\u00e4\u00e4mme hedelmi\u00e4.<\/p>\n<h2>Talvi<\/h2>\n<p>Talvi on kylm\u00e4 vuodenaika, jolloin lumi ja j\u00e4\u00e4 ovat yleisi\u00e4. T\u00e4ss\u00e4 on joitakin talveen liittyvi\u00e4 sanoja ja lauseita azerbaid\u017eanin kielell\u00e4.<\/p>\n<p><b>Q\u0131\u015f<\/b> &#8211; Talvi<br \/>\n<font color=\"#2D3AC7\">Q\u0131\u015fda hava \u00e7ox soyuq olur.<\/font><br \/>\nTalvella s\u00e4\u00e4 on eritt\u00e4in kylm\u00e4.<\/p>\n<p><b>Qar<\/b> &#8211; Lumi<br \/>\n<font color=\"#2D3AC7\">Bu g\u00fcn qar ya\u011f\u0131r.<\/font><br \/>\nT\u00e4n\u00e4\u00e4n sataa lunta.<\/p>\n<p><b>Soyuq<\/b> &#8211; Kylm\u00e4<br \/>\n<font color=\"#2D3AC7\">Hava soyuq oldu\u011fu \u00fc\u00e7\u00fcn qal\u0131n geyinirik.<\/font><br \/>\nKoska s\u00e4\u00e4 on kylm\u00e4, pukeudumme paksuihin vaatteisiin.<\/p>\n<p><b>Buz<\/b> &#8211; J\u00e4\u00e4<br \/>\n<font color=\"#2D3AC7\">Yollarda buz var, diqq\u0259tli ol.<\/font><br \/>\nTeill\u00e4 on j\u00e4\u00e4t\u00e4, ole varovainen.<\/p>\n<p><b>\u015eaxta<\/b> &#8211; Pakkanen<br \/>\n<font color=\"#2D3AC7\">Bu g\u00fcn \u015faxta \u00e7ox g\u00fccl\u00fcd\u00fcr.<\/font><br \/>\nT\u00e4n\u00e4\u00e4n pakkanen on eritt\u00e4in kova.<\/p>\n<h3>Vuodenajat ja kulttuuri<\/h3>\n<p>Azerbaid\u017eanin kulttuuriin kuuluu monia perinteit\u00e4 ja juhlia, jotka liittyv\u00e4t eri vuodenaikoihin. Esimerkiksi kev\u00e4\u00e4ll\u00e4 juhlitaan <b>Novruz Bayram\u0131<\/b>, joka merkitsee uutta vuotta ja kev\u00e4\u00e4n alkamista. T\u00e4ss\u00e4 muutamia kulttuuriin liittyvi\u00e4 sanoja ja lauseita.<\/p>\n<p><b>Novruz Bayram\u0131<\/b> &#8211; Novruz-juhla<br \/>\n<font color=\"#2D3AC7\">Novruz Bayram\u0131nda ail\u0259 \u00fczvl\u0259ri bir yer\u0259 topla\u015f\u0131r.<\/font><br \/>\nNovruz-juhlassa perheenj\u00e4senet kokoontuvat yhteen.<\/p>\n<p><b>Ad\u0259t-\u0259n\u0259n\u0259<\/b> &#8211; Perinne<br \/>\n<font color=\"#2D3AC7\">H\u0259r bir xalq\u0131n \u00f6z\u00fcn\u0259m\u0259xsus ad\u0259t-\u0259n\u0259n\u0259l\u0259ri var.<\/font><br \/>\nJokaisella kansalla on omat perinteens\u00e4.<\/p>\n<p><b>Bayram s\u00fcfr\u0259si<\/b> &#8211; Juhlap\u00f6yt\u00e4<br \/>\n<font color=\"#2D3AC7\">Novruzda bayram s\u00fcfr\u0259si \u00e7ox z\u0259ngin olur.<\/font><br \/>\nNovruz-juhlassa juhlap\u00f6yt\u00e4 on eritt\u00e4in runsas.<\/p>\n<p><b>\u015e\u0259nlik<\/b> &#8211; Juhla<br \/>\n<font color=\"#2D3AC7\">Novruzda m\u00fcxt\u0259lif \u015f\u0259nlikl\u0259r ke\u00e7irilir.<\/font><br \/>\nNovruzissa j\u00e4rjestet\u00e4\u00e4n erilaisia juhlia.<\/p>\n<p><b>Qurban Bayram\u0131<\/b> &#8211; Uhrausjuhla<br \/>\n<font color=\"#2D3AC7\">Qurban Bayram\u0131nda qurbanlar k\u0259silir.<\/font><br \/>\nUhrausjuhlassa uhrataan el\u00e4imi\u00e4.<\/p>\n<h2>Vuodenajat ja s\u00e4\u00e4<\/h2>\n<p>Vuodenaikojen s\u00e4\u00e4 vaihtelee suuresti, ja on t\u00e4rke\u00e4\u00e4 osata puhua s\u00e4\u00e4st\u00e4 azerbaid\u017eanin kielell\u00e4. T\u00e4ss\u00e4 on muutamia yleisi\u00e4 s\u00e4\u00e4tilaan liittyvi\u00e4 sanoja ja lauseita.<\/p>\n<p><b>Hava<\/b> &#8211; S\u00e4\u00e4<br \/>\n<font color=\"#2D3AC7\">Bug\u00fcnk\u00fc hava proqnozu nec\u0259dir?<\/font><br \/>\nMik\u00e4 on t\u00e4m\u00e4n p\u00e4iv\u00e4n s\u00e4\u00e4ennuste?<\/p>\n<p><b>Temperatur<\/b> &#8211; L\u00e4mp\u00f6tila<br \/>\n<font color=\"#2D3AC7\">Temperatur \u00e7ox a\u015fa\u011f\u0131d\u0131r.<\/font><br \/>\nL\u00e4mp\u00f6tila on eritt\u00e4in alhainen.<\/p>\n<p><b>K\u00fcl\u0259k<\/b> &#8211; Tuuli<br \/>\n<font color=\"#2D3AC7\">K\u00fcl\u0259k g\u00fccl\u00fc \u0259sir.<\/font><br \/>\nTuuli puhaltaa voimakkaasti.<\/p>\n<p><b>Ya\u011f\u0131\u015f<\/b> &#8211; Sade<br \/>\n<font color=\"#2D3AC7\">Ya\u011f\u0131\u015f ya\u011f\u0131r, \u00e7\u0259tir g\u00f6t\u00fcr.<\/font><br \/>\nSataa, ota sateenvarjo mukaan.<\/p>\n<p><b>G\u00fcn\u0259\u015fli<\/b> &#8211; Aurinkoinen<br \/>\n<font color=\"#2D3AC7\">Sabah hava g\u00fcn\u0259\u015fli olacaq.<\/font><br \/>\nHuomenna s\u00e4\u00e4 on aurinkoinen.<\/p>\n<h3>Yhteenveto<\/h3>\n<p>Vuodenaikojen sanasto ja lauseet azerbaid\u017eanin kielell\u00e4 ovat hy\u00f6dyllisi\u00e4 jokap\u00e4iv\u00e4isess\u00e4 el\u00e4m\u00e4ss\u00e4 ja matkustellessa. Toivottavasti t\u00e4m\u00e4 artikkeli auttaa sinua ymm\u00e4rt\u00e4m\u00e4\u00e4n paremmin azerbaid\u017eanin kielt\u00e4 ja kulttuuria. Muista harjoitella s\u00e4\u00e4nn\u00f6llisesti ja k\u00e4ytt\u00e4\u00e4 oppimiasi sanoja ja lauseita, jotta voit parantaa kielitaitoasi.<\/p>\n","protected":false},"featured_media":1528074,"template":"","vocabulary_language":[3798],"class_list":["post-695757","vocabulary","type-vocabulary","status-publish","has-post-thumbnail","hentry","vocabulary_language-azerbaidzani"],"acf":[],"yoast_head":"<!-- This site is optimized with the Yoast SEO Premium plugin v27.2 (Yoast SEO v27.2) - https:\/\/yoast.com\/product\/yoast-seo-premium-wordpress\/ -->\n<title>Vuodenaikojen sanat ja lauseet azerbaid\u017eanissa - Talkpal<\/title>\n<meta name=\"description\" content=\"Vuodenajat ovat t\u00e4rke\u00e4 osa el\u00e4m\u00e4\u00e4mme, ja niist\u00e4 keskusteleminen eri kielill\u00e4 voi olla hy\u00f6dyllist\u00e4 matkustellessa tai oppiessa uutta kulttuuria. T\u00e4ss\u00e4\" \/>\n<meta name=\"robots\" content=\"index, follow, max-snippet:-1, max-image-preview:large, max-video-preview:-1\" \/>\n<link rel=\"canonical\" href=\"https:\/\/talkpal.ai\/fi\/vocabulary\/vuodenaikojen-sanat-ja-lauseet-azerbaidzanissa\/\" \/>\n<meta property=\"og:locale\" content=\"fi_FI\" \/>\n<meta property=\"og:type\" content=\"article\" \/>\n<meta property=\"og:title\" content=\"Vuodenaikojen sanat ja lauseet azerbaid\u017eanissa\" \/>\n<meta property=\"og:description\" content=\"Vuodenajat ovat t\u00e4rke\u00e4 osa el\u00e4m\u00e4\u00e4mme, ja niist\u00e4 keskusteleminen eri kielill\u00e4 voi olla hy\u00f6dyllist\u00e4 matkustellessa tai oppiessa uutta kulttuuria. T\u00e4ss\u00e4\" \/>\n<meta property=\"og:url\" content=\"https:\/\/talkpal.ai\/fi\/vocabulary\/vuodenaikojen-sanat-ja-lauseet-azerbaidzanissa\/\" \/>\n<meta property=\"og:site_name\" content=\"Talkpal\" \/>\n<meta property=\"article:publisher\" content=\"https:\/\/www.facebook.com\/profile.php?id=100090733639311\" \/>\n<meta property=\"og:image\" content=\"https:\/\/talkpal.ai\/wp-content\/uploads\/2024\/10\/talkpal_flat_illustration_of_a_employees_working_together_happi_c674ff77-e477-4e09-835a-01d30e561e99.png\" \/>\n\t<meta property=\"og:image:width\" content=\"1024\" \/>\n\t<meta property=\"og:image:height\" content=\"1024\" \/>\n\t<meta property=\"og:image:type\" content=\"image\/png\" \/>\n<meta name=\"twitter:card\" content=\"summary_large_image\" \/>\n<meta name=\"twitter:site\" content=\"@talkpalai\" \/>\n<meta name=\"twitter:label1\" content=\"Arvioitu lukuaika\" \/>\n\t<meta name=\"twitter:data1\" content=\"4 minuuttia\" \/>\n<script type=\"application\/ld+json\" class=\"yoast-schema-graph\">{\"@context\":\"https:\/\/schema.org\",\"@graph\":[{\"@type\":\"WebPage\",\"@id\":\"https:\/\/talkpal.ai\/fi\/vocabulary\/vuodenaikojen-sanat-ja-lauseet-azerbaidzanissa\/\",\"url\":\"https:\/\/talkpal.ai\/fi\/vocabulary\/vuodenaikojen-sanat-ja-lauseet-azerbaidzanissa\/\",\"name\":\"Vuodenaikojen sanat ja lauseet azerbaid\u017eanissa - Talkpal\",\"isPartOf\":{\"@id\":\"https:\/\/talkpal.ai\/fi\/#website\"},\"primaryImageOfPage\":{\"@id\":\"https:\/\/talkpal.ai\/fi\/vocabulary\/vuodenaikojen-sanat-ja-lauseet-azerbaidzanissa\/#primaryimage\"},\"image\":{\"@id\":\"https:\/\/talkpal.ai\/fi\/vocabulary\/vuodenaikojen-sanat-ja-lauseet-azerbaidzanissa\/#primaryimage\"},\"thumbnailUrl\":\"https:\/\/talkpal.ai\/wp-content\/uploads\/2025\/12\/visiting-a-cafe-to-learn-languages.webp\",\"datePublished\":\"2024-06-07T16:33:16+00:00\",\"description\":\"Vuodenajat ovat t\u00e4rke\u00e4 osa el\u00e4m\u00e4\u00e4mme, ja niist\u00e4 keskusteleminen eri kielill\u00e4 voi olla hy\u00f6dyllist\u00e4 matkustellessa tai oppiessa uutta kulttuuria. T\u00e4ss\u00e4\",\"breadcrumb\":{\"@id\":\"https:\/\/talkpal.ai\/fi\/vocabulary\/vuodenaikojen-sanat-ja-lauseet-azerbaidzanissa\/#breadcrumb\"},\"inLanguage\":\"fi\",\"potentialAction\":[{\"@type\":\"ReadAction\",\"target\":[\"https:\/\/talkpal.ai\/fi\/vocabulary\/vuodenaikojen-sanat-ja-lauseet-azerbaidzanissa\/\"]}]},{\"@type\":\"ImageObject\",\"inLanguage\":\"fi\",\"@id\":\"https:\/\/talkpal.ai\/fi\/vocabulary\/vuodenaikojen-sanat-ja-lauseet-azerbaidzanissa\/#primaryimage\",\"url\":\"https:\/\/talkpal.ai\/wp-content\/uploads\/2025\/12\/visiting-a-cafe-to-learn-languages.webp\",\"contentUrl\":\"https:\/\/talkpal.ai\/wp-content\/uploads\/2025\/12\/visiting-a-cafe-to-learn-languages.webp\",\"width\":1200,\"height\":896,\"caption\":\"A man with glasses types on a laptop while learning languages at a cafe table with book stacks.\"},{\"@type\":\"BreadcrumbList\",\"@id\":\"https:\/\/talkpal.ai\/fi\/vocabulary\/vuodenaikojen-sanat-ja-lauseet-azerbaidzanissa\/#breadcrumb\",\"itemListElement\":[{\"@type\":\"ListItem\",\"position\":1,\"name\":\"Homepage\",\"item\":\"https:\/\/talkpal.ai\/fi\/\"},{\"@type\":\"ListItem\",\"position\":2,\"name\":\"Vuodenaikojen sanat ja lauseet azerbaid\u017eanissa\"}]},{\"@type\":\"WebSite\",\"@id\":\"https:\/\/talkpal.ai\/fi\/#website\",\"url\":\"https:\/\/talkpal.ai\/fi\/\",\"name\":\"Talkpal\",\"description\":\"AI Language Learning\",\"publisher\":{\"@id\":\"https:\/\/talkpal.ai\/fi\/#organization\"},\"alternateName\":\"Talkpal AI\",\"potentialAction\":[{\"@type\":\"SearchAction\",\"target\":{\"@type\":\"EntryPoint\",\"urlTemplate\":\"https:\/\/talkpal.ai\/fi\/?s={search_term_string}\"},\"query-input\":{\"@type\":\"PropertyValueSpecification\",\"valueRequired\":true,\"valueName\":\"search_term_string\"}}],\"inLanguage\":\"fi\"},{\"@type\":\"Organization\",\"@id\":\"https:\/\/talkpal.ai\/fi\/#organization\",\"name\":\"Talkpal, Inc.\",\"alternateName\":\"Talkpal AI\",\"url\":\"https:\/\/talkpal.ai\/fi\/\",\"logo\":{\"@type\":\"ImageObject\",\"inLanguage\":\"fi\",\"@id\":\"https:\/\/talkpal.ai\/fi\/#\/schema\/logo\/image\/\",\"url\":\"https:\/\/talkpal.ai\/wp-content\/uploads\/2024\/03\/Talkpal-Logo-Icon.png\",\"contentUrl\":\"https:\/\/talkpal.ai\/wp-content\/uploads\/2024\/03\/Talkpal-Logo-Icon.png\",\"width\":2880,\"height\":2880,\"caption\":\"Talkpal, Inc.\"},\"image\":{\"@id\":\"https:\/\/talkpal.ai\/fi\/#\/schema\/logo\/image\/\"},\"sameAs\":[\"https:\/\/www.facebook.com\/profile.php?id=100090733639311\",\"https:\/\/x.com\/talkpalai\",\"https:\/\/www.linkedin.com\/company\/talkpal\/\",\"https:\/\/www.youtube.com\/@TalkPal\/\",\"https:\/\/www.tiktok.com\/@talkpal\",\"https:\/\/www.instagram.com\/talkpal_ai\/\",\"https:\/\/www.crunchbase.com\/organization\/talkpal-9cde\",\"https:\/\/www.g2.com\/products\/talkpal-for-business\/\",\"https:\/\/www.trustpilot.com\/review\/talkpal.ai\",\"https:\/\/www.capterra.com\/p\/10006800\/TalkPal\/\"],\"description\":\"Talkpal is a language learning web and mobile education app, powered by the latest AI technologies, that provides engaging experiences to its customers in many different languages to help them improve their language skills. Users can chat about unlimited amount of topics with the app and use other modes to practice their language learning.\",\"email\":\"support@talkpal.ai\",\"legalName\":\"Talkpal, Inc.\",\"foundingDate\":\"2023-04-03\",\"duns\":\"118989042\",\"numberOfEmployees\":{\"@type\":\"QuantitativeValue\",\"minValue\":\"11\",\"maxValue\":\"50\"},\"publishingPrinciples\":\"https:\/\/talkpal.ai\/publishing-principles\/\",\"actionableFeedbackPolicy\":\"https:\/\/talkpal.ai\/actionable-feedback-policy\/\",\"correctionsPolicy\":\"https:\/\/talkpal.ai\/corrections-policy\/\",\"ethicsPolicy\":\"https:\/\/talkpal.ai\/ethics-policy\/\",\"diversityPolicy\":\"https:\/\/talkpal.ai\/diversity-policy\/\",\"diversityStaffingReport\":\"https:\/\/talkpal.ai\/diversity-policy\/\"}]}<\/script>\n<!-- \/ Yoast SEO Premium plugin. -->","yoast_head_json":{"title":"Vuodenaikojen sanat ja lauseet azerbaid\u017eanissa - Talkpal","description":"Vuodenajat ovat t\u00e4rke\u00e4 osa el\u00e4m\u00e4\u00e4mme, ja niist\u00e4 keskusteleminen eri kielill\u00e4 voi olla hy\u00f6dyllist\u00e4 matkustellessa tai oppiessa uutta kulttuuria. T\u00e4ss\u00e4","robots":{"index":"index","follow":"follow","max-snippet":"max-snippet:-1","max-image-preview":"max-image-preview:large","max-video-preview":"max-video-preview:-1"},"canonical":"https:\/\/talkpal.ai\/fi\/vocabulary\/vuodenaikojen-sanat-ja-lauseet-azerbaidzanissa\/","og_locale":"fi_FI","og_type":"article","og_title":"Vuodenaikojen sanat ja lauseet azerbaid\u017eanissa","og_description":"Vuodenajat ovat t\u00e4rke\u00e4 osa el\u00e4m\u00e4\u00e4mme, ja niist\u00e4 keskusteleminen eri kielill\u00e4 voi olla hy\u00f6dyllist\u00e4 matkustellessa tai oppiessa uutta kulttuuria. T\u00e4ss\u00e4","og_url":"https:\/\/talkpal.ai\/fi\/vocabulary\/vuodenaikojen-sanat-ja-lauseet-azerbaidzanissa\/","og_site_name":"Talkpal","article_publisher":"https:\/\/www.facebook.com\/profile.php?id=100090733639311","og_image":[{"width":1024,"height":1024,"url":"https:\/\/talkpal.ai\/wp-content\/uploads\/2024\/10\/talkpal_flat_illustration_of_a_employees_working_together_happi_c674ff77-e477-4e09-835a-01d30e561e99.png","type":"image\/png"}],"twitter_card":"summary_large_image","twitter_site":"@talkpalai","twitter_misc":{"Arvioitu lukuaika":"4 minuuttia"},"schema":{"@context":"https:\/\/schema.org","@graph":[{"@type":"WebPage","@id":"https:\/\/talkpal.ai\/fi\/vocabulary\/vuodenaikojen-sanat-ja-lauseet-azerbaidzanissa\/","url":"https:\/\/talkpal.ai\/fi\/vocabulary\/vuodenaikojen-sanat-ja-lauseet-azerbaidzanissa\/","name":"Vuodenaikojen sanat ja lauseet azerbaid\u017eanissa - Talkpal","isPartOf":{"@id":"https:\/\/talkpal.ai\/fi\/#website"},"primaryImageOfPage":{"@id":"https:\/\/talkpal.ai\/fi\/vocabulary\/vuodenaikojen-sanat-ja-lauseet-azerbaidzanissa\/#primaryimage"},"image":{"@id":"https:\/\/talkpal.ai\/fi\/vocabulary\/vuodenaikojen-sanat-ja-lauseet-azerbaidzanissa\/#primaryimage"},"thumbnailUrl":"https:\/\/talkpal.ai\/wp-content\/uploads\/2025\/12\/visiting-a-cafe-to-learn-languages.webp","datePublished":"2024-06-07T16:33:16+00:00","description":"Vuodenajat ovat t\u00e4rke\u00e4 osa el\u00e4m\u00e4\u00e4mme, ja niist\u00e4 keskusteleminen eri kielill\u00e4 voi olla hy\u00f6dyllist\u00e4 matkustellessa tai oppiessa uutta kulttuuria. T\u00e4ss\u00e4","breadcrumb":{"@id":"https:\/\/talkpal.ai\/fi\/vocabulary\/vuodenaikojen-sanat-ja-lauseet-azerbaidzanissa\/#breadcrumb"},"inLanguage":"fi","potentialAction":[{"@type":"ReadAction","target":["https:\/\/talkpal.ai\/fi\/vocabulary\/vuodenaikojen-sanat-ja-lauseet-azerbaidzanissa\/"]}]},{"@type":"ImageObject","inLanguage":"fi","@id":"https:\/\/talkpal.ai\/fi\/vocabulary\/vuodenaikojen-sanat-ja-lauseet-azerbaidzanissa\/#primaryimage","url":"https:\/\/talkpal.ai\/wp-content\/uploads\/2025\/12\/visiting-a-cafe-to-learn-languages.webp","contentUrl":"https:\/\/talkpal.ai\/wp-content\/uploads\/2025\/12\/visiting-a-cafe-to-learn-languages.webp","width":1200,"height":896,"caption":"A man with glasses types on a laptop while learning languages at a cafe table with book stacks."},{"@type":"BreadcrumbList","@id":"https:\/\/talkpal.ai\/fi\/vocabulary\/vuodenaikojen-sanat-ja-lauseet-azerbaidzanissa\/#breadcrumb","itemListElement":[{"@type":"ListItem","position":1,"name":"Homepage","item":"https:\/\/talkpal.ai\/fi\/"},{"@type":"ListItem","position":2,"name":"Vuodenaikojen sanat ja lauseet azerbaid\u017eanissa"}]},{"@type":"WebSite","@id":"https:\/\/talkpal.ai\/fi\/#website","url":"https:\/\/talkpal.ai\/fi\/","name":"Talkpal","description":"AI Language Learning","publisher":{"@id":"https:\/\/talkpal.ai\/fi\/#organization"},"alternateName":"Talkpal AI","potentialAction":[{"@type":"SearchAction","target":{"@type":"EntryPoint","urlTemplate":"https:\/\/talkpal.ai\/fi\/?s={search_term_string}"},"query-input":{"@type":"PropertyValueSpecification","valueRequired":true,"valueName":"search_term_string"}}],"inLanguage":"fi"},{"@type":"Organization","@id":"https:\/\/talkpal.ai\/fi\/#organization","name":"Talkpal, Inc.","alternateName":"Talkpal AI","url":"https:\/\/talkpal.ai\/fi\/","logo":{"@type":"ImageObject","inLanguage":"fi","@id":"https:\/\/talkpal.ai\/fi\/#\/schema\/logo\/image\/","url":"https:\/\/talkpal.ai\/wp-content\/uploads\/2024\/03\/Talkpal-Logo-Icon.png","contentUrl":"https:\/\/talkpal.ai\/wp-content\/uploads\/2024\/03\/Talkpal-Logo-Icon.png","width":2880,"height":2880,"caption":"Talkpal, Inc."},"image":{"@id":"https:\/\/talkpal.ai\/fi\/#\/schema\/logo\/image\/"},"sameAs":["https:\/\/www.facebook.com\/profile.php?id=100090733639311","https:\/\/x.com\/talkpalai","https:\/\/www.linkedin.com\/company\/talkpal\/","https:\/\/www.youtube.com\/@TalkPal\/","https:\/\/www.tiktok.com\/@talkpal","https:\/\/www.instagram.com\/talkpal_ai\/","https:\/\/www.crunchbase.com\/organization\/talkpal-9cde","https:\/\/www.g2.com\/products\/talkpal-for-business\/","https:\/\/www.trustpilot.com\/review\/talkpal.ai","https:\/\/www.capterra.com\/p\/10006800\/TalkPal\/"],"description":"Talkpal is a language learning web and mobile education app, powered by the latest AI technologies, that provides engaging experiences to its customers in many different languages to help them improve their language skills. Users can chat about unlimited amount of topics with the app and use other modes to practice their language learning.","email":"support@talkpal.ai","legalName":"Talkpal, Inc.","foundingDate":"2023-04-03","duns":"118989042","numberOfEmployees":{"@type":"QuantitativeValue","minValue":"11","maxValue":"50"},"publishingPrinciples":"https:\/\/talkpal.ai\/publishing-principles\/","actionableFeedbackPolicy":"https:\/\/talkpal.ai\/actionable-feedback-policy\/","correctionsPolicy":"https:\/\/talkpal.ai\/corrections-policy\/","ethicsPolicy":"https:\/\/talkpal.ai\/ethics-policy\/","diversityPolicy":"https:\/\/talkpal.ai\/diversity-policy\/","diversityStaffingReport":"https:\/\/talkpal.ai\/diversity-policy\/"}]}},"_links":{"self":[{"href":"https:\/\/talkpal.ai\/fi\/wp-json\/wp\/v2\/vocabulary\/695757","targetHints":{"allow":["GET"]}}],"collection":[{"href":"https:\/\/talkpal.ai\/fi\/wp-json\/wp\/v2\/vocabulary"}],"about":[{"href":"https:\/\/talkpal.ai\/fi\/wp-json\/wp\/v2\/types\/vocabulary"}],"wp:featuredmedia":[{"embeddable":true,"href":"https:\/\/talkpal.ai\/fi\/wp-json\/wp\/v2\/media\/1528074"}],"wp:attachment":[{"href":"https:\/\/talkpal.ai\/fi\/wp-json\/wp\/v2\/media?parent=695757"}],"wp:term":[{"taxonomy":"vocabulary_language","embeddable":true,"href":"https:\/\/talkpal.ai\/fi\/wp-json\/wp\/v2\/vocabulary_language?post=695757"}],"curies":[{"name":"wp","href":"https:\/\/api.w.org\/{rel}","templated":true}]}}