{"id":695744,"date":"2024-06-07T16:32:25","date_gmt":"2024-06-07T16:32:25","guid":{"rendered":"https:\/\/talkpal.ai\/vocabulary\/lakiin-ja-oikeuslaitokseen-liittyvat-lausekkeet-azerbaidzanissa\/"},"modified":"2024-06-07T16:32:25","modified_gmt":"2024-06-07T16:32:25","slug":"lakiin-ja-oikeuslaitokseen-liittyvat-lausekkeet-azerbaidzanissa","status":"publish","type":"vocabulary","link":"https:\/\/talkpal.ai\/fi\/vocabulary\/lakiin-ja-oikeuslaitokseen-liittyvat-lausekkeet-azerbaidzanissa\/","title":{"rendered":"Lakiin ja oikeuslaitokseen liittyv\u00e4t lausekkeet azerbaid\u017eanissa"},"content":{"rendered":"<p>Lakiin ja oikeuslaitokseen liittyv\u00e4t lausekkeet ovat t\u00e4rke\u00e4 osa kielt\u00e4, erityisesti silloin, kun on kyse virallisista asioista <a href=\"https:\/\/talkpal.ai\/learn-thai\/\">tai<\/a> oikeudellisista prosesseista. <a href=\"https:\/\/talkpal.ai\/learn-azerbaijani\/\">Azerbaid\u017eanin<\/a> kieless\u00e4 on monia spesifisi\u00e4 sanoja ja fraaseja, joita k\u00e4ytet\u00e4\u00e4n oikeuslaitoksen kontekstissa. T\u00e4ss\u00e4 artikkelissa tarkastelemme n\u00e4it\u00e4 lausekkeita ja annamme esimerkkej\u00e4 niiden k\u00e4yt\u00f6st\u00e4.<\/p>\n<h2>Lakiin liittyvi\u00e4 sanoja<\/h2>\n<p><b>Qanun<\/b> \u2013 laki. T\u00e4m\u00e4 sana viittaa yleisesti kaikkiin s\u00e4\u00e4nt\u00f6ihin ja m\u00e4\u00e4r\u00e4yksiin, jotka on kirjattu lains\u00e4\u00e4d\u00e4nt\u00f6\u00f6n.<br \/>\n<font color=\"#2D3AC7\">Qanun h\u0259r k\u0259s\u0259 \u015famil edilir.<\/font><\/p>\n<p><b>M\u0259hk\u0259m\u0259<\/b> \u2013 tuomioistuin. T\u00e4m\u00e4 on paikka, jossa oikeudenk\u00e4ynnit tapahtuvat ja jossa tuomarit tekev\u00e4t p\u00e4\u00e4t\u00f6ksi\u00e4.<br \/>\n<font color=\"#2D3AC7\">M\u0259hk\u0259m\u0259 q\u0259rar\u0131 sabah elan olunacaq.<\/font><\/p>\n<p><b>Hakim<\/b> \u2013 tuomari. Henkil\u00f6, joka on vastuussa oikeudenk\u00e4ynnin johtamisesta ja p\u00e4\u00e4t\u00f6sten tekemisest\u00e4.<br \/>\n<font color=\"#2D3AC7\">Hakim \u0259dal\u0259tli q\u0259rar verdi.<\/font><\/p>\n<p><b>Prokuror<\/b> \u2013 syytt\u00e4j\u00e4. Henkil\u00f6, joka esitt\u00e4\u00e4 syytteit\u00e4 rikoksista ja yritt\u00e4\u00e4 todistaa syytetyn syyllisyyden.<br \/>\n<font color=\"#2D3AC7\">Prokuror yeni s\u00fcbutlar t\u0259qdim etdi.<\/font><\/p>\n<p><b>V\u0259kil<\/b> \u2013 asianajaja. Henkil\u00f6, joka puolustaa syytetty\u00e4 oikeudessa ja antaa oikeudellista neuvontaa.<br \/>\n<font color=\"#2D3AC7\">V\u0259kil m\u00fcdafi\u0259 nitqi il\u0259 \u00e7\u0131x\u0131\u015f etdi.<\/font><\/p>\n<p><b>\u015eahid<\/b> \u2013 todistaja. Henkil\u00f6, joka antaa todistajanlausunnon oikeudenk\u00e4ynniss\u00e4.<br \/>\n<font color=\"#2D3AC7\">\u015eahid hadis\u0259ni \u0259trafl\u0131 izah etdi.<\/font><\/p>\n<p><b>T\u0259hqiqat<\/b> \u2013 tutkinta. Prosessi, jossa ker\u00e4t\u00e4\u00e4n todisteita ja selvitet\u00e4\u00e4n rikoksen yksityiskohtia.<br \/>\n<font color=\"#2D3AC7\">T\u0259hqiqat n\u0259tic\u0259l\u0259ri a\u00e7\u0131qland\u0131.<\/font><\/p>\n<h2>Oikeudenk\u00e4yntiin liittyvi\u00e4 sanoja<\/h2>\n<p><b>\u0130ttiham<\/b> \u2013 syyte. Rikosoikeudellinen syyt\u00f6s, joka esitet\u00e4\u00e4n syytetty\u00e4 vastaan.<br \/>\n<font color=\"#2D3AC7\">\u0130ttiham s\u0259n\u0259di m\u0259hk\u0259m\u0259y\u0259 t\u0259qdim olundu.<\/font><\/p>\n<p><b>M\u00fcdafi\u0259<\/b> \u2013 puolustus. Toimet ja argumentit, joita k\u00e4ytet\u00e4\u00e4n syytetyn puolustamiseksi oikeudessa.<br \/>\n<font color=\"#2D3AC7\">M\u00fcdafi\u0259 v\u0259kili g\u00fccl\u00fc arqumentl\u0259r ir\u0259li s\u00fcrd\u00fc.<\/font><\/p>\n<p><b>H\u00f6km<\/b> \u2013 tuomio. Tuomarin tekem\u00e4 p\u00e4\u00e4t\u00f6s, joka m\u00e4\u00e4ritt\u00e4\u00e4 syyllisyyden tai syytt\u00f6myyden ja mahdollisen rangaistuksen.<br \/>\n<font color=\"#2D3AC7\">H\u00f6km elan olundu v\u0259 t\u0259qsirli bilin\u0259n \u015f\u0259xs c\u0259zaland\u0131r\u0131ld\u0131.<\/font><\/p>\n<p><b>Appelyasiya<\/b> \u2013 valitus. Prosessi, jossa pyrit\u00e4\u00e4n muuttamaan alemman oikeusasteen p\u00e4\u00e4t\u00f6st\u00e4 ylemm\u00e4ss\u00e4 oikeusasteessa.<br \/>\n<font color=\"#2D3AC7\">V\u0259kil appelyasiya \u015fikay\u0259ti verdi.<\/font><\/p>\n<p><b>S\u00fcbut<\/b> \u2013 todiste. Materiaalit tai lausunnot, jotka tukevat syytett\u00e4 tai puolustusta oikeudessa.<br \/>\n<font color=\"#2D3AC7\">Yeni s\u00fcbutlar i\u015f\u0259 \u0259lav\u0259 olundu.<\/font><\/p>\n<p><b>Q\u0259rar<\/b> \u2013 p\u00e4\u00e4t\u00f6s. Oikeuslaitoksen tai tuomarin antama virallinen lausunto.<br \/>\n<font color=\"#2D3AC7\">M\u0259hk\u0259m\u0259 q\u0259rar\u0131 q\u00fcvv\u0259y\u0259 mindi.<\/font><\/p>\n<h2>Rangaistuksiin liittyvi\u00e4 sanoja<\/h2>\n<p><b>C\u0259za<\/b> \u2013 rangaistus. Seuraamus, joka m\u00e4\u00e4r\u00e4t\u00e4\u00e4n rikoksesta tuomitulle henkil\u00f6lle.<br \/>\n<font color=\"#2D3AC7\">O, t\u00f6r\u0259tdiyi cinay\u0259t\u0259 g\u00f6r\u0259 a\u011f\u0131r c\u0259za ald\u0131.<\/font><\/p>\n<p><b>H\u0259bs<\/b> \u2013 vangitseminen. Vapaudenriisto, joka m\u00e4\u00e4r\u00e4t\u00e4\u00e4n oikeuden p\u00e4\u00e4t\u00f6ksell\u00e4.<br \/>\n<font color=\"#2D3AC7\">H\u0259bs q\u0259rar\u0131 verildi v\u0259 o, d\u0259rhal h\u0259bs olundu.<\/font><\/p>\n<p><b>\u0130\u015fg\u0259nc\u0259<\/b> \u2013 kidutus. Fyysinen tai henkinen kipu, joka aiheutetaan tarkoituksellisesti.<br \/>\n<font color=\"#2D3AC7\">\u0130\u015fg\u0259nc\u0259 qurbanlar\u0131 h\u00fcquqlar\u0131n\u0131 t\u0259l\u0259b edir.<\/font><\/p>\n<p><b>\u0130ttihamnam\u0259<\/b> \u2013 syyt\u00f6sasiakirja. Asiakirja, jossa esitet\u00e4\u00e4n syyt\u00f6kset ja todisteet syytetty\u00e4 vastaan.<br \/>\n<font color=\"#2D3AC7\">\u0130ttihamnam\u0259 m\u0259hk\u0259m\u0259d\u0259 oxundu.<\/font><\/p>\n<p><b>Azadl\u0131qdan m\u0259hrum etm\u0259<\/b> \u2013 vapaudenmenetys. Rangaistus, jossa henkil\u00f6 menett\u00e4\u00e4 vapautensa m\u00e4\u00e4r\u00e4ajaksi.<br \/>\n<font color=\"#2D3AC7\">O, be\u015f il m\u00fcdd\u0259tin\u0259 azadl\u0131qdan m\u0259hrum edildi.<\/font><\/p>\n<h2>Muita oikeudellisia termej\u00e4<\/h2>\n<p><b>\u0130ttiham akt\u0131<\/b> \u2013 syytekirjelm\u00e4. Asiakirja, joka sis\u00e4lt\u00e4\u00e4 syyt\u00f6kset ja todisteet oikeudenk\u00e4ynti\u00e4 varten.<br \/>\n<font color=\"#2D3AC7\">\u0130ttiham akt\u0131 m\u0259hk\u0259m\u0259y\u0259 t\u0259qdim olundu.<\/font><\/p>\n<p><b>Apellyasiya m\u0259hk\u0259m\u0259si<\/b> \u2013 valitustuomioistuin. Oikeusaste, joka k\u00e4sittelee valituksia alempien oikeusasteiden p\u00e4\u00e4t\u00f6ksist\u00e4.<br \/>\n<font color=\"#2D3AC7\">Apellyasiya m\u0259hk\u0259m\u0259si i\u015f\u0259 yenid\u0259n baxd\u0131.<\/font><\/p>\n<p><b>\u0130stintaq<\/b> \u2013 esitutkinta. Prosessi, jossa ker\u00e4t\u00e4\u00e4n todisteita ja selvitet\u00e4\u00e4n rikoksen yksityiskohtia ennen oikeudenk\u00e4ynti\u00e4.<br \/>\n<font color=\"#2D3AC7\">\u0130stintaq tamamland\u0131 v\u0259 i\u015f m\u0259hk\u0259m\u0259y\u0259 g\u00f6nd\u0259rildi.<\/font><\/p>\n<p><b>V\u0259killik<\/b> \u2013 asianajotoiminta. Ammatti, jossa annetaan oikeudellista neuvontaa ja puolustetaan asiakkaita oikeudessa.<br \/>\n<font color=\"#2D3AC7\">V\u0259killik pe\u015f\u0259si b\u00f6y\u00fck m\u0259suliyy\u0259t t\u0259l\u0259b edir.<\/font><\/p>\n<p><b>H\u00fcquq<\/b> \u2013 oikeus. Lait ja s\u00e4\u00e4d\u00f6kset, jotka m\u00e4\u00e4ritt\u00e4v\u00e4t ihmisten oikeudet ja velvollisuudet.<br \/>\n<font color=\"#2D3AC7\">H\u00fcquq h\u0259r k\u0259s \u00fc\u00e7\u00fcn b\u0259rab\u0259rdir.<\/font><\/p>\n<p><b>H\u00fcquqi yard\u0131m<\/b> \u2013 oikeudellinen apu. Neuvonta ja tuki, jota asianajajat ja muut oikeudelliset asiantuntijat tarjoavat.<br \/>\n<font color=\"#2D3AC7\">Pulsuz h\u00fcquqi yard\u0131m g\u00f6st\u0259rildi.<\/font><\/p>\n<p><b>Qanun layih\u0259si<\/b> \u2013 lakiehdotus. Asiakirja, joka sis\u00e4lt\u00e4\u00e4 ehdotuksen uudeksi laiksi tai lain muutokseksi.<br \/>\n<font color=\"#2D3AC7\">Qanun layih\u0259si parlamentd\u0259 m\u00fczakir\u0259 olundu.<\/font><\/p>\n<p><b>Parlament<\/b> \u2013 parlamentti. Lains\u00e4\u00e4d\u00e4nt\u00f6elin, joka s\u00e4\u00e4t\u00e4\u00e4 lait ja valvoo hallituksen toimintaa.<br \/>\n<font color=\"#2D3AC7\">Parlament yeni qanun q\u0259bul etdi.<\/font><\/p>\n<p><b>\u0130cra hakimiyy\u0259ti<\/b> \u2013 toimeenpanovalta. Hallituksen toimielin, joka vastaa lakien t\u00e4yt\u00e4nt\u00f6\u00f6npanosta ja hallinnon toiminnasta.<br \/>\n<font color=\"#2D3AC7\">\u0130cra hakimiyy\u0259ti qanunlar\u0131n icras\u0131na n\u0259zar\u0259t edir.<\/font><\/p>\n<p><b>Kassasiya \u015fikay\u0259ti<\/b> \u2013 kassaatio. Valitus ylimm\u00e4lle oikeusasteelle, jossa pyrit\u00e4\u00e4n kumoamaan alempien oikeusasteiden p\u00e4\u00e4t\u00f6kset.<br \/>\n<font color=\"#2D3AC7\">Kassasiya \u015fikay\u0259ti verilmi\u015fdir.<\/font><\/p>\n<p><b>\u0130nsan h\u00fcquqlar\u0131<\/b> \u2013 ihmisoikeudet. Perusoikeudet, jotka kuuluvat kaikille ihmisille.<br \/>\n<font color=\"#2D3AC7\">\u0130nsan h\u00fcquqlar\u0131 m\u00fcdafi\u0259 olunur.<\/font><\/p>\n<p>N\u00e4m\u00e4 termit ja lausekkeet auttavat sinua ymm\u00e4rt\u00e4m\u00e4\u00e4n ja k\u00e4ytt\u00e4m\u00e4\u00e4n azerbaid\u017eanin kielt\u00e4 oikeudellisissa konteksteissa. On t\u00e4rke\u00e4\u00e4 tuntea n\u00e4m\u00e4 sanat ja niiden oikea k\u00e4ytt\u00f6, jotta voit kommunikoida tehokkaasti ja ymm\u00e4rt\u00e4\u00e4 oikeudellisia asiakirjoja ja prosesseja. Opi n\u00e4m\u00e4 termit ja harjoittele niiden k\u00e4ytt\u00f6\u00e4 esimerkkilauseiden avulla, jotta voit parantaa kielitaitoasi ja ymm\u00e4rryst\u00e4si azerbaid\u017eanin kielest\u00e4 oikeudellisissa yhteyksiss\u00e4.<\/p>\n","protected":false},"featured_media":1527884,"template":"","vocabulary_language":[3798],"class_list":["post-695744","vocabulary","type-vocabulary","status-publish","has-post-thumbnail","hentry","vocabulary_language-azerbaidzani"],"acf":[],"yoast_head":"<!-- This site is optimized with the Yoast SEO Premium plugin v27.2 (Yoast SEO v27.2) - https:\/\/yoast.com\/product\/yoast-seo-premium-wordpress\/ -->\n<title>Lakiin ja oikeuslaitokseen liittyv\u00e4t lausekkeet azerbaid\u017eanissa - Talkpal<\/title>\n<meta name=\"description\" content=\"Lakiin ja oikeuslaitokseen liittyv\u00e4t lausekkeet ovat t\u00e4rke\u00e4 osa kielt\u00e4, erityisesti silloin, kun on kyse virallisista asioista tai oikeudellisista\" \/>\n<meta name=\"robots\" content=\"index, follow, max-snippet:-1, max-image-preview:large, max-video-preview:-1\" \/>\n<link rel=\"canonical\" href=\"https:\/\/talkpal.ai\/fi\/vocabulary\/lakiin-ja-oikeuslaitokseen-liittyvat-lausekkeet-azerbaidzanissa\/\" \/>\n<meta property=\"og:locale\" content=\"fi_FI\" \/>\n<meta property=\"og:type\" content=\"article\" \/>\n<meta property=\"og:title\" content=\"Lakiin ja oikeuslaitokseen liittyv\u00e4t lausekkeet azerbaid\u017eanissa\" \/>\n<meta property=\"og:description\" content=\"Lakiin ja oikeuslaitokseen liittyv\u00e4t lausekkeet ovat t\u00e4rke\u00e4 osa kielt\u00e4, erityisesti silloin, kun on kyse virallisista asioista tai oikeudellisista\" \/>\n<meta property=\"og:url\" content=\"https:\/\/talkpal.ai\/fi\/vocabulary\/lakiin-ja-oikeuslaitokseen-liittyvat-lausekkeet-azerbaidzanissa\/\" \/>\n<meta property=\"og:site_name\" content=\"Talkpal\" \/>\n<meta property=\"article:publisher\" content=\"https:\/\/www.facebook.com\/profile.php?id=100090733639311\" \/>\n<meta property=\"og:image\" content=\"https:\/\/talkpal.ai\/wp-content\/uploads\/2024\/10\/talkpal_flat_illustration_of_a_employees_working_together_happi_c674ff77-e477-4e09-835a-01d30e561e99.png\" \/>\n\t<meta property=\"og:image:width\" content=\"1024\" \/>\n\t<meta property=\"og:image:height\" content=\"1024\" \/>\n\t<meta property=\"og:image:type\" content=\"image\/png\" \/>\n<meta name=\"twitter:card\" content=\"summary_large_image\" \/>\n<meta name=\"twitter:site\" content=\"@talkpalai\" \/>\n<meta name=\"twitter:label1\" content=\"Arvioitu lukuaika\" \/>\n\t<meta name=\"twitter:data1\" content=\"4 minuuttia\" \/>\n<script type=\"application\/ld+json\" class=\"yoast-schema-graph\">{\"@context\":\"https:\/\/schema.org\",\"@graph\":[{\"@type\":\"WebPage\",\"@id\":\"https:\/\/talkpal.ai\/fi\/vocabulary\/lakiin-ja-oikeuslaitokseen-liittyvat-lausekkeet-azerbaidzanissa\/\",\"url\":\"https:\/\/talkpal.ai\/fi\/vocabulary\/lakiin-ja-oikeuslaitokseen-liittyvat-lausekkeet-azerbaidzanissa\/\",\"name\":\"Lakiin ja oikeuslaitokseen liittyv\u00e4t lausekkeet azerbaid\u017eanissa - Talkpal\",\"isPartOf\":{\"@id\":\"https:\/\/talkpal.ai\/fi\/#website\"},\"primaryImageOfPage\":{\"@id\":\"https:\/\/talkpal.ai\/fi\/vocabulary\/lakiin-ja-oikeuslaitokseen-liittyvat-lausekkeet-azerbaidzanissa\/#primaryimage\"},\"image\":{\"@id\":\"https:\/\/talkpal.ai\/fi\/vocabulary\/lakiin-ja-oikeuslaitokseen-liittyvat-lausekkeet-azerbaidzanissa\/#primaryimage\"},\"thumbnailUrl\":\"https:\/\/talkpal.ai\/wp-content\/uploads\/2025\/12\/sheets-are-read-to-learn-languages.webp\",\"datePublished\":\"2024-06-07T16:32:25+00:00\",\"description\":\"Lakiin ja oikeuslaitokseen liittyv\u00e4t lausekkeet ovat t\u00e4rke\u00e4 osa kielt\u00e4, erityisesti silloin, kun on kyse virallisista asioista tai oikeudellisista\",\"breadcrumb\":{\"@id\":\"https:\/\/talkpal.ai\/fi\/vocabulary\/lakiin-ja-oikeuslaitokseen-liittyvat-lausekkeet-azerbaidzanissa\/#breadcrumb\"},\"inLanguage\":\"fi\",\"potentialAction\":[{\"@type\":\"ReadAction\",\"target\":[\"https:\/\/talkpal.ai\/fi\/vocabulary\/lakiin-ja-oikeuslaitokseen-liittyvat-lausekkeet-azerbaidzanissa\/\"]}]},{\"@type\":\"ImageObject\",\"inLanguage\":\"fi\",\"@id\":\"https:\/\/talkpal.ai\/fi\/vocabulary\/lakiin-ja-oikeuslaitokseen-liittyvat-lausekkeet-azerbaidzanissa\/#primaryimage\",\"url\":\"https:\/\/talkpal.ai\/wp-content\/uploads\/2025\/12\/sheets-are-read-to-learn-languages.webp\",\"contentUrl\":\"https:\/\/talkpal.ai\/wp-content\/uploads\/2025\/12\/sheets-are-read-to-learn-languages.webp\",\"width\":1200,\"height\":896,\"caption\":\"Study sheets are read by two surprised students while learning languages in a quiet university library.\"},{\"@type\":\"BreadcrumbList\",\"@id\":\"https:\/\/talkpal.ai\/fi\/vocabulary\/lakiin-ja-oikeuslaitokseen-liittyvat-lausekkeet-azerbaidzanissa\/#breadcrumb\",\"itemListElement\":[{\"@type\":\"ListItem\",\"position\":1,\"name\":\"Homepage\",\"item\":\"https:\/\/talkpal.ai\/fi\/\"},{\"@type\":\"ListItem\",\"position\":2,\"name\":\"Lakiin ja oikeuslaitokseen liittyv\u00e4t lausekkeet azerbaid\u017eanissa\"}]},{\"@type\":\"WebSite\",\"@id\":\"https:\/\/talkpal.ai\/fi\/#website\",\"url\":\"https:\/\/talkpal.ai\/fi\/\",\"name\":\"Talkpal\",\"description\":\"AI Language Learning\",\"publisher\":{\"@id\":\"https:\/\/talkpal.ai\/fi\/#organization\"},\"alternateName\":\"Talkpal AI\",\"potentialAction\":[{\"@type\":\"SearchAction\",\"target\":{\"@type\":\"EntryPoint\",\"urlTemplate\":\"https:\/\/talkpal.ai\/fi\/?s={search_term_string}\"},\"query-input\":{\"@type\":\"PropertyValueSpecification\",\"valueRequired\":true,\"valueName\":\"search_term_string\"}}],\"inLanguage\":\"fi\"},{\"@type\":\"Organization\",\"@id\":\"https:\/\/talkpal.ai\/fi\/#organization\",\"name\":\"Talkpal, Inc.\",\"alternateName\":\"Talkpal AI\",\"url\":\"https:\/\/talkpal.ai\/fi\/\",\"logo\":{\"@type\":\"ImageObject\",\"inLanguage\":\"fi\",\"@id\":\"https:\/\/talkpal.ai\/fi\/#\/schema\/logo\/image\/\",\"url\":\"https:\/\/talkpal.ai\/wp-content\/uploads\/2024\/03\/Talkpal-Logo-Icon.png\",\"contentUrl\":\"https:\/\/talkpal.ai\/wp-content\/uploads\/2024\/03\/Talkpal-Logo-Icon.png\",\"width\":2880,\"height\":2880,\"caption\":\"Talkpal, Inc.\"},\"image\":{\"@id\":\"https:\/\/talkpal.ai\/fi\/#\/schema\/logo\/image\/\"},\"sameAs\":[\"https:\/\/www.facebook.com\/profile.php?id=100090733639311\",\"https:\/\/x.com\/talkpalai\",\"https:\/\/www.linkedin.com\/company\/talkpal\/\",\"https:\/\/www.youtube.com\/@TalkPal\/\",\"https:\/\/www.tiktok.com\/@talkpal\",\"https:\/\/www.instagram.com\/talkpal_ai\/\",\"https:\/\/www.crunchbase.com\/organization\/talkpal-9cde\",\"https:\/\/www.g2.com\/products\/talkpal-for-business\/\",\"https:\/\/www.trustpilot.com\/review\/talkpal.ai\",\"https:\/\/www.capterra.com\/p\/10006800\/TalkPal\/\"],\"description\":\"Talkpal is a language learning web and mobile education app, powered by the latest AI technologies, that provides engaging experiences to its customers in many different languages to help them improve their language skills. Users can chat about unlimited amount of topics with the app and use other modes to practice their language learning.\",\"email\":\"support@talkpal.ai\",\"legalName\":\"Talkpal, Inc.\",\"foundingDate\":\"2023-04-03\",\"duns\":\"118989042\",\"numberOfEmployees\":{\"@type\":\"QuantitativeValue\",\"minValue\":\"11\",\"maxValue\":\"50\"},\"publishingPrinciples\":\"https:\/\/talkpal.ai\/publishing-principles\/\",\"actionableFeedbackPolicy\":\"https:\/\/talkpal.ai\/actionable-feedback-policy\/\",\"correctionsPolicy\":\"https:\/\/talkpal.ai\/corrections-policy\/\",\"ethicsPolicy\":\"https:\/\/talkpal.ai\/ethics-policy\/\",\"diversityPolicy\":\"https:\/\/talkpal.ai\/diversity-policy\/\",\"diversityStaffingReport\":\"https:\/\/talkpal.ai\/diversity-policy\/\"}]}<\/script>\n<!-- \/ Yoast SEO Premium plugin. -->","yoast_head_json":{"title":"Lakiin ja oikeuslaitokseen liittyv\u00e4t lausekkeet azerbaid\u017eanissa - Talkpal","description":"Lakiin ja oikeuslaitokseen liittyv\u00e4t lausekkeet ovat t\u00e4rke\u00e4 osa kielt\u00e4, erityisesti silloin, kun on kyse virallisista asioista tai oikeudellisista","robots":{"index":"index","follow":"follow","max-snippet":"max-snippet:-1","max-image-preview":"max-image-preview:large","max-video-preview":"max-video-preview:-1"},"canonical":"https:\/\/talkpal.ai\/fi\/vocabulary\/lakiin-ja-oikeuslaitokseen-liittyvat-lausekkeet-azerbaidzanissa\/","og_locale":"fi_FI","og_type":"article","og_title":"Lakiin ja oikeuslaitokseen liittyv\u00e4t lausekkeet azerbaid\u017eanissa","og_description":"Lakiin ja oikeuslaitokseen liittyv\u00e4t lausekkeet ovat t\u00e4rke\u00e4 osa kielt\u00e4, erityisesti silloin, kun on kyse virallisista asioista tai oikeudellisista","og_url":"https:\/\/talkpal.ai\/fi\/vocabulary\/lakiin-ja-oikeuslaitokseen-liittyvat-lausekkeet-azerbaidzanissa\/","og_site_name":"Talkpal","article_publisher":"https:\/\/www.facebook.com\/profile.php?id=100090733639311","og_image":[{"width":1024,"height":1024,"url":"https:\/\/talkpal.ai\/wp-content\/uploads\/2024\/10\/talkpal_flat_illustration_of_a_employees_working_together_happi_c674ff77-e477-4e09-835a-01d30e561e99.png","type":"image\/png"}],"twitter_card":"summary_large_image","twitter_site":"@talkpalai","twitter_misc":{"Arvioitu lukuaika":"4 minuuttia"},"schema":{"@context":"https:\/\/schema.org","@graph":[{"@type":"WebPage","@id":"https:\/\/talkpal.ai\/fi\/vocabulary\/lakiin-ja-oikeuslaitokseen-liittyvat-lausekkeet-azerbaidzanissa\/","url":"https:\/\/talkpal.ai\/fi\/vocabulary\/lakiin-ja-oikeuslaitokseen-liittyvat-lausekkeet-azerbaidzanissa\/","name":"Lakiin ja oikeuslaitokseen liittyv\u00e4t lausekkeet azerbaid\u017eanissa - Talkpal","isPartOf":{"@id":"https:\/\/talkpal.ai\/fi\/#website"},"primaryImageOfPage":{"@id":"https:\/\/talkpal.ai\/fi\/vocabulary\/lakiin-ja-oikeuslaitokseen-liittyvat-lausekkeet-azerbaidzanissa\/#primaryimage"},"image":{"@id":"https:\/\/talkpal.ai\/fi\/vocabulary\/lakiin-ja-oikeuslaitokseen-liittyvat-lausekkeet-azerbaidzanissa\/#primaryimage"},"thumbnailUrl":"https:\/\/talkpal.ai\/wp-content\/uploads\/2025\/12\/sheets-are-read-to-learn-languages.webp","datePublished":"2024-06-07T16:32:25+00:00","description":"Lakiin ja oikeuslaitokseen liittyv\u00e4t lausekkeet ovat t\u00e4rke\u00e4 osa kielt\u00e4, erityisesti silloin, kun on kyse virallisista asioista tai oikeudellisista","breadcrumb":{"@id":"https:\/\/talkpal.ai\/fi\/vocabulary\/lakiin-ja-oikeuslaitokseen-liittyvat-lausekkeet-azerbaidzanissa\/#breadcrumb"},"inLanguage":"fi","potentialAction":[{"@type":"ReadAction","target":["https:\/\/talkpal.ai\/fi\/vocabulary\/lakiin-ja-oikeuslaitokseen-liittyvat-lausekkeet-azerbaidzanissa\/"]}]},{"@type":"ImageObject","inLanguage":"fi","@id":"https:\/\/talkpal.ai\/fi\/vocabulary\/lakiin-ja-oikeuslaitokseen-liittyvat-lausekkeet-azerbaidzanissa\/#primaryimage","url":"https:\/\/talkpal.ai\/wp-content\/uploads\/2025\/12\/sheets-are-read-to-learn-languages.webp","contentUrl":"https:\/\/talkpal.ai\/wp-content\/uploads\/2025\/12\/sheets-are-read-to-learn-languages.webp","width":1200,"height":896,"caption":"Study sheets are read by two surprised students while learning languages in a quiet university library."},{"@type":"BreadcrumbList","@id":"https:\/\/talkpal.ai\/fi\/vocabulary\/lakiin-ja-oikeuslaitokseen-liittyvat-lausekkeet-azerbaidzanissa\/#breadcrumb","itemListElement":[{"@type":"ListItem","position":1,"name":"Homepage","item":"https:\/\/talkpal.ai\/fi\/"},{"@type":"ListItem","position":2,"name":"Lakiin ja oikeuslaitokseen liittyv\u00e4t lausekkeet azerbaid\u017eanissa"}]},{"@type":"WebSite","@id":"https:\/\/talkpal.ai\/fi\/#website","url":"https:\/\/talkpal.ai\/fi\/","name":"Talkpal","description":"AI Language Learning","publisher":{"@id":"https:\/\/talkpal.ai\/fi\/#organization"},"alternateName":"Talkpal AI","potentialAction":[{"@type":"SearchAction","target":{"@type":"EntryPoint","urlTemplate":"https:\/\/talkpal.ai\/fi\/?s={search_term_string}"},"query-input":{"@type":"PropertyValueSpecification","valueRequired":true,"valueName":"search_term_string"}}],"inLanguage":"fi"},{"@type":"Organization","@id":"https:\/\/talkpal.ai\/fi\/#organization","name":"Talkpal, Inc.","alternateName":"Talkpal AI","url":"https:\/\/talkpal.ai\/fi\/","logo":{"@type":"ImageObject","inLanguage":"fi","@id":"https:\/\/talkpal.ai\/fi\/#\/schema\/logo\/image\/","url":"https:\/\/talkpal.ai\/wp-content\/uploads\/2024\/03\/Talkpal-Logo-Icon.png","contentUrl":"https:\/\/talkpal.ai\/wp-content\/uploads\/2024\/03\/Talkpal-Logo-Icon.png","width":2880,"height":2880,"caption":"Talkpal, Inc."},"image":{"@id":"https:\/\/talkpal.ai\/fi\/#\/schema\/logo\/image\/"},"sameAs":["https:\/\/www.facebook.com\/profile.php?id=100090733639311","https:\/\/x.com\/talkpalai","https:\/\/www.linkedin.com\/company\/talkpal\/","https:\/\/www.youtube.com\/@TalkPal\/","https:\/\/www.tiktok.com\/@talkpal","https:\/\/www.instagram.com\/talkpal_ai\/","https:\/\/www.crunchbase.com\/organization\/talkpal-9cde","https:\/\/www.g2.com\/products\/talkpal-for-business\/","https:\/\/www.trustpilot.com\/review\/talkpal.ai","https:\/\/www.capterra.com\/p\/10006800\/TalkPal\/"],"description":"Talkpal is a language learning web and mobile education app, powered by the latest AI technologies, that provides engaging experiences to its customers in many different languages to help them improve their language skills. Users can chat about unlimited amount of topics with the app and use other modes to practice their language learning.","email":"support@talkpal.ai","legalName":"Talkpal, Inc.","foundingDate":"2023-04-03","duns":"118989042","numberOfEmployees":{"@type":"QuantitativeValue","minValue":"11","maxValue":"50"},"publishingPrinciples":"https:\/\/talkpal.ai\/publishing-principles\/","actionableFeedbackPolicy":"https:\/\/talkpal.ai\/actionable-feedback-policy\/","correctionsPolicy":"https:\/\/talkpal.ai\/corrections-policy\/","ethicsPolicy":"https:\/\/talkpal.ai\/ethics-policy\/","diversityPolicy":"https:\/\/talkpal.ai\/diversity-policy\/","diversityStaffingReport":"https:\/\/talkpal.ai\/diversity-policy\/"}]}},"_links":{"self":[{"href":"https:\/\/talkpal.ai\/fi\/wp-json\/wp\/v2\/vocabulary\/695744","targetHints":{"allow":["GET"]}}],"collection":[{"href":"https:\/\/talkpal.ai\/fi\/wp-json\/wp\/v2\/vocabulary"}],"about":[{"href":"https:\/\/talkpal.ai\/fi\/wp-json\/wp\/v2\/types\/vocabulary"}],"wp:featuredmedia":[{"embeddable":true,"href":"https:\/\/talkpal.ai\/fi\/wp-json\/wp\/v2\/media\/1527884"}],"wp:attachment":[{"href":"https:\/\/talkpal.ai\/fi\/wp-json\/wp\/v2\/media?parent=695744"}],"wp:term":[{"taxonomy":"vocabulary_language","embeddable":true,"href":"https:\/\/talkpal.ai\/fi\/wp-json\/wp\/v2\/vocabulary_language?post=695744"}],"curies":[{"name":"wp","href":"https:\/\/api.w.org\/{rel}","templated":true}]}}