{"id":298144,"date":"2024-05-13T17:50:28","date_gmt":"2024-05-13T17:50:28","guid":{"rendered":"https:\/\/talkpal.ai\/vocabulary\/%eb%86%92%eb%8b%a4-vs-%eb%82%ae%eb%8b%a4-korkea-vs-matala-korealaisissa-pituuskuvauksissa\/"},"modified":"2024-05-13T17:50:28","modified_gmt":"2024-05-13T17:50:28","slug":"%eb%86%92%eb%8b%a4-vs-%eb%82%ae%eb%8b%a4-korkea-vs-matala-korealaisissa-pituuskuvauksissa","status":"publish","type":"vocabulary","link":"https:\/\/talkpal.ai\/fi\/vocabulary\/%eb%86%92%eb%8b%a4-vs-%eb%82%ae%eb%8b%a4-korkea-vs-matala-korealaisissa-pituuskuvauksissa\/","title":{"rendered":"\ub192\ub2e4 vs \ub0ae\ub2e4 &#8211; Korkea vs. matala korealaisissa pituuskuvauksissa"},"content":{"rendered":"<p>Kun opiskellaan kieli\u00e4, yksi t\u00e4rkeimmist\u00e4 tavoitteista on ymm\u00e4rt\u00e4\u00e4 ja k\u00e4ytt\u00e4\u00e4 adjektiiveja oikein. <a href=\"https:\/\/talkpal.ai\/learn-korean\/\">Korean<\/a> kieless\u00e4 kaksi perusadjektiivia, jotka kuvaavat korkeutta, ovat <b>\ub192\ub2e4 (nopda)<\/b> ja <b>\ub0ae\ub2e4 (natda)<\/b>. N\u00e4m\u00e4 sanat ovat t\u00e4rkeit\u00e4, kun kuvaillaan esineiden, paikkojen <a href=\"https:\/\/talkpal.ai\/learn-thai\/\">tai<\/a> jopa \u00e4\u00e4nen korkeutta. T\u00e4ss\u00e4 artikkelissa k\u00e4ymme l\u00e4pi, miten n\u00e4it\u00e4 sanoja k\u00e4ytet\u00e4\u00e4n koreankielisiss\u00e4 lauseissa ja miten ne eroavat toisistaan.<\/p>\n<h3>Korkeuden kuvaaminen \ub192\ub2e4:n avulla<\/h3>\n<p><b>\ub192\ub2e4<\/b> tarkoittaa suomeksi &#8217;korkea&#8217;. Sit\u00e4 k\u00e4ytet\u00e4\u00e4n kuvaamaan jotain, joka on fyysisesti korkealla tai ylemp\u00e4n\u00e4 verrattuna muihin objekteihin tai pisteisiin. Esimerkiksi vuoria, rakennuksia tai puita kuvattaessa voidaan k\u00e4ytt\u00e4\u00e4 sanaa \ub192\ub2e4.<\/p>\n<p>\uc0b0\uc774 \ub192\uc544\uc694.<br \/>\n(Tuo vuori on korkea.)<\/p>\n<p>\uac74\ubb3c\uc774 \ub192\uc2b5\ub2c8\ub2e4.<br \/>\n(Rakennus on korkea.)<\/p>\n<p>\uc774 \ub098\ubb34\ub294 \uc815\ub9d0 \ub192\ub124\uc694.<br \/>\n(T\u00e4m\u00e4 puu on todella korkea.)<\/p>\n<h3>Mataluuden kuvaaminen \ub0ae\ub2e4:n avulla<\/h3>\n<p>Toinen adjektiivi, <b>\ub0ae\ub2e4<\/b>, tarkoittaa &#8217;matala&#8217;. T\u00e4t\u00e4 sanaa k\u00e4ytet\u00e4\u00e4n, kun puhutaan jostakin, joka sijaitsee suhteellisen alhaalla tai alempana verrattuna muihin objekteihin. \ub0ae\ub2e4 voi viitata my\u00f6s \u00e4\u00e4nen mataluuteen.<\/p>\n<p>\ub2e4\ub9ac\uac00 \ub0ae\uc544\uc694.<br \/>\n(Silta on matala.)<\/p>\n<p>\ubaa9\uc18c\ub9ac\uac00 \ub0ae\uc2b5\ub2c8\ub2e4.<br \/>\n(H\u00e4nen \u00e4\u00e4nens\u00e4 on matala.)<\/p>\n<p>\uadf8 \ucc28\ub294 \ub0ae\uc2b5\ub2c8\ub2e4.<br \/>\n(Tuo auto on matala.)<\/p>\n<h3>Vertailuja k\u00e4ytt\u00e4en \ub192\ub2e4 ja \ub0ae\ub2e4<\/h3>\n<p>Korean kieless\u00e4 voit tehd\u00e4 vertailuja k\u00e4ytt\u00e4en sanoja \ub192\ub2e4 ja \ub0ae\ub2e4, jotta voit osoittaa eroavaisuuksia kahden objektin tai asian v\u00e4lill\u00e4. T\u00e4m\u00e4 on hy\u00f6dyllist\u00e4 esimerkiksi kun vertailet eri paikkojen tai esineiden korkeuksia.<\/p>\n<p>\uc800 \uc0b0\uc740 \uc774 \uc0b0\ubcf4\ub2e4 \ub192\uc544\uc694.<br \/>\n(Tuo vuori on korkeampi kuin t\u00e4m\u00e4 vuori.)<\/p>\n<p>\uadf8 \uc758\uc790\ub294 \uc774 \uc758\uc790\ubcf4\ub2e4 \ub0ae\uc2b5\ub2c8\ub2e4.<br \/>\n(Tuo tuoli on matalampi kuin t\u00e4m\u00e4 tuoli.)<\/p>\n<h3>Konteksti on t\u00e4rke\u00e4<\/h3>\n<p>On t\u00e4rke\u00e4\u00e4 ymm\u00e4rt\u00e4\u00e4, ett\u00e4 vaikka \ub192\ub2e4 ja \ub0ae\ub2e4 ovat perusadjektiiveja korkeuden kuvaamiseen, niiden k\u00e4ytt\u00f6 voi riippua puhetilanteesta ja kontekstista. Esimerkiksi, sana \ub0ae\ub2e4 voi viitata my\u00f6s siihen, ett\u00e4 jotain pidet\u00e4\u00e4n v\u00e4h\u00e4p\u00e4t\u00f6isen\u00e4 tai aliarvostettuna sosiaalisessa kontekstissa.<\/p>\n<p>\uadf8\ub294 \uc0ac\ud68c\uc5d0\uc11c \ub0ae\uc740 \uc704\uce58\uc5d0 \uc788\uc5b4\uc694.<br \/>\n(H\u00e4n on yhteiskunnassa matalassa asemassa.)<\/p>\n<h3>Yhteenveto<\/h3>\n<p>Korean kieless\u00e4 \ub192\ub2e4 ja \ub0ae\ub2e4 ovat keskeisi\u00e4 sanoja, kun puhutaan korkeudesta. Ne auttavat kuvailemaan ja vertailemaan eri objektien ja asioiden sijaintia vertikaalisesti. T\u00e4ss\u00e4 artikkelissa olemme k\u00e4yneet l\u00e4pi, miten voit k\u00e4ytt\u00e4\u00e4 n\u00e4it\u00e4 adjektiiveja erilaisissa lauseissa ja konteksteissa. Toivottavasti t\u00e4m\u00e4 selvennys auttaa sinua ymm\u00e4rt\u00e4m\u00e4\u00e4n paremmin korean kielen rikkauksia ja monimuotoisuutta.<\/p>\n","protected":false},"featured_media":1528114,"template":"","vocabulary_language":[3413],"class_list":["post-298144","vocabulary","type-vocabulary","status-publish","has-post-thumbnail","hentry","vocabulary_language-korealainen"],"acf":[],"yoast_head":"<!-- This site is optimized with the Yoast SEO Premium plugin v27.2 (Yoast SEO v27.2) - https:\/\/yoast.com\/product\/yoast-seo-premium-wordpress\/ -->\n<title>\ub192\ub2e4 vs \ub0ae\ub2e4 - Korkea vs. matala korealaisissa pituuskuvauksissa - Talkpal<\/title>\n<meta name=\"description\" content=\"Kun opiskellaan kieli\u00e4, yksi t\u00e4rkeimmist\u00e4 tavoitteista on ymm\u00e4rt\u00e4\u00e4 ja k\u00e4ytt\u00e4\u00e4 adjektiiveja oikein. Korean kieless\u00e4 kaksi perusadjektiivia, jotka kuvaavat\" \/>\n<meta name=\"robots\" content=\"index, follow, max-snippet:-1, max-image-preview:large, max-video-preview:-1\" \/>\n<link rel=\"canonical\" href=\"https:\/\/talkpal.ai\/fi\/vocabulary\/%eb%86%92%eb%8b%a4-vs-%eb%82%ae%eb%8b%a4-korkea-vs-matala-korealaisissa-pituuskuvauksissa\/\" \/>\n<meta property=\"og:locale\" content=\"fi_FI\" \/>\n<meta property=\"og:type\" content=\"article\" \/>\n<meta property=\"og:title\" content=\"\ub192\ub2e4 vs \ub0ae\ub2e4 - Korkea vs. matala korealaisissa pituuskuvauksissa\" \/>\n<meta property=\"og:description\" content=\"Kun opiskellaan kieli\u00e4, yksi t\u00e4rkeimmist\u00e4 tavoitteista on ymm\u00e4rt\u00e4\u00e4 ja k\u00e4ytt\u00e4\u00e4 adjektiiveja oikein. Korean kieless\u00e4 kaksi perusadjektiivia, jotka kuvaavat\" \/>\n<meta property=\"og:url\" content=\"https:\/\/talkpal.ai\/fi\/vocabulary\/%eb%86%92%eb%8b%a4-vs-%eb%82%ae%eb%8b%a4-korkea-vs-matala-korealaisissa-pituuskuvauksissa\/\" \/>\n<meta property=\"og:site_name\" content=\"Talkpal\" \/>\n<meta property=\"article:publisher\" content=\"https:\/\/www.facebook.com\/profile.php?id=100090733639311\" \/>\n<meta property=\"og:image\" content=\"https:\/\/talkpal.ai\/wp-content\/uploads\/2024\/10\/talkpal_flat_illustration_of_a_employees_working_together_happi_c674ff77-e477-4e09-835a-01d30e561e99.png\" \/>\n\t<meta property=\"og:image:width\" content=\"1024\" \/>\n\t<meta property=\"og:image:height\" content=\"1024\" \/>\n\t<meta property=\"og:image:type\" content=\"image\/png\" \/>\n<meta name=\"twitter:card\" content=\"summary_large_image\" \/>\n<meta name=\"twitter:site\" content=\"@talkpalai\" \/>\n<meta name=\"twitter:label1\" content=\"Arvioitu lukuaika\" \/>\n\t<meta name=\"twitter:data1\" content=\"2 minuuttia\" \/>\n<script type=\"application\/ld+json\" class=\"yoast-schema-graph\">{\"@context\":\"https:\/\/schema.org\",\"@graph\":[{\"@type\":\"WebPage\",\"@id\":\"https:\/\/talkpal.ai\/fi\/vocabulary\/%eb%86%92%eb%8b%a4-vs-%eb%82%ae%eb%8b%a4-korkea-vs-matala-korealaisissa-pituuskuvauksissa\/\",\"url\":\"https:\/\/talkpal.ai\/fi\/vocabulary\/%eb%86%92%eb%8b%a4-vs-%eb%82%ae%eb%8b%a4-korkea-vs-matala-korealaisissa-pituuskuvauksissa\/\",\"name\":\"\ub192\ub2e4 vs \ub0ae\ub2e4 - Korkea vs. matala korealaisissa pituuskuvauksissa - Talkpal\",\"isPartOf\":{\"@id\":\"https:\/\/talkpal.ai\/fi\/#website\"},\"primaryImageOfPage\":{\"@id\":\"https:\/\/talkpal.ai\/fi\/vocabulary\/%eb%86%92%eb%8b%a4-vs-%eb%82%ae%eb%8b%a4-korkea-vs-matala-korealaisissa-pituuskuvauksissa\/#primaryimage\"},\"image\":{\"@id\":\"https:\/\/talkpal.ai\/fi\/vocabulary\/%eb%86%92%eb%8b%a4-vs-%eb%82%ae%eb%8b%a4-korkea-vs-matala-korealaisissa-pituuskuvauksissa\/#primaryimage\"},\"thumbnailUrl\":\"https:\/\/talkpal.ai\/wp-content\/uploads\/2025\/12\/workspace-is-used-to-learn-languages.webp\",\"datePublished\":\"2024-05-13T17:50:28+00:00\",\"description\":\"Kun opiskellaan kieli\u00e4, yksi t\u00e4rkeimmist\u00e4 tavoitteista on ymm\u00e4rt\u00e4\u00e4 ja k\u00e4ytt\u00e4\u00e4 adjektiiveja oikein. Korean kieless\u00e4 kaksi perusadjektiivia, jotka kuvaavat\",\"breadcrumb\":{\"@id\":\"https:\/\/talkpal.ai\/fi\/vocabulary\/%eb%86%92%eb%8b%a4-vs-%eb%82%ae%eb%8b%a4-korkea-vs-matala-korealaisissa-pituuskuvauksissa\/#breadcrumb\"},\"inLanguage\":\"fi\",\"potentialAction\":[{\"@type\":\"ReadAction\",\"target\":[\"https:\/\/talkpal.ai\/fi\/vocabulary\/%eb%86%92%eb%8b%a4-vs-%eb%82%ae%eb%8b%a4-korkea-vs-matala-korealaisissa-pituuskuvauksissa\/\"]}]},{\"@type\":\"ImageObject\",\"inLanguage\":\"fi\",\"@id\":\"https:\/\/talkpal.ai\/fi\/vocabulary\/%eb%86%92%eb%8b%a4-vs-%eb%82%ae%eb%8b%a4-korkea-vs-matala-korealaisissa-pituuskuvauksissa\/#primaryimage\",\"url\":\"https:\/\/talkpal.ai\/wp-content\/uploads\/2025\/12\/workspace-is-used-to-learn-languages.webp\",\"contentUrl\":\"https:\/\/talkpal.ai\/wp-content\/uploads\/2025\/12\/workspace-is-used-to-learn-languages.webp\",\"width\":1200,\"height\":896,\"caption\":\"People sit at wooden tables using laptops for learning languages in a modern office with sunset views.\"},{\"@type\":\"BreadcrumbList\",\"@id\":\"https:\/\/talkpal.ai\/fi\/vocabulary\/%eb%86%92%eb%8b%a4-vs-%eb%82%ae%eb%8b%a4-korkea-vs-matala-korealaisissa-pituuskuvauksissa\/#breadcrumb\",\"itemListElement\":[{\"@type\":\"ListItem\",\"position\":1,\"name\":\"Homepage\",\"item\":\"https:\/\/talkpal.ai\/fi\/\"},{\"@type\":\"ListItem\",\"position\":2,\"name\":\"\ub192\ub2e4 vs \ub0ae\ub2e4 &#8211; Korkea vs. matala korealaisissa pituuskuvauksissa\"}]},{\"@type\":\"WebSite\",\"@id\":\"https:\/\/talkpal.ai\/fi\/#website\",\"url\":\"https:\/\/talkpal.ai\/fi\/\",\"name\":\"Talkpal\",\"description\":\"AI Language Learning\",\"publisher\":{\"@id\":\"https:\/\/talkpal.ai\/fi\/#organization\"},\"alternateName\":\"Talkpal AI\",\"potentialAction\":[{\"@type\":\"SearchAction\",\"target\":{\"@type\":\"EntryPoint\",\"urlTemplate\":\"https:\/\/talkpal.ai\/fi\/?s={search_term_string}\"},\"query-input\":{\"@type\":\"PropertyValueSpecification\",\"valueRequired\":true,\"valueName\":\"search_term_string\"}}],\"inLanguage\":\"fi\"},{\"@type\":\"Organization\",\"@id\":\"https:\/\/talkpal.ai\/fi\/#organization\",\"name\":\"Talkpal, Inc.\",\"alternateName\":\"Talkpal AI\",\"url\":\"https:\/\/talkpal.ai\/fi\/\",\"logo\":{\"@type\":\"ImageObject\",\"inLanguage\":\"fi\",\"@id\":\"https:\/\/talkpal.ai\/fi\/#\/schema\/logo\/image\/\",\"url\":\"https:\/\/talkpal.ai\/wp-content\/uploads\/2024\/03\/Talkpal-Logo-Icon.png\",\"contentUrl\":\"https:\/\/talkpal.ai\/wp-content\/uploads\/2024\/03\/Talkpal-Logo-Icon.png\",\"width\":2880,\"height\":2880,\"caption\":\"Talkpal, Inc.\"},\"image\":{\"@id\":\"https:\/\/talkpal.ai\/fi\/#\/schema\/logo\/image\/\"},\"sameAs\":[\"https:\/\/www.facebook.com\/profile.php?id=100090733639311\",\"https:\/\/x.com\/talkpalai\",\"https:\/\/www.linkedin.com\/company\/talkpal\/\",\"https:\/\/www.youtube.com\/@TalkPal\/\",\"https:\/\/www.tiktok.com\/@talkpal\",\"https:\/\/www.instagram.com\/talkpal_ai\/\",\"https:\/\/www.crunchbase.com\/organization\/talkpal-9cde\",\"https:\/\/www.g2.com\/products\/talkpal-for-business\/\",\"https:\/\/www.trustpilot.com\/review\/talkpal.ai\",\"https:\/\/www.capterra.com\/p\/10006800\/TalkPal\/\"],\"description\":\"Talkpal is a language learning web and mobile education app, powered by the latest AI technologies, that provides engaging experiences to its customers in many different languages to help them improve their language skills. Users can chat about unlimited amount of topics with the app and use other modes to practice their language learning.\",\"email\":\"support@talkpal.ai\",\"legalName\":\"Talkpal, Inc.\",\"foundingDate\":\"2023-04-03\",\"duns\":\"118989042\",\"numberOfEmployees\":{\"@type\":\"QuantitativeValue\",\"minValue\":\"11\",\"maxValue\":\"50\"},\"publishingPrinciples\":\"https:\/\/talkpal.ai\/publishing-principles\/\",\"actionableFeedbackPolicy\":\"https:\/\/talkpal.ai\/actionable-feedback-policy\/\",\"correctionsPolicy\":\"https:\/\/talkpal.ai\/corrections-policy\/\",\"ethicsPolicy\":\"https:\/\/talkpal.ai\/ethics-policy\/\",\"diversityPolicy\":\"https:\/\/talkpal.ai\/diversity-policy\/\",\"diversityStaffingReport\":\"https:\/\/talkpal.ai\/diversity-policy\/\"}]}<\/script>\n<!-- \/ Yoast SEO Premium plugin. -->","yoast_head_json":{"title":"\ub192\ub2e4 vs \ub0ae\ub2e4 - Korkea vs. matala korealaisissa pituuskuvauksissa - Talkpal","description":"Kun opiskellaan kieli\u00e4, yksi t\u00e4rkeimmist\u00e4 tavoitteista on ymm\u00e4rt\u00e4\u00e4 ja k\u00e4ytt\u00e4\u00e4 adjektiiveja oikein. Korean kieless\u00e4 kaksi perusadjektiivia, jotka kuvaavat","robots":{"index":"index","follow":"follow","max-snippet":"max-snippet:-1","max-image-preview":"max-image-preview:large","max-video-preview":"max-video-preview:-1"},"canonical":"https:\/\/talkpal.ai\/fi\/vocabulary\/%eb%86%92%eb%8b%a4-vs-%eb%82%ae%eb%8b%a4-korkea-vs-matala-korealaisissa-pituuskuvauksissa\/","og_locale":"fi_FI","og_type":"article","og_title":"\ub192\ub2e4 vs \ub0ae\ub2e4 - Korkea vs. matala korealaisissa pituuskuvauksissa","og_description":"Kun opiskellaan kieli\u00e4, yksi t\u00e4rkeimmist\u00e4 tavoitteista on ymm\u00e4rt\u00e4\u00e4 ja k\u00e4ytt\u00e4\u00e4 adjektiiveja oikein. Korean kieless\u00e4 kaksi perusadjektiivia, jotka kuvaavat","og_url":"https:\/\/talkpal.ai\/fi\/vocabulary\/%eb%86%92%eb%8b%a4-vs-%eb%82%ae%eb%8b%a4-korkea-vs-matala-korealaisissa-pituuskuvauksissa\/","og_site_name":"Talkpal","article_publisher":"https:\/\/www.facebook.com\/profile.php?id=100090733639311","og_image":[{"width":1024,"height":1024,"url":"https:\/\/talkpal.ai\/wp-content\/uploads\/2024\/10\/talkpal_flat_illustration_of_a_employees_working_together_happi_c674ff77-e477-4e09-835a-01d30e561e99.png","type":"image\/png"}],"twitter_card":"summary_large_image","twitter_site":"@talkpalai","twitter_misc":{"Arvioitu lukuaika":"2 minuuttia"},"schema":{"@context":"https:\/\/schema.org","@graph":[{"@type":"WebPage","@id":"https:\/\/talkpal.ai\/fi\/vocabulary\/%eb%86%92%eb%8b%a4-vs-%eb%82%ae%eb%8b%a4-korkea-vs-matala-korealaisissa-pituuskuvauksissa\/","url":"https:\/\/talkpal.ai\/fi\/vocabulary\/%eb%86%92%eb%8b%a4-vs-%eb%82%ae%eb%8b%a4-korkea-vs-matala-korealaisissa-pituuskuvauksissa\/","name":"\ub192\ub2e4 vs \ub0ae\ub2e4 - Korkea vs. matala korealaisissa pituuskuvauksissa - Talkpal","isPartOf":{"@id":"https:\/\/talkpal.ai\/fi\/#website"},"primaryImageOfPage":{"@id":"https:\/\/talkpal.ai\/fi\/vocabulary\/%eb%86%92%eb%8b%a4-vs-%eb%82%ae%eb%8b%a4-korkea-vs-matala-korealaisissa-pituuskuvauksissa\/#primaryimage"},"image":{"@id":"https:\/\/talkpal.ai\/fi\/vocabulary\/%eb%86%92%eb%8b%a4-vs-%eb%82%ae%eb%8b%a4-korkea-vs-matala-korealaisissa-pituuskuvauksissa\/#primaryimage"},"thumbnailUrl":"https:\/\/talkpal.ai\/wp-content\/uploads\/2025\/12\/workspace-is-used-to-learn-languages.webp","datePublished":"2024-05-13T17:50:28+00:00","description":"Kun opiskellaan kieli\u00e4, yksi t\u00e4rkeimmist\u00e4 tavoitteista on ymm\u00e4rt\u00e4\u00e4 ja k\u00e4ytt\u00e4\u00e4 adjektiiveja oikein. Korean kieless\u00e4 kaksi perusadjektiivia, jotka kuvaavat","breadcrumb":{"@id":"https:\/\/talkpal.ai\/fi\/vocabulary\/%eb%86%92%eb%8b%a4-vs-%eb%82%ae%eb%8b%a4-korkea-vs-matala-korealaisissa-pituuskuvauksissa\/#breadcrumb"},"inLanguage":"fi","potentialAction":[{"@type":"ReadAction","target":["https:\/\/talkpal.ai\/fi\/vocabulary\/%eb%86%92%eb%8b%a4-vs-%eb%82%ae%eb%8b%a4-korkea-vs-matala-korealaisissa-pituuskuvauksissa\/"]}]},{"@type":"ImageObject","inLanguage":"fi","@id":"https:\/\/talkpal.ai\/fi\/vocabulary\/%eb%86%92%eb%8b%a4-vs-%eb%82%ae%eb%8b%a4-korkea-vs-matala-korealaisissa-pituuskuvauksissa\/#primaryimage","url":"https:\/\/talkpal.ai\/wp-content\/uploads\/2025\/12\/workspace-is-used-to-learn-languages.webp","contentUrl":"https:\/\/talkpal.ai\/wp-content\/uploads\/2025\/12\/workspace-is-used-to-learn-languages.webp","width":1200,"height":896,"caption":"People sit at wooden tables using laptops for learning languages in a modern office with sunset views."},{"@type":"BreadcrumbList","@id":"https:\/\/talkpal.ai\/fi\/vocabulary\/%eb%86%92%eb%8b%a4-vs-%eb%82%ae%eb%8b%a4-korkea-vs-matala-korealaisissa-pituuskuvauksissa\/#breadcrumb","itemListElement":[{"@type":"ListItem","position":1,"name":"Homepage","item":"https:\/\/talkpal.ai\/fi\/"},{"@type":"ListItem","position":2,"name":"\ub192\ub2e4 vs \ub0ae\ub2e4 &#8211; Korkea vs. matala korealaisissa pituuskuvauksissa"}]},{"@type":"WebSite","@id":"https:\/\/talkpal.ai\/fi\/#website","url":"https:\/\/talkpal.ai\/fi\/","name":"Talkpal","description":"AI Language Learning","publisher":{"@id":"https:\/\/talkpal.ai\/fi\/#organization"},"alternateName":"Talkpal AI","potentialAction":[{"@type":"SearchAction","target":{"@type":"EntryPoint","urlTemplate":"https:\/\/talkpal.ai\/fi\/?s={search_term_string}"},"query-input":{"@type":"PropertyValueSpecification","valueRequired":true,"valueName":"search_term_string"}}],"inLanguage":"fi"},{"@type":"Organization","@id":"https:\/\/talkpal.ai\/fi\/#organization","name":"Talkpal, Inc.","alternateName":"Talkpal AI","url":"https:\/\/talkpal.ai\/fi\/","logo":{"@type":"ImageObject","inLanguage":"fi","@id":"https:\/\/talkpal.ai\/fi\/#\/schema\/logo\/image\/","url":"https:\/\/talkpal.ai\/wp-content\/uploads\/2024\/03\/Talkpal-Logo-Icon.png","contentUrl":"https:\/\/talkpal.ai\/wp-content\/uploads\/2024\/03\/Talkpal-Logo-Icon.png","width":2880,"height":2880,"caption":"Talkpal, Inc."},"image":{"@id":"https:\/\/talkpal.ai\/fi\/#\/schema\/logo\/image\/"},"sameAs":["https:\/\/www.facebook.com\/profile.php?id=100090733639311","https:\/\/x.com\/talkpalai","https:\/\/www.linkedin.com\/company\/talkpal\/","https:\/\/www.youtube.com\/@TalkPal\/","https:\/\/www.tiktok.com\/@talkpal","https:\/\/www.instagram.com\/talkpal_ai\/","https:\/\/www.crunchbase.com\/organization\/talkpal-9cde","https:\/\/www.g2.com\/products\/talkpal-for-business\/","https:\/\/www.trustpilot.com\/review\/talkpal.ai","https:\/\/www.capterra.com\/p\/10006800\/TalkPal\/"],"description":"Talkpal is a language learning web and mobile education app, powered by the latest AI technologies, that provides engaging experiences to its customers in many different languages to help them improve their language skills. Users can chat about unlimited amount of topics with the app and use other modes to practice their language learning.","email":"support@talkpal.ai","legalName":"Talkpal, Inc.","foundingDate":"2023-04-03","duns":"118989042","numberOfEmployees":{"@type":"QuantitativeValue","minValue":"11","maxValue":"50"},"publishingPrinciples":"https:\/\/talkpal.ai\/publishing-principles\/","actionableFeedbackPolicy":"https:\/\/talkpal.ai\/actionable-feedback-policy\/","correctionsPolicy":"https:\/\/talkpal.ai\/corrections-policy\/","ethicsPolicy":"https:\/\/talkpal.ai\/ethics-policy\/","diversityPolicy":"https:\/\/talkpal.ai\/diversity-policy\/","diversityStaffingReport":"https:\/\/talkpal.ai\/diversity-policy\/"}]}},"_links":{"self":[{"href":"https:\/\/talkpal.ai\/fi\/wp-json\/wp\/v2\/vocabulary\/298144","targetHints":{"allow":["GET"]}}],"collection":[{"href":"https:\/\/talkpal.ai\/fi\/wp-json\/wp\/v2\/vocabulary"}],"about":[{"href":"https:\/\/talkpal.ai\/fi\/wp-json\/wp\/v2\/types\/vocabulary"}],"wp:featuredmedia":[{"embeddable":true,"href":"https:\/\/talkpal.ai\/fi\/wp-json\/wp\/v2\/media\/1528114"}],"wp:attachment":[{"href":"https:\/\/talkpal.ai\/fi\/wp-json\/wp\/v2\/media?parent=298144"}],"wp:term":[{"taxonomy":"vocabulary_language","embeddable":true,"href":"https:\/\/talkpal.ai\/fi\/wp-json\/wp\/v2\/vocabulary_language?post=298144"}],"curies":[{"name":"wp","href":"https:\/\/api.w.org\/{rel}","templated":true}]}}