{"id":278829,"date":"2024-05-08T14:18:47","date_gmt":"2024-05-08T14:18:47","guid":{"rendered":"https:\/\/talkpal.ai\/vocabulary\/portugalin-hallitukseen-ja-politiikkaan-liittyva-sanasto\/"},"modified":"2024-05-08T14:18:47","modified_gmt":"2024-05-08T14:18:47","slug":"portugalin-hallitukseen-ja-politiikkaan-liittyva-sanasto","status":"publish","type":"vocabulary","link":"https:\/\/talkpal.ai\/fi\/vocabulary\/portugalin-hallitukseen-ja-politiikkaan-liittyva-sanasto\/","title":{"rendered":"Portugalin hallitukseen ja politiikkaan liittyv\u00e4 sanasto"},"content":{"rendered":"<p>Portugalin kieli on rikas ja monimuotoinen, ja sen hallituksen ja politiikan sanasto on t\u00e4ynn\u00e4 erityisi\u00e4 termej\u00e4, jotka ovat hy\u00f6dyllisi\u00e4 ymm\u00e4rt\u00e4\u00e4, kun seuraa maan uutisia <a href=\"https:\/\/talkpal.ai\/learn-thai\/\">tai<\/a> tutkii sen poliittista j\u00e4rjestelm\u00e4\u00e4. T\u00e4ss\u00e4 artikkelissa k\u00e4ymme l\u00e4pi joitakin keskeisi\u00e4 sanoja ja ilmaisuja, jotka liittyv\u00e4t Portugaliin politiikkaan ja hallitukseen.<\/p>\n<p><b>Presidente<\/b> &#8211; Presidentti, valtionp\u00e4\u00e4mies.<br \/>\n<font color=\"#2D3AC7\">O <b>Presidente<\/b> de <a href=\"https:\/\/talkpal.ai\/locations\/language-courses-in-portugal\/\">Portugal<\/a> \u00e9 o chefe de estado.<\/font><\/p>\n<p><b>Governo<\/b> &#8211; Hallitus, valtion toimeenpaneva haara.<br \/>\n<font color=\"#2D3AC7\">O <b>Governo<\/b> <a href=\"https:\/\/talkpal.ai\/learn-portuguese\/\">portugu\u00eas<\/a> tem muitos minist\u00e9rios.<\/font><\/p>\n<p><b>Parlamento<\/b> &#8211; Parlamentti, lains\u00e4\u00e4d\u00e4nt\u00f6elin.<br \/>\n<font color=\"#2D3AC7\">O <b>Parlamento<\/b> em Portugal \u00e9 unicameral.<\/font><\/p>\n<p><b>Primeiro-ministro<\/b> &#8211; P\u00e4\u00e4ministeri, hallituksen johtaja.<br \/>\n<font color=\"#2D3AC7\">O <b>Primeiro-ministro<\/b> \u00e9 o l\u00edder do governo.<\/font><\/p>\n<p><b>Minist\u00e9rio<\/b> &#8211; Ministeri\u00f6, hallituksen eri osa-alueista vastaava toimielin.<br \/>\n<font color=\"#2D3AC7\">O <b>Minist\u00e9rio<\/b> da Sa\u00fade \u00e9 respons\u00e1vel pela sa\u00fade p\u00fablica.<\/font><\/p>\n<p><b>Deputado<\/b> &#8211; Kansanedustaja, parlamentin j\u00e4sen.<br \/>\n<font color=\"#2D3AC7\">Cada <b>Deputado<\/b> representa um c\u00edrculo eleitoral.<\/font><\/p>\n<p><b>Elei\u00e7\u00e3o<\/b> &#8211; Vaalit, prosessi, jossa kansalaiset valitsevat edustajansa.<br \/>\n<font color=\"#2D3AC7\">A pr\u00f3xima <b>Elei\u00e7\u00e3o<\/b> ser\u00e1 em outubro.<\/font><\/p>\n<p><b>Partido pol\u00edtico<\/b> &#8211; Poliittinen puolue, <a href=\"https:\/\/talkpal.ai\/talkpal-discount-for-cultural-organization-members\/\">organisaatio<\/a>, joka pyrkii edist\u00e4m\u00e4\u00e4n tiettyj\u00e4 poliittisia tavoitteita.<br \/>\n<font color=\"#2D3AC7\">Existem v\u00e1rios <b>Partidos pol\u00edticos<\/b> em Portugal.<\/font><\/p>\n<p><b>Democracia<\/b> &#8211; Demokratia, j\u00e4rjestelm\u00e4, jossa kansa valitsee johtajansa.<br \/>\n<font color=\"#2D3AC7\">Portugal \u00e9 uma <b>Democracia<\/b> parlamentar.<\/font><\/p>\n<p><b>Constitui\u00e7\u00e3o<\/b> &#8211; Perustuslaki, maan lakien ja periaatteiden perusta.<br \/>\n<font color=\"#2D3AC7\">A <b>Constitui\u00e7\u00e3o<\/b> de Portugal foi estabelecida em 1976.<\/font><\/p>\n<p><b>Voto<\/b> &#8211; \u00c4\u00e4ni, \u00e4\u00e4nest\u00e4j\u00e4n valinta vaaleissa.<br \/>\n<font color=\"#2D3AC7\">Cada cidad\u00e3o tem direito a um <b>Voto<\/b>.<\/font><\/p>\n<p><b>Campanha eleitoral<\/b> &#8211; Vaalikampanja, ehdokkaiden tai puolueiden pyrkimys saada kannatusta.<br \/>\n<font color=\"#2D3AC7\">A <b>Campanha eleitoral<\/b> come\u00e7a oficialmente um m\u00eas antes das elei\u00e7\u00f5es.<\/font><\/p>\n<p><b>Debate<\/b> &#8211; V\u00e4ittely, keskustelu kahden tai useamman ehdokkaan tai puolueen v\u00e4lill\u00e4.<br \/>\n<font color=\"#2D3AC7\">O <b>Debate<\/b> entre os candidatos ser\u00e1 transmitido na televis\u00e3o.<\/font><\/p>\n<p><b>Pol\u00edtica<\/b> &#8211; Politiikka, yhteiskunnallisten p\u00e4\u00e4t\u00f6sten ja toimien alue.<br \/>\n<font color=\"#2D3AC7\">A <b>Pol\u00edtica<\/b> influencia muitos aspectos da nossa vida.<\/font><\/p>\n<p><b>Reforma<\/b> &#8211; Uudistus, merkitt\u00e4v\u00e4 muutos tai parannus j\u00e4rjestelmiss\u00e4 tai laeissa.<br \/>\n<font color=\"#2D3AC7\">O governo prop\u00f4s uma <b>Reforma<\/b> tribut\u00e1ria.<\/font><\/p>\n<p><b>Legisla\u00e7\u00e3o<\/b> &#8211; Lains\u00e4\u00e4d\u00e4nt\u00f6, lakien ja s\u00e4\u00e4d\u00f6sten kokonaisuus.<br \/>\n<font color=\"#2D3AC7\">A nova <b>Legisla\u00e7\u00e3o<\/b> entrar\u00e1 em vigor no pr\u00f3ximo ano.<\/font><\/p>\n<p><b>Manifesta\u00e7\u00e3o<\/b> &#8211; Mielenosoitus, julkisen protestin muoto.<br \/>\n<font color=\"#2D3AC7\">Houve uma grande <b>Manifesta\u00e7\u00e3o<\/b> na capital.<\/font><\/p>\n<p><b>Corrup\u00e7\u00e3o<\/b> &#8211; Korruptio, valta-aseman v\u00e4\u00e4rink\u00e4ytt\u00f6 henkil\u00f6kohtaisen hy\u00f6dyn tavoittelemiseksi.<br \/>\n<font color=\"#2D3AC7\">A luta contra a <b>Corrup\u00e7\u00e3o<\/b> \u00e9 uma prioridade para o governo.<\/font><\/p>\n<p><b>Pol\u00edtico<\/b> &#8211; Poliitikko, henkil\u00f6, joka osallistuu aktiivisesti politiikkaan.<br \/>\n<font color=\"#2D3AC7\">O <b>Pol\u00edtico<\/b> foi eleito para o parlamento.<\/font><\/p>\n<p>T\u00e4m\u00e4 sanasto antaa hyv\u00e4n k\u00e4sityksen Portugalin politiikan ja hallituksen keskeisist\u00e4 k\u00e4sitteist\u00e4. K\u00e4yt\u00e4nn\u00f6n esimerkit auttavat ymm\u00e4rt\u00e4m\u00e4\u00e4n, miten n\u00e4it\u00e4 termej\u00e4 k\u00e4ytet\u00e4\u00e4n p\u00e4ivitt\u00e4isess\u00e4 kielenk\u00e4yt\u00f6ss\u00e4 Portugalissa. Oppimalla n\u00e4m\u00e4 sanat ja ilmaisut, suomenkieliset oppijat voivat syvent\u00e4\u00e4 ymm\u00e4rryst\u00e4\u00e4n Portugalin poliittisesta j\u00e4rjestelm\u00e4st\u00e4 ja seurata aktiivisemmin maan politiikkaan liittyvi\u00e4 uutisia ja keskusteluja.<\/p>\n","protected":false},"featured_media":1527987,"template":"","vocabulary_language":[3414],"class_list":["post-278829","vocabulary","type-vocabulary","status-publish","has-post-thumbnail","hentry","vocabulary_language-portugalin-kieli"],"acf":[],"yoast_head":"<!-- This site is optimized with the Yoast SEO Premium plugin v27.2 (Yoast SEO v27.2) - https:\/\/yoast.com\/product\/yoast-seo-premium-wordpress\/ -->\n<title>Portugalin hallitukseen ja politiikkaan liittyv\u00e4 sanasto - Talkpal<\/title>\n<meta name=\"description\" content=\"Portugalin kieli on rikas ja monimuotoinen, ja sen hallituksen ja politiikan sanasto on t\u00e4ynn\u00e4 erityisi\u00e4 termej\u00e4, jotka ovat hy\u00f6dyllisi\u00e4 ymm\u00e4rt\u00e4\u00e4, kun\" \/>\n<meta name=\"robots\" content=\"index, follow, max-snippet:-1, max-image-preview:large, max-video-preview:-1\" \/>\n<link rel=\"canonical\" href=\"https:\/\/talkpal.ai\/fi\/vocabulary\/portugalin-hallitukseen-ja-politiikkaan-liittyva-sanasto\/\" \/>\n<meta property=\"og:locale\" content=\"fi_FI\" \/>\n<meta property=\"og:type\" content=\"article\" \/>\n<meta property=\"og:title\" content=\"Portugalin hallitukseen ja politiikkaan liittyv\u00e4 sanasto\" \/>\n<meta property=\"og:description\" content=\"Portugalin kieli on rikas ja monimuotoinen, ja sen hallituksen ja politiikan sanasto on t\u00e4ynn\u00e4 erityisi\u00e4 termej\u00e4, jotka ovat hy\u00f6dyllisi\u00e4 ymm\u00e4rt\u00e4\u00e4, kun\" \/>\n<meta property=\"og:url\" content=\"https:\/\/talkpal.ai\/fi\/vocabulary\/portugalin-hallitukseen-ja-politiikkaan-liittyva-sanasto\/\" \/>\n<meta property=\"og:site_name\" content=\"Talkpal\" \/>\n<meta property=\"article:publisher\" content=\"https:\/\/www.facebook.com\/profile.php?id=100090733639311\" \/>\n<meta property=\"og:image\" content=\"https:\/\/talkpal.ai\/wp-content\/uploads\/2024\/10\/talkpal_flat_illustration_of_a_employees_working_together_happi_c674ff77-e477-4e09-835a-01d30e561e99.png\" \/>\n\t<meta property=\"og:image:width\" content=\"1024\" \/>\n\t<meta property=\"og:image:height\" content=\"1024\" \/>\n\t<meta property=\"og:image:type\" content=\"image\/png\" \/>\n<meta name=\"twitter:card\" content=\"summary_large_image\" \/>\n<meta name=\"twitter:site\" content=\"@talkpalai\" \/>\n<meta name=\"twitter:label1\" content=\"Arvioitu lukuaika\" \/>\n\t<meta name=\"twitter:data1\" content=\"2 minuuttia\" \/>\n<script type=\"application\/ld+json\" class=\"yoast-schema-graph\">{\"@context\":\"https:\/\/schema.org\",\"@graph\":[{\"@type\":\"WebPage\",\"@id\":\"https:\/\/talkpal.ai\/fi\/vocabulary\/portugalin-hallitukseen-ja-politiikkaan-liittyva-sanasto\/\",\"url\":\"https:\/\/talkpal.ai\/fi\/vocabulary\/portugalin-hallitukseen-ja-politiikkaan-liittyva-sanasto\/\",\"name\":\"Portugalin hallitukseen ja politiikkaan liittyv\u00e4 sanasto - Talkpal\",\"isPartOf\":{\"@id\":\"https:\/\/talkpal.ai\/fi\/#website\"},\"primaryImageOfPage\":{\"@id\":\"https:\/\/talkpal.ai\/fi\/vocabulary\/portugalin-hallitukseen-ja-politiikkaan-liittyva-sanasto\/#primaryimage\"},\"image\":{\"@id\":\"https:\/\/talkpal.ai\/fi\/vocabulary\/portugalin-hallitukseen-ja-politiikkaan-liittyva-sanasto\/#primaryimage\"},\"thumbnailUrl\":\"https:\/\/talkpal.ai\/wp-content\/uploads\/2025\/12\/students-type-on-laptop-learning-languages.webp\",\"datePublished\":\"2024-05-08T14:18:47+00:00\",\"description\":\"Portugalin kieli on rikas ja monimuotoinen, ja sen hallituksen ja politiikan sanasto on t\u00e4ynn\u00e4 erityisi\u00e4 termej\u00e4, jotka ovat hy\u00f6dyllisi\u00e4 ymm\u00e4rt\u00e4\u00e4, kun\",\"breadcrumb\":{\"@id\":\"https:\/\/talkpal.ai\/fi\/vocabulary\/portugalin-hallitukseen-ja-politiikkaan-liittyva-sanasto\/#breadcrumb\"},\"inLanguage\":\"fi\",\"potentialAction\":[{\"@type\":\"ReadAction\",\"target\":[\"https:\/\/talkpal.ai\/fi\/vocabulary\/portugalin-hallitukseen-ja-politiikkaan-liittyva-sanasto\/\"]}]},{\"@type\":\"ImageObject\",\"inLanguage\":\"fi\",\"@id\":\"https:\/\/talkpal.ai\/fi\/vocabulary\/portugalin-hallitukseen-ja-politiikkaan-liittyva-sanasto\/#primaryimage\",\"url\":\"https:\/\/talkpal.ai\/wp-content\/uploads\/2025\/12\/students-type-on-laptop-learning-languages.webp\",\"contentUrl\":\"https:\/\/talkpal.ai\/wp-content\/uploads\/2025\/12\/students-type-on-laptop-learning-languages.webp\",\"width\":1200,\"height\":896,\"caption\":\"A man and woman use a laptop and textbooks for learning languages at an outdoor table with snacks.\"},{\"@type\":\"BreadcrumbList\",\"@id\":\"https:\/\/talkpal.ai\/fi\/vocabulary\/portugalin-hallitukseen-ja-politiikkaan-liittyva-sanasto\/#breadcrumb\",\"itemListElement\":[{\"@type\":\"ListItem\",\"position\":1,\"name\":\"Homepage\",\"item\":\"https:\/\/talkpal.ai\/fi\/\"},{\"@type\":\"ListItem\",\"position\":2,\"name\":\"Portugalin hallitukseen ja politiikkaan liittyv\u00e4 sanasto\"}]},{\"@type\":\"WebSite\",\"@id\":\"https:\/\/talkpal.ai\/fi\/#website\",\"url\":\"https:\/\/talkpal.ai\/fi\/\",\"name\":\"Talkpal\",\"description\":\"AI Language Learning\",\"publisher\":{\"@id\":\"https:\/\/talkpal.ai\/fi\/#organization\"},\"alternateName\":\"Talkpal AI\",\"potentialAction\":[{\"@type\":\"SearchAction\",\"target\":{\"@type\":\"EntryPoint\",\"urlTemplate\":\"https:\/\/talkpal.ai\/fi\/?s={search_term_string}\"},\"query-input\":{\"@type\":\"PropertyValueSpecification\",\"valueRequired\":true,\"valueName\":\"search_term_string\"}}],\"inLanguage\":\"fi\"},{\"@type\":\"Organization\",\"@id\":\"https:\/\/talkpal.ai\/fi\/#organization\",\"name\":\"Talkpal, Inc.\",\"alternateName\":\"Talkpal AI\",\"url\":\"https:\/\/talkpal.ai\/fi\/\",\"logo\":{\"@type\":\"ImageObject\",\"inLanguage\":\"fi\",\"@id\":\"https:\/\/talkpal.ai\/fi\/#\/schema\/logo\/image\/\",\"url\":\"https:\/\/talkpal.ai\/wp-content\/uploads\/2024\/03\/Talkpal-Logo-Icon.png\",\"contentUrl\":\"https:\/\/talkpal.ai\/wp-content\/uploads\/2024\/03\/Talkpal-Logo-Icon.png\",\"width\":2880,\"height\":2880,\"caption\":\"Talkpal, Inc.\"},\"image\":{\"@id\":\"https:\/\/talkpal.ai\/fi\/#\/schema\/logo\/image\/\"},\"sameAs\":[\"https:\/\/www.facebook.com\/profile.php?id=100090733639311\",\"https:\/\/x.com\/talkpalai\",\"https:\/\/www.linkedin.com\/company\/talkpal\/\",\"https:\/\/www.youtube.com\/@TalkPal\/\",\"https:\/\/www.tiktok.com\/@talkpal\",\"https:\/\/www.instagram.com\/talkpal_ai\/\",\"https:\/\/www.crunchbase.com\/organization\/talkpal-9cde\",\"https:\/\/www.g2.com\/products\/talkpal-for-business\/\",\"https:\/\/www.trustpilot.com\/review\/talkpal.ai\",\"https:\/\/www.capterra.com\/p\/10006800\/TalkPal\/\"],\"description\":\"Talkpal is a language learning web and mobile education app, powered by the latest AI technologies, that provides engaging experiences to its customers in many different languages to help them improve their language skills. Users can chat about unlimited amount of topics with the app and use other modes to practice their language learning.\",\"email\":\"support@talkpal.ai\",\"legalName\":\"Talkpal, Inc.\",\"foundingDate\":\"2023-04-03\",\"duns\":\"118989042\",\"numberOfEmployees\":{\"@type\":\"QuantitativeValue\",\"minValue\":\"11\",\"maxValue\":\"50\"},\"publishingPrinciples\":\"https:\/\/talkpal.ai\/publishing-principles\/\",\"actionableFeedbackPolicy\":\"https:\/\/talkpal.ai\/actionable-feedback-policy\/\",\"correctionsPolicy\":\"https:\/\/talkpal.ai\/corrections-policy\/\",\"ethicsPolicy\":\"https:\/\/talkpal.ai\/ethics-policy\/\",\"diversityPolicy\":\"https:\/\/talkpal.ai\/diversity-policy\/\",\"diversityStaffingReport\":\"https:\/\/talkpal.ai\/diversity-policy\/\"}]}<\/script>\n<!-- \/ Yoast SEO Premium plugin. -->","yoast_head_json":{"title":"Portugalin hallitukseen ja politiikkaan liittyv\u00e4 sanasto - Talkpal","description":"Portugalin kieli on rikas ja monimuotoinen, ja sen hallituksen ja politiikan sanasto on t\u00e4ynn\u00e4 erityisi\u00e4 termej\u00e4, jotka ovat hy\u00f6dyllisi\u00e4 ymm\u00e4rt\u00e4\u00e4, kun","robots":{"index":"index","follow":"follow","max-snippet":"max-snippet:-1","max-image-preview":"max-image-preview:large","max-video-preview":"max-video-preview:-1"},"canonical":"https:\/\/talkpal.ai\/fi\/vocabulary\/portugalin-hallitukseen-ja-politiikkaan-liittyva-sanasto\/","og_locale":"fi_FI","og_type":"article","og_title":"Portugalin hallitukseen ja politiikkaan liittyv\u00e4 sanasto","og_description":"Portugalin kieli on rikas ja monimuotoinen, ja sen hallituksen ja politiikan sanasto on t\u00e4ynn\u00e4 erityisi\u00e4 termej\u00e4, jotka ovat hy\u00f6dyllisi\u00e4 ymm\u00e4rt\u00e4\u00e4, kun","og_url":"https:\/\/talkpal.ai\/fi\/vocabulary\/portugalin-hallitukseen-ja-politiikkaan-liittyva-sanasto\/","og_site_name":"Talkpal","article_publisher":"https:\/\/www.facebook.com\/profile.php?id=100090733639311","og_image":[{"width":1024,"height":1024,"url":"https:\/\/talkpal.ai\/wp-content\/uploads\/2024\/10\/talkpal_flat_illustration_of_a_employees_working_together_happi_c674ff77-e477-4e09-835a-01d30e561e99.png","type":"image\/png"}],"twitter_card":"summary_large_image","twitter_site":"@talkpalai","twitter_misc":{"Arvioitu lukuaika":"2 minuuttia"},"schema":{"@context":"https:\/\/schema.org","@graph":[{"@type":"WebPage","@id":"https:\/\/talkpal.ai\/fi\/vocabulary\/portugalin-hallitukseen-ja-politiikkaan-liittyva-sanasto\/","url":"https:\/\/talkpal.ai\/fi\/vocabulary\/portugalin-hallitukseen-ja-politiikkaan-liittyva-sanasto\/","name":"Portugalin hallitukseen ja politiikkaan liittyv\u00e4 sanasto - Talkpal","isPartOf":{"@id":"https:\/\/talkpal.ai\/fi\/#website"},"primaryImageOfPage":{"@id":"https:\/\/talkpal.ai\/fi\/vocabulary\/portugalin-hallitukseen-ja-politiikkaan-liittyva-sanasto\/#primaryimage"},"image":{"@id":"https:\/\/talkpal.ai\/fi\/vocabulary\/portugalin-hallitukseen-ja-politiikkaan-liittyva-sanasto\/#primaryimage"},"thumbnailUrl":"https:\/\/talkpal.ai\/wp-content\/uploads\/2025\/12\/students-type-on-laptop-learning-languages.webp","datePublished":"2024-05-08T14:18:47+00:00","description":"Portugalin kieli on rikas ja monimuotoinen, ja sen hallituksen ja politiikan sanasto on t\u00e4ynn\u00e4 erityisi\u00e4 termej\u00e4, jotka ovat hy\u00f6dyllisi\u00e4 ymm\u00e4rt\u00e4\u00e4, kun","breadcrumb":{"@id":"https:\/\/talkpal.ai\/fi\/vocabulary\/portugalin-hallitukseen-ja-politiikkaan-liittyva-sanasto\/#breadcrumb"},"inLanguage":"fi","potentialAction":[{"@type":"ReadAction","target":["https:\/\/talkpal.ai\/fi\/vocabulary\/portugalin-hallitukseen-ja-politiikkaan-liittyva-sanasto\/"]}]},{"@type":"ImageObject","inLanguage":"fi","@id":"https:\/\/talkpal.ai\/fi\/vocabulary\/portugalin-hallitukseen-ja-politiikkaan-liittyva-sanasto\/#primaryimage","url":"https:\/\/talkpal.ai\/wp-content\/uploads\/2025\/12\/students-type-on-laptop-learning-languages.webp","contentUrl":"https:\/\/talkpal.ai\/wp-content\/uploads\/2025\/12\/students-type-on-laptop-learning-languages.webp","width":1200,"height":896,"caption":"A man and woman use a laptop and textbooks for learning languages at an outdoor table with snacks."},{"@type":"BreadcrumbList","@id":"https:\/\/talkpal.ai\/fi\/vocabulary\/portugalin-hallitukseen-ja-politiikkaan-liittyva-sanasto\/#breadcrumb","itemListElement":[{"@type":"ListItem","position":1,"name":"Homepage","item":"https:\/\/talkpal.ai\/fi\/"},{"@type":"ListItem","position":2,"name":"Portugalin hallitukseen ja politiikkaan liittyv\u00e4 sanasto"}]},{"@type":"WebSite","@id":"https:\/\/talkpal.ai\/fi\/#website","url":"https:\/\/talkpal.ai\/fi\/","name":"Talkpal","description":"AI Language Learning","publisher":{"@id":"https:\/\/talkpal.ai\/fi\/#organization"},"alternateName":"Talkpal AI","potentialAction":[{"@type":"SearchAction","target":{"@type":"EntryPoint","urlTemplate":"https:\/\/talkpal.ai\/fi\/?s={search_term_string}"},"query-input":{"@type":"PropertyValueSpecification","valueRequired":true,"valueName":"search_term_string"}}],"inLanguage":"fi"},{"@type":"Organization","@id":"https:\/\/talkpal.ai\/fi\/#organization","name":"Talkpal, Inc.","alternateName":"Talkpal AI","url":"https:\/\/talkpal.ai\/fi\/","logo":{"@type":"ImageObject","inLanguage":"fi","@id":"https:\/\/talkpal.ai\/fi\/#\/schema\/logo\/image\/","url":"https:\/\/talkpal.ai\/wp-content\/uploads\/2024\/03\/Talkpal-Logo-Icon.png","contentUrl":"https:\/\/talkpal.ai\/wp-content\/uploads\/2024\/03\/Talkpal-Logo-Icon.png","width":2880,"height":2880,"caption":"Talkpal, Inc."},"image":{"@id":"https:\/\/talkpal.ai\/fi\/#\/schema\/logo\/image\/"},"sameAs":["https:\/\/www.facebook.com\/profile.php?id=100090733639311","https:\/\/x.com\/talkpalai","https:\/\/www.linkedin.com\/company\/talkpal\/","https:\/\/www.youtube.com\/@TalkPal\/","https:\/\/www.tiktok.com\/@talkpal","https:\/\/www.instagram.com\/talkpal_ai\/","https:\/\/www.crunchbase.com\/organization\/talkpal-9cde","https:\/\/www.g2.com\/products\/talkpal-for-business\/","https:\/\/www.trustpilot.com\/review\/talkpal.ai","https:\/\/www.capterra.com\/p\/10006800\/TalkPal\/"],"description":"Talkpal is a language learning web and mobile education app, powered by the latest AI technologies, that provides engaging experiences to its customers in many different languages to help them improve their language skills. Users can chat about unlimited amount of topics with the app and use other modes to practice their language learning.","email":"support@talkpal.ai","legalName":"Talkpal, Inc.","foundingDate":"2023-04-03","duns":"118989042","numberOfEmployees":{"@type":"QuantitativeValue","minValue":"11","maxValue":"50"},"publishingPrinciples":"https:\/\/talkpal.ai\/publishing-principles\/","actionableFeedbackPolicy":"https:\/\/talkpal.ai\/actionable-feedback-policy\/","correctionsPolicy":"https:\/\/talkpal.ai\/corrections-policy\/","ethicsPolicy":"https:\/\/talkpal.ai\/ethics-policy\/","diversityPolicy":"https:\/\/talkpal.ai\/diversity-policy\/","diversityStaffingReport":"https:\/\/talkpal.ai\/diversity-policy\/"}]}},"_links":{"self":[{"href":"https:\/\/talkpal.ai\/fi\/wp-json\/wp\/v2\/vocabulary\/278829","targetHints":{"allow":["GET"]}}],"collection":[{"href":"https:\/\/talkpal.ai\/fi\/wp-json\/wp\/v2\/vocabulary"}],"about":[{"href":"https:\/\/talkpal.ai\/fi\/wp-json\/wp\/v2\/types\/vocabulary"}],"wp:featuredmedia":[{"embeddable":true,"href":"https:\/\/talkpal.ai\/fi\/wp-json\/wp\/v2\/media\/1527987"}],"wp:attachment":[{"href":"https:\/\/talkpal.ai\/fi\/wp-json\/wp\/v2\/media?parent=278829"}],"wp:term":[{"taxonomy":"vocabulary_language","embeddable":true,"href":"https:\/\/talkpal.ai\/fi\/wp-json\/wp\/v2\/vocabulary_language?post=278829"}],"curies":[{"name":"wp","href":"https:\/\/api.w.org\/{rel}","templated":true}]}}