{"id":1110306,"date":"2025-07-03T18:56:31","date_gmt":"2025-07-03T18:56:31","guid":{"rendered":"https:\/\/talkpal.ai\/grammar\/refleksiiviset-pronominit-turkin-kielioppissa\/"},"modified":"2025-07-03T18:56:31","modified_gmt":"2025-07-03T18:56:31","slug":"refleksiiviset-pronominit-turkin-kielioppissa","status":"publish","type":"grammar","link":"https:\/\/talkpal.ai\/fi\/grammar\/refleksiiviset-pronominit-turkin-kielioppissa\/","title":{"rendered":"Refleksiiviset pronominit turkin kielioppissa"},"content":{"rendered":"<p><a href=\"https:\/\/talkpal.ai\/fi\/grammar\/refleksiiviset-pronominit-kiinan-kielioppi\/\">Refleksiiviset pronominit<\/a> ovat olennainen osa turkin kielioppia, ja niiden hallitseminen avaa oven syvemp\u00e4\u00e4n ymm\u00e4rrykseen turkin kielest\u00e4 ja sen rakenteista. N\u00e4iden pronominien avulla ilmaistaan, ett\u00e4 lauseen subjekti ja objekti ovat <a href=\"https:\/\/talkpal.ai\/locations\/language-courses-in-sama\/\">sama<\/a> henkil\u00f6 <a href=\"https:\/\/talkpal.ai\/learn-thai\/\">tai<\/a> asia, mik\u00e4 on keskeinen piirre monissa kieliss\u00e4, mukaan lukien turkki. <a href=\"https:\/\/talkpal.ai\/ko\/ai-%ec%96%b8%ec%96%b4-%ea%b5%90%ec%82%ac\/\">Talkpal<\/a> tarjoaa erinomaisen alustan oppia <a href=\"https:\/\/talkpal.ai\/fi\/grammar\/refleksiiviset-pronominit-kiinan-kielioppi\/\">refleksiiviset pronominit<\/a> <a href=\"https:\/\/talkpal.ai\/fi\/grammar\/ominaisnimet-turkin-kielioppissa\/\">turkin kielioppissa<\/a> tehokkaasti, sill\u00e4 sen interaktiiviset oppimateriaalit ja harjoitukset tukevat k\u00e4yt\u00e4nn\u00f6n kielenk\u00e4ytt\u00f6\u00e4. T\u00e4ss\u00e4 artikkelissa k\u00e4ymme l\u00e4pi refleksiivisten pronominien merkityksen, muodostamisen, k\u00e4yt\u00f6n sek\u00e4 tyypillisi\u00e4 esimerkkej\u00e4, jotka auttavat sinua syvent\u00e4m\u00e4\u00e4n turkin kielen taitojasi.<\/p>\n<h2>Refleksiiviset pronominit turkin kieless\u00e4 \u2013 perusperiaatteet<\/h2>\n<p>Turkin kieless\u00e4 refleksiiviset pronominit eroavat <a href=\"https:\/\/talkpal.ai\/learn-finnish\/\">suomen<\/a> kielest\u00e4 sek\u00e4 muista eurooppalaisista kielist\u00e4 siin\u00e4, ett\u00e4 ne ovat usein liitetty verbimuotoihin tai lauseen rakenteisiin eik\u00e4 niink\u00e4\u00e4n itsen\u00e4isin\u00e4 pronomineina. Refleksiivisyys ilmaistaan yleens\u00e4 suffiksien ja erikoisten pronominien avulla. Yleisin refleksiivinen pronomini turkissa on <em>\u201ckendi\u201d<\/em>, joka tarkoittaa \u201ditse\u201d. Se taipuu persoonapronominien mukaisesti ja yhdistyy usein omistusliitteiden kanssa.<\/p>\n<ul>\n<li><strong>Kendi<\/strong>: \u201ditse\u201d \u2013 perusmuoto refleksiiviselle pronominille<\/li>\n<li><strong>Omistusliitteet<\/strong>: pronominit voivat saada liitteit\u00e4, esim. kendi + im = kendim (itseeni)<\/li>\n<li><strong>Refleksiivinen merkitys<\/strong>: korostaa, ett\u00e4 toiminta kohdistuu tekij\u00e4\u00e4n itseens\u00e4<\/li>\n<\/ul>\n<h3>Refleksiivisen pronominin muodostaminen<\/h3>\n<p>Refleksiiviset pronominit muodostetaan yleens\u00e4 liitt\u00e4m\u00e4ll\u00e4 omistusliitteet perusmuotoon <em>kendi<\/em>. Seuraavassa taulukossa on refleksiivisen pronominin muodot persoonamuodoittain:<\/p>\n<table border=\"1\" cellpadding=\"5\" cellspacing=\"0\">\n<thead>\n<tr>\n<th>Persoona<\/th>\n<th>Refleksiivinen pronomini<\/th>\n<th>Merkitys<\/th>\n<\/tr>\n<\/thead>\n<tbody>\n<tr>\n<td>1. persoona yksikk\u00f6<\/td>\n<td>kendim<\/td>\n<td>itseeni<\/td>\n<\/tr>\n<tr>\n<td>2. persoona yksikk\u00f6<\/td>\n<td>kendin<\/td>\n<td>itseesi<\/td>\n<\/tr>\n<tr>\n<td>3. persoona yksikk\u00f6<\/td>\n<td>kendi<\/td>\n<td>itseens\u00e4<\/td>\n<\/tr>\n<tr>\n<td>1. persoona monikko<\/td>\n<td>kendimiz<\/td>\n<td>itseemme<\/td>\n<\/tr>\n<tr>\n<td>2. persoona monikko<\/td>\n<td>kendiniz<\/td>\n<td>itseenne<\/td>\n<\/tr>\n<tr>\n<td>3. persoona monikko<\/td>\n<td>kendileri<\/td>\n<td>itseens\u00e4 (monikko)<\/td>\n<\/tr>\n<\/tbody>\n<\/table>\n<h2>Refleksiivisten pronominien k\u00e4ytt\u00f6 turkin kieless\u00e4<\/h2>\n<p>Refleksiiviset pronominit turkissa toimivat yleens\u00e4 korostamaan, ett\u00e4 toiminnan tekij\u00e4 ja kohde ovat sama henkil\u00f6. T\u00e4m\u00e4 on t\u00e4rke\u00e4\u00e4 ymm\u00e4rt\u00e4\u00e4, koska turkissa refleksiivinen merkitys ei aina ole yht\u00e4 selke\u00e4 kuin suomen kieless\u00e4, ja pronominien k\u00e4ytt\u00f6 voi vaihdella lauseen kontekstin mukaan.<\/p>\n<h3>Yleisi\u00e4 k\u00e4ytt\u00f6tapoja<\/h3>\n<ul>\n<li><strong>Itseens\u00e4 kohdistuva toiminta:<\/strong> &#8221;Kendimi g\u00f6r\u00fcyorum.&#8221; (N\u00e4en itseni.)<\/li>\n<li><strong>Omatoimisuus tai itse tekeminen:<\/strong> &#8221;Kendi i\u015fimi yap\u0131yorum.&#8221; (Teen oman ty\u00f6ni itse.)<\/li>\n<li><strong>Korostus:<\/strong> &#8221;Kendiniz karar verin.&#8221; (Tehk\u00e4\u00e4 p\u00e4\u00e4t\u00f6s itse.)<\/li>\n<li><strong>Refleksiiviset verbit:<\/strong> Joissakin verbeiss\u00e4 refleksiivisyys on sis\u00e4\u00e4nrakennettua, esim. &#8221;giyinmek&#8221; (pukeutua itse).<\/li>\n<\/ul>\n<h3>Refleksiiviset verbit turkin kieless\u00e4<\/h3>\n<p>Monet turkin refleksiiviset verbit sis\u00e4lt\u00e4v\u00e4t refleksiivisen merkityksen ja ne muodostetaan usein liitt\u00e4m\u00e4ll\u00e4 verbin perusmuotoon suffiksi <em>-in\/-n<\/em> tai k\u00e4ytt\u00e4m\u00e4ll\u00e4 partikkeleita kuten <em>\u201ckendi\u201d<\/em>. Esimerkkej\u00e4 refleksiivisist\u00e4 verbeist\u00e4 ovat:<\/p>\n<ul>\n<li><strong>Y\u0131kanmak<\/strong> \u2013 pest\u00e4 itsens\u00e4<\/li>\n<li><strong>Giyinmek<\/strong> \u2013 pukeutua<\/li>\n<li><strong>Uyumak<\/strong> \u2013 nukkua (itse)<\/li>\n<li><strong>Haz\u0131rlanmak<\/strong> \u2013 valmistautua<\/li>\n<\/ul>\n<p>N\u00e4m\u00e4 verbit ovat luonnollisesti refleksiivisi\u00e4, ja niiss\u00e4 subjekti suorittaa toiminnon itse\u00e4\u00e4n kohtaan. Oppimalla n\u00e4iden verbien k\u00e4ytt\u00f6\u00e4 yhdess\u00e4 refleksiivisten pronominien kanssa, puhuja pystyy ilmaisemaan monimutkaisempia ajatuksia ja tilanteita.<\/p>\n<h2>Esimerkkilauseita refleksiivisist\u00e4 pronomineista<\/h2>\n<p>Seuraavassa on joitakin k\u00e4yt\u00e4nn\u00f6n esimerkkej\u00e4, jotka havainnollistavat refleksiivisten pronominien k\u00e4ytt\u00f6\u00e4 turkin kieless\u00e4:<\/p>\n<ul>\n<li><em>Ben kendim yap\u0131yorum.<\/em> \u2013 Teen sen itse.<\/li>\n<li><em>Sen kendini iyi hissetmelisin.<\/em> \u2013 Sinun pit\u00e4isi voida hyvin (itse\u00e4si kohtaan).<\/li>\n<li><em>O kendine g\u00fcveniyor.<\/em> \u2013 H\u00e4n luottaa itseens\u00e4.<\/li>\n<li><em>Biz kendimizi geli\u015ftirmeliyiz.<\/em> \u2013 Meid\u00e4n t\u00e4ytyy kehitt\u00e4\u00e4 itse\u00e4mme.<\/li>\n<li><em>Siz kendinizi tan\u0131t\u0131n.<\/em> \u2013 Esitelk\u00e4\u00e4 itsenne.<\/li>\n<li><em>Onlar kendilerine bak\u0131yorlar.<\/em> \u2013 He huolehtivat itsest\u00e4\u00e4n.<\/li>\n<\/ul>\n<h2>Refleksiivisten pronominien oppiminen Talkpalin avulla<\/h2>\n<p>Talkpal on erinomainen ty\u00f6kalu turkin kielen refleksiivisten pronominien oppimiseen ja harjoitteluun. Sen interaktiiviset teht\u00e4v\u00e4t, \u00e4\u00e4nt\u00e4misohjeet ja kielioppiselitykset auttavat oppijaa sis\u00e4ist\u00e4m\u00e4\u00e4n refleksiivisten rakenteiden k\u00e4yt\u00f6n luonnollisella tavalla. Talkpal tarjoaa mahdollisuuden harjoitella refleksiivisi\u00e4 pronomineja monipuolisesti eri konteksteissa, mik\u00e4 vahvistaa oppimisen tuloksia ja parantaa kielitaidon sujuvuutta.<\/p>\n<h3>Miten hy\u00f6dynt\u00e4\u00e4 Talkpalia refleksiivisten pronominien opiskelussa?<\/h3>\n<ul>\n<li><strong>Kuunteluharjoitukset<\/strong>: kuuntele esimerkkilauseita ja harjoittele \u00e4\u00e4nt\u00e4mist\u00e4<\/li>\n<li><strong>Kielikoeosio<\/strong>: testaa refleksiivisten pronominien ja verbien k\u00e4ytt\u00f6\u00e4 monivalinnoilla<\/li>\n<li><strong>Kirjoitusteht\u00e4v\u00e4t<\/strong>: kirjoita omia lauseita ja saa v\u00e4lit\u00f6nt\u00e4 palautetta<\/li>\n<li><strong>Keskusteluharjoitukset<\/strong>: harjoittele refleksiivisten pronominien k\u00e4ytt\u00f6\u00e4 aidossa keskustelutilanteessa<\/li>\n<\/ul>\n<h2>Yhteenveto: Refleksiiviset pronominit turkin kielioppissa<\/h2>\n<p>Refleksiiviset pronominit ovat keskeinen osa turkin kielioppia, ja niiden ymm\u00e4rt\u00e4minen auttaa ilmaisemaan itseens\u00e4 kohdistuvia toimintoja tarkasti. Peruspronomini <em>kendi<\/em> ja sen omistusliitteet muodostavat refleksiivisten pronominien rungon, jota k\u00e4ytet\u00e4\u00e4n yhdess\u00e4 refleksiivisten verbien kanssa. N\u00e4iden pronominien hallinta parantaa kyky\u00e4 ilmaista itseens\u00e4 kohdistuvia tekoja, tunteita ja ajatuksia sujuvasti ja luonnollisesti. Talkpal tarjoaa tehokkaan ja k\u00e4ytt\u00e4j\u00e4yst\u00e4v\u00e4llisen alustan oppia refleksiiviset pronominit turkin kieless\u00e4 sek\u00e4 soveltaa niit\u00e4 k\u00e4yt\u00e4nn\u00f6n tilanteissa. Jatkuva harjoittelu ja monipuolinen k\u00e4ytt\u00f6 ovat avaimet refleksiivisten rakenteiden sujuvaan hallintaan.<\/p>\n","protected":false},"featured_media":1528078,"template":"","language":[8926,9075],"class_list":["post-1110306","grammar","type-grammar","status-publish","has-post-thumbnail","hentry","language-artikkelit-turkin-kielioppi","language-turkkilainen"],"acf":[],"yoast_head":"<!-- This site is optimized with the Yoast SEO Premium plugin v27.2 (Yoast SEO v27.2) - https:\/\/yoast.com\/product\/yoast-seo-premium-wordpress\/ -->\n<title>Refleksiiviset pronominit turkin kielioppissa - Talkpal<\/title>\n<meta name=\"description\" content=\"Refleksiiviset pronominit ovat olennainen osa turkin kielioppia, ja niiden hallitseminen avaa oven syvemp\u00e4\u00e4n ymm\u00e4rrykseen turkin kielest\u00e4 ja sen\" \/>\n<meta name=\"robots\" content=\"index, follow, max-snippet:-1, max-image-preview:large, max-video-preview:-1\" \/>\n<link rel=\"canonical\" href=\"https:\/\/talkpal.ai\/fi\/grammar\/refleksiiviset-pronominit-turkin-kielioppissa\/\" \/>\n<meta property=\"og:locale\" content=\"fi_FI\" \/>\n<meta property=\"og:type\" content=\"article\" \/>\n<meta property=\"og:title\" content=\"Refleksiiviset pronominit turkin kielioppissa\" \/>\n<meta property=\"og:description\" content=\"Refleksiiviset pronominit ovat olennainen osa turkin kielioppia, ja niiden hallitseminen avaa oven syvemp\u00e4\u00e4n ymm\u00e4rrykseen turkin kielest\u00e4 ja sen\" \/>\n<meta property=\"og:url\" content=\"https:\/\/talkpal.ai\/fi\/grammar\/refleksiiviset-pronominit-turkin-kielioppissa\/\" \/>\n<meta property=\"og:site_name\" content=\"Talkpal\" \/>\n<meta property=\"article:publisher\" content=\"https:\/\/www.facebook.com\/profile.php?id=100090733639311\" \/>\n<meta property=\"og:image\" content=\"https:\/\/talkpal.ai\/wp-content\/uploads\/2025\/02\/Progress-tab-16_9.png\" \/>\n\t<meta property=\"og:image:width\" content=\"2880\" \/>\n\t<meta property=\"og:image:height\" content=\"1620\" \/>\n\t<meta property=\"og:image:type\" content=\"image\/png\" \/>\n<meta name=\"twitter:card\" content=\"summary_large_image\" \/>\n<meta name=\"twitter:site\" content=\"@talkpalai\" \/>\n<meta name=\"twitter:label1\" content=\"Arvioitu lukuaika\" \/>\n\t<meta name=\"twitter:data1\" content=\"3 minuuttia\" \/>\n<script type=\"application\/ld+json\" class=\"yoast-schema-graph\">{\"@context\":\"https:\/\/schema.org\",\"@graph\":[{\"@type\":\"WebPage\",\"@id\":\"https:\/\/talkpal.ai\/fi\/grammar\/refleksiiviset-pronominit-turkin-kielioppissa\/\",\"url\":\"https:\/\/talkpal.ai\/fi\/grammar\/refleksiiviset-pronominit-turkin-kielioppissa\/\",\"name\":\"Refleksiiviset pronominit turkin kielioppissa - Talkpal\",\"isPartOf\":{\"@id\":\"https:\/\/talkpal.ai\/fi\/#website\"},\"primaryImageOfPage\":{\"@id\":\"https:\/\/talkpal.ai\/fi\/grammar\/refleksiiviset-pronominit-turkin-kielioppissa\/#primaryimage\"},\"image\":{\"@id\":\"https:\/\/talkpal.ai\/fi\/grammar\/refleksiiviset-pronominit-turkin-kielioppissa\/#primaryimage\"},\"thumbnailUrl\":\"https:\/\/talkpal.ai\/wp-content\/uploads\/2025\/12\/woman-at-cafe-learning-languages-sunset.webp\",\"datePublished\":\"2025-07-03T18:56:31+00:00\",\"description\":\"Refleksiiviset pronominit ovat olennainen osa turkin kielioppia, ja niiden hallitseminen avaa oven syvemp\u00e4\u00e4n ymm\u00e4rrykseen turkin kielest\u00e4 ja sen\",\"breadcrumb\":{\"@id\":\"https:\/\/talkpal.ai\/fi\/grammar\/refleksiiviset-pronominit-turkin-kielioppissa\/#breadcrumb\"},\"inLanguage\":\"fi\",\"potentialAction\":[{\"@type\":\"ReadAction\",\"target\":[\"https:\/\/talkpal.ai\/fi\/grammar\/refleksiiviset-pronominit-turkin-kielioppissa\/\"]}]},{\"@type\":\"ImageObject\",\"inLanguage\":\"fi\",\"@id\":\"https:\/\/talkpal.ai\/fi\/grammar\/refleksiiviset-pronominit-turkin-kielioppissa\/#primaryimage\",\"url\":\"https:\/\/talkpal.ai\/wp-content\/uploads\/2025\/12\/woman-at-cafe-learning-languages-sunset.webp\",\"contentUrl\":\"https:\/\/talkpal.ai\/wp-content\/uploads\/2025\/12\/woman-at-cafe-learning-languages-sunset.webp\",\"width\":1200,\"height\":896,\"caption\":\"A student wears headphones and takes notes while learning languages at a cafe during sunset.\"},{\"@type\":\"BreadcrumbList\",\"@id\":\"https:\/\/talkpal.ai\/fi\/grammar\/refleksiiviset-pronominit-turkin-kielioppissa\/#breadcrumb\",\"itemListElement\":[{\"@type\":\"ListItem\",\"position\":1,\"name\":\"Homepage\",\"item\":\"https:\/\/talkpal.ai\/fi\/\"},{\"@type\":\"ListItem\",\"position\":2,\"name\":\"Refleksiiviset pronominit turkin kielioppissa\"}]},{\"@type\":\"WebSite\",\"@id\":\"https:\/\/talkpal.ai\/fi\/#website\",\"url\":\"https:\/\/talkpal.ai\/fi\/\",\"name\":\"Talkpal\",\"description\":\"AI Language Learning\",\"publisher\":{\"@id\":\"https:\/\/talkpal.ai\/fi\/#organization\"},\"alternateName\":\"Talkpal AI\",\"potentialAction\":[{\"@type\":\"SearchAction\",\"target\":{\"@type\":\"EntryPoint\",\"urlTemplate\":\"https:\/\/talkpal.ai\/fi\/?s={search_term_string}\"},\"query-input\":{\"@type\":\"PropertyValueSpecification\",\"valueRequired\":true,\"valueName\":\"search_term_string\"}}],\"inLanguage\":\"fi\"},{\"@type\":\"Organization\",\"@id\":\"https:\/\/talkpal.ai\/fi\/#organization\",\"name\":\"Talkpal, Inc.\",\"alternateName\":\"Talkpal AI\",\"url\":\"https:\/\/talkpal.ai\/fi\/\",\"logo\":{\"@type\":\"ImageObject\",\"inLanguage\":\"fi\",\"@id\":\"https:\/\/talkpal.ai\/fi\/#\/schema\/logo\/image\/\",\"url\":\"https:\/\/talkpal.ai\/wp-content\/uploads\/2024\/03\/Talkpal-Logo-Icon.png\",\"contentUrl\":\"https:\/\/talkpal.ai\/wp-content\/uploads\/2024\/03\/Talkpal-Logo-Icon.png\",\"width\":2880,\"height\":2880,\"caption\":\"Talkpal, Inc.\"},\"image\":{\"@id\":\"https:\/\/talkpal.ai\/fi\/#\/schema\/logo\/image\/\"},\"sameAs\":[\"https:\/\/www.facebook.com\/profile.php?id=100090733639311\",\"https:\/\/x.com\/talkpalai\",\"https:\/\/www.linkedin.com\/company\/talkpal\/\",\"https:\/\/www.youtube.com\/@TalkPal\/\",\"https:\/\/www.tiktok.com\/@talkpal\",\"https:\/\/www.instagram.com\/talkpal_ai\/\",\"https:\/\/www.crunchbase.com\/organization\/talkpal-9cde\",\"https:\/\/www.g2.com\/products\/talkpal-for-business\/\",\"https:\/\/www.trustpilot.com\/review\/talkpal.ai\",\"https:\/\/www.capterra.com\/p\/10006800\/TalkPal\/\"],\"description\":\"Talkpal is a language learning web and mobile education app, powered by the latest AI technologies, that provides engaging experiences to its customers in many different languages to help them improve their language skills. Users can chat about unlimited amount of topics with the app and use other modes to practice their language learning.\",\"email\":\"support@talkpal.ai\",\"legalName\":\"Talkpal, Inc.\",\"foundingDate\":\"2023-04-03\",\"duns\":\"118989042\",\"numberOfEmployees\":{\"@type\":\"QuantitativeValue\",\"minValue\":\"11\",\"maxValue\":\"50\"},\"publishingPrinciples\":\"https:\/\/talkpal.ai\/publishing-principles\/\",\"actionableFeedbackPolicy\":\"https:\/\/talkpal.ai\/actionable-feedback-policy\/\",\"correctionsPolicy\":\"https:\/\/talkpal.ai\/corrections-policy\/\",\"ethicsPolicy\":\"https:\/\/talkpal.ai\/ethics-policy\/\",\"diversityPolicy\":\"https:\/\/talkpal.ai\/diversity-policy\/\",\"diversityStaffingReport\":\"https:\/\/talkpal.ai\/diversity-policy\/\"}]}<\/script>\n<!-- \/ Yoast SEO Premium plugin. -->","yoast_head_json":{"title":"Refleksiiviset pronominit turkin kielioppissa - Talkpal","description":"Refleksiiviset pronominit ovat olennainen osa turkin kielioppia, ja niiden hallitseminen avaa oven syvemp\u00e4\u00e4n ymm\u00e4rrykseen turkin kielest\u00e4 ja sen","robots":{"index":"index","follow":"follow","max-snippet":"max-snippet:-1","max-image-preview":"max-image-preview:large","max-video-preview":"max-video-preview:-1"},"canonical":"https:\/\/talkpal.ai\/fi\/grammar\/refleksiiviset-pronominit-turkin-kielioppissa\/","og_locale":"fi_FI","og_type":"article","og_title":"Refleksiiviset pronominit turkin kielioppissa","og_description":"Refleksiiviset pronominit ovat olennainen osa turkin kielioppia, ja niiden hallitseminen avaa oven syvemp\u00e4\u00e4n ymm\u00e4rrykseen turkin kielest\u00e4 ja sen","og_url":"https:\/\/talkpal.ai\/fi\/grammar\/refleksiiviset-pronominit-turkin-kielioppissa\/","og_site_name":"Talkpal","article_publisher":"https:\/\/www.facebook.com\/profile.php?id=100090733639311","og_image":[{"width":2880,"height":1620,"url":"https:\/\/talkpal.ai\/wp-content\/uploads\/2025\/02\/Progress-tab-16_9.png","type":"image\/png"}],"twitter_card":"summary_large_image","twitter_site":"@talkpalai","twitter_misc":{"Arvioitu lukuaika":"3 minuuttia"},"schema":{"@context":"https:\/\/schema.org","@graph":[{"@type":"WebPage","@id":"https:\/\/talkpal.ai\/fi\/grammar\/refleksiiviset-pronominit-turkin-kielioppissa\/","url":"https:\/\/talkpal.ai\/fi\/grammar\/refleksiiviset-pronominit-turkin-kielioppissa\/","name":"Refleksiiviset pronominit turkin kielioppissa - Talkpal","isPartOf":{"@id":"https:\/\/talkpal.ai\/fi\/#website"},"primaryImageOfPage":{"@id":"https:\/\/talkpal.ai\/fi\/grammar\/refleksiiviset-pronominit-turkin-kielioppissa\/#primaryimage"},"image":{"@id":"https:\/\/talkpal.ai\/fi\/grammar\/refleksiiviset-pronominit-turkin-kielioppissa\/#primaryimage"},"thumbnailUrl":"https:\/\/talkpal.ai\/wp-content\/uploads\/2025\/12\/woman-at-cafe-learning-languages-sunset.webp","datePublished":"2025-07-03T18:56:31+00:00","description":"Refleksiiviset pronominit ovat olennainen osa turkin kielioppia, ja niiden hallitseminen avaa oven syvemp\u00e4\u00e4n ymm\u00e4rrykseen turkin kielest\u00e4 ja sen","breadcrumb":{"@id":"https:\/\/talkpal.ai\/fi\/grammar\/refleksiiviset-pronominit-turkin-kielioppissa\/#breadcrumb"},"inLanguage":"fi","potentialAction":[{"@type":"ReadAction","target":["https:\/\/talkpal.ai\/fi\/grammar\/refleksiiviset-pronominit-turkin-kielioppissa\/"]}]},{"@type":"ImageObject","inLanguage":"fi","@id":"https:\/\/talkpal.ai\/fi\/grammar\/refleksiiviset-pronominit-turkin-kielioppissa\/#primaryimage","url":"https:\/\/talkpal.ai\/wp-content\/uploads\/2025\/12\/woman-at-cafe-learning-languages-sunset.webp","contentUrl":"https:\/\/talkpal.ai\/wp-content\/uploads\/2025\/12\/woman-at-cafe-learning-languages-sunset.webp","width":1200,"height":896,"caption":"A student wears headphones and takes notes while learning languages at a cafe during sunset."},{"@type":"BreadcrumbList","@id":"https:\/\/talkpal.ai\/fi\/grammar\/refleksiiviset-pronominit-turkin-kielioppissa\/#breadcrumb","itemListElement":[{"@type":"ListItem","position":1,"name":"Homepage","item":"https:\/\/talkpal.ai\/fi\/"},{"@type":"ListItem","position":2,"name":"Refleksiiviset pronominit turkin kielioppissa"}]},{"@type":"WebSite","@id":"https:\/\/talkpal.ai\/fi\/#website","url":"https:\/\/talkpal.ai\/fi\/","name":"Talkpal","description":"AI Language Learning","publisher":{"@id":"https:\/\/talkpal.ai\/fi\/#organization"},"alternateName":"Talkpal AI","potentialAction":[{"@type":"SearchAction","target":{"@type":"EntryPoint","urlTemplate":"https:\/\/talkpal.ai\/fi\/?s={search_term_string}"},"query-input":{"@type":"PropertyValueSpecification","valueRequired":true,"valueName":"search_term_string"}}],"inLanguage":"fi"},{"@type":"Organization","@id":"https:\/\/talkpal.ai\/fi\/#organization","name":"Talkpal, Inc.","alternateName":"Talkpal AI","url":"https:\/\/talkpal.ai\/fi\/","logo":{"@type":"ImageObject","inLanguage":"fi","@id":"https:\/\/talkpal.ai\/fi\/#\/schema\/logo\/image\/","url":"https:\/\/talkpal.ai\/wp-content\/uploads\/2024\/03\/Talkpal-Logo-Icon.png","contentUrl":"https:\/\/talkpal.ai\/wp-content\/uploads\/2024\/03\/Talkpal-Logo-Icon.png","width":2880,"height":2880,"caption":"Talkpal, Inc."},"image":{"@id":"https:\/\/talkpal.ai\/fi\/#\/schema\/logo\/image\/"},"sameAs":["https:\/\/www.facebook.com\/profile.php?id=100090733639311","https:\/\/x.com\/talkpalai","https:\/\/www.linkedin.com\/company\/talkpal\/","https:\/\/www.youtube.com\/@TalkPal\/","https:\/\/www.tiktok.com\/@talkpal","https:\/\/www.instagram.com\/talkpal_ai\/","https:\/\/www.crunchbase.com\/organization\/talkpal-9cde","https:\/\/www.g2.com\/products\/talkpal-for-business\/","https:\/\/www.trustpilot.com\/review\/talkpal.ai","https:\/\/www.capterra.com\/p\/10006800\/TalkPal\/"],"description":"Talkpal is a language learning web and mobile education app, powered by the latest AI technologies, that provides engaging experiences to its customers in many different languages to help them improve their language skills. Users can chat about unlimited amount of topics with the app and use other modes to practice their language learning.","email":"support@talkpal.ai","legalName":"Talkpal, Inc.","foundingDate":"2023-04-03","duns":"118989042","numberOfEmployees":{"@type":"QuantitativeValue","minValue":"11","maxValue":"50"},"publishingPrinciples":"https:\/\/talkpal.ai\/publishing-principles\/","actionableFeedbackPolicy":"https:\/\/talkpal.ai\/actionable-feedback-policy\/","correctionsPolicy":"https:\/\/talkpal.ai\/corrections-policy\/","ethicsPolicy":"https:\/\/talkpal.ai\/ethics-policy\/","diversityPolicy":"https:\/\/talkpal.ai\/diversity-policy\/","diversityStaffingReport":"https:\/\/talkpal.ai\/diversity-policy\/"}]}},"_links":{"self":[{"href":"https:\/\/talkpal.ai\/fi\/wp-json\/wp\/v2\/grammar\/1110306","targetHints":{"allow":["GET"]}}],"collection":[{"href":"https:\/\/talkpal.ai\/fi\/wp-json\/wp\/v2\/grammar"}],"about":[{"href":"https:\/\/talkpal.ai\/fi\/wp-json\/wp\/v2\/types\/grammar"}],"wp:featuredmedia":[{"embeddable":true,"href":"https:\/\/talkpal.ai\/fi\/wp-json\/wp\/v2\/media\/1528078"}],"wp:attachment":[{"href":"https:\/\/talkpal.ai\/fi\/wp-json\/wp\/v2\/media?parent=1110306"}],"wp:term":[{"taxonomy":"language","embeddable":true,"href":"https:\/\/talkpal.ai\/fi\/wp-json\/wp\/v2\/language?post=1110306"}],"curies":[{"name":"wp","href":"https:\/\/api.w.org\/{rel}","templated":true}]}}