{"id":1108963,"date":"2025-07-03T17:49:19","date_gmt":"2025-07-03T17:49:19","guid":{"rendered":"https:\/\/talkpal.ai\/grammar\/adverbi-sijoitus-makedonian-kielioppissa\/"},"modified":"2025-07-03T17:49:19","modified_gmt":"2025-07-03T17:49:19","slug":"adverbi-sijoitus-makedonian-kielioppissa","status":"publish","type":"grammar","link":"https:\/\/talkpal.ai\/fi\/grammar\/adverbi-sijoitus-makedonian-kielioppissa\/","title":{"rendered":"Adverbi Sijoitus Makedonian kielioppissa"},"content":{"rendered":"<p>Makedonian kieliopissa <a href=\"https:\/\/talkpal.ai\/ar\/grammar_exercises\/adverbien-%d8%aa%d9%85%d8%a7%d8%b1%d9%8a%d9%86-%d9%84%d9%84%d9%82%d9%88%d8%a7%d8%b9%d8%af-%d8%a7%d9%84%d8%a3%d9%84%d9%85%d8%a7%d9%86%d9%8a%d8%a9\/\">adverbien<\/a> sijoitus on keskeinen osa lauseen rakennetta ja merkityksen selkeytt\u00e4. Oikea adverbin paikka voi vaikuttaa lauseen ymm\u00e4rrett\u00e4vyyteen ja korostuksiin, mik\u00e4 on t\u00e4rke\u00e4\u00e4 sek\u00e4 puhutussa ett\u00e4 kirjoitetussa kieless\u00e4. T\u00e4ss\u00e4 artikkelissa k\u00e4ymme l\u00e4pi adverbien sijoituksen s\u00e4\u00e4nn\u00f6t ja erityispiirteet Makedonian kieless\u00e4, tarjoten samalla vinkkej\u00e4 niiden tehokkaaseen oppimiseen. <a href=\"https:\/\/talkpal.ai\/ko\/ai-%ec%96%b8%ec%96%b4-%ea%b5%90%ec%82%ac\/\">Talkpal<\/a> on erinomainen alusta, joka auttaa oppijoita hallitsemaan adverbi sijoituksen k\u00e4yt\u00e4nn\u00f6n tasolla, mik\u00e4 tekee t\u00e4st\u00e4 kieliopin osa-alueesta helpommin omaksuttavan.<\/p>\n<h2>Adverbi Sijoitus Makedonian Kieless\u00e4: Perusteet<\/h2>\n<p><a href=\"https:\/\/talkpal.ai\/fi\/grammar\/paikan-tsekin-kielioppi-adverbit\/\">Adverbit<\/a> eli <a href=\"https:\/\/talkpal.ai\/fi\/grammar\/paikan-tsekin-kielioppi-adverbit\/\">adverbit<\/a> kuvaavat verbej\u00e4, adjektiiveja, muita adverbej\u00e4 <a href=\"https:\/\/talkpal.ai\/learn-thai\/\">tai<\/a> koko lausetta, ja ne ilmaisevat esimerkiksi aikaa, paikkaa, tapaa, m\u00e4\u00e4r\u00e4\u00e4 tai syyt\u00e4. Makedonian kieless\u00e4 adverbien sijoitus on joustavampaa kuin monissa muissa kieliss\u00e4, mutta sill\u00e4 on silti omat vakiintuneet s\u00e4\u00e4nt\u00f6ns\u00e4.<\/p>\n<h3>Adverbien Perussijainti<\/h3>\n<ul>\n<li>Useimmiten adverbi sijoittuu verbin j\u00e4lkeen, jos se liittyy suoraan verbin tapaan tai aikaan. Esimerkiksi: <em>\u0422\u043e\u0458 \u0437\u0431\u043e\u0440\u0443\u0432\u0430 \u0433\u043b\u0430\u0441\u043d\u043e<\/em> (H\u00e4n puhuu \u00e4\u00e4nekk\u00e4\u00e4sti).<\/li>\n<li>Jos adverbi kuvaa koko lausetta tai sen osaa, se voi esiinty\u00e4 my\u00f6s lauseen alussa tai keskell\u00e4 korostustarkoituksessa.<\/li>\n<li>Makedoniassa on yleist\u00e4, ett\u00e4 adverbit, jotka ilmaisevat aikaa tai paikkaa, sijoittuvat usein lauseen loppuun.<\/li>\n<\/ul>\n<h3>Adverbien Tyypit ja Niiden Vaikutus Sijoitukseen<\/h3>\n<p>Adverbit voidaan luokitella niiden merkityksen mukaan, ja t\u00e4m\u00e4 vaikuttaa niiden sijoitukseen:<\/p>\n<ul>\n<li><strong>Aikaan liittyv\u00e4t adverbit:<\/strong> yleens\u00e4 lauseen loppuun, esim. <em>\u0423\u0442\u0440\u0435 \u045c\u0435 \u043e\u0434\u0430\u043c<\/em> (Huomenna menen).<\/li>\n<li><strong>Paikkaan liittyv\u00e4t adverbit:<\/strong> my\u00f6s usein lauseen loppuun, esim. <em>\u0422\u043e\u0458 \u0436\u0438\u0432\u0435\u0435 \u0442\u0443\u043a\u0430<\/em> (H\u00e4n asuu t\u00e4\u00e4ll\u00e4).<\/li>\n<li><strong>Tapaan liittyv\u00e4t adverbit:<\/strong> usein verbin j\u00e4ljess\u00e4, esim. <em>\u0422\u0430\u0430 \u043f\u0435\u0435 \u0443\u0431\u0430\u0432\u043e<\/em> (H\u00e4n laulaa kauniisti).<\/li>\n<li><strong>M\u00e4\u00e4r\u00e4\u00e4n liittyv\u00e4t adverbit:<\/strong> voivat sijoittua verbin eteen tai j\u00e4lkeen, riippuen korostuksesta, esim. <em>\u0422\u043e\u0458 \u043c\u043d\u043e\u0433\u0443 \u0440\u0430\u0431\u043e\u0442\u0438<\/em> (H\u00e4n ty\u00f6skentelee paljon).<\/li>\n<\/ul>\n<h2>Adverbi Sijoitus ja Lauseen Rakenne<\/h2>\n<p>Makedonian kieless\u00e4 sanaj\u00e4rjestys on suhteellisen vapaa, mutta adverbien sijoitus vaikuttaa merkitt\u00e4v\u00e4sti lauseen ymm\u00e4rrett\u00e4vyyteen ja painotuksiin.<\/p>\n<h3>Adverbi ja Verbin V\u00e4liset S\u00e4\u00e4nn\u00f6t<\/h3>\n<ul>\n<li>Usein adverbi sijoitetaan verbin j\u00e4lkeen, mutta jos lauseessa on apuverbi tai modaaliverbi, adverbi voi sijoittua niiden v\u00e4liin.<\/li>\n<li>Esimerkiksi: <em>\u0422\u043e\u0458 \u043c\u043e\u0436\u0435 \u0431\u0440\u0437\u043e \u0434\u0430 \u0442\u0440\u0447\u0430<\/em> (H\u00e4n voi nopeasti juosta), jossa adverbi <em>\u0431\u0440\u0437\u043e<\/em> sijoittuu apuverbin <em>\u043c\u043e\u0436\u0435<\/em> ja infinitiivin <em>\u0434\u0430 \u0442\u0440\u0447\u0430<\/em> v\u00e4liin.<\/li>\n<li>Jos lause sis\u00e4lt\u00e4\u00e4 objektin, adverbin paikka voi vaihdella riippuen siit\u00e4, mit\u00e4 painotetaan.<\/li>\n<\/ul>\n<h3>Adverbi Lauseen Alussa ja Lopussa<\/h3>\n<ul>\n<li>Adverbi lauseen alussa voi toimia korostuksena tai viitata koko lauseeseen, esim. <em>\u041d\u0438\u043a\u043e\u0433\u0430\u0448 \u043d\u0435 \u0441\u0443\u043c \u0431\u0438\u043b \u0442\u0430\u043c\u0443<\/em> (En ole koskaan ollut siell\u00e4).<\/li>\n<li>Lauseen lopussa oleva adverbi voi sulkea ajatuksen ja antaa lis\u00e4tietoa, esim. <em>\u0408\u0430\u0441 \u0434\u043e\u0458\u0434\u043e\u0432 \u0432\u0447\u0435\u0440\u0430<\/em> (Tulin eilen).<\/li>\n<\/ul>\n<h2>Erityistapaukset: Adverbit ja Kieltolauseet<\/h2>\n<p>Kieltolauseissa adverbin sijoitus voi muuttua merkityksen selkeytt\u00e4miseksi.<\/p>\n<ul>\n<li>Usein kieltosanat kuten <em>\u043d\u0435<\/em> (ei) sijoittuvat verbin eteen, ja adverbit sijoittuvat sen j\u00e4lkeen, esim. <em>\u0422\u043e\u0458 \u043d\u0435 \u0437\u0431\u043e\u0440\u0443\u0432\u0430 \u0458\u0430\u0441\u043d\u043e<\/em> (H\u00e4n ei puhu selke\u00e4sti).<\/li>\n<li>Jos lauseessa on kieltosana ja aikaan liittyv\u00e4 adverbi, aikaan liittyv\u00e4 adverbi voi tulla my\u00f6s lauseen alkuun korostusta varten, esim. <em>\u041d\u0438\u043a\u043e\u0433\u0430\u0448 \u043d\u0435 \u0441\u0443\u043c \u0432\u0438\u0434\u0435\u043b \u0442\u0430\u043a\u0432\u043e \u043d\u0435\u0448\u0442\u043e<\/em> (En ole koskaan n\u00e4hnyt sellaista).<\/li>\n<\/ul>\n<h2>Adverbi Sijoitus Oppimisen Vinkit Talkpalin Avulla<\/h2>\n<p>Adverbi sijoituksen oppiminen Makedonian kieless\u00e4 voi olla haastavaa, koska sanaj\u00e4rjestys on joustava ja merkitykset voivat muuttua sijoituksen mukaan. Talkpal tarjoaa tehokkaita oppimisty\u00f6kaluja, jotka auttavat ymm\u00e4rt\u00e4m\u00e4\u00e4n ja harjoittelemaan oikeaa adverbien sijoitusta k\u00e4yt\u00e4nn\u00f6ss\u00e4.<\/p>\n<h3>Miten Talkpal Parantaa Oppimista?<\/h3>\n<ul>\n<li><strong>Interaktiiviset harjoitukset:<\/strong> k\u00e4ytt\u00e4j\u00e4t voivat harjoitella adverbien sijoitusta erilaisissa lauseissa ja saada v\u00e4lit\u00f6nt\u00e4 palautetta.<\/li>\n<li><strong>Kontekstuaaliset esimerkit:<\/strong> opit adverbej\u00e4 ja niiden sijoitusta luonnollisissa tilanteissa ja keskusteluissa.<\/li>\n<li><strong>Personoidut oppimispolut:<\/strong> sovellus mukauttaa harjoitukset k\u00e4ytt\u00e4j\u00e4n taitotason mukaan, keskittyen erityisesti adverbi sijoituksen haasteisiin.<\/li>\n<li><strong>\u00c4\u00e4nitteet ja puheharjoitukset:<\/strong> auttavat oppijoita ymm\u00e4rt\u00e4m\u00e4\u00e4n adverbin oikean paikan my\u00f6s puhutussa kieless\u00e4.<\/li>\n<\/ul>\n<h2>Usein Kysytyt Kysymykset (UKK) Adverbi Sijoituksesta Makedonian Kieless\u00e4<\/h2>\n<h3>1. Voiko adverbi olla lauseen alussa Makedoniassa?<\/h3>\n<p>Kyll\u00e4, adverbi voi olla lauseen alussa, erityisesti silloin, kun halutaan korostaa tietty\u00e4 aikaan tai tapaan liittyv\u00e4\u00e4 seikkaa.<\/p>\n<h3>2. Miten adverbin sijoitus vaikuttaa lauseen merkitykseen?<\/h3>\n<p>Adverbin paikka lauseessa voi korostaa eri asioita, esimerkiksi tapaa, aikaa tai paikan sijaintia, ja v\u00e4\u00e4r\u00e4 sijoitus voi johtaa merkityksen v\u00e4\u00e4rinymm\u00e4rrykseen.<\/p>\n<h3>3. Onko adverbin paikka aina verbin j\u00e4lkeen?<\/h3>\n<p>Ei aina. Vaikka verbin j\u00e4lkeinen paikka on yleisin, adverbi voi esiinty\u00e4 my\u00f6s verbin edess\u00e4 tai lauseen muissa osissa tilanteen mukaan.<\/p>\n<h3>4. Miten kieltolause vaikuttaa adverbin sijoitukseen?<\/h3>\n<p>Kieltolauseissa adverbi sijoittuu usein verbin j\u00e4lkeen, mutta kieltosana <em>\u043d\u0435<\/em> sijoittuu verbin eteen, ja t\u00e4m\u00e4 j\u00e4rjestys on t\u00e4rke\u00e4 oikean merkityksen kannalta.<\/p>\n<h2>Yhteenveto<\/h2>\n<p>Adverbi sijoitus Makedonian kieliopissa on t\u00e4rke\u00e4 osa lauseen rakennetta ja merkityksen v\u00e4lityst\u00e4. Vaikka sanaj\u00e4rjestys on suhteellisen joustava, on olemassa selkeit\u00e4 s\u00e4\u00e4nt\u00f6j\u00e4, jotka ohjaavat adverbien paikkaa verbin ja muiden lauseen osien suhteen. Oikean adverbin sijoituksen oppiminen auttaa puhumaan ja kirjoittamaan selke\u00e4\u00e4, luonnollista makedoniaa. Talkpal tarjoaa kattavat ja k\u00e4yt\u00e4nn\u00f6nl\u00e4heiset oppimisv\u00e4lineet, joiden avulla adverbi sijoituksen hallinta on helpompaa ja tehokkaampaa. N\u00e4in voit kehitt\u00e4\u00e4 kielitaitoasi systemaattisesti ja luottavaisesti.<\/p>\n","protected":false},"featured_media":1528109,"template":"","language":[9447,9437],"class_list":["post-1108963","grammar","type-grammar","status-publish","has-post-thumbnail","hentry","language-adverbit-makedonian-kielioppi","language-makedonia"],"acf":[],"yoast_head":"<!-- This site is optimized with the Yoast SEO Premium plugin v27.2 (Yoast SEO v27.2) - https:\/\/yoast.com\/product\/yoast-seo-premium-wordpress\/ -->\n<title>Adverbi Sijoitus Makedonian kielioppissa - Talkpal<\/title>\n<meta name=\"description\" content=\"Makedonian kieliopissa adverbien sijoitus on keskeinen osa lauseen rakennetta ja merkityksen selkeytt\u00e4. Oikea adverbin paikka voi vaikuttaa lauseen\" \/>\n<meta name=\"robots\" content=\"index, follow, max-snippet:-1, max-image-preview:large, max-video-preview:-1\" \/>\n<link rel=\"canonical\" href=\"https:\/\/talkpal.ai\/fi\/grammar\/adverbi-sijoitus-makedonian-kielioppissa\/\" \/>\n<meta property=\"og:locale\" content=\"fi_FI\" \/>\n<meta property=\"og:type\" content=\"article\" \/>\n<meta property=\"og:title\" content=\"Adverbi Sijoitus Makedonian kielioppissa\" \/>\n<meta property=\"og:description\" content=\"Makedonian kieliopissa adverbien sijoitus on keskeinen osa lauseen rakennetta ja merkityksen selkeytt\u00e4. Oikea adverbin paikka voi vaikuttaa lauseen\" \/>\n<meta property=\"og:url\" content=\"https:\/\/talkpal.ai\/fi\/grammar\/adverbi-sijoitus-makedonian-kielioppissa\/\" \/>\n<meta property=\"og:site_name\" content=\"Talkpal\" \/>\n<meta property=\"article:publisher\" content=\"https:\/\/www.facebook.com\/profile.php?id=100090733639311\" \/>\n<meta property=\"og:image\" content=\"https:\/\/talkpal.ai\/wp-content\/uploads\/2025\/02\/Progress-tab-16_9.png\" \/>\n\t<meta property=\"og:image:width\" content=\"2880\" \/>\n\t<meta property=\"og:image:height\" content=\"1620\" \/>\n\t<meta property=\"og:image:type\" content=\"image\/png\" \/>\n<meta name=\"twitter:card\" content=\"summary_large_image\" \/>\n<meta name=\"twitter:site\" content=\"@talkpalai\" \/>\n<meta name=\"twitter:label1\" content=\"Arvioitu lukuaika\" \/>\n\t<meta name=\"twitter:data1\" content=\"4 minuuttia\" \/>\n<script type=\"application\/ld+json\" class=\"yoast-schema-graph\">{\"@context\":\"https:\/\/schema.org\",\"@graph\":[{\"@type\":\"WebPage\",\"@id\":\"https:\/\/talkpal.ai\/fi\/grammar\/adverbi-sijoitus-makedonian-kielioppissa\/\",\"url\":\"https:\/\/talkpal.ai\/fi\/grammar\/adverbi-sijoitus-makedonian-kielioppissa\/\",\"name\":\"Adverbi Sijoitus Makedonian kielioppissa - Talkpal\",\"isPartOf\":{\"@id\":\"https:\/\/talkpal.ai\/fi\/#website\"},\"primaryImageOfPage\":{\"@id\":\"https:\/\/talkpal.ai\/fi\/grammar\/adverbi-sijoitus-makedonian-kielioppissa\/#primaryimage\"},\"image\":{\"@id\":\"https:\/\/talkpal.ai\/fi\/grammar\/adverbi-sijoitus-makedonian-kielioppissa\/#primaryimage\"},\"thumbnailUrl\":\"https:\/\/talkpal.ai\/wp-content\/uploads\/2025\/12\/workbook-is-studied-while-learning-languages.webp\",\"datePublished\":\"2025-07-03T17:49:19+00:00\",\"description\":\"Makedonian kieliopissa adverbien sijoitus on keskeinen osa lauseen rakennetta ja merkityksen selkeytt\u00e4. Oikea adverbin paikka voi vaikuttaa lauseen\",\"breadcrumb\":{\"@id\":\"https:\/\/talkpal.ai\/fi\/grammar\/adverbi-sijoitus-makedonian-kielioppissa\/#breadcrumb\"},\"inLanguage\":\"fi\",\"potentialAction\":[{\"@type\":\"ReadAction\",\"target\":[\"https:\/\/talkpal.ai\/fi\/grammar\/adverbi-sijoitus-makedonian-kielioppissa\/\"]}]},{\"@type\":\"ImageObject\",\"inLanguage\":\"fi\",\"@id\":\"https:\/\/talkpal.ai\/fi\/grammar\/adverbi-sijoitus-makedonian-kielioppissa\/#primaryimage\",\"url\":\"https:\/\/talkpal.ai\/wp-content\/uploads\/2025\/12\/workbook-is-studied-while-learning-languages.webp\",\"contentUrl\":\"https:\/\/talkpal.ai\/wp-content\/uploads\/2025\/12\/workbook-is-studied-while-learning-languages.webp\",\"width\":1200,\"height\":896,\"caption\":\"Students sit at a shared desk while learning languages with books and digital tools.\"},{\"@type\":\"BreadcrumbList\",\"@id\":\"https:\/\/talkpal.ai\/fi\/grammar\/adverbi-sijoitus-makedonian-kielioppissa\/#breadcrumb\",\"itemListElement\":[{\"@type\":\"ListItem\",\"position\":1,\"name\":\"Homepage\",\"item\":\"https:\/\/talkpal.ai\/fi\/\"},{\"@type\":\"ListItem\",\"position\":2,\"name\":\"Adverbi Sijoitus Makedonian kielioppissa\"}]},{\"@type\":\"WebSite\",\"@id\":\"https:\/\/talkpal.ai\/fi\/#website\",\"url\":\"https:\/\/talkpal.ai\/fi\/\",\"name\":\"Talkpal\",\"description\":\"AI Language Learning\",\"publisher\":{\"@id\":\"https:\/\/talkpal.ai\/fi\/#organization\"},\"alternateName\":\"Talkpal AI\",\"potentialAction\":[{\"@type\":\"SearchAction\",\"target\":{\"@type\":\"EntryPoint\",\"urlTemplate\":\"https:\/\/talkpal.ai\/fi\/?s={search_term_string}\"},\"query-input\":{\"@type\":\"PropertyValueSpecification\",\"valueRequired\":true,\"valueName\":\"search_term_string\"}}],\"inLanguage\":\"fi\"},{\"@type\":\"Organization\",\"@id\":\"https:\/\/talkpal.ai\/fi\/#organization\",\"name\":\"Talkpal, Inc.\",\"alternateName\":\"Talkpal AI\",\"url\":\"https:\/\/talkpal.ai\/fi\/\",\"logo\":{\"@type\":\"ImageObject\",\"inLanguage\":\"fi\",\"@id\":\"https:\/\/talkpal.ai\/fi\/#\/schema\/logo\/image\/\",\"url\":\"https:\/\/talkpal.ai\/wp-content\/uploads\/2024\/03\/Talkpal-Logo-Icon.png\",\"contentUrl\":\"https:\/\/talkpal.ai\/wp-content\/uploads\/2024\/03\/Talkpal-Logo-Icon.png\",\"width\":2880,\"height\":2880,\"caption\":\"Talkpal, Inc.\"},\"image\":{\"@id\":\"https:\/\/talkpal.ai\/fi\/#\/schema\/logo\/image\/\"},\"sameAs\":[\"https:\/\/www.facebook.com\/profile.php?id=100090733639311\",\"https:\/\/x.com\/talkpalai\",\"https:\/\/www.linkedin.com\/company\/talkpal\/\",\"https:\/\/www.youtube.com\/@TalkPal\/\",\"https:\/\/www.tiktok.com\/@talkpal\",\"https:\/\/www.instagram.com\/talkpal_ai\/\",\"https:\/\/www.crunchbase.com\/organization\/talkpal-9cde\",\"https:\/\/www.g2.com\/products\/talkpal-for-business\/\",\"https:\/\/www.trustpilot.com\/review\/talkpal.ai\",\"https:\/\/www.capterra.com\/p\/10006800\/TalkPal\/\"],\"description\":\"Talkpal is a language learning web and mobile education app, powered by the latest AI technologies, that provides engaging experiences to its customers in many different languages to help them improve their language skills. Users can chat about unlimited amount of topics with the app and use other modes to practice their language learning.\",\"email\":\"support@talkpal.ai\",\"legalName\":\"Talkpal, Inc.\",\"foundingDate\":\"2023-04-03\",\"duns\":\"118989042\",\"numberOfEmployees\":{\"@type\":\"QuantitativeValue\",\"minValue\":\"11\",\"maxValue\":\"50\"},\"publishingPrinciples\":\"https:\/\/talkpal.ai\/publishing-principles\/\",\"actionableFeedbackPolicy\":\"https:\/\/talkpal.ai\/actionable-feedback-policy\/\",\"correctionsPolicy\":\"https:\/\/talkpal.ai\/corrections-policy\/\",\"ethicsPolicy\":\"https:\/\/talkpal.ai\/ethics-policy\/\",\"diversityPolicy\":\"https:\/\/talkpal.ai\/diversity-policy\/\",\"diversityStaffingReport\":\"https:\/\/talkpal.ai\/diversity-policy\/\"}]}<\/script>\n<!-- \/ Yoast SEO Premium plugin. -->","yoast_head_json":{"title":"Adverbi Sijoitus Makedonian kielioppissa - Talkpal","description":"Makedonian kieliopissa adverbien sijoitus on keskeinen osa lauseen rakennetta ja merkityksen selkeytt\u00e4. Oikea adverbin paikka voi vaikuttaa lauseen","robots":{"index":"index","follow":"follow","max-snippet":"max-snippet:-1","max-image-preview":"max-image-preview:large","max-video-preview":"max-video-preview:-1"},"canonical":"https:\/\/talkpal.ai\/fi\/grammar\/adverbi-sijoitus-makedonian-kielioppissa\/","og_locale":"fi_FI","og_type":"article","og_title":"Adverbi Sijoitus Makedonian kielioppissa","og_description":"Makedonian kieliopissa adverbien sijoitus on keskeinen osa lauseen rakennetta ja merkityksen selkeytt\u00e4. Oikea adverbin paikka voi vaikuttaa lauseen","og_url":"https:\/\/talkpal.ai\/fi\/grammar\/adverbi-sijoitus-makedonian-kielioppissa\/","og_site_name":"Talkpal","article_publisher":"https:\/\/www.facebook.com\/profile.php?id=100090733639311","og_image":[{"width":2880,"height":1620,"url":"https:\/\/talkpal.ai\/wp-content\/uploads\/2025\/02\/Progress-tab-16_9.png","type":"image\/png"}],"twitter_card":"summary_large_image","twitter_site":"@talkpalai","twitter_misc":{"Arvioitu lukuaika":"4 minuuttia"},"schema":{"@context":"https:\/\/schema.org","@graph":[{"@type":"WebPage","@id":"https:\/\/talkpal.ai\/fi\/grammar\/adverbi-sijoitus-makedonian-kielioppissa\/","url":"https:\/\/talkpal.ai\/fi\/grammar\/adverbi-sijoitus-makedonian-kielioppissa\/","name":"Adverbi Sijoitus Makedonian kielioppissa - Talkpal","isPartOf":{"@id":"https:\/\/talkpal.ai\/fi\/#website"},"primaryImageOfPage":{"@id":"https:\/\/talkpal.ai\/fi\/grammar\/adverbi-sijoitus-makedonian-kielioppissa\/#primaryimage"},"image":{"@id":"https:\/\/talkpal.ai\/fi\/grammar\/adverbi-sijoitus-makedonian-kielioppissa\/#primaryimage"},"thumbnailUrl":"https:\/\/talkpal.ai\/wp-content\/uploads\/2025\/12\/workbook-is-studied-while-learning-languages.webp","datePublished":"2025-07-03T17:49:19+00:00","description":"Makedonian kieliopissa adverbien sijoitus on keskeinen osa lauseen rakennetta ja merkityksen selkeytt\u00e4. Oikea adverbin paikka voi vaikuttaa lauseen","breadcrumb":{"@id":"https:\/\/talkpal.ai\/fi\/grammar\/adverbi-sijoitus-makedonian-kielioppissa\/#breadcrumb"},"inLanguage":"fi","potentialAction":[{"@type":"ReadAction","target":["https:\/\/talkpal.ai\/fi\/grammar\/adverbi-sijoitus-makedonian-kielioppissa\/"]}]},{"@type":"ImageObject","inLanguage":"fi","@id":"https:\/\/talkpal.ai\/fi\/grammar\/adverbi-sijoitus-makedonian-kielioppissa\/#primaryimage","url":"https:\/\/talkpal.ai\/wp-content\/uploads\/2025\/12\/workbook-is-studied-while-learning-languages.webp","contentUrl":"https:\/\/talkpal.ai\/wp-content\/uploads\/2025\/12\/workbook-is-studied-while-learning-languages.webp","width":1200,"height":896,"caption":"Students sit at a shared desk while learning languages with books and digital tools."},{"@type":"BreadcrumbList","@id":"https:\/\/talkpal.ai\/fi\/grammar\/adverbi-sijoitus-makedonian-kielioppissa\/#breadcrumb","itemListElement":[{"@type":"ListItem","position":1,"name":"Homepage","item":"https:\/\/talkpal.ai\/fi\/"},{"@type":"ListItem","position":2,"name":"Adverbi Sijoitus Makedonian kielioppissa"}]},{"@type":"WebSite","@id":"https:\/\/talkpal.ai\/fi\/#website","url":"https:\/\/talkpal.ai\/fi\/","name":"Talkpal","description":"AI Language Learning","publisher":{"@id":"https:\/\/talkpal.ai\/fi\/#organization"},"alternateName":"Talkpal AI","potentialAction":[{"@type":"SearchAction","target":{"@type":"EntryPoint","urlTemplate":"https:\/\/talkpal.ai\/fi\/?s={search_term_string}"},"query-input":{"@type":"PropertyValueSpecification","valueRequired":true,"valueName":"search_term_string"}}],"inLanguage":"fi"},{"@type":"Organization","@id":"https:\/\/talkpal.ai\/fi\/#organization","name":"Talkpal, Inc.","alternateName":"Talkpal AI","url":"https:\/\/talkpal.ai\/fi\/","logo":{"@type":"ImageObject","inLanguage":"fi","@id":"https:\/\/talkpal.ai\/fi\/#\/schema\/logo\/image\/","url":"https:\/\/talkpal.ai\/wp-content\/uploads\/2024\/03\/Talkpal-Logo-Icon.png","contentUrl":"https:\/\/talkpal.ai\/wp-content\/uploads\/2024\/03\/Talkpal-Logo-Icon.png","width":2880,"height":2880,"caption":"Talkpal, Inc."},"image":{"@id":"https:\/\/talkpal.ai\/fi\/#\/schema\/logo\/image\/"},"sameAs":["https:\/\/www.facebook.com\/profile.php?id=100090733639311","https:\/\/x.com\/talkpalai","https:\/\/www.linkedin.com\/company\/talkpal\/","https:\/\/www.youtube.com\/@TalkPal\/","https:\/\/www.tiktok.com\/@talkpal","https:\/\/www.instagram.com\/talkpal_ai\/","https:\/\/www.crunchbase.com\/organization\/talkpal-9cde","https:\/\/www.g2.com\/products\/talkpal-for-business\/","https:\/\/www.trustpilot.com\/review\/talkpal.ai","https:\/\/www.capterra.com\/p\/10006800\/TalkPal\/"],"description":"Talkpal is a language learning web and mobile education app, powered by the latest AI technologies, that provides engaging experiences to its customers in many different languages to help them improve their language skills. Users can chat about unlimited amount of topics with the app and use other modes to practice their language learning.","email":"support@talkpal.ai","legalName":"Talkpal, Inc.","foundingDate":"2023-04-03","duns":"118989042","numberOfEmployees":{"@type":"QuantitativeValue","minValue":"11","maxValue":"50"},"publishingPrinciples":"https:\/\/talkpal.ai\/publishing-principles\/","actionableFeedbackPolicy":"https:\/\/talkpal.ai\/actionable-feedback-policy\/","correctionsPolicy":"https:\/\/talkpal.ai\/corrections-policy\/","ethicsPolicy":"https:\/\/talkpal.ai\/ethics-policy\/","diversityPolicy":"https:\/\/talkpal.ai\/diversity-policy\/","diversityStaffingReport":"https:\/\/talkpal.ai\/diversity-policy\/"}]}},"_links":{"self":[{"href":"https:\/\/talkpal.ai\/fi\/wp-json\/wp\/v2\/grammar\/1108963","targetHints":{"allow":["GET"]}}],"collection":[{"href":"https:\/\/talkpal.ai\/fi\/wp-json\/wp\/v2\/grammar"}],"about":[{"href":"https:\/\/talkpal.ai\/fi\/wp-json\/wp\/v2\/types\/grammar"}],"wp:featuredmedia":[{"embeddable":true,"href":"https:\/\/talkpal.ai\/fi\/wp-json\/wp\/v2\/media\/1528109"}],"wp:attachment":[{"href":"https:\/\/talkpal.ai\/fi\/wp-json\/wp\/v2\/media?parent=1108963"}],"wp:term":[{"taxonomy":"language","embeddable":true,"href":"https:\/\/talkpal.ai\/fi\/wp-json\/wp\/v2\/language?post=1108963"}],"curies":[{"name":"wp","href":"https:\/\/api.w.org\/{rel}","templated":true}]}}