{"id":1107425,"date":"2025-07-03T16:32:14","date_gmt":"2025-07-03T16:32:14","guid":{"rendered":"https:\/\/talkpal.ai\/grammar\/reflexive-verbit-valkovenajan-kielioppissa\/"},"modified":"2025-07-03T16:32:14","modified_gmt":"2025-07-03T16:32:14","slug":"reflexive-verbit-valkovenajan-kielioppissa","status":"publish","type":"grammar","link":"https:\/\/talkpal.ai\/fi\/grammar\/reflexive-verbit-valkovenajan-kielioppissa\/","title":{"rendered":"Reflexive Verbit Valkoven\u00e4j\u00e4n kielioppissa"},"content":{"rendered":"<p>Refleksiiviverbit ovat keskeinen osa Valkoven\u00e4j\u00e4n kielioppia, ja niiden hallinta on t\u00e4rke\u00e4\u00e4, kun opiskelee t\u00e4t\u00e4 it\u00e4slavistista kielt\u00e4. N\u00e4m\u00e4 verbit ilmaisevat, ett\u00e4 toiminta kohdistuu takaisin tekij\u00e4\u00e4ns\u00e4, mik\u00e4 tekee niist\u00e4 erottamattoman <a href=\"https:\/\/talkpal.ai\/locations\/learn-japanese-in-osan\/\">osan<\/a> arkip\u00e4iv\u00e4ist\u00e4 viestint\u00e4\u00e4 ja syvent\u00e4\u00e4 ymm\u00e4rryst\u00e4 Valkoven\u00e4j\u00e4n kielen rakenteista. <a href=\"https:\/\/talkpal.ai\/ko\/ai-%ec%96%b8%ec%96%b4-%ea%b5%90%ec%82%ac\/\">Talkpal<\/a> tarjoaa tehokkaan ja interaktiivisen alustan reflexiiviverbien harjoitteluun ja oppimiseen, mik\u00e4 auttaa opiskelijoita sis\u00e4ist\u00e4m\u00e4\u00e4n niiden k\u00e4yt\u00f6n k\u00e4yt\u00e4nn\u00f6ss\u00e4. T\u00e4ss\u00e4 artikkelissa k\u00e4ymme l\u00e4pi reflexiiviverbien merkityksen, muodostuksen, k\u00e4ytt\u00f6tilanteet sek\u00e4 t\u00e4rkeimm\u00e4t s\u00e4\u00e4nn\u00f6t Valkoven\u00e4j\u00e4n kieliopissa.<\/p>\n<h2>Refleksiiviverbit Valkoven\u00e4j\u00e4n kieless\u00e4: Mik\u00e4 ne ovat?<\/h2>\n<p>Refleksiiviverbit (valkoven\u00e4j\u00e4ksi &#8221;\u0443\u0437\u0430\u0456\u043c\u0430\u0432\u043e\u043b\u044c\u043d\u044b\u044f \u0434\u0437\u0435\u044f\u0441\u043b\u043e\u0432\u044b&#8221;) ilmaisevat toiminnan, joka kohdistuu takaisin subjektin itseens\u00e4. Toisin sanoen, tekij\u00e4 ja vastaanottaja ovat <a href=\"https:\/\/talkpal.ai\/locations\/language-courses-in-sama\/\">sama<\/a> henkil\u00f6 <a href=\"https:\/\/talkpal.ai\/learn-thai\/\">tai<\/a> asia. T\u00e4m\u00e4 on yleinen ilmi\u00f6 monissa kieliss\u00e4, mutta Valkoven\u00e4j\u00e4n kieliopissa niill\u00e4 on erityinen rakenne ja k\u00e4ytt\u00f6.<\/p>\n<h3>Refleksiiviverbien tunnistaminen<\/h3>\n<ul>\n<li>Useimmat refleksiiviverbit p\u00e4\u00e4ttyv\u00e4t pronominilliseen suffiksiin <em>-\u0441\u044f<\/em> tai <em>-\u0441\u044c<\/em>.<\/li>\n<li>Esimerkiksi: <em>\u043c\u044b\u0446\u0446\u0430<\/em> (pest\u00e4 itsens\u00e4), <em>\u0430\u0434\u0447\u0443\u0432\u0430\u0446\u0446\u0430<\/em> (tuntea itsens\u00e4).<\/li>\n<li>N\u00e4m\u00e4 suffiksit ovat merkki siit\u00e4, ett\u00e4 verbi on refleksiivinen.<\/li>\n<\/ul>\n<h2>Refleksiiviverbien muodostus Valkoven\u00e4j\u00e4n kieless\u00e4<\/h2>\n<p>Refleksiiviverbit muodostetaan lis\u00e4\u00e4m\u00e4ll\u00e4 refleksiivip\u00e4\u00e4te <em>-\u0441\u044f<\/em> tai <em>-\u0441\u044c<\/em> verbin perusmuotoon. Valinta n\u00e4iden kahden v\u00e4lill\u00e4 riippuu verbin loppuvokaalista ja \u00e4\u00e4nteellisist\u00e4 s\u00e4\u00e4nn\u00f6ist\u00e4.<\/p>\n<h3>Refleksiivip\u00e4\u00e4tteet ja niiden k\u00e4ytt\u00f6<\/h3>\n<ul>\n<li><strong>-\u0441\u044f<\/strong>: K\u00e4ytet\u00e4\u00e4n, kun verbi p\u00e4\u00e4ttyy konsonanttiin tai pitk\u00e4\u00e4n vokaaliin.<\/li>\n<li><strong>-\u0441\u044c<\/strong>: K\u00e4ytet\u00e4\u00e4n, kun verbi p\u00e4\u00e4ttyy lyhyeen vokaaliin tai pehme\u00e4\u00e4n \u00e4\u00e4nteeseen, helpottamaan \u00e4\u00e4nt\u00e4mist\u00e4.<\/li>\n<\/ul>\n<h3>Esimerkkej\u00e4 refleksiiviverbien muodostuksesta<\/h3>\n<ul>\n<li><em>\u043f\u0430\u043c\u0430\u0433\u0430\u0446\u044c<\/em> (auttaa) \u2192 <em>\u043f\u0430\u043c\u0430\u0433\u0430\u0446\u0446\u0430<\/em> (auttaa itse\u00e4\u00e4n, pyrki\u00e4)<\/li>\n<li><em>\u043b\u044f\u0436\u0430\u0446\u044c<\/em> (maata) \u2192 <em>\u043b\u044f\u0436\u0430\u0446\u0446\u0430<\/em> (asettua maate)<\/li>\n<li><em>\u0447\u044b\u0442\u0430\u0446\u044c<\/em> (lukea) \u2192 <em>\u0447\u044b\u0442\u0430\u0446\u0446\u0430<\/em> (lukea itselleen, opiskella)<\/li>\n<\/ul>\n<h2>Refleksiiviverbien k\u00e4ytt\u00f6 ja merkitys Valkoven\u00e4j\u00e4n kieliopissa<\/h2>\n<p>Refleksiiviverbeill\u00e4 on useita k\u00e4ytt\u00f6tarkoituksia, jotka ovat olennaisia ymm\u00e4rt\u00e4\u00e4 kielen sujuvassa k\u00e4yt\u00f6ss\u00e4:<\/p>\n<h3>Toiminnan kohdistuminen itseens\u00e4<\/h3>\n<p>Useimmiten refleksiiviverbi ilmaisee, ett\u00e4 tekeminen kohdistuu takaisin tekij\u00e4\u00e4ns\u00e4:<\/p>\n<ul>\n<li><em>\u042f \u043c\u044b\u044e\u0441\u044f.<\/em> \u2013 Min\u00e4 peseydyn.<\/li>\n<li><em>\u0422\u044b \u0430\u0434\u0447\u0443\u0432\u0430\u0435\u0448\u0441\u044f \u0434\u043e\u0431\u0440\u0430.<\/em> \u2013 Sin\u00e4 tunnet itsesi hyv\u00e4ksi.<\/li>\n<\/ul>\n<h3>Passiivin ja refleksiivin yhdist\u00e4minen<\/h3>\n<p>Joissain tapauksissa refleksiiviverbeill\u00e4 voidaan ilmaista my\u00f6s passiivista toimintaa tai tilaa, jolloin subjektilla ei ole omaa aktiivista roolia:<\/p>\n<ul>\n<li><em>\u041a\u043d\u0456\u0433\u0430 \u0447\u044b\u0442\u0430\u0435\u0446\u0446\u0430 \u043b\u0451\u0433\u043a\u0430.<\/em> \u2013 Kirja luetaan helposti.<\/li>\n<li><em>\u0414\u0437\u0432\u0435\u0440\u044b \u0430\u0434\u0447\u044b\u043d\u044f\u044e\u0446\u0446\u0430.<\/em> \u2013 Ovet avautuvat.<\/li>\n<\/ul>\n<h3>Itseens\u00e4 kohdistuvan toiminnan korostaminen<\/h3>\n<p>Refleksiiviverbit voivat ilmaista my\u00f6s, ett\u00e4 toiminta tapahtuu itselleen tai omaan k\u00e4ytt\u00f6\u00f6n:<\/p>\n<ul>\n<li><em>\u042f \u0430\u043f\u0440\u0430\u043d\u0430\u044e\u0441\u044f.<\/em> \u2013 Puen itseni.<\/li>\n<li><em>\u0414\u0437\u0456\u0446\u044f \u0432\u0443\u0447\u044b\u0446\u044c \u0441\u044f\u0431\u0435.<\/em> \u2013 Lapsi opettaa itse\u00e4\u00e4n.<\/li>\n<\/ul>\n<h2>Refleksiiviverbien taivutus Valkoven\u00e4j\u00e4n kieless\u00e4<\/h2>\n<p>Vaikka refleksiiviverbit sis\u00e4lt\u00e4v\u00e4t refleksiivip\u00e4\u00e4tteen, niiden taivutus noudattaa samoja s\u00e4\u00e4nt\u00f6j\u00e4 kuin muiden verbien. T\u00e4rke\u00e4\u00e4 on kuitenkin huomioida, ett\u00e4 refleksiivip\u00e4\u00e4te pysyy verbin lopussa taivutuksen kaikissa muodoissa.<\/p>\n<h3>Perustaivutus ja refleksiivip\u00e4\u00e4te<\/h3>\n<ul>\n<li>Persoonamuodoissa refleksiivip\u00e4\u00e4te <em>-\u0441\u044f<\/em> tai <em>-\u0441\u044c<\/em> s\u00e4ilyy: <em>\u044f \u043c\u044b\u044e\u0441\u044f, \u0442\u044b \u043c\u044b\u0435\u0449\u0441\u044f, \u0451\u043d \u043c\u044b\u0435\u0446\u0446\u0430<\/em>.<\/li>\n<li>Verbien aikamuodoissa ja k\u00e4skymuodossa refleksiivip\u00e4\u00e4te s\u00e4ilyy samoin.<\/li>\n<\/ul>\n<h3>Esimerkki refleksiiviverbin taivutuksesta: <em>\u043c\u044b\u0446\u0446\u0430<\/em> (peseyty\u00e4)<\/h3>\n<table border=\"1\" cellpadding=\"5\" cellspacing=\"0\">\n<thead>\n<tr>\n<th>Persoona<\/th>\n<th>Preesens<\/th>\n<\/tr>\n<\/thead>\n<tbody>\n<tr>\n<td>\u042f<\/td>\n<td>\u043c\u044b\u044e\u0441\u044f<\/td>\n<\/tr>\n<tr>\n<td>\u0422\u044b<\/td>\n<td>\u043c\u044b\u0435\u0448\u0441\u044f<\/td>\n<\/tr>\n<tr>\n<td>\u0401\u043d\/\u042f\u043d\u0430<\/td>\n<td>\u043c\u044b\u0435\u0446\u0446\u0430<\/td>\n<\/tr>\n<tr>\n<td>\u041c\u044b<\/td>\n<td>\u043c\u044b\u0435\u043c\u0441\u044f<\/td>\n<\/tr>\n<tr>\n<td>\u0412\u044b<\/td>\n<td>\u043c\u044b\u0435\u0442\u0435\u0441\u044c<\/td>\n<\/tr>\n<tr>\n<td>\u042f\u043d\u044b<\/td>\n<td>\u043c\u044b\u044e\u0446\u0446\u0430<\/td>\n<\/tr>\n<\/tbody>\n<\/table>\n<h2>Refleksiiviverbien yleisimm\u00e4t k\u00e4ytt\u00f6tarkoitukset ja esimerkkiverbit<\/h2>\n<p>Refleksiiviverbej\u00e4 k\u00e4ytet\u00e4\u00e4n monissa eri merkityksiss\u00e4. Alla on listattuna yleisimpi\u00e4 k\u00e4ytt\u00f6tarkoituksia sek\u00e4 esimerkkej\u00e4:<\/p>\n<ul>\n<li><strong>Henkil\u00f6kohtaiset toiminnot<\/strong>: <em>\u043c\u044b\u0446\u0446\u0430<\/em> (peseyty\u00e4), <em>\u0430\u043f\u0440\u0430\u043d\u0430\u0446\u0446\u0430<\/em> (pukeutua), <em>\u043f\u0430\u0441\u044f\u0434\u0437\u0435\u0446\u044c<\/em> (istua itselleen).<\/li>\n<li><strong>Tunteiden ja tilojen kuvaaminen<\/strong>: <em>\u0430\u0434\u0447\u0443\u0432\u0430\u0446\u0446\u0430<\/em> (tuntea itsens\u00e4), <em>\u0441\u043f\u0430\u043a\u043e\u0439\u0432\u0430\u0446\u0446\u0430<\/em> (rauhoittua), <em>\u0445\u0432\u0430\u043b\u044f\u0432\u0430\u0446\u0446\u0430<\/em> (olla huolissaan).<\/li>\n<li><strong>Passiivin ilmaiseminen<\/strong>: <em>\u0447\u044b\u0442\u0430\u0446\u0446\u0430<\/em> (luetaan), <em>\u043f\u0456\u0448\u0443\u0446\u0446\u0430<\/em> (kirjoitetaan), <em>\u0431\u0443\u0434\u0443\u0446\u0446\u0430<\/em> (rakennetaan).<\/li>\n<li><strong>Itsens\u00e4 opettaminen tai harjoittaminen<\/strong>: <em>\u0432\u0443\u0447\u044b\u0446\u044c \u0441\u044f\u0431\u0435<\/em> (opettaa itse\u00e4\u00e4n), <em>\u043f\u0440\u0430\u043a\u0442\u044b\u043a\u0430\u0432\u0430\u0446\u0446\u0430<\/em> (harjoitella).<\/li>\n<\/ul>\n<h2>Refleksiiviverbien oppiminen Talkpalin avulla<\/h2>\n<p>Talkpal on erinomainen ty\u00f6kalu Valkoven\u00e4j\u00e4n reflexiiviverbien oppimiseen. Sen interaktiivinen oppimisymp\u00e4rist\u00f6 tarjoaa:<\/p>\n<ul>\n<li>Monipuolisia harjoituksia, joissa refleksiiviverbit esiintyv\u00e4t luonnollisessa kontekstissa.<\/li>\n<li>\u00c4\u00e4niteht\u00e4vi\u00e4, jotka parantavat \u00e4\u00e4nt\u00e4mist\u00e4 ja kuullunymm\u00e4rt\u00e4mist\u00e4.<\/li>\n<li>Personoituja oppimispolkuja, jotka mukautuvat opiskelijan taitotasoon.<\/li>\n<li>Mahdollisuuden harjoitella verbien taivutusta ja k\u00e4ytt\u00f6\u00e4 reaaliaikaisessa keskustelussa.<\/li>\n<\/ul>\n<h2>Yhteenveto<\/h2>\n<p>Refleksiiviverbit ovat olennainen osa Valkoven\u00e4j\u00e4n kielioppia, ja niiden ymm\u00e4rt\u00e4minen avaa oven syvemp\u00e4\u00e4n kielen hallintaan. Ne ilmaisevat toiminnan kohdistumisen tekij\u00e4\u00e4ns\u00e4 ja voivat toimia sek\u00e4 refleksiivin\u00e4 ett\u00e4 passiivina. Refleksiivip\u00e4\u00e4tteen <em>-\u0441\u044f\/-\u0441\u044c<\/em> lis\u00e4\u00e4minen verbin perusmuotoon on keskeinen muodostusperiaate, ja verbien taivutus noudattaa normaaleja s\u00e4\u00e4nt\u00f6j\u00e4, s\u00e4ilytt\u00e4en refleksiivip\u00e4\u00e4tteen kaikissa muodoissa. Talkpal tarjoaa tehokkaan ja k\u00e4yt\u00e4nn\u00f6nl\u00e4heisen tavan oppia ja harjoitella n\u00e4it\u00e4 verbej\u00e4, mik\u00e4 tekee oppimisesta sujuvaa ja mielek\u00e4st\u00e4. Oman Valkoven\u00e4j\u00e4n kielitaidon kehitt\u00e4miseksi on suositeltavaa k\u00e4ytt\u00e4\u00e4 monipuolisesti erilaisia harjoituksia ja hy\u00f6dynt\u00e4\u00e4 nykyaikaisia oppimisalustoja, kuten Talkpalia.<\/p>\n","protected":false},"featured_media":1527767,"template":"","language":[9074,9089],"class_list":["post-1107425","grammar","type-grammar","status-publish","has-post-thumbnail","hentry","language-valko-venajan","language-verbit-valkovenajan-kielioppi"],"acf":[],"yoast_head":"<!-- This site is optimized with the Yoast SEO Premium plugin v27.2 (Yoast SEO v27.2) - https:\/\/yoast.com\/product\/yoast-seo-premium-wordpress\/ -->\n<title>Reflexive Verbit Valkoven\u00e4j\u00e4n kielioppissa - Talkpal<\/title>\n<meta name=\"description\" content=\"Refleksiiviverbit ovat keskeinen osa Valkoven\u00e4j\u00e4n kielioppia, ja niiden hallinta on t\u00e4rke\u00e4\u00e4, kun opiskelee t\u00e4t\u00e4 it\u00e4slavistista kielt\u00e4. N\u00e4m\u00e4 verbit\" \/>\n<meta name=\"robots\" content=\"index, follow, max-snippet:-1, max-image-preview:large, max-video-preview:-1\" \/>\n<link rel=\"canonical\" href=\"https:\/\/talkpal.ai\/fi\/grammar\/reflexive-verbit-valkovenajan-kielioppissa\/\" \/>\n<meta property=\"og:locale\" content=\"fi_FI\" \/>\n<meta property=\"og:type\" content=\"article\" \/>\n<meta property=\"og:title\" content=\"Reflexive Verbit Valkoven\u00e4j\u00e4n kielioppissa\" \/>\n<meta property=\"og:description\" content=\"Refleksiiviverbit ovat keskeinen osa Valkoven\u00e4j\u00e4n kielioppia, ja niiden hallinta on t\u00e4rke\u00e4\u00e4, kun opiskelee t\u00e4t\u00e4 it\u00e4slavistista kielt\u00e4. N\u00e4m\u00e4 verbit\" \/>\n<meta property=\"og:url\" content=\"https:\/\/talkpal.ai\/fi\/grammar\/reflexive-verbit-valkovenajan-kielioppissa\/\" \/>\n<meta property=\"og:site_name\" content=\"Talkpal\" \/>\n<meta property=\"article:publisher\" content=\"https:\/\/www.facebook.com\/profile.php?id=100090733639311\" \/>\n<meta property=\"og:image\" content=\"https:\/\/talkpal.ai\/wp-content\/uploads\/2025\/02\/Progress-tab-16_9.png\" \/>\n\t<meta property=\"og:image:width\" content=\"2880\" \/>\n\t<meta property=\"og:image:height\" content=\"1620\" \/>\n\t<meta property=\"og:image:type\" content=\"image\/png\" \/>\n<meta name=\"twitter:card\" content=\"summary_large_image\" \/>\n<meta name=\"twitter:site\" content=\"@talkpalai\" \/>\n<meta name=\"twitter:label1\" content=\"Arvioitu lukuaika\" \/>\n\t<meta name=\"twitter:data1\" content=\"3 minuuttia\" \/>\n<script type=\"application\/ld+json\" class=\"yoast-schema-graph\">{\"@context\":\"https:\/\/schema.org\",\"@graph\":[{\"@type\":\"WebPage\",\"@id\":\"https:\/\/talkpal.ai\/fi\/grammar\/reflexive-verbit-valkovenajan-kielioppissa\/\",\"url\":\"https:\/\/talkpal.ai\/fi\/grammar\/reflexive-verbit-valkovenajan-kielioppissa\/\",\"name\":\"Reflexive Verbit Valkoven\u00e4j\u00e4n kielioppissa - Talkpal\",\"isPartOf\":{\"@id\":\"https:\/\/talkpal.ai\/fi\/#website\"},\"primaryImageOfPage\":{\"@id\":\"https:\/\/talkpal.ai\/fi\/grammar\/reflexive-verbit-valkovenajan-kielioppissa\/#primaryimage\"},\"image\":{\"@id\":\"https:\/\/talkpal.ai\/fi\/grammar\/reflexive-verbit-valkovenajan-kielioppissa\/#primaryimage\"},\"thumbnailUrl\":\"https:\/\/talkpal.ai\/wp-content\/uploads\/2025\/12\/man-is-learning-languages-at-home-desk.webp\",\"datePublished\":\"2025-07-03T16:32:14+00:00\",\"description\":\"Refleksiiviverbit ovat keskeinen osa Valkoven\u00e4j\u00e4n kielioppia, ja niiden hallinta on t\u00e4rke\u00e4\u00e4, kun opiskelee t\u00e4t\u00e4 it\u00e4slavistista kielt\u00e4. N\u00e4m\u00e4 verbit\",\"breadcrumb\":{\"@id\":\"https:\/\/talkpal.ai\/fi\/grammar\/reflexive-verbit-valkovenajan-kielioppissa\/#breadcrumb\"},\"inLanguage\":\"fi\",\"potentialAction\":[{\"@type\":\"ReadAction\",\"target\":[\"https:\/\/talkpal.ai\/fi\/grammar\/reflexive-verbit-valkovenajan-kielioppissa\/\"]}]},{\"@type\":\"ImageObject\",\"inLanguage\":\"fi\",\"@id\":\"https:\/\/talkpal.ai\/fi\/grammar\/reflexive-verbit-valkovenajan-kielioppissa\/#primaryimage\",\"url\":\"https:\/\/talkpal.ai\/wp-content\/uploads\/2025\/12\/man-is-learning-languages-at-home-desk.webp\",\"contentUrl\":\"https:\/\/talkpal.ai\/wp-content\/uploads\/2025\/12\/man-is-learning-languages-at-home-desk.webp\",\"width\":1200,\"height\":896,\"caption\":\"A man with short dreads sits at a warm home desk and takes notes while learning languages.\"},{\"@type\":\"BreadcrumbList\",\"@id\":\"https:\/\/talkpal.ai\/fi\/grammar\/reflexive-verbit-valkovenajan-kielioppissa\/#breadcrumb\",\"itemListElement\":[{\"@type\":\"ListItem\",\"position\":1,\"name\":\"Homepage\",\"item\":\"https:\/\/talkpal.ai\/fi\/\"},{\"@type\":\"ListItem\",\"position\":2,\"name\":\"Reflexive Verbit Valkoven\u00e4j\u00e4n kielioppissa\"}]},{\"@type\":\"WebSite\",\"@id\":\"https:\/\/talkpal.ai\/fi\/#website\",\"url\":\"https:\/\/talkpal.ai\/fi\/\",\"name\":\"Talkpal\",\"description\":\"AI Language Learning\",\"publisher\":{\"@id\":\"https:\/\/talkpal.ai\/fi\/#organization\"},\"alternateName\":\"Talkpal AI\",\"potentialAction\":[{\"@type\":\"SearchAction\",\"target\":{\"@type\":\"EntryPoint\",\"urlTemplate\":\"https:\/\/talkpal.ai\/fi\/?s={search_term_string}\"},\"query-input\":{\"@type\":\"PropertyValueSpecification\",\"valueRequired\":true,\"valueName\":\"search_term_string\"}}],\"inLanguage\":\"fi\"},{\"@type\":\"Organization\",\"@id\":\"https:\/\/talkpal.ai\/fi\/#organization\",\"name\":\"Talkpal, Inc.\",\"alternateName\":\"Talkpal AI\",\"url\":\"https:\/\/talkpal.ai\/fi\/\",\"logo\":{\"@type\":\"ImageObject\",\"inLanguage\":\"fi\",\"@id\":\"https:\/\/talkpal.ai\/fi\/#\/schema\/logo\/image\/\",\"url\":\"https:\/\/talkpal.ai\/wp-content\/uploads\/2024\/03\/Talkpal-Logo-Icon.png\",\"contentUrl\":\"https:\/\/talkpal.ai\/wp-content\/uploads\/2024\/03\/Talkpal-Logo-Icon.png\",\"width\":2880,\"height\":2880,\"caption\":\"Talkpal, Inc.\"},\"image\":{\"@id\":\"https:\/\/talkpal.ai\/fi\/#\/schema\/logo\/image\/\"},\"sameAs\":[\"https:\/\/www.facebook.com\/profile.php?id=100090733639311\",\"https:\/\/x.com\/talkpalai\",\"https:\/\/www.linkedin.com\/company\/talkpal\/\",\"https:\/\/www.youtube.com\/@TalkPal\/\",\"https:\/\/www.tiktok.com\/@talkpal\",\"https:\/\/www.instagram.com\/talkpal_ai\/\",\"https:\/\/www.crunchbase.com\/organization\/talkpal-9cde\",\"https:\/\/www.g2.com\/products\/talkpal-for-business\/\",\"https:\/\/www.trustpilot.com\/review\/talkpal.ai\",\"https:\/\/www.capterra.com\/p\/10006800\/TalkPal\/\"],\"description\":\"Talkpal is a language learning web and mobile education app, powered by the latest AI technologies, that provides engaging experiences to its customers in many different languages to help them improve their language skills. Users can chat about unlimited amount of topics with the app and use other modes to practice their language learning.\",\"email\":\"support@talkpal.ai\",\"legalName\":\"Talkpal, Inc.\",\"foundingDate\":\"2023-04-03\",\"duns\":\"118989042\",\"numberOfEmployees\":{\"@type\":\"QuantitativeValue\",\"minValue\":\"11\",\"maxValue\":\"50\"},\"publishingPrinciples\":\"https:\/\/talkpal.ai\/publishing-principles\/\",\"actionableFeedbackPolicy\":\"https:\/\/talkpal.ai\/actionable-feedback-policy\/\",\"correctionsPolicy\":\"https:\/\/talkpal.ai\/corrections-policy\/\",\"ethicsPolicy\":\"https:\/\/talkpal.ai\/ethics-policy\/\",\"diversityPolicy\":\"https:\/\/talkpal.ai\/diversity-policy\/\",\"diversityStaffingReport\":\"https:\/\/talkpal.ai\/diversity-policy\/\"}]}<\/script>\n<!-- \/ Yoast SEO Premium plugin. -->","yoast_head_json":{"title":"Reflexive Verbit Valkoven\u00e4j\u00e4n kielioppissa - Talkpal","description":"Refleksiiviverbit ovat keskeinen osa Valkoven\u00e4j\u00e4n kielioppia, ja niiden hallinta on t\u00e4rke\u00e4\u00e4, kun opiskelee t\u00e4t\u00e4 it\u00e4slavistista kielt\u00e4. N\u00e4m\u00e4 verbit","robots":{"index":"index","follow":"follow","max-snippet":"max-snippet:-1","max-image-preview":"max-image-preview:large","max-video-preview":"max-video-preview:-1"},"canonical":"https:\/\/talkpal.ai\/fi\/grammar\/reflexive-verbit-valkovenajan-kielioppissa\/","og_locale":"fi_FI","og_type":"article","og_title":"Reflexive Verbit Valkoven\u00e4j\u00e4n kielioppissa","og_description":"Refleksiiviverbit ovat keskeinen osa Valkoven\u00e4j\u00e4n kielioppia, ja niiden hallinta on t\u00e4rke\u00e4\u00e4, kun opiskelee t\u00e4t\u00e4 it\u00e4slavistista kielt\u00e4. N\u00e4m\u00e4 verbit","og_url":"https:\/\/talkpal.ai\/fi\/grammar\/reflexive-verbit-valkovenajan-kielioppissa\/","og_site_name":"Talkpal","article_publisher":"https:\/\/www.facebook.com\/profile.php?id=100090733639311","og_image":[{"width":2880,"height":1620,"url":"https:\/\/talkpal.ai\/wp-content\/uploads\/2025\/02\/Progress-tab-16_9.png","type":"image\/png"}],"twitter_card":"summary_large_image","twitter_site":"@talkpalai","twitter_misc":{"Arvioitu lukuaika":"3 minuuttia"},"schema":{"@context":"https:\/\/schema.org","@graph":[{"@type":"WebPage","@id":"https:\/\/talkpal.ai\/fi\/grammar\/reflexive-verbit-valkovenajan-kielioppissa\/","url":"https:\/\/talkpal.ai\/fi\/grammar\/reflexive-verbit-valkovenajan-kielioppissa\/","name":"Reflexive Verbit Valkoven\u00e4j\u00e4n kielioppissa - Talkpal","isPartOf":{"@id":"https:\/\/talkpal.ai\/fi\/#website"},"primaryImageOfPage":{"@id":"https:\/\/talkpal.ai\/fi\/grammar\/reflexive-verbit-valkovenajan-kielioppissa\/#primaryimage"},"image":{"@id":"https:\/\/talkpal.ai\/fi\/grammar\/reflexive-verbit-valkovenajan-kielioppissa\/#primaryimage"},"thumbnailUrl":"https:\/\/talkpal.ai\/wp-content\/uploads\/2025\/12\/man-is-learning-languages-at-home-desk.webp","datePublished":"2025-07-03T16:32:14+00:00","description":"Refleksiiviverbit ovat keskeinen osa Valkoven\u00e4j\u00e4n kielioppia, ja niiden hallinta on t\u00e4rke\u00e4\u00e4, kun opiskelee t\u00e4t\u00e4 it\u00e4slavistista kielt\u00e4. N\u00e4m\u00e4 verbit","breadcrumb":{"@id":"https:\/\/talkpal.ai\/fi\/grammar\/reflexive-verbit-valkovenajan-kielioppissa\/#breadcrumb"},"inLanguage":"fi","potentialAction":[{"@type":"ReadAction","target":["https:\/\/talkpal.ai\/fi\/grammar\/reflexive-verbit-valkovenajan-kielioppissa\/"]}]},{"@type":"ImageObject","inLanguage":"fi","@id":"https:\/\/talkpal.ai\/fi\/grammar\/reflexive-verbit-valkovenajan-kielioppissa\/#primaryimage","url":"https:\/\/talkpal.ai\/wp-content\/uploads\/2025\/12\/man-is-learning-languages-at-home-desk.webp","contentUrl":"https:\/\/talkpal.ai\/wp-content\/uploads\/2025\/12\/man-is-learning-languages-at-home-desk.webp","width":1200,"height":896,"caption":"A man with short dreads sits at a warm home desk and takes notes while learning languages."},{"@type":"BreadcrumbList","@id":"https:\/\/talkpal.ai\/fi\/grammar\/reflexive-verbit-valkovenajan-kielioppissa\/#breadcrumb","itemListElement":[{"@type":"ListItem","position":1,"name":"Homepage","item":"https:\/\/talkpal.ai\/fi\/"},{"@type":"ListItem","position":2,"name":"Reflexive Verbit Valkoven\u00e4j\u00e4n kielioppissa"}]},{"@type":"WebSite","@id":"https:\/\/talkpal.ai\/fi\/#website","url":"https:\/\/talkpal.ai\/fi\/","name":"Talkpal","description":"AI Language Learning","publisher":{"@id":"https:\/\/talkpal.ai\/fi\/#organization"},"alternateName":"Talkpal AI","potentialAction":[{"@type":"SearchAction","target":{"@type":"EntryPoint","urlTemplate":"https:\/\/talkpal.ai\/fi\/?s={search_term_string}"},"query-input":{"@type":"PropertyValueSpecification","valueRequired":true,"valueName":"search_term_string"}}],"inLanguage":"fi"},{"@type":"Organization","@id":"https:\/\/talkpal.ai\/fi\/#organization","name":"Talkpal, Inc.","alternateName":"Talkpal AI","url":"https:\/\/talkpal.ai\/fi\/","logo":{"@type":"ImageObject","inLanguage":"fi","@id":"https:\/\/talkpal.ai\/fi\/#\/schema\/logo\/image\/","url":"https:\/\/talkpal.ai\/wp-content\/uploads\/2024\/03\/Talkpal-Logo-Icon.png","contentUrl":"https:\/\/talkpal.ai\/wp-content\/uploads\/2024\/03\/Talkpal-Logo-Icon.png","width":2880,"height":2880,"caption":"Talkpal, Inc."},"image":{"@id":"https:\/\/talkpal.ai\/fi\/#\/schema\/logo\/image\/"},"sameAs":["https:\/\/www.facebook.com\/profile.php?id=100090733639311","https:\/\/x.com\/talkpalai","https:\/\/www.linkedin.com\/company\/talkpal\/","https:\/\/www.youtube.com\/@TalkPal\/","https:\/\/www.tiktok.com\/@talkpal","https:\/\/www.instagram.com\/talkpal_ai\/","https:\/\/www.crunchbase.com\/organization\/talkpal-9cde","https:\/\/www.g2.com\/products\/talkpal-for-business\/","https:\/\/www.trustpilot.com\/review\/talkpal.ai","https:\/\/www.capterra.com\/p\/10006800\/TalkPal\/"],"description":"Talkpal is a language learning web and mobile education app, powered by the latest AI technologies, that provides engaging experiences to its customers in many different languages to help them improve their language skills. Users can chat about unlimited amount of topics with the app and use other modes to practice their language learning.","email":"support@talkpal.ai","legalName":"Talkpal, Inc.","foundingDate":"2023-04-03","duns":"118989042","numberOfEmployees":{"@type":"QuantitativeValue","minValue":"11","maxValue":"50"},"publishingPrinciples":"https:\/\/talkpal.ai\/publishing-principles\/","actionableFeedbackPolicy":"https:\/\/talkpal.ai\/actionable-feedback-policy\/","correctionsPolicy":"https:\/\/talkpal.ai\/corrections-policy\/","ethicsPolicy":"https:\/\/talkpal.ai\/ethics-policy\/","diversityPolicy":"https:\/\/talkpal.ai\/diversity-policy\/","diversityStaffingReport":"https:\/\/talkpal.ai\/diversity-policy\/"}]}},"_links":{"self":[{"href":"https:\/\/talkpal.ai\/fi\/wp-json\/wp\/v2\/grammar\/1107425","targetHints":{"allow":["GET"]}}],"collection":[{"href":"https:\/\/talkpal.ai\/fi\/wp-json\/wp\/v2\/grammar"}],"about":[{"href":"https:\/\/talkpal.ai\/fi\/wp-json\/wp\/v2\/types\/grammar"}],"wp:featuredmedia":[{"embeddable":true,"href":"https:\/\/talkpal.ai\/fi\/wp-json\/wp\/v2\/media\/1527767"}],"wp:attachment":[{"href":"https:\/\/talkpal.ai\/fi\/wp-json\/wp\/v2\/media?parent=1107425"}],"wp:term":[{"taxonomy":"language","embeddable":true,"href":"https:\/\/talkpal.ai\/fi\/wp-json\/wp\/v2\/language?post=1107425"}],"curies":[{"name":"wp","href":"https:\/\/api.w.org\/{rel}","templated":true}]}}