{"id":1076353,"date":"2025-07-01T17:57:17","date_gmt":"2025-07-01T17:57:17","guid":{"rendered":"https:\/\/talkpal.ai\/grammar\/pronoms-reflexifs-ranskan-kielioppi\/"},"modified":"2025-07-01T17:57:17","modified_gmt":"2025-07-01T17:57:17","slug":"pronoms-reflexifs-ranskan-kielioppi","status":"publish","type":"grammar","link":"https:\/\/talkpal.ai\/fi\/grammar\/pronoms-reflexifs-ranskan-kielioppi\/","title":{"rendered":"Pronoms r\u00e9flexifs ranskan kielioppi"},"content":{"rendered":"<p><a href=\"https:\/\/talkpal.ai\/fi\/grammar\/esiintyy-ranskan-kielioppissa\/\">Ranskan kielioppi<\/a> voi aluksi tuntua monimutkaiselta, mutta hallitsemalla keskeiset rakenteet opiskelu helpottuu huomattavasti. Yksi t\u00e4rkeimmist\u00e4 osa-alueista on refleksiivipronominit eli &#8221;<a href=\"https:\/\/talkpal.ai\/ar\/grammar_exercises\/pronoms-reflexifs-%d8%aa%d9%85%d8%a7%d8%b1%d9%8a%d9%86-%d9%84%d9%84%d9%82%d9%88%d8%a7%d8%b9%d8%af-%d8%a7%d9%84%d9%81%d8%b1%d9%86%d8%b3%d9%8a%d8%a9\/\">pronoms r\u00e9flexifs<\/a>&#8221;, jotka esiintyv\u00e4t usein sek\u00e4 puhutussa ett\u00e4 kirjoitetussa ranskassa. Refleksiivipronominit ovat olennaisia, kun halutaan ilmaista, ett\u00e4 tekeminen kohdistuu tekij\u00e4\u00e4n itseens\u00e4. T\u00e4m\u00e4 artikkeli perehtyy perusteellisesti ranskan refleksiivipronomineihin: niiden muotoihin, k\u00e4ytt\u00f6\u00f6n ja erityispiirteisiin. Mukana on esimerkkej\u00e4, vinkkej\u00e4 oppimiseen sek\u00e4 tyypillisi\u00e4 virheit\u00e4, jotka kannattaa v\u00e4ltt\u00e4\u00e4. Oppimisen tueksi mainittakoon my\u00f6s <a href=\"https:\/\/talkpal.ai\/ko\/ai-%ec%96%b8%ec%96%b4-%ea%b5%90%ec%82%ac\/\">Talkpal<\/a>, jonka avulla harjoittelu ja oikeiden rakenteiden omaksuminen k\u00e4y helposti ja tehokkaasti.<\/p>\n<h2>Mit\u00e4 ovat refleksiivipronominit (pronoms r\u00e9flexifs)?<\/h2>\n<p>Refleksiivipronominit ovat pronomineja, jotka viittaavat lauseen subjektiin, eli tekij\u00e4\u00e4n itseens\u00e4. Ne ovat olennainen osa monia verbej\u00e4 ranskan kieless\u00e4, erityisesti refleksiiviverbej\u00e4 (<a href=\"https:\/\/talkpal.ai\/ar\/grammar_exercises\/verbes-pronominaux-%d8%aa%d9%85%d8%a7%d8%b1%d9%8a%d9%86-%d9%84%d9%84%d9%82%d9%88%d8%a7%d8%b9%d8%af-%d8%a7%d9%84%d9%81%d8%b1%d9%86%d8%b3%d9%8a%d8%a9\/\">verbes pronominaux<\/a>), joissa toiminta kohdistuu takaisin subjektiin. T\u00e4m\u00e4 rakenne poikkeaa <a href=\"https:\/\/talkpal.ai\/learn-finnish\/\">suomen<\/a> kielest\u00e4, jossa vastaava ilmaisu voi usein j\u00e4\u00e4d\u00e4 pois <a href=\"https:\/\/talkpal.ai\/learn-thai\/\">tai<\/a> k\u00e4ytt\u00e4\u00e4 itse-pronominia.<\/p>\n<h3>Ranskan refleksiivipronominien taivutus<\/h3>\n<p>Refleksiivipronominit taipuvat persoonapronominien mukaisesti seuraavasti:<\/p>\n<ul>\n<li><strong>me<\/strong> \u2013 min\u00e4 itse (je)<\/li>\n<li><strong>te<\/strong> \u2013 sin\u00e4 itse (tu)<\/li>\n<li><strong>se<\/strong> \u2013 h\u00e4n itse (il\/elle\/on)<\/li>\n<li><strong>nous<\/strong> \u2013 me itse (nous)<\/li>\n<li><strong>vous<\/strong> \u2013 te itse\/teitittely (vous)<\/li>\n<li><strong>se<\/strong> \u2013 he itse (ils\/elles)<\/li>\n<\/ul>\n<p>Huomaa, ett\u00e4 &#8221;se&#8221; toimii sek\u00e4 yksik\u00f6n ett\u00e4 monikon kolmannessa persoonassa.<\/p>\n<h3>Refleksiiviverbit ranskassa<\/h3>\n<p>Ranskan refleksiivipronominit liittyv\u00e4t aina refleksiiviverbiin. T\u00e4ll\u00f6in verbin eteen liitet\u00e4\u00e4n kyseisen persoonan refleksiivipronomini. Esimerkiksi:<\/p>\n<ul>\n<li>Je <strong>me<\/strong> lave. \u2013 Min\u00e4 peseydyn.<\/li>\n<li>Tu <strong>te<\/strong> r\u00e9veilles. \u2013 Sin\u00e4 her\u00e4\u00e4t.<\/li>\n<li>Il <strong>se<\/strong> pr\u00e9pare. \u2013 H\u00e4n valmistautuu.<\/li>\n<li>Nous <strong>nous<\/strong> promenons. \u2013 Me k\u00e4velemme.<\/li>\n<li>Vous <strong>vous<\/strong> couchez. \u2013 Te menette nukkumaan.<\/li>\n<li>Elles <strong>se<\/strong> maquillent. \u2013 He meikkaavat.<\/li>\n<\/ul>\n<p>Refleksiiviverbit ilmaisevat usein p\u00e4ivitt\u00e4isi\u00e4 toimintoja, mutta niit\u00e4 k\u00e4ytet\u00e4\u00e4n my\u00f6s abstraktimmissa yhteyksiss\u00e4.<\/p>\n<h2>Refleksiivipronominien k\u00e4ytt\u00f6tilanteet<\/h2>\n<p>Refleksiivipronominien k\u00e4ytt\u00f6 on ranskan kieless\u00e4 laajaa ja kattaa erilaisia merkityksi\u00e4 sek\u00e4 rakenteita.<\/p>\n<h3>P\u00e4ivitt\u00e4iset toiminnot<\/h3>\n<p>Monet arkip\u00e4iv\u00e4iset verbit esiintyv\u00e4t refleksiivisin\u00e4, kun niiden tekeminen kohdistuu tekij\u00e4\u00e4n itseens\u00e4:<\/p>\n<ul>\n<li><strong>se lever<\/strong> \u2013 nousta yl\u00f6s<\/li>\n<li><strong>se laver<\/strong> \u2013 peseyty\u00e4<\/li>\n<li><strong>se brosser<\/strong> \u2013 harjata (esim. hampaat, hiukset)<\/li>\n<li><strong>se coucher<\/strong> \u2013 menn\u00e4 nukkumaan<\/li>\n<li><strong>se r\u00e9veiller<\/strong> \u2013 her\u00e4t\u00e4<\/li>\n<\/ul>\n<h3>Reciprookkiset verbit<\/h3>\n<p>Refleksiivipronomineja k\u00e4ytet\u00e4\u00e4n my\u00f6s osoittamaan vastavuoroista toimintaa, kun kaksi tai useampi henkil\u00f6 tekee jotakin toisilleen:<\/p>\n<ul>\n<li>Nous <strong>nous<\/strong> \u00e9crivons. \u2013 Kirjoitamme toisillemme.<\/li>\n<li>Ils <strong>se<\/strong> parlent. \u2013 He puhuvat toisilleen.<\/li>\n<li>Vous <strong>vous<\/strong> aidez. \u2013 Autatte toisianne.<\/li>\n<\/ul>\n<p>Vastavuoroisuus tunnistetaan usein yhteydest\u00e4.<\/p>\n<h3>Passiiviset ja refleksiiviset merkitykset<\/h3>\n<p>Refleksiivipronomineja voidaan k\u00e4ytt\u00e4\u00e4 my\u00f6s passiivisessa merkityksess\u00e4:<\/p>\n<ul>\n<li>Cela <strong>se<\/strong> dit facilement. \u2013 Se sanotaan helposti.<\/li>\n<li>\u00c7a <strong>se<\/strong> voit. \u2013 Se n\u00e4kyy (kirjaimellisesti: se n\u00e4hd\u00e4\u00e4n).<\/li>\n<\/ul>\n<p>T\u00e4ll\u00f6in tekij\u00e4 j\u00e4\u00e4 usein m\u00e4\u00e4rittelem\u00e4tt\u00e4 ja lause kuvaa toimintaa yleisell\u00e4 tasolla.<\/p>\n<h2>Refleksiivipronominien paikka lauseessa<\/h2>\n<p>Refleksiivipronominin paikka m\u00e4\u00e4r\u00e4ytyy verbin aikamuodon ja lauseen rakenteen mukaan.<\/p>\n<h3>Perusmuoto (pr\u00e9sent, futuuri jne.)<\/h3>\n<p>Refleksiivipronomini sijoittuu persoonapronominin ja verbin v\u00e4liin:<\/p>\n<ul>\n<li>Je <strong>me<\/strong> couche.<\/li>\n<li>Tu <strong>te<\/strong> laves.<\/li>\n<\/ul>\n<h3>Negatiivinen lause<\/h3>\n<p>Kieltolauseessa negaation osat (ne&#8230;pas) ymp\u00e4r\u00f6iv\u00e4t refleksiivipronominin ja verbin:<\/p>\n<ul>\n<li>Je <strong>ne me<\/strong> l\u00e8ve <strong>pas<\/strong>. \u2013 En nouse yl\u00f6s.<\/li>\n<li>Elles <strong>ne se<\/strong> parlent <strong>pas<\/strong>. \u2013 He eiv\u00e4t puhu toisilleen.<\/li>\n<\/ul>\n<h3>Verbien infinitiivimuodossa<\/h3>\n<p>Kun refleksiiviverbi esiintyy infinitiiviss\u00e4, refleksiivipronomini taipuu subjektin mukaan ja sijoittuu verbin eteen:<\/p>\n<ul>\n<li>Je vais <strong>me<\/strong> coucher. \u2013 Aion menn\u00e4 nukkumaan.<\/li>\n<li>Tu dois <strong>te<\/strong> pr\u00e9parer. \u2013 Sinun t\u00e4ytyy valmistautua.<\/li>\n<\/ul>\n<h2>Refleksiivipronominien taivutus eri aikamuodoissa<\/h2>\n<p>Refleksiiviverbit taipuvat kaikissa ranskan aikamuodoissa, mutta erityisesti pass\u00e9 compos\u00e9ssa niiden k\u00e4ytt\u00f6 vaatii huomiota.<\/p>\n<h3>Pass\u00e9 compos\u00e9 ja refleksiiviverbit<\/h3>\n<p>Pass\u00e9 compos\u00e9ssa refleksiiviverbit muodostetaan aina apuverbin <strong>\u00eatre<\/strong> kanssa. Refleksiivipronomini sijoittuu apuverbin ja p\u00e4\u00e4verbin v\u00e4liin:<\/p>\n<ul>\n<li>Je <strong>me suis<\/strong> r\u00e9veill\u00e9(e). \u2013 Her\u00e4sin.<\/li>\n<li>Nous <strong>nous sommes<\/strong> lav\u00e9s. \u2013 Peseydyimme.<\/li>\n<\/ul>\n<p>Muista, ett\u00e4 refleksiiviverbien partisiippi kongruoi subjektin kanssa:<\/p>\n<ul>\n<li>Elle <strong>s\u2019est r\u00e9veill\u00e9e<\/strong>. (feminiini)<\/li>\n<li>Ils <strong>se sont lev\u00e9s<\/strong>. (maskuliini monikko)<\/li>\n<\/ul>\n<p>Kongruenssi j\u00e4tet\u00e4\u00e4n kuitenkin usein pois, jos verbin per\u00e4ss\u00e4 on suora objekti.<\/p>\n<h2>Yleisi\u00e4 virheit\u00e4 refleksiivipronominien k\u00e4yt\u00f6ss\u00e4<\/h2>\n<p>Ranskan <a href=\"https:\/\/talkpal.ai\/talkpal-discount-for-students\/\">opiskelijat<\/a> tekev\u00e4t usein samankaltaisia virheit\u00e4 refleksiivipronominien kanssa. T\u00e4ss\u00e4 muutamia tyypillisimpi\u00e4:<\/p>\n<ul>\n<li>Refleksiivipronominin unohtaminen refleksiiviverbin yhteydess\u00e4.<\/li>\n<li>Refleksiivipronominin v\u00e4\u00e4r\u00e4 taivutus (esim. &#8221;je se lave&#8221; \u2013 oikea muoto: &#8221;je me lave&#8221;).<\/li>\n<li>Refleksiivipronominin v\u00e4\u00e4r\u00e4 paikka lauseessa, erityisesti kieltolauseissa ja pass\u00e9 compos\u00e9ssa.<\/li>\n<li>Refleksiiviverbin k\u00e4ytt\u00e4minen tilanteissa, joissa suomeksi k\u00e4ytet\u00e4\u00e4n &#8221;itse&#8221;-sanaa, mutta ranskaksi ei k\u00e4ytet\u00e4 refleksiivimuotoa, tai p\u00e4invastoin.<\/li>\n<\/ul>\n<h2>Vinkkej\u00e4 refleksiivipronominien oppimiseen<\/h2>\n<p>Refleksiivipronominien hallinta vaatii harjoittelua. Alla tehokkaita keinoja:<\/p>\n<ul>\n<li>Opettele refleksiiviverbit ja niiden yhteydess\u00e4 k\u00e4ytett\u00e4v\u00e4t pronominit yhdess\u00e4.<\/li>\n<li>Kirjoita esimerkkilauseita eri aikamuodoissa.<\/li>\n<li>Kuuntele ranskankielisi\u00e4 dialogeja ja kiinnit\u00e4 huomiota refleksiiviverbien k\u00e4ytt\u00f6\u00f6n.<\/li>\n<li>Harjoittele lauseiden muodostamista k\u00e4ytt\u00e4m\u00e4ll\u00e4 digitaalisia oppimisalustoja, kuten Talkpal.<\/li>\n<li>Toista \u00e4\u00e4neen refleksiiviverbej\u00e4 ja pronomineja oikeassa j\u00e4rjestyksess\u00e4.<\/li>\n<li>Testaa itse\u00e4si teht\u00e4vill\u00e4 ja harjoituksilla, joissa t\u00e4ydenn\u00e4t refleksiivipronominit oikeisiin kohtiin.<\/li>\n<\/ul>\n<h2>Refleksiivipronominit ja pronominien yhdistelm\u00e4t<\/h2>\n<p>Ranskassa voi esiinty\u00e4 lauseita, joissa refleksiivipronomini yhdistyy muihin pronomineihin, kuten objektipronomineihin. T\u00e4ll\u00f6in pronominien j\u00e4rjestys on t\u00e4rke\u00e4:<\/p>\n<ul>\n<li>Je <strong>me le<\/strong> demande. \u2013 Kysyn sit\u00e4 itselt\u00e4ni.<\/li>\n<li>Nous <strong>nous les<\/strong> envoyons. \u2013 L\u00e4het\u00e4mme ne itsellemme.<\/li>\n<\/ul>\n<p>Tarkka j\u00e4rjestys: me\/te\/se\/nous\/vous\/se + le\/la\/les + lui\/leur + verb.<\/p>\n<h2>Yhteenveto: refleksiivipronominit ranskan kieless\u00e4<\/h2>\n<p>Refleksiivipronominit ovat kiinte\u00e4 osa ranskan kielioppia ja niiden hallinta syvent\u00e4\u00e4 ymm\u00e4rryst\u00e4 sek\u00e4 suullisesta ett\u00e4 kirjallisesta kielest\u00e4. Ne auttavat ilmaisemaan sek\u00e4 henkil\u00f6kohtaisia ett\u00e4 vastavuoroisia toimintoja, ja ovat v\u00e4ltt\u00e4m\u00e4tt\u00f6mi\u00e4 sujuvan kommunikoinnin kannalta. Refleksiivipronominien oikea k\u00e4ytt\u00f6 vaatii harjoittelua, mutta esimerkiksi Talkpal tarjoaa erinomaisia mahdollisuuksia niiden oppimiseen k\u00e4yt\u00e4nn\u00f6ss\u00e4. Muista harjoitella refleksiivipronominien taivutusta, k\u00e4ytt\u00f6\u00e4 eri aikamuodoissa ja kiinnitt\u00e4\u00e4 huomiota niiden paikkaan lauseessa. N\u00e4in v\u00e4lt\u00e4t tyypillisimm\u00e4t virheet ja voit kommunikoida ranskaksi entist\u00e4 sujuvammin!<\/p>\n<h2>Usein kysytyt kysymykset refleksiivipronomineista<\/h2>\n<h3>Miten tunnistan refleksiiviverbin ranskassa?<\/h3>\n<p>Refleksiiviverbin tunnistaa siit\u00e4, ett\u00e4 sen edess\u00e4 on refleksiivipronomini (me, te, se, nous, vous, se). Sanakirjoissa refleksiiviverbit merkit\u00e4\u00e4n usein &#8221;se&#8221;-etuliitteell\u00e4 (esim. se laver).<\/p>\n<h3>Onko kaikilla verbeill\u00e4 refleksiivimuoto?<\/h3>\n<p>Kaikilla verbeill\u00e4 ei ole refleksiivimuotoa, mutta monilla tavallisilla verbeill\u00e4 on sek\u00e4 refleksiivinen ett\u00e4 ei-refleksiivinen k\u00e4ytt\u00f6, kuten &#8221;laver&#8221; (pest\u00e4 jotakin) ja &#8221;se laver&#8221; (peseyty\u00e4).<\/p>\n<h3>Voiko refleksiivipronomini viitata johonkuhun muuhun kuin subjektiin?<\/h3>\n<p>Refleksiivipronomini viittaa aina lauseen subjektiin. Jos halutaan viitata johonkuhun muuhun, k\u00e4ytet\u00e4\u00e4n muita pronomineja.<\/p>\n<h3>Voiko refleksiivipronominia k\u00e4ytt\u00e4\u00e4 imperatiivissa?<\/h3>\n<p>Kyll\u00e4, refleksiivipronominia k\u00e4ytet\u00e4\u00e4n my\u00f6s k\u00e4skyiss\u00e4. Muista, ett\u00e4 imperatiivissa pronominit tulevat verbin per\u00e4\u00e4n ja yhdistet\u00e4\u00e4n siihen viivalla, esim. &#8221;L\u00e8ve-toi!&#8221; (Nouse yl\u00f6s!).<\/p>\n<h2>Lopuksi<\/h2>\n<p>Refleksiivipronominit ovat olennainen osa ranskan sujuvaa hallintaa. Niiden avulla lauseista tulee luonnollisempia ja monipuolisempia. Harjoittele s\u00e4\u00e4nn\u00f6llisesti, hy\u00f6dynn\u00e4 digitaalisia ty\u00f6kaluja kuten Talkpal ja kiinnit\u00e4 erityist\u00e4 huomiota refleksiivipronominien k\u00e4ytt\u00f6\u00f6n eri aikamuodoissa ja lauserakenteissa. N\u00e4in rakennat vahvan pohjan ranskan kieliopin osaamisellesi!<\/p>\n","protected":false},"featured_media":1527684,"template":"","language":[8602,8584],"class_list":["post-1076353","grammar","type-grammar","status-publish","has-post-thumbnail","hentry","language-pronominit-ja-maaritteet-ranskan-kielioppi","language-ranskan"],"acf":[],"yoast_head":"<!-- This site is optimized with the Yoast SEO Premium plugin v27.2 (Yoast SEO v27.2) - https:\/\/yoast.com\/product\/yoast-seo-premium-wordpress\/ -->\n<title>Pronoms r\u00e9flexifs ranskan kielioppi - Talkpal<\/title>\n<meta name=\"description\" content=\"Ranskan kielioppi voi aluksi tuntua monimutkaiselta, mutta hallitsemalla keskeiset rakenteet opiskelu helpottuu huomattavasti. Yksi t\u00e4rkeimmist\u00e4\" \/>\n<meta name=\"robots\" content=\"index, follow, max-snippet:-1, max-image-preview:large, max-video-preview:-1\" \/>\n<link rel=\"canonical\" href=\"https:\/\/talkpal.ai\/fi\/grammar\/pronoms-reflexifs-ranskan-kielioppi\/\" \/>\n<meta property=\"og:locale\" content=\"fi_FI\" \/>\n<meta property=\"og:type\" content=\"article\" \/>\n<meta property=\"og:title\" content=\"Pronoms r\u00e9flexifs ranskan kielioppi\" \/>\n<meta property=\"og:description\" content=\"Ranskan kielioppi voi aluksi tuntua monimutkaiselta, mutta hallitsemalla keskeiset rakenteet opiskelu helpottuu huomattavasti. Yksi t\u00e4rkeimmist\u00e4\" \/>\n<meta property=\"og:url\" content=\"https:\/\/talkpal.ai\/fi\/grammar\/pronoms-reflexifs-ranskan-kielioppi\/\" \/>\n<meta property=\"og:site_name\" content=\"Talkpal\" \/>\n<meta property=\"article:publisher\" content=\"https:\/\/www.facebook.com\/profile.php?id=100090733639311\" \/>\n<meta property=\"og:image\" content=\"https:\/\/talkpal.ai\/wp-content\/uploads\/2025\/02\/Progress-tab-16_9.png\" \/>\n\t<meta property=\"og:image:width\" content=\"2880\" \/>\n\t<meta property=\"og:image:height\" content=\"1620\" \/>\n\t<meta property=\"og:image:type\" content=\"image\/png\" \/>\n<meta name=\"twitter:card\" content=\"summary_large_image\" \/>\n<meta name=\"twitter:site\" content=\"@talkpalai\" \/>\n<meta name=\"twitter:label1\" content=\"Arvioitu lukuaika\" \/>\n\t<meta name=\"twitter:data1\" content=\"5 minuuttia\" \/>\n<script type=\"application\/ld+json\" class=\"yoast-schema-graph\">{\"@context\":\"https:\/\/schema.org\",\"@graph\":[{\"@type\":\"WebPage\",\"@id\":\"https:\/\/talkpal.ai\/fi\/grammar\/pronoms-reflexifs-ranskan-kielioppi\/\",\"url\":\"https:\/\/talkpal.ai\/fi\/grammar\/pronoms-reflexifs-ranskan-kielioppi\/\",\"name\":\"Pronoms r\u00e9flexifs ranskan kielioppi - Talkpal\",\"isPartOf\":{\"@id\":\"https:\/\/talkpal.ai\/fi\/#website\"},\"primaryImageOfPage\":{\"@id\":\"https:\/\/talkpal.ai\/fi\/grammar\/pronoms-reflexifs-ranskan-kielioppi\/#primaryimage\"},\"image\":{\"@id\":\"https:\/\/talkpal.ai\/fi\/grammar\/pronoms-reflexifs-ranskan-kielioppi\/#primaryimage\"},\"thumbnailUrl\":\"https:\/\/talkpal.ai\/wp-content\/uploads\/2025\/12\/group-of-five-studying-to-learn-languages.webp\",\"datePublished\":\"2025-07-01T17:57:17+00:00\",\"description\":\"Ranskan kielioppi voi aluksi tuntua monimutkaiselta, mutta hallitsemalla keskeiset rakenteet opiskelu helpottuu huomattavasti. Yksi t\u00e4rkeimmist\u00e4\",\"breadcrumb\":{\"@id\":\"https:\/\/talkpal.ai\/fi\/grammar\/pronoms-reflexifs-ranskan-kielioppi\/#breadcrumb\"},\"inLanguage\":\"fi\",\"potentialAction\":[{\"@type\":\"ReadAction\",\"target\":[\"https:\/\/talkpal.ai\/fi\/grammar\/pronoms-reflexifs-ranskan-kielioppi\/\"]}]},{\"@type\":\"ImageObject\",\"inLanguage\":\"fi\",\"@id\":\"https:\/\/talkpal.ai\/fi\/grammar\/pronoms-reflexifs-ranskan-kielioppi\/#primaryimage\",\"url\":\"https:\/\/talkpal.ai\/wp-content\/uploads\/2025\/12\/group-of-five-studying-to-learn-languages.webp\",\"contentUrl\":\"https:\/\/talkpal.ai\/wp-content\/uploads\/2025\/12\/group-of-five-studying-to-learn-languages.webp\",\"width\":1200,\"height\":896,\"caption\":\"A group of five friends work on laptops for learning languages in a dimly lit library.\"},{\"@type\":\"BreadcrumbList\",\"@id\":\"https:\/\/talkpal.ai\/fi\/grammar\/pronoms-reflexifs-ranskan-kielioppi\/#breadcrumb\",\"itemListElement\":[{\"@type\":\"ListItem\",\"position\":1,\"name\":\"Homepage\",\"item\":\"https:\/\/talkpal.ai\/fi\/\"},{\"@type\":\"ListItem\",\"position\":2,\"name\":\"Pronoms r\u00e9flexifs ranskan kielioppi\"}]},{\"@type\":\"WebSite\",\"@id\":\"https:\/\/talkpal.ai\/fi\/#website\",\"url\":\"https:\/\/talkpal.ai\/fi\/\",\"name\":\"Talkpal\",\"description\":\"AI Language Learning\",\"publisher\":{\"@id\":\"https:\/\/talkpal.ai\/fi\/#organization\"},\"alternateName\":\"Talkpal AI\",\"potentialAction\":[{\"@type\":\"SearchAction\",\"target\":{\"@type\":\"EntryPoint\",\"urlTemplate\":\"https:\/\/talkpal.ai\/fi\/?s={search_term_string}\"},\"query-input\":{\"@type\":\"PropertyValueSpecification\",\"valueRequired\":true,\"valueName\":\"search_term_string\"}}],\"inLanguage\":\"fi\"},{\"@type\":\"Organization\",\"@id\":\"https:\/\/talkpal.ai\/fi\/#organization\",\"name\":\"Talkpal, Inc.\",\"alternateName\":\"Talkpal AI\",\"url\":\"https:\/\/talkpal.ai\/fi\/\",\"logo\":{\"@type\":\"ImageObject\",\"inLanguage\":\"fi\",\"@id\":\"https:\/\/talkpal.ai\/fi\/#\/schema\/logo\/image\/\",\"url\":\"https:\/\/talkpal.ai\/wp-content\/uploads\/2024\/03\/Talkpal-Logo-Icon.png\",\"contentUrl\":\"https:\/\/talkpal.ai\/wp-content\/uploads\/2024\/03\/Talkpal-Logo-Icon.png\",\"width\":2880,\"height\":2880,\"caption\":\"Talkpal, Inc.\"},\"image\":{\"@id\":\"https:\/\/talkpal.ai\/fi\/#\/schema\/logo\/image\/\"},\"sameAs\":[\"https:\/\/www.facebook.com\/profile.php?id=100090733639311\",\"https:\/\/x.com\/talkpalai\",\"https:\/\/www.linkedin.com\/company\/talkpal\/\",\"https:\/\/www.youtube.com\/@TalkPal\/\",\"https:\/\/www.tiktok.com\/@talkpal\",\"https:\/\/www.instagram.com\/talkpal_ai\/\",\"https:\/\/www.crunchbase.com\/organization\/talkpal-9cde\",\"https:\/\/www.g2.com\/products\/talkpal-for-business\/\",\"https:\/\/www.trustpilot.com\/review\/talkpal.ai\",\"https:\/\/www.capterra.com\/p\/10006800\/TalkPal\/\"],\"description\":\"Talkpal is a language learning web and mobile education app, powered by the latest AI technologies, that provides engaging experiences to its customers in many different languages to help them improve their language skills. Users can chat about unlimited amount of topics with the app and use other modes to practice their language learning.\",\"email\":\"support@talkpal.ai\",\"legalName\":\"Talkpal, Inc.\",\"foundingDate\":\"2023-04-03\",\"duns\":\"118989042\",\"numberOfEmployees\":{\"@type\":\"QuantitativeValue\",\"minValue\":\"11\",\"maxValue\":\"50\"},\"publishingPrinciples\":\"https:\/\/talkpal.ai\/publishing-principles\/\",\"actionableFeedbackPolicy\":\"https:\/\/talkpal.ai\/actionable-feedback-policy\/\",\"correctionsPolicy\":\"https:\/\/talkpal.ai\/corrections-policy\/\",\"ethicsPolicy\":\"https:\/\/talkpal.ai\/ethics-policy\/\",\"diversityPolicy\":\"https:\/\/talkpal.ai\/diversity-policy\/\",\"diversityStaffingReport\":\"https:\/\/talkpal.ai\/diversity-policy\/\"}]}<\/script>\n<!-- \/ Yoast SEO Premium plugin. -->","yoast_head_json":{"title":"Pronoms r\u00e9flexifs ranskan kielioppi - Talkpal","description":"Ranskan kielioppi voi aluksi tuntua monimutkaiselta, mutta hallitsemalla keskeiset rakenteet opiskelu helpottuu huomattavasti. Yksi t\u00e4rkeimmist\u00e4","robots":{"index":"index","follow":"follow","max-snippet":"max-snippet:-1","max-image-preview":"max-image-preview:large","max-video-preview":"max-video-preview:-1"},"canonical":"https:\/\/talkpal.ai\/fi\/grammar\/pronoms-reflexifs-ranskan-kielioppi\/","og_locale":"fi_FI","og_type":"article","og_title":"Pronoms r\u00e9flexifs ranskan kielioppi","og_description":"Ranskan kielioppi voi aluksi tuntua monimutkaiselta, mutta hallitsemalla keskeiset rakenteet opiskelu helpottuu huomattavasti. Yksi t\u00e4rkeimmist\u00e4","og_url":"https:\/\/talkpal.ai\/fi\/grammar\/pronoms-reflexifs-ranskan-kielioppi\/","og_site_name":"Talkpal","article_publisher":"https:\/\/www.facebook.com\/profile.php?id=100090733639311","og_image":[{"width":2880,"height":1620,"url":"https:\/\/talkpal.ai\/wp-content\/uploads\/2025\/02\/Progress-tab-16_9.png","type":"image\/png"}],"twitter_card":"summary_large_image","twitter_site":"@talkpalai","twitter_misc":{"Arvioitu lukuaika":"5 minuuttia"},"schema":{"@context":"https:\/\/schema.org","@graph":[{"@type":"WebPage","@id":"https:\/\/talkpal.ai\/fi\/grammar\/pronoms-reflexifs-ranskan-kielioppi\/","url":"https:\/\/talkpal.ai\/fi\/grammar\/pronoms-reflexifs-ranskan-kielioppi\/","name":"Pronoms r\u00e9flexifs ranskan kielioppi - Talkpal","isPartOf":{"@id":"https:\/\/talkpal.ai\/fi\/#website"},"primaryImageOfPage":{"@id":"https:\/\/talkpal.ai\/fi\/grammar\/pronoms-reflexifs-ranskan-kielioppi\/#primaryimage"},"image":{"@id":"https:\/\/talkpal.ai\/fi\/grammar\/pronoms-reflexifs-ranskan-kielioppi\/#primaryimage"},"thumbnailUrl":"https:\/\/talkpal.ai\/wp-content\/uploads\/2025\/12\/group-of-five-studying-to-learn-languages.webp","datePublished":"2025-07-01T17:57:17+00:00","description":"Ranskan kielioppi voi aluksi tuntua monimutkaiselta, mutta hallitsemalla keskeiset rakenteet opiskelu helpottuu huomattavasti. Yksi t\u00e4rkeimmist\u00e4","breadcrumb":{"@id":"https:\/\/talkpal.ai\/fi\/grammar\/pronoms-reflexifs-ranskan-kielioppi\/#breadcrumb"},"inLanguage":"fi","potentialAction":[{"@type":"ReadAction","target":["https:\/\/talkpal.ai\/fi\/grammar\/pronoms-reflexifs-ranskan-kielioppi\/"]}]},{"@type":"ImageObject","inLanguage":"fi","@id":"https:\/\/talkpal.ai\/fi\/grammar\/pronoms-reflexifs-ranskan-kielioppi\/#primaryimage","url":"https:\/\/talkpal.ai\/wp-content\/uploads\/2025\/12\/group-of-five-studying-to-learn-languages.webp","contentUrl":"https:\/\/talkpal.ai\/wp-content\/uploads\/2025\/12\/group-of-five-studying-to-learn-languages.webp","width":1200,"height":896,"caption":"A group of five friends work on laptops for learning languages in a dimly lit library."},{"@type":"BreadcrumbList","@id":"https:\/\/talkpal.ai\/fi\/grammar\/pronoms-reflexifs-ranskan-kielioppi\/#breadcrumb","itemListElement":[{"@type":"ListItem","position":1,"name":"Homepage","item":"https:\/\/talkpal.ai\/fi\/"},{"@type":"ListItem","position":2,"name":"Pronoms r\u00e9flexifs ranskan kielioppi"}]},{"@type":"WebSite","@id":"https:\/\/talkpal.ai\/fi\/#website","url":"https:\/\/talkpal.ai\/fi\/","name":"Talkpal","description":"AI Language Learning","publisher":{"@id":"https:\/\/talkpal.ai\/fi\/#organization"},"alternateName":"Talkpal AI","potentialAction":[{"@type":"SearchAction","target":{"@type":"EntryPoint","urlTemplate":"https:\/\/talkpal.ai\/fi\/?s={search_term_string}"},"query-input":{"@type":"PropertyValueSpecification","valueRequired":true,"valueName":"search_term_string"}}],"inLanguage":"fi"},{"@type":"Organization","@id":"https:\/\/talkpal.ai\/fi\/#organization","name":"Talkpal, Inc.","alternateName":"Talkpal AI","url":"https:\/\/talkpal.ai\/fi\/","logo":{"@type":"ImageObject","inLanguage":"fi","@id":"https:\/\/talkpal.ai\/fi\/#\/schema\/logo\/image\/","url":"https:\/\/talkpal.ai\/wp-content\/uploads\/2024\/03\/Talkpal-Logo-Icon.png","contentUrl":"https:\/\/talkpal.ai\/wp-content\/uploads\/2024\/03\/Talkpal-Logo-Icon.png","width":2880,"height":2880,"caption":"Talkpal, Inc."},"image":{"@id":"https:\/\/talkpal.ai\/fi\/#\/schema\/logo\/image\/"},"sameAs":["https:\/\/www.facebook.com\/profile.php?id=100090733639311","https:\/\/x.com\/talkpalai","https:\/\/www.linkedin.com\/company\/talkpal\/","https:\/\/www.youtube.com\/@TalkPal\/","https:\/\/www.tiktok.com\/@talkpal","https:\/\/www.instagram.com\/talkpal_ai\/","https:\/\/www.crunchbase.com\/organization\/talkpal-9cde","https:\/\/www.g2.com\/products\/talkpal-for-business\/","https:\/\/www.trustpilot.com\/review\/talkpal.ai","https:\/\/www.capterra.com\/p\/10006800\/TalkPal\/"],"description":"Talkpal is a language learning web and mobile education app, powered by the latest AI technologies, that provides engaging experiences to its customers in many different languages to help them improve their language skills. Users can chat about unlimited amount of topics with the app and use other modes to practice their language learning.","email":"support@talkpal.ai","legalName":"Talkpal, Inc.","foundingDate":"2023-04-03","duns":"118989042","numberOfEmployees":{"@type":"QuantitativeValue","minValue":"11","maxValue":"50"},"publishingPrinciples":"https:\/\/talkpal.ai\/publishing-principles\/","actionableFeedbackPolicy":"https:\/\/talkpal.ai\/actionable-feedback-policy\/","correctionsPolicy":"https:\/\/talkpal.ai\/corrections-policy\/","ethicsPolicy":"https:\/\/talkpal.ai\/ethics-policy\/","diversityPolicy":"https:\/\/talkpal.ai\/diversity-policy\/","diversityStaffingReport":"https:\/\/talkpal.ai\/diversity-policy\/"}]}},"_links":{"self":[{"href":"https:\/\/talkpal.ai\/fi\/wp-json\/wp\/v2\/grammar\/1076353","targetHints":{"allow":["GET"]}}],"collection":[{"href":"https:\/\/talkpal.ai\/fi\/wp-json\/wp\/v2\/grammar"}],"about":[{"href":"https:\/\/talkpal.ai\/fi\/wp-json\/wp\/v2\/types\/grammar"}],"wp:featuredmedia":[{"embeddable":true,"href":"https:\/\/talkpal.ai\/fi\/wp-json\/wp\/v2\/media\/1527684"}],"wp:attachment":[{"href":"https:\/\/talkpal.ai\/fi\/wp-json\/wp\/v2\/media?parent=1076353"}],"wp:term":[{"taxonomy":"language","embeddable":true,"href":"https:\/\/talkpal.ai\/fi\/wp-json\/wp\/v2\/language?post=1076353"}],"curies":[{"name":"wp","href":"https:\/\/api.w.org\/{rel}","templated":true}]}}