{"id":734036,"date":"2024-06-10T03:33:45","date_gmt":"2024-06-10T03:33:45","guid":{"rendered":"https:\/\/talkpal.ai\/vocabulary\/vinter-vs-sommer-invierno-versus-verano-en-danes\/"},"modified":"2024-06-10T03:33:45","modified_gmt":"2024-06-10T03:33:45","slug":"vinter-vs-sommer-invierno-versus-verano-en-danes","status":"publish","type":"vocabulary","link":"https:\/\/talkpal.ai\/es\/vocabulary\/vinter-vs-sommer-invierno-versus-verano-en-danes\/","title":{"rendered":"Vinter vs. Sommer &#8211; Invierno versus verano en dan\u00e9s"},"content":{"rendered":"<p>El idioma <a href=\"https:\/\/talkpal.ai\/learn-danish\/\">dan\u00e9s<\/a>, <a href=\"https:\/\/talkpal.ai\/locations\/language-courses-in-como\/\">como<\/a> muchos otros idiomas, tiene su propio conjunto de palabras y expresiones espec\u00edficas para describir las <a href=\"https:\/\/talkpal.ai\/es\/aprende-las-estaciones-del-ano-en-ingles-facil-y-rapido\/\">estaciones del a\u00f1o<\/a>. En este art\u00edculo, exploraremos las diferencias entre el invierno (*vinter*) y el verano (*sommer*) en dan\u00e9s, centr\u00e1ndonos en el vocabulario clave que te ayudar\u00e1 a entender y describir estas dos estaciones tan contrastantes.<\/p>\n<h2>Vinter &#8211; Invierno<\/h2>\n<p>El invierno en Dinamarca es una estaci\u00f3n fr\u00eda y oscura, caracterizada por temperaturas bajas, nieve y d\u00edas cortos. Aqu\u00ed hay algunas palabras importantes relacionadas con el invierno en dan\u00e9s.<\/p>\n<p><b>Vinter<\/b> &#8211; Invierno<br \/>\nLa estaci\u00f3n m\u00e1s fr\u00eda del a\u00f1o, cuando las temperaturas bajan y a menudo hay nieve.<\/p>\n<p><font color=\"#2D3AC7\">Vinteren i Danmark kan v\u00e6re meget kold.<\/font><\/p>\n<p><b>Sne<\/b> &#8211; Nieve<br \/>\nEl agua congelada que cae del cielo en forma de peque\u00f1os cristales blancos.<\/p>\n<p><font color=\"#2D3AC7\">Der falder meget sne om vinteren.<\/font><\/p>\n<p><b>Frost<\/b> &#8211; Escarcha<br \/>\nLa capa de hielo que se forma en superficies cuando las temperaturas <a href=\"https:\/\/talkpal.ai\/locations\/language-courses-in-caen\/\">caen<\/a> por debajo de cero.<\/p>\n<p><font color=\"#2D3AC7\">Der er frost p\u00e5 vinduerne om morgenen.<\/font><\/p>\n<p><b>Is<\/b> &#8211; Hielo<br \/>\nEl agua congelada que se forma cuando las temperaturas son muy bajas.<\/p>\n<p><font color=\"#2D3AC7\">S\u00f8en er d\u00e6kket af is om vinteren.<\/font><\/p>\n<p><b>Kulde<\/b> &#8211; Fr\u00edo<br \/>\nLa <a href=\"https:\/\/talkpal.ai\/locations\/language-courses-in-baja\/\">baja<\/a> temperatura que se siente durante el invierno.<\/p>\n<p><font color=\"#2D3AC7\">Kulden kan v\u00e6re sv\u00e6r at v\u00e6nne sig til.<\/font><\/p>\n<p><b>Varmet\u00f8j<\/b> &#8211; Ropa de abrigo<br \/>\nLa ropa que se <a href=\"https:\/\/talkpal.ai\/locations\/learn-english-in-usa\/\">usa<\/a> para mantenerse caliente en invierno, como abrigos, bufandas y guantes.<\/p>\n<p><font color=\"#2D3AC7\">Man skal have varmet\u00f8j p\u00e5 om vinteren.<\/font><\/p>\n<p><b>Vinterferie<\/b> &#8211; Vacaciones de invierno<br \/>\nEl per\u00edodo de vacaciones que muchos daneses <a href=\"https:\/\/talkpal.ai\/locations\/language-courses-in-tienen\/\">tienen<\/a> durante el invierno.<\/p>\n<p><font color=\"#2D3AC7\">Vi tager p\u00e5 <a href=\"https:\/\/talkpal.ai\/locations\/language-courses-in-ski\/\">ski<\/a> i vinterferien.<\/font><\/p>\n<h3>Actividades de Invierno<\/h3>\n<p>Durante el invierno, hay varias actividades que la gente disfruta, a pesar del fr\u00edo.<\/p>\n<p><b>Skil\u00f8b<\/b> &#8211; Esqu\u00ed<br \/>\nEl deporte de deslizarse sobre nieve utilizando esqu\u00eds.<\/p>\n<p><font color=\"#2D3AC7\">Skil\u00f8b er en popul\u00e6r vinteraktivitet.<\/font><\/p>\n<p><b>Sk\u00f8jtel\u00f8b<\/b> &#8211; Patinaje sobre hielo<br \/>\nEl acto de deslizarse sobre una superficie de hielo usando patines.<\/p>\n<p><font color=\"#2D3AC7\">Vi elsker at g\u00e5 til sk\u00f8jtel\u00f8b om vinteren.<\/font><\/p>\n<p><b>Bygge en snemand<\/b> &#8211; Construir un mu\u00f1eco de nieve<br \/>\nUna actividad divertida en la que se usan bolas de nieve para hacer una figura con forma de hombre.<\/p>\n<p><font color=\"#2D3AC7\">B\u00f8rnene elsker at bygge en snemand.<\/font><\/p>\n<h2>Sommer &#8211; Verano<\/h2>\n<p>El verano en Dinamarca es una estaci\u00f3n c\u00e1lida y luminosa, caracterizada por temperaturas m\u00e1s altas, d\u00edas largos y muchas actividades al aire libre. Aqu\u00ed hay algunas palabras importantes relacionadas con el verano en dan\u00e9s.<\/p>\n<p><b>Sommer<\/b> &#8211; Verano<br \/>\nLa estaci\u00f3n m\u00e1s c\u00e1lida del a\u00f1o, cuando las temperaturas suben y los d\u00edas son m\u00e1s largos.<\/p>\n<p><font color=\"#2D3AC7\">Sommeren i Danmark er meget behagelig.<\/font><\/p>\n<p><b>Sol<\/b> &#8211; Sol<br \/>\nLa estrella en el centro de nuestro sistema solar que proporciona luz y calor.<\/p>\n<p><font color=\"#2D3AC7\">Solen skinner hele dagen om sommeren.<\/font><\/p>\n<p><b>Varme<\/b> &#8211; Calor<br \/>\nLa alta temperatura que se siente durante el verano.<\/p>\n<p><font color=\"#2D3AC7\">Jeg elsker varmen om sommeren.<\/font><\/p>\n<p><b>Badet\u00f8j<\/b> &#8211; Ropa de ba\u00f1o<br \/>\nLa ropa que se usa para nadar, como trajes de ba\u00f1o y bikinis.<\/p>\n<p><font color=\"#2D3AC7\">Vi har vores badet\u00f8j p\u00e5, n\u00e5r vi g\u00e5r til stranden.<\/font><\/p>\n<p><b>Sommerferie<\/b> &#8211; Vacaciones de verano<br \/>\nEl per\u00edodo de vacaciones que muchos daneses tienen durante el verano.<\/p>\n<p><font color=\"#2D3AC7\">Vi tager til Sydeuropa i sommerferien.<\/font><\/p>\n<p><b>Strand<\/b> &#8211; Playa<br \/>\nLa orilla del mar o de un lago donde la gente va a tomar el sol y nadar.<\/p>\n<p><font color=\"#2D3AC7\">Vi tilbringer mange dage p\u00e5 stranden om sommeren.<\/font><\/p>\n<p><b>Sv\u00f8mme<\/b> &#8211; Nadar<br \/>\nEl acto de moverse en el agua usando los brazos y las piernas.<\/p>\n<p><font color=\"#2D3AC7\">B\u00f8rnene elsker at sv\u00f8mme i poolen.<\/font><\/p>\n<h3>Actividades de Verano<\/h3>\n<p>Durante el verano, hay muchas actividades al aire libre que la gente disfruta gracias al clima c\u00e1lido y los largos d\u00edas.<\/p>\n<p><b>Grillfest<\/b> &#8211; Barbacoa<br \/>\nUna reuni\u00f3n social en la que se cocina y se come al aire libre.<\/p>\n<p><font color=\"#2D3AC7\">Vi holder en grillfest i haven.<\/font><\/p>\n<p><b>Cykeltur<\/b> &#8211; Paseo en bicicleta<br \/>\nUna actividad en la que se monta en bicicleta para disfrutar del paisaje y el buen tiempo.<\/p>\n<p><font color=\"#2D3AC7\">Vi tager p\u00e5 cykeltur i weekenden.<\/font><\/p>\n<p><b>Picnic<\/b> &#8211; Picnic<br \/>\nUna comida que se lleva y se come al aire libre, generalmente en un parque o en el campo.<\/p>\n<p><font color=\"#2D3AC7\">Vi tager p\u00e5 picnic i parken.<\/font><\/p>\n<p><b>Festival<\/b> &#8211; Festival<br \/>\nUn evento cultural o de entretenimiento que se celebra generalmente al aire libre durante el verano.<\/p>\n<p><font color=\"#2D3AC7\">Der er mange musikfestivaler om sommeren.<\/font><\/p>\n<h2>Comparaciones y Contrastes<\/h2>\n<p>El invierno y el verano en Dinamarca son estaciones muy diferentes, no solo en t\u00e9rminos de clima, sino tambi\u00e9n en cuanto a las actividades y la ropa que se usa. Aqu\u00ed hay algunas comparaciones y contrastes importantes.<\/p>\n<p><b>Lys<\/b> &#8211; Luz<br \/>\nDurante el verano, los d\u00edas son largos y hay mucha luz, mientras que en el invierno, los d\u00edas son cortos y oscuros.<\/p>\n<p><font color=\"#2D3AC7\">Der er meget lys om sommeren, men det er m\u00f8rkt om vinteren.<\/font><\/p>\n<p><b>Temperatur<\/b> &#8211; Temperatura<br \/>\nLas temperaturas en verano son c\u00e1lidas, mientras que en invierno son fr\u00edas.<\/p>\n<p><font color=\"#2D3AC7\">Temperaturen om sommeren er h\u00f8j, men om vinteren er den lav.<\/font><\/p>\n<p><b>Aktiviteter<\/b> &#8211; Actividades<br \/>\nLas actividades de verano suelen ser al aire libre, mientras que las de invierno pueden ser tanto al aire libre como en interiores.<\/p>\n<p><font color=\"#2D3AC7\">Om sommeren er der mange udend\u00f8rs aktiviteter, men om vinteren kan man ogs\u00e5 lave noget indend\u00f8rs.<\/font><\/p>\n<p><b>P\u00e5kl\u00e6dning<\/b> &#8211; Vestimenta<br \/>\nEn verano se usa ropa ligera, mientras que en invierno se necesita ropa de abrigo.<\/p>\n<p><font color=\"#2D3AC7\">Man har let t\u00f8j p\u00e5 om sommeren, men varmt t\u00f8j om vinteren.<\/font><\/p>\n<h2>Consejos para Aprender el Vocabulario de las Estaciones<\/h2>\n<p>Para aprender y recordar mejor el vocabulario de las estaciones en dan\u00e9s, aqu\u00ed tienes algunos consejos \u00fatiles.<\/p>\n<p><b>Flashcards<\/b> &#8211; Tarjetas de memoria<br \/>\nUsa tarjetas de memoria para practicar el vocabulario nuevo y repasar con regularidad.<\/p>\n<p><font color=\"#2D3AC7\">Jeg bruger flashcards til at l\u00e6re nye ord.<\/font><\/p>\n<p><b>Praktik<\/b> &#8211; Pr\u00e1ctica<br \/>\nIntenta usar las nuevas palabras en frases y conversaciones diarias para reforzar tu aprendizaje.<\/p>\n<p><font color=\"#2D3AC7\">Det er vigtigt at praktikere nye ord hver dag.<\/font><\/p>\n<p><b>Repetition<\/b> &#8211; Repetici\u00f3n<br \/>\nLa repetici\u00f3n es clave para la memoria, as\u00ed que repasa las palabras y sus significados con frecuencia.<\/p>\n<p><font color=\"#2D3AC7\">Repetition hj\u00e6lper med at huske nye ord.<\/font><\/p>\n<p><b>Samspil<\/b> &#8211; Interacci\u00f3n<br \/>\nInteract\u00faa con hablantes nativos o participa en actividades en dan\u00e9s para mejorar tu comprensi\u00f3n y fluidez.<\/p>\n<p><font color=\"#2D3AC7\">Samspil med danskere er en god m\u00e5de at l\u00e6re sproget p\u00e5.<\/font><\/p>\n<p>En resumen, el invierno y el verano en Dinamarca ofrecen una rica variedad de vocabulario y experiencias. Al aprender estas palabras y practicar su uso, no solo mejorar\u00e1s tu habilidad en el idioma dan\u00e9s, sino que tambi\u00e9n tendr\u00e1s una mayor comprensi\u00f3n de la cultura y las tradiciones danesas. \u00a1Buena suerte en tu aprendizaje!<\/p>\n","protected":false},"featured_media":1527707,"template":"","vocabulary_language":[4140],"class_list":["post-734036","vocabulary","type-vocabulary","status-publish","has-post-thumbnail","hentry","vocabulary_language-danes"],"acf":[],"yoast_head":"<!-- This site is optimized with the Yoast SEO Premium plugin v27.2 (Yoast SEO v27.2) - https:\/\/yoast.com\/product\/yoast-seo-premium-wordpress\/ -->\n<title>Vinter vs. Sommer - Invierno versus verano en dan\u00e9s - Talkpal<\/title>\n<meta name=\"description\" content=\"El idioma dan\u00e9s, como muchos otros idiomas, tiene su propio conjunto de palabras y expresiones espec\u00edficas para describir las estaciones del a\u00f1o. En este\" \/>\n<meta name=\"robots\" content=\"index, follow, max-snippet:-1, max-image-preview:large, max-video-preview:-1\" \/>\n<link rel=\"canonical\" href=\"https:\/\/talkpal.ai\/es\/vocabulary\/vinter-vs-sommer-invierno-versus-verano-en-danes\/\" \/>\n<meta property=\"og:locale\" content=\"es_ES\" \/>\n<meta property=\"og:type\" content=\"article\" \/>\n<meta property=\"og:title\" content=\"Vinter vs. Sommer - Invierno versus verano en dan\u00e9s\" \/>\n<meta property=\"og:description\" content=\"El idioma dan\u00e9s, como muchos otros idiomas, tiene su propio conjunto de palabras y expresiones espec\u00edficas para describir las estaciones del a\u00f1o. En este\" \/>\n<meta property=\"og:url\" content=\"https:\/\/talkpal.ai\/es\/vocabulary\/vinter-vs-sommer-invierno-versus-verano-en-danes\/\" \/>\n<meta property=\"og:site_name\" content=\"Talkpal\" \/>\n<meta property=\"article:publisher\" content=\"https:\/\/www.facebook.com\/profile.php?id=100090733639311\" \/>\n<meta property=\"og:image\" content=\"https:\/\/talkpal.ai\/wp-content\/uploads\/2024\/10\/talkpal_flat_illustration_of_a_employees_working_together_happi_c674ff77-e477-4e09-835a-01d30e561e99.png\" \/>\n\t<meta property=\"og:image:width\" content=\"1024\" \/>\n\t<meta property=\"og:image:height\" content=\"1024\" \/>\n\t<meta property=\"og:image:type\" content=\"image\/png\" \/>\n<meta name=\"twitter:card\" content=\"summary_large_image\" \/>\n<meta name=\"twitter:site\" content=\"@talkpalai\" \/>\n<meta name=\"twitter:label1\" content=\"Tiempo de lectura\" \/>\n\t<meta name=\"twitter:data1\" content=\"6 minutos\" \/>\n<script type=\"application\/ld+json\" class=\"yoast-schema-graph\">{\"@context\":\"https:\/\/schema.org\",\"@graph\":[{\"@type\":\"WebPage\",\"@id\":\"https:\/\/talkpal.ai\/es\/vocabulary\/vinter-vs-sommer-invierno-versus-verano-en-danes\/\",\"url\":\"https:\/\/talkpal.ai\/es\/vocabulary\/vinter-vs-sommer-invierno-versus-verano-en-danes\/\",\"name\":\"Vinter vs. Sommer - Invierno versus verano en dan\u00e9s - Talkpal\",\"isPartOf\":{\"@id\":\"https:\/\/talkpal.ai\/es\/#website\"},\"primaryImageOfPage\":{\"@id\":\"https:\/\/talkpal.ai\/es\/vocabulary\/vinter-vs-sommer-invierno-versus-verano-en-danes\/#primaryimage\"},\"image\":{\"@id\":\"https:\/\/talkpal.ai\/es\/vocabulary\/vinter-vs-sommer-invierno-versus-verano-en-danes\/#primaryimage\"},\"thumbnailUrl\":\"https:\/\/talkpal.ai\/wp-content\/uploads\/2025\/12\/journal-is-completed-while-learning-languages.webp\",\"datePublished\":\"2024-06-10T03:33:45+00:00\",\"description\":\"El idioma dan\u00e9s, como muchos otros idiomas, tiene su propio conjunto de palabras y expresiones espec\u00edficas para describir las estaciones del a\u00f1o. En este\",\"breadcrumb\":{\"@id\":\"https:\/\/talkpal.ai\/es\/vocabulary\/vinter-vs-sommer-invierno-versus-verano-en-danes\/#breadcrumb\"},\"inLanguage\":\"es\",\"potentialAction\":[{\"@type\":\"ReadAction\",\"target\":[\"https:\/\/talkpal.ai\/es\/vocabulary\/vinter-vs-sommer-invierno-versus-verano-en-danes\/\"]}]},{\"@type\":\"ImageObject\",\"inLanguage\":\"es\",\"@id\":\"https:\/\/talkpal.ai\/es\/vocabulary\/vinter-vs-sommer-invierno-versus-verano-en-danes\/#primaryimage\",\"url\":\"https:\/\/talkpal.ai\/wp-content\/uploads\/2025\/12\/journal-is-completed-while-learning-languages.webp\",\"contentUrl\":\"https:\/\/talkpal.ai\/wp-content\/uploads\/2025\/12\/journal-is-completed-while-learning-languages.webp\",\"width\":1200,\"height\":896,\"caption\":\"A close-up view shows hands writing in a journal while learning languages at a desk filled with books.\"},{\"@type\":\"BreadcrumbList\",\"@id\":\"https:\/\/talkpal.ai\/es\/vocabulary\/vinter-vs-sommer-invierno-versus-verano-en-danes\/#breadcrumb\",\"itemListElement\":[{\"@type\":\"ListItem\",\"position\":1,\"name\":\"Homepage\",\"item\":\"https:\/\/talkpal.ai\/es\/\"},{\"@type\":\"ListItem\",\"position\":2,\"name\":\"Vinter vs. Sommer &#8211; Invierno versus verano en dan\u00e9s\"}]},{\"@type\":\"WebSite\",\"@id\":\"https:\/\/talkpal.ai\/es\/#website\",\"url\":\"https:\/\/talkpal.ai\/es\/\",\"name\":\"Talkpal\",\"description\":\"AI Language Learning\",\"publisher\":{\"@id\":\"https:\/\/talkpal.ai\/es\/#organization\"},\"alternateName\":\"Talkpal AI\",\"potentialAction\":[{\"@type\":\"SearchAction\",\"target\":{\"@type\":\"EntryPoint\",\"urlTemplate\":\"https:\/\/talkpal.ai\/es\/?s={search_term_string}\"},\"query-input\":{\"@type\":\"PropertyValueSpecification\",\"valueRequired\":true,\"valueName\":\"search_term_string\"}}],\"inLanguage\":\"es\"},{\"@type\":\"Organization\",\"@id\":\"https:\/\/talkpal.ai\/es\/#organization\",\"name\":\"Talkpal, Inc.\",\"alternateName\":\"Talkpal AI\",\"url\":\"https:\/\/talkpal.ai\/es\/\",\"logo\":{\"@type\":\"ImageObject\",\"inLanguage\":\"es\",\"@id\":\"https:\/\/talkpal.ai\/es\/#\/schema\/logo\/image\/\",\"url\":\"https:\/\/talkpal.ai\/wp-content\/uploads\/2024\/03\/Talkpal-Logo-Icon.png\",\"contentUrl\":\"https:\/\/talkpal.ai\/wp-content\/uploads\/2024\/03\/Talkpal-Logo-Icon.png\",\"width\":2880,\"height\":2880,\"caption\":\"Talkpal, Inc.\"},\"image\":{\"@id\":\"https:\/\/talkpal.ai\/es\/#\/schema\/logo\/image\/\"},\"sameAs\":[\"https:\/\/www.facebook.com\/profile.php?id=100090733639311\",\"https:\/\/x.com\/talkpalai\",\"https:\/\/www.linkedin.com\/company\/talkpal\/\",\"https:\/\/www.youtube.com\/@TalkPal\/\",\"https:\/\/www.tiktok.com\/@talkpal\",\"https:\/\/www.instagram.com\/talkpal_ai\/\",\"https:\/\/www.crunchbase.com\/organization\/talkpal-9cde\",\"https:\/\/www.g2.com\/products\/talkpal-for-business\/\",\"https:\/\/www.trustpilot.com\/review\/talkpal.ai\",\"https:\/\/www.capterra.com\/p\/10006800\/TalkPal\/\"],\"description\":\"Talkpal is a language learning web and mobile education app, powered by the latest AI technologies, that provides engaging experiences to its customers in many different languages to help them improve their language skills. Users can chat about unlimited amount of topics with the app and use other modes to practice their language learning.\",\"email\":\"support@talkpal.ai\",\"legalName\":\"Talkpal, Inc.\",\"foundingDate\":\"2023-04-03\",\"duns\":\"118989042\",\"numberOfEmployees\":{\"@type\":\"QuantitativeValue\",\"minValue\":\"11\",\"maxValue\":\"50\"},\"publishingPrinciples\":\"https:\/\/talkpal.ai\/publishing-principles\/\",\"actionableFeedbackPolicy\":\"https:\/\/talkpal.ai\/actionable-feedback-policy\/\",\"correctionsPolicy\":\"https:\/\/talkpal.ai\/corrections-policy\/\",\"ethicsPolicy\":\"https:\/\/talkpal.ai\/ethics-policy\/\",\"diversityPolicy\":\"https:\/\/talkpal.ai\/diversity-policy\/\",\"diversityStaffingReport\":\"https:\/\/talkpal.ai\/diversity-policy\/\"}]}<\/script>\n<!-- \/ Yoast SEO Premium plugin. -->","yoast_head_json":{"title":"Vinter vs. Sommer - Invierno versus verano en dan\u00e9s - Talkpal","description":"El idioma dan\u00e9s, como muchos otros idiomas, tiene su propio conjunto de palabras y expresiones espec\u00edficas para describir las estaciones del a\u00f1o. En este","robots":{"index":"index","follow":"follow","max-snippet":"max-snippet:-1","max-image-preview":"max-image-preview:large","max-video-preview":"max-video-preview:-1"},"canonical":"https:\/\/talkpal.ai\/es\/vocabulary\/vinter-vs-sommer-invierno-versus-verano-en-danes\/","og_locale":"es_ES","og_type":"article","og_title":"Vinter vs. Sommer - Invierno versus verano en dan\u00e9s","og_description":"El idioma dan\u00e9s, como muchos otros idiomas, tiene su propio conjunto de palabras y expresiones espec\u00edficas para describir las estaciones del a\u00f1o. En este","og_url":"https:\/\/talkpal.ai\/es\/vocabulary\/vinter-vs-sommer-invierno-versus-verano-en-danes\/","og_site_name":"Talkpal","article_publisher":"https:\/\/www.facebook.com\/profile.php?id=100090733639311","og_image":[{"width":1024,"height":1024,"url":"https:\/\/talkpal.ai\/wp-content\/uploads\/2024\/10\/talkpal_flat_illustration_of_a_employees_working_together_happi_c674ff77-e477-4e09-835a-01d30e561e99.png","type":"image\/png"}],"twitter_card":"summary_large_image","twitter_site":"@talkpalai","twitter_misc":{"Tiempo de lectura":"6 minutos"},"schema":{"@context":"https:\/\/schema.org","@graph":[{"@type":"WebPage","@id":"https:\/\/talkpal.ai\/es\/vocabulary\/vinter-vs-sommer-invierno-versus-verano-en-danes\/","url":"https:\/\/talkpal.ai\/es\/vocabulary\/vinter-vs-sommer-invierno-versus-verano-en-danes\/","name":"Vinter vs. Sommer - Invierno versus verano en dan\u00e9s - Talkpal","isPartOf":{"@id":"https:\/\/talkpal.ai\/es\/#website"},"primaryImageOfPage":{"@id":"https:\/\/talkpal.ai\/es\/vocabulary\/vinter-vs-sommer-invierno-versus-verano-en-danes\/#primaryimage"},"image":{"@id":"https:\/\/talkpal.ai\/es\/vocabulary\/vinter-vs-sommer-invierno-versus-verano-en-danes\/#primaryimage"},"thumbnailUrl":"https:\/\/talkpal.ai\/wp-content\/uploads\/2025\/12\/journal-is-completed-while-learning-languages.webp","datePublished":"2024-06-10T03:33:45+00:00","description":"El idioma dan\u00e9s, como muchos otros idiomas, tiene su propio conjunto de palabras y expresiones espec\u00edficas para describir las estaciones del a\u00f1o. En este","breadcrumb":{"@id":"https:\/\/talkpal.ai\/es\/vocabulary\/vinter-vs-sommer-invierno-versus-verano-en-danes\/#breadcrumb"},"inLanguage":"es","potentialAction":[{"@type":"ReadAction","target":["https:\/\/talkpal.ai\/es\/vocabulary\/vinter-vs-sommer-invierno-versus-verano-en-danes\/"]}]},{"@type":"ImageObject","inLanguage":"es","@id":"https:\/\/talkpal.ai\/es\/vocabulary\/vinter-vs-sommer-invierno-versus-verano-en-danes\/#primaryimage","url":"https:\/\/talkpal.ai\/wp-content\/uploads\/2025\/12\/journal-is-completed-while-learning-languages.webp","contentUrl":"https:\/\/talkpal.ai\/wp-content\/uploads\/2025\/12\/journal-is-completed-while-learning-languages.webp","width":1200,"height":896,"caption":"A close-up view shows hands writing in a journal while learning languages at a desk filled with books."},{"@type":"BreadcrumbList","@id":"https:\/\/talkpal.ai\/es\/vocabulary\/vinter-vs-sommer-invierno-versus-verano-en-danes\/#breadcrumb","itemListElement":[{"@type":"ListItem","position":1,"name":"Homepage","item":"https:\/\/talkpal.ai\/es\/"},{"@type":"ListItem","position":2,"name":"Vinter vs. Sommer &#8211; Invierno versus verano en dan\u00e9s"}]},{"@type":"WebSite","@id":"https:\/\/talkpal.ai\/es\/#website","url":"https:\/\/talkpal.ai\/es\/","name":"Talkpal","description":"AI Language Learning","publisher":{"@id":"https:\/\/talkpal.ai\/es\/#organization"},"alternateName":"Talkpal AI","potentialAction":[{"@type":"SearchAction","target":{"@type":"EntryPoint","urlTemplate":"https:\/\/talkpal.ai\/es\/?s={search_term_string}"},"query-input":{"@type":"PropertyValueSpecification","valueRequired":true,"valueName":"search_term_string"}}],"inLanguage":"es"},{"@type":"Organization","@id":"https:\/\/talkpal.ai\/es\/#organization","name":"Talkpal, Inc.","alternateName":"Talkpal AI","url":"https:\/\/talkpal.ai\/es\/","logo":{"@type":"ImageObject","inLanguage":"es","@id":"https:\/\/talkpal.ai\/es\/#\/schema\/logo\/image\/","url":"https:\/\/talkpal.ai\/wp-content\/uploads\/2024\/03\/Talkpal-Logo-Icon.png","contentUrl":"https:\/\/talkpal.ai\/wp-content\/uploads\/2024\/03\/Talkpal-Logo-Icon.png","width":2880,"height":2880,"caption":"Talkpal, Inc."},"image":{"@id":"https:\/\/talkpal.ai\/es\/#\/schema\/logo\/image\/"},"sameAs":["https:\/\/www.facebook.com\/profile.php?id=100090733639311","https:\/\/x.com\/talkpalai","https:\/\/www.linkedin.com\/company\/talkpal\/","https:\/\/www.youtube.com\/@TalkPal\/","https:\/\/www.tiktok.com\/@talkpal","https:\/\/www.instagram.com\/talkpal_ai\/","https:\/\/www.crunchbase.com\/organization\/talkpal-9cde","https:\/\/www.g2.com\/products\/talkpal-for-business\/","https:\/\/www.trustpilot.com\/review\/talkpal.ai","https:\/\/www.capterra.com\/p\/10006800\/TalkPal\/"],"description":"Talkpal is a language learning web and mobile education app, powered by the latest AI technologies, that provides engaging experiences to its customers in many different languages to help them improve their language skills. Users can chat about unlimited amount of topics with the app and use other modes to practice their language learning.","email":"support@talkpal.ai","legalName":"Talkpal, Inc.","foundingDate":"2023-04-03","duns":"118989042","numberOfEmployees":{"@type":"QuantitativeValue","minValue":"11","maxValue":"50"},"publishingPrinciples":"https:\/\/talkpal.ai\/publishing-principles\/","actionableFeedbackPolicy":"https:\/\/talkpal.ai\/actionable-feedback-policy\/","correctionsPolicy":"https:\/\/talkpal.ai\/corrections-policy\/","ethicsPolicy":"https:\/\/talkpal.ai\/ethics-policy\/","diversityPolicy":"https:\/\/talkpal.ai\/diversity-policy\/","diversityStaffingReport":"https:\/\/talkpal.ai\/diversity-policy\/"}]}},"_links":{"self":[{"href":"https:\/\/talkpal.ai\/es\/wp-json\/wp\/v2\/vocabulary\/734036","targetHints":{"allow":["GET"]}}],"collection":[{"href":"https:\/\/talkpal.ai\/es\/wp-json\/wp\/v2\/vocabulary"}],"about":[{"href":"https:\/\/talkpal.ai\/es\/wp-json\/wp\/v2\/types\/vocabulary"}],"wp:featuredmedia":[{"embeddable":true,"href":"https:\/\/talkpal.ai\/es\/wp-json\/wp\/v2\/media\/1527707"}],"wp:attachment":[{"href":"https:\/\/talkpal.ai\/es\/wp-json\/wp\/v2\/media?parent=734036"}],"wp:term":[{"taxonomy":"vocabulary_language","embeddable":true,"href":"https:\/\/talkpal.ai\/es\/wp-json\/wp\/v2\/vocabulary_language?post=734036"}],"curies":[{"name":"wp","href":"https:\/\/api.w.org\/{rel}","templated":true}]}}