{"id":733931,"date":"2024-06-10T03:25:24","date_gmt":"2024-06-10T03:25:24","guid":{"rendered":"https:\/\/talkpal.ai\/vocabulary\/zima-vs-leto-invierno-versus-verano-en-checo\/"},"modified":"2025-12-26T13:45:50","modified_gmt":"2025-12-26T13:45:50","slug":"zima-vs-leto-invierno-versus-verano-en-checo","status":"publish","type":"vocabulary","link":"https:\/\/talkpal.ai\/es\/vocabulary\/zima-vs-leto-invierno-versus-verano-en-checo\/","title":{"rendered":"Zima vs. L\u00e9to &#8211; Invierno versus verano en checo"},"content":{"rendered":"<p>Cuando se <a href=\"https:\/\/talkpal.ai\/the-best-way-to-start-speaking-a-new-language\/\">aprende un nuevo idioma<\/a>, uno de los temas m\u00e1s interesantes es c\u00f3mo se expresan las <a href=\"https:\/\/talkpal.ai\/es\/aprende-las-estaciones-del-ano-en-ingles-facil-y-rapido\/\">estaciones del a\u00f1o<\/a> y las caracter\u00edsticas asociadas con cada una de ellas. En este art\u00edculo, exploraremos las palabras y frases relacionadas con el invierno (<b>zima<\/b>) y el verano (<b>l\u00e9to<\/b>) en <a href=\"https:\/\/talkpal.ai\/learn-czech\/\">checo<\/a>, y c\u00f3mo estas estaciones pueden influir en la vida y el lenguaje en la Rep\u00fablica Checa.<\/p>\n<h2>Invierno en Checo: <b>zima<\/b><\/h2>\n<p>El invierno en la Rep\u00fablica Checa puede ser bastante fr\u00edo y nevado. Aqu\u00ed aprenderemos algunas palabras y frases clave que te ayudar\u00e1n a describir y entender esta estaci\u00f3n en <a href=\"https:\/\/talkpal.ai\/learn-czech\/\">checo<\/a>.<\/p>\n<p><b>zima<\/b> &#8211; invierno<br \/>\n<font color=\"#2D3AC7\">V zim\u011b je velmi zima.<\/font><br \/>\nEn invierno hace mucho fr\u00edo.<\/p>\n<p><b>sn\u00edh<\/b> &#8211; nieve<br \/>\n<font color=\"#2D3AC7\">Na hor\u00e1ch je hodn\u011b sn\u011bhu.<\/font><br \/>\nEn las monta\u00f1as hay mucha nieve.<\/p>\n<p><b>mr\u00e1z<\/b> &#8211; helada<br \/>\n<font color=\"#2D3AC7\">Dnes r\u00e1no byl siln\u00fd mr\u00e1z.<\/font><br \/>\nEsta ma\u00f1ana hubo una fuerte helada.<\/p>\n<p><b>led<\/b> &#8211; hielo<br \/>\n<font color=\"#2D3AC7\">Na jeze\u0159e je siln\u00fd led.<\/font><br \/>\nEn el lago hay una capa gruesa de hielo.<\/p>\n<p><b>hory<\/b> &#8211; monta\u00f1as<br \/>\n<font color=\"#2D3AC7\">R\u00e1d ly\u017euji v hor\u00e1ch.<\/font><br \/>\nMe gusta esquiar en las monta\u00f1as.<\/p>\n<p><b>ly\u017ee<\/b> &#8211; esqu\u00eds<br \/>\n<font color=\"#2D3AC7\">Koupil jsem si nov\u00e9 ly\u017ee.<\/font><br \/>\nMe compr\u00e9 unos esqu\u00eds nuevos.<\/p>\n<p><b>teplota<\/b> &#8211; temperatura<br \/>\n<font color=\"#2D3AC7\">Teplota dnes klesla pod nulu.<\/font><br \/>\nLa temperatura hoy baj\u00f3 de cero.<\/p>\n<p><b>kab\u00e1t<\/b> &#8211; abrigo<br \/>\n<font color=\"#2D3AC7\">V zim\u011b nos\u00edm tepl\u00fd kab\u00e1t.<\/font><br \/>\nEn invierno llevo un abrigo caliente.<\/p>\n<p><b>rukavice<\/b> &#8211; guantes<br \/>\n<font color=\"#2D3AC7\">Zapomn\u011bl jsem si rukavice doma.<\/font><br \/>\nOlvid\u00e9 mis guantes en casa.<\/p>\n<h2>Verano en Checo: <b>l\u00e9to<\/b><\/h2>\n<p>El verano en la Rep\u00fablica Checa es c\u00e1lido y a menudo soleado. Es una \u00e9poca perfecta para disfrutar del aire libre y de diversas actividades. Aqu\u00ed tienes algunas palabras y frases clave para describir el verano en checo.<\/p>\n<p><b>l\u00e9to<\/b> &#8211; verano<br \/>\n<font color=\"#2D3AC7\">L\u00e9to je moje obl\u00edben\u00e9 ro\u010dn\u00ed obdob\u00ed.<\/font><br \/>\nEl verano es mi estaci\u00f3n favorita.<\/p>\n<p><b>slunce<\/b> &#8211; sol<br \/>\n<font color=\"#2D3AC7\">Slunce dnes sv\u00edt\u00ed velmi siln\u011b.<\/font><br \/>\nEl sol brilla muy fuerte hoy.<\/p>\n<p><b>teplo<\/b> &#8211; calor<br \/>\n<font color=\"#2D3AC7\">V l\u00e9t\u011b je \u010dasto velk\u00e9 teplo.<\/font><br \/>\nEn verano hace mucho calor a menudo.<\/p>\n<p><b>pl\u00e1\u017e<\/b> &#8211; playa<br \/>\n<font color=\"#2D3AC7\">R\u00e1d tr\u00e1v\u00edm \u010das na pl\u00e1\u017ei.<\/font><br \/>\nMe gusta pasar tiempo en la playa.<\/p>\n<p><b>koup\u00e1n\u00ed<\/b> &#8211; ba\u00f1o (nadar)<br \/>\n<font color=\"#2D3AC7\">Koup\u00e1n\u00ed v \u0159ece je osv\u011b\u017euj\u00edc\u00ed.<\/font><br \/>\nBa\u00f1arse en el r\u00edo es refrescante.<\/p>\n<p><b>baz\u00e9n<\/b> &#8211; piscina<br \/>\n<font color=\"#2D3AC7\">V l\u00e9t\u011b \u010dasto chod\u00edm do baz\u00e9nu.<\/font><br \/>\nEn verano a menudo voy a la piscina.<\/p>\n<p><b>zmrzlina<\/b> &#8211; helado<br \/>\n<font color=\"#2D3AC7\">Miluji j\u00edst zmrzlinu v l\u00e9t\u011b.<\/font><br \/>\nMe encanta comer helado en verano.<\/p>\n<p><b>t\u00e1bor<\/b> &#8211; campamento<br \/>\n<font color=\"#2D3AC7\">D\u011bti jely na letn\u00ed <a href=\"https:\/\/talkpal.ai\/locations\/language-courses-in-tabor\/\">t\u00e1bor<\/a>.<\/font><br \/>\nLos ni\u00f1os fueron a un campamento de verano.<\/p>\n<p><b>piknik<\/b> &#8211; picnic<br \/>\n<font color=\"#2D3AC7\">Pojedeme na piknik do parku.<\/font><br \/>\nIremos de picnic al parque.<\/p>\n<h3>Expresiones comunes relacionadas con las estaciones<\/h3>\n<p>Adem\u00e1s de las palabras espec\u00edficas para el invierno y el verano, hay varias expresiones que pueden ser \u00fatiles para describir estas estaciones en checo.<\/p>\n<p><b>ro\u010dn\u00ed obdob\u00ed<\/b> &#8211; estaci\u00f3n del a\u00f1o<br \/>\n<font color=\"#2D3AC7\">Jak\u00e9 je tvoje obl\u00edben\u00e9 ro\u010dn\u00ed obdob\u00ed?<\/font><br \/>\n\u00bfCu\u00e1l es tu estaci\u00f3n del a\u00f1o favorita?<\/p>\n<p><b>sv\u00e1tky<\/b> &#8211; festivos<br \/>\n<font color=\"#2D3AC7\">V zim\u011b slav\u00edme <a href=\"https:\/\/talkpal.ai\/talkpal-christmas-discount\/\">V\u00e1noce<\/a> a <a href=\"https:\/\/talkpal.ai\/talkpal-new-years-discount\/\">Nov\u00fd rok<\/a>.<\/font><br \/>\nEn invierno celebramos la <a href=\"https:\/\/talkpal.ai\/talkpal-christmas-discount\/\">Navidad<\/a> y el <a href=\"https:\/\/talkpal.ai\/talkpal-new-years-discount\/\">A\u00f1o Nuevo<\/a>.<\/p>\n<p><b>pr\u00e1zdniny<\/b> &#8211; vacaciones<br \/>\n<font color=\"#2D3AC7\">Letn\u00ed pr\u00e1zdniny jsou od \u010dervna do srpna.<\/font><br \/>\nLas vacaciones de verano son de junio a agosto.<\/p>\n<p><b>aktivita<\/b> &#8211; actividad<br \/>\n<font color=\"#2D3AC7\">Moje obl\u00edben\u00e1 zimn\u00ed aktivita je ly\u017eov\u00e1n\u00ed.<\/font><br \/>\nMi actividad de invierno favorita es esquiar.<\/p>\n<p><b>po\u010das\u00ed<\/b> &#8211; tiempo (clima)<br \/>\n<font color=\"#2D3AC7\">Letn\u00ed po\u010das\u00ed je velmi p\u0159\u00edjemn\u00e9.<\/font><br \/>\nEl tiempo en verano es muy agradable.<\/p>\n<h3>Comparaciones y contrastes<\/h3>\n<p>Comparar y contrastar el invierno y el verano puede ayudarte a entender mejor las caracter\u00edsticas y el vocabulario de cada estaci\u00f3n en checo.<\/p>\n<p><b>zimn\u00ed<\/b> &#8211; invernal<br \/>\n<font color=\"#2D3AC7\">Zimn\u00ed sporty jsou velmi popul\u00e1rn\u00ed.<\/font><br \/>\nLos deportes invernales son muy populares.<\/p>\n<p><b>letn\u00ed<\/b> &#8211; veraniego<br \/>\n<font color=\"#2D3AC7\">Letn\u00ed ve\u010dery jsou tepl\u00e9 a dlouh\u00e9.<\/font><br \/>\nLas noches de verano son c\u00e1lidas y largas.<\/p>\n<p><b>kr\u00e1tk\u00fd<\/b> &#8211; corto<br \/>\n<font color=\"#2D3AC7\">Zimn\u00ed dny jsou velmi kr\u00e1tk\u00e9.<\/font><br \/>\nLos d\u00edas de invierno son muy cortos.<\/p>\n<p><b>dlouh\u00fd<\/b> &#8211; largo<br \/>\n<font color=\"#2D3AC7\">Letn\u00ed dny jsou dlouh\u00e9 a sv\u011btl\u00e9.<\/font><br \/>\nLos d\u00edas de verano son largos y luminosos.<\/p>\n<p><b>tmav\u00fd<\/b> &#8211; oscuro<br \/>\n<font color=\"#2D3AC7\">Zimn\u00ed r\u00e1na jsou \u010dasto tmav\u00e1.<\/font><br \/>\nLas ma\u00f1anas de invierno son a menudo oscuras.<\/p>\n<p><b>sv\u011btl\u00fd<\/b> &#8211; luminoso<br \/>\n<font color=\"#2D3AC7\">Letn\u00ed odpoledne jsou sv\u011btl\u00e1 a slune\u010dn\u00e1.<\/font><br \/>\nLas tardes de verano son luminosas y soleadas.<\/p>\n<h3>Actividades y festividades<\/h3>\n<p>Cada estaci\u00f3n trae consigo actividades y festividades \u00fanicas. Aqu\u00ed hay algunas palabras y frases relacionadas con estas actividades en checo.<\/p>\n<p><b>v\u00e1noce<\/b> &#8211; Navidad<br \/>\n<font color=\"#2D3AC7\">V\u00e1noce jsou v prosinci.<\/font><br \/>\nLa Navidad es en diciembre.<\/p>\n<p><b>velikonoce<\/b> &#8211; Pascua<br \/>\n<font color=\"#2D3AC7\">Velikonoce jsou na ja\u0159e.<\/font><br \/>\nLa Pascua es en primavera.<\/p>\n<p><b>v\u00fdlet<\/b> &#8211; excursi\u00f3n<br \/>\n<font color=\"#2D3AC7\">V l\u00e9t\u011b r\u00e1di jezd\u00edme na v\u00fdlety.<\/font><br \/>\nEn verano nos gusta ir de excursi\u00f3n.<\/p>\n<p><b>grilov\u00e1n\u00ed<\/b> &#8211; parrillada<br \/>\n<font color=\"#2D3AC7\">Letn\u00ed ve\u010dery jsou ide\u00e1ln\u00ed pro grilov\u00e1n\u00ed.<\/font><br \/>\nLas noches de verano son ideales para parrilladas.<\/p>\n<p><b>ly\u017ea\u0159sk\u00e1 dovolen\u00e1<\/b> &#8211; vacaciones de esqu\u00ed<br \/>\n<font color=\"#2D3AC7\">Pl\u00e1nujeme ly\u017ea\u0159skou dovolenou v Alp\u00e1ch.<\/font><br \/>\nEstamos planeando unas vacaciones de esqu\u00ed en los Alpes.<\/p>\n<p><b>letn\u00ed dovolen\u00e1<\/b> &#8211; vacaciones de verano<br \/>\n<font color=\"#2D3AC7\">Letn\u00ed dovolen\u00e1 je nejlep\u0161\u00ed \u010das na odpo\u010dinek.<\/font><br \/>\nLas vacaciones de verano son el mejor momento para descansar.<\/p>\n<h2>Conclusi\u00f3n<\/h2>\n<p>El invierno y el verano en la Rep\u00fablica Checa ofrecen una variedad de experiencias y vocabulario que enriquecen el aprendizaje del idioma checo. Al familiarizarte con las palabras y frases clave para cada estaci\u00f3n, no solo mejorar\u00e1s tu vocabulario, sino que tambi\u00e9n ganar\u00e1s una comprensi\u00f3n m\u00e1s profunda de la cultura y la vida cotidiana en la Rep\u00fablica Checa.<\/p>\n<p>Esperamos que este art\u00edculo te haya proporcionado una visi\u00f3n clara y \u00fatil de c\u00f3mo se describe el invierno y el verano en checo. \u00a1Feliz aprendizaje!<\/p>\n","protected":false},"featured_media":1527971,"template":"","vocabulary_language":[4139],"class_list":["post-733931","vocabulary","type-vocabulary","status-publish","has-post-thumbnail","hentry","vocabulary_language-checo"],"acf":[],"yoast_head":"<!-- This site is optimized with the Yoast SEO Premium plugin v27.2 (Yoast SEO v27.2) - https:\/\/yoast.com\/product\/yoast-seo-premium-wordpress\/ -->\n<title>Zima vs. L\u00e9to - Invierno versus verano en checo - Talkpal<\/title>\n<meta name=\"description\" content=\"Cuando se aprende un nuevo idioma, uno de los temas m\u00e1s interesantes es c\u00f3mo se expresan las estaciones del a\u00f1o y las caracter\u00edsticas asociadas con cada\" \/>\n<meta name=\"robots\" content=\"index, follow, max-snippet:-1, max-image-preview:large, max-video-preview:-1\" \/>\n<link rel=\"canonical\" href=\"https:\/\/talkpal.ai\/es\/vocabulary\/zima-vs-leto-invierno-versus-verano-en-checo\/\" \/>\n<meta property=\"og:locale\" content=\"es_ES\" \/>\n<meta property=\"og:type\" content=\"article\" \/>\n<meta property=\"og:title\" content=\"Zima vs. L\u00e9to - Invierno versus verano en checo\" \/>\n<meta property=\"og:description\" content=\"Cuando se aprende un nuevo idioma, uno de los temas m\u00e1s interesantes es c\u00f3mo se expresan las estaciones del a\u00f1o y las caracter\u00edsticas asociadas con cada\" \/>\n<meta property=\"og:url\" content=\"https:\/\/talkpal.ai\/es\/vocabulary\/zima-vs-leto-invierno-versus-verano-en-checo\/\" \/>\n<meta property=\"og:site_name\" content=\"Talkpal\" \/>\n<meta property=\"article:publisher\" content=\"https:\/\/www.facebook.com\/profile.php?id=100090733639311\" \/>\n<meta property=\"article:modified_time\" content=\"2025-12-26T13:45:50+00:00\" \/>\n<meta property=\"og:image\" content=\"https:\/\/talkpal.ai\/wp-content\/uploads\/2024\/10\/talkpal_flat_illustration_of_a_employees_working_together_happi_c674ff77-e477-4e09-835a-01d30e561e99.png\" \/>\n\t<meta property=\"og:image:width\" content=\"1024\" \/>\n\t<meta property=\"og:image:height\" content=\"1024\" \/>\n\t<meta property=\"og:image:type\" content=\"image\/png\" \/>\n<meta name=\"twitter:card\" content=\"summary_large_image\" \/>\n<meta name=\"twitter:site\" content=\"@talkpalai\" \/>\n<meta name=\"twitter:label1\" content=\"Tiempo de lectura\" \/>\n\t<meta name=\"twitter:data1\" content=\"5 minutos\" \/>\n<script type=\"application\/ld+json\" class=\"yoast-schema-graph\">{\"@context\":\"https:\/\/schema.org\",\"@graph\":[{\"@type\":\"WebPage\",\"@id\":\"https:\/\/talkpal.ai\/es\/vocabulary\/zima-vs-leto-invierno-versus-verano-en-checo\/\",\"url\":\"https:\/\/talkpal.ai\/es\/vocabulary\/zima-vs-leto-invierno-versus-verano-en-checo\/\",\"name\":\"Zima vs. L\u00e9to - Invierno versus verano en checo - Talkpal\",\"isPartOf\":{\"@id\":\"https:\/\/talkpal.ai\/es\/#website\"},\"primaryImageOfPage\":{\"@id\":\"https:\/\/talkpal.ai\/es\/vocabulary\/zima-vs-leto-invierno-versus-verano-en-checo\/#primaryimage\"},\"image\":{\"@id\":\"https:\/\/talkpal.ai\/es\/vocabulary\/zima-vs-leto-invierno-versus-verano-en-checo\/#primaryimage\"},\"thumbnailUrl\":\"https:\/\/talkpal.ai\/wp-content\/uploads\/2025\/12\/students-study-at-night-to-learn-languages.webp\",\"datePublished\":\"2024-06-10T03:25:24+00:00\",\"dateModified\":\"2025-12-26T13:45:50+00:00\",\"description\":\"Cuando se aprende un nuevo idioma, uno de los temas m\u00e1s interesantes es c\u00f3mo se expresan las estaciones del a\u00f1o y las caracter\u00edsticas asociadas con cada\",\"breadcrumb\":{\"@id\":\"https:\/\/talkpal.ai\/es\/vocabulary\/zima-vs-leto-invierno-versus-verano-en-checo\/#breadcrumb\"},\"inLanguage\":\"es\",\"potentialAction\":[{\"@type\":\"ReadAction\",\"target\":[\"https:\/\/talkpal.ai\/es\/vocabulary\/zima-vs-leto-invierno-versus-verano-en-checo\/\"]}]},{\"@type\":\"ImageObject\",\"inLanguage\":\"es\",\"@id\":\"https:\/\/talkpal.ai\/es\/vocabulary\/zima-vs-leto-invierno-versus-verano-en-checo\/#primaryimage\",\"url\":\"https:\/\/talkpal.ai\/wp-content\/uploads\/2025\/12\/students-study-at-night-to-learn-languages.webp\",\"contentUrl\":\"https:\/\/talkpal.ai\/wp-content\/uploads\/2025\/12\/students-study-at-night-to-learn-languages.webp\",\"width\":1200,\"height\":896,\"caption\":\"Four students sit around a table at night in a library with lanterns for learning languages.\"},{\"@type\":\"BreadcrumbList\",\"@id\":\"https:\/\/talkpal.ai\/es\/vocabulary\/zima-vs-leto-invierno-versus-verano-en-checo\/#breadcrumb\",\"itemListElement\":[{\"@type\":\"ListItem\",\"position\":1,\"name\":\"Homepage\",\"item\":\"https:\/\/talkpal.ai\/es\/\"},{\"@type\":\"ListItem\",\"position\":2,\"name\":\"Zima vs. L\u00e9to &#8211; Invierno versus verano en checo\"}]},{\"@type\":\"WebSite\",\"@id\":\"https:\/\/talkpal.ai\/es\/#website\",\"url\":\"https:\/\/talkpal.ai\/es\/\",\"name\":\"Talkpal\",\"description\":\"AI Language Learning\",\"publisher\":{\"@id\":\"https:\/\/talkpal.ai\/es\/#organization\"},\"alternateName\":\"Talkpal AI\",\"potentialAction\":[{\"@type\":\"SearchAction\",\"target\":{\"@type\":\"EntryPoint\",\"urlTemplate\":\"https:\/\/talkpal.ai\/es\/?s={search_term_string}\"},\"query-input\":{\"@type\":\"PropertyValueSpecification\",\"valueRequired\":true,\"valueName\":\"search_term_string\"}}],\"inLanguage\":\"es\"},{\"@type\":\"Organization\",\"@id\":\"https:\/\/talkpal.ai\/es\/#organization\",\"name\":\"Talkpal, Inc.\",\"alternateName\":\"Talkpal AI\",\"url\":\"https:\/\/talkpal.ai\/es\/\",\"logo\":{\"@type\":\"ImageObject\",\"inLanguage\":\"es\",\"@id\":\"https:\/\/talkpal.ai\/es\/#\/schema\/logo\/image\/\",\"url\":\"https:\/\/talkpal.ai\/wp-content\/uploads\/2024\/03\/Talkpal-Logo-Icon.png\",\"contentUrl\":\"https:\/\/talkpal.ai\/wp-content\/uploads\/2024\/03\/Talkpal-Logo-Icon.png\",\"width\":2880,\"height\":2880,\"caption\":\"Talkpal, Inc.\"},\"image\":{\"@id\":\"https:\/\/talkpal.ai\/es\/#\/schema\/logo\/image\/\"},\"sameAs\":[\"https:\/\/www.facebook.com\/profile.php?id=100090733639311\",\"https:\/\/x.com\/talkpalai\",\"https:\/\/www.linkedin.com\/company\/talkpal\/\",\"https:\/\/www.youtube.com\/@TalkPal\/\",\"https:\/\/www.tiktok.com\/@talkpal\",\"https:\/\/www.instagram.com\/talkpal_ai\/\",\"https:\/\/www.crunchbase.com\/organization\/talkpal-9cde\",\"https:\/\/www.g2.com\/products\/talkpal-for-business\/\",\"https:\/\/www.trustpilot.com\/review\/talkpal.ai\",\"https:\/\/www.capterra.com\/p\/10006800\/TalkPal\/\"],\"description\":\"Talkpal is a language learning web and mobile education app, powered by the latest AI technologies, that provides engaging experiences to its customers in many different languages to help them improve their language skills. Users can chat about unlimited amount of topics with the app and use other modes to practice their language learning.\",\"email\":\"support@talkpal.ai\",\"legalName\":\"Talkpal, Inc.\",\"foundingDate\":\"2023-04-03\",\"duns\":\"118989042\",\"numberOfEmployees\":{\"@type\":\"QuantitativeValue\",\"minValue\":\"11\",\"maxValue\":\"50\"},\"publishingPrinciples\":\"https:\/\/talkpal.ai\/publishing-principles\/\",\"actionableFeedbackPolicy\":\"https:\/\/talkpal.ai\/actionable-feedback-policy\/\",\"correctionsPolicy\":\"https:\/\/talkpal.ai\/corrections-policy\/\",\"ethicsPolicy\":\"https:\/\/talkpal.ai\/ethics-policy\/\",\"diversityPolicy\":\"https:\/\/talkpal.ai\/diversity-policy\/\",\"diversityStaffingReport\":\"https:\/\/talkpal.ai\/diversity-policy\/\"}]}<\/script>\n<!-- \/ Yoast SEO Premium plugin. -->","yoast_head_json":{"title":"Zima vs. L\u00e9to - Invierno versus verano en checo - Talkpal","description":"Cuando se aprende un nuevo idioma, uno de los temas m\u00e1s interesantes es c\u00f3mo se expresan las estaciones del a\u00f1o y las caracter\u00edsticas asociadas con cada","robots":{"index":"index","follow":"follow","max-snippet":"max-snippet:-1","max-image-preview":"max-image-preview:large","max-video-preview":"max-video-preview:-1"},"canonical":"https:\/\/talkpal.ai\/es\/vocabulary\/zima-vs-leto-invierno-versus-verano-en-checo\/","og_locale":"es_ES","og_type":"article","og_title":"Zima vs. L\u00e9to - Invierno versus verano en checo","og_description":"Cuando se aprende un nuevo idioma, uno de los temas m\u00e1s interesantes es c\u00f3mo se expresan las estaciones del a\u00f1o y las caracter\u00edsticas asociadas con cada","og_url":"https:\/\/talkpal.ai\/es\/vocabulary\/zima-vs-leto-invierno-versus-verano-en-checo\/","og_site_name":"Talkpal","article_publisher":"https:\/\/www.facebook.com\/profile.php?id=100090733639311","article_modified_time":"2025-12-26T13:45:50+00:00","og_image":[{"width":1024,"height":1024,"url":"https:\/\/talkpal.ai\/wp-content\/uploads\/2024\/10\/talkpal_flat_illustration_of_a_employees_working_together_happi_c674ff77-e477-4e09-835a-01d30e561e99.png","type":"image\/png"}],"twitter_card":"summary_large_image","twitter_site":"@talkpalai","twitter_misc":{"Tiempo de lectura":"5 minutos"},"schema":{"@context":"https:\/\/schema.org","@graph":[{"@type":"WebPage","@id":"https:\/\/talkpal.ai\/es\/vocabulary\/zima-vs-leto-invierno-versus-verano-en-checo\/","url":"https:\/\/talkpal.ai\/es\/vocabulary\/zima-vs-leto-invierno-versus-verano-en-checo\/","name":"Zima vs. L\u00e9to - Invierno versus verano en checo - Talkpal","isPartOf":{"@id":"https:\/\/talkpal.ai\/es\/#website"},"primaryImageOfPage":{"@id":"https:\/\/talkpal.ai\/es\/vocabulary\/zima-vs-leto-invierno-versus-verano-en-checo\/#primaryimage"},"image":{"@id":"https:\/\/talkpal.ai\/es\/vocabulary\/zima-vs-leto-invierno-versus-verano-en-checo\/#primaryimage"},"thumbnailUrl":"https:\/\/talkpal.ai\/wp-content\/uploads\/2025\/12\/students-study-at-night-to-learn-languages.webp","datePublished":"2024-06-10T03:25:24+00:00","dateModified":"2025-12-26T13:45:50+00:00","description":"Cuando se aprende un nuevo idioma, uno de los temas m\u00e1s interesantes es c\u00f3mo se expresan las estaciones del a\u00f1o y las caracter\u00edsticas asociadas con cada","breadcrumb":{"@id":"https:\/\/talkpal.ai\/es\/vocabulary\/zima-vs-leto-invierno-versus-verano-en-checo\/#breadcrumb"},"inLanguage":"es","potentialAction":[{"@type":"ReadAction","target":["https:\/\/talkpal.ai\/es\/vocabulary\/zima-vs-leto-invierno-versus-verano-en-checo\/"]}]},{"@type":"ImageObject","inLanguage":"es","@id":"https:\/\/talkpal.ai\/es\/vocabulary\/zima-vs-leto-invierno-versus-verano-en-checo\/#primaryimage","url":"https:\/\/talkpal.ai\/wp-content\/uploads\/2025\/12\/students-study-at-night-to-learn-languages.webp","contentUrl":"https:\/\/talkpal.ai\/wp-content\/uploads\/2025\/12\/students-study-at-night-to-learn-languages.webp","width":1200,"height":896,"caption":"Four students sit around a table at night in a library with lanterns for learning languages."},{"@type":"BreadcrumbList","@id":"https:\/\/talkpal.ai\/es\/vocabulary\/zima-vs-leto-invierno-versus-verano-en-checo\/#breadcrumb","itemListElement":[{"@type":"ListItem","position":1,"name":"Homepage","item":"https:\/\/talkpal.ai\/es\/"},{"@type":"ListItem","position":2,"name":"Zima vs. L\u00e9to &#8211; Invierno versus verano en checo"}]},{"@type":"WebSite","@id":"https:\/\/talkpal.ai\/es\/#website","url":"https:\/\/talkpal.ai\/es\/","name":"Talkpal","description":"AI Language Learning","publisher":{"@id":"https:\/\/talkpal.ai\/es\/#organization"},"alternateName":"Talkpal AI","potentialAction":[{"@type":"SearchAction","target":{"@type":"EntryPoint","urlTemplate":"https:\/\/talkpal.ai\/es\/?s={search_term_string}"},"query-input":{"@type":"PropertyValueSpecification","valueRequired":true,"valueName":"search_term_string"}}],"inLanguage":"es"},{"@type":"Organization","@id":"https:\/\/talkpal.ai\/es\/#organization","name":"Talkpal, Inc.","alternateName":"Talkpal AI","url":"https:\/\/talkpal.ai\/es\/","logo":{"@type":"ImageObject","inLanguage":"es","@id":"https:\/\/talkpal.ai\/es\/#\/schema\/logo\/image\/","url":"https:\/\/talkpal.ai\/wp-content\/uploads\/2024\/03\/Talkpal-Logo-Icon.png","contentUrl":"https:\/\/talkpal.ai\/wp-content\/uploads\/2024\/03\/Talkpal-Logo-Icon.png","width":2880,"height":2880,"caption":"Talkpal, Inc."},"image":{"@id":"https:\/\/talkpal.ai\/es\/#\/schema\/logo\/image\/"},"sameAs":["https:\/\/www.facebook.com\/profile.php?id=100090733639311","https:\/\/x.com\/talkpalai","https:\/\/www.linkedin.com\/company\/talkpal\/","https:\/\/www.youtube.com\/@TalkPal\/","https:\/\/www.tiktok.com\/@talkpal","https:\/\/www.instagram.com\/talkpal_ai\/","https:\/\/www.crunchbase.com\/organization\/talkpal-9cde","https:\/\/www.g2.com\/products\/talkpal-for-business\/","https:\/\/www.trustpilot.com\/review\/talkpal.ai","https:\/\/www.capterra.com\/p\/10006800\/TalkPal\/"],"description":"Talkpal is a language learning web and mobile education app, powered by the latest AI technologies, that provides engaging experiences to its customers in many different languages to help them improve their language skills. Users can chat about unlimited amount of topics with the app and use other modes to practice their language learning.","email":"support@talkpal.ai","legalName":"Talkpal, Inc.","foundingDate":"2023-04-03","duns":"118989042","numberOfEmployees":{"@type":"QuantitativeValue","minValue":"11","maxValue":"50"},"publishingPrinciples":"https:\/\/talkpal.ai\/publishing-principles\/","actionableFeedbackPolicy":"https:\/\/talkpal.ai\/actionable-feedback-policy\/","correctionsPolicy":"https:\/\/talkpal.ai\/corrections-policy\/","ethicsPolicy":"https:\/\/talkpal.ai\/ethics-policy\/","diversityPolicy":"https:\/\/talkpal.ai\/diversity-policy\/","diversityStaffingReport":"https:\/\/talkpal.ai\/diversity-policy\/"}]}},"_links":{"self":[{"href":"https:\/\/talkpal.ai\/es\/wp-json\/wp\/v2\/vocabulary\/733931","targetHints":{"allow":["GET"]}}],"collection":[{"href":"https:\/\/talkpal.ai\/es\/wp-json\/wp\/v2\/vocabulary"}],"about":[{"href":"https:\/\/talkpal.ai\/es\/wp-json\/wp\/v2\/types\/vocabulary"}],"wp:featuredmedia":[{"embeddable":true,"href":"https:\/\/talkpal.ai\/es\/wp-json\/wp\/v2\/media\/1527971"}],"wp:attachment":[{"href":"https:\/\/talkpal.ai\/es\/wp-json\/wp\/v2\/media?parent=733931"}],"wp:term":[{"taxonomy":"vocabulary_language","embeddable":true,"href":"https:\/\/talkpal.ai\/es\/wp-json\/wp\/v2\/vocabulary_language?post=733931"}],"curies":[{"name":"wp","href":"https:\/\/api.w.org\/{rel}","templated":true}]}}