{"id":715357,"date":"2024-06-08T16:40:48","date_gmt":"2024-06-08T16:40:48","guid":{"rendered":"https:\/\/talkpal.ai\/vocabulary\/adjetivos-descriptivos-en-macedonio\/"},"modified":"2024-06-08T16:40:48","modified_gmt":"2024-06-08T16:40:48","slug":"adjetivos-descriptivos-en-macedonio","status":"publish","type":"vocabulary","link":"https:\/\/talkpal.ai\/es\/vocabulary\/adjetivos-descriptivos-en-macedonio\/","title":{"rendered":"Adjetivos descriptivos en macedonio"},"content":{"rendered":"<p>El <a href=\"https:\/\/talkpal.ai\/learn-macedonian\/\">macedonio<\/a> es una lengua eslava del sur hablada principalmente en <a href=\"https:\/\/talkpal.ai\/learn-macedonian\/\">Macedonia<\/a> del Norte. <a href=\"https:\/\/talkpal.ai\/locations\/language-courses-in-como\/\">Como<\/a> en muchas lenguas, los adjetivos descriptivos en macedonio son esenciales para proporcionar detalles y matices a nuestras descripciones. En este art\u00edculo, exploraremos algunos de los adjetivos descriptivos m\u00e1s comunes en macedonio, proporcionaremos sus definiciones y veremos c\u00f3mo se utilizan en oraciones.<\/p>\n<h2>Adjetivos b\u00e1sicos<\/h2>\n<p><b>\u0433\u043e\u043b\u0435\u043c<\/b> &#8211; grande<br \/>\nEste adjetivo se utiliza para describir algo de tama\u00f1o considerable.<\/p>\n<p><font color=\"#2D3AC7\">\u041a\u0443\u045c\u0430\u0442\u0430 \u0435 \u043c\u043d\u043e\u0433\u0443 \u0433\u043e\u043b\u0435\u043c\u0430.<\/font><\/p>\n<p><b>\u043c\u0430\u043b<\/b> &#8211; peque\u00f1o<br \/>\nContrario a \u00ab\u0433\u043e\u043b\u0435\u043c\u00bb, este adjetivo se <a href=\"https:\/\/talkpal.ai\/locations\/learn-english-in-usa\/\">usa<\/a> para describir algo de tama\u00f1o reducido.<\/p>\n<p><font color=\"#2D3AC7\">\u041c\u0430\u0447\u043a\u0430\u0442\u0430 \u0435 \u043c\u043d\u043e\u0433\u0443 \u043c\u0430\u043b\u0430.<\/font><\/p>\n<p><b>\u0443\u0431\u0430\u0432<\/b> &#8211; <a href=\"https:\/\/talkpal.ai\/locations\/language-courses-in-bonito\/\">bonito<\/a>, hermoso<br \/>\nSe usa para describir algo o alguien que es agradable a la <a href=\"https:\/\/talkpal.ai\/locations\/language-courses-in-vista\/\">vista<\/a>.<\/p>\n<p><font color=\"#2D3AC7\">\u0426\u0432\u0435\u0442\u043e\u0442 \u0435 \u043c\u043d\u043e\u0433\u0443 \u0443\u0431\u0430\u0432.<\/font><\/p>\n<p><b>\u0433\u0440\u0434<\/b> &#8211; feo<br \/>\nEste adjetivo se emplea para describir algo o alguien que no es agradable a la vista.<\/p>\n<p><font color=\"#2D3AC7\">\u0417\u0433\u0440\u0430\u0434\u0430\u0442\u0430 \u0435 \u043c\u043d\u043e\u0433\u0443 \u0433\u0440\u0434\u0430.<\/font><\/p>\n<p><b>\u0432\u0438\u0441\u043e\u043a<\/b> &#8211; alto<br \/>\nSe usa para describir la altura de una persona o cosa.<\/p>\n<p><font color=\"#2D3AC7\">\u0422\u043e\u0458 \u0435 \u043c\u043d\u043e\u0433\u0443 \u0432\u0438\u0441\u043e\u043a.<\/font><\/p>\n<p><b>\u043d\u0438\u0437\u043e\u043a<\/b> &#8211; bajo<br \/>\nContrario a \u00ab\u0432\u0438\u0441\u043e\u043a\u00bb, se utiliza para describir a alguien o algo de poca altura.<\/p>\n<p><font color=\"#2D3AC7\">\u0421\u0435\u0441\u0442\u0440\u0430 \u043c\u0438 \u0435 \u043c\u043d\u043e\u0433\u0443 \u043d\u0438\u0441\u043a\u0430.<\/font><\/p>\n<h2>Adjetivos de color<\/h2>\n<p><b>\u0446\u0440\u0432\u0435\u043d<\/b> &#8211; rojo<br \/>\nEste adjetivo se usa para describir el color rojo.<\/p>\n<p><font color=\"#2D3AC7\">\u0408\u0430\u0431\u043e\u043b\u043a\u043e\u0442\u043e \u0435 \u0446\u0440\u0432\u0435\u043d\u043e.<\/font><\/p>\n<p><b>\u0441\u0438\u043d<\/b> &#8211; <a href=\"https:\/\/talkpal.ai\/locations\/language-courses-in-azul\/\">azul<\/a><br \/>\nSe emplea para describir el color azul.<\/p>\n<p><font color=\"#2D3AC7\">\u041d\u0435\u0431\u043e\u0442\u043e \u0435 \u0441\u0438\u043d\u043e.<\/font><\/p>\n<p><b>\u0436\u043e\u043b\u0442<\/b> &#8211; amarillo<br \/>\nEste adjetivo describe el color amarillo.<\/p>\n<p><font color=\"#2D3AC7\">\u0421\u043e\u043d\u0447\u043e\u0433\u043b\u0435\u0434\u043e\u0442 \u0435 \u0436\u043e\u043b\u0442.<\/font><\/p>\n<p><b>\u0437\u0435\u043b\u0435\u043d<\/b> &#8211; verde<br \/>\nSe usa para describir el color verde.<\/p>\n<p><font color=\"#2D3AC7\">\u0422\u0440\u0435\u0432\u0430\u0442\u0430 \u0435 \u0437\u0435\u043b\u0435\u043d\u0430.<\/font><\/p>\n<p><b>\u0446\u0440\u043d<\/b> &#8211; negro<br \/>\nEste adjetivo se emplea para describir el color negro.<\/p>\n<p><font color=\"#2D3AC7\">\u041d\u043e\u045c\u0442\u0430 \u0435 \u0446\u0440\u043d\u0430.<\/font><\/p>\n<p><b>\u0431\u0435\u043b<\/b> &#8211; blanco<br \/>\nSe usa para describir el color blanco.<\/p>\n<p><font color=\"#2D3AC7\">\u0421\u043d\u0435\u0433\u043e\u0442 \u0435 \u0431\u0435\u043b.<\/font><\/p>\n<h2>Adjetivos de estado y condici\u00f3n<\/h2>\n<p><b>\u0441\u0440\u0435\u045c\u0435\u043d<\/b> &#8211; feliz<br \/>\nSe usa para describir a alguien que est\u00e1 contento.<\/p>\n<p><font color=\"#2D3AC7\">\u0422\u043e\u0458 \u0435 \u043c\u043d\u043e\u0433\u0443 \u0441\u0440\u0435\u045c\u0435\u043d.<\/font><\/p>\n<p><b>\u0442\u0430\u0436\u0435\u043d<\/b> &#8211; triste<br \/>\nContrario a \u00ab\u0441\u0440\u0435\u045c\u0435\u043d\u00bb, se emplea para describir a alguien que no est\u00e1 contento.<\/p>\n<p><font color=\"#2D3AC7\">\u0422\u0430\u0430 \u0435 \u043c\u043d\u043e\u0433\u0443 \u0442\u0430\u0436\u043d\u0430.<\/font><\/p>\n<p><b>\u0431\u043e\u043b\u0435\u043d<\/b> &#8211; enfermo<br \/>\nEste adjetivo se usa para describir a alguien que no est\u00e1 bien de salud.<\/p>\n<p><font color=\"#2D3AC7\">\u0422\u043e\u0458 \u0435 \u0431\u043e\u043b\u0435\u043d \u0434\u0435\u043d\u0435\u0441.<\/font><\/p>\n<p><b>\u0437\u0434\u0440\u0430\u0432<\/b> &#8211; sano<br \/>\nContrario a \u00ab\u0431\u043e\u043b\u0435\u043d\u00bb, se emplea para describir a alguien que est\u00e1 bien de salud.<\/p>\n<p><font color=\"#2D3AC7\">\u0422\u0430\u0430 \u0435 \u043c\u043d\u043e\u0433\u0443 \u0437\u0434\u0440\u0430\u0432\u0430.<\/font><\/p>\n<p><b>\u0443\u043c\u043e\u0440\u0435\u043d<\/b> &#8211; cansado<br \/>\nSe usa para describir a alguien que necesita descansar.<\/p>\n<p><font color=\"#2D3AC7\">\u0422\u043e\u0458 \u0435 \u043c\u043d\u043e\u0433\u0443 \u0443\u043c\u043e\u0440\u0435\u043d.<\/font><\/p>\n<p><b>\u0431\u0443\u0434\u0435\u043d<\/b> &#8211; despierto<br \/>\nContrario a \u00ab\u0443\u043c\u043e\u0440\u0435\u043d\u00bb, se emplea para describir a alguien que est\u00e1 alerta y no tiene sue\u00f1o.<\/p>\n<p><font color=\"#2D3AC7\">\u0422\u0430\u0430 \u0435 \u0431\u0443\u0434\u043d\u0430 \u0440\u0430\u043d\u043e \u043d\u0430\u0443\u0442\u0440\u043e.<\/font><\/p>\n<h2>Adjetivos de personalidad<\/h2>\n<p><b>\u043f\u0430\u043c\u0435\u0442\u0435\u043d<\/b> &#8211; inteligente<br \/>\nSe usa para describir a alguien que es listo o tiene una buena capacidad mental.<\/p>\n<p><font color=\"#2D3AC7\">\u041c\u043e\u0458\u043e\u0442 \u043f\u0440\u0438\u0458\u0430\u0442\u0435\u043b \u0435 \u043c\u043d\u043e\u0433\u0443 \u043f\u0430\u043c\u0435\u0442\u0435\u043d.<\/font><\/p>\n<p><b>\u0433\u043b\u0443\u043f\u0430\u0432<\/b> &#8211; tonto<br \/>\nContrario a \u00ab\u043f\u0430\u043c\u0435\u0442\u0435\u043d\u00bb, se emplea para describir a alguien que no es muy listo.<\/p>\n<p><font color=\"#2D3AC7\">\u0422\u043e\u0458 \u043d\u0430\u043f\u0440\u0430\u0432\u0438 \u0433\u043b\u0443\u043f\u0430\u0432\u0430 \u0433\u0440\u0435\u0448\u043a\u0430.<\/font><\/p>\n<p><b>\u0459\u0443\u0431\u0435\u0437\u0435\u043d<\/b> &#8211; amable<br \/>\nSe usa para describir a alguien que es cort\u00e9s y considerado.<\/p>\n<p><font color=\"#2D3AC7\">\u0422\u0430\u0430 \u0435 \u043c\u043d\u043e\u0433\u0443 \u0459\u0443\u0431\u0435\u0437\u043d\u0430 \u0441\u043e \u0441\u0438\u0442\u0435.<\/font><\/p>\n<p><b>\u0433\u0440\u0443\u0431<\/b> &#8211; grosero<br \/>\nContrario a \u00ab\u0459\u0443\u0431\u0435\u0437\u0435\u043d\u00bb, se emplea para describir a alguien que no es cort\u00e9s.<\/p>\n<p><font color=\"#2D3AC7\">\u0422\u043e\u0458 \u0431\u0435\u0448\u0435 \u043c\u043d\u043e\u0433\u0443 \u0433\u0440\u0443\u0431 \u0441\u043e \u043c\u0435\u043d\u0435.<\/font><\/p>\n<p><b>\u0445\u0440\u0430\u0431\u0430\u0440<\/b> &#8211; valiente<br \/>\nSe usa para describir a alguien que tiene valor.<\/p>\n<p><font color=\"#2D3AC7\">\u0422\u043e\u0458 \u0435 \u0445\u0440\u0430\u0431\u0430\u0440 \u0432\u043e\u0458\u043d\u0438\u043a.<\/font><\/p>\n<p><b>\u043f\u043b\u0430\u0448\u043b\u0438\u0432<\/b> &#8211; miedoso<br \/>\nContrario a \u00ab\u0445\u0440\u0430\u0431\u0430\u0440\u00bb, se emplea para describir a alguien que tiene miedo.<\/p>\n<p><font color=\"#2D3AC7\">\u0422\u0430\u0430 \u0435 \u043c\u043d\u043e\u0433\u0443 \u043f\u043b\u0430\u0448\u043b\u0438\u0432\u0430.<\/font><\/p>\n<h2>Adjetivos de tiempo y frecuencia<\/h2>\n<p><b>\u0431\u0440\u0437<\/b> &#8211; r\u00e1pido<br \/>\nSe usa para describir algo o alguien que se mueve a gran velocidad.<\/p>\n<p><font color=\"#2D3AC7\">\u0422\u043e\u0458 \u0435 \u0431\u0440\u0437 \u0442\u0440\u043a\u0430\u0447.<\/font><\/p>\n<p><b>\u0431\u0430\u0432\u0435\u043d<\/b> &#8211; lento<br \/>\nContrario a \u00ab\u0431\u0440\u0437\u00bb, se emplea para describir algo o alguien que se mueve a baja velocidad.<\/p>\n<p><font color=\"#2D3AC7\">\u041e\u0432\u043e\u0458 \u0430\u0432\u0442\u043e\u0431\u0443\u0441 \u0435 \u043c\u043d\u043e\u0433\u0443 \u0431\u0430\u0432\u0435\u043d.<\/font><\/p>\n<p><b>\u043d\u043e\u0432<\/b> &#8211; nuevo<br \/>\nSe usa para describir algo que ha sido recientemente creado o adquirido.<\/p>\n<p><font color=\"#2D3AC7\">\u0418\u043c\u0430\u043c \u043d\u043e\u0432 \u0442\u0435\u043b\u0435\u0444\u043e\u043d.<\/font><\/p>\n<p><b>\u0441\u0442\u0430\u0440<\/b> &#8211; viejo<br \/>\nContrario a \u00ab\u043d\u043e\u0432\u00bb, se emplea para describir algo que ha existido por mucho tiempo.<\/p>\n<p><font color=\"#2D3AC7\">\u041e\u0432\u0430\u0430 \u043a\u043d\u0438\u0433\u0430 \u0435 \u043c\u043d\u043e\u0433\u0443 \u0441\u0442\u0430\u0440\u0430.<\/font><\/p>\n<p><b>\u0447\u0435\u0441\u0442<\/b> &#8211; frecuente<br \/>\nSe usa para describir algo que ocurre con regularidad.<\/p>\n<p><font color=\"#2D3AC7\">\u0422\u043e\u0430 \u0435 \u0447\u0435\u0441\u0442 \u043f\u0440\u043e\u0431\u043b\u0435\u043c.<\/font><\/p>\n<p><b>\u0440\u0435\u0434\u043e\u043a<\/b> &#8211; raro<br \/>\nContrario a \u00ab\u0447\u0435\u0441\u0442\u00bb, se emplea para describir algo que no ocurre a menudo.<\/p>\n<p><font color=\"#2D3AC7\">\u0422\u043e\u0430 \u0435 \u0440\u0435\u0434\u043e\u043a \u0444\u0435\u043d\u043e\u043c\u0435\u043d.<\/font><\/p>\n<h2>Adjetivos de cantidad<\/h2>\n<p><b>\u043c\u043d\u043e\u0433\u0443<\/b> &#8211; mucho<br \/>\nSe usa para describir una gran cantidad de algo.<\/p>\n<p><font color=\"#2D3AC7\">\u0418\u043c\u0430\u043c \u043c\u043d\u043e\u0433\u0443 \u0440\u0430\u0431\u043e\u0442\u0430.<\/font><\/p>\n<p><b>\u043c\u0430\u043b\u043a\u0443<\/b> &#8211; poco<br \/>\nContrario a \u00ab\u043c\u043d\u043e\u0433\u0443\u00bb, se emplea para describir una peque\u00f1a cantidad de algo.<\/p>\n<p><font color=\"#2D3AC7\">\u0418\u043c\u0430\u043c \u043c\u0430\u043b\u043a\u0443 \u0432\u0440\u0435\u043c\u0435.<\/font><\/p>\n<p><b>\u0446\u0435\u043b<\/b> &#8211; todo<br \/>\nSe usa para describir la totalidad de algo.<\/p>\n<p><font color=\"#2D3AC7\">\u0408\u0430\u0434\u0435\u0432 \u0446\u0435\u043b\u0430\u0442\u0430 \u0442\u043e\u0440\u0442\u0430.<\/font><\/p>\n<p><b>\u0434\u0435\u043b<\/b> &#8211; parte<br \/>\nContrario a \u00ab\u0446\u0435\u043b\u00bb, se emplea para describir una porci\u00f3n de algo.<\/p>\n<p><font color=\"#2D3AC7\">\u0408\u0430\u0434\u0435\u0432 \u0434\u0435\u043b \u043e\u0434 \u0442\u043e\u0440\u0442\u0430\u0442\u0430.<\/font><\/p>\n<p><b>\u0434\u043e\u0441\u0442\u0430<\/b> &#8211; suficiente<br \/>\nSe usa para describir una cantidad adecuada o necesaria de algo.<\/p>\n<p><font color=\"#2D3AC7\">\u0418\u043c\u0430\u043c\u0435 \u0434\u043e\u0441\u0442\u0430 \u0445\u0440\u0430\u043d\u0430.<\/font><\/p>\n<p><b>\u043d\u0435\u0434\u043e\u0432\u043e\u043b\u043d\u043e<\/b> &#8211; insuficiente<br \/>\nContrario a \u00ab\u0434\u043e\u0441\u0442\u0430\u00bb, se emplea para describir una cantidad que no es adecuada o necesaria.<\/p>\n<p><font color=\"#2D3AC7\">\u0418\u043c\u0430\u043c\u0435 \u043d\u0435\u0434\u043e\u0432\u043e\u043b\u043d\u043e \u0445\u0440\u0430\u043d\u0430.<\/font><\/p>\n<h2>Adjetivos de relaci\u00f3n<\/h2>\n<p><b>\u0441\u0435\u043c\u0435\u0435\u043d<\/b> &#8211; familiar<br \/>\nSe usa para describir algo relacionado con la familia.<\/p>\n<p><font color=\"#2D3AC7\">\u041e\u0432\u0430 \u0435 \u0441\u0435\u043c\u0435\u0435\u043d \u043d\u0430\u0441\u0442\u0430\u043d.<\/font><\/p>\n<p><b>\u043f\u0440\u043e\u0444\u0435\u0441\u0438\u043e\u043d\u0430\u043b\u0435\u043d<\/b> &#8211; profesional<br \/>\nSe emplea para describir algo relacionado con una profesi\u00f3n o carrera.<\/p>\n<p><font color=\"#2D3AC7\">\u0422\u043e\u0458 \u0435 \u043f\u0440\u043e\u0444\u0435\u0441\u0438\u043e\u043d\u0430\u043b\u0435\u043d \u0441\u043f\u043e\u0440\u0442\u0438\u0441\u0442.<\/font><\/p>\n<p><b>\u043b\u0438\u0447\u0435\u043d<\/b> &#8211; personal<br \/>\nSe usa para describir algo que pertenece o se relaciona con una persona en particular.<\/p>\n<p><font color=\"#2D3AC7\">\u041e\u0432\u0430 \u0435 \u043c\u043e\u0458\u043e\u0442 \u043b\u0438\u0447\u0435\u043d \u0434\u043d\u0435\u0432\u043d\u0438\u043a.<\/font><\/p>\n<p><b>\u043e\u043f\u0448\u0442\u0435\u0441\u0442\u0432\u0435\u043d<\/b> &#8211; social<br \/>\nSe emplea para describir algo relacionado con la sociedad o comunidad.<\/p>\n<p><font color=\"#2D3AC7\">\u0422\u043e\u0430 \u0435 \u043e\u043f\u0448\u0442\u0435\u0441\u0442\u0432\u0435\u043d \u043f\u0440\u043e\u0431\u043b\u0435\u043c.<\/font><\/p>\n<p><b>\u043d\u0430\u0446\u0438\u043e\u043d\u0430\u043b\u0435\u043d<\/b> &#8211; nacional<br \/>\nSe usa para describir algo relacionado con una naci\u00f3n o pa\u00eds.<\/p>\n<p><font color=\"#2D3AC7\">\u0422\u043e\u0430 \u0435 \u043d\u0430\u0446\u0438\u043e\u043d\u0430\u043b\u0435\u043d \u043f\u0440\u0430\u0437\u043d\u0438\u043a.<\/font><\/p>\n<p><b>\u043c\u0435\u0453\u0443\u043d\u0430\u0440\u043e\u0434\u0435\u043d<\/b> &#8211; internacional<br \/>\nSe emplea para describir algo que involucra a m\u00faltiples pa\u00edses o naciones.<\/p>\n<p><font color=\"#2D3AC7\">\u041e\u0432\u0430 \u0435 \u043c\u0435\u0453\u0443\u043d\u0430\u0440\u043e\u0434\u0435\u043d \u0434\u043e\u0433\u043e\u0432\u043e\u0440.<\/font><\/p>\n<h3>Conclusi\u00f3n<\/h3>\n<p>Los adjetivos descriptivos en macedonio son herramientas poderosas que nos permiten a\u00f1adir detalles y matices a nuestras descripciones. Al aprender y utilizar estos adjetivos, puedes mejorar significativamente tu capacidad para comunicarte de manera efectiva en macedonio. Recuerda practicar regularmente y usar estos adjetivos en tus conversaciones diarias para familiarizarte m\u00e1s con ellos. \u00a1Buena suerte en tu viaje de aprendizaje del macedonio!<\/p>\n","protected":false},"featured_media":1527870,"template":"","vocabulary_language":[4152],"class_list":["post-715357","vocabulary","type-vocabulary","status-publish","has-post-thumbnail","hentry","vocabulary_language-macedonio-es"],"acf":[],"yoast_head":"<!-- This site is optimized with the Yoast SEO Premium plugin v27.2 (Yoast SEO v27.2) - https:\/\/yoast.com\/product\/yoast-seo-premium-wordpress\/ -->\n<title>Adjetivos descriptivos en macedonio - Talkpal<\/title>\n<meta name=\"description\" content=\"El macedonio es una lengua eslava del sur hablada principalmente en Macedonia del Norte. Como en muchas lenguas, los adjetivos descriptivos en macedonio\" \/>\n<meta name=\"robots\" content=\"index, follow, max-snippet:-1, max-image-preview:large, max-video-preview:-1\" \/>\n<link rel=\"canonical\" href=\"https:\/\/talkpal.ai\/es\/vocabulary\/adjetivos-descriptivos-en-macedonio\/\" \/>\n<meta property=\"og:locale\" content=\"es_ES\" \/>\n<meta property=\"og:type\" content=\"article\" \/>\n<meta property=\"og:title\" content=\"Adjetivos descriptivos en macedonio\" \/>\n<meta property=\"og:description\" content=\"El macedonio es una lengua eslava del sur hablada principalmente en Macedonia del Norte. Como en muchas lenguas, los adjetivos descriptivos en macedonio\" \/>\n<meta property=\"og:url\" content=\"https:\/\/talkpal.ai\/es\/vocabulary\/adjetivos-descriptivos-en-macedonio\/\" \/>\n<meta property=\"og:site_name\" content=\"Talkpal\" \/>\n<meta property=\"article:publisher\" content=\"https:\/\/www.facebook.com\/profile.php?id=100090733639311\" \/>\n<meta property=\"og:image\" content=\"https:\/\/talkpal.ai\/wp-content\/uploads\/2024\/10\/talkpal_flat_illustration_of_a_employees_working_together_happi_c674ff77-e477-4e09-835a-01d30e561e99.png\" \/>\n\t<meta property=\"og:image:width\" content=\"1024\" \/>\n\t<meta property=\"og:image:height\" content=\"1024\" \/>\n\t<meta property=\"og:image:type\" content=\"image\/png\" \/>\n<meta name=\"twitter:card\" content=\"summary_large_image\" \/>\n<meta name=\"twitter:site\" content=\"@talkpalai\" \/>\n<meta name=\"twitter:label1\" content=\"Tiempo de lectura\" \/>\n\t<meta name=\"twitter:data1\" content=\"4 minutos\" \/>\n<script type=\"application\/ld+json\" class=\"yoast-schema-graph\">{\"@context\":\"https:\/\/schema.org\",\"@graph\":[{\"@type\":\"WebPage\",\"@id\":\"https:\/\/talkpal.ai\/es\/vocabulary\/adjetivos-descriptivos-en-macedonio\/\",\"url\":\"https:\/\/talkpal.ai\/es\/vocabulary\/adjetivos-descriptivos-en-macedonio\/\",\"name\":\"Adjetivos descriptivos en macedonio - Talkpal\",\"isPartOf\":{\"@id\":\"https:\/\/talkpal.ai\/es\/#website\"},\"primaryImageOfPage\":{\"@id\":\"https:\/\/talkpal.ai\/es\/vocabulary\/adjetivos-descriptivos-en-macedonio\/#primaryimage\"},\"image\":{\"@id\":\"https:\/\/talkpal.ai\/es\/vocabulary\/adjetivos-descriptivos-en-macedonio\/#primaryimage\"},\"thumbnailUrl\":\"https:\/\/talkpal.ai\/wp-content\/uploads\/2025\/12\/person-wearing-headphones-learning-languages.webp\",\"datePublished\":\"2024-06-08T16:40:48+00:00\",\"description\":\"El macedonio es una lengua eslava del sur hablada principalmente en Macedonia del Norte. Como en muchas lenguas, los adjetivos descriptivos en macedonio\",\"breadcrumb\":{\"@id\":\"https:\/\/talkpal.ai\/es\/vocabulary\/adjetivos-descriptivos-en-macedonio\/#breadcrumb\"},\"inLanguage\":\"es\",\"potentialAction\":[{\"@type\":\"ReadAction\",\"target\":[\"https:\/\/talkpal.ai\/es\/vocabulary\/adjetivos-descriptivos-en-macedonio\/\"]}]},{\"@type\":\"ImageObject\",\"inLanguage\":\"es\",\"@id\":\"https:\/\/talkpal.ai\/es\/vocabulary\/adjetivos-descriptivos-en-macedonio\/#primaryimage\",\"url\":\"https:\/\/talkpal.ai\/wp-content\/uploads\/2025\/12\/person-wearing-headphones-learning-languages.webp\",\"contentUrl\":\"https:\/\/talkpal.ai\/wp-content\/uploads\/2025\/12\/person-wearing-headphones-learning-languages.webp\",\"width\":1200,\"height\":896,\"caption\":\"A young person wearing headphones writes in a notebook at a desk while learning languages in a bright hall.\"},{\"@type\":\"BreadcrumbList\",\"@id\":\"https:\/\/talkpal.ai\/es\/vocabulary\/adjetivos-descriptivos-en-macedonio\/#breadcrumb\",\"itemListElement\":[{\"@type\":\"ListItem\",\"position\":1,\"name\":\"Homepage\",\"item\":\"https:\/\/talkpal.ai\/es\/\"},{\"@type\":\"ListItem\",\"position\":2,\"name\":\"Adjetivos descriptivos en macedonio\"}]},{\"@type\":\"WebSite\",\"@id\":\"https:\/\/talkpal.ai\/es\/#website\",\"url\":\"https:\/\/talkpal.ai\/es\/\",\"name\":\"Talkpal\",\"description\":\"AI Language Learning\",\"publisher\":{\"@id\":\"https:\/\/talkpal.ai\/es\/#organization\"},\"alternateName\":\"Talkpal AI\",\"potentialAction\":[{\"@type\":\"SearchAction\",\"target\":{\"@type\":\"EntryPoint\",\"urlTemplate\":\"https:\/\/talkpal.ai\/es\/?s={search_term_string}\"},\"query-input\":{\"@type\":\"PropertyValueSpecification\",\"valueRequired\":true,\"valueName\":\"search_term_string\"}}],\"inLanguage\":\"es\"},{\"@type\":\"Organization\",\"@id\":\"https:\/\/talkpal.ai\/es\/#organization\",\"name\":\"Talkpal, Inc.\",\"alternateName\":\"Talkpal AI\",\"url\":\"https:\/\/talkpal.ai\/es\/\",\"logo\":{\"@type\":\"ImageObject\",\"inLanguage\":\"es\",\"@id\":\"https:\/\/talkpal.ai\/es\/#\/schema\/logo\/image\/\",\"url\":\"https:\/\/talkpal.ai\/wp-content\/uploads\/2024\/03\/Talkpal-Logo-Icon.png\",\"contentUrl\":\"https:\/\/talkpal.ai\/wp-content\/uploads\/2024\/03\/Talkpal-Logo-Icon.png\",\"width\":2880,\"height\":2880,\"caption\":\"Talkpal, Inc.\"},\"image\":{\"@id\":\"https:\/\/talkpal.ai\/es\/#\/schema\/logo\/image\/\"},\"sameAs\":[\"https:\/\/www.facebook.com\/profile.php?id=100090733639311\",\"https:\/\/x.com\/talkpalai\",\"https:\/\/www.linkedin.com\/company\/talkpal\/\",\"https:\/\/www.youtube.com\/@TalkPal\/\",\"https:\/\/www.tiktok.com\/@talkpal\",\"https:\/\/www.instagram.com\/talkpal_ai\/\",\"https:\/\/www.crunchbase.com\/organization\/talkpal-9cde\",\"https:\/\/www.g2.com\/products\/talkpal-for-business\/\",\"https:\/\/www.trustpilot.com\/review\/talkpal.ai\",\"https:\/\/www.capterra.com\/p\/10006800\/TalkPal\/\"],\"description\":\"Talkpal is a language learning web and mobile education app, powered by the latest AI technologies, that provides engaging experiences to its customers in many different languages to help them improve their language skills. Users can chat about unlimited amount of topics with the app and use other modes to practice their language learning.\",\"email\":\"support@talkpal.ai\",\"legalName\":\"Talkpal, Inc.\",\"foundingDate\":\"2023-04-03\",\"duns\":\"118989042\",\"numberOfEmployees\":{\"@type\":\"QuantitativeValue\",\"minValue\":\"11\",\"maxValue\":\"50\"},\"publishingPrinciples\":\"https:\/\/talkpal.ai\/publishing-principles\/\",\"actionableFeedbackPolicy\":\"https:\/\/talkpal.ai\/actionable-feedback-policy\/\",\"correctionsPolicy\":\"https:\/\/talkpal.ai\/corrections-policy\/\",\"ethicsPolicy\":\"https:\/\/talkpal.ai\/ethics-policy\/\",\"diversityPolicy\":\"https:\/\/talkpal.ai\/diversity-policy\/\",\"diversityStaffingReport\":\"https:\/\/talkpal.ai\/diversity-policy\/\"}]}<\/script>\n<!-- \/ Yoast SEO Premium plugin. -->","yoast_head_json":{"title":"Adjetivos descriptivos en macedonio - Talkpal","description":"El macedonio es una lengua eslava del sur hablada principalmente en Macedonia del Norte. Como en muchas lenguas, los adjetivos descriptivos en macedonio","robots":{"index":"index","follow":"follow","max-snippet":"max-snippet:-1","max-image-preview":"max-image-preview:large","max-video-preview":"max-video-preview:-1"},"canonical":"https:\/\/talkpal.ai\/es\/vocabulary\/adjetivos-descriptivos-en-macedonio\/","og_locale":"es_ES","og_type":"article","og_title":"Adjetivos descriptivos en macedonio","og_description":"El macedonio es una lengua eslava del sur hablada principalmente en Macedonia del Norte. Como en muchas lenguas, los adjetivos descriptivos en macedonio","og_url":"https:\/\/talkpal.ai\/es\/vocabulary\/adjetivos-descriptivos-en-macedonio\/","og_site_name":"Talkpal","article_publisher":"https:\/\/www.facebook.com\/profile.php?id=100090733639311","og_image":[{"width":1024,"height":1024,"url":"https:\/\/talkpal.ai\/wp-content\/uploads\/2024\/10\/talkpal_flat_illustration_of_a_employees_working_together_happi_c674ff77-e477-4e09-835a-01d30e561e99.png","type":"image\/png"}],"twitter_card":"summary_large_image","twitter_site":"@talkpalai","twitter_misc":{"Tiempo de lectura":"4 minutos"},"schema":{"@context":"https:\/\/schema.org","@graph":[{"@type":"WebPage","@id":"https:\/\/talkpal.ai\/es\/vocabulary\/adjetivos-descriptivos-en-macedonio\/","url":"https:\/\/talkpal.ai\/es\/vocabulary\/adjetivos-descriptivos-en-macedonio\/","name":"Adjetivos descriptivos en macedonio - Talkpal","isPartOf":{"@id":"https:\/\/talkpal.ai\/es\/#website"},"primaryImageOfPage":{"@id":"https:\/\/talkpal.ai\/es\/vocabulary\/adjetivos-descriptivos-en-macedonio\/#primaryimage"},"image":{"@id":"https:\/\/talkpal.ai\/es\/vocabulary\/adjetivos-descriptivos-en-macedonio\/#primaryimage"},"thumbnailUrl":"https:\/\/talkpal.ai\/wp-content\/uploads\/2025\/12\/person-wearing-headphones-learning-languages.webp","datePublished":"2024-06-08T16:40:48+00:00","description":"El macedonio es una lengua eslava del sur hablada principalmente en Macedonia del Norte. Como en muchas lenguas, los adjetivos descriptivos en macedonio","breadcrumb":{"@id":"https:\/\/talkpal.ai\/es\/vocabulary\/adjetivos-descriptivos-en-macedonio\/#breadcrumb"},"inLanguage":"es","potentialAction":[{"@type":"ReadAction","target":["https:\/\/talkpal.ai\/es\/vocabulary\/adjetivos-descriptivos-en-macedonio\/"]}]},{"@type":"ImageObject","inLanguage":"es","@id":"https:\/\/talkpal.ai\/es\/vocabulary\/adjetivos-descriptivos-en-macedonio\/#primaryimage","url":"https:\/\/talkpal.ai\/wp-content\/uploads\/2025\/12\/person-wearing-headphones-learning-languages.webp","contentUrl":"https:\/\/talkpal.ai\/wp-content\/uploads\/2025\/12\/person-wearing-headphones-learning-languages.webp","width":1200,"height":896,"caption":"A young person wearing headphones writes in a notebook at a desk while learning languages in a bright hall."},{"@type":"BreadcrumbList","@id":"https:\/\/talkpal.ai\/es\/vocabulary\/adjetivos-descriptivos-en-macedonio\/#breadcrumb","itemListElement":[{"@type":"ListItem","position":1,"name":"Homepage","item":"https:\/\/talkpal.ai\/es\/"},{"@type":"ListItem","position":2,"name":"Adjetivos descriptivos en macedonio"}]},{"@type":"WebSite","@id":"https:\/\/talkpal.ai\/es\/#website","url":"https:\/\/talkpal.ai\/es\/","name":"Talkpal","description":"AI Language Learning","publisher":{"@id":"https:\/\/talkpal.ai\/es\/#organization"},"alternateName":"Talkpal AI","potentialAction":[{"@type":"SearchAction","target":{"@type":"EntryPoint","urlTemplate":"https:\/\/talkpal.ai\/es\/?s={search_term_string}"},"query-input":{"@type":"PropertyValueSpecification","valueRequired":true,"valueName":"search_term_string"}}],"inLanguage":"es"},{"@type":"Organization","@id":"https:\/\/talkpal.ai\/es\/#organization","name":"Talkpal, Inc.","alternateName":"Talkpal AI","url":"https:\/\/talkpal.ai\/es\/","logo":{"@type":"ImageObject","inLanguage":"es","@id":"https:\/\/talkpal.ai\/es\/#\/schema\/logo\/image\/","url":"https:\/\/talkpal.ai\/wp-content\/uploads\/2024\/03\/Talkpal-Logo-Icon.png","contentUrl":"https:\/\/talkpal.ai\/wp-content\/uploads\/2024\/03\/Talkpal-Logo-Icon.png","width":2880,"height":2880,"caption":"Talkpal, Inc."},"image":{"@id":"https:\/\/talkpal.ai\/es\/#\/schema\/logo\/image\/"},"sameAs":["https:\/\/www.facebook.com\/profile.php?id=100090733639311","https:\/\/x.com\/talkpalai","https:\/\/www.linkedin.com\/company\/talkpal\/","https:\/\/www.youtube.com\/@TalkPal\/","https:\/\/www.tiktok.com\/@talkpal","https:\/\/www.instagram.com\/talkpal_ai\/","https:\/\/www.crunchbase.com\/organization\/talkpal-9cde","https:\/\/www.g2.com\/products\/talkpal-for-business\/","https:\/\/www.trustpilot.com\/review\/talkpal.ai","https:\/\/www.capterra.com\/p\/10006800\/TalkPal\/"],"description":"Talkpal is a language learning web and mobile education app, powered by the latest AI technologies, that provides engaging experiences to its customers in many different languages to help them improve their language skills. Users can chat about unlimited amount of topics with the app and use other modes to practice their language learning.","email":"support@talkpal.ai","legalName":"Talkpal, Inc.","foundingDate":"2023-04-03","duns":"118989042","numberOfEmployees":{"@type":"QuantitativeValue","minValue":"11","maxValue":"50"},"publishingPrinciples":"https:\/\/talkpal.ai\/publishing-principles\/","actionableFeedbackPolicy":"https:\/\/talkpal.ai\/actionable-feedback-policy\/","correctionsPolicy":"https:\/\/talkpal.ai\/corrections-policy\/","ethicsPolicy":"https:\/\/talkpal.ai\/ethics-policy\/","diversityPolicy":"https:\/\/talkpal.ai\/diversity-policy\/","diversityStaffingReport":"https:\/\/talkpal.ai\/diversity-policy\/"}]}},"_links":{"self":[{"href":"https:\/\/talkpal.ai\/es\/wp-json\/wp\/v2\/vocabulary\/715357","targetHints":{"allow":["GET"]}}],"collection":[{"href":"https:\/\/talkpal.ai\/es\/wp-json\/wp\/v2\/vocabulary"}],"about":[{"href":"https:\/\/talkpal.ai\/es\/wp-json\/wp\/v2\/types\/vocabulary"}],"wp:featuredmedia":[{"embeddable":true,"href":"https:\/\/talkpal.ai\/es\/wp-json\/wp\/v2\/media\/1527870"}],"wp:attachment":[{"href":"https:\/\/talkpal.ai\/es\/wp-json\/wp\/v2\/media?parent=715357"}],"wp:term":[{"taxonomy":"vocabulary_language","embeddable":true,"href":"https:\/\/talkpal.ai\/es\/wp-json\/wp\/v2\/vocabulary_language?post=715357"}],"curies":[{"name":"wp","href":"https:\/\/api.w.org\/{rel}","templated":true}]}}