{"id":289099,"date":"2024-05-12T19:24:42","date_gmt":"2024-05-12T19:24:42","guid":{"rendered":"https:\/\/talkpal.ai\/vocabulary\/%e9%bb%92-vs-%e9%bb%92%e3%81%84-negro-en-japones-comprension-de-los-matices-en-los-descriptores-de-color\/"},"modified":"2024-05-12T19:24:42","modified_gmt":"2024-05-12T19:24:42","slug":"%e9%bb%92-vs-%e9%bb%92%e3%81%84-negro-en-japones-comprension-de-los-matices-en-los-descriptores-de-color","status":"publish","type":"vocabulary","link":"https:\/\/talkpal.ai\/es\/vocabulary\/%e9%bb%92-vs-%e9%bb%92%e3%81%84-negro-en-japones-comprension-de-los-matices-en-los-descriptores-de-color\/","title":{"rendered":"\u9ed2 vs \u9ed2\u3044 &#8211; Negro en japon\u00e9s: comprensi\u00f3n de los matices en los descriptores de color"},"content":{"rendered":"<p>Cuando aprendemos un nuevo idioma, uno de los desaf\u00edos m\u00e1s comunes es entender c\u00f3mo se utilizan los adjetivos y descriptores de color. En <a href=\"https:\/\/talkpal.ai\/learn-japanese\/\">japon\u00e9s<\/a>, dos t\u00e9rminos muy b\u00e1sicos que pueden confundir a los <a href=\"https:\/\/talkpal.ai\/talkpal-discount-for-students\/\">estudiantes<\/a> son <b>\u9ed2 (kuro)<\/b> y <b>\u9ed2\u3044 (kuroi)<\/b>. Aunque ambos se traducen <a href=\"https:\/\/talkpal.ai\/locations\/language-courses-in-como\/\">como<\/a> \u00abnegro\u00bb en <a href=\"https:\/\/talkpal.ai\/es\/locations\/aprende-espanol-leyendo\/\">espa\u00f1ol<\/a>, su uso y contexto son distintos. En este art\u00edculo, exploraremos las diferencias entre estos dos t\u00e9rminos para ayudarte a usarlos correctamente en diversas situaciones.<\/p>\n<h3>Comprender \u9ed2 (kuro) y \u9ed2\u3044 (kuroi)<\/h3>\n<p><b>\u9ed2 (kuro)<\/b> se utiliza generalmente como sustantivo y se refiere al color negro en s\u00ed. Por otro lado, <b>\u9ed2\u3044 (kuroi)<\/b> es un adjetivo y se utiliza para describir algo que es de color negro. Esta distinci\u00f3n es crucial para usar correctamente estos t\u00e9rminos en diferentes contextos.<\/p>\n<p><b>\u9ed2<\/b> \u3092\u7740\u3066\u3044\u308b\u4eba\u306f\u8ab0\u3067\u3059\u304b\u3002<br \/>\n(\u00bfQui\u00e9n es la persona que lleva negro?)<\/p>\n<p>\u3053\u3053\u306b<b>\u9ed2\u3044<\/b> \u732b\u304c\u3044\u307e\u3059\u3002<br \/>\n(Aqu\u00ed hay un gato negro.)<\/p>\n<p>Como puedes observar, \u9ed2 se <a href=\"https:\/\/talkpal.ai\/locations\/learn-english-in-usa\/\">usa<\/a> para referirse al color de manera general, mientras que \u9ed2\u3044 modifica directamente al sustantivo para describir su color.<\/p>\n<h3>Usos y contextos de \u9ed2 y \u9ed2\u3044<\/h3>\n<p>El entendimiento de cu\u00e1ndo usar <b>\u9ed2<\/b> o <b>\u9ed2\u3044<\/b> depende del contexto en el que se encuentren. \u9ed2 es m\u00e1s abstracto y puede usarse en contextos m\u00e1s generales o filos\u00f3ficos, mientras que \u9ed2\u3044 es espec\u00edfico y descriptivo.<\/p>\n<p>\u3053\u306e\u670d\u306f<b>\u9ed2<\/b>\u304c\u3044\u3044\u3067\u3059\u3002<br \/>\n(Este vestido es <a href=\"https:\/\/talkpal.ai\/es\/la-mejor-aplicacion-de-conversacion-con-ia\/\">mejor<\/a> en negro.)<\/p>\n<p>\u5f7c\u306e\u8eca\u306f<b>\u9ed2\u3044<\/b>\u3067\u3059\u3002<br \/>\n(Su coche es negro.)<\/p>\n<p>En el primer ejemplo, \u9ed2 se utiliza para expresar una preferencia de color en general para el vestido, sin referirse a un vestido espec\u00edfico. En el segundo, \u9ed2\u3044 describe el color espec\u00edfico del coche del sujeto.<\/p>\n<h3>Expresiones idiom\u00e1ticas y frases hechas<\/h3>\n<p>En japon\u00e9s, como en muchos otros idiomas, existen expresiones idiom\u00e1ticas que utilizan colores para transmitir significados espec\u00edficos. \u9ed2 y \u9ed2\u3044 tambi\u00e9n aparecen en varias de estas expresiones, cada uno ajust\u00e1ndose al contexto que la frase requiere.<\/p>\n<p><b>\u9ed2<\/b>\u6b74\u53f2<br \/>\n(Historia negra, referido a un pasado oscuro o vergonzoso.)<\/p>\n<p><b>\u9ed2\u3044<\/b> \u30b8\u30e7\u30fc\u30af<br \/>\n(Broma negra, en el sentido de humor negro.)<\/p>\n<p>Aqu\u00ed, \u9ed2 es parte de una expresi\u00f3n que indica algo negativo o sombr\u00edo en general, mientras que \u9ed2\u3044 se utiliza para describir el tipo espec\u00edfico de humor en una broma.<\/p>\n<h3>Diferencias pr\u00e1cticas en la conversaci\u00f3n<\/h3>\n<p>Es importante entender c\u00f3mo estos matices pueden afectar tu habilidad para comunicarte efectivamente en japon\u00e9s. A menudo, los peque\u00f1os errores en el uso de adjetivos como \u9ed2 y \u9ed2\u3044 pueden llevar a confusiones o a que el mensaje no se entienda como se pretend\u00eda.<\/p>\n<p>Si est\u00e1s describiendo tus preferencias en general, como en:<\/p>\n<p>\u79c1\u306f<b>\u9ed2<\/b>\u304c\u597d\u304d\u3067\u3059\u3002<br \/>\n(Me gusta el negro.)<\/p>\n<p>Deber\u00edas usar \u9ed2. Pero si est\u00e1s describiendo algo espec\u00edfico, como en:<\/p>\n<p>\u79c1\u306e\u8eca\u306f<b>\u9ed2\u3044<\/b>\u3067\u3059\u3002<br \/>\n(Mi coche es negro.)<\/p>\n<p>Deber\u00edas usar \u9ed2\u3044. <\/p>\n<h3>Conclusi\u00f3n<\/h3>\n<p>Entender la diferencia entre \u9ed2 y \u9ed2\u3044 es fundamental para cualquier estudiante del <a href=\"https:\/\/talkpal.ai\/es\/descubre-nihongokyoukai-tu-puerta-al-mundo-del-idioma-japones\/\">idioma japon\u00e9s<\/a>. Mientras \u9ed2 se usa m\u00e1s en un sentido abstracto o general, \u9ed2\u3044 es descriptivo y se aplica directamente a objetos espec\u00edficos. Dominar estos usos no solo mejorar\u00e1 tu gram\u00e1tica sino tambi\u00e9n tu capacidad para expresarte claramente y entender mejor la cultura japonesa. A medida que contin\u00faes aprendiendo japon\u00e9s, presta atenci\u00f3n a estos detalles, ya que son esenciales para comunicarte de manera efectiva y precisa.<\/p>\n","protected":false},"featured_media":1527777,"template":"","vocabulary_language":[3322],"class_list":["post-289099","vocabulary","type-vocabulary","status-publish","has-post-thumbnail","hentry","vocabulary_language-japones"],"acf":[],"yoast_head":"<!-- This site is optimized with the Yoast SEO Premium plugin v27.2 (Yoast SEO v27.2) - https:\/\/yoast.com\/product\/yoast-seo-premium-wordpress\/ -->\n<title>\u9ed2 vs \u9ed2\u3044 - Negro en japon\u00e9s: comprensi\u00f3n de los matices en los descriptores de color - Talkpal<\/title>\n<meta name=\"description\" content=\"Cuando aprendemos un nuevo idioma, uno de los desaf\u00edos m\u00e1s comunes es entender c\u00f3mo se utilizan los adjetivos y descriptores de color. En japon\u00e9s, dos\" \/>\n<meta name=\"robots\" content=\"index, follow, max-snippet:-1, max-image-preview:large, max-video-preview:-1\" \/>\n<link rel=\"canonical\" href=\"https:\/\/talkpal.ai\/es\/vocabulary\/%e9%bb%92-vs-%e9%bb%92%e3%81%84-negro-en-japones-comprension-de-los-matices-en-los-descriptores-de-color\/\" \/>\n<meta property=\"og:locale\" content=\"es_ES\" \/>\n<meta property=\"og:type\" content=\"article\" \/>\n<meta property=\"og:title\" content=\"\u9ed2 vs \u9ed2\u3044 - Negro en japon\u00e9s: comprensi\u00f3n de los matices en los descriptores de color\" \/>\n<meta property=\"og:description\" content=\"Cuando aprendemos un nuevo idioma, uno de los desaf\u00edos m\u00e1s comunes es entender c\u00f3mo se utilizan los adjetivos y descriptores de color. En japon\u00e9s, dos\" \/>\n<meta property=\"og:url\" content=\"https:\/\/talkpal.ai\/es\/vocabulary\/%e9%bb%92-vs-%e9%bb%92%e3%81%84-negro-en-japones-comprension-de-los-matices-en-los-descriptores-de-color\/\" \/>\n<meta property=\"og:site_name\" content=\"Talkpal\" \/>\n<meta property=\"article:publisher\" content=\"https:\/\/www.facebook.com\/profile.php?id=100090733639311\" \/>\n<meta property=\"og:image\" content=\"https:\/\/talkpal.ai\/wp-content\/uploads\/2024\/10\/talkpal_flat_illustration_of_a_employees_working_together_happi_c674ff77-e477-4e09-835a-01d30e561e99.png\" \/>\n\t<meta property=\"og:image:width\" content=\"1024\" \/>\n\t<meta property=\"og:image:height\" content=\"1024\" \/>\n\t<meta property=\"og:image:type\" content=\"image\/png\" \/>\n<meta name=\"twitter:card\" content=\"summary_large_image\" \/>\n<meta name=\"twitter:site\" content=\"@talkpalai\" \/>\n<meta name=\"twitter:label1\" content=\"Tiempo de lectura\" \/>\n\t<meta name=\"twitter:data1\" content=\"3 minutos\" \/>\n<script type=\"application\/ld+json\" class=\"yoast-schema-graph\">{\"@context\":\"https:\/\/schema.org\",\"@graph\":[{\"@type\":\"WebPage\",\"@id\":\"https:\/\/talkpal.ai\/es\/vocabulary\/%e9%bb%92-vs-%e9%bb%92%e3%81%84-negro-en-japones-comprension-de-los-matices-en-los-descriptores-de-color\/\",\"url\":\"https:\/\/talkpal.ai\/es\/vocabulary\/%e9%bb%92-vs-%e9%bb%92%e3%81%84-negro-en-japones-comprension-de-los-matices-en-los-descriptores-de-color\/\",\"name\":\"\u9ed2 vs \u9ed2\u3044 - Negro en japon\u00e9s: comprensi\u00f3n de los matices en los descriptores de color - Talkpal\",\"isPartOf\":{\"@id\":\"https:\/\/talkpal.ai\/es\/#website\"},\"primaryImageOfPage\":{\"@id\":\"https:\/\/talkpal.ai\/es\/vocabulary\/%e9%bb%92-vs-%e9%bb%92%e3%81%84-negro-en-japones-comprension-de-los-matices-en-los-descriptores-de-color\/#primaryimage\"},\"image\":{\"@id\":\"https:\/\/talkpal.ai\/es\/vocabulary\/%e9%bb%92-vs-%e9%bb%92%e3%81%84-negro-en-japones-comprension-de-los-matices-en-los-descriptores-de-color\/#primaryimage\"},\"thumbnailUrl\":\"https:\/\/talkpal.ai\/wp-content\/uploads\/2025\/12\/man-learning-languages-at-a-cafe.webp\",\"datePublished\":\"2024-05-12T19:24:42+00:00\",\"description\":\"Cuando aprendemos un nuevo idioma, uno de los desaf\u00edos m\u00e1s comunes es entender c\u00f3mo se utilizan los adjetivos y descriptores de color. En japon\u00e9s, dos\",\"breadcrumb\":{\"@id\":\"https:\/\/talkpal.ai\/es\/vocabulary\/%e9%bb%92-vs-%e9%bb%92%e3%81%84-negro-en-japones-comprension-de-los-matices-en-los-descriptores-de-color\/#breadcrumb\"},\"inLanguage\":\"es\",\"potentialAction\":[{\"@type\":\"ReadAction\",\"target\":[\"https:\/\/talkpal.ai\/es\/vocabulary\/%e9%bb%92-vs-%e9%bb%92%e3%81%84-negro-en-japones-comprension-de-los-matices-en-los-descriptores-de-color\/\"]}]},{\"@type\":\"ImageObject\",\"inLanguage\":\"es\",\"@id\":\"https:\/\/talkpal.ai\/es\/vocabulary\/%e9%bb%92-vs-%e9%bb%92%e3%81%84-negro-en-japones-comprension-de-los-matices-en-los-descriptores-de-color\/#primaryimage\",\"url\":\"https:\/\/talkpal.ai\/wp-content\/uploads\/2025\/12\/man-learning-languages-at-a-cafe.webp\",\"contentUrl\":\"https:\/\/talkpal.ai\/wp-content\/uploads\/2025\/12\/man-learning-languages-at-a-cafe.webp\",\"width\":1200,\"height\":896,\"caption\":\"A man wearing a white shirt works on a laptop to learn languages in a library at night.\"},{\"@type\":\"BreadcrumbList\",\"@id\":\"https:\/\/talkpal.ai\/es\/vocabulary\/%e9%bb%92-vs-%e9%bb%92%e3%81%84-negro-en-japones-comprension-de-los-matices-en-los-descriptores-de-color\/#breadcrumb\",\"itemListElement\":[{\"@type\":\"ListItem\",\"position\":1,\"name\":\"Homepage\",\"item\":\"https:\/\/talkpal.ai\/es\/\"},{\"@type\":\"ListItem\",\"position\":2,\"name\":\"\u9ed2 vs \u9ed2\u3044 &#8211; Negro en japon\u00e9s: comprensi\u00f3n de los matices en los descriptores de color\"}]},{\"@type\":\"WebSite\",\"@id\":\"https:\/\/talkpal.ai\/es\/#website\",\"url\":\"https:\/\/talkpal.ai\/es\/\",\"name\":\"Talkpal\",\"description\":\"AI Language Learning\",\"publisher\":{\"@id\":\"https:\/\/talkpal.ai\/es\/#organization\"},\"alternateName\":\"Talkpal AI\",\"potentialAction\":[{\"@type\":\"SearchAction\",\"target\":{\"@type\":\"EntryPoint\",\"urlTemplate\":\"https:\/\/talkpal.ai\/es\/?s={search_term_string}\"},\"query-input\":{\"@type\":\"PropertyValueSpecification\",\"valueRequired\":true,\"valueName\":\"search_term_string\"}}],\"inLanguage\":\"es\"},{\"@type\":\"Organization\",\"@id\":\"https:\/\/talkpal.ai\/es\/#organization\",\"name\":\"Talkpal, Inc.\",\"alternateName\":\"Talkpal AI\",\"url\":\"https:\/\/talkpal.ai\/es\/\",\"logo\":{\"@type\":\"ImageObject\",\"inLanguage\":\"es\",\"@id\":\"https:\/\/talkpal.ai\/es\/#\/schema\/logo\/image\/\",\"url\":\"https:\/\/talkpal.ai\/wp-content\/uploads\/2024\/03\/Talkpal-Logo-Icon.png\",\"contentUrl\":\"https:\/\/talkpal.ai\/wp-content\/uploads\/2024\/03\/Talkpal-Logo-Icon.png\",\"width\":2880,\"height\":2880,\"caption\":\"Talkpal, Inc.\"},\"image\":{\"@id\":\"https:\/\/talkpal.ai\/es\/#\/schema\/logo\/image\/\"},\"sameAs\":[\"https:\/\/www.facebook.com\/profile.php?id=100090733639311\",\"https:\/\/x.com\/talkpalai\",\"https:\/\/www.linkedin.com\/company\/talkpal\/\",\"https:\/\/www.youtube.com\/@TalkPal\/\",\"https:\/\/www.tiktok.com\/@talkpal\",\"https:\/\/www.instagram.com\/talkpal_ai\/\",\"https:\/\/www.crunchbase.com\/organization\/talkpal-9cde\",\"https:\/\/www.g2.com\/products\/talkpal-for-business\/\",\"https:\/\/www.trustpilot.com\/review\/talkpal.ai\",\"https:\/\/www.capterra.com\/p\/10006800\/TalkPal\/\"],\"description\":\"Talkpal is a language learning web and mobile education app, powered by the latest AI technologies, that provides engaging experiences to its customers in many different languages to help them improve their language skills. Users can chat about unlimited amount of topics with the app and use other modes to practice their language learning.\",\"email\":\"support@talkpal.ai\",\"legalName\":\"Talkpal, Inc.\",\"foundingDate\":\"2023-04-03\",\"duns\":\"118989042\",\"numberOfEmployees\":{\"@type\":\"QuantitativeValue\",\"minValue\":\"11\",\"maxValue\":\"50\"},\"publishingPrinciples\":\"https:\/\/talkpal.ai\/publishing-principles\/\",\"actionableFeedbackPolicy\":\"https:\/\/talkpal.ai\/actionable-feedback-policy\/\",\"correctionsPolicy\":\"https:\/\/talkpal.ai\/corrections-policy\/\",\"ethicsPolicy\":\"https:\/\/talkpal.ai\/ethics-policy\/\",\"diversityPolicy\":\"https:\/\/talkpal.ai\/diversity-policy\/\",\"diversityStaffingReport\":\"https:\/\/talkpal.ai\/diversity-policy\/\"}]}<\/script>\n<!-- \/ Yoast SEO Premium plugin. -->","yoast_head_json":{"title":"\u9ed2 vs \u9ed2\u3044 - Negro en japon\u00e9s: comprensi\u00f3n de los matices en los descriptores de color - Talkpal","description":"Cuando aprendemos un nuevo idioma, uno de los desaf\u00edos m\u00e1s comunes es entender c\u00f3mo se utilizan los adjetivos y descriptores de color. En japon\u00e9s, dos","robots":{"index":"index","follow":"follow","max-snippet":"max-snippet:-1","max-image-preview":"max-image-preview:large","max-video-preview":"max-video-preview:-1"},"canonical":"https:\/\/talkpal.ai\/es\/vocabulary\/%e9%bb%92-vs-%e9%bb%92%e3%81%84-negro-en-japones-comprension-de-los-matices-en-los-descriptores-de-color\/","og_locale":"es_ES","og_type":"article","og_title":"\u9ed2 vs \u9ed2\u3044 - Negro en japon\u00e9s: comprensi\u00f3n de los matices en los descriptores de color","og_description":"Cuando aprendemos un nuevo idioma, uno de los desaf\u00edos m\u00e1s comunes es entender c\u00f3mo se utilizan los adjetivos y descriptores de color. En japon\u00e9s, dos","og_url":"https:\/\/talkpal.ai\/es\/vocabulary\/%e9%bb%92-vs-%e9%bb%92%e3%81%84-negro-en-japones-comprension-de-los-matices-en-los-descriptores-de-color\/","og_site_name":"Talkpal","article_publisher":"https:\/\/www.facebook.com\/profile.php?id=100090733639311","og_image":[{"width":1024,"height":1024,"url":"https:\/\/talkpal.ai\/wp-content\/uploads\/2024\/10\/talkpal_flat_illustration_of_a_employees_working_together_happi_c674ff77-e477-4e09-835a-01d30e561e99.png","type":"image\/png"}],"twitter_card":"summary_large_image","twitter_site":"@talkpalai","twitter_misc":{"Tiempo de lectura":"3 minutos"},"schema":{"@context":"https:\/\/schema.org","@graph":[{"@type":"WebPage","@id":"https:\/\/talkpal.ai\/es\/vocabulary\/%e9%bb%92-vs-%e9%bb%92%e3%81%84-negro-en-japones-comprension-de-los-matices-en-los-descriptores-de-color\/","url":"https:\/\/talkpal.ai\/es\/vocabulary\/%e9%bb%92-vs-%e9%bb%92%e3%81%84-negro-en-japones-comprension-de-los-matices-en-los-descriptores-de-color\/","name":"\u9ed2 vs \u9ed2\u3044 - Negro en japon\u00e9s: comprensi\u00f3n de los matices en los descriptores de color - Talkpal","isPartOf":{"@id":"https:\/\/talkpal.ai\/es\/#website"},"primaryImageOfPage":{"@id":"https:\/\/talkpal.ai\/es\/vocabulary\/%e9%bb%92-vs-%e9%bb%92%e3%81%84-negro-en-japones-comprension-de-los-matices-en-los-descriptores-de-color\/#primaryimage"},"image":{"@id":"https:\/\/talkpal.ai\/es\/vocabulary\/%e9%bb%92-vs-%e9%bb%92%e3%81%84-negro-en-japones-comprension-de-los-matices-en-los-descriptores-de-color\/#primaryimage"},"thumbnailUrl":"https:\/\/talkpal.ai\/wp-content\/uploads\/2025\/12\/man-learning-languages-at-a-cafe.webp","datePublished":"2024-05-12T19:24:42+00:00","description":"Cuando aprendemos un nuevo idioma, uno de los desaf\u00edos m\u00e1s comunes es entender c\u00f3mo se utilizan los adjetivos y descriptores de color. En japon\u00e9s, dos","breadcrumb":{"@id":"https:\/\/talkpal.ai\/es\/vocabulary\/%e9%bb%92-vs-%e9%bb%92%e3%81%84-negro-en-japones-comprension-de-los-matices-en-los-descriptores-de-color\/#breadcrumb"},"inLanguage":"es","potentialAction":[{"@type":"ReadAction","target":["https:\/\/talkpal.ai\/es\/vocabulary\/%e9%bb%92-vs-%e9%bb%92%e3%81%84-negro-en-japones-comprension-de-los-matices-en-los-descriptores-de-color\/"]}]},{"@type":"ImageObject","inLanguage":"es","@id":"https:\/\/talkpal.ai\/es\/vocabulary\/%e9%bb%92-vs-%e9%bb%92%e3%81%84-negro-en-japones-comprension-de-los-matices-en-los-descriptores-de-color\/#primaryimage","url":"https:\/\/talkpal.ai\/wp-content\/uploads\/2025\/12\/man-learning-languages-at-a-cafe.webp","contentUrl":"https:\/\/talkpal.ai\/wp-content\/uploads\/2025\/12\/man-learning-languages-at-a-cafe.webp","width":1200,"height":896,"caption":"A man wearing a white shirt works on a laptop to learn languages in a library at night."},{"@type":"BreadcrumbList","@id":"https:\/\/talkpal.ai\/es\/vocabulary\/%e9%bb%92-vs-%e9%bb%92%e3%81%84-negro-en-japones-comprension-de-los-matices-en-los-descriptores-de-color\/#breadcrumb","itemListElement":[{"@type":"ListItem","position":1,"name":"Homepage","item":"https:\/\/talkpal.ai\/es\/"},{"@type":"ListItem","position":2,"name":"\u9ed2 vs \u9ed2\u3044 &#8211; Negro en japon\u00e9s: comprensi\u00f3n de los matices en los descriptores de color"}]},{"@type":"WebSite","@id":"https:\/\/talkpal.ai\/es\/#website","url":"https:\/\/talkpal.ai\/es\/","name":"Talkpal","description":"AI Language Learning","publisher":{"@id":"https:\/\/talkpal.ai\/es\/#organization"},"alternateName":"Talkpal AI","potentialAction":[{"@type":"SearchAction","target":{"@type":"EntryPoint","urlTemplate":"https:\/\/talkpal.ai\/es\/?s={search_term_string}"},"query-input":{"@type":"PropertyValueSpecification","valueRequired":true,"valueName":"search_term_string"}}],"inLanguage":"es"},{"@type":"Organization","@id":"https:\/\/talkpal.ai\/es\/#organization","name":"Talkpal, Inc.","alternateName":"Talkpal AI","url":"https:\/\/talkpal.ai\/es\/","logo":{"@type":"ImageObject","inLanguage":"es","@id":"https:\/\/talkpal.ai\/es\/#\/schema\/logo\/image\/","url":"https:\/\/talkpal.ai\/wp-content\/uploads\/2024\/03\/Talkpal-Logo-Icon.png","contentUrl":"https:\/\/talkpal.ai\/wp-content\/uploads\/2024\/03\/Talkpal-Logo-Icon.png","width":2880,"height":2880,"caption":"Talkpal, Inc."},"image":{"@id":"https:\/\/talkpal.ai\/es\/#\/schema\/logo\/image\/"},"sameAs":["https:\/\/www.facebook.com\/profile.php?id=100090733639311","https:\/\/x.com\/talkpalai","https:\/\/www.linkedin.com\/company\/talkpal\/","https:\/\/www.youtube.com\/@TalkPal\/","https:\/\/www.tiktok.com\/@talkpal","https:\/\/www.instagram.com\/talkpal_ai\/","https:\/\/www.crunchbase.com\/organization\/talkpal-9cde","https:\/\/www.g2.com\/products\/talkpal-for-business\/","https:\/\/www.trustpilot.com\/review\/talkpal.ai","https:\/\/www.capterra.com\/p\/10006800\/TalkPal\/"],"description":"Talkpal is a language learning web and mobile education app, powered by the latest AI technologies, that provides engaging experiences to its customers in many different languages to help them improve their language skills. Users can chat about unlimited amount of topics with the app and use other modes to practice their language learning.","email":"support@talkpal.ai","legalName":"Talkpal, Inc.","foundingDate":"2023-04-03","duns":"118989042","numberOfEmployees":{"@type":"QuantitativeValue","minValue":"11","maxValue":"50"},"publishingPrinciples":"https:\/\/talkpal.ai\/publishing-principles\/","actionableFeedbackPolicy":"https:\/\/talkpal.ai\/actionable-feedback-policy\/","correctionsPolicy":"https:\/\/talkpal.ai\/corrections-policy\/","ethicsPolicy":"https:\/\/talkpal.ai\/ethics-policy\/","diversityPolicy":"https:\/\/talkpal.ai\/diversity-policy\/","diversityStaffingReport":"https:\/\/talkpal.ai\/diversity-policy\/"}]}},"_links":{"self":[{"href":"https:\/\/talkpal.ai\/es\/wp-json\/wp\/v2\/vocabulary\/289099","targetHints":{"allow":["GET"]}}],"collection":[{"href":"https:\/\/talkpal.ai\/es\/wp-json\/wp\/v2\/vocabulary"}],"about":[{"href":"https:\/\/talkpal.ai\/es\/wp-json\/wp\/v2\/types\/vocabulary"}],"wp:featuredmedia":[{"embeddable":true,"href":"https:\/\/talkpal.ai\/es\/wp-json\/wp\/v2\/media\/1527777"}],"wp:attachment":[{"href":"https:\/\/talkpal.ai\/es\/wp-json\/wp\/v2\/media?parent=289099"}],"wp:term":[{"taxonomy":"vocabulary_language","embeddable":true,"href":"https:\/\/talkpal.ai\/es\/wp-json\/wp\/v2\/vocabulary_language?post=289099"}],"curies":[{"name":"wp","href":"https:\/\/api.w.org\/{rel}","templated":true}]}}