{"id":259611,"date":"2024-05-06T20:51:48","date_gmt":"2024-05-06T20:51:48","guid":{"rendered":"https:\/\/talkpal.ai\/vocabulary\/palabras-alemanas-de-temporada-edicion-de-verano\/"},"modified":"2024-05-06T20:51:48","modified_gmt":"2024-05-06T20:51:48","slug":"palabras-alemanas-de-temporada-edicion-de-verano","status":"publish","type":"vocabulary","link":"https:\/\/talkpal.ai\/es\/vocabulary\/palabras-alemanas-de-temporada-edicion-de-verano\/","title":{"rendered":"Palabras alemanas de temporada: edici\u00f3n de verano"},"content":{"rendered":"<p>Las <a href=\"https:\/\/talkpal.ai\/es\/aprende-las-estaciones-del-ano-en-ingles-facil-y-rapido\/\">estaciones del a\u00f1o<\/a> siempre traen consigo particularidades que enriquecen la cultura y el lenguaje de una regi\u00f3n. En el caso del <a href=\"https:\/\/talkpal.ai\/learn-german\/\">alem\u00e1n<\/a>, existen palabras espec\u00edficas que nos evocan la temporada de verano. A continuaci\u00f3n, exploraremos algunas de estas <a href=\"https:\/\/talkpal.ai\/50-funny-german-words\/\">palabras alemanas<\/a> de temporada veraniega, ideales para ampliar tu vocabulario y disfrutar de este <a href=\"https:\/\/talkpal.ai\/locations\/language-courses-in-bello\/\">bello<\/a> idioma.<\/p>\n<p><b>Sommer<\/b><br \/>\nEl verano, en alem\u00e1n. Esta palabra se utiliza para referirse a la estaci\u00f3n del a\u00f1o caracterizada por el clima c\u00e1lido y, en muchas regiones, por vacaciones y actividades al aire libre.<br \/>\n<font color=\"#2D3AC7\">Der Sommer ist meine Lieblingsjahreszeit.<\/font><\/p>\n<p><b>Hitze<\/b><br \/>\nCalor intenso. Hablamos de &#8216;Hitze&#8217; para describir esos d\u00edas de verano en los que las temperaturas son particularmente altas.<br \/>\n<font color=\"#2D3AC7\">Bei dieser Hitze m\u00f6chte ich nur im Schwimmbad sein.<\/font><\/p>\n<p><b>Sonnenschein<\/b><br \/>\nLiteralmente, brillo del sol. Es la palabra que describe la luz y el calor procedentes del sol, especialmente apreciada en los d\u00edas de verano.<br \/>\n<font color=\"#2D3AC7\">Ich genie\u00dfe den Sonnenschein im Park.<\/font><\/p>\n<p><b>Eis<\/b><br \/>\nHielo o helado. Es una de las palabras m\u00e1s refrescantes del verano alem\u00e1n, y se puede referir tanto al cubo de hielo que enfr\u00eda tu bebida <a href=\"https:\/\/talkpal.ai\/locations\/language-courses-in-como\/\">como<\/a> al helado que te comes para refrescarte.<br \/>\n<font color=\"#2D3AC7\">Ein Eis <a href=\"https:\/\/talkpal.ai\/locations\/language-courses-in-essen\/\">essen<\/a> ist das Beste gegen die Sommerhitze.<\/font><\/p>\n<p><b>Strand<\/b><br \/>\nPlaya. El &#8216;Strand&#8217; es el lugar al que muchos desean ir cuando piensan en el verano, esa extensi\u00f3n de tierra junto al mar o a un lago donde tomar el sol y nadar.<br \/>\n<font color=\"#2D3AC7\">Am Wochenende fahren wir an den Strand.<\/font><\/p>\n<p><b>Badeanzug<\/b><br \/>\nTraje de ba\u00f1o. Para disfrutar de un d\u00eda en el &#8216;Strand&#8217;, no puede faltar el &#8216;Badeanzug&#8217;.<br \/>\n<font color=\"#2D3AC7\">Vergiss nicht, deinen Badeanzug einzupacken.<\/font><\/p>\n<p><b>Sonnencreme<\/b><br \/>\nProtector solar. Esencial para proteger la piel de los rayos UV durante el verano.<br \/>\n<font color=\"#2D3AC7\">Bevor du zum Strand gehst, solltest du Sonnencreme auftragen.<\/font><\/p>\n<p><b>Grillen<\/b><br \/>\nHacer una barbacoa. Una actividad muy popular en Alemania durante el verano, donde la gente se re\u00fane para cocinar y comer al aire libre.<br \/>\n<font color=\"#2D3AC7\">Wir grillen heute Abend im Garten.<\/font><\/p>\n<p><b>Lagerfeuer<\/b><br \/>\nHoguera. En noches de verano, especialmente en campamentos o reuniones al aire libre, se enciende un &#8216;Lagerfeuer&#8217; para reunirse alrededor y disfrutar del calor y la luz que proporciona.<br \/>\n<font color=\"#2D3AC7\">Rund um das Lagerfeuer singen wir Lieder.<\/font><\/p>\n<p><b>M\u00fcckenschutz<\/b><br \/>\nRepelente de mosquitos. En las c\u00e1lidas noches de verano, el &#8216;M\u00fcckenschutz&#8217; se convierte en un aliado para evitar las picaduras de mosquitos.<br \/>\n<font color=\"#2D3AC7\">Vergiss nicht, M\u00fcckenschutz zu verwenden, wenn du drau\u00dfen bist.<\/font><\/p>\n<p><b>Wassermelone<\/b><br \/>\nSand\u00eda. Esta es una fruta refrescante que no debe faltar en un picnic de verano.<br \/>\n<font color=\"#2D3AC7\">Eine gek\u00fchlte Wassermelone ist k\u00f6stlich an hei\u00dfen Tagen.<\/font><\/p>\n<p><b>Sonnenbrille<\/b><br \/>\nGafas de sol. Imprescindibles para proteger los ojos de la fuerte luz veraniega.<br \/>\n<font color=\"#2D3AC7\">Ich kann ohne meine Sonnenbrille nicht aus dem Haus gehen, wenn die Sonne scheint.<\/font><\/p>\n<p><b>Wandern<\/b><br \/>\nHacer senderismo. Una actividad para disfrutar de la naturaleza en verano, explorando monta\u00f1as y senderos.<br \/>\n<font color=\"#2D3AC7\">Wandern ist eine gro\u00dfartige M\u00f6glichkeit, die landschaftliche Sch\u00f6nheit zu genie\u00dfen.<\/font><\/p>\n<p><b>Urlaub<\/b><br \/>\nVacaciones. Este es el per\u00edodo en el cual las personas se toman un descanso del trabajo o escuela para relajarse o viajar.<br \/>\n<font color=\"#2D3AC7\">Wir fahren im Juli in den Urlaub.<\/font><\/p>\n<p><b>Erfrischung<\/b><br \/>\nRefresco. Se refiere a cualquier bebida o acci\u00f3n que refresque en los d\u00edas calurosos de verano.<br \/>\n<font color=\"#2D3AC7\">Ein kaltes Bier kann eine wunderbare Erfrischung sein.<\/font><\/p>\n<p><b>Fahrradtour<\/b><br \/>\nPaseo en bicicleta. Una forma popular de disfrutar del buen tiempo y ejercitarse en verano.<br \/>\n<font color=\"#2D3AC7\">Am Sonntag machen wir eine Fahrradtour durch das Tal.<\/font><\/p>\n<p>Ahora que conoces estas palabras alemanas de la temporada de verano, podr\u00e1s ampliar tu vocabulario y practicar tu alem\u00e1n con temas estacionales. Recuerda que la <a href=\"https:\/\/talkpal.ai\/es\/la-mejor-aplicacion-de-conversacion-con-ia\/\">mejor<\/a> manera de afianzar el aprendizaje de un idioma es usarlo en contextos reales, as\u00ed que no dudes en poner en pr\u00e1ctica estas palabras, ya sea escribiendo frases, hablando con amigos, o mejor a\u00fan, planeando un viaje a Alemania durante la \u00e9poca estival. \u00a1Viel Spa\u00df beim Lernen! (\u00a1Divi\u00e9rtete aprendiendo!)<\/p>\n","protected":false},"featured_media":1527679,"template":"","vocabulary_language":[3313],"class_list":["post-259611","vocabulary","type-vocabulary","status-publish","has-post-thumbnail","hentry","vocabulary_language-aleman"],"acf":[],"yoast_head":"<!-- This site is optimized with the Yoast SEO Premium plugin v27.2 (Yoast SEO v27.2) - https:\/\/yoast.com\/product\/yoast-seo-premium-wordpress\/ -->\n<title>Palabras alemanas de temporada: edici\u00f3n de verano - Talkpal<\/title>\n<meta name=\"description\" content=\"Las estaciones del a\u00f1o siempre traen consigo particularidades que enriquecen la cultura y el lenguaje de una regi\u00f3n. En el caso del alem\u00e1n, existen\" \/>\n<meta name=\"robots\" content=\"index, follow, max-snippet:-1, max-image-preview:large, max-video-preview:-1\" \/>\n<link rel=\"canonical\" href=\"https:\/\/talkpal.ai\/es\/vocabulary\/palabras-alemanas-de-temporada-edicion-de-verano\/\" \/>\n<meta property=\"og:locale\" content=\"es_ES\" \/>\n<meta property=\"og:type\" content=\"article\" \/>\n<meta property=\"og:title\" content=\"Palabras alemanas de temporada: edici\u00f3n de verano\" \/>\n<meta property=\"og:description\" content=\"Las estaciones del a\u00f1o siempre traen consigo particularidades que enriquecen la cultura y el lenguaje de una regi\u00f3n. En el caso del alem\u00e1n, existen\" \/>\n<meta property=\"og:url\" content=\"https:\/\/talkpal.ai\/es\/vocabulary\/palabras-alemanas-de-temporada-edicion-de-verano\/\" \/>\n<meta property=\"og:site_name\" content=\"Talkpal\" \/>\n<meta property=\"article:publisher\" content=\"https:\/\/www.facebook.com\/profile.php?id=100090733639311\" \/>\n<meta property=\"og:image\" content=\"https:\/\/talkpal.ai\/wp-content\/uploads\/2024\/10\/talkpal_flat_illustration_of_a_employees_working_together_happi_c674ff77-e477-4e09-835a-01d30e561e99.png\" \/>\n\t<meta property=\"og:image:width\" content=\"1024\" \/>\n\t<meta property=\"og:image:height\" content=\"1024\" \/>\n\t<meta property=\"og:image:type\" content=\"image\/png\" \/>\n<meta name=\"twitter:card\" content=\"summary_large_image\" \/>\n<meta name=\"twitter:site\" content=\"@talkpalai\" \/>\n<meta name=\"twitter:label1\" content=\"Tiempo de lectura\" \/>\n\t<meta name=\"twitter:data1\" content=\"3 minutos\" \/>\n<script type=\"application\/ld+json\" class=\"yoast-schema-graph\">{\"@context\":\"https:\/\/schema.org\",\"@graph\":[{\"@type\":\"WebPage\",\"@id\":\"https:\/\/talkpal.ai\/es\/vocabulary\/palabras-alemanas-de-temporada-edicion-de-verano\/\",\"url\":\"https:\/\/talkpal.ai\/es\/vocabulary\/palabras-alemanas-de-temporada-edicion-de-verano\/\",\"name\":\"Palabras alemanas de temporada: edici\u00f3n de verano - Talkpal\",\"isPartOf\":{\"@id\":\"https:\/\/talkpal.ai\/es\/#website\"},\"primaryImageOfPage\":{\"@id\":\"https:\/\/talkpal.ai\/es\/vocabulary\/palabras-alemanas-de-temporada-edicion-de-verano\/#primaryimage\"},\"image\":{\"@id\":\"https:\/\/talkpal.ai\/es\/vocabulary\/palabras-alemanas-de-temporada-edicion-de-verano\/#primaryimage\"},\"thumbnailUrl\":\"https:\/\/talkpal.ai\/wp-content\/uploads\/2025\/12\/group-is-collaborating-to-learn-languages.webp\",\"datePublished\":\"2024-05-06T20:51:48+00:00\",\"description\":\"Las estaciones del a\u00f1o siempre traen consigo particularidades que enriquecen la cultura y el lenguaje de una regi\u00f3n. En el caso del alem\u00e1n, existen\",\"breadcrumb\":{\"@id\":\"https:\/\/talkpal.ai\/es\/vocabulary\/palabras-alemanas-de-temporada-edicion-de-verano\/#breadcrumb\"},\"inLanguage\":\"es\",\"potentialAction\":[{\"@type\":\"ReadAction\",\"target\":[\"https:\/\/talkpal.ai\/es\/vocabulary\/palabras-alemanas-de-temporada-edicion-de-verano\/\"]}]},{\"@type\":\"ImageObject\",\"inLanguage\":\"es\",\"@id\":\"https:\/\/talkpal.ai\/es\/vocabulary\/palabras-alemanas-de-temporada-edicion-de-verano\/#primaryimage\",\"url\":\"https:\/\/talkpal.ai\/wp-content\/uploads\/2025\/12\/group-is-collaborating-to-learn-languages.webp\",\"contentUrl\":\"https:\/\/talkpal.ai\/wp-content\/uploads\/2025\/12\/group-is-collaborating-to-learn-languages.webp\",\"width\":1200,\"height\":896,\"caption\":\"Six students sit at a library table and collaborate on assignments while learning languages.\"},{\"@type\":\"BreadcrumbList\",\"@id\":\"https:\/\/talkpal.ai\/es\/vocabulary\/palabras-alemanas-de-temporada-edicion-de-verano\/#breadcrumb\",\"itemListElement\":[{\"@type\":\"ListItem\",\"position\":1,\"name\":\"Homepage\",\"item\":\"https:\/\/talkpal.ai\/es\/\"},{\"@type\":\"ListItem\",\"position\":2,\"name\":\"Palabras alemanas de temporada: edici\u00f3n de verano\"}]},{\"@type\":\"WebSite\",\"@id\":\"https:\/\/talkpal.ai\/es\/#website\",\"url\":\"https:\/\/talkpal.ai\/es\/\",\"name\":\"Talkpal\",\"description\":\"AI Language Learning\",\"publisher\":{\"@id\":\"https:\/\/talkpal.ai\/es\/#organization\"},\"alternateName\":\"Talkpal AI\",\"potentialAction\":[{\"@type\":\"SearchAction\",\"target\":{\"@type\":\"EntryPoint\",\"urlTemplate\":\"https:\/\/talkpal.ai\/es\/?s={search_term_string}\"},\"query-input\":{\"@type\":\"PropertyValueSpecification\",\"valueRequired\":true,\"valueName\":\"search_term_string\"}}],\"inLanguage\":\"es\"},{\"@type\":\"Organization\",\"@id\":\"https:\/\/talkpal.ai\/es\/#organization\",\"name\":\"Talkpal, Inc.\",\"alternateName\":\"Talkpal AI\",\"url\":\"https:\/\/talkpal.ai\/es\/\",\"logo\":{\"@type\":\"ImageObject\",\"inLanguage\":\"es\",\"@id\":\"https:\/\/talkpal.ai\/es\/#\/schema\/logo\/image\/\",\"url\":\"https:\/\/talkpal.ai\/wp-content\/uploads\/2024\/03\/Talkpal-Logo-Icon.png\",\"contentUrl\":\"https:\/\/talkpal.ai\/wp-content\/uploads\/2024\/03\/Talkpal-Logo-Icon.png\",\"width\":2880,\"height\":2880,\"caption\":\"Talkpal, Inc.\"},\"image\":{\"@id\":\"https:\/\/talkpal.ai\/es\/#\/schema\/logo\/image\/\"},\"sameAs\":[\"https:\/\/www.facebook.com\/profile.php?id=100090733639311\",\"https:\/\/x.com\/talkpalai\",\"https:\/\/www.linkedin.com\/company\/talkpal\/\",\"https:\/\/www.youtube.com\/@TalkPal\/\",\"https:\/\/www.tiktok.com\/@talkpal\",\"https:\/\/www.instagram.com\/talkpal_ai\/\",\"https:\/\/www.crunchbase.com\/organization\/talkpal-9cde\",\"https:\/\/www.g2.com\/products\/talkpal-for-business\/\",\"https:\/\/www.trustpilot.com\/review\/talkpal.ai\",\"https:\/\/www.capterra.com\/p\/10006800\/TalkPal\/\"],\"description\":\"Talkpal is a language learning web and mobile education app, powered by the latest AI technologies, that provides engaging experiences to its customers in many different languages to help them improve their language skills. Users can chat about unlimited amount of topics with the app and use other modes to practice their language learning.\",\"email\":\"support@talkpal.ai\",\"legalName\":\"Talkpal, Inc.\",\"foundingDate\":\"2023-04-03\",\"duns\":\"118989042\",\"numberOfEmployees\":{\"@type\":\"QuantitativeValue\",\"minValue\":\"11\",\"maxValue\":\"50\"},\"publishingPrinciples\":\"https:\/\/talkpal.ai\/publishing-principles\/\",\"actionableFeedbackPolicy\":\"https:\/\/talkpal.ai\/actionable-feedback-policy\/\",\"correctionsPolicy\":\"https:\/\/talkpal.ai\/corrections-policy\/\",\"ethicsPolicy\":\"https:\/\/talkpal.ai\/ethics-policy\/\",\"diversityPolicy\":\"https:\/\/talkpal.ai\/diversity-policy\/\",\"diversityStaffingReport\":\"https:\/\/talkpal.ai\/diversity-policy\/\"}]}<\/script>\n<!-- \/ Yoast SEO Premium plugin. -->","yoast_head_json":{"title":"Palabras alemanas de temporada: edici\u00f3n de verano - Talkpal","description":"Las estaciones del a\u00f1o siempre traen consigo particularidades que enriquecen la cultura y el lenguaje de una regi\u00f3n. En el caso del alem\u00e1n, existen","robots":{"index":"index","follow":"follow","max-snippet":"max-snippet:-1","max-image-preview":"max-image-preview:large","max-video-preview":"max-video-preview:-1"},"canonical":"https:\/\/talkpal.ai\/es\/vocabulary\/palabras-alemanas-de-temporada-edicion-de-verano\/","og_locale":"es_ES","og_type":"article","og_title":"Palabras alemanas de temporada: edici\u00f3n de verano","og_description":"Las estaciones del a\u00f1o siempre traen consigo particularidades que enriquecen la cultura y el lenguaje de una regi\u00f3n. En el caso del alem\u00e1n, existen","og_url":"https:\/\/talkpal.ai\/es\/vocabulary\/palabras-alemanas-de-temporada-edicion-de-verano\/","og_site_name":"Talkpal","article_publisher":"https:\/\/www.facebook.com\/profile.php?id=100090733639311","og_image":[{"width":1024,"height":1024,"url":"https:\/\/talkpal.ai\/wp-content\/uploads\/2024\/10\/talkpal_flat_illustration_of_a_employees_working_together_happi_c674ff77-e477-4e09-835a-01d30e561e99.png","type":"image\/png"}],"twitter_card":"summary_large_image","twitter_site":"@talkpalai","twitter_misc":{"Tiempo de lectura":"3 minutos"},"schema":{"@context":"https:\/\/schema.org","@graph":[{"@type":"WebPage","@id":"https:\/\/talkpal.ai\/es\/vocabulary\/palabras-alemanas-de-temporada-edicion-de-verano\/","url":"https:\/\/talkpal.ai\/es\/vocabulary\/palabras-alemanas-de-temporada-edicion-de-verano\/","name":"Palabras alemanas de temporada: edici\u00f3n de verano - Talkpal","isPartOf":{"@id":"https:\/\/talkpal.ai\/es\/#website"},"primaryImageOfPage":{"@id":"https:\/\/talkpal.ai\/es\/vocabulary\/palabras-alemanas-de-temporada-edicion-de-verano\/#primaryimage"},"image":{"@id":"https:\/\/talkpal.ai\/es\/vocabulary\/palabras-alemanas-de-temporada-edicion-de-verano\/#primaryimage"},"thumbnailUrl":"https:\/\/talkpal.ai\/wp-content\/uploads\/2025\/12\/group-is-collaborating-to-learn-languages.webp","datePublished":"2024-05-06T20:51:48+00:00","description":"Las estaciones del a\u00f1o siempre traen consigo particularidades que enriquecen la cultura y el lenguaje de una regi\u00f3n. En el caso del alem\u00e1n, existen","breadcrumb":{"@id":"https:\/\/talkpal.ai\/es\/vocabulary\/palabras-alemanas-de-temporada-edicion-de-verano\/#breadcrumb"},"inLanguage":"es","potentialAction":[{"@type":"ReadAction","target":["https:\/\/talkpal.ai\/es\/vocabulary\/palabras-alemanas-de-temporada-edicion-de-verano\/"]}]},{"@type":"ImageObject","inLanguage":"es","@id":"https:\/\/talkpal.ai\/es\/vocabulary\/palabras-alemanas-de-temporada-edicion-de-verano\/#primaryimage","url":"https:\/\/talkpal.ai\/wp-content\/uploads\/2025\/12\/group-is-collaborating-to-learn-languages.webp","contentUrl":"https:\/\/talkpal.ai\/wp-content\/uploads\/2025\/12\/group-is-collaborating-to-learn-languages.webp","width":1200,"height":896,"caption":"Six students sit at a library table and collaborate on assignments while learning languages."},{"@type":"BreadcrumbList","@id":"https:\/\/talkpal.ai\/es\/vocabulary\/palabras-alemanas-de-temporada-edicion-de-verano\/#breadcrumb","itemListElement":[{"@type":"ListItem","position":1,"name":"Homepage","item":"https:\/\/talkpal.ai\/es\/"},{"@type":"ListItem","position":2,"name":"Palabras alemanas de temporada: edici\u00f3n de verano"}]},{"@type":"WebSite","@id":"https:\/\/talkpal.ai\/es\/#website","url":"https:\/\/talkpal.ai\/es\/","name":"Talkpal","description":"AI Language Learning","publisher":{"@id":"https:\/\/talkpal.ai\/es\/#organization"},"alternateName":"Talkpal AI","potentialAction":[{"@type":"SearchAction","target":{"@type":"EntryPoint","urlTemplate":"https:\/\/talkpal.ai\/es\/?s={search_term_string}"},"query-input":{"@type":"PropertyValueSpecification","valueRequired":true,"valueName":"search_term_string"}}],"inLanguage":"es"},{"@type":"Organization","@id":"https:\/\/talkpal.ai\/es\/#organization","name":"Talkpal, Inc.","alternateName":"Talkpal AI","url":"https:\/\/talkpal.ai\/es\/","logo":{"@type":"ImageObject","inLanguage":"es","@id":"https:\/\/talkpal.ai\/es\/#\/schema\/logo\/image\/","url":"https:\/\/talkpal.ai\/wp-content\/uploads\/2024\/03\/Talkpal-Logo-Icon.png","contentUrl":"https:\/\/talkpal.ai\/wp-content\/uploads\/2024\/03\/Talkpal-Logo-Icon.png","width":2880,"height":2880,"caption":"Talkpal, Inc."},"image":{"@id":"https:\/\/talkpal.ai\/es\/#\/schema\/logo\/image\/"},"sameAs":["https:\/\/www.facebook.com\/profile.php?id=100090733639311","https:\/\/x.com\/talkpalai","https:\/\/www.linkedin.com\/company\/talkpal\/","https:\/\/www.youtube.com\/@TalkPal\/","https:\/\/www.tiktok.com\/@talkpal","https:\/\/www.instagram.com\/talkpal_ai\/","https:\/\/www.crunchbase.com\/organization\/talkpal-9cde","https:\/\/www.g2.com\/products\/talkpal-for-business\/","https:\/\/www.trustpilot.com\/review\/talkpal.ai","https:\/\/www.capterra.com\/p\/10006800\/TalkPal\/"],"description":"Talkpal is a language learning web and mobile education app, powered by the latest AI technologies, that provides engaging experiences to its customers in many different languages to help them improve their language skills. Users can chat about unlimited amount of topics with the app and use other modes to practice their language learning.","email":"support@talkpal.ai","legalName":"Talkpal, Inc.","foundingDate":"2023-04-03","duns":"118989042","numberOfEmployees":{"@type":"QuantitativeValue","minValue":"11","maxValue":"50"},"publishingPrinciples":"https:\/\/talkpal.ai\/publishing-principles\/","actionableFeedbackPolicy":"https:\/\/talkpal.ai\/actionable-feedback-policy\/","correctionsPolicy":"https:\/\/talkpal.ai\/corrections-policy\/","ethicsPolicy":"https:\/\/talkpal.ai\/ethics-policy\/","diversityPolicy":"https:\/\/talkpal.ai\/diversity-policy\/","diversityStaffingReport":"https:\/\/talkpal.ai\/diversity-policy\/"}]}},"_links":{"self":[{"href":"https:\/\/talkpal.ai\/es\/wp-json\/wp\/v2\/vocabulary\/259611","targetHints":{"allow":["GET"]}}],"collection":[{"href":"https:\/\/talkpal.ai\/es\/wp-json\/wp\/v2\/vocabulary"}],"about":[{"href":"https:\/\/talkpal.ai\/es\/wp-json\/wp\/v2\/types\/vocabulary"}],"wp:featuredmedia":[{"embeddable":true,"href":"https:\/\/talkpal.ai\/es\/wp-json\/wp\/v2\/media\/1527679"}],"wp:attachment":[{"href":"https:\/\/talkpal.ai\/es\/wp-json\/wp\/v2\/media?parent=259611"}],"wp:term":[{"taxonomy":"vocabulary_language","embeddable":true,"href":"https:\/\/talkpal.ai\/es\/wp-json\/wp\/v2\/vocabulary_language?post=259611"}],"curies":[{"name":"wp","href":"https:\/\/api.w.org\/{rel}","templated":true}]}}